{"id":6944,"date":"2023-04-20T12:34:50","date_gmt":"2023-04-20T12:34:50","guid":{"rendered":"https:\/\/entreculturasi.wpenginepowered.com\/?noticias=la-llegada-la-cumbre-no-es-lo-importante-sino-la-increible-experiencia-y-disfrutar-del"},"modified":"2024-01-16T11:47:03","modified_gmt":"2024-01-16T10:47:03","slug":"la-llegada-la-cumbre-no-es-lo-importante-sino-la-increible-experiencia-y-disfrutar-del","status":"publish","type":"podcast","link":"https:\/\/www.entreculturas.org\/fr\/podcast\/la-llegada-la-cumbre-no-es-lo-importante-sino-la-increible-experiencia-y-disfrutar-del\/","title":{"rendered":"\u201cLa llegada a la cumbre no es lo importante, sino la incre\u00edble experiencia y disfrutar del camino\u201d"},"content":{"rendered":"<\/p>\n<p>Esta semana en Voces por una Causa,<strong> la escritora Julia Navarro conversa con el realizador y director del documental \u201cCholitas\u201d, Jaime Murciego<\/strong>. A trav\u00e9s de su testimonio, nos acercamos a la apasionante historia de Cecilia, Elena, Lidia, Liita y Dora, cinco mujeres ind\u00edgenas bolivianas que han sido protagonistas de una expedici\u00f3n \u00fanica, una expedici\u00f3n como s\u00edmbolo de liberaci\u00f3n y de empoderamiento, que consisti\u00f3 en escalar la monta\u00f1a m\u00e1s alta de Am\u00e9rica: el Aconcagua.<\/p>\n<p>En este cap\u00edtulo de nuestro podcast, Jaime nos explica <strong>cu\u00e1l fue su motivaci\u00f3n e inspiraci\u00f3n para hacer un documental sobre estas mujeres<\/strong>. \u201cYa hab\u00eda viajado varias veces a Latinoam\u00e9rica y estaba familiarizado con el mundo andino. Y, por casualidad, le\u00ed una noticia de varias mujeres ind\u00edgenas que hab\u00edan escalado el monte Illimani, que es una monta\u00f1a de 6000 metros. Y me llam\u00f3 la atenci\u00f3n la foto\u201d, nos cuenta. \u201cEllas escalan con la falda tradicional y visualmente es algo muy potente. Entonces empec\u00e9 a leer m\u00e1s sobre ellas, me qued\u00e9 encandilado con su historia y pens\u00e9, \u00bfpor qu\u00e9 no?\u201d<\/p>\n<p>Jaime contin\u00faa relatando su experiencia con estas mujeres y con la monta\u00f1a. C\u00f3mo su relaci\u00f3n con ellas fue <strong>desarrollando poco a poco una gran confianza, forjada por un viaje lleno de obst\u00e1culos y riesgos<\/strong>. As\u00ed como el gran desaf\u00edo que supuso para \u00e9l escalar el Aconcagua. \u201cYo no ten\u00eda ni idea de alpinismo, as\u00ed que fue un doble reto para m\u00ed, grabar una pel\u00edcula cuando no hab\u00eda hecho una en mi vida, y adem\u00e1s, hacerla siguiendo a estas mujeres escalando la monta\u00f1a m\u00e1s alta de Am\u00e9rica\u201d, explica Jaime.<\/p>\n<p>Jaime y Julia conversan sobre <strong>las dificultades y las vivencias que se les presentaron en esta incre\u00edble expedici\u00f3n<\/strong>. Jaime prosigue afirmando que \u201ctoda la historia gira en torno al hecho de que la llegada a la cumbre no es lo importante, se trata m\u00e1s de la experiencia y de disfrutar el camino\u201c. Seg\u00fan nos cuenta Jaime, fue un camino donde hubo momentos m\u00e1s alegres, en los que tuvieron encuentros con gente de todo el mundo con la que compartieron sus historias; y momentos m\u00e1s extremos en los que pon\u00edan a prueba su mente y su f\u00edsico. \u201cNo solo te enfrentas a un cansancio f\u00edsico extremo en el que a veces sientes que las piernas no te responden, si no a un desaf\u00edo mental en el que tienes que estar concentrado para no perder la cabeza y la motivaci\u00f3n\u201d.&nbsp;<\/p>\n<p>El documental \u201cCholitas\u201d fue recibido con gran entusiasmo en una multitud de festivales entre los que destaca el Festival Internacional de Cine de San Sebasti\u00e1n y ha sido elogiado por su capacidad de mostrar una perspectiva \u00fanica sobre el papel de las mujeres en la sociedad boliviana y su capacidad para enfrentar desaf\u00edos externos. \u201cEstoy seguro de que el p\u00fablico se inspirar\u00e1 en la historia de estas valientes mujeres y su forma de luchar para superar los obst\u00e1culos que se les presenten\u201d.<\/p>\n<p><strong>\u2018Voces por una Causa\u2019 es el podcast semanal de Entreculturas<\/strong>, en el que nos acercamos a la realidad de los pa\u00edses y causas en torno a las que trabajamos y con el que buscamos crear un espacio de reflexi\u00f3n y debate con testimonios y voces en primera persona. Los programas se emiten todos los jueves en nuestro canal de <a href=\"https:\/\/www.youtube.com\/c\/EntreculturasOrg915902672\">Youtube<\/a>, en <a href=\"https:\/\/open.spotify.com\/show\/6dS5JsqnsWrnHL1gwead1A\">Spotify<\/a>, en <a href=\"https:\/\/www.ivoox.com\/perfil-entreculturas_a8_listener_28185270_1.html\">Ivoox<\/a>, y en <a href=\"https:\/\/podcasts.apple.com\/us\/podcast\/entreculturas-voces-por-una-causa\/id1621485462\">Apple Podcast<\/a>.<\/p>\n","protected":false},"excerpt":{"rendered":"<p>Esta semana en Voces por una Causa, la escritora Julia Navarro conversa con el realizador y director del documental \u201cCholitas\u201d, Jaime Murciego. A trav\u00e9s de su testimonio, nos acercamos a la apasionante historia de Cecilia, Elena, Lidia, Liita y Dora, cinco mujeres ind\u00edgenas bolivianas que han sido protagonistas de una expedici\u00f3n \u00fanica, una expedici\u00f3n como s\u00edmbolo de liberaci\u00f3n y de empoderamiento, que consisti\u00f3 en escalar la monta\u00f1a m\u00e1s alta de Am\u00e9rica: el Aconcagua.<\/p>\n","protected":false},"featured_media":6943,"template":"podcast-imagen-sin-banner","meta":{"_acf_changed":false},"categories":[],"tags":[185],"class_list":["post-6944","podcast","type-podcast","status-publish","has-post-thumbnail","hentry","tag-entreculturas"],"acf":[],"yoast_head":"<!-- This site is optimized with the Yoast SEO Premium plugin v21.6 (Yoast SEO v27.5) - https:\/\/yoast.com\/product\/yoast-seo-premium-wordpress\/ -->\n<title>\u201cLa llegada a la cumbre no es lo importante, sino la incre\u00edble experiencia y disfrutar del camino\u201d - Entreculturas<\/title>\n<meta name=\"robots\" content=\"index, follow, max-snippet:-1, max-image-preview:large, max-video-preview:-1\" \/>\n<link rel=\"canonical\" href=\"https:\/\/www.entreculturas.org\/fr\/podcast\/la-llegada-la-cumbre-no-es-lo-importante-sino-la-increible-experiencia-y-disfrutar-del\/\" \/>\n<meta property=\"og:locale\" content=\"fr_FR\" \/>\n<meta property=\"og:type\" content=\"article\" \/>\n<meta property=\"og:title\" content=\"\u201cLa llegada a la cumbre no es lo importante, sino la incre\u00edble experiencia y disfrutar del camino\u201d\" \/>\n<meta property=\"og:description\" content=\"Esta semana en Voces por una Causa, la escritora Julia Navarro conversa con el realizador y director del documental \u201cCholitas\u201d, Jaime Murciego. A trav\u00e9s de su testimonio, nos acercamos a la apasionante historia de Cecilia, Elena, Lidia, Liita y Dora, cinco mujeres ind\u00edgenas bolivianas que han sido protagonistas de una expedici\u00f3n \u00fanica, una expedici\u00f3n como s\u00edmbolo de liberaci\u00f3n y de empoderamiento, que consisti\u00f3 en escalar la monta\u00f1a m\u00e1s alta de Am\u00e9rica: el Aconcagua.\" \/>\n<meta property=\"og:url\" content=\"https:\/\/www.entreculturas.org\/fr\/podcast\/la-llegada-la-cumbre-no-es-lo-importante-sino-la-increible-experiencia-y-disfrutar-del\/\" \/>\n<meta property=\"og:site_name\" content=\"Entreculturas\" \/>\n<meta property=\"article:publisher\" content=\"https:\/\/www.facebook.com\/entreculturas\" \/>\n<meta property=\"article:modified_time\" content=\"2024-01-16T10:47:03+00:00\" \/>\n<meta property=\"og:image\" content=\"https:\/\/www.entreculturas.org\/wp-content\/uploads\/2023\/04\/plantilla_youtube_-_cholitas_-_buena.jpg\" \/>\n\t<meta property=\"og:image:width\" content=\"1920\" \/>\n\t<meta property=\"og:image:height\" content=\"1080\" \/>\n\t<meta property=\"og:image:type\" content=\"image\/jpeg\" \/>\n<meta name=\"twitter:card\" content=\"summary_large_image\" \/>\n<meta name=\"twitter:site\" content=\"@Entreculturas\" \/>\n<script type=\"application\/ld+json\" class=\"yoast-schema-graph\">{\"@context\":\"https:\\\/\\\/schema.org\",\"@graph\":[{\"@type\":\"WebPage\",\"@id\":\"https:\\\/\\\/www.entreculturas.org\\\/fr\\\/podcast\\\/la-llegada-la-cumbre-no-es-lo-importante-sino-la-increible-experiencia-y-disfrutar-del\\\/\",\"url\":\"https:\\\/\\\/www.entreculturas.org\\\/fr\\\/podcast\\\/la-llegada-la-cumbre-no-es-lo-importante-sino-la-increible-experiencia-y-disfrutar-del\\\/\",\"name\":\"\u201cLa llegada a la cumbre no es lo importante, sino la incre\u00edble experiencia y disfrutar del camino\u201d - Entreculturas\",\"isPartOf\":{\"@id\":\"https:\\\/\\\/www.entreculturas.org\\\/fr\\\/#website\"},\"primaryImageOfPage\":{\"@id\":\"https:\\\/\\\/www.entreculturas.org\\\/fr\\\/podcast\\\/la-llegada-la-cumbre-no-es-lo-importante-sino-la-increible-experiencia-y-disfrutar-del\\\/#primaryimage\"},\"image\":{\"@id\":\"https:\\\/\\\/www.entreculturas.org\\\/fr\\\/podcast\\\/la-llegada-la-cumbre-no-es-lo-importante-sino-la-increible-experiencia-y-disfrutar-del\\\/#primaryimage\"},\"thumbnailUrl\":\"https:\\\/\\\/www.entreculturas.org\\\/wp-content\\\/uploads\\\/2023\\\/04\\\/plantilla_youtube_-_cholitas_-_buena.jpg\",\"datePublished\":\"2023-04-20T12:34:50+00:00\",\"dateModified\":\"2024-01-16T10:47:03+00:00\",\"breadcrumb\":{\"@id\":\"https:\\\/\\\/www.entreculturas.org\\\/fr\\\/podcast\\\/la-llegada-la-cumbre-no-es-lo-importante-sino-la-increible-experiencia-y-disfrutar-del\\\/#breadcrumb\"},\"inLanguage\":\"fr-FR\",\"potentialAction\":[{\"@type\":\"ReadAction\",\"target\":[\"https:\\\/\\\/www.entreculturas.org\\\/fr\\\/podcast\\\/la-llegada-la-cumbre-no-es-lo-importante-sino-la-increible-experiencia-y-disfrutar-del\\\/\"]}]},{\"@type\":\"ImageObject\",\"inLanguage\":\"fr-FR\",\"@id\":\"https:\\\/\\\/www.entreculturas.org\\\/fr\\\/podcast\\\/la-llegada-la-cumbre-no-es-lo-importante-sino-la-increible-experiencia-y-disfrutar-del\\\/#primaryimage\",\"url\":\"https:\\\/\\\/www.entreculturas.org\\\/wp-content\\\/uploads\\\/2023\\\/04\\\/plantilla_youtube_-_cholitas_-_buena.jpg\",\"contentUrl\":\"https:\\\/\\\/www.entreculturas.org\\\/wp-content\\\/uploads\\\/2023\\\/04\\\/plantilla_youtube_-_cholitas_-_buena.jpg\",\"width\":1920,\"height\":1080},{\"@type\":\"BreadcrumbList\",\"@id\":\"https:\\\/\\\/www.entreculturas.org\\\/fr\\\/podcast\\\/la-llegada-la-cumbre-no-es-lo-importante-sino-la-increible-experiencia-y-disfrutar-del\\\/#breadcrumb\",\"itemListElement\":[{\"@type\":\"ListItem\",\"position\":1,\"name\":\"Home\",\"item\":\"https:\\\/\\\/www.entreculturas.org\\\/fr\\\/\"},{\"@type\":\"ListItem\",\"position\":2,\"name\":\"Podcast Julia Navarro\",\"item\":\"https:\\\/\\\/www.entreculturas.org\\\/fr\\\/podcasts\\\/\"},{\"@type\":\"ListItem\",\"position\":3,\"name\":\"\u201cLa llegada a la cumbre no es lo importante, sino la incre\u00edble experiencia y disfrutar del camino\u201d\"}]},{\"@type\":\"WebSite\",\"@id\":\"https:\\\/\\\/www.entreculturas.org\\\/fr\\\/#website\",\"url\":\"https:\\\/\\\/www.entreculturas.org\\\/fr\\\/\",\"name\":\"Entreculturas\",\"description\":\"\",\"publisher\":{\"@id\":\"https:\\\/\\\/www.entreculturas.org\\\/fr\\\/#organization\"},\"alternateName\":\"Entreculturas\",\"potentialAction\":[{\"@type\":\"SearchAction\",\"target\":{\"@type\":\"EntryPoint\",\"urlTemplate\":\"https:\\\/\\\/www.entreculturas.org\\\/fr\\\/?s={search_term_string}\"},\"query-input\":{\"@type\":\"PropertyValueSpecification\",\"valueRequired\":true,\"valueName\":\"search_term_string\"}}],\"inLanguage\":\"fr-FR\"},{\"@type\":\"Organization\",\"@id\":\"https:\\\/\\\/www.entreculturas.org\\\/fr\\\/#organization\",\"name\":\"Entreculturas\",\"url\":\"https:\\\/\\\/www.entreculturas.org\\\/fr\\\/\",\"logo\":{\"@type\":\"ImageObject\",\"inLanguage\":\"fr-FR\",\"@id\":\"https:\\\/\\\/www.entreculturas.org\\\/fr\\\/#\\\/schema\\\/logo\\\/image\\\/\",\"url\":\"https:\\\/\\\/www.entreculturas.org\\\/wp-content\\\/uploads\\\/2025\\\/10\\\/ESP.svg\",\"contentUrl\":\"https:\\\/\\\/www.entreculturas.org\\\/wp-content\\\/uploads\\\/2025\\\/10\\\/ESP.svg\",\"caption\":\"Entreculturas\"},\"image\":{\"@id\":\"https:\\\/\\\/www.entreculturas.org\\\/fr\\\/#\\\/schema\\\/logo\\\/image\\\/\"},\"sameAs\":[\"https:\\\/\\\/www.facebook.com\\\/entreculturas\",\"https:\\\/\\\/x.com\\\/Entreculturas\",\"https:\\\/\\\/www.instagram.com\\\/entreculturas\\\/\",\"https:\\\/\\\/www.youtube.com\\\/user\\\/entreculturasvideo\",\"https:\\\/\\\/www.linkedin.com\\\/company\\\/fundacion-entreculturas-ngdo\\\/\",\"https:\\\/\\\/www.flickr.com\\\/photos\\\/98455522@N04\\\/albums\\\/\"]}]}<\/script>\n<!-- \/ Yoast SEO Premium plugin. -->","yoast_head_json":{"title":"\u201cLa llegada a la cumbre no es lo importante, sino la incre\u00edble experiencia y disfrutar del camino\u201d - Entreculturas","robots":{"index":"index","follow":"follow","max-snippet":"max-snippet:-1","max-image-preview":"max-image-preview:large","max-video-preview":"max-video-preview:-1"},"canonical":"https:\/\/www.entreculturas.org\/fr\/podcast\/la-llegada-la-cumbre-no-es-lo-importante-sino-la-increible-experiencia-y-disfrutar-del\/","og_locale":"fr_FR","og_type":"article","og_title":"\u201cLa llegada a la cumbre no es lo importante, sino la incre\u00edble experiencia y disfrutar del camino\u201d","og_description":"Esta semana en Voces por una Causa, la escritora Julia Navarro conversa con el realizador y director del documental \u201cCholitas\u201d, Jaime Murciego. A trav\u00e9s de su testimonio, nos acercamos a la apasionante historia de Cecilia, Elena, Lidia, Liita y Dora, cinco mujeres ind\u00edgenas bolivianas que han sido protagonistas de una expedici\u00f3n \u00fanica, una expedici\u00f3n como s\u00edmbolo de liberaci\u00f3n y de empoderamiento, que consisti\u00f3 en escalar la monta\u00f1a m\u00e1s alta de Am\u00e9rica: el Aconcagua.","og_url":"https:\/\/www.entreculturas.org\/fr\/podcast\/la-llegada-la-cumbre-no-es-lo-importante-sino-la-increible-experiencia-y-disfrutar-del\/","og_site_name":"Entreculturas","article_publisher":"https:\/\/www.facebook.com\/entreculturas","article_modified_time":"2024-01-16T10:47:03+00:00","og_image":[{"width":1920,"height":1080,"url":"https:\/\/www.entreculturas.org\/wp-content\/uploads\/2023\/04\/plantilla_youtube_-_cholitas_-_buena.jpg","type":"image\/jpeg"}],"twitter_card":"summary_large_image","twitter_site":"@Entreculturas","schema":{"@context":"https:\/\/schema.org","@graph":[{"@type":"WebPage","@id":"https:\/\/www.entreculturas.org\/fr\/podcast\/la-llegada-la-cumbre-no-es-lo-importante-sino-la-increible-experiencia-y-disfrutar-del\/","url":"https:\/\/www.entreculturas.org\/fr\/podcast\/la-llegada-la-cumbre-no-es-lo-importante-sino-la-increible-experiencia-y-disfrutar-del\/","name":"\u201cLa llegada a la cumbre no es lo importante, sino la incre\u00edble experiencia y disfrutar del camino\u201d - Entreculturas","isPartOf":{"@id":"https:\/\/www.entreculturas.org\/fr\/#website"},"primaryImageOfPage":{"@id":"https:\/\/www.entreculturas.org\/fr\/podcast\/la-llegada-la-cumbre-no-es-lo-importante-sino-la-increible-experiencia-y-disfrutar-del\/#primaryimage"},"image":{"@id":"https:\/\/www.entreculturas.org\/fr\/podcast\/la-llegada-la-cumbre-no-es-lo-importante-sino-la-increible-experiencia-y-disfrutar-del\/#primaryimage"},"thumbnailUrl":"https:\/\/www.entreculturas.org\/wp-content\/uploads\/2023\/04\/plantilla_youtube_-_cholitas_-_buena.jpg","datePublished":"2023-04-20T12:34:50+00:00","dateModified":"2024-01-16T10:47:03+00:00","breadcrumb":{"@id":"https:\/\/www.entreculturas.org\/fr\/podcast\/la-llegada-la-cumbre-no-es-lo-importante-sino-la-increible-experiencia-y-disfrutar-del\/#breadcrumb"},"inLanguage":"fr-FR","potentialAction":[{"@type":"ReadAction","target":["https:\/\/www.entreculturas.org\/fr\/podcast\/la-llegada-la-cumbre-no-es-lo-importante-sino-la-increible-experiencia-y-disfrutar-del\/"]}]},{"@type":"ImageObject","inLanguage":"fr-FR","@id":"https:\/\/www.entreculturas.org\/fr\/podcast\/la-llegada-la-cumbre-no-es-lo-importante-sino-la-increible-experiencia-y-disfrutar-del\/#primaryimage","url":"https:\/\/www.entreculturas.org\/wp-content\/uploads\/2023\/04\/plantilla_youtube_-_cholitas_-_buena.jpg","contentUrl":"https:\/\/www.entreculturas.org\/wp-content\/uploads\/2023\/04\/plantilla_youtube_-_cholitas_-_buena.jpg","width":1920,"height":1080},{"@type":"BreadcrumbList","@id":"https:\/\/www.entreculturas.org\/fr\/podcast\/la-llegada-la-cumbre-no-es-lo-importante-sino-la-increible-experiencia-y-disfrutar-del\/#breadcrumb","itemListElement":[{"@type":"ListItem","position":1,"name":"Home","item":"https:\/\/www.entreculturas.org\/fr\/"},{"@type":"ListItem","position":2,"name":"Podcast Julia Navarro","item":"https:\/\/www.entreculturas.org\/fr\/podcasts\/"},{"@type":"ListItem","position":3,"name":"\u201cLa llegada a la cumbre no es lo importante, sino la incre\u00edble experiencia y disfrutar del camino\u201d"}]},{"@type":"WebSite","@id":"https:\/\/www.entreculturas.org\/fr\/#website","url":"https:\/\/www.entreculturas.org\/fr\/","name":"Entreculturas","description":"","publisher":{"@id":"https:\/\/www.entreculturas.org\/fr\/#organization"},"alternateName":"Entreculturas","potentialAction":[{"@type":"SearchAction","target":{"@type":"EntryPoint","urlTemplate":"https:\/\/www.entreculturas.org\/fr\/?s={search_term_string}"},"query-input":{"@type":"PropertyValueSpecification","valueRequired":true,"valueName":"search_term_string"}}],"inLanguage":"fr-FR"},{"@type":"Organization","@id":"https:\/\/www.entreculturas.org\/fr\/#organization","name":"Entreculturas","url":"https:\/\/www.entreculturas.org\/fr\/","logo":{"@type":"ImageObject","inLanguage":"fr-FR","@id":"https:\/\/www.entreculturas.org\/fr\/#\/schema\/logo\/image\/","url":"https:\/\/www.entreculturas.org\/wp-content\/uploads\/2025\/10\/ESP.svg","contentUrl":"https:\/\/www.entreculturas.org\/wp-content\/uploads\/2025\/10\/ESP.svg","caption":"Entreculturas"},"image":{"@id":"https:\/\/www.entreculturas.org\/fr\/#\/schema\/logo\/image\/"},"sameAs":["https:\/\/www.facebook.com\/entreculturas","https:\/\/x.com\/Entreculturas","https:\/\/www.instagram.com\/entreculturas\/","https:\/\/www.youtube.com\/user\/entreculturasvideo","https:\/\/www.linkedin.com\/company\/fundacion-entreculturas-ngdo\/","https:\/\/www.flickr.com\/photos\/98455522@N04\/albums\/"]}]}},"_links":{"self":[{"href":"https:\/\/www.entreculturas.org\/fr\/wp-json\/wp\/v2\/podcast\/6944","targetHints":{"allow":["GET"]}}],"collection":[{"href":"https:\/\/www.entreculturas.org\/fr\/wp-json\/wp\/v2\/podcast"}],"about":[{"href":"https:\/\/www.entreculturas.org\/fr\/wp-json\/wp\/v2\/types\/podcast"}],"wp:featuredmedia":[{"embeddable":true,"href":"https:\/\/www.entreculturas.org\/fr\/wp-json\/wp\/v2\/media\/6943"}],"wp:attachment":[{"href":"https:\/\/www.entreculturas.org\/fr\/wp-json\/wp\/v2\/media?parent=6944"}],"wp:term":[{"taxonomy":"category","embeddable":true,"href":"https:\/\/www.entreculturas.org\/fr\/wp-json\/wp\/v2\/categories?post=6944"},{"taxonomy":"post_tag","embeddable":true,"href":"https:\/\/www.entreculturas.org\/fr\/wp-json\/wp\/v2\/tags?post=6944"}],"curies":[{"name":"wp","href":"https:\/\/api.w.org\/{rel}","templated":true}]}}