{"id":6910,"date":"2023-03-14T16:48:54","date_gmt":"2023-03-14T16:48:54","guid":{"rendered":"https:\/\/entreculturasi.wpenginepowered.com\/?noticias=el-diseno-tiene-un-gran-poder-transformador-consigue-generar-en-la-sociedad-nuevas-miradas"},"modified":"2024-01-16T11:47:03","modified_gmt":"2024-01-16T10:47:03","slug":"el-diseno-tiene-un-gran-poder-transformador-consigue-generar-en-la-sociedad-nuevas-miradas","status":"publish","type":"podcast","link":"https:\/\/www.entreculturas.org\/fr\/podcast\/el-diseno-tiene-un-gran-poder-transformador-consigue-generar-en-la-sociedad-nuevas-miradas\/","title":{"rendered":"\u00ab\u00a0El dise\u00f1o tiene un gran poder transformador: consigue generar en la sociedad nuevas miradas sobre la realidad\u00a0\u00bb"},"content":{"rendered":"<\/p>\n<p>Esta semana en nuestro podcast \u2018Voces por una Causa\u2019, <strong>la escritora Julia Navarro conversa con Juanita Bag\u00e9s, Doctora en Bellas Artes por la Universidad Complutense de Madrid (UCM), y Veda Kr\u00fcger, t\u00e9cnica de Educaci\u00f3n No Formal de Entreculturas<\/strong>. A trav\u00e9s de sus testimonios, nos acercamos a \u2018<a href=\"https:\/\/redec.org\/publicaciones\/miradas-que-migran\/#:~:text=Miradas%20que%20Migran%20es%20un,acompa%C3%B1amiento%20de%20la%20Fundaci%C3%B3n%20Entreculturas.\">Miradas que migran<\/a>\u2019, un proyecto de aprendizaje servicio* sobre migraciones forzosas, que se realiza en la Facultad de Dise\u00f1o de la UCM con el acompa\u00f1amiento de Entreculturas.<\/p>\n<p>En este cap\u00edtulo, Juanita y Veda profundizan sobre el poder transformador que tiene el dise\u00f1o para sensibilizar, reflexionar y cambiar la perspectiva de las personas. \u201cHemos descubierto que<strong> el dise\u00f1o es una de las herramientas m\u00e1s impactante dentro de los procesos educativos<\/strong> que estamos acompa\u00f1ando\u201d, explica Veda, para despu\u00e9s se\u00f1alar c\u00f3mo la propuesta inicial de \u2018Miradas que migran\u2019 fue \u201cel puente perfecto para unir el dise\u00f1o con la realidad social de la migraciones forzosas\u201d.&nbsp;<\/p>\n<p>Por su parte, Juanita nos cuenta el origen y los motivos que llevaron a proponer este proyecto: \u201c<a href=\"https:\/\/somosmigrantesexposicion.org\/\">Miradas que migran<\/a>\u00a0\u00bb surge en 2016 de forma anecd\u00f3tica despu\u00e9s de visitar la exposici\u00f3n \u2018Somos Migrantes\u2019 y recibir una \u2018bofetada de realidad\u2019. Al salir, <strong>sin pensarlo dos veces decidimos que ten\u00edamos que hablar con Entreculturas<\/strong> para ver c\u00f3mo esta campa\u00f1a de sensibilizaci\u00f3n la pod\u00edamos llevar y trabajar de una forma real en clase\u201d.&nbsp;<\/p>\n<p>Veda, Juanita y Julia hablan tambi\u00e9n sobre las distintas fases que tiene el proyecto desde la primera clase que el alumnado recibe sobre migraciones forzosas hasta que se inaugura la exposici\u00f3n con sus obras y creaciones. \u201cEs gratificante ver c\u00f3mo, a partir del aprendizaje cr\u00edtico, <strong>el estudiantado pone al servicio de esta realidad sus herramientas y capacidades de dise\u00f1o<\/strong> y comunicaci\u00f3n para sensibilizar y comprometer a la sociedad\u201d, afirma Veda.&nbsp;<\/p>\n<p>Adem\u00e1s, Juanita se\u00f1ala el efecto que causa en la juventud participar en \u2018Miradas que migran\u2019 y c\u00f3mo tras la experiencia sus inquietudes formativas y profesionales cambian: \u201cAntes de entrar en este proyecto sus trabajos de fin de grado se orientaban a una reflexi\u00f3n m\u00e1s comercial, pero ahora buscan que tengan un compromiso social. Esto, que <strong>quieran que su trabajo m\u00e1s personal e importante est\u00e9 al servicio de la sociedad<\/strong>, es el mayor indicador de que se ha habido un cambio de conciencia\u201d.&nbsp;<\/p>\n<p><strong>\u2018Voces por una Causa\u2019 es el podcast semanal de Entreculturas,<\/strong> en el que nos acercamos a la realidad de los pa\u00edses y causas en torno a las que trabajamos y con el que buscamos crear un espacio de reflexi\u00f3n y debate con testimonios y voces en primera persona. Los programas se emiten todos los jueves en nuestro canal de <a href=\"https:\/\/www.youtube.com\/c\/EntreculturasOrg915902672\">Youtube<\/a>, en <a href=\"https:\/\/open.spotify.com\/show\/6dS5JsqnsWrnHL1gwead1A\">Spotify<\/a>, en <a href=\"https:\/\/www.ivoox.com\/perfil-entreculturas_a8_listener_28185270_1.html\">Ivoox<\/a>, y en <a href=\"https:\/\/podcasts.apple.com\/us\/podcast\/entreculturas-voces-por-una-causa\/id1621485462\">Apple Podcast<\/a>.<\/p>\n<p><em>*El aprendizaje-servicio es una propuesta educativa que combina procesos de aprendizaje y de servicio a la comunidad en un \u00fanico proyecto bien articulado en el que los participantes aprenden a la vez que trabajan en necesidades reales del entorno con la finalidad de mejorarlo.<\/em><\/p>\n","protected":false},"excerpt":{"rendered":"<p>Esta semana en nuestro podcast \u2018Voces por una Causa\u2019, la escritora Julia Navarro conversa con Juanita Bag\u00e9s, Doctora en Bellas Artes por la Universidad Complutense de Madrid (UCM), y Veda Kr\u00fcger, t\u00e9cnica de Educaci\u00f3n No Formal de Entreculturas. A trav\u00e9s de sus testimonios, nos acercamos a \u2018Miradas que migran\u2019, un proyecto de aprendizaje servicio* sobre migraciones forzosas, que se realiza en la Facultad de Dise\u00f1o de la UCM con el acompa\u00f1amiento de Entreculturas.<\/p>\n","protected":false},"featured_media":6909,"template":"podcast-imagen-sin-banner","meta":{"_acf_changed":false},"categories":[7],"tags":[185],"class_list":["post-6910","podcast","type-podcast","status-publish","has-post-thumbnail","hentry","category-noticia","tag-entreculturas"],"acf":[],"yoast_head":"<!-- This site is optimized with the Yoast SEO Premium plugin v21.6 (Yoast SEO v27.5) - https:\/\/yoast.com\/product\/yoast-seo-premium-wordpress\/ -->\n<title>&quot;El dise\u00f1o tiene un gran poder transformador: consigue generar en la sociedad nuevas miradas sobre la realidad&quot; - Entreculturas<\/title>\n<meta name=\"robots\" content=\"index, follow, max-snippet:-1, max-image-preview:large, max-video-preview:-1\" \/>\n<link rel=\"canonical\" href=\"https:\/\/www.entreculturas.org\/fr\/podcast\/el-diseno-tiene-un-gran-poder-transformador-consigue-generar-en-la-sociedad-nuevas-miradas\/\" \/>\n<meta property=\"og:locale\" content=\"fr_FR\" \/>\n<meta property=\"og:type\" content=\"article\" \/>\n<meta property=\"og:title\" content=\"&quot;El dise\u00f1o tiene un gran poder transformador: consigue generar en la sociedad nuevas miradas sobre la realidad&quot;\" \/>\n<meta property=\"og:description\" content=\"Esta semana en nuestro podcast \u2018Voces por una Causa\u2019, la escritora Julia Navarro conversa con Juanita Bag\u00e9s, Doctora en Bellas Artes por la Universidad Complutense de Madrid (UCM), y Veda Kr\u00fcger, t\u00e9cnica de Educaci\u00f3n No Formal de Entreculturas. A trav\u00e9s de sus testimonios, nos acercamos a \u2018Miradas que migran\u2019, un proyecto de aprendizaje servicio* sobre migraciones forzosas, que se realiza en la Facultad de Dise\u00f1o de la UCM con el acompa\u00f1amiento de Entreculturas.\" \/>\n<meta property=\"og:url\" content=\"https:\/\/www.entreculturas.org\/fr\/podcast\/el-diseno-tiene-un-gran-poder-transformador-consigue-generar-en-la-sociedad-nuevas-miradas\/\" \/>\n<meta property=\"og:site_name\" content=\"Entreculturas\" \/>\n<meta property=\"article:publisher\" content=\"https:\/\/www.facebook.com\/entreculturas\" \/>\n<meta property=\"article:modified_time\" content=\"2024-01-16T10:47:03+00:00\" \/>\n<meta property=\"og:image\" content=\"https:\/\/www.entreculturas.org\/wp-content\/uploads\/2023\/03\/somos.jpg\" \/>\n\t<meta property=\"og:image:width\" content=\"800\" \/>\n\t<meta property=\"og:image:height\" content=\"450\" \/>\n\t<meta property=\"og:image:type\" content=\"image\/jpeg\" \/>\n<meta name=\"twitter:card\" content=\"summary_large_image\" \/>\n<meta name=\"twitter:site\" content=\"@Entreculturas\" \/>\n<script type=\"application\/ld+json\" class=\"yoast-schema-graph\">{\"@context\":\"https:\\\/\\\/schema.org\",\"@graph\":[{\"@type\":\"WebPage\",\"@id\":\"https:\\\/\\\/www.entreculturas.org\\\/fr\\\/podcast\\\/el-diseno-tiene-un-gran-poder-transformador-consigue-generar-en-la-sociedad-nuevas-miradas\\\/\",\"url\":\"https:\\\/\\\/www.entreculturas.org\\\/fr\\\/podcast\\\/el-diseno-tiene-un-gran-poder-transformador-consigue-generar-en-la-sociedad-nuevas-miradas\\\/\",\"name\":\"\\\"El dise\u00f1o tiene un gran poder transformador: consigue generar en la sociedad nuevas miradas sobre la realidad\\\" - Entreculturas\",\"isPartOf\":{\"@id\":\"https:\\\/\\\/www.entreculturas.org\\\/fr\\\/#website\"},\"primaryImageOfPage\":{\"@id\":\"https:\\\/\\\/www.entreculturas.org\\\/fr\\\/podcast\\\/el-diseno-tiene-un-gran-poder-transformador-consigue-generar-en-la-sociedad-nuevas-miradas\\\/#primaryimage\"},\"image\":{\"@id\":\"https:\\\/\\\/www.entreculturas.org\\\/fr\\\/podcast\\\/el-diseno-tiene-un-gran-poder-transformador-consigue-generar-en-la-sociedad-nuevas-miradas\\\/#primaryimage\"},\"thumbnailUrl\":\"https:\\\/\\\/www.entreculturas.org\\\/wp-content\\\/uploads\\\/2023\\\/03\\\/somos.jpg\",\"datePublished\":\"2023-03-14T16:48:54+00:00\",\"dateModified\":\"2024-01-16T10:47:03+00:00\",\"breadcrumb\":{\"@id\":\"https:\\\/\\\/www.entreculturas.org\\\/fr\\\/podcast\\\/el-diseno-tiene-un-gran-poder-transformador-consigue-generar-en-la-sociedad-nuevas-miradas\\\/#breadcrumb\"},\"inLanguage\":\"fr-FR\",\"potentialAction\":[{\"@type\":\"ReadAction\",\"target\":[\"https:\\\/\\\/www.entreculturas.org\\\/fr\\\/podcast\\\/el-diseno-tiene-un-gran-poder-transformador-consigue-generar-en-la-sociedad-nuevas-miradas\\\/\"]}]},{\"@type\":\"ImageObject\",\"inLanguage\":\"fr-FR\",\"@id\":\"https:\\\/\\\/www.entreculturas.org\\\/fr\\\/podcast\\\/el-diseno-tiene-un-gran-poder-transformador-consigue-generar-en-la-sociedad-nuevas-miradas\\\/#primaryimage\",\"url\":\"https:\\\/\\\/www.entreculturas.org\\\/wp-content\\\/uploads\\\/2023\\\/03\\\/somos.jpg\",\"contentUrl\":\"https:\\\/\\\/www.entreculturas.org\\\/wp-content\\\/uploads\\\/2023\\\/03\\\/somos.jpg\",\"width\":800,\"height\":450},{\"@type\":\"BreadcrumbList\",\"@id\":\"https:\\\/\\\/www.entreculturas.org\\\/fr\\\/podcast\\\/el-diseno-tiene-un-gran-poder-transformador-consigue-generar-en-la-sociedad-nuevas-miradas\\\/#breadcrumb\",\"itemListElement\":[{\"@type\":\"ListItem\",\"position\":1,\"name\":\"Home\",\"item\":\"https:\\\/\\\/www.entreculturas.org\\\/fr\\\/\"},{\"@type\":\"ListItem\",\"position\":2,\"name\":\"Podcast Julia Navarro\",\"item\":\"https:\\\/\\\/www.entreculturas.org\\\/fr\\\/podcasts\\\/\"},{\"@type\":\"ListItem\",\"position\":3,\"name\":\"\u00ab\u00a0El dise\u00f1o tiene un gran poder transformador: consigue generar en la sociedad nuevas miradas sobre la realidad\u00a0\u00bb\"}]},{\"@type\":\"WebSite\",\"@id\":\"https:\\\/\\\/www.entreculturas.org\\\/fr\\\/#website\",\"url\":\"https:\\\/\\\/www.entreculturas.org\\\/fr\\\/\",\"name\":\"Entreculturas\",\"description\":\"\",\"publisher\":{\"@id\":\"https:\\\/\\\/www.entreculturas.org\\\/fr\\\/#organization\"},\"alternateName\":\"Entreculturas\",\"potentialAction\":[{\"@type\":\"SearchAction\",\"target\":{\"@type\":\"EntryPoint\",\"urlTemplate\":\"https:\\\/\\\/www.entreculturas.org\\\/fr\\\/?s={search_term_string}\"},\"query-input\":{\"@type\":\"PropertyValueSpecification\",\"valueRequired\":true,\"valueName\":\"search_term_string\"}}],\"inLanguage\":\"fr-FR\"},{\"@type\":\"Organization\",\"@id\":\"https:\\\/\\\/www.entreculturas.org\\\/fr\\\/#organization\",\"name\":\"Entreculturas\",\"url\":\"https:\\\/\\\/www.entreculturas.org\\\/fr\\\/\",\"logo\":{\"@type\":\"ImageObject\",\"inLanguage\":\"fr-FR\",\"@id\":\"https:\\\/\\\/www.entreculturas.org\\\/fr\\\/#\\\/schema\\\/logo\\\/image\\\/\",\"url\":\"https:\\\/\\\/www.entreculturas.org\\\/wp-content\\\/uploads\\\/2025\\\/10\\\/ESP.svg\",\"contentUrl\":\"https:\\\/\\\/www.entreculturas.org\\\/wp-content\\\/uploads\\\/2025\\\/10\\\/ESP.svg\",\"caption\":\"Entreculturas\"},\"image\":{\"@id\":\"https:\\\/\\\/www.entreculturas.org\\\/fr\\\/#\\\/schema\\\/logo\\\/image\\\/\"},\"sameAs\":[\"https:\\\/\\\/www.facebook.com\\\/entreculturas\",\"https:\\\/\\\/x.com\\\/Entreculturas\",\"https:\\\/\\\/www.instagram.com\\\/entreculturas\\\/\",\"https:\\\/\\\/www.youtube.com\\\/user\\\/entreculturasvideo\",\"https:\\\/\\\/www.linkedin.com\\\/company\\\/fundacion-entreculturas-ngdo\\\/\",\"https:\\\/\\\/www.flickr.com\\\/photos\\\/98455522@N04\\\/albums\\\/\"]}]}<\/script>\n<!-- \/ Yoast SEO Premium plugin. -->","yoast_head_json":{"title":"\"El dise\u00f1o tiene un gran poder transformador: consigue generar en la sociedad nuevas miradas sobre la realidad\" - Entreculturas","robots":{"index":"index","follow":"follow","max-snippet":"max-snippet:-1","max-image-preview":"max-image-preview:large","max-video-preview":"max-video-preview:-1"},"canonical":"https:\/\/www.entreculturas.org\/fr\/podcast\/el-diseno-tiene-un-gran-poder-transformador-consigue-generar-en-la-sociedad-nuevas-miradas\/","og_locale":"fr_FR","og_type":"article","og_title":"\"El dise\u00f1o tiene un gran poder transformador: consigue generar en la sociedad nuevas miradas sobre la realidad\"","og_description":"Esta semana en nuestro podcast \u2018Voces por una Causa\u2019, la escritora Julia Navarro conversa con Juanita Bag\u00e9s, Doctora en Bellas Artes por la Universidad Complutense de Madrid (UCM), y Veda Kr\u00fcger, t\u00e9cnica de Educaci\u00f3n No Formal de Entreculturas. A trav\u00e9s de sus testimonios, nos acercamos a \u2018Miradas que migran\u2019, un proyecto de aprendizaje servicio* sobre migraciones forzosas, que se realiza en la Facultad de Dise\u00f1o de la UCM con el acompa\u00f1amiento de Entreculturas.","og_url":"https:\/\/www.entreculturas.org\/fr\/podcast\/el-diseno-tiene-un-gran-poder-transformador-consigue-generar-en-la-sociedad-nuevas-miradas\/","og_site_name":"Entreculturas","article_publisher":"https:\/\/www.facebook.com\/entreculturas","article_modified_time":"2024-01-16T10:47:03+00:00","og_image":[{"width":800,"height":450,"url":"https:\/\/www.entreculturas.org\/wp-content\/uploads\/2023\/03\/somos.jpg","type":"image\/jpeg"}],"twitter_card":"summary_large_image","twitter_site":"@Entreculturas","schema":{"@context":"https:\/\/schema.org","@graph":[{"@type":"WebPage","@id":"https:\/\/www.entreculturas.org\/fr\/podcast\/el-diseno-tiene-un-gran-poder-transformador-consigue-generar-en-la-sociedad-nuevas-miradas\/","url":"https:\/\/www.entreculturas.org\/fr\/podcast\/el-diseno-tiene-un-gran-poder-transformador-consigue-generar-en-la-sociedad-nuevas-miradas\/","name":"\"El dise\u00f1o tiene un gran poder transformador: consigue generar en la sociedad nuevas miradas sobre la realidad\" - Entreculturas","isPartOf":{"@id":"https:\/\/www.entreculturas.org\/fr\/#website"},"primaryImageOfPage":{"@id":"https:\/\/www.entreculturas.org\/fr\/podcast\/el-diseno-tiene-un-gran-poder-transformador-consigue-generar-en-la-sociedad-nuevas-miradas\/#primaryimage"},"image":{"@id":"https:\/\/www.entreculturas.org\/fr\/podcast\/el-diseno-tiene-un-gran-poder-transformador-consigue-generar-en-la-sociedad-nuevas-miradas\/#primaryimage"},"thumbnailUrl":"https:\/\/www.entreculturas.org\/wp-content\/uploads\/2023\/03\/somos.jpg","datePublished":"2023-03-14T16:48:54+00:00","dateModified":"2024-01-16T10:47:03+00:00","breadcrumb":{"@id":"https:\/\/www.entreculturas.org\/fr\/podcast\/el-diseno-tiene-un-gran-poder-transformador-consigue-generar-en-la-sociedad-nuevas-miradas\/#breadcrumb"},"inLanguage":"fr-FR","potentialAction":[{"@type":"ReadAction","target":["https:\/\/www.entreculturas.org\/fr\/podcast\/el-diseno-tiene-un-gran-poder-transformador-consigue-generar-en-la-sociedad-nuevas-miradas\/"]}]},{"@type":"ImageObject","inLanguage":"fr-FR","@id":"https:\/\/www.entreculturas.org\/fr\/podcast\/el-diseno-tiene-un-gran-poder-transformador-consigue-generar-en-la-sociedad-nuevas-miradas\/#primaryimage","url":"https:\/\/www.entreculturas.org\/wp-content\/uploads\/2023\/03\/somos.jpg","contentUrl":"https:\/\/www.entreculturas.org\/wp-content\/uploads\/2023\/03\/somos.jpg","width":800,"height":450},{"@type":"BreadcrumbList","@id":"https:\/\/www.entreculturas.org\/fr\/podcast\/el-diseno-tiene-un-gran-poder-transformador-consigue-generar-en-la-sociedad-nuevas-miradas\/#breadcrumb","itemListElement":[{"@type":"ListItem","position":1,"name":"Home","item":"https:\/\/www.entreculturas.org\/fr\/"},{"@type":"ListItem","position":2,"name":"Podcast Julia Navarro","item":"https:\/\/www.entreculturas.org\/fr\/podcasts\/"},{"@type":"ListItem","position":3,"name":"\u00ab\u00a0El dise\u00f1o tiene un gran poder transformador: consigue generar en la sociedad nuevas miradas sobre la realidad\u00a0\u00bb"}]},{"@type":"WebSite","@id":"https:\/\/www.entreculturas.org\/fr\/#website","url":"https:\/\/www.entreculturas.org\/fr\/","name":"Entreculturas","description":"","publisher":{"@id":"https:\/\/www.entreculturas.org\/fr\/#organization"},"alternateName":"Entreculturas","potentialAction":[{"@type":"SearchAction","target":{"@type":"EntryPoint","urlTemplate":"https:\/\/www.entreculturas.org\/fr\/?s={search_term_string}"},"query-input":{"@type":"PropertyValueSpecification","valueRequired":true,"valueName":"search_term_string"}}],"inLanguage":"fr-FR"},{"@type":"Organization","@id":"https:\/\/www.entreculturas.org\/fr\/#organization","name":"Entreculturas","url":"https:\/\/www.entreculturas.org\/fr\/","logo":{"@type":"ImageObject","inLanguage":"fr-FR","@id":"https:\/\/www.entreculturas.org\/fr\/#\/schema\/logo\/image\/","url":"https:\/\/www.entreculturas.org\/wp-content\/uploads\/2025\/10\/ESP.svg","contentUrl":"https:\/\/www.entreculturas.org\/wp-content\/uploads\/2025\/10\/ESP.svg","caption":"Entreculturas"},"image":{"@id":"https:\/\/www.entreculturas.org\/fr\/#\/schema\/logo\/image\/"},"sameAs":["https:\/\/www.facebook.com\/entreculturas","https:\/\/x.com\/Entreculturas","https:\/\/www.instagram.com\/entreculturas\/","https:\/\/www.youtube.com\/user\/entreculturasvideo","https:\/\/www.linkedin.com\/company\/fundacion-entreculturas-ngdo\/","https:\/\/www.flickr.com\/photos\/98455522@N04\/albums\/"]}]}},"_links":{"self":[{"href":"https:\/\/www.entreculturas.org\/fr\/wp-json\/wp\/v2\/podcast\/6910","targetHints":{"allow":["GET"]}}],"collection":[{"href":"https:\/\/www.entreculturas.org\/fr\/wp-json\/wp\/v2\/podcast"}],"about":[{"href":"https:\/\/www.entreculturas.org\/fr\/wp-json\/wp\/v2\/types\/podcast"}],"wp:featuredmedia":[{"embeddable":true,"href":"https:\/\/www.entreculturas.org\/fr\/wp-json\/wp\/v2\/media\/6909"}],"wp:attachment":[{"href":"https:\/\/www.entreculturas.org\/fr\/wp-json\/wp\/v2\/media?parent=6910"}],"wp:term":[{"taxonomy":"category","embeddable":true,"href":"https:\/\/www.entreculturas.org\/fr\/wp-json\/wp\/v2\/categories?post=6910"},{"taxonomy":"post_tag","embeddable":true,"href":"https:\/\/www.entreculturas.org\/fr\/wp-json\/wp\/v2\/tags?post=6910"}],"curies":[{"name":"wp","href":"https:\/\/api.w.org\/{rel}","templated":true}]}}