{"id":6893,"date":"2023-03-01T14:26:12","date_gmt":"2023-03-01T14:26:12","guid":{"rendered":"https:\/\/entreculturasi.wpenginepowered.com\/?noticias=hay-veces-que-tu-persigues-la-pelicula-pero-en-otras-ocasiones-es-ella-la-que-te-persigue"},"modified":"2024-01-16T11:47:03","modified_gmt":"2024-01-16T10:47:03","slug":"hay-veces-que-tu-persigues-la-pelicula-pero-en-otras-ocasiones-es-ella-la-que-te-persigue","status":"publish","type":"podcast","link":"https:\/\/www.entreculturas.org\/fr\/podcast\/hay-veces-que-tu-persigues-la-pelicula-pero-en-otras-ocasiones-es-ella-la-que-te-persigue\/","title":{"rendered":"\u201cHay veces que t\u00fa persigues la pel\u00edcula, pero, en otras ocasiones, es ella la que te persigue a ti y esto me pas\u00f3 con \u2018Llegaron de noche\u2019\u00a0\u00bb"},"content":{"rendered":"<\/p>\n<p>Esta semana en Voces por una Causa,<strong> la escritora Julia Navarro conversa con Imanol Uribe, director de cine y ganador de dos Premios Goya<\/strong>. A trav\u00e9s de su testimonio, nos acercamos, entre otras cuestiones, a su \u00faltima pel\u00edcula, \u2018Llegaron de noche\u2019, donde narra la historia real del asesinato en 1989 de seis jesuitas y dos mujeres en El Salvador.<\/p>\n<p>En este cap\u00edtulo, Imanol profundiza en los motivos que le llevaron a sacar adelante este proyecto cinematogr\u00e1fico, relatando entre otras razones, el hecho de haber nacido en El Salvador, haber estudiado en el internado jesuita de Tudela y haber conocido brevemente a Ignacio Ellacur\u00eda. <strong>\u201cHay veces que t\u00fa persigues la pel\u00edcula, pero en otras ocasiones es ella la que te persigue a ti y esto me pas\u00f3 con \u2018Llegaron de noche\u201d<\/strong>, sentencia el director.&nbsp;<\/p>\n<p>Imanol y Julia hablan sobre c\u00f3mo fue el proceso de documentaci\u00f3n para la creaci\u00f3n del guion que cont\u00f3 con diversos encuentros con el Padre Tojeira, provincial para Centroam\u00e9rica en esas fechas y con Luc\u00eda, la \u00fanica superviviente: <strong>\u201cEstuvimos un fin de semana con ella, me impresion\u00f3 much\u00edsimo su entereza<\/strong> porque llevaba a\u00f1os sin contarle su caso a nadie de su entorno por miedo\u201d.<\/p>\n<p>El director tambi\u00e9n se\u00f1ala los obst\u00e1culos que tuvo que afrontar para llevar a cabo la pel\u00edcula entre los que se encontraba la pandemia y un cambio de productora, causas que hicieron que el proyecto tardar\u00e1 casi seis a\u00f1os en estrenarse, lo que la convirti\u00f3, en palabras del propio director \u201c<strong>en la pel\u00edcula que m\u00e1s tiempo me ha llevado hacer\u201d<\/strong>.<\/p>\n<p>Adem\u00e1s, <strong>Imanol tambi\u00e9n comenta su trayectoria cinematogr\u00e1fica<\/strong>, deteni\u00e9ndose en su pel\u00edcula m\u00e1s laureada, \u2018D\u00edas Contados\u2019, un proyecto que se llev\u00f3 multitud de premios, entre ellos 9 Premios Goya y la Concha de Oro del Festival de San Sebasti\u00e1n: \u201cLo que ocurri\u00f3 con ella es algo que ocurre a veces, se estren\u00f3 en el sitio adecuado y en el momento exacto, por eso se llev\u00f3 tantos premios\u201d.<\/p>\n<p><strong>\u2018Voces por una Causa\u2019 es el podcast semanal de Entreculturas<\/strong>, en el que nos acercamos a la realidad de los pa\u00edses y causas en torno a las que trabajamos y con el que buscamos crear un espacio de reflexi\u00f3n y debate con testimonios y voces en primera persona. Los programas se emiten todos los jueves en nuestro canal de <a href=\"https:\/\/www.youtube.com\/c\/EntreculturasOrg915902672\">Youtube<\/a>, en <a href=\"https:\/\/open.spotify.com\/show\/6dS5JsqnsWrnHL1gwead1A\">Spotify<\/a>, en <a href=\"https:\/\/www.ivoox.com\/perfil-entreculturas_a8_listener_28185270_1.html\">Ivoox<\/a>, y en <a href=\"https:\/\/podcasts.apple.com\/us\/podcast\/entreculturas-voces-por-una-causa\/id1621485462\">Apple Podcast<\/a>.<\/p>\n","protected":false},"excerpt":{"rendered":"<p>Esta semana en Voces por una Causa, la escritora Julia Navarro conversa con Imanol Uribe, director de cine y ganador de dos Premios Goya. A trav\u00e9s de su testimonio, nos acercamos, entre otras cuestiones, a su \u00faltima pel\u00edcula, \u2018Llegaron de noche\u2019, donde narra la historia real del asesinato en 1989 de seis jesuitas y dos mujeres en El Salvador.<\/p>\n","protected":false},"featured_media":6892,"template":"podcast-imagen-sin-banner","meta":{"_acf_changed":false},"categories":[7],"tags":[185],"class_list":["post-6893","podcast","type-podcast","status-publish","has-post-thumbnail","hentry","category-noticia","tag-entreculturas"],"acf":[],"yoast_head":"<!-- This site is optimized with the Yoast SEO Premium plugin v21.6 (Yoast SEO v27.5) - https:\/\/yoast.com\/product\/yoast-seo-premium-wordpress\/ -->\n<title>\u201cHay veces que t\u00fa persigues la pel\u00edcula, pero, en otras ocasiones, es ella la que te persigue a ti y esto me pas\u00f3 con \u2018Llegaron de noche\u2019&quot; - Entreculturas<\/title>\n<meta name=\"robots\" content=\"index, follow, max-snippet:-1, max-image-preview:large, max-video-preview:-1\" \/>\n<link rel=\"canonical\" href=\"https:\/\/www.entreculturas.org\/fr\/podcast\/hay-veces-que-tu-persigues-la-pelicula-pero-en-otras-ocasiones-es-ella-la-que-te-persigue\/\" \/>\n<meta property=\"og:locale\" content=\"fr_FR\" \/>\n<meta property=\"og:type\" content=\"article\" \/>\n<meta property=\"og:title\" content=\"\u201cHay veces que t\u00fa persigues la pel\u00edcula, pero, en otras ocasiones, es ella la que te persigue a ti y esto me pas\u00f3 con \u2018Llegaron de noche\u2019&quot;\" \/>\n<meta property=\"og:description\" content=\"Esta semana en Voces por una Causa, la escritora Julia Navarro conversa con Imanol Uribe, director de cine y ganador de dos Premios Goya. A trav\u00e9s de su testimonio, nos acercamos, entre otras cuestiones, a su \u00faltima pel\u00edcula, \u2018Llegaron de noche\u2019, donde narra la historia real del asesinato en 1989 de seis jesuitas y dos mujeres en El Salvador.\" \/>\n<meta property=\"og:url\" content=\"https:\/\/www.entreculturas.org\/fr\/podcast\/hay-veces-que-tu-persigues-la-pelicula-pero-en-otras-ocasiones-es-ella-la-que-te-persigue\/\" \/>\n<meta property=\"og:site_name\" content=\"Entreculturas\" \/>\n<meta property=\"article:publisher\" content=\"https:\/\/www.facebook.com\/entreculturas\" \/>\n<meta property=\"article:modified_time\" content=\"2024-01-16T10:47:03+00:00\" \/>\n<meta property=\"og:image\" content=\"https:\/\/www.entreculturas.org\/wp-content\/uploads\/2023\/03\/web_4.jpg\" \/>\n\t<meta property=\"og:image:width\" content=\"1920\" \/>\n\t<meta property=\"og:image:height\" content=\"1080\" \/>\n\t<meta property=\"og:image:type\" content=\"image\/jpeg\" \/>\n<meta name=\"twitter:card\" content=\"summary_large_image\" \/>\n<meta name=\"twitter:site\" content=\"@Entreculturas\" \/>\n<script type=\"application\/ld+json\" class=\"yoast-schema-graph\">{\"@context\":\"https:\\\/\\\/schema.org\",\"@graph\":[{\"@type\":\"WebPage\",\"@id\":\"https:\\\/\\\/www.entreculturas.org\\\/fr\\\/podcast\\\/hay-veces-que-tu-persigues-la-pelicula-pero-en-otras-ocasiones-es-ella-la-que-te-persigue\\\/\",\"url\":\"https:\\\/\\\/www.entreculturas.org\\\/fr\\\/podcast\\\/hay-veces-que-tu-persigues-la-pelicula-pero-en-otras-ocasiones-es-ella-la-que-te-persigue\\\/\",\"name\":\"\u201cHay veces que t\u00fa persigues la pel\u00edcula, pero, en otras ocasiones, es ella la que te persigue a ti y esto me pas\u00f3 con \u2018Llegaron de noche\u2019\\\" - Entreculturas\",\"isPartOf\":{\"@id\":\"https:\\\/\\\/www.entreculturas.org\\\/fr\\\/#website\"},\"primaryImageOfPage\":{\"@id\":\"https:\\\/\\\/www.entreculturas.org\\\/fr\\\/podcast\\\/hay-veces-que-tu-persigues-la-pelicula-pero-en-otras-ocasiones-es-ella-la-que-te-persigue\\\/#primaryimage\"},\"image\":{\"@id\":\"https:\\\/\\\/www.entreculturas.org\\\/fr\\\/podcast\\\/hay-veces-que-tu-persigues-la-pelicula-pero-en-otras-ocasiones-es-ella-la-que-te-persigue\\\/#primaryimage\"},\"thumbnailUrl\":\"https:\\\/\\\/www.entreculturas.org\\\/wp-content\\\/uploads\\\/2023\\\/03\\\/web_4.jpg\",\"datePublished\":\"2023-03-01T14:26:12+00:00\",\"dateModified\":\"2024-01-16T10:47:03+00:00\",\"breadcrumb\":{\"@id\":\"https:\\\/\\\/www.entreculturas.org\\\/fr\\\/podcast\\\/hay-veces-que-tu-persigues-la-pelicula-pero-en-otras-ocasiones-es-ella-la-que-te-persigue\\\/#breadcrumb\"},\"inLanguage\":\"fr-FR\",\"potentialAction\":[{\"@type\":\"ReadAction\",\"target\":[\"https:\\\/\\\/www.entreculturas.org\\\/fr\\\/podcast\\\/hay-veces-que-tu-persigues-la-pelicula-pero-en-otras-ocasiones-es-ella-la-que-te-persigue\\\/\"]}]},{\"@type\":\"ImageObject\",\"inLanguage\":\"fr-FR\",\"@id\":\"https:\\\/\\\/www.entreculturas.org\\\/fr\\\/podcast\\\/hay-veces-que-tu-persigues-la-pelicula-pero-en-otras-ocasiones-es-ella-la-que-te-persigue\\\/#primaryimage\",\"url\":\"https:\\\/\\\/www.entreculturas.org\\\/wp-content\\\/uploads\\\/2023\\\/03\\\/web_4.jpg\",\"contentUrl\":\"https:\\\/\\\/www.entreculturas.org\\\/wp-content\\\/uploads\\\/2023\\\/03\\\/web_4.jpg\",\"width\":1920,\"height\":1080},{\"@type\":\"BreadcrumbList\",\"@id\":\"https:\\\/\\\/www.entreculturas.org\\\/fr\\\/podcast\\\/hay-veces-que-tu-persigues-la-pelicula-pero-en-otras-ocasiones-es-ella-la-que-te-persigue\\\/#breadcrumb\",\"itemListElement\":[{\"@type\":\"ListItem\",\"position\":1,\"name\":\"Home\",\"item\":\"https:\\\/\\\/www.entreculturas.org\\\/fr\\\/\"},{\"@type\":\"ListItem\",\"position\":2,\"name\":\"Podcast Julia Navarro\",\"item\":\"https:\\\/\\\/www.entreculturas.org\\\/fr\\\/podcasts\\\/\"},{\"@type\":\"ListItem\",\"position\":3,\"name\":\"\u201cHay veces que t\u00fa persigues la pel\u00edcula, pero, en otras ocasiones, es ella la que te persigue a ti y esto me pas\u00f3 con \u2018Llegaron de noche\u2019\u00a0\u00bb\"}]},{\"@type\":\"WebSite\",\"@id\":\"https:\\\/\\\/www.entreculturas.org\\\/fr\\\/#website\",\"url\":\"https:\\\/\\\/www.entreculturas.org\\\/fr\\\/\",\"name\":\"Entreculturas\",\"description\":\"\",\"publisher\":{\"@id\":\"https:\\\/\\\/www.entreculturas.org\\\/fr\\\/#organization\"},\"alternateName\":\"Entreculturas\",\"potentialAction\":[{\"@type\":\"SearchAction\",\"target\":{\"@type\":\"EntryPoint\",\"urlTemplate\":\"https:\\\/\\\/www.entreculturas.org\\\/fr\\\/?s={search_term_string}\"},\"query-input\":{\"@type\":\"PropertyValueSpecification\",\"valueRequired\":true,\"valueName\":\"search_term_string\"}}],\"inLanguage\":\"fr-FR\"},{\"@type\":\"Organization\",\"@id\":\"https:\\\/\\\/www.entreculturas.org\\\/fr\\\/#organization\",\"name\":\"Entreculturas\",\"url\":\"https:\\\/\\\/www.entreculturas.org\\\/fr\\\/\",\"logo\":{\"@type\":\"ImageObject\",\"inLanguage\":\"fr-FR\",\"@id\":\"https:\\\/\\\/www.entreculturas.org\\\/fr\\\/#\\\/schema\\\/logo\\\/image\\\/\",\"url\":\"https:\\\/\\\/www.entreculturas.org\\\/wp-content\\\/uploads\\\/2025\\\/10\\\/ESP.svg\",\"contentUrl\":\"https:\\\/\\\/www.entreculturas.org\\\/wp-content\\\/uploads\\\/2025\\\/10\\\/ESP.svg\",\"caption\":\"Entreculturas\"},\"image\":{\"@id\":\"https:\\\/\\\/www.entreculturas.org\\\/fr\\\/#\\\/schema\\\/logo\\\/image\\\/\"},\"sameAs\":[\"https:\\\/\\\/www.facebook.com\\\/entreculturas\",\"https:\\\/\\\/x.com\\\/Entreculturas\",\"https:\\\/\\\/www.instagram.com\\\/entreculturas\\\/\",\"https:\\\/\\\/www.youtube.com\\\/user\\\/entreculturasvideo\",\"https:\\\/\\\/www.linkedin.com\\\/company\\\/fundacion-entreculturas-ngdo\\\/\",\"https:\\\/\\\/www.flickr.com\\\/photos\\\/98455522@N04\\\/albums\\\/\"]}]}<\/script>\n<!-- \/ Yoast SEO Premium plugin. -->","yoast_head_json":{"title":"\u201cHay veces que t\u00fa persigues la pel\u00edcula, pero, en otras ocasiones, es ella la que te persigue a ti y esto me pas\u00f3 con \u2018Llegaron de noche\u2019\" - Entreculturas","robots":{"index":"index","follow":"follow","max-snippet":"max-snippet:-1","max-image-preview":"max-image-preview:large","max-video-preview":"max-video-preview:-1"},"canonical":"https:\/\/www.entreculturas.org\/fr\/podcast\/hay-veces-que-tu-persigues-la-pelicula-pero-en-otras-ocasiones-es-ella-la-que-te-persigue\/","og_locale":"fr_FR","og_type":"article","og_title":"\u201cHay veces que t\u00fa persigues la pel\u00edcula, pero, en otras ocasiones, es ella la que te persigue a ti y esto me pas\u00f3 con \u2018Llegaron de noche\u2019\"","og_description":"Esta semana en Voces por una Causa, la escritora Julia Navarro conversa con Imanol Uribe, director de cine y ganador de dos Premios Goya. A trav\u00e9s de su testimonio, nos acercamos, entre otras cuestiones, a su \u00faltima pel\u00edcula, \u2018Llegaron de noche\u2019, donde narra la historia real del asesinato en 1989 de seis jesuitas y dos mujeres en El Salvador.","og_url":"https:\/\/www.entreculturas.org\/fr\/podcast\/hay-veces-que-tu-persigues-la-pelicula-pero-en-otras-ocasiones-es-ella-la-que-te-persigue\/","og_site_name":"Entreculturas","article_publisher":"https:\/\/www.facebook.com\/entreculturas","article_modified_time":"2024-01-16T10:47:03+00:00","og_image":[{"width":1920,"height":1080,"url":"https:\/\/www.entreculturas.org\/wp-content\/uploads\/2023\/03\/web_4.jpg","type":"image\/jpeg"}],"twitter_card":"summary_large_image","twitter_site":"@Entreculturas","schema":{"@context":"https:\/\/schema.org","@graph":[{"@type":"WebPage","@id":"https:\/\/www.entreculturas.org\/fr\/podcast\/hay-veces-que-tu-persigues-la-pelicula-pero-en-otras-ocasiones-es-ella-la-que-te-persigue\/","url":"https:\/\/www.entreculturas.org\/fr\/podcast\/hay-veces-que-tu-persigues-la-pelicula-pero-en-otras-ocasiones-es-ella-la-que-te-persigue\/","name":"\u201cHay veces que t\u00fa persigues la pel\u00edcula, pero, en otras ocasiones, es ella la que te persigue a ti y esto me pas\u00f3 con \u2018Llegaron de noche\u2019\" - Entreculturas","isPartOf":{"@id":"https:\/\/www.entreculturas.org\/fr\/#website"},"primaryImageOfPage":{"@id":"https:\/\/www.entreculturas.org\/fr\/podcast\/hay-veces-que-tu-persigues-la-pelicula-pero-en-otras-ocasiones-es-ella-la-que-te-persigue\/#primaryimage"},"image":{"@id":"https:\/\/www.entreculturas.org\/fr\/podcast\/hay-veces-que-tu-persigues-la-pelicula-pero-en-otras-ocasiones-es-ella-la-que-te-persigue\/#primaryimage"},"thumbnailUrl":"https:\/\/www.entreculturas.org\/wp-content\/uploads\/2023\/03\/web_4.jpg","datePublished":"2023-03-01T14:26:12+00:00","dateModified":"2024-01-16T10:47:03+00:00","breadcrumb":{"@id":"https:\/\/www.entreculturas.org\/fr\/podcast\/hay-veces-que-tu-persigues-la-pelicula-pero-en-otras-ocasiones-es-ella-la-que-te-persigue\/#breadcrumb"},"inLanguage":"fr-FR","potentialAction":[{"@type":"ReadAction","target":["https:\/\/www.entreculturas.org\/fr\/podcast\/hay-veces-que-tu-persigues-la-pelicula-pero-en-otras-ocasiones-es-ella-la-que-te-persigue\/"]}]},{"@type":"ImageObject","inLanguage":"fr-FR","@id":"https:\/\/www.entreculturas.org\/fr\/podcast\/hay-veces-que-tu-persigues-la-pelicula-pero-en-otras-ocasiones-es-ella-la-que-te-persigue\/#primaryimage","url":"https:\/\/www.entreculturas.org\/wp-content\/uploads\/2023\/03\/web_4.jpg","contentUrl":"https:\/\/www.entreculturas.org\/wp-content\/uploads\/2023\/03\/web_4.jpg","width":1920,"height":1080},{"@type":"BreadcrumbList","@id":"https:\/\/www.entreculturas.org\/fr\/podcast\/hay-veces-que-tu-persigues-la-pelicula-pero-en-otras-ocasiones-es-ella-la-que-te-persigue\/#breadcrumb","itemListElement":[{"@type":"ListItem","position":1,"name":"Home","item":"https:\/\/www.entreculturas.org\/fr\/"},{"@type":"ListItem","position":2,"name":"Podcast Julia Navarro","item":"https:\/\/www.entreculturas.org\/fr\/podcasts\/"},{"@type":"ListItem","position":3,"name":"\u201cHay veces que t\u00fa persigues la pel\u00edcula, pero, en otras ocasiones, es ella la que te persigue a ti y esto me pas\u00f3 con \u2018Llegaron de noche\u2019\u00a0\u00bb"}]},{"@type":"WebSite","@id":"https:\/\/www.entreculturas.org\/fr\/#website","url":"https:\/\/www.entreculturas.org\/fr\/","name":"Entreculturas","description":"","publisher":{"@id":"https:\/\/www.entreculturas.org\/fr\/#organization"},"alternateName":"Entreculturas","potentialAction":[{"@type":"SearchAction","target":{"@type":"EntryPoint","urlTemplate":"https:\/\/www.entreculturas.org\/fr\/?s={search_term_string}"},"query-input":{"@type":"PropertyValueSpecification","valueRequired":true,"valueName":"search_term_string"}}],"inLanguage":"fr-FR"},{"@type":"Organization","@id":"https:\/\/www.entreculturas.org\/fr\/#organization","name":"Entreculturas","url":"https:\/\/www.entreculturas.org\/fr\/","logo":{"@type":"ImageObject","inLanguage":"fr-FR","@id":"https:\/\/www.entreculturas.org\/fr\/#\/schema\/logo\/image\/","url":"https:\/\/www.entreculturas.org\/wp-content\/uploads\/2025\/10\/ESP.svg","contentUrl":"https:\/\/www.entreculturas.org\/wp-content\/uploads\/2025\/10\/ESP.svg","caption":"Entreculturas"},"image":{"@id":"https:\/\/www.entreculturas.org\/fr\/#\/schema\/logo\/image\/"},"sameAs":["https:\/\/www.facebook.com\/entreculturas","https:\/\/x.com\/Entreculturas","https:\/\/www.instagram.com\/entreculturas\/","https:\/\/www.youtube.com\/user\/entreculturasvideo","https:\/\/www.linkedin.com\/company\/fundacion-entreculturas-ngdo\/","https:\/\/www.flickr.com\/photos\/98455522@N04\/albums\/"]}]}},"_links":{"self":[{"href":"https:\/\/www.entreculturas.org\/fr\/wp-json\/wp\/v2\/podcast\/6893","targetHints":{"allow":["GET"]}}],"collection":[{"href":"https:\/\/www.entreculturas.org\/fr\/wp-json\/wp\/v2\/podcast"}],"about":[{"href":"https:\/\/www.entreculturas.org\/fr\/wp-json\/wp\/v2\/types\/podcast"}],"wp:featuredmedia":[{"embeddable":true,"href":"https:\/\/www.entreculturas.org\/fr\/wp-json\/wp\/v2\/media\/6892"}],"wp:attachment":[{"href":"https:\/\/www.entreculturas.org\/fr\/wp-json\/wp\/v2\/media?parent=6893"}],"wp:term":[{"taxonomy":"category","embeddable":true,"href":"https:\/\/www.entreculturas.org\/fr\/wp-json\/wp\/v2\/categories?post=6893"},{"taxonomy":"post_tag","embeddable":true,"href":"https:\/\/www.entreculturas.org\/fr\/wp-json\/wp\/v2\/tags?post=6893"}],"curies":[{"name":"wp","href":"https:\/\/api.w.org\/{rel}","templated":true}]}}