{"id":6629,"date":"2022-06-29T16:05:14","date_gmt":"2022-06-29T16:05:14","guid":{"rendered":"https:\/\/entreculturasi.wpenginepowered.com\/?noticias=caminos-de-hospitalidad-en-voces-por-una-causa"},"modified":"2024-01-16T11:47:46","modified_gmt":"2024-01-16T10:47:46","slug":"caminos-de-hospitalidad-en-voces-por-una-causa","status":"publish","type":"podcast","link":"https:\/\/www.entreculturas.org\/fr\/podcast\/caminos-de-hospitalidad-en-voces-por-una-causa\/","title":{"rendered":"Caminos de Hospitalidad en Voces por una Causa"},"content":{"rendered":"<p dir=\"ltr\" style=\"margin-top: 0pt;margin-bottom: 0pt;line-height: 1.38;text-align: justify\">\n<p dir=\"ltr\" style=\"margin-top: 0pt;margin-bottom: 0pt;line-height: 1.38;text-align: justify\">Esta semana en Voces por una Causa, Julia Navarro conversa con Daniel Mart\u00ednez, coordinador de Sensibilizaci\u00f3n de la campa\u00f1a <a href=\"https:\/\/www.hospitalidad.es\/\">Hospitalidad<\/a> (que promovemos las distintas ONG sociales de los jesuitas en Espa\u00f1a) sobre nuestra acci\u00f3n \u201cCaminos de Hospitalidad\u201d.<\/p>\n<p dir=\"ltr\" style=\"margin-top: 0pt;margin-bottom: 0pt;line-height: 1.38;text-align: justify\"><a href=\"https:\/\/www.hospitalidad.es\/caminosdehospitalidad\/\">\u2018Caminos de Hospitalidad\u2019 <\/a>es una iniciativa anual que consiste en caminatas que sirven de acci\u00f3n simb\u00f3lica de movilizaci\u00f3n en apoyo a las personas migrantes y refugiadas. Son <strong>homenajes a las largas rutas que emprenden las personas que huyen de la violencia, conflictos y la extrema pobreza.&nbsp;<\/strong><\/p>\n<p dir=\"ltr\" style=\"margin-top: 0pt;margin-bottom: 0pt;line-height: 1.38;text-align: justify\"><strong>\u201cEstas caminatas est\u00e1n inspiradas en las&nbsp;que organizaba Frans Van Der Lugt,<\/strong> un jesuita neerland\u00e9s que pas\u00f3 su vida adulta viviendo en Siria\u201d, afirma Daniel. Frank inici\u00f3 all\u00ed unas caminatas de encuentro con personas de diferentes culturas. \u201cPuso de acuerdo a las diferentes creencias religiosas creando estos espacios de di\u00e1logo. Esta fue la base sobre la que se construyeron los caminos de hospitalidad. El di\u00e1logo entre las creencias culturales con perspectiva humanista\u201d, explica Daniel. <strong>\u201cEste a\u00f1o queremos que los caminos sean un llamamiento a la paz\u201d.&nbsp;<\/strong><\/p>\n<p dir=\"ltr\" style=\"margin-top: 0pt;margin-bottom: 0pt;line-height: 1.38;text-align: justify\">La iniciativa Caminos de Hospitalidad es tambi\u00e9n un espacio de ocio, conocimiento y compartir para todas las personas participantes, tambi\u00e9n personas acogidas aqu\u00ed en Espa\u00f1a. \u201cA veces nos centramos en los itinerarios de formaci\u00f3n y nos olvidamos de lo importante que son los espacios as\u00ed, que ayudan a construir tejido comunitario\u201d, comenta Daniel.<\/p>\n<p dir=\"ltr\" style=\"margin-top: 0pt;margin-bottom: 0pt;line-height: 1.38;text-align: justify\">&nbsp;<\/p>\n<p dir=\"ltr\" style=\"margin-top: 0pt;margin-bottom: 0pt;line-height: 1.38;text-align: justify\"><a href=\"https:\/\/www.hospitalidad.es\/caminosdehospitalidad\/\">S\u00famate a los \u2018Caminos de Hospitalidad\u2019 visitando la p\u00e1gina web de la iniciativa<\/a>, y acomp\u00e1\u00f1anos todas las semanas escuchando \u201cVoces por una Causa\u201d: el podcast semanal de Entreculturas en el que nos acercamos a la realidad de los pa\u00edses y causas en torno a las que trabajamos.<strong> Se emite todos los jueves en nuestro canal de <a href=\"https:\/\/www.youtube.com\/c\/EntreculturasOrg915902672\">Youtube<\/a>, en <a href=\"https:\/\/open.spotify.com\/show\/6dS5JsqnsWrnHL1gwead1A\">Spotify<\/a>, en <a href=\"https:\/\/www.ivoox.com\/perfil-entreculturas_a8_listener_28185270_1.html\">Ivoox<\/a>, y en <a href=\"https:\/\/podcasts.apple.com\/us\/podcast\/entreculturas-voces-por-una-causa\/id1621485462\">Apple Podcast<\/a>.&nbsp;<\/strong><\/p>\n<p>&nbsp;<\/p>\n<p>&nbsp;<\/p>\n","protected":false},"excerpt":{"rendered":"<p>Esta semana en Voces por una Causa, Julia Navarro conversa con Daniel Mart\u00ednez, coordinador de Sensibilizaci\u00f3n de la campa\u00f1a Hospitalidad (que promovemos las distintas ONG sociales de los jesuitas en Espa\u00f1a) sobre nuestra acci\u00f3n \u201cCaminos de Hospitalidad\u201d.<\/p>\n","protected":false},"featured_media":6628,"template":"podcast-imagen-sin-banner","meta":{"_acf_changed":false},"categories":[7],"tags":[185],"class_list":["post-6629","podcast","type-podcast","status-publish","has-post-thumbnail","hentry","category-noticia","tag-entreculturas"],"acf":[],"yoast_head":"<!-- This site is optimized with the Yoast SEO Premium plugin v21.6 (Yoast SEO v27.5) - https:\/\/yoast.com\/product\/yoast-seo-premium-wordpress\/ -->\n<title>Caminos de Hospitalidad en Voces por una Causa - Entreculturas<\/title>\n<meta name=\"robots\" content=\"index, follow, max-snippet:-1, max-image-preview:large, max-video-preview:-1\" \/>\n<link rel=\"canonical\" href=\"https:\/\/www.entreculturas.org\/fr\/podcast\/caminos-de-hospitalidad-en-voces-por-una-causa\/\" \/>\n<meta property=\"og:locale\" content=\"fr_FR\" \/>\n<meta property=\"og:type\" content=\"article\" \/>\n<meta property=\"og:title\" content=\"Caminos de Hospitalidad en Voces por una Causa\" \/>\n<meta property=\"og:description\" content=\"Esta semana en Voces por una Causa, Julia Navarro conversa con Daniel Mart\u00ednez, coordinador de Sensibilizaci\u00f3n de la campa\u00f1a Hospitalidad (que promovemos las distintas ONG sociales de los jesuitas en Espa\u00f1a) sobre nuestra acci\u00f3n \u201cCaminos de Hospitalidad\u201d.\" \/>\n<meta property=\"og:url\" content=\"https:\/\/www.entreculturas.org\/fr\/podcast\/caminos-de-hospitalidad-en-voces-por-una-causa\/\" \/>\n<meta property=\"og:site_name\" content=\"Entreculturas\" \/>\n<meta property=\"article:publisher\" content=\"https:\/\/www.facebook.com\/entreculturas\" \/>\n<meta property=\"article:modified_time\" content=\"2024-01-16T10:47:46+00:00\" \/>\n<meta property=\"og:image\" content=\"https:\/\/www.entreculturas.org\/wp-content\/uploads\/2022\/06\/web_caminos.jpg\" \/>\n\t<meta property=\"og:image:width\" content=\"1920\" \/>\n\t<meta property=\"og:image:height\" content=\"1080\" \/>\n\t<meta property=\"og:image:type\" content=\"image\/jpeg\" \/>\n<meta name=\"twitter:card\" content=\"summary_large_image\" \/>\n<meta name=\"twitter:site\" content=\"@Entreculturas\" \/>\n<script type=\"application\/ld+json\" class=\"yoast-schema-graph\">{\"@context\":\"https:\\\/\\\/schema.org\",\"@graph\":[{\"@type\":\"WebPage\",\"@id\":\"https:\\\/\\\/www.entreculturas.org\\\/fr\\\/podcast\\\/caminos-de-hospitalidad-en-voces-por-una-causa\\\/\",\"url\":\"https:\\\/\\\/www.entreculturas.org\\\/fr\\\/podcast\\\/caminos-de-hospitalidad-en-voces-por-una-causa\\\/\",\"name\":\"Caminos de Hospitalidad en Voces por una Causa - Entreculturas\",\"isPartOf\":{\"@id\":\"https:\\\/\\\/www.entreculturas.org\\\/fr\\\/#website\"},\"primaryImageOfPage\":{\"@id\":\"https:\\\/\\\/www.entreculturas.org\\\/fr\\\/podcast\\\/caminos-de-hospitalidad-en-voces-por-una-causa\\\/#primaryimage\"},\"image\":{\"@id\":\"https:\\\/\\\/www.entreculturas.org\\\/fr\\\/podcast\\\/caminos-de-hospitalidad-en-voces-por-una-causa\\\/#primaryimage\"},\"thumbnailUrl\":\"https:\\\/\\\/www.entreculturas.org\\\/wp-content\\\/uploads\\\/2022\\\/06\\\/web_caminos.jpg\",\"datePublished\":\"2022-06-29T16:05:14+00:00\",\"dateModified\":\"2024-01-16T10:47:46+00:00\",\"breadcrumb\":{\"@id\":\"https:\\\/\\\/www.entreculturas.org\\\/fr\\\/podcast\\\/caminos-de-hospitalidad-en-voces-por-una-causa\\\/#breadcrumb\"},\"inLanguage\":\"fr-FR\",\"potentialAction\":[{\"@type\":\"ReadAction\",\"target\":[\"https:\\\/\\\/www.entreculturas.org\\\/fr\\\/podcast\\\/caminos-de-hospitalidad-en-voces-por-una-causa\\\/\"]}]},{\"@type\":\"ImageObject\",\"inLanguage\":\"fr-FR\",\"@id\":\"https:\\\/\\\/www.entreculturas.org\\\/fr\\\/podcast\\\/caminos-de-hospitalidad-en-voces-por-una-causa\\\/#primaryimage\",\"url\":\"https:\\\/\\\/www.entreculturas.org\\\/wp-content\\\/uploads\\\/2022\\\/06\\\/web_caminos.jpg\",\"contentUrl\":\"https:\\\/\\\/www.entreculturas.org\\\/wp-content\\\/uploads\\\/2022\\\/06\\\/web_caminos.jpg\",\"width\":1920,\"height\":1080},{\"@type\":\"BreadcrumbList\",\"@id\":\"https:\\\/\\\/www.entreculturas.org\\\/fr\\\/podcast\\\/caminos-de-hospitalidad-en-voces-por-una-causa\\\/#breadcrumb\",\"itemListElement\":[{\"@type\":\"ListItem\",\"position\":1,\"name\":\"Home\",\"item\":\"https:\\\/\\\/www.entreculturas.org\\\/fr\\\/\"},{\"@type\":\"ListItem\",\"position\":2,\"name\":\"Podcast Julia Navarro\",\"item\":\"https:\\\/\\\/www.entreculturas.org\\\/fr\\\/podcasts\\\/\"},{\"@type\":\"ListItem\",\"position\":3,\"name\":\"Caminos de Hospitalidad en Voces por una Causa\"}]},{\"@type\":\"WebSite\",\"@id\":\"https:\\\/\\\/www.entreculturas.org\\\/fr\\\/#website\",\"url\":\"https:\\\/\\\/www.entreculturas.org\\\/fr\\\/\",\"name\":\"Entreculturas\",\"description\":\"\",\"publisher\":{\"@id\":\"https:\\\/\\\/www.entreculturas.org\\\/fr\\\/#organization\"},\"alternateName\":\"Entreculturas\",\"potentialAction\":[{\"@type\":\"SearchAction\",\"target\":{\"@type\":\"EntryPoint\",\"urlTemplate\":\"https:\\\/\\\/www.entreculturas.org\\\/fr\\\/?s={search_term_string}\"},\"query-input\":{\"@type\":\"PropertyValueSpecification\",\"valueRequired\":true,\"valueName\":\"search_term_string\"}}],\"inLanguage\":\"fr-FR\"},{\"@type\":\"Organization\",\"@id\":\"https:\\\/\\\/www.entreculturas.org\\\/fr\\\/#organization\",\"name\":\"Entreculturas\",\"url\":\"https:\\\/\\\/www.entreculturas.org\\\/fr\\\/\",\"logo\":{\"@type\":\"ImageObject\",\"inLanguage\":\"fr-FR\",\"@id\":\"https:\\\/\\\/www.entreculturas.org\\\/fr\\\/#\\\/schema\\\/logo\\\/image\\\/\",\"url\":\"https:\\\/\\\/www.entreculturas.org\\\/wp-content\\\/uploads\\\/2025\\\/10\\\/ESP.svg\",\"contentUrl\":\"https:\\\/\\\/www.entreculturas.org\\\/wp-content\\\/uploads\\\/2025\\\/10\\\/ESP.svg\",\"caption\":\"Entreculturas\"},\"image\":{\"@id\":\"https:\\\/\\\/www.entreculturas.org\\\/fr\\\/#\\\/schema\\\/logo\\\/image\\\/\"},\"sameAs\":[\"https:\\\/\\\/www.facebook.com\\\/entreculturas\",\"https:\\\/\\\/x.com\\\/Entreculturas\",\"https:\\\/\\\/www.instagram.com\\\/entreculturas\\\/\",\"https:\\\/\\\/www.youtube.com\\\/user\\\/entreculturasvideo\",\"https:\\\/\\\/www.linkedin.com\\\/company\\\/fundacion-entreculturas-ngdo\\\/\",\"https:\\\/\\\/www.flickr.com\\\/photos\\\/98455522@N04\\\/albums\\\/\"]}]}<\/script>\n<!-- \/ Yoast SEO Premium plugin. -->","yoast_head_json":{"title":"Caminos de Hospitalidad en Voces por una Causa - Entreculturas","robots":{"index":"index","follow":"follow","max-snippet":"max-snippet:-1","max-image-preview":"max-image-preview:large","max-video-preview":"max-video-preview:-1"},"canonical":"https:\/\/www.entreculturas.org\/fr\/podcast\/caminos-de-hospitalidad-en-voces-por-una-causa\/","og_locale":"fr_FR","og_type":"article","og_title":"Caminos de Hospitalidad en Voces por una Causa","og_description":"Esta semana en Voces por una Causa, Julia Navarro conversa con Daniel Mart\u00ednez, coordinador de Sensibilizaci\u00f3n de la campa\u00f1a Hospitalidad (que promovemos las distintas ONG sociales de los jesuitas en Espa\u00f1a) sobre nuestra acci\u00f3n \u201cCaminos de Hospitalidad\u201d.","og_url":"https:\/\/www.entreculturas.org\/fr\/podcast\/caminos-de-hospitalidad-en-voces-por-una-causa\/","og_site_name":"Entreculturas","article_publisher":"https:\/\/www.facebook.com\/entreculturas","article_modified_time":"2024-01-16T10:47:46+00:00","og_image":[{"width":1920,"height":1080,"url":"https:\/\/www.entreculturas.org\/wp-content\/uploads\/2022\/06\/web_caminos.jpg","type":"image\/jpeg"}],"twitter_card":"summary_large_image","twitter_site":"@Entreculturas","schema":{"@context":"https:\/\/schema.org","@graph":[{"@type":"WebPage","@id":"https:\/\/www.entreculturas.org\/fr\/podcast\/caminos-de-hospitalidad-en-voces-por-una-causa\/","url":"https:\/\/www.entreculturas.org\/fr\/podcast\/caminos-de-hospitalidad-en-voces-por-una-causa\/","name":"Caminos de Hospitalidad en Voces por una Causa - Entreculturas","isPartOf":{"@id":"https:\/\/www.entreculturas.org\/fr\/#website"},"primaryImageOfPage":{"@id":"https:\/\/www.entreculturas.org\/fr\/podcast\/caminos-de-hospitalidad-en-voces-por-una-causa\/#primaryimage"},"image":{"@id":"https:\/\/www.entreculturas.org\/fr\/podcast\/caminos-de-hospitalidad-en-voces-por-una-causa\/#primaryimage"},"thumbnailUrl":"https:\/\/www.entreculturas.org\/wp-content\/uploads\/2022\/06\/web_caminos.jpg","datePublished":"2022-06-29T16:05:14+00:00","dateModified":"2024-01-16T10:47:46+00:00","breadcrumb":{"@id":"https:\/\/www.entreculturas.org\/fr\/podcast\/caminos-de-hospitalidad-en-voces-por-una-causa\/#breadcrumb"},"inLanguage":"fr-FR","potentialAction":[{"@type":"ReadAction","target":["https:\/\/www.entreculturas.org\/fr\/podcast\/caminos-de-hospitalidad-en-voces-por-una-causa\/"]}]},{"@type":"ImageObject","inLanguage":"fr-FR","@id":"https:\/\/www.entreculturas.org\/fr\/podcast\/caminos-de-hospitalidad-en-voces-por-una-causa\/#primaryimage","url":"https:\/\/www.entreculturas.org\/wp-content\/uploads\/2022\/06\/web_caminos.jpg","contentUrl":"https:\/\/www.entreculturas.org\/wp-content\/uploads\/2022\/06\/web_caminos.jpg","width":1920,"height":1080},{"@type":"BreadcrumbList","@id":"https:\/\/www.entreculturas.org\/fr\/podcast\/caminos-de-hospitalidad-en-voces-por-una-causa\/#breadcrumb","itemListElement":[{"@type":"ListItem","position":1,"name":"Home","item":"https:\/\/www.entreculturas.org\/fr\/"},{"@type":"ListItem","position":2,"name":"Podcast Julia Navarro","item":"https:\/\/www.entreculturas.org\/fr\/podcasts\/"},{"@type":"ListItem","position":3,"name":"Caminos de Hospitalidad en Voces por una Causa"}]},{"@type":"WebSite","@id":"https:\/\/www.entreculturas.org\/fr\/#website","url":"https:\/\/www.entreculturas.org\/fr\/","name":"Entreculturas","description":"","publisher":{"@id":"https:\/\/www.entreculturas.org\/fr\/#organization"},"alternateName":"Entreculturas","potentialAction":[{"@type":"SearchAction","target":{"@type":"EntryPoint","urlTemplate":"https:\/\/www.entreculturas.org\/fr\/?s={search_term_string}"},"query-input":{"@type":"PropertyValueSpecification","valueRequired":true,"valueName":"search_term_string"}}],"inLanguage":"fr-FR"},{"@type":"Organization","@id":"https:\/\/www.entreculturas.org\/fr\/#organization","name":"Entreculturas","url":"https:\/\/www.entreculturas.org\/fr\/","logo":{"@type":"ImageObject","inLanguage":"fr-FR","@id":"https:\/\/www.entreculturas.org\/fr\/#\/schema\/logo\/image\/","url":"https:\/\/www.entreculturas.org\/wp-content\/uploads\/2025\/10\/ESP.svg","contentUrl":"https:\/\/www.entreculturas.org\/wp-content\/uploads\/2025\/10\/ESP.svg","caption":"Entreculturas"},"image":{"@id":"https:\/\/www.entreculturas.org\/fr\/#\/schema\/logo\/image\/"},"sameAs":["https:\/\/www.facebook.com\/entreculturas","https:\/\/x.com\/Entreculturas","https:\/\/www.instagram.com\/entreculturas\/","https:\/\/www.youtube.com\/user\/entreculturasvideo","https:\/\/www.linkedin.com\/company\/fundacion-entreculturas-ngdo\/","https:\/\/www.flickr.com\/photos\/98455522@N04\/albums\/"]}]}},"_links":{"self":[{"href":"https:\/\/www.entreculturas.org\/fr\/wp-json\/wp\/v2\/podcast\/6629","targetHints":{"allow":["GET"]}}],"collection":[{"href":"https:\/\/www.entreculturas.org\/fr\/wp-json\/wp\/v2\/podcast"}],"about":[{"href":"https:\/\/www.entreculturas.org\/fr\/wp-json\/wp\/v2\/types\/podcast"}],"wp:featuredmedia":[{"embeddable":true,"href":"https:\/\/www.entreculturas.org\/fr\/wp-json\/wp\/v2\/media\/6628"}],"wp:attachment":[{"href":"https:\/\/www.entreculturas.org\/fr\/wp-json\/wp\/v2\/media?parent=6629"}],"wp:term":[{"taxonomy":"category","embeddable":true,"href":"https:\/\/www.entreculturas.org\/fr\/wp-json\/wp\/v2\/categories?post=6629"},{"taxonomy":"post_tag","embeddable":true,"href":"https:\/\/www.entreculturas.org\/fr\/wp-json\/wp\/v2\/tags?post=6629"}],"curies":[{"name":"wp","href":"https:\/\/api.w.org\/{rel}","templated":true}]}}