{"id":6588,"date":"2022-06-09T08:20:46","date_gmt":"2022-06-09T08:20:46","guid":{"rendered":"https:\/\/entreculturasi.wpenginepowered.com\/?noticias=la-voz-de-oscar-mijallo-enviado-especial-de-tve-en-ucrania-en-voces-por-una-causa"},"modified":"2024-01-16T11:47:46","modified_gmt":"2024-01-16T10:47:46","slug":"la-voz-de-oscar-mijallo-enviado-especial-de-tve-en-ucrania-en-voces-por-una-causa","status":"publish","type":"podcast","link":"https:\/\/www.entreculturas.org\/fr\/podcast\/la-voz-de-oscar-mijallo-enviado-especial-de-tve-en-ucrania-en-voces-por-una-causa\/","title":{"rendered":"La voz de \u00d3scar Mijallo, enviado especial de TVE en Ucrania, en Voces por una Causa"},"content":{"rendered":"<\/p>\n<p>Esta semana, en nuestro podcast semanal \u2018Voces por una Causa\u2019, la escritora Julia Navarro conversa con el reconocido <strong>periodista \u00d3scar Mijallo<\/strong> sobre la <strong>cobertura<\/strong> que est\u00e1 llevando a cabo en e<strong>l conflicto de Ucrania con TVE<\/strong> y sobre su dilatada experiencia cubriendo zonas de conflicto.<\/p>\n<p>\u201cAprend\u00ed de una escuela de grandes reporteros de Televisi\u00f3n Espa\u00f1ola que, cuando sonaba la sirena, corr\u00edan en direcci\u00f3n contraria hacia donde corre la gente. Lo normal ser\u00eda ir al refugio pero nosotros [periodistas], salvo que la cosa est\u00e9 muy fea, <strong>tenemos que ir donde est\u00e1n cayendo las bombas<\/strong> porque tenemos que informar lo que les pasa a las personas que no han podido salir corriendo\u201d, cuenta \u00d3scar. Para \u00e9l, como periodista, \u201c<strong>es una obligaci\u00f3n moral monitorizar cualquier abuso de poder<\/strong>, abuso de los derechos humanos\u201d.&nbsp;<\/p>\n<p>En esta charla, Julia y \u00d3scar abordan cuestiones como su <strong>compromiso period\u00edstico con la sociedad civil <\/strong>cubriendo zonas de guerra, su primer trabajo como corresponsal en zona de conflicto, reflexionan sobre la situaci\u00f3n en Ucrania y sus consecuencias en todo el mundo.<\/p>\n<p>\u2018Voces por una Causa\u2019 es el podcast semanal de Entreculturas, en el que nos acercamos a la realidad de los pa\u00edses y causas en torno a las que trabajamos y con el que buscamos crear un espacio de reflexi\u00f3n y debate con testimonios y voces en primera persona. Los programas se emiten todos los jueves en nuestro <a href=\"https:\/\/www.youtube.com\/c\/EntreculturasOrg915902672\" target=\"_blank\" rel=\"noopener\">canal de Youtube<\/a>, en <a href=\"https:\/\/open.spotify.com\/show\/6dS5JsqnsWrnHL1gwead1A\" target=\"_blank\" rel=\"noopener\">Spotify<\/a>, en <a href=\"https:\/\/www.ivoox.com\/perfil-entreculturas_a8_listener_28185270_1.html\" target=\"_blank\" rel=\"noopener\">Ivoox<\/a>, y en <a href=\"https:\/\/podcasts.apple.com\/us\/podcast\/entreculturas-voces-por-una-causa\/id1621485462\" target=\"_blank\" rel=\"noopener\">Apple Podcast<\/a>.&nbsp;<\/p>\n<p>\u00a1Acomp\u00e1\u00f1anos todas las semanas escuchando \u201cVoces por una causa\u201d!<\/p>\n","protected":false},"excerpt":{"rendered":"<p>Esta semana, en nuestro podcast semanal \u2018Voces por una Causa\u2019, la escritora Julia Navarro conversa con el reconocido periodista \u00d3scar Mijallo sobre la cobertura que est\u00e1 llevando a cabo en el conflicto de Ucrania con TVE y sobre su dilatada experiencia cubriendo zonas de conflicto.<\/p>\n","protected":false},"featured_media":6587,"template":"podcast-imagen-sin-banner","meta":{"_acf_changed":false},"categories":[7],"tags":[185],"class_list":["post-6588","podcast","type-podcast","status-publish","has-post-thumbnail","hentry","category-noticia","tag-entreculturas"],"acf":[],"yoast_head":"<!-- This site is optimized with the Yoast SEO Premium plugin v21.6 (Yoast SEO v27.5) - https:\/\/yoast.com\/product\/yoast-seo-premium-wordpress\/ -->\n<title>La voz de \u00d3scar Mijallo, enviado especial de TVE en Ucrania, en Voces por una Causa - Entreculturas<\/title>\n<meta name=\"robots\" content=\"index, follow, max-snippet:-1, max-image-preview:large, max-video-preview:-1\" \/>\n<link rel=\"canonical\" href=\"https:\/\/www.entreculturas.org\/fr\/podcast\/la-voz-de-oscar-mijallo-enviado-especial-de-tve-en-ucrania-en-voces-por-una-causa\/\" \/>\n<meta property=\"og:locale\" content=\"fr_FR\" \/>\n<meta property=\"og:type\" content=\"article\" \/>\n<meta property=\"og:title\" content=\"La voz de \u00d3scar Mijallo, enviado especial de TVE en Ucrania, en Voces por una Causa\" \/>\n<meta property=\"og:description\" content=\"Esta semana, en nuestro podcast semanal \u2018Voces por una Causa\u2019, la escritora Julia Navarro conversa con el reconocido periodista \u00d3scar Mijallo sobre la cobertura que est\u00e1 llevando a cabo en el conflicto de Ucrania con TVE y sobre su dilatada experiencia cubriendo zonas de conflicto.\" \/>\n<meta property=\"og:url\" content=\"https:\/\/www.entreculturas.org\/fr\/podcast\/la-voz-de-oscar-mijallo-enviado-especial-de-tve-en-ucrania-en-voces-por-una-causa\/\" \/>\n<meta property=\"og:site_name\" content=\"Entreculturas\" \/>\n<meta property=\"article:publisher\" content=\"https:\/\/www.facebook.com\/entreculturas\" \/>\n<meta property=\"article:modified_time\" content=\"2024-01-16T10:47:46+00:00\" \/>\n<meta property=\"og:image\" content=\"https:\/\/www.entreculturas.org\/wp-content\/uploads\/2022\/06\/oscar_mijallo_0.jpg\" \/>\n\t<meta property=\"og:image:width\" content=\"800\" \/>\n\t<meta property=\"og:image:height\" content=\"450\" \/>\n\t<meta property=\"og:image:type\" content=\"image\/jpeg\" \/>\n<meta name=\"twitter:card\" content=\"summary_large_image\" \/>\n<meta name=\"twitter:site\" content=\"@Entreculturas\" \/>\n<script type=\"application\/ld+json\" class=\"yoast-schema-graph\">{\"@context\":\"https:\\\/\\\/schema.org\",\"@graph\":[{\"@type\":\"WebPage\",\"@id\":\"https:\\\/\\\/www.entreculturas.org\\\/fr\\\/podcast\\\/la-voz-de-oscar-mijallo-enviado-especial-de-tve-en-ucrania-en-voces-por-una-causa\\\/\",\"url\":\"https:\\\/\\\/www.entreculturas.org\\\/fr\\\/podcast\\\/la-voz-de-oscar-mijallo-enviado-especial-de-tve-en-ucrania-en-voces-por-una-causa\\\/\",\"name\":\"La voz de \u00d3scar Mijallo, enviado especial de TVE en Ucrania, en Voces por una Causa - Entreculturas\",\"isPartOf\":{\"@id\":\"https:\\\/\\\/www.entreculturas.org\\\/fr\\\/#website\"},\"primaryImageOfPage\":{\"@id\":\"https:\\\/\\\/www.entreculturas.org\\\/fr\\\/podcast\\\/la-voz-de-oscar-mijallo-enviado-especial-de-tve-en-ucrania-en-voces-por-una-causa\\\/#primaryimage\"},\"image\":{\"@id\":\"https:\\\/\\\/www.entreculturas.org\\\/fr\\\/podcast\\\/la-voz-de-oscar-mijallo-enviado-especial-de-tve-en-ucrania-en-voces-por-una-causa\\\/#primaryimage\"},\"thumbnailUrl\":\"https:\\\/\\\/www.entreculturas.org\\\/wp-content\\\/uploads\\\/2022\\\/06\\\/oscar_mijallo_0.jpg\",\"datePublished\":\"2022-06-09T08:20:46+00:00\",\"dateModified\":\"2024-01-16T10:47:46+00:00\",\"breadcrumb\":{\"@id\":\"https:\\\/\\\/www.entreculturas.org\\\/fr\\\/podcast\\\/la-voz-de-oscar-mijallo-enviado-especial-de-tve-en-ucrania-en-voces-por-una-causa\\\/#breadcrumb\"},\"inLanguage\":\"fr-FR\",\"potentialAction\":[{\"@type\":\"ReadAction\",\"target\":[\"https:\\\/\\\/www.entreculturas.org\\\/fr\\\/podcast\\\/la-voz-de-oscar-mijallo-enviado-especial-de-tve-en-ucrania-en-voces-por-una-causa\\\/\"]}]},{\"@type\":\"ImageObject\",\"inLanguage\":\"fr-FR\",\"@id\":\"https:\\\/\\\/www.entreculturas.org\\\/fr\\\/podcast\\\/la-voz-de-oscar-mijallo-enviado-especial-de-tve-en-ucrania-en-voces-por-una-causa\\\/#primaryimage\",\"url\":\"https:\\\/\\\/www.entreculturas.org\\\/wp-content\\\/uploads\\\/2022\\\/06\\\/oscar_mijallo_0.jpg\",\"contentUrl\":\"https:\\\/\\\/www.entreculturas.org\\\/wp-content\\\/uploads\\\/2022\\\/06\\\/oscar_mijallo_0.jpg\",\"width\":800,\"height\":450},{\"@type\":\"BreadcrumbList\",\"@id\":\"https:\\\/\\\/www.entreculturas.org\\\/fr\\\/podcast\\\/la-voz-de-oscar-mijallo-enviado-especial-de-tve-en-ucrania-en-voces-por-una-causa\\\/#breadcrumb\",\"itemListElement\":[{\"@type\":\"ListItem\",\"position\":1,\"name\":\"Home\",\"item\":\"https:\\\/\\\/www.entreculturas.org\\\/fr\\\/\"},{\"@type\":\"ListItem\",\"position\":2,\"name\":\"Podcast Julia Navarro\",\"item\":\"https:\\\/\\\/www.entreculturas.org\\\/fr\\\/podcasts\\\/\"},{\"@type\":\"ListItem\",\"position\":3,\"name\":\"La voz de \u00d3scar Mijallo, enviado especial de TVE en Ucrania, en Voces por una Causa\"}]},{\"@type\":\"WebSite\",\"@id\":\"https:\\\/\\\/www.entreculturas.org\\\/fr\\\/#website\",\"url\":\"https:\\\/\\\/www.entreculturas.org\\\/fr\\\/\",\"name\":\"Entreculturas\",\"description\":\"\",\"publisher\":{\"@id\":\"https:\\\/\\\/www.entreculturas.org\\\/fr\\\/#organization\"},\"alternateName\":\"Entreculturas\",\"potentialAction\":[{\"@type\":\"SearchAction\",\"target\":{\"@type\":\"EntryPoint\",\"urlTemplate\":\"https:\\\/\\\/www.entreculturas.org\\\/fr\\\/?s={search_term_string}\"},\"query-input\":{\"@type\":\"PropertyValueSpecification\",\"valueRequired\":true,\"valueName\":\"search_term_string\"}}],\"inLanguage\":\"fr-FR\"},{\"@type\":\"Organization\",\"@id\":\"https:\\\/\\\/www.entreculturas.org\\\/fr\\\/#organization\",\"name\":\"Entreculturas\",\"url\":\"https:\\\/\\\/www.entreculturas.org\\\/fr\\\/\",\"logo\":{\"@type\":\"ImageObject\",\"inLanguage\":\"fr-FR\",\"@id\":\"https:\\\/\\\/www.entreculturas.org\\\/fr\\\/#\\\/schema\\\/logo\\\/image\\\/\",\"url\":\"https:\\\/\\\/www.entreculturas.org\\\/wp-content\\\/uploads\\\/2025\\\/10\\\/ESP.svg\",\"contentUrl\":\"https:\\\/\\\/www.entreculturas.org\\\/wp-content\\\/uploads\\\/2025\\\/10\\\/ESP.svg\",\"caption\":\"Entreculturas\"},\"image\":{\"@id\":\"https:\\\/\\\/www.entreculturas.org\\\/fr\\\/#\\\/schema\\\/logo\\\/image\\\/\"},\"sameAs\":[\"https:\\\/\\\/www.facebook.com\\\/entreculturas\",\"https:\\\/\\\/x.com\\\/Entreculturas\",\"https:\\\/\\\/www.instagram.com\\\/entreculturas\\\/\",\"https:\\\/\\\/www.youtube.com\\\/user\\\/entreculturasvideo\",\"https:\\\/\\\/www.linkedin.com\\\/company\\\/fundacion-entreculturas-ngdo\\\/\",\"https:\\\/\\\/www.flickr.com\\\/photos\\\/98455522@N04\\\/albums\\\/\"]}]}<\/script>\n<!-- \/ Yoast SEO Premium plugin. -->","yoast_head_json":{"title":"La voz de \u00d3scar Mijallo, enviado especial de TVE en Ucrania, en Voces por una Causa - Entreculturas","robots":{"index":"index","follow":"follow","max-snippet":"max-snippet:-1","max-image-preview":"max-image-preview:large","max-video-preview":"max-video-preview:-1"},"canonical":"https:\/\/www.entreculturas.org\/fr\/podcast\/la-voz-de-oscar-mijallo-enviado-especial-de-tve-en-ucrania-en-voces-por-una-causa\/","og_locale":"fr_FR","og_type":"article","og_title":"La voz de \u00d3scar Mijallo, enviado especial de TVE en Ucrania, en Voces por una Causa","og_description":"Esta semana, en nuestro podcast semanal \u2018Voces por una Causa\u2019, la escritora Julia Navarro conversa con el reconocido periodista \u00d3scar Mijallo sobre la cobertura que est\u00e1 llevando a cabo en el conflicto de Ucrania con TVE y sobre su dilatada experiencia cubriendo zonas de conflicto.","og_url":"https:\/\/www.entreculturas.org\/fr\/podcast\/la-voz-de-oscar-mijallo-enviado-especial-de-tve-en-ucrania-en-voces-por-una-causa\/","og_site_name":"Entreculturas","article_publisher":"https:\/\/www.facebook.com\/entreculturas","article_modified_time":"2024-01-16T10:47:46+00:00","og_image":[{"width":800,"height":450,"url":"https:\/\/www.entreculturas.org\/wp-content\/uploads\/2022\/06\/oscar_mijallo_0.jpg","type":"image\/jpeg"}],"twitter_card":"summary_large_image","twitter_site":"@Entreculturas","schema":{"@context":"https:\/\/schema.org","@graph":[{"@type":"WebPage","@id":"https:\/\/www.entreculturas.org\/fr\/podcast\/la-voz-de-oscar-mijallo-enviado-especial-de-tve-en-ucrania-en-voces-por-una-causa\/","url":"https:\/\/www.entreculturas.org\/fr\/podcast\/la-voz-de-oscar-mijallo-enviado-especial-de-tve-en-ucrania-en-voces-por-una-causa\/","name":"La voz de \u00d3scar Mijallo, enviado especial de TVE en Ucrania, en Voces por una Causa - Entreculturas","isPartOf":{"@id":"https:\/\/www.entreculturas.org\/fr\/#website"},"primaryImageOfPage":{"@id":"https:\/\/www.entreculturas.org\/fr\/podcast\/la-voz-de-oscar-mijallo-enviado-especial-de-tve-en-ucrania-en-voces-por-una-causa\/#primaryimage"},"image":{"@id":"https:\/\/www.entreculturas.org\/fr\/podcast\/la-voz-de-oscar-mijallo-enviado-especial-de-tve-en-ucrania-en-voces-por-una-causa\/#primaryimage"},"thumbnailUrl":"https:\/\/www.entreculturas.org\/wp-content\/uploads\/2022\/06\/oscar_mijallo_0.jpg","datePublished":"2022-06-09T08:20:46+00:00","dateModified":"2024-01-16T10:47:46+00:00","breadcrumb":{"@id":"https:\/\/www.entreculturas.org\/fr\/podcast\/la-voz-de-oscar-mijallo-enviado-especial-de-tve-en-ucrania-en-voces-por-una-causa\/#breadcrumb"},"inLanguage":"fr-FR","potentialAction":[{"@type":"ReadAction","target":["https:\/\/www.entreculturas.org\/fr\/podcast\/la-voz-de-oscar-mijallo-enviado-especial-de-tve-en-ucrania-en-voces-por-una-causa\/"]}]},{"@type":"ImageObject","inLanguage":"fr-FR","@id":"https:\/\/www.entreculturas.org\/fr\/podcast\/la-voz-de-oscar-mijallo-enviado-especial-de-tve-en-ucrania-en-voces-por-una-causa\/#primaryimage","url":"https:\/\/www.entreculturas.org\/wp-content\/uploads\/2022\/06\/oscar_mijallo_0.jpg","contentUrl":"https:\/\/www.entreculturas.org\/wp-content\/uploads\/2022\/06\/oscar_mijallo_0.jpg","width":800,"height":450},{"@type":"BreadcrumbList","@id":"https:\/\/www.entreculturas.org\/fr\/podcast\/la-voz-de-oscar-mijallo-enviado-especial-de-tve-en-ucrania-en-voces-por-una-causa\/#breadcrumb","itemListElement":[{"@type":"ListItem","position":1,"name":"Home","item":"https:\/\/www.entreculturas.org\/fr\/"},{"@type":"ListItem","position":2,"name":"Podcast Julia Navarro","item":"https:\/\/www.entreculturas.org\/fr\/podcasts\/"},{"@type":"ListItem","position":3,"name":"La voz de \u00d3scar Mijallo, enviado especial de TVE en Ucrania, en Voces por una Causa"}]},{"@type":"WebSite","@id":"https:\/\/www.entreculturas.org\/fr\/#website","url":"https:\/\/www.entreculturas.org\/fr\/","name":"Entreculturas","description":"","publisher":{"@id":"https:\/\/www.entreculturas.org\/fr\/#organization"},"alternateName":"Entreculturas","potentialAction":[{"@type":"SearchAction","target":{"@type":"EntryPoint","urlTemplate":"https:\/\/www.entreculturas.org\/fr\/?s={search_term_string}"},"query-input":{"@type":"PropertyValueSpecification","valueRequired":true,"valueName":"search_term_string"}}],"inLanguage":"fr-FR"},{"@type":"Organization","@id":"https:\/\/www.entreculturas.org\/fr\/#organization","name":"Entreculturas","url":"https:\/\/www.entreculturas.org\/fr\/","logo":{"@type":"ImageObject","inLanguage":"fr-FR","@id":"https:\/\/www.entreculturas.org\/fr\/#\/schema\/logo\/image\/","url":"https:\/\/www.entreculturas.org\/wp-content\/uploads\/2025\/10\/ESP.svg","contentUrl":"https:\/\/www.entreculturas.org\/wp-content\/uploads\/2025\/10\/ESP.svg","caption":"Entreculturas"},"image":{"@id":"https:\/\/www.entreculturas.org\/fr\/#\/schema\/logo\/image\/"},"sameAs":["https:\/\/www.facebook.com\/entreculturas","https:\/\/x.com\/Entreculturas","https:\/\/www.instagram.com\/entreculturas\/","https:\/\/www.youtube.com\/user\/entreculturasvideo","https:\/\/www.linkedin.com\/company\/fundacion-entreculturas-ngdo\/","https:\/\/www.flickr.com\/photos\/98455522@N04\/albums\/"]}]}},"_links":{"self":[{"href":"https:\/\/www.entreculturas.org\/fr\/wp-json\/wp\/v2\/podcast\/6588","targetHints":{"allow":["GET"]}}],"collection":[{"href":"https:\/\/www.entreculturas.org\/fr\/wp-json\/wp\/v2\/podcast"}],"about":[{"href":"https:\/\/www.entreculturas.org\/fr\/wp-json\/wp\/v2\/types\/podcast"}],"wp:featuredmedia":[{"embeddable":true,"href":"https:\/\/www.entreculturas.org\/fr\/wp-json\/wp\/v2\/media\/6587"}],"wp:attachment":[{"href":"https:\/\/www.entreculturas.org\/fr\/wp-json\/wp\/v2\/media?parent=6588"}],"wp:term":[{"taxonomy":"category","embeddable":true,"href":"https:\/\/www.entreculturas.org\/fr\/wp-json\/wp\/v2\/categories?post=6588"},{"taxonomy":"post_tag","embeddable":true,"href":"https:\/\/www.entreculturas.org\/fr\/wp-json\/wp\/v2\/tags?post=6588"}],"curies":[{"name":"wp","href":"https:\/\/api.w.org\/{rel}","templated":true}]}}