{"id":44630,"date":"2025-11-05T13:16:59","date_gmt":"2025-11-05T12:16:59","guid":{"rendered":"https:\/\/www.entreculturas.org\/?post_type=podcast&#038;p=44630"},"modified":"2025-11-13T11:14:47","modified_gmt":"2025-11-13T10:14:47","slug":"julia-navarro-podcast-ong-baimara","status":"publish","type":"podcast","link":"https:\/\/www.entreculturas.org\/fr\/podcast\/julia-navarro-podcast-ong-baimara\/","title":{"rendered":"Julia Navarro conversa con Baimara: \u00abEl arte del telar ayuda a las mujeres a creer en ellas mismas\u00bb"},"content":{"rendered":"\n<p>Esta semana, en el podcast de <a href=\"https:\/\/www.entreculturas.org\/podcast\/\">Voces por una Causa<\/a>, la escritora <strong>Julia Navarro conversa con Loreto V\u00e1zquez de la firma textil <\/strong><a href=\"https:\/\/baimara.es\/\"><strong>Baimara<\/strong><\/a><strong>, una empresa comprometida <\/strong>con el impacto social en comunidades ind\u00edgenas y rurales de Per\u00fa y que ha comenzado a colaborar con la <a href=\"https:\/\/regala.entreculturas.org\/tienda\/\">tienda online de Entreculturas<\/a>. Junto a ella Julia Navarro nos acercamos a la relaci\u00f3n entre dise\u00f1o, tradici\u00f3n y justicia social, y a c\u00f3mo el tejido puede convertirse en una herramienta de transformaci\u00f3n personal y colectiva.<\/p>\n\n\n\n<h2 class=\"wp-block-heading\" id=\"h-de-que-hablan-julia-navarro-y-loreto-vazquez\"><strong>\u00bfDe qu\u00e9 hablan Julia Navarro y Loreto V\u00e1zquez ?<\/strong><\/h2>\n\n\n\n<p>En este episodio Loreto nos habla de c\u00f3mo el arte del telar est\u00e1 cambiando la vida de muchas mujeres andinas y del papel que Baimara juega impulsando estos espacios. En palabras de Loreto, \u201cuna mujer que acude a un taller se abre una ventana a poder sanar y a crear una red de apoyo\u201d. Tambi\u00e9n se\u00f1ala que el telar <strong>\u201cEl telar ayuda a las mujeres a creer en ellas mismas<\/strong>, a sentirse \u00fatiles y a descubrir que no est\u00e1n solas\u201d.<\/p>\n\n\n\n<p>Adem\u00e1s, Loreto recalca la importancia de preservar los saberes ancestrales como un legado vivo, describiendo los talleres c\u00f3mo el lugar donde las j\u00f3venes aprenden de las mayores y contin\u00faan una tradici\u00f3n que combina historia, creatividad y resistencia cultural frente a la uniformidad de la industria global. \u201cEl telar es <strong>una se\u00f1a de identidad de las comunidades<\/strong>: algo que ha pasado de madres a hijas y de abuelas a nietas\u201d, afirma Loreto.&nbsp;<\/p>\n\n\n\n<p>Por \u00faltimo, Loreto y Julia profundizan en c\u00f3mo la <strong>belleza puede ser un motor de cambio cuando se pone al servicio del bien com\u00fan<\/strong>. Para Loreto, la est\u00e9tica y la justicia social van de la mano: \u201cMerece la pena apostar por la tradici\u00f3n, la belleza y la transformaci\u00f3n social\u201d. En su experiencia, cuando una persona crea algo bello que tiene sentido y ra\u00edces, \u201cel impacto es enorme, tanto en su vida como en la de su comunidad\u201d.<\/p>\n\n\n\n<h2 class=\"wp-block-heading\" id=\"h-que-es-voces-por-una-causa-con-julia-navarro\"><strong>\u00bfQu\u00e9 es \u2018Voces por una Causa\u2019 con Julia Navarro?<\/strong><\/h2>\n\n\n\n<p>Presentado por la escritora y periodista Julia Navarro, <a href=\"https:\/\/www.entreculturas.org\/podcast\/\"><strong>\u2018Voces por una causa\u2019<\/strong><\/a><strong> es el podcast semanal de la ONG Entreculturas<\/strong> que explora cuestiones sociales, medioambientales y culturales a trav\u00e9s de testimonios en primera persona. Los programas se emiten todos los jueves en nuestro canal de <a href=\"https:\/\/www.youtube.com\/c\/EntreculturasOrg915902672\">Youtube<\/a>, en <a href=\"https:\/\/open.spotify.com\/show\/6dS5JsqnsWrnHL1gwead1A\">Spotify<\/a>, en <a href=\"https:\/\/www.ivoox.com\/perfil-entreculturas_a8_listener_28185270_1.html\">Ivoox<\/a>, y en <a href=\"https:\/\/podcasts.apple.com\/us\/podcast\/entreculturas-voces-por-una-causa\/id1621485462\">Apple Podcast<\/a>.<\/p>\n\n\n\n<p><\/p>\n","protected":false},"excerpt":{"rendered":"<p>Esta semana, en el podcast de Voces por una Causa, la escritora Julia Navarro conversa con Loreto V\u00e1zquez de la firma textil Baimara, una empresa comprometida con el impacto social en comunidades ind\u00edgenas y rurales de Per\u00fa y que ha comenzado a colaborar con la tienda online de Entreculturas. Junto a ella Julia Navarro nos acercamos a la relaci\u00f3n entre dise\u00f1o, tradici\u00f3n y justicia social, y a c\u00f3mo el tejido puede convertirse en una herramienta de transformaci\u00f3n personal y colectiva. \u00bfDe qu\u00e9 hablan Julia Navarro y Loreto V\u00e1zquez ? En este episodio Loreto nos habla de c\u00f3mo el arte del telar est\u00e1 cambiando la vida de muchas mujeres andinas y del papel que Baimara juega impulsando estos espacios. En palabras de Loreto, \u201cuna mujer que acude a un taller se abre una ventana a poder sanar y a crear una red de apoyo\u201d. Tambi\u00e9n se\u00f1ala que el telar \u201cEl telar [&hellip;]<\/p>\n","protected":false},"featured_media":44633,"template":"","meta":{"_acf_changed":false},"categories":[],"tags":[],"class_list":["post-44630","podcast","type-podcast","status-publish","has-post-thumbnail","hentry"],"acf":[],"yoast_head":"<!-- This site is optimized with the Yoast SEO Premium plugin v21.6 (Yoast SEO v27.5) - https:\/\/yoast.com\/product\/yoast-seo-premium-wordpress\/ -->\n<title>Julia Navarro habla sobre Baimara con Loreto V\u00e1zquez<\/title>\n<meta name=\"description\" content=\"La escritora habla con Loreto V\u00e1zquez de la firma textil Baimara, empresa comprometida con el impacto social en comunidades ind\u00edgenas de Per\u00fa.\" \/>\n<meta name=\"robots\" content=\"index, follow, max-snippet:-1, max-image-preview:large, max-video-preview:-1\" \/>\n<link rel=\"canonical\" href=\"https:\/\/www.entreculturas.org\/fr\/podcast\/julia-navarro-podcast-ong-baimara\/\" \/>\n<meta property=\"og:locale\" content=\"fr_FR\" \/>\n<meta property=\"og:type\" content=\"article\" \/>\n<meta property=\"og:title\" content=\"Julia Navarro conversa con Baimara: \u00abEl arte del telar ayuda a las mujeres a creer en ellas mismas\u00bb\" \/>\n<meta property=\"og:description\" content=\"La escritora habla con Loreto V\u00e1zquez de la firma textil Baimara, empresa comprometida con el impacto social en comunidades ind\u00edgenas de Per\u00fa.\" \/>\n<meta property=\"og:url\" content=\"https:\/\/www.entreculturas.org\/fr\/podcast\/julia-navarro-podcast-ong-baimara\/\" \/>\n<meta property=\"og:site_name\" content=\"Entreculturas\" \/>\n<meta property=\"article:publisher\" content=\"https:\/\/www.facebook.com\/entreculturas\" \/>\n<meta property=\"article:modified_time\" content=\"2025-11-13T10:14:47+00:00\" \/>\n<meta property=\"og:image\" content=\"https:\/\/www.entreculturas.org\/wp-content\/uploads\/2025\/11\/Somos.jpg\" \/>\n\t<meta property=\"og:image:width\" content=\"800\" \/>\n\t<meta property=\"og:image:height\" content=\"533\" \/>\n\t<meta property=\"og:image:type\" content=\"image\/jpeg\" \/>\n<meta name=\"twitter:card\" content=\"summary_large_image\" \/>\n<meta name=\"twitter:site\" content=\"@Entreculturas\" \/>\n<script type=\"application\/ld+json\" class=\"yoast-schema-graph\">{\"@context\":\"https:\\\/\\\/schema.org\",\"@graph\":[{\"@type\":\"WebPage\",\"@id\":\"https:\\\/\\\/www.entreculturas.org\\\/fr\\\/podcast\\\/julia-navarro-podcast-ong-baimara\\\/\",\"url\":\"https:\\\/\\\/www.entreculturas.org\\\/fr\\\/podcast\\\/julia-navarro-podcast-ong-baimara\\\/\",\"name\":\"Julia Navarro habla sobre Baimara con Loreto V\u00e1zquez\",\"isPartOf\":{\"@id\":\"https:\\\/\\\/www.entreculturas.org\\\/fr\\\/#website\"},\"primaryImageOfPage\":{\"@id\":\"https:\\\/\\\/www.entreculturas.org\\\/fr\\\/podcast\\\/julia-navarro-podcast-ong-baimara\\\/#primaryimage\"},\"image\":{\"@id\":\"https:\\\/\\\/www.entreculturas.org\\\/fr\\\/podcast\\\/julia-navarro-podcast-ong-baimara\\\/#primaryimage\"},\"thumbnailUrl\":\"https:\\\/\\\/www.entreculturas.org\\\/wp-content\\\/uploads\\\/2025\\\/11\\\/Somos.jpg\",\"datePublished\":\"2025-11-05T12:16:59+00:00\",\"dateModified\":\"2025-11-13T10:14:47+00:00\",\"description\":\"La escritora habla con Loreto V\u00e1zquez de la firma textil Baimara, empresa comprometida con el impacto social en comunidades ind\u00edgenas de Per\u00fa.\",\"breadcrumb\":{\"@id\":\"https:\\\/\\\/www.entreculturas.org\\\/fr\\\/podcast\\\/julia-navarro-podcast-ong-baimara\\\/#breadcrumb\"},\"inLanguage\":\"fr-FR\",\"potentialAction\":[{\"@type\":\"ReadAction\",\"target\":[\"https:\\\/\\\/www.entreculturas.org\\\/fr\\\/podcast\\\/julia-navarro-podcast-ong-baimara\\\/\"]}]},{\"@type\":\"ImageObject\",\"inLanguage\":\"fr-FR\",\"@id\":\"https:\\\/\\\/www.entreculturas.org\\\/fr\\\/podcast\\\/julia-navarro-podcast-ong-baimara\\\/#primaryimage\",\"url\":\"https:\\\/\\\/www.entreculturas.org\\\/wp-content\\\/uploads\\\/2025\\\/11\\\/Somos.jpg\",\"contentUrl\":\"https:\\\/\\\/www.entreculturas.org\\\/wp-content\\\/uploads\\\/2025\\\/11\\\/Somos.jpg\",\"width\":800,\"height\":533,\"caption\":\"Julia Navarro conversa con Baimara: \u00abEl arte del telar ayuda a las mujeres a creer en ellas mismas\u00bb\"},{\"@type\":\"BreadcrumbList\",\"@id\":\"https:\\\/\\\/www.entreculturas.org\\\/fr\\\/podcast\\\/julia-navarro-podcast-ong-baimara\\\/#breadcrumb\",\"itemListElement\":[{\"@type\":\"ListItem\",\"position\":1,\"name\":\"Home\",\"item\":\"https:\\\/\\\/www.entreculturas.org\\\/fr\\\/\"},{\"@type\":\"ListItem\",\"position\":2,\"name\":\"Podcast Julia Navarro\",\"item\":\"https:\\\/\\\/www.entreculturas.org\\\/fr\\\/podcasts\\\/\"},{\"@type\":\"ListItem\",\"position\":3,\"name\":\"Julia Navarro conversa con Baimara: \u00abEl arte del telar ayuda a las mujeres a creer en ellas mismas\u00bb\"}]},{\"@type\":\"WebSite\",\"@id\":\"https:\\\/\\\/www.entreculturas.org\\\/fr\\\/#website\",\"url\":\"https:\\\/\\\/www.entreculturas.org\\\/fr\\\/\",\"name\":\"Entreculturas\",\"description\":\"\",\"publisher\":{\"@id\":\"https:\\\/\\\/www.entreculturas.org\\\/fr\\\/#organization\"},\"alternateName\":\"Entreculturas\",\"potentialAction\":[{\"@type\":\"SearchAction\",\"target\":{\"@type\":\"EntryPoint\",\"urlTemplate\":\"https:\\\/\\\/www.entreculturas.org\\\/fr\\\/?s={search_term_string}\"},\"query-input\":{\"@type\":\"PropertyValueSpecification\",\"valueRequired\":true,\"valueName\":\"search_term_string\"}}],\"inLanguage\":\"fr-FR\"},{\"@type\":\"Organization\",\"@id\":\"https:\\\/\\\/www.entreculturas.org\\\/fr\\\/#organization\",\"name\":\"Entreculturas\",\"url\":\"https:\\\/\\\/www.entreculturas.org\\\/fr\\\/\",\"logo\":{\"@type\":\"ImageObject\",\"inLanguage\":\"fr-FR\",\"@id\":\"https:\\\/\\\/www.entreculturas.org\\\/fr\\\/#\\\/schema\\\/logo\\\/image\\\/\",\"url\":\"https:\\\/\\\/www.entreculturas.org\\\/wp-content\\\/uploads\\\/2025\\\/10\\\/ESP.svg\",\"contentUrl\":\"https:\\\/\\\/www.entreculturas.org\\\/wp-content\\\/uploads\\\/2025\\\/10\\\/ESP.svg\",\"caption\":\"Entreculturas\"},\"image\":{\"@id\":\"https:\\\/\\\/www.entreculturas.org\\\/fr\\\/#\\\/schema\\\/logo\\\/image\\\/\"},\"sameAs\":[\"https:\\\/\\\/www.facebook.com\\\/entreculturas\",\"https:\\\/\\\/x.com\\\/Entreculturas\",\"https:\\\/\\\/www.instagram.com\\\/entreculturas\\\/\",\"https:\\\/\\\/www.youtube.com\\\/user\\\/entreculturasvideo\",\"https:\\\/\\\/www.linkedin.com\\\/company\\\/fundacion-entreculturas-ngdo\\\/\",\"https:\\\/\\\/www.flickr.com\\\/photos\\\/98455522@N04\\\/albums\\\/\"]}]}<\/script>\n<!-- \/ Yoast SEO Premium plugin. -->","yoast_head_json":{"title":"Julia Navarro habla sobre Baimara con Loreto V\u00e1zquez","description":"La escritora habla con Loreto V\u00e1zquez de la firma textil Baimara, empresa comprometida con el impacto social en comunidades ind\u00edgenas de Per\u00fa.","robots":{"index":"index","follow":"follow","max-snippet":"max-snippet:-1","max-image-preview":"max-image-preview:large","max-video-preview":"max-video-preview:-1"},"canonical":"https:\/\/www.entreculturas.org\/fr\/podcast\/julia-navarro-podcast-ong-baimara\/","og_locale":"fr_FR","og_type":"article","og_title":"Julia Navarro conversa con Baimara: \u00abEl arte del telar ayuda a las mujeres a creer en ellas mismas\u00bb","og_description":"La escritora habla con Loreto V\u00e1zquez de la firma textil Baimara, empresa comprometida con el impacto social en comunidades ind\u00edgenas de Per\u00fa.","og_url":"https:\/\/www.entreculturas.org\/fr\/podcast\/julia-navarro-podcast-ong-baimara\/","og_site_name":"Entreculturas","article_publisher":"https:\/\/www.facebook.com\/entreculturas","article_modified_time":"2025-11-13T10:14:47+00:00","og_image":[{"width":800,"height":533,"url":"https:\/\/www.entreculturas.org\/wp-content\/uploads\/2025\/11\/Somos.jpg","type":"image\/jpeg"}],"twitter_card":"summary_large_image","twitter_site":"@Entreculturas","schema":{"@context":"https:\/\/schema.org","@graph":[{"@type":"WebPage","@id":"https:\/\/www.entreculturas.org\/fr\/podcast\/julia-navarro-podcast-ong-baimara\/","url":"https:\/\/www.entreculturas.org\/fr\/podcast\/julia-navarro-podcast-ong-baimara\/","name":"Julia Navarro habla sobre Baimara con Loreto V\u00e1zquez","isPartOf":{"@id":"https:\/\/www.entreculturas.org\/fr\/#website"},"primaryImageOfPage":{"@id":"https:\/\/www.entreculturas.org\/fr\/podcast\/julia-navarro-podcast-ong-baimara\/#primaryimage"},"image":{"@id":"https:\/\/www.entreculturas.org\/fr\/podcast\/julia-navarro-podcast-ong-baimara\/#primaryimage"},"thumbnailUrl":"https:\/\/www.entreculturas.org\/wp-content\/uploads\/2025\/11\/Somos.jpg","datePublished":"2025-11-05T12:16:59+00:00","dateModified":"2025-11-13T10:14:47+00:00","description":"La escritora habla con Loreto V\u00e1zquez de la firma textil Baimara, empresa comprometida con el impacto social en comunidades ind\u00edgenas de Per\u00fa.","breadcrumb":{"@id":"https:\/\/www.entreculturas.org\/fr\/podcast\/julia-navarro-podcast-ong-baimara\/#breadcrumb"},"inLanguage":"fr-FR","potentialAction":[{"@type":"ReadAction","target":["https:\/\/www.entreculturas.org\/fr\/podcast\/julia-navarro-podcast-ong-baimara\/"]}]},{"@type":"ImageObject","inLanguage":"fr-FR","@id":"https:\/\/www.entreculturas.org\/fr\/podcast\/julia-navarro-podcast-ong-baimara\/#primaryimage","url":"https:\/\/www.entreculturas.org\/wp-content\/uploads\/2025\/11\/Somos.jpg","contentUrl":"https:\/\/www.entreculturas.org\/wp-content\/uploads\/2025\/11\/Somos.jpg","width":800,"height":533,"caption":"Julia Navarro conversa con Baimara: \u00abEl arte del telar ayuda a las mujeres a creer en ellas mismas\u00bb"},{"@type":"BreadcrumbList","@id":"https:\/\/www.entreculturas.org\/fr\/podcast\/julia-navarro-podcast-ong-baimara\/#breadcrumb","itemListElement":[{"@type":"ListItem","position":1,"name":"Home","item":"https:\/\/www.entreculturas.org\/fr\/"},{"@type":"ListItem","position":2,"name":"Podcast Julia Navarro","item":"https:\/\/www.entreculturas.org\/fr\/podcasts\/"},{"@type":"ListItem","position":3,"name":"Julia Navarro conversa con Baimara: \u00abEl arte del telar ayuda a las mujeres a creer en ellas mismas\u00bb"}]},{"@type":"WebSite","@id":"https:\/\/www.entreculturas.org\/fr\/#website","url":"https:\/\/www.entreculturas.org\/fr\/","name":"Entreculturas","description":"","publisher":{"@id":"https:\/\/www.entreculturas.org\/fr\/#organization"},"alternateName":"Entreculturas","potentialAction":[{"@type":"SearchAction","target":{"@type":"EntryPoint","urlTemplate":"https:\/\/www.entreculturas.org\/fr\/?s={search_term_string}"},"query-input":{"@type":"PropertyValueSpecification","valueRequired":true,"valueName":"search_term_string"}}],"inLanguage":"fr-FR"},{"@type":"Organization","@id":"https:\/\/www.entreculturas.org\/fr\/#organization","name":"Entreculturas","url":"https:\/\/www.entreculturas.org\/fr\/","logo":{"@type":"ImageObject","inLanguage":"fr-FR","@id":"https:\/\/www.entreculturas.org\/fr\/#\/schema\/logo\/image\/","url":"https:\/\/www.entreculturas.org\/wp-content\/uploads\/2025\/10\/ESP.svg","contentUrl":"https:\/\/www.entreculturas.org\/wp-content\/uploads\/2025\/10\/ESP.svg","caption":"Entreculturas"},"image":{"@id":"https:\/\/www.entreculturas.org\/fr\/#\/schema\/logo\/image\/"},"sameAs":["https:\/\/www.facebook.com\/entreculturas","https:\/\/x.com\/Entreculturas","https:\/\/www.instagram.com\/entreculturas\/","https:\/\/www.youtube.com\/user\/entreculturasvideo","https:\/\/www.linkedin.com\/company\/fundacion-entreculturas-ngdo\/","https:\/\/www.flickr.com\/photos\/98455522@N04\/albums\/"]}]}},"_links":{"self":[{"href":"https:\/\/www.entreculturas.org\/fr\/wp-json\/wp\/v2\/podcast\/44630","targetHints":{"allow":["GET"]}}],"collection":[{"href":"https:\/\/www.entreculturas.org\/fr\/wp-json\/wp\/v2\/podcast"}],"about":[{"href":"https:\/\/www.entreculturas.org\/fr\/wp-json\/wp\/v2\/types\/podcast"}],"wp:featuredmedia":[{"embeddable":true,"href":"https:\/\/www.entreculturas.org\/fr\/wp-json\/wp\/v2\/media\/44633"}],"wp:attachment":[{"href":"https:\/\/www.entreculturas.org\/fr\/wp-json\/wp\/v2\/media?parent=44630"}],"wp:term":[{"taxonomy":"category","embeddable":true,"href":"https:\/\/www.entreculturas.org\/fr\/wp-json\/wp\/v2\/categories?post=44630"},{"taxonomy":"post_tag","embeddable":true,"href":"https:\/\/www.entreculturas.org\/fr\/wp-json\/wp\/v2\/tags?post=44630"}],"curies":[{"name":"wp","href":"https:\/\/api.w.org\/{rel}","templated":true}]}}