{"id":39205,"date":"2025-05-29T11:22:00","date_gmt":"2025-05-29T09:22:00","guid":{"rendered":"https:\/\/www.entreculturas.org\/?post_type=podcast&#038;p=39205"},"modified":"2025-05-29T12:15:52","modified_gmt":"2025-05-29T10:15:52","slug":"julia-navarro-podcast-ong-entreculturas-higiene-menstrual","status":"publish","type":"podcast","link":"https:\/\/www.entreculturas.org\/fr\/podcast\/julia-navarro-podcast-ong-entreculturas-higiene-menstrual\/","title":{"rendered":"\u00ab\u00a0Hay que visibilizar lo importante que es la higiene menstrual\u00a0\u00bb"},"content":{"rendered":"\n<p>Esta semana, en el podcast de <a href=\"https:\/\/www.entreculturas.org\/podcast\/\">Voces por una Causa<\/a>, la escritora <strong>Julia Navarro conversa con In\u00e9s Ramos, t\u00e9cnica del \u00c1rea de Cooperaci\u00f3n Internacional en <\/strong><a href=\"https:\/\/ongawa.org\/\"><strong>ONGAWA<\/strong><\/a><strong>. <\/strong>Con ella, nos acercamos a la importancia de la higiene menstrual y de los desaf\u00edos a los que se enfrentan millones de ni\u00f1as y mujeres en el mundo para llevarlo a cabo en condiciones dignas y seguras, con motivo del D\u00eda Internacional de la Higiene Menstrual, que se celebra cada 28 de mayo.<\/p>\n\n\n\n<h2 class=\"wp-block-heading\" id=\"h-de-que-nos-habla-ines-ramos-en-el-episodio\"><strong>\u00bfDe qu\u00e9 nos habla In\u00e9s Ramos en el episodio?<\/strong><\/h2>\n\n\n\n<p>En este episodio, In\u00e9s Ramos nos habla del enorme alcance que tiene la higiene menstrual en el mundo y del impacto que tiene. Subraya que no se trata de una cuesti\u00f3n puntual ni marginal, sino de una realidad compartida por cientos de millones de personas cada d\u00eda. Como recuerda In\u00e9s:<strong> \u201cM\u00e1s de 800 millones de mujeres y de ni\u00f1as menstr\u00faan al d\u00eda\u201d<\/strong>. Con esta cifra, nos interpela sobre la urgencia de que los derechos relacionados con la menstruaci\u00f3n se reivindiquen como una cuesti\u00f3n de justicia social, de derechos y de salud p\u00fablica.<\/p>\n\n\n\n<p>Adem\u00e1s, Ramos recalca que una parte significativa de esas mujeres y ni\u00f1as no cuenta con instalaciones adecuadas para gestionar su menstruaci\u00f3n de manera saludable. Esa carencia no solo pone en riesgo su bienestar f\u00edsico, sino que las expone a violencias, estigmas, abandono escolar y perpetuaci\u00f3n de ciclos de desigualdad. En palabras de In\u00e9s: <strong>\u201cHay 500 millones de mujeres y ni\u00f1as que no tienen condiciones adecuadas <\/strong>para poder gestionar su higiene menstrual. Un dato que muestra el v\u00ednculo entre menstruaci\u00f3n, pobreza y exclusi\u00f3n social\u201d.<\/p>\n\n\n\n<p>Por \u00faltimo, In\u00e9s y Julia profundizan en las <strong>consecuencias de esta situaci\u00f3n para la vida escolar de las ni\u00f1as<\/strong>, en especial en contextos de vulnerabilidad. Tal como explica In\u00e9s, si las condiciones no se dan, el impacto es directo sobre el derecho a la educaci\u00f3n: \u201cSi no hay agua y si no hay instalaciones correctas, privadas, que sean seguras [\u2026] ellas no pueden ir a la escuela\u201d. Una afirmaci\u00f3n que deja claro que la ausencia forzada de higiene menstrual se convierte en un obst\u00e1culo para el desarrollo personal de miles de ni\u00f1as en el mundo.<\/p>\n\n\n\n<h2 class=\"wp-block-heading\" id=\"h-que-es-voces-por-una-causa-con-julia-navarro\"><strong>\u00bfQu\u00e9 es \u2018Voces por una Causa\u2019 con Julia Navarro?<\/strong><\/h2>\n\n\n\n<p>Presentado por la escritora y periodista Julia Navarro, <a href=\"https:\/\/www.entreculturas.org\/podcast\/\"><strong>\u2018Voces por una causa\u2019<\/strong><\/a><strong> es el podcast semanal de la ONG Entreculturas<\/strong> que explora cuestiones sociales, medioambientales y culturales a trav\u00e9s de testimonios en primera persona. Los programas se emiten todos los jueves en nuestro canal de <a href=\"https:\/\/www.youtube.com\/c\/EntreculturasOrg915902672\">Youtube<\/a>, en <a href=\"https:\/\/open.spotify.com\/show\/6dS5JsqnsWrnHL1gwead1A\">Spotify<\/a>, en <a href=\"https:\/\/www.ivoox.com\/perfil-entreculturas_a8_listener_28185270_1.html\">Ivoox<\/a>, y en <a href=\"https:\/\/podcasts.apple.com\/us\/podcast\/entreculturas-voces-por-una-causa\/id1621485462\">Apple Podcast<\/a>.<\/p>\n\n\n\n<iframe style=\"border-radius:12px\" src=\"https:\/\/open.spotify.com\/embed\/episode\/2gmVQJwzSo18evwc3q6dXD?utm_source=generator\" width=\"100%\" height=\"352\" frameBorder=\"0\" allowfullscreen=\"\" allow=\"autoplay; clipboard-write; encrypted-media; fullscreen; picture-in-picture\" loading=\"lazy\"><\/iframe>\n","protected":false},"excerpt":{"rendered":"<p>Esta semana, en el podcast de Voces por una Causa, la escritora Julia Navarro conversa con In\u00e9s Ramos, t\u00e9cnica del \u00c1rea de Cooperaci\u00f3n Internacional en ONGAWA. Con ella, nos acercamos a la importancia de la higiene menstrual y de los desaf\u00edos a los que se enfrentan millones de ni\u00f1as y mujeres en el mundo para llevarlo a cabo en condiciones dignas y seguras, con motivo del D\u00eda Internacional de la Higiene Menstrual, que se celebra cada 28 de mayo. \u00bfDe qu\u00e9 nos habla In\u00e9s Ramos en el episodio? En este episodio, In\u00e9s Ramos nos habla del enorme alcance que tiene la higiene menstrual en el mundo y del impacto que tiene. Subraya que no se trata de una cuesti\u00f3n puntual ni marginal, sino de una realidad compartida por cientos de millones de personas cada d\u00eda. Como recuerda In\u00e9s: \u201cM\u00e1s de 800 millones de mujeres y de ni\u00f1as menstr\u00faan al d\u00eda\u201d. [&hellip;]<\/p>\n","protected":false},"featured_media":39252,"template":"","meta":{"_acf_changed":false},"categories":[],"tags":[],"class_list":["post-39205","podcast","type-podcast","status-publish","has-post-thumbnail","hentry"],"acf":[],"yoast_head":"<!-- This site is optimized with the Yoast SEO Premium plugin v21.6 (Yoast SEO v27.5) - https:\/\/yoast.com\/product\/yoast-seo-premium-wordpress\/ -->\n<title>Julia Navarro habla sobre el D\u00eda Mundial de la Higiene Menstrual<\/title>\n<meta name=\"description\" content=\"Julia Navarro conversa con In\u00e9s Ramos, t\u00e9cnica del \u00c1rea de Cooperaci\u00f3n de ONGAWA, con motivo del D\u00eda Mundial de la Higiene Menstrual.\" \/>\n<meta name=\"robots\" content=\"index, follow, max-snippet:-1, max-image-preview:large, max-video-preview:-1\" \/>\n<link rel=\"canonical\" href=\"https:\/\/www.entreculturas.org\/fr\/podcast\/julia-navarro-podcast-ong-entreculturas-higiene-menstrual\/\" \/>\n<meta property=\"og:locale\" content=\"fr_FR\" \/>\n<meta property=\"og:type\" content=\"article\" \/>\n<meta property=\"og:title\" content=\"&quot;Hay que visibilizar lo importante que es la higiene menstrual&quot;\" \/>\n<meta property=\"og:description\" content=\"Julia Navarro conversa con In\u00e9s Ramos, t\u00e9cnica del \u00c1rea de Cooperaci\u00f3n de ONGAWA, con motivo del D\u00eda Mundial de la Higiene Menstrual.\" \/>\n<meta property=\"og:url\" content=\"https:\/\/www.entreculturas.org\/fr\/podcast\/julia-navarro-podcast-ong-entreculturas-higiene-menstrual\/\" \/>\n<meta property=\"og:site_name\" content=\"Entreculturas\" \/>\n<meta property=\"article:publisher\" content=\"https:\/\/www.facebook.com\/entreculturas\" \/>\n<meta property=\"article:modified_time\" content=\"2025-05-29T10:15:52+00:00\" \/>\n<meta property=\"og:image\" content=\"https:\/\/www.entreculturas.org\/wp-content\/uploads\/2025\/05\/Web-Ines-Editada.jpg\" \/>\n\t<meta property=\"og:image:width\" content=\"800\" \/>\n\t<meta property=\"og:image:height\" content=\"533\" \/>\n\t<meta property=\"og:image:type\" content=\"image\/jpeg\" \/>\n<meta name=\"twitter:card\" content=\"summary_large_image\" \/>\n<meta name=\"twitter:site\" content=\"@Entreculturas\" \/>\n<script type=\"application\/ld+json\" class=\"yoast-schema-graph\">{\"@context\":\"https:\\\/\\\/schema.org\",\"@graph\":[{\"@type\":\"WebPage\",\"@id\":\"https:\\\/\\\/www.entreculturas.org\\\/fr\\\/podcast\\\/julia-navarro-podcast-ong-entreculturas-higiene-menstrual\\\/\",\"url\":\"https:\\\/\\\/www.entreculturas.org\\\/fr\\\/podcast\\\/julia-navarro-podcast-ong-entreculturas-higiene-menstrual\\\/\",\"name\":\"Julia Navarro habla sobre el D\u00eda Mundial de la Higiene Menstrual\",\"isPartOf\":{\"@id\":\"https:\\\/\\\/www.entreculturas.org\\\/fr\\\/#website\"},\"primaryImageOfPage\":{\"@id\":\"https:\\\/\\\/www.entreculturas.org\\\/fr\\\/podcast\\\/julia-navarro-podcast-ong-entreculturas-higiene-menstrual\\\/#primaryimage\"},\"image\":{\"@id\":\"https:\\\/\\\/www.entreculturas.org\\\/fr\\\/podcast\\\/julia-navarro-podcast-ong-entreculturas-higiene-menstrual\\\/#primaryimage\"},\"thumbnailUrl\":\"https:\\\/\\\/www.entreculturas.org\\\/wp-content\\\/uploads\\\/2025\\\/05\\\/Web-Ines-Editada.jpg\",\"datePublished\":\"2025-05-29T09:22:00+00:00\",\"dateModified\":\"2025-05-29T10:15:52+00:00\",\"description\":\"Julia Navarro conversa con In\u00e9s Ramos, t\u00e9cnica del \u00c1rea de Cooperaci\u00f3n de ONGAWA, con motivo del D\u00eda Mundial de la Higiene Menstrual.\",\"breadcrumb\":{\"@id\":\"https:\\\/\\\/www.entreculturas.org\\\/fr\\\/podcast\\\/julia-navarro-podcast-ong-entreculturas-higiene-menstrual\\\/#breadcrumb\"},\"inLanguage\":\"fr-FR\",\"potentialAction\":[{\"@type\":\"ReadAction\",\"target\":[\"https:\\\/\\\/www.entreculturas.org\\\/fr\\\/podcast\\\/julia-navarro-podcast-ong-entreculturas-higiene-menstrual\\\/\"]}]},{\"@type\":\"ImageObject\",\"inLanguage\":\"fr-FR\",\"@id\":\"https:\\\/\\\/www.entreculturas.org\\\/fr\\\/podcast\\\/julia-navarro-podcast-ong-entreculturas-higiene-menstrual\\\/#primaryimage\",\"url\":\"https:\\\/\\\/www.entreculturas.org\\\/wp-content\\\/uploads\\\/2025\\\/05\\\/Web-Ines-Editada.jpg\",\"contentUrl\":\"https:\\\/\\\/www.entreculturas.org\\\/wp-content\\\/uploads\\\/2025\\\/05\\\/Web-Ines-Editada.jpg\",\"width\":800,\"height\":533,\"caption\":\"Julia Navarro\"},{\"@type\":\"BreadcrumbList\",\"@id\":\"https:\\\/\\\/www.entreculturas.org\\\/fr\\\/podcast\\\/julia-navarro-podcast-ong-entreculturas-higiene-menstrual\\\/#breadcrumb\",\"itemListElement\":[{\"@type\":\"ListItem\",\"position\":1,\"name\":\"Home\",\"item\":\"https:\\\/\\\/www.entreculturas.org\\\/fr\\\/\"},{\"@type\":\"ListItem\",\"position\":2,\"name\":\"Podcast Julia Navarro\",\"item\":\"https:\\\/\\\/www.entreculturas.org\\\/fr\\\/podcasts\\\/\"},{\"@type\":\"ListItem\",\"position\":3,\"name\":\"\u00ab\u00a0Hay que visibilizar lo importante que es la higiene menstrual\u00a0\u00bb\"}]},{\"@type\":\"WebSite\",\"@id\":\"https:\\\/\\\/www.entreculturas.org\\\/fr\\\/#website\",\"url\":\"https:\\\/\\\/www.entreculturas.org\\\/fr\\\/\",\"name\":\"Entreculturas\",\"description\":\"\",\"publisher\":{\"@id\":\"https:\\\/\\\/www.entreculturas.org\\\/fr\\\/#organization\"},\"alternateName\":\"Entreculturas\",\"potentialAction\":[{\"@type\":\"SearchAction\",\"target\":{\"@type\":\"EntryPoint\",\"urlTemplate\":\"https:\\\/\\\/www.entreculturas.org\\\/fr\\\/?s={search_term_string}\"},\"query-input\":{\"@type\":\"PropertyValueSpecification\",\"valueRequired\":true,\"valueName\":\"search_term_string\"}}],\"inLanguage\":\"fr-FR\"},{\"@type\":\"Organization\",\"@id\":\"https:\\\/\\\/www.entreculturas.org\\\/fr\\\/#organization\",\"name\":\"Entreculturas\",\"url\":\"https:\\\/\\\/www.entreculturas.org\\\/fr\\\/\",\"logo\":{\"@type\":\"ImageObject\",\"inLanguage\":\"fr-FR\",\"@id\":\"https:\\\/\\\/www.entreculturas.org\\\/fr\\\/#\\\/schema\\\/logo\\\/image\\\/\",\"url\":\"https:\\\/\\\/www.entreculturas.org\\\/wp-content\\\/uploads\\\/2025\\\/10\\\/ESP.svg\",\"contentUrl\":\"https:\\\/\\\/www.entreculturas.org\\\/wp-content\\\/uploads\\\/2025\\\/10\\\/ESP.svg\",\"caption\":\"Entreculturas\"},\"image\":{\"@id\":\"https:\\\/\\\/www.entreculturas.org\\\/fr\\\/#\\\/schema\\\/logo\\\/image\\\/\"},\"sameAs\":[\"https:\\\/\\\/www.facebook.com\\\/entreculturas\",\"https:\\\/\\\/x.com\\\/Entreculturas\",\"https:\\\/\\\/www.instagram.com\\\/entreculturas\\\/\",\"https:\\\/\\\/www.youtube.com\\\/user\\\/entreculturasvideo\",\"https:\\\/\\\/www.linkedin.com\\\/company\\\/fundacion-entreculturas-ngdo\\\/\",\"https:\\\/\\\/www.flickr.com\\\/photos\\\/98455522@N04\\\/albums\\\/\"]}]}<\/script>\n<!-- \/ Yoast SEO Premium plugin. -->","yoast_head_json":{"title":"Julia Navarro habla sobre el D\u00eda Mundial de la Higiene Menstrual","description":"Julia Navarro conversa con In\u00e9s Ramos, t\u00e9cnica del \u00c1rea de Cooperaci\u00f3n de ONGAWA, con motivo del D\u00eda Mundial de la Higiene Menstrual.","robots":{"index":"index","follow":"follow","max-snippet":"max-snippet:-1","max-image-preview":"max-image-preview:large","max-video-preview":"max-video-preview:-1"},"canonical":"https:\/\/www.entreculturas.org\/fr\/podcast\/julia-navarro-podcast-ong-entreculturas-higiene-menstrual\/","og_locale":"fr_FR","og_type":"article","og_title":"\"Hay que visibilizar lo importante que es la higiene menstrual\"","og_description":"Julia Navarro conversa con In\u00e9s Ramos, t\u00e9cnica del \u00c1rea de Cooperaci\u00f3n de ONGAWA, con motivo del D\u00eda Mundial de la Higiene Menstrual.","og_url":"https:\/\/www.entreculturas.org\/fr\/podcast\/julia-navarro-podcast-ong-entreculturas-higiene-menstrual\/","og_site_name":"Entreculturas","article_publisher":"https:\/\/www.facebook.com\/entreculturas","article_modified_time":"2025-05-29T10:15:52+00:00","og_image":[{"width":800,"height":533,"url":"https:\/\/www.entreculturas.org\/wp-content\/uploads\/2025\/05\/Web-Ines-Editada.jpg","type":"image\/jpeg"}],"twitter_card":"summary_large_image","twitter_site":"@Entreculturas","schema":{"@context":"https:\/\/schema.org","@graph":[{"@type":"WebPage","@id":"https:\/\/www.entreculturas.org\/fr\/podcast\/julia-navarro-podcast-ong-entreculturas-higiene-menstrual\/","url":"https:\/\/www.entreculturas.org\/fr\/podcast\/julia-navarro-podcast-ong-entreculturas-higiene-menstrual\/","name":"Julia Navarro habla sobre el D\u00eda Mundial de la Higiene Menstrual","isPartOf":{"@id":"https:\/\/www.entreculturas.org\/fr\/#website"},"primaryImageOfPage":{"@id":"https:\/\/www.entreculturas.org\/fr\/podcast\/julia-navarro-podcast-ong-entreculturas-higiene-menstrual\/#primaryimage"},"image":{"@id":"https:\/\/www.entreculturas.org\/fr\/podcast\/julia-navarro-podcast-ong-entreculturas-higiene-menstrual\/#primaryimage"},"thumbnailUrl":"https:\/\/www.entreculturas.org\/wp-content\/uploads\/2025\/05\/Web-Ines-Editada.jpg","datePublished":"2025-05-29T09:22:00+00:00","dateModified":"2025-05-29T10:15:52+00:00","description":"Julia Navarro conversa con In\u00e9s Ramos, t\u00e9cnica del \u00c1rea de Cooperaci\u00f3n de ONGAWA, con motivo del D\u00eda Mundial de la Higiene Menstrual.","breadcrumb":{"@id":"https:\/\/www.entreculturas.org\/fr\/podcast\/julia-navarro-podcast-ong-entreculturas-higiene-menstrual\/#breadcrumb"},"inLanguage":"fr-FR","potentialAction":[{"@type":"ReadAction","target":["https:\/\/www.entreculturas.org\/fr\/podcast\/julia-navarro-podcast-ong-entreculturas-higiene-menstrual\/"]}]},{"@type":"ImageObject","inLanguage":"fr-FR","@id":"https:\/\/www.entreculturas.org\/fr\/podcast\/julia-navarro-podcast-ong-entreculturas-higiene-menstrual\/#primaryimage","url":"https:\/\/www.entreculturas.org\/wp-content\/uploads\/2025\/05\/Web-Ines-Editada.jpg","contentUrl":"https:\/\/www.entreculturas.org\/wp-content\/uploads\/2025\/05\/Web-Ines-Editada.jpg","width":800,"height":533,"caption":"Julia Navarro"},{"@type":"BreadcrumbList","@id":"https:\/\/www.entreculturas.org\/fr\/podcast\/julia-navarro-podcast-ong-entreculturas-higiene-menstrual\/#breadcrumb","itemListElement":[{"@type":"ListItem","position":1,"name":"Home","item":"https:\/\/www.entreculturas.org\/fr\/"},{"@type":"ListItem","position":2,"name":"Podcast Julia Navarro","item":"https:\/\/www.entreculturas.org\/fr\/podcasts\/"},{"@type":"ListItem","position":3,"name":"\u00ab\u00a0Hay que visibilizar lo importante que es la higiene menstrual\u00a0\u00bb"}]},{"@type":"WebSite","@id":"https:\/\/www.entreculturas.org\/fr\/#website","url":"https:\/\/www.entreculturas.org\/fr\/","name":"Entreculturas","description":"","publisher":{"@id":"https:\/\/www.entreculturas.org\/fr\/#organization"},"alternateName":"Entreculturas","potentialAction":[{"@type":"SearchAction","target":{"@type":"EntryPoint","urlTemplate":"https:\/\/www.entreculturas.org\/fr\/?s={search_term_string}"},"query-input":{"@type":"PropertyValueSpecification","valueRequired":true,"valueName":"search_term_string"}}],"inLanguage":"fr-FR"},{"@type":"Organization","@id":"https:\/\/www.entreculturas.org\/fr\/#organization","name":"Entreculturas","url":"https:\/\/www.entreculturas.org\/fr\/","logo":{"@type":"ImageObject","inLanguage":"fr-FR","@id":"https:\/\/www.entreculturas.org\/fr\/#\/schema\/logo\/image\/","url":"https:\/\/www.entreculturas.org\/wp-content\/uploads\/2025\/10\/ESP.svg","contentUrl":"https:\/\/www.entreculturas.org\/wp-content\/uploads\/2025\/10\/ESP.svg","caption":"Entreculturas"},"image":{"@id":"https:\/\/www.entreculturas.org\/fr\/#\/schema\/logo\/image\/"},"sameAs":["https:\/\/www.facebook.com\/entreculturas","https:\/\/x.com\/Entreculturas","https:\/\/www.instagram.com\/entreculturas\/","https:\/\/www.youtube.com\/user\/entreculturasvideo","https:\/\/www.linkedin.com\/company\/fundacion-entreculturas-ngdo\/","https:\/\/www.flickr.com\/photos\/98455522@N04\/albums\/"]}]}},"_links":{"self":[{"href":"https:\/\/www.entreculturas.org\/fr\/wp-json\/wp\/v2\/podcast\/39205","targetHints":{"allow":["GET"]}}],"collection":[{"href":"https:\/\/www.entreculturas.org\/fr\/wp-json\/wp\/v2\/podcast"}],"about":[{"href":"https:\/\/www.entreculturas.org\/fr\/wp-json\/wp\/v2\/types\/podcast"}],"wp:featuredmedia":[{"embeddable":true,"href":"https:\/\/www.entreculturas.org\/fr\/wp-json\/wp\/v2\/media\/39252"}],"wp:attachment":[{"href":"https:\/\/www.entreculturas.org\/fr\/wp-json\/wp\/v2\/media?parent=39205"}],"wp:term":[{"taxonomy":"category","embeddable":true,"href":"https:\/\/www.entreculturas.org\/fr\/wp-json\/wp\/v2\/categories?post=39205"},{"taxonomy":"post_tag","embeddable":true,"href":"https:\/\/www.entreculturas.org\/fr\/wp-json\/wp\/v2\/tags?post=39205"}],"curies":[{"name":"wp","href":"https:\/\/api.w.org\/{rel}","templated":true}]}}