{"id":38398,"date":"2025-03-27T10:09:36","date_gmt":"2025-03-27T09:09:36","guid":{"rendered":"https:\/\/www.entreculturas.org\/?post_type=podcast&#038;p=38398"},"modified":"2025-03-27T10:17:27","modified_gmt":"2025-03-27T09:17:27","slug":"julia-navarro-podcast-ong-entreculturas-bla-bla-lab-hexagonal","status":"publish","type":"podcast","link":"https:\/\/www.entreculturas.org\/fr\/podcast\/julia-navarro-podcast-ong-entreculturas-bla-bla-lab-hexagonal\/","title":{"rendered":"\u00ab\u00a0La polarizaci\u00f3n es un desastre para el debate p\u00fablico sobre el cambio clim\u00e1tico\u00a0\u00bb"},"content":{"rendered":"\n<p>Esta semana, en el podcast de <a href=\"https:\/\/www.entreculturas.org\/podcast\/\">Voces por una Causa<\/a>, la escritora <strong>Julia Navarro conversa con <\/strong>Ra\u00fal Oliv\u00e1n, Director de <a href=\"https:\/\/hexagonalinnova.net\/\">Hexagonal<\/a> y ex Director General de Gobierno Abierto, Participaci\u00f3n Ciudadana e Innovaci\u00f3n Social del Gobierno de Arag\u00f3n.&nbsp;<\/p>\n\n\n\n<p>Con \u00e9l, con motivo del D\u00eda Mundial del Clima, que se celebra este 26 de marzo, nos acercamos a \u2018<a href=\"https:\/\/blablalab.eu\/\">Bla Bla Lab<\/a>\u2019 un proyecto que explora las distintas formas en las que se puede comunicar sobre el cambio clim\u00e1tico en un contexto de creciente polarizaci\u00f3n, y a las transformaciones sociales que en los pr\u00f3ximos a\u00f1os se pueden llevar a cabo en el mundo.&nbsp;<\/p>\n\n\n\n<h2 class=\"wp-block-heading\" id=\"h-de-que-nos-habla-raul-en-el-episodio\"><strong>\u00bfDe qu\u00e9 nos habla Ra\u00fal en el episodio?<\/strong><\/h2>\n\n\n\n<p>En este episodio Ra\u00fal nos habla de<strong> <\/strong><strong><em>Bla Bla Lab<\/em><\/strong><strong>, un laboratorio de datos, narrativas y t\u00e1cticas para el clima<\/strong> que experimenta otras formas de comunicar mensajes sociales y ambientales de manera efectiva. \u00ab\u00a0Cuando una organizaci\u00f3n lanza una campa\u00f1a de concienciaci\u00f3n relacionada con el clima, suele enviar un \u00fanico mensaje, pero cada persona es diferente y recibe los mensajes seg\u00fan su esquema de valores y creencias\u00a0\u00bb, explica Ra\u00fal. Por ello, su equipo investiga c\u00f3mo adaptar un mismo mensaje a diferentes perfiles sociales y pol\u00edticos, desgranando y agrupando la poblaci\u00f3n espa\u00f1ola en \u201c<a href=\"https:\/\/blablalab.eu\/presentacion-de-los-segmentos\/\">las Ocho Espa\u00f1as<\/a>\u201d.<\/p>\n\n\n\n<p>Adem\u00e1s, Ra\u00fal expone alguna de las conclusiones de la investigaci\u00f3n llevada a cabo por \u2018Bla Bla Lab\u2019 y se\u00f1ala <strong>la importancia de superar la polarizaci\u00f3n en los debates<\/strong> sobre el cambio clim\u00e1tico como una de las m\u00e1s importantes. \u00ab\u00a0Parece que los algoritmos est\u00e1n empe\u00f1ados en pastorearnos en torno a dos bandos porque la polarizaci\u00f3n genera m\u00e1s interacci\u00f3n, pero es un desastre para el debate p\u00fablico\u00a0\u00bb afirma Ra\u00fal.&nbsp;<\/p>\n\n\n\n<p>Por \u00faltimo, Ra\u00fal Oliv\u00e1n y Julia Navarro profundizan en el trabajo que desarrolla Hexagonal, la organizaci\u00f3n que se encuentra detr\u00e1s de \u2018Bla Bla Lab\u2019, que<strong> apuesta por la innovaci\u00f3n en la participaci\u00f3n social<\/strong>: \u00ab\u00a0La participaci\u00f3n no puede ser una gincana solo para las personas hipermotivadas y concienciadas, debe ser sencilla, amigable y divertida\u00a0\u00bb, afirma Oliv\u00e1n. Una meta, donde, seg\u00fan Ra\u00fal, la tecnolog\u00eda debe jugar un papel fundamental para integrar a todas las personas en la toma de decisiones, en lugar de excluirlas por falta de acceso.<\/p>\n\n\n\n<h2 class=\"wp-block-heading\" id=\"h-que-es-voces-por-una-causa-con-julia-navarro\"><strong>\u00bfQu\u00e9 es \u2018Voces por una Causa\u2019 con Julia Navarro?<\/strong><\/h2>\n\n\n\n<p>Presentado por la escritora y periodista Julia Navarro, <a href=\"https:\/\/www.entreculturas.org\/podcast\/\"><strong>\u2018Voces por una causa\u2019<\/strong><\/a><strong> es el podcast semanal de la ONG Entreculturas<\/strong> que explora cuestiones sociales, medioambientales y culturales a trav\u00e9s de testimonios en primera persona. Los programas se emiten todos los jueves en nuestro canal de <a href=\"https:\/\/www.youtube.com\/c\/EntreculturasOrg915902672\">Youtube<\/a>, en <a href=\"https:\/\/open.spotify.com\/show\/6dS5JsqnsWrnHL1gwead1A\">Spotify<\/a>, en <a href=\"https:\/\/www.ivoox.com\/perfil-entreculturas_a8_listener_28185270_1.html\">Ivoox<\/a>, y en <a href=\"https:\/\/podcasts.apple.com\/us\/podcast\/entreculturas-voces-por-una-causa\/id1621485462\">Apple Podcast<\/a>.<\/p>\n\n\n\n<iframe style=\"border-radius:12px\" src=\"https:\/\/open.spotify.com\/embed\/episode\/2eR9bzZeRF4t8ynMfyp5BO?utm_source=generator\" width=\"100%\" height=\"352\" frameBorder=\"0\" allowfullscreen=\"\" allow=\"autoplay; clipboard-write; encrypted-media; fullscreen; picture-in-picture\" loading=\"lazy\"><\/iframe>\n","protected":false},"excerpt":{"rendered":"<p>Esta semana, en el podcast de Voces por una Causa, la escritora Julia Navarro conversa con Ra\u00fal Oliv\u00e1n, Director de Hexagonal y ex Director General de Gobierno Abierto, Participaci\u00f3n Ciudadana e Innovaci\u00f3n Social del Gobierno de Arag\u00f3n.&nbsp; Con \u00e9l, con motivo del D\u00eda Mundial del Clima, que se celebra este 26 de marzo, nos acercamos a \u2018Bla Bla Lab\u2019 un proyecto que explora las distintas formas en las que se puede comunicar sobre el cambio clim\u00e1tico en un contexto de creciente polarizaci\u00f3n, y a las transformaciones sociales que en los pr\u00f3ximos a\u00f1os se pueden llevar a cabo en el mundo.&nbsp; \u00bfDe qu\u00e9 nos habla Ra\u00fal en el episodio? En este episodio Ra\u00fal nos habla de Bla Bla Lab, un laboratorio de datos, narrativas y t\u00e1cticas para el clima que experimenta otras formas de comunicar mensajes sociales y ambientales de manera efectiva. \u00ab\u00a0Cuando una organizaci\u00f3n lanza una campa\u00f1a de concienciaci\u00f3n relacionada [&hellip;]<\/p>\n","protected":false},"featured_media":38400,"template":"","meta":{"_acf_changed":true},"categories":[],"tags":[],"class_list":["post-38398","podcast","type-podcast","status-publish","has-post-thumbnail","hentry"],"acf":[],"yoast_head":"<!-- This site is optimized with the Yoast SEO Premium plugin v21.6 (Yoast SEO v27.5) - https:\/\/yoast.com\/product\/yoast-seo-premium-wordpress\/ -->\n<title>Julia Navarro habla sobre &#039;Bla Bla LAB&#039;, un proyecto de Hexagonal<\/title>\n<meta name=\"description\" content=\"Julia Navarro habla con Ra\u00fal Oliv\u00e1n, Director de Hexagonal, sobre \u2018Bla Bla Lab\u2019, un proyecto que explora diferentes narrativas sobre el clima\" \/>\n<meta name=\"robots\" content=\"index, follow, max-snippet:-1, max-image-preview:large, max-video-preview:-1\" \/>\n<link rel=\"canonical\" href=\"https:\/\/www.entreculturas.org\/fr\/podcast\/julia-navarro-podcast-ong-entreculturas-bla-bla-lab-hexagonal\/\" \/>\n<meta property=\"og:locale\" content=\"fr_FR\" \/>\n<meta property=\"og:type\" content=\"article\" \/>\n<meta property=\"og:title\" content=\"&quot;La polarizaci\u00f3n es un desastre para el debate p\u00fablico sobre el cambio clim\u00e1tico&quot;\" \/>\n<meta property=\"og:description\" content=\"Julia Navarro habla con Ra\u00fal Oliv\u00e1n, Director de Hexagonal, sobre \u2018Bla Bla Lab\u2019, un proyecto que explora diferentes narrativas sobre el clima\" \/>\n<meta property=\"og:url\" content=\"https:\/\/www.entreculturas.org\/fr\/podcast\/julia-navarro-podcast-ong-entreculturas-bla-bla-lab-hexagonal\/\" \/>\n<meta property=\"og:site_name\" content=\"Entreculturas\" \/>\n<meta property=\"article:publisher\" content=\"https:\/\/www.facebook.com\/entreculturas\" \/>\n<meta property=\"article:modified_time\" content=\"2025-03-27T09:17:27+00:00\" \/>\n<meta property=\"og:image\" content=\"https:\/\/www.entreculturas.org\/wp-content\/uploads\/2025\/03\/Raul-Olivan-Editada-WEB.jpg\" \/>\n\t<meta property=\"og:image:width\" content=\"800\" \/>\n\t<meta property=\"og:image:height\" content=\"533\" \/>\n\t<meta property=\"og:image:type\" content=\"image\/jpeg\" \/>\n<meta name=\"twitter:card\" content=\"summary_large_image\" \/>\n<meta name=\"twitter:site\" content=\"@Entreculturas\" \/>\n<script type=\"application\/ld+json\" class=\"yoast-schema-graph\">{\"@context\":\"https:\\\/\\\/schema.org\",\"@graph\":[{\"@type\":\"WebPage\",\"@id\":\"https:\\\/\\\/www.entreculturas.org\\\/fr\\\/podcast\\\/julia-navarro-podcast-ong-entreculturas-bla-bla-lab-hexagonal\\\/\",\"url\":\"https:\\\/\\\/www.entreculturas.org\\\/fr\\\/podcast\\\/julia-navarro-podcast-ong-entreculturas-bla-bla-lab-hexagonal\\\/\",\"name\":\"Julia Navarro habla sobre 'Bla Bla LAB', un proyecto de Hexagonal\",\"isPartOf\":{\"@id\":\"https:\\\/\\\/www.entreculturas.org\\\/fr\\\/#website\"},\"primaryImageOfPage\":{\"@id\":\"https:\\\/\\\/www.entreculturas.org\\\/fr\\\/podcast\\\/julia-navarro-podcast-ong-entreculturas-bla-bla-lab-hexagonal\\\/#primaryimage\"},\"image\":{\"@id\":\"https:\\\/\\\/www.entreculturas.org\\\/fr\\\/podcast\\\/julia-navarro-podcast-ong-entreculturas-bla-bla-lab-hexagonal\\\/#primaryimage\"},\"thumbnailUrl\":\"https:\\\/\\\/www.entreculturas.org\\\/wp-content\\\/uploads\\\/2025\\\/03\\\/Raul-Olivan-Editada-WEB.jpg\",\"datePublished\":\"2025-03-27T09:09:36+00:00\",\"dateModified\":\"2025-03-27T09:17:27+00:00\",\"description\":\"Julia Navarro habla con Ra\u00fal Oliv\u00e1n, Director de Hexagonal, sobre \u2018Bla Bla Lab\u2019, un proyecto que explora diferentes narrativas sobre el clima\",\"breadcrumb\":{\"@id\":\"https:\\\/\\\/www.entreculturas.org\\\/fr\\\/podcast\\\/julia-navarro-podcast-ong-entreculturas-bla-bla-lab-hexagonal\\\/#breadcrumb\"},\"inLanguage\":\"fr-FR\",\"potentialAction\":[{\"@type\":\"ReadAction\",\"target\":[\"https:\\\/\\\/www.entreculturas.org\\\/fr\\\/podcast\\\/julia-navarro-podcast-ong-entreculturas-bla-bla-lab-hexagonal\\\/\"]}]},{\"@type\":\"ImageObject\",\"inLanguage\":\"fr-FR\",\"@id\":\"https:\\\/\\\/www.entreculturas.org\\\/fr\\\/podcast\\\/julia-navarro-podcast-ong-entreculturas-bla-bla-lab-hexagonal\\\/#primaryimage\",\"url\":\"https:\\\/\\\/www.entreculturas.org\\\/wp-content\\\/uploads\\\/2025\\\/03\\\/Raul-Olivan-Editada-WEB.jpg\",\"contentUrl\":\"https:\\\/\\\/www.entreculturas.org\\\/wp-content\\\/uploads\\\/2025\\\/03\\\/Raul-Olivan-Editada-WEB.jpg\",\"width\":800,\"height\":533,\"caption\":\"Julia Navarro y Ra\u00fal Oliv\u00e1n de Hexagonal\"},{\"@type\":\"BreadcrumbList\",\"@id\":\"https:\\\/\\\/www.entreculturas.org\\\/fr\\\/podcast\\\/julia-navarro-podcast-ong-entreculturas-bla-bla-lab-hexagonal\\\/#breadcrumb\",\"itemListElement\":[{\"@type\":\"ListItem\",\"position\":1,\"name\":\"Home\",\"item\":\"https:\\\/\\\/www.entreculturas.org\\\/fr\\\/\"},{\"@type\":\"ListItem\",\"position\":2,\"name\":\"Podcast Julia Navarro\",\"item\":\"https:\\\/\\\/www.entreculturas.org\\\/fr\\\/podcasts\\\/\"},{\"@type\":\"ListItem\",\"position\":3,\"name\":\"\u00ab\u00a0La polarizaci\u00f3n es un desastre para el debate p\u00fablico sobre el cambio clim\u00e1tico\u00a0\u00bb\"}]},{\"@type\":\"WebSite\",\"@id\":\"https:\\\/\\\/www.entreculturas.org\\\/fr\\\/#website\",\"url\":\"https:\\\/\\\/www.entreculturas.org\\\/fr\\\/\",\"name\":\"Entreculturas\",\"description\":\"\",\"publisher\":{\"@id\":\"https:\\\/\\\/www.entreculturas.org\\\/fr\\\/#organization\"},\"alternateName\":\"Entreculturas\",\"potentialAction\":[{\"@type\":\"SearchAction\",\"target\":{\"@type\":\"EntryPoint\",\"urlTemplate\":\"https:\\\/\\\/www.entreculturas.org\\\/fr\\\/?s={search_term_string}\"},\"query-input\":{\"@type\":\"PropertyValueSpecification\",\"valueRequired\":true,\"valueName\":\"search_term_string\"}}],\"inLanguage\":\"fr-FR\"},{\"@type\":\"Organization\",\"@id\":\"https:\\\/\\\/www.entreculturas.org\\\/fr\\\/#organization\",\"name\":\"Entreculturas\",\"url\":\"https:\\\/\\\/www.entreculturas.org\\\/fr\\\/\",\"logo\":{\"@type\":\"ImageObject\",\"inLanguage\":\"fr-FR\",\"@id\":\"https:\\\/\\\/www.entreculturas.org\\\/fr\\\/#\\\/schema\\\/logo\\\/image\\\/\",\"url\":\"https:\\\/\\\/www.entreculturas.org\\\/wp-content\\\/uploads\\\/2025\\\/10\\\/ESP.svg\",\"contentUrl\":\"https:\\\/\\\/www.entreculturas.org\\\/wp-content\\\/uploads\\\/2025\\\/10\\\/ESP.svg\",\"caption\":\"Entreculturas\"},\"image\":{\"@id\":\"https:\\\/\\\/www.entreculturas.org\\\/fr\\\/#\\\/schema\\\/logo\\\/image\\\/\"},\"sameAs\":[\"https:\\\/\\\/www.facebook.com\\\/entreculturas\",\"https:\\\/\\\/x.com\\\/Entreculturas\",\"https:\\\/\\\/www.instagram.com\\\/entreculturas\\\/\",\"https:\\\/\\\/www.youtube.com\\\/user\\\/entreculturasvideo\",\"https:\\\/\\\/www.linkedin.com\\\/company\\\/fundacion-entreculturas-ngdo\\\/\",\"https:\\\/\\\/www.flickr.com\\\/photos\\\/98455522@N04\\\/albums\\\/\"]}]}<\/script>\n<!-- \/ Yoast SEO Premium plugin. -->","yoast_head_json":{"title":"Julia Navarro habla sobre 'Bla Bla LAB', un proyecto de Hexagonal","description":"Julia Navarro habla con Ra\u00fal Oliv\u00e1n, Director de Hexagonal, sobre \u2018Bla Bla Lab\u2019, un proyecto que explora diferentes narrativas sobre el clima","robots":{"index":"index","follow":"follow","max-snippet":"max-snippet:-1","max-image-preview":"max-image-preview:large","max-video-preview":"max-video-preview:-1"},"canonical":"https:\/\/www.entreculturas.org\/fr\/podcast\/julia-navarro-podcast-ong-entreculturas-bla-bla-lab-hexagonal\/","og_locale":"fr_FR","og_type":"article","og_title":"\"La polarizaci\u00f3n es un desastre para el debate p\u00fablico sobre el cambio clim\u00e1tico\"","og_description":"Julia Navarro habla con Ra\u00fal Oliv\u00e1n, Director de Hexagonal, sobre \u2018Bla Bla Lab\u2019, un proyecto que explora diferentes narrativas sobre el clima","og_url":"https:\/\/www.entreculturas.org\/fr\/podcast\/julia-navarro-podcast-ong-entreculturas-bla-bla-lab-hexagonal\/","og_site_name":"Entreculturas","article_publisher":"https:\/\/www.facebook.com\/entreculturas","article_modified_time":"2025-03-27T09:17:27+00:00","og_image":[{"width":800,"height":533,"url":"https:\/\/www.entreculturas.org\/wp-content\/uploads\/2025\/03\/Raul-Olivan-Editada-WEB.jpg","type":"image\/jpeg"}],"twitter_card":"summary_large_image","twitter_site":"@Entreculturas","schema":{"@context":"https:\/\/schema.org","@graph":[{"@type":"WebPage","@id":"https:\/\/www.entreculturas.org\/fr\/podcast\/julia-navarro-podcast-ong-entreculturas-bla-bla-lab-hexagonal\/","url":"https:\/\/www.entreculturas.org\/fr\/podcast\/julia-navarro-podcast-ong-entreculturas-bla-bla-lab-hexagonal\/","name":"Julia Navarro habla sobre 'Bla Bla LAB', un proyecto de Hexagonal","isPartOf":{"@id":"https:\/\/www.entreculturas.org\/fr\/#website"},"primaryImageOfPage":{"@id":"https:\/\/www.entreculturas.org\/fr\/podcast\/julia-navarro-podcast-ong-entreculturas-bla-bla-lab-hexagonal\/#primaryimage"},"image":{"@id":"https:\/\/www.entreculturas.org\/fr\/podcast\/julia-navarro-podcast-ong-entreculturas-bla-bla-lab-hexagonal\/#primaryimage"},"thumbnailUrl":"https:\/\/www.entreculturas.org\/wp-content\/uploads\/2025\/03\/Raul-Olivan-Editada-WEB.jpg","datePublished":"2025-03-27T09:09:36+00:00","dateModified":"2025-03-27T09:17:27+00:00","description":"Julia Navarro habla con Ra\u00fal Oliv\u00e1n, Director de Hexagonal, sobre \u2018Bla Bla Lab\u2019, un proyecto que explora diferentes narrativas sobre el clima","breadcrumb":{"@id":"https:\/\/www.entreculturas.org\/fr\/podcast\/julia-navarro-podcast-ong-entreculturas-bla-bla-lab-hexagonal\/#breadcrumb"},"inLanguage":"fr-FR","potentialAction":[{"@type":"ReadAction","target":["https:\/\/www.entreculturas.org\/fr\/podcast\/julia-navarro-podcast-ong-entreculturas-bla-bla-lab-hexagonal\/"]}]},{"@type":"ImageObject","inLanguage":"fr-FR","@id":"https:\/\/www.entreculturas.org\/fr\/podcast\/julia-navarro-podcast-ong-entreculturas-bla-bla-lab-hexagonal\/#primaryimage","url":"https:\/\/www.entreculturas.org\/wp-content\/uploads\/2025\/03\/Raul-Olivan-Editada-WEB.jpg","contentUrl":"https:\/\/www.entreculturas.org\/wp-content\/uploads\/2025\/03\/Raul-Olivan-Editada-WEB.jpg","width":800,"height":533,"caption":"Julia Navarro y Ra\u00fal Oliv\u00e1n de Hexagonal"},{"@type":"BreadcrumbList","@id":"https:\/\/www.entreculturas.org\/fr\/podcast\/julia-navarro-podcast-ong-entreculturas-bla-bla-lab-hexagonal\/#breadcrumb","itemListElement":[{"@type":"ListItem","position":1,"name":"Home","item":"https:\/\/www.entreculturas.org\/fr\/"},{"@type":"ListItem","position":2,"name":"Podcast Julia Navarro","item":"https:\/\/www.entreculturas.org\/fr\/podcasts\/"},{"@type":"ListItem","position":3,"name":"\u00ab\u00a0La polarizaci\u00f3n es un desastre para el debate p\u00fablico sobre el cambio clim\u00e1tico\u00a0\u00bb"}]},{"@type":"WebSite","@id":"https:\/\/www.entreculturas.org\/fr\/#website","url":"https:\/\/www.entreculturas.org\/fr\/","name":"Entreculturas","description":"","publisher":{"@id":"https:\/\/www.entreculturas.org\/fr\/#organization"},"alternateName":"Entreculturas","potentialAction":[{"@type":"SearchAction","target":{"@type":"EntryPoint","urlTemplate":"https:\/\/www.entreculturas.org\/fr\/?s={search_term_string}"},"query-input":{"@type":"PropertyValueSpecification","valueRequired":true,"valueName":"search_term_string"}}],"inLanguage":"fr-FR"},{"@type":"Organization","@id":"https:\/\/www.entreculturas.org\/fr\/#organization","name":"Entreculturas","url":"https:\/\/www.entreculturas.org\/fr\/","logo":{"@type":"ImageObject","inLanguage":"fr-FR","@id":"https:\/\/www.entreculturas.org\/fr\/#\/schema\/logo\/image\/","url":"https:\/\/www.entreculturas.org\/wp-content\/uploads\/2025\/10\/ESP.svg","contentUrl":"https:\/\/www.entreculturas.org\/wp-content\/uploads\/2025\/10\/ESP.svg","caption":"Entreculturas"},"image":{"@id":"https:\/\/www.entreculturas.org\/fr\/#\/schema\/logo\/image\/"},"sameAs":["https:\/\/www.facebook.com\/entreculturas","https:\/\/x.com\/Entreculturas","https:\/\/www.instagram.com\/entreculturas\/","https:\/\/www.youtube.com\/user\/entreculturasvideo","https:\/\/www.linkedin.com\/company\/fundacion-entreculturas-ngdo\/","https:\/\/www.flickr.com\/photos\/98455522@N04\/albums\/"]}]}},"_links":{"self":[{"href":"https:\/\/www.entreculturas.org\/fr\/wp-json\/wp\/v2\/podcast\/38398","targetHints":{"allow":["GET"]}}],"collection":[{"href":"https:\/\/www.entreculturas.org\/fr\/wp-json\/wp\/v2\/podcast"}],"about":[{"href":"https:\/\/www.entreculturas.org\/fr\/wp-json\/wp\/v2\/types\/podcast"}],"wp:featuredmedia":[{"embeddable":true,"href":"https:\/\/www.entreculturas.org\/fr\/wp-json\/wp\/v2\/media\/38400"}],"wp:attachment":[{"href":"https:\/\/www.entreculturas.org\/fr\/wp-json\/wp\/v2\/media?parent=38398"}],"wp:term":[{"taxonomy":"category","embeddable":true,"href":"https:\/\/www.entreculturas.org\/fr\/wp-json\/wp\/v2\/categories?post=38398"},{"taxonomy":"post_tag","embeddable":true,"href":"https:\/\/www.entreculturas.org\/fr\/wp-json\/wp\/v2\/tags?post=38398"}],"curies":[{"name":"wp","href":"https:\/\/api.w.org\/{rel}","templated":true}]}}