{"id":35811,"date":"2024-11-27T10:35:23","date_gmt":"2024-11-27T09:35:23","guid":{"rendered":"https:\/\/www.entreculturas.org\/?post_type=podcast&#038;p=35811"},"modified":"2024-11-28T09:51:25","modified_gmt":"2024-11-28T08:51:25","slug":"julia-navarro-podcast-ong-entreculturas-red-xavier","status":"publish","type":"podcast","link":"https:\/\/www.entreculturas.org\/fr\/podcast\/julia-navarro-podcast-ong-entreculturas-red-xavier\/","title":{"rendered":"\u00ab\u00a0Estamos unidos por una misi\u00f3n com\u00fan: crear un mundo m\u00e1s justo\u00a0\u00bb"},"content":{"rendered":"\n<p>Esta semana, en el podcast de <a href=\"https:\/\/www.entreculturas.org\/podcast\/\">Voces por una Causa<\/a>, la escritora <strong>Julia Navarro conversa con Jenny Cafiso<\/strong>, coordinadora de la<a href=\"https:\/\/xavier.network\/lander\"> Red Xavier<\/a> (red de la que Entreculturas forma parte) y Directora Ejecutiva de Canadian Jesuits International. Con ella, nos acercamos al importante trabajo que realiza esta red en todo el mundo.&nbsp;<\/p>\n\n\n\n<h2 class=\"wp-block-heading\" id=\"h-que-nos-cuenta-jenny-cafiso-en-el-episodio\"><strong>\u00bfQu\u00e9 nos cuenta Jenny Cafiso en el episodio?<\/strong><\/h2>\n\n\n\n<p>En este episodio, Jenny nos habla de la Red Xavier, describi\u00e9ndola como \u201cuna red de organizaciones jesuitas de varios pa\u00edses, Europa, Australia y Norteam\u00e9rica, que tienen como meta conjunta la justicia, la paz y la solidaridad internacional. Una red que es un s\u00edmbolo de la misi\u00f3n global que tiene la Compa\u00f1\u00eda de Jes\u00fas, la cual no solo trabaja lo local, sino que tambi\u00e9n est\u00e1 llamada a trabajar por un desarrollo global\u201d.<\/p>\n\n\n\n<p>Jenny Cafiso y <strong>Julia Navarro<\/strong> tambi\u00e9n conversan sobre las causas que trabaja la Red Xavier, el medio ambiente, migraci\u00f3n, derecho a la educaci\u00f3n y los derechos humanos, y el modo en el que se coordinan las diferentes organizaciones a trav\u00e9s de diferentes grupos y \u00e1reas de trabajo. \u201cHace unos a\u00f1os como red tambi\u00e9n nos dimos cuenta de que ten\u00edamos que desarrollar nuestros propios criterios y protocolos comunes. Ahora trabajamos de manera mucho m\u00e1s eficaz y armonizada\u201d, afirma.&nbsp;<\/p>\n\n\n\n<p>Por \u00faltimo,<strong> <\/strong>Jenny Cafiso y<strong> Julia Navarro<\/strong> profundizan en las respuestas que la Red Xavier despliega ante las emergencias que ocurren en el mundo, qued\u00e1ndose en ellas mucho despu\u00e9s de que el foco medi\u00e1tico haya desaparecido. Un trabajo que siempre \u201cmira hacia la escucha de las necesidades expresadas por los pa\u00edses a los que queremos apoyar\u201d, se\u00f1ala Jenny. Una metodolog\u00eda, recalca, que hace que \u201clas respuestas no se basen en las prioridades de la Red, sino en las prioridades de las organizaciones locales o nacionales que conocen el terreno y la problem\u00e1tica\u201d.<\/p>\n\n\n\n<h2 class=\"wp-block-heading\" id=\"h-que-es-voces-por-una-causa-con-julia-navarro\"><strong>\u00bfQu\u00e9 es \u2018Voces por una Causa\u2019 con Julia Navarro?<\/strong><\/h2>\n\n\n\n<p>Presentado por la escritora y periodista Julia Navarro, <a href=\"https:\/\/www.entreculturas.org\/podcast\/\"><strong>\u2018Voces por una causa\u2019<\/strong><\/a><strong> es el podcast semanal de la ONG Entreculturas<\/strong> que explora cuestiones sociales, medioambientales y culturales a trav\u00e9s de testimonios en primera persona. Los programas se emiten todos los jueves en nuestro canal de <a href=\"https:\/\/www.youtube.com\/c\/EntreculturasOrg915902672\">Youtube<\/a>, en <a href=\"https:\/\/open.spotify.com\/show\/6dS5JsqnsWrnHL1gwead1A\">Spotify<\/a>, en <a href=\"https:\/\/www.ivoox.com\/perfil-entreculturas_a8_listener_28185270_1.html\">Ivoox<\/a>, y en <a href=\"https:\/\/podcasts.apple.com\/us\/podcast\/entreculturas-voces-por-una-causa\/id1621485462\">Apple Podcast<\/a>.<\/p>\n\n\n\n<iframe style=\"border-radius:12px\" src=\"https:\/\/open.spotify.com\/embed\/episode\/6b4vJs8HvLtc4c2GWjBZrN?utm_source=generator\" width=\"100%\" height=\"352\" frameBorder=\"0\" allowfullscreen=\"\" allow=\"autoplay; clipboard-write; encrypted-media; fullscreen; picture-in-picture\" loading=\"lazy\"><\/iframe>\n","protected":false},"excerpt":{"rendered":"<p>Esta semana, en el podcast de Voces por una Causa, la escritora Julia Navarro conversa con Jenny Cafiso, coordinadora de la Red Xavier (red de la que Entreculturas forma parte) y Directora Ejecutiva de Canadian Jesuits International. Con ella, nos acercamos al importante trabajo que realiza esta red en todo el mundo.&nbsp; \u00bfQu\u00e9 nos cuenta Jenny Cafiso en el episodio? En este episodio, Jenny nos habla de la Red Xavier, describi\u00e9ndola como \u201cuna red de organizaciones jesuitas de varios pa\u00edses, Europa, Australia y Norteam\u00e9rica, que tienen como meta conjunta la justicia, la paz y la solidaridad internacional. Una red que es un s\u00edmbolo de la misi\u00f3n global que tiene la Compa\u00f1\u00eda de Jes\u00fas, la cual no solo trabaja lo local, sino que tambi\u00e9n est\u00e1 llamada a trabajar por un desarrollo global\u201d. Jenny Cafiso y Julia Navarro tambi\u00e9n conversan sobre las causas que trabaja la Red Xavier, el medio ambiente, migraci\u00f3n, [&hellip;]<\/p>\n","protected":false},"featured_media":35813,"template":"","meta":{"_acf_changed":true},"categories":[],"tags":[],"class_list":["post-35811","podcast","type-podcast","status-publish","has-post-thumbnail","hentry"],"acf":[],"yoast_head":"<!-- This site is optimized with the Yoast SEO Premium plugin v21.6 (Yoast SEO v27.5) - https:\/\/yoast.com\/product\/yoast-seo-premium-wordpress\/ -->\n<title>Julia Navarro conversa sobre la Red Xavier con su Jenny Cafiso.<\/title>\n<meta name=\"description\" content=\"Julia Navarro se acerca en el podcast de esta semana a la Red Xavier de la mano de su coordinadora, Jenny Cafiso.\" \/>\n<meta name=\"robots\" content=\"index, follow, max-snippet:-1, max-image-preview:large, max-video-preview:-1\" \/>\n<link rel=\"canonical\" href=\"https:\/\/www.entreculturas.org\/fr\/podcast\/julia-navarro-podcast-ong-entreculturas-red-xavier\/\" \/>\n<meta property=\"og:locale\" content=\"fr_FR\" \/>\n<meta property=\"og:type\" content=\"article\" \/>\n<meta property=\"og:title\" content=\"&quot;Estamos unidos por una misi\u00f3n com\u00fan: crear un mundo m\u00e1s justo&quot;\" \/>\n<meta property=\"og:description\" content=\"Julia Navarro se acerca en el podcast de esta semana a la Red Xavier de la mano de su coordinadora, Jenny Cafiso.\" \/>\n<meta property=\"og:url\" content=\"https:\/\/www.entreculturas.org\/fr\/podcast\/julia-navarro-podcast-ong-entreculturas-red-xavier\/\" \/>\n<meta property=\"og:site_name\" content=\"Entreculturas\" \/>\n<meta property=\"article:publisher\" content=\"https:\/\/www.facebook.com\/entreculturas\" \/>\n<meta property=\"article:modified_time\" content=\"2024-11-28T08:51:25+00:00\" \/>\n<meta property=\"og:image\" content=\"https:\/\/www.entreculturas.org\/wp-content\/uploads\/2024\/11\/Somos.jpg\" \/>\n\t<meta property=\"og:image:width\" content=\"800\" \/>\n\t<meta property=\"og:image:height\" content=\"533\" \/>\n\t<meta property=\"og:image:type\" content=\"image\/jpeg\" \/>\n<meta name=\"twitter:card\" content=\"summary_large_image\" \/>\n<meta name=\"twitter:site\" content=\"@Entreculturas\" \/>\n<script type=\"application\/ld+json\" class=\"yoast-schema-graph\">{\"@context\":\"https:\\\/\\\/schema.org\",\"@graph\":[{\"@type\":\"WebPage\",\"@id\":\"https:\\\/\\\/www.entreculturas.org\\\/fr\\\/podcast\\\/julia-navarro-podcast-ong-entreculturas-red-xavier\\\/\",\"url\":\"https:\\\/\\\/www.entreculturas.org\\\/fr\\\/podcast\\\/julia-navarro-podcast-ong-entreculturas-red-xavier\\\/\",\"name\":\"Julia Navarro conversa sobre la Red Xavier con su Jenny Cafiso.\",\"isPartOf\":{\"@id\":\"https:\\\/\\\/www.entreculturas.org\\\/fr\\\/#website\"},\"primaryImageOfPage\":{\"@id\":\"https:\\\/\\\/www.entreculturas.org\\\/fr\\\/podcast\\\/julia-navarro-podcast-ong-entreculturas-red-xavier\\\/#primaryimage\"},\"image\":{\"@id\":\"https:\\\/\\\/www.entreculturas.org\\\/fr\\\/podcast\\\/julia-navarro-podcast-ong-entreculturas-red-xavier\\\/#primaryimage\"},\"thumbnailUrl\":\"https:\\\/\\\/www.entreculturas.org\\\/wp-content\\\/uploads\\\/2024\\\/11\\\/Somos.jpg\",\"datePublished\":\"2024-11-27T09:35:23+00:00\",\"dateModified\":\"2024-11-28T08:51:25+00:00\",\"description\":\"Julia Navarro se acerca en el podcast de esta semana a la Red Xavier de la mano de su coordinadora, Jenny Cafiso.\",\"breadcrumb\":{\"@id\":\"https:\\\/\\\/www.entreculturas.org\\\/fr\\\/podcast\\\/julia-navarro-podcast-ong-entreculturas-red-xavier\\\/#breadcrumb\"},\"inLanguage\":\"fr-FR\",\"potentialAction\":[{\"@type\":\"ReadAction\",\"target\":[\"https:\\\/\\\/www.entreculturas.org\\\/fr\\\/podcast\\\/julia-navarro-podcast-ong-entreculturas-red-xavier\\\/\"]}]},{\"@type\":\"ImageObject\",\"inLanguage\":\"fr-FR\",\"@id\":\"https:\\\/\\\/www.entreculturas.org\\\/fr\\\/podcast\\\/julia-navarro-podcast-ong-entreculturas-red-xavier\\\/#primaryimage\",\"url\":\"https:\\\/\\\/www.entreculturas.org\\\/wp-content\\\/uploads\\\/2024\\\/11\\\/Somos.jpg\",\"contentUrl\":\"https:\\\/\\\/www.entreculturas.org\\\/wp-content\\\/uploads\\\/2024\\\/11\\\/Somos.jpg\",\"width\":800,\"height\":533,\"caption\":\"Julia Navarro\"},{\"@type\":\"BreadcrumbList\",\"@id\":\"https:\\\/\\\/www.entreculturas.org\\\/fr\\\/podcast\\\/julia-navarro-podcast-ong-entreculturas-red-xavier\\\/#breadcrumb\",\"itemListElement\":[{\"@type\":\"ListItem\",\"position\":1,\"name\":\"Home\",\"item\":\"https:\\\/\\\/www.entreculturas.org\\\/fr\\\/\"},{\"@type\":\"ListItem\",\"position\":2,\"name\":\"Podcast Julia Navarro\",\"item\":\"https:\\\/\\\/www.entreculturas.org\\\/fr\\\/podcasts\\\/\"},{\"@type\":\"ListItem\",\"position\":3,\"name\":\"\u00ab\u00a0Estamos unidos por una misi\u00f3n com\u00fan: crear un mundo m\u00e1s justo\u00a0\u00bb\"}]},{\"@type\":\"WebSite\",\"@id\":\"https:\\\/\\\/www.entreculturas.org\\\/fr\\\/#website\",\"url\":\"https:\\\/\\\/www.entreculturas.org\\\/fr\\\/\",\"name\":\"Entreculturas\",\"description\":\"\",\"publisher\":{\"@id\":\"https:\\\/\\\/www.entreculturas.org\\\/fr\\\/#organization\"},\"alternateName\":\"Entreculturas\",\"potentialAction\":[{\"@type\":\"SearchAction\",\"target\":{\"@type\":\"EntryPoint\",\"urlTemplate\":\"https:\\\/\\\/www.entreculturas.org\\\/fr\\\/?s={search_term_string}\"},\"query-input\":{\"@type\":\"PropertyValueSpecification\",\"valueRequired\":true,\"valueName\":\"search_term_string\"}}],\"inLanguage\":\"fr-FR\"},{\"@type\":\"Organization\",\"@id\":\"https:\\\/\\\/www.entreculturas.org\\\/fr\\\/#organization\",\"name\":\"Entreculturas\",\"url\":\"https:\\\/\\\/www.entreculturas.org\\\/fr\\\/\",\"logo\":{\"@type\":\"ImageObject\",\"inLanguage\":\"fr-FR\",\"@id\":\"https:\\\/\\\/www.entreculturas.org\\\/fr\\\/#\\\/schema\\\/logo\\\/image\\\/\",\"url\":\"https:\\\/\\\/www.entreculturas.org\\\/wp-content\\\/uploads\\\/2025\\\/10\\\/ESP.svg\",\"contentUrl\":\"https:\\\/\\\/www.entreculturas.org\\\/wp-content\\\/uploads\\\/2025\\\/10\\\/ESP.svg\",\"caption\":\"Entreculturas\"},\"image\":{\"@id\":\"https:\\\/\\\/www.entreculturas.org\\\/fr\\\/#\\\/schema\\\/logo\\\/image\\\/\"},\"sameAs\":[\"https:\\\/\\\/www.facebook.com\\\/entreculturas\",\"https:\\\/\\\/x.com\\\/Entreculturas\",\"https:\\\/\\\/www.instagram.com\\\/entreculturas\\\/\",\"https:\\\/\\\/www.youtube.com\\\/user\\\/entreculturasvideo\",\"https:\\\/\\\/www.linkedin.com\\\/company\\\/fundacion-entreculturas-ngdo\\\/\",\"https:\\\/\\\/www.flickr.com\\\/photos\\\/98455522@N04\\\/albums\\\/\"]}]}<\/script>\n<!-- \/ Yoast SEO Premium plugin. -->","yoast_head_json":{"title":"Julia Navarro conversa sobre la Red Xavier con su Jenny Cafiso.","description":"Julia Navarro se acerca en el podcast de esta semana a la Red Xavier de la mano de su coordinadora, Jenny Cafiso.","robots":{"index":"index","follow":"follow","max-snippet":"max-snippet:-1","max-image-preview":"max-image-preview:large","max-video-preview":"max-video-preview:-1"},"canonical":"https:\/\/www.entreculturas.org\/fr\/podcast\/julia-navarro-podcast-ong-entreculturas-red-xavier\/","og_locale":"fr_FR","og_type":"article","og_title":"\"Estamos unidos por una misi\u00f3n com\u00fan: crear un mundo m\u00e1s justo\"","og_description":"Julia Navarro se acerca en el podcast de esta semana a la Red Xavier de la mano de su coordinadora, Jenny Cafiso.","og_url":"https:\/\/www.entreculturas.org\/fr\/podcast\/julia-navarro-podcast-ong-entreculturas-red-xavier\/","og_site_name":"Entreculturas","article_publisher":"https:\/\/www.facebook.com\/entreculturas","article_modified_time":"2024-11-28T08:51:25+00:00","og_image":[{"width":800,"height":533,"url":"https:\/\/www.entreculturas.org\/wp-content\/uploads\/2024\/11\/Somos.jpg","type":"image\/jpeg"}],"twitter_card":"summary_large_image","twitter_site":"@Entreculturas","schema":{"@context":"https:\/\/schema.org","@graph":[{"@type":"WebPage","@id":"https:\/\/www.entreculturas.org\/fr\/podcast\/julia-navarro-podcast-ong-entreculturas-red-xavier\/","url":"https:\/\/www.entreculturas.org\/fr\/podcast\/julia-navarro-podcast-ong-entreculturas-red-xavier\/","name":"Julia Navarro conversa sobre la Red Xavier con su Jenny Cafiso.","isPartOf":{"@id":"https:\/\/www.entreculturas.org\/fr\/#website"},"primaryImageOfPage":{"@id":"https:\/\/www.entreculturas.org\/fr\/podcast\/julia-navarro-podcast-ong-entreculturas-red-xavier\/#primaryimage"},"image":{"@id":"https:\/\/www.entreculturas.org\/fr\/podcast\/julia-navarro-podcast-ong-entreculturas-red-xavier\/#primaryimage"},"thumbnailUrl":"https:\/\/www.entreculturas.org\/wp-content\/uploads\/2024\/11\/Somos.jpg","datePublished":"2024-11-27T09:35:23+00:00","dateModified":"2024-11-28T08:51:25+00:00","description":"Julia Navarro se acerca en el podcast de esta semana a la Red Xavier de la mano de su coordinadora, Jenny Cafiso.","breadcrumb":{"@id":"https:\/\/www.entreculturas.org\/fr\/podcast\/julia-navarro-podcast-ong-entreculturas-red-xavier\/#breadcrumb"},"inLanguage":"fr-FR","potentialAction":[{"@type":"ReadAction","target":["https:\/\/www.entreculturas.org\/fr\/podcast\/julia-navarro-podcast-ong-entreculturas-red-xavier\/"]}]},{"@type":"ImageObject","inLanguage":"fr-FR","@id":"https:\/\/www.entreculturas.org\/fr\/podcast\/julia-navarro-podcast-ong-entreculturas-red-xavier\/#primaryimage","url":"https:\/\/www.entreculturas.org\/wp-content\/uploads\/2024\/11\/Somos.jpg","contentUrl":"https:\/\/www.entreculturas.org\/wp-content\/uploads\/2024\/11\/Somos.jpg","width":800,"height":533,"caption":"Julia Navarro"},{"@type":"BreadcrumbList","@id":"https:\/\/www.entreculturas.org\/fr\/podcast\/julia-navarro-podcast-ong-entreculturas-red-xavier\/#breadcrumb","itemListElement":[{"@type":"ListItem","position":1,"name":"Home","item":"https:\/\/www.entreculturas.org\/fr\/"},{"@type":"ListItem","position":2,"name":"Podcast Julia Navarro","item":"https:\/\/www.entreculturas.org\/fr\/podcasts\/"},{"@type":"ListItem","position":3,"name":"\u00ab\u00a0Estamos unidos por una misi\u00f3n com\u00fan: crear un mundo m\u00e1s justo\u00a0\u00bb"}]},{"@type":"WebSite","@id":"https:\/\/www.entreculturas.org\/fr\/#website","url":"https:\/\/www.entreculturas.org\/fr\/","name":"Entreculturas","description":"","publisher":{"@id":"https:\/\/www.entreculturas.org\/fr\/#organization"},"alternateName":"Entreculturas","potentialAction":[{"@type":"SearchAction","target":{"@type":"EntryPoint","urlTemplate":"https:\/\/www.entreculturas.org\/fr\/?s={search_term_string}"},"query-input":{"@type":"PropertyValueSpecification","valueRequired":true,"valueName":"search_term_string"}}],"inLanguage":"fr-FR"},{"@type":"Organization","@id":"https:\/\/www.entreculturas.org\/fr\/#organization","name":"Entreculturas","url":"https:\/\/www.entreculturas.org\/fr\/","logo":{"@type":"ImageObject","inLanguage":"fr-FR","@id":"https:\/\/www.entreculturas.org\/fr\/#\/schema\/logo\/image\/","url":"https:\/\/www.entreculturas.org\/wp-content\/uploads\/2025\/10\/ESP.svg","contentUrl":"https:\/\/www.entreculturas.org\/wp-content\/uploads\/2025\/10\/ESP.svg","caption":"Entreculturas"},"image":{"@id":"https:\/\/www.entreculturas.org\/fr\/#\/schema\/logo\/image\/"},"sameAs":["https:\/\/www.facebook.com\/entreculturas","https:\/\/x.com\/Entreculturas","https:\/\/www.instagram.com\/entreculturas\/","https:\/\/www.youtube.com\/user\/entreculturasvideo","https:\/\/www.linkedin.com\/company\/fundacion-entreculturas-ngdo\/","https:\/\/www.flickr.com\/photos\/98455522@N04\/albums\/"]}]}},"_links":{"self":[{"href":"https:\/\/www.entreculturas.org\/fr\/wp-json\/wp\/v2\/podcast\/35811","targetHints":{"allow":["GET"]}}],"collection":[{"href":"https:\/\/www.entreculturas.org\/fr\/wp-json\/wp\/v2\/podcast"}],"about":[{"href":"https:\/\/www.entreculturas.org\/fr\/wp-json\/wp\/v2\/types\/podcast"}],"wp:featuredmedia":[{"embeddable":true,"href":"https:\/\/www.entreculturas.org\/fr\/wp-json\/wp\/v2\/media\/35813"}],"wp:attachment":[{"href":"https:\/\/www.entreculturas.org\/fr\/wp-json\/wp\/v2\/media?parent=35811"}],"wp:term":[{"taxonomy":"category","embeddable":true,"href":"https:\/\/www.entreculturas.org\/fr\/wp-json\/wp\/v2\/categories?post=35811"},{"taxonomy":"post_tag","embeddable":true,"href":"https:\/\/www.entreculturas.org\/fr\/wp-json\/wp\/v2\/tags?post=35811"}],"curies":[{"name":"wp","href":"https:\/\/api.w.org\/{rel}","templated":true}]}}