{"id":32436,"date":"2024-09-19T10:37:40","date_gmt":"2024-09-19T08:37:40","guid":{"rendered":"https:\/\/www.entreculturas.org\/?post_type=podcast&#038;p=32436"},"modified":"2024-10-16T19:51:19","modified_gmt":"2024-10-16T17:51:19","slug":"la-paz-por-medios-pacificos-es-nuestro-reto","status":"publish","type":"podcast","link":"https:\/\/www.entreculturas.org\/fr\/podcast\/la-paz-por-medios-pacificos-es-nuestro-reto\/","title":{"rendered":"\u00ab\u00a0La paz por medios pac\u00edficos es nuestro reto\u00a0\u00bb"},"content":{"rendered":"\n<p>Esta semana en Voces por una Causa, la escritora <strong>Julia Navarro conversa con Mar\u00eda Jes\u00fas Luna Serreta,<\/strong> directora del <a href=\"https:\/\/seipaz.org\/\">Seminario de Investigaci\u00f3n para la Paz<\/a><strong>. <\/strong>Con ella, con motivo del D\u00eda Internacional de la Paz, nos acercamos a la resoluci\u00f3n de conflictos, a la mediaci\u00f3n y al di\u00e1logo como herramientas fundamentales para la <strong>construcci\u00f3n de paz.<\/strong>&nbsp;<\/p>\n\n\n\n<p>En este cap\u00edtulo <strong>Luna <\/strong>nos habla de<strong> <\/strong>la importancia de diferenciar <strong>conflicto y violencia.<\/strong> \u201cEl conflicto no es negativo ni es malo de por s\u00ed. El conflicto es consustancial a la vida humana, porque somos diferentes. <strong>El problema es cuando resolvemos el conflicto con violencia\u201d.<\/strong><\/p>\n\n\n\n<p>Adem\u00e1s, <strong>Luna <\/strong>resalta que \u201clo cierto es que, a lo largo de nuestra historia hemos resuelto muchos m\u00e1s conflictos de manera pac\u00edfica que violenta.<strong> Pero los conflictos nos llegan con una mayor cobertura que la paz<\/strong>\u201d. Desde el Seminario de Investigaci\u00f3n, fundaci\u00f3n jesuita fundada en 1984 para contribuir a la construcci\u00f3n de la paz, han generado un espacio colectivo y multidisciplinar, bajo dos l\u00edneas de trabajo: \u201ccontextos y conflictos internacionales; y las paces de cada d\u00eda\u201d.&nbsp;<\/p>\n\n\n\n<p><strong>Luna<\/strong> y <strong>Julia<\/strong> tambi\u00e9n profundizan en la importancia de la educaci\u00f3n para la construcci\u00f3n de una cultura de paz y reconciliaci\u00f3n, sobre todo para j\u00f3venes. Luna cuenta c\u00f3mo desde el Seminario se ha promovido la <strong>mediaci\u00f3n educativa <\/strong>como una alternativa a la resoluci\u00f3n de los conflictos en la escuela. \u201cEn cualquier caso, la clave est\u00e1 en los medios a trav\u00e9s de los cuales pensamos que puede conseguirse esa paz. Ah\u00ed est\u00e1 la gran diferencia; <strong>la paz por medios pac\u00edficos es nuestro reto<\/strong>\u201d, concluye Luna.<\/p>\n\n\n\n<p>\u2018<strong>Voces por una Causa\u2019 es el podcast semanal de Entreculturas<\/strong>. Los programas se emiten todos los jueves en nuestro canal de <a href=\"https:\/\/www.youtube.com\/c\/EntreculturasOrg915902672\">Youtube<\/a>, en <a href=\"https:\/\/open.spotify.com\/show\/6dS5JsqnsWrnHL1gwead1A\">Spotify<\/a>, en <a href=\"https:\/\/www.ivoox.com\/perfil-entreculturas_a8_listener_28185270_1.html\">Ivoox<\/a>, y en <a href=\"https:\/\/podcasts.apple.com\/us\/podcast\/entreculturas-voces-por-una-causa\/id1621485462\">Apple Podcast<\/a>.<\/p>\n\n\n\n<iframe style=\"border-radius:12px\" src=\"https:\/\/open.spotify.com\/embed\/episode\/4vabMnwv8soguriugwc6s7?utm_source=generator\" width=\"100%\" height=\"352\" frameBorder=\"0\" allowfullscreen=\"\" allow=\"autoplay; clipboard-write; encrypted-media; fullscreen; picture-in-picture\" loading=\"lazy\"><\/iframe>\n","protected":false},"excerpt":{"rendered":"<p>Esta semana en Voces por una Causa, la escritora Julia Navarro conversa con Mar\u00eda Jes\u00fas Luna Serreta, directora del Seminario de Investigaci\u00f3n para la Paz. Con ella, con motivo del D\u00eda Internacional de la Paz, nos acercamos a la resoluci\u00f3n de conflictos, a la mediaci\u00f3n y al di\u00e1logo como herramientas fundamentales para la construcci\u00f3n de paz.&nbsp; En este cap\u00edtulo Luna nos habla de la importancia de diferenciar conflicto y violencia. \u201cEl conflicto no es negativo ni es malo de por s\u00ed. El conflicto es consustancial a la vida humana, porque somos diferentes. El problema es cuando resolvemos el conflicto con violencia\u201d. Adem\u00e1s, Luna resalta que \u201clo cierto es que, a lo largo de nuestra historia hemos resuelto muchos m\u00e1s conflictos de manera pac\u00edfica que violenta. Pero los conflictos nos llegan con una mayor cobertura que la paz\u201d. Desde el Seminario de Investigaci\u00f3n, fundaci\u00f3n jesuita fundada en 1984 para contribuir a [&hellip;]<\/p>\n","protected":false},"featured_media":32443,"template":"","meta":{"_acf_changed":true},"categories":[],"tags":[],"class_list":["post-32436","podcast","type-podcast","status-publish","has-post-thumbnail","hentry"],"acf":[],"yoast_head":"<!-- This site is optimized with the Yoast SEO Premium plugin v21.6 (Yoast SEO v27.5) - https:\/\/yoast.com\/product\/yoast-seo-premium-wordpress\/ -->\n<title>&quot;La paz por medios pac\u00edficos es nuestro reto&quot; - Entreculturas<\/title>\n<meta name=\"description\" content=\"Esta semana en Voces por una Causa, la escritora Julia Navarro conversa con Mar\u00eda Jes\u00fas Luna Serreta, directora del Seminario de Investigaci\u00f3n para la Paz. Con ella, con motivo del D\u00eda Internacional de la Paz, nos acercamos a la resoluci\u00f3n de conflictos, a la mediaci\u00f3n y al di\u00e1logo como herramientas fundamentales para la construcci\u00f3n de paz.\u00a0\" \/>\n<meta name=\"robots\" content=\"index, follow, max-snippet:-1, max-image-preview:large, max-video-preview:-1\" \/>\n<link rel=\"canonical\" href=\"https:\/\/www.entreculturas.org\/fr\/podcast\/la-paz-por-medios-pacificos-es-nuestro-reto\/\" \/>\n<meta property=\"og:locale\" content=\"fr_FR\" \/>\n<meta property=\"og:type\" content=\"article\" \/>\n<meta property=\"og:title\" content=\"&quot;La paz por medios pac\u00edficos es nuestro reto&quot;\" \/>\n<meta property=\"og:description\" content=\"Esta semana en Voces por una Causa, la escritora Julia Navarro conversa con Mar\u00eda Jes\u00fas Luna Serreta, directora del Seminario de Investigaci\u00f3n para la Paz. Con ella, con motivo del D\u00eda Internacional de la Paz, nos acercamos a la resoluci\u00f3n de conflictos, a la mediaci\u00f3n y al di\u00e1logo como herramientas fundamentales para la construcci\u00f3n de paz.\u00a0\" \/>\n<meta property=\"og:url\" content=\"https:\/\/www.entreculturas.org\/fr\/podcast\/la-paz-por-medios-pacificos-es-nuestro-reto\/\" \/>\n<meta property=\"og:site_name\" content=\"Entreculturas\" \/>\n<meta property=\"article:publisher\" content=\"https:\/\/www.facebook.com\/entreculturas\" \/>\n<meta property=\"article:modified_time\" content=\"2024-10-16T17:51:19+00:00\" \/>\n<meta property=\"og:image\" content=\"https:\/\/www.entreculturas.org\/wp-content\/uploads\/2024\/09\/WEB.jpg\" \/>\n\t<meta property=\"og:image:width\" content=\"800\" \/>\n\t<meta property=\"og:image:height\" content=\"533\" \/>\n\t<meta property=\"og:image:type\" content=\"image\/jpeg\" \/>\n<meta name=\"twitter:card\" content=\"summary_large_image\" \/>\n<meta name=\"twitter:site\" content=\"@Entreculturas\" \/>\n<script type=\"application\/ld+json\" class=\"yoast-schema-graph\">{\"@context\":\"https:\\\/\\\/schema.org\",\"@graph\":[{\"@type\":\"WebPage\",\"@id\":\"https:\\\/\\\/www.entreculturas.org\\\/fr\\\/podcast\\\/la-paz-por-medios-pacificos-es-nuestro-reto\\\/\",\"url\":\"https:\\\/\\\/www.entreculturas.org\\\/fr\\\/podcast\\\/la-paz-por-medios-pacificos-es-nuestro-reto\\\/\",\"name\":\"\\\"La paz por medios pac\u00edficos es nuestro reto\\\" - Entreculturas\",\"isPartOf\":{\"@id\":\"https:\\\/\\\/www.entreculturas.org\\\/fr\\\/#website\"},\"primaryImageOfPage\":{\"@id\":\"https:\\\/\\\/www.entreculturas.org\\\/fr\\\/podcast\\\/la-paz-por-medios-pacificos-es-nuestro-reto\\\/#primaryimage\"},\"image\":{\"@id\":\"https:\\\/\\\/www.entreculturas.org\\\/fr\\\/podcast\\\/la-paz-por-medios-pacificos-es-nuestro-reto\\\/#primaryimage\"},\"thumbnailUrl\":\"https:\\\/\\\/www.entreculturas.org\\\/wp-content\\\/uploads\\\/2024\\\/09\\\/WEB.jpg\",\"datePublished\":\"2024-09-19T08:37:40+00:00\",\"dateModified\":\"2024-10-16T17:51:19+00:00\",\"description\":\"Esta semana en Voces por una Causa, la escritora Julia Navarro conversa con Mar\u00eda Jes\u00fas Luna Serreta, directora del Seminario de Investigaci\u00f3n para la Paz. Con ella, con motivo del D\u00eda Internacional de la Paz, nos acercamos a la resoluci\u00f3n de conflictos, a la mediaci\u00f3n y al di\u00e1logo como herramientas fundamentales para la construcci\u00f3n de paz.\u00a0\",\"breadcrumb\":{\"@id\":\"https:\\\/\\\/www.entreculturas.org\\\/fr\\\/podcast\\\/la-paz-por-medios-pacificos-es-nuestro-reto\\\/#breadcrumb\"},\"inLanguage\":\"fr-FR\",\"potentialAction\":[{\"@type\":\"ReadAction\",\"target\":[\"https:\\\/\\\/www.entreculturas.org\\\/fr\\\/podcast\\\/la-paz-por-medios-pacificos-es-nuestro-reto\\\/\"]}]},{\"@type\":\"ImageObject\",\"inLanguage\":\"fr-FR\",\"@id\":\"https:\\\/\\\/www.entreculturas.org\\\/fr\\\/podcast\\\/la-paz-por-medios-pacificos-es-nuestro-reto\\\/#primaryimage\",\"url\":\"https:\\\/\\\/www.entreculturas.org\\\/wp-content\\\/uploads\\\/2024\\\/09\\\/WEB.jpg\",\"contentUrl\":\"https:\\\/\\\/www.entreculturas.org\\\/wp-content\\\/uploads\\\/2024\\\/09\\\/WEB.jpg\",\"width\":800,\"height\":533},{\"@type\":\"BreadcrumbList\",\"@id\":\"https:\\\/\\\/www.entreculturas.org\\\/fr\\\/podcast\\\/la-paz-por-medios-pacificos-es-nuestro-reto\\\/#breadcrumb\",\"itemListElement\":[{\"@type\":\"ListItem\",\"position\":1,\"name\":\"Home\",\"item\":\"https:\\\/\\\/www.entreculturas.org\\\/fr\\\/\"},{\"@type\":\"ListItem\",\"position\":2,\"name\":\"Podcast Julia Navarro\",\"item\":\"https:\\\/\\\/www.entreculturas.org\\\/fr\\\/podcasts\\\/\"},{\"@type\":\"ListItem\",\"position\":3,\"name\":\"\u00ab\u00a0La paz por medios pac\u00edficos es nuestro reto\u00a0\u00bb\"}]},{\"@type\":\"WebSite\",\"@id\":\"https:\\\/\\\/www.entreculturas.org\\\/fr\\\/#website\",\"url\":\"https:\\\/\\\/www.entreculturas.org\\\/fr\\\/\",\"name\":\"Entreculturas\",\"description\":\"\",\"publisher\":{\"@id\":\"https:\\\/\\\/www.entreculturas.org\\\/fr\\\/#organization\"},\"alternateName\":\"Entreculturas\",\"potentialAction\":[{\"@type\":\"SearchAction\",\"target\":{\"@type\":\"EntryPoint\",\"urlTemplate\":\"https:\\\/\\\/www.entreculturas.org\\\/fr\\\/?s={search_term_string}\"},\"query-input\":{\"@type\":\"PropertyValueSpecification\",\"valueRequired\":true,\"valueName\":\"search_term_string\"}}],\"inLanguage\":\"fr-FR\"},{\"@type\":\"Organization\",\"@id\":\"https:\\\/\\\/www.entreculturas.org\\\/fr\\\/#organization\",\"name\":\"Entreculturas\",\"url\":\"https:\\\/\\\/www.entreculturas.org\\\/fr\\\/\",\"logo\":{\"@type\":\"ImageObject\",\"inLanguage\":\"fr-FR\",\"@id\":\"https:\\\/\\\/www.entreculturas.org\\\/fr\\\/#\\\/schema\\\/logo\\\/image\\\/\",\"url\":\"https:\\\/\\\/www.entreculturas.org\\\/wp-content\\\/uploads\\\/2025\\\/10\\\/ESP.svg\",\"contentUrl\":\"https:\\\/\\\/www.entreculturas.org\\\/wp-content\\\/uploads\\\/2025\\\/10\\\/ESP.svg\",\"caption\":\"Entreculturas\"},\"image\":{\"@id\":\"https:\\\/\\\/www.entreculturas.org\\\/fr\\\/#\\\/schema\\\/logo\\\/image\\\/\"},\"sameAs\":[\"https:\\\/\\\/www.facebook.com\\\/entreculturas\",\"https:\\\/\\\/x.com\\\/Entreculturas\",\"https:\\\/\\\/www.instagram.com\\\/entreculturas\\\/\",\"https:\\\/\\\/www.youtube.com\\\/user\\\/entreculturasvideo\",\"https:\\\/\\\/www.linkedin.com\\\/company\\\/fundacion-entreculturas-ngdo\\\/\",\"https:\\\/\\\/www.flickr.com\\\/photos\\\/98455522@N04\\\/albums\\\/\"]}]}<\/script>\n<!-- \/ Yoast SEO Premium plugin. -->","yoast_head_json":{"title":"\"La paz por medios pac\u00edficos es nuestro reto\" - Entreculturas","description":"Esta semana en Voces por una Causa, la escritora Julia Navarro conversa con Mar\u00eda Jes\u00fas Luna Serreta, directora del Seminario de Investigaci\u00f3n para la Paz. Con ella, con motivo del D\u00eda Internacional de la Paz, nos acercamos a la resoluci\u00f3n de conflictos, a la mediaci\u00f3n y al di\u00e1logo como herramientas fundamentales para la construcci\u00f3n de paz.\u00a0","robots":{"index":"index","follow":"follow","max-snippet":"max-snippet:-1","max-image-preview":"max-image-preview:large","max-video-preview":"max-video-preview:-1"},"canonical":"https:\/\/www.entreculturas.org\/fr\/podcast\/la-paz-por-medios-pacificos-es-nuestro-reto\/","og_locale":"fr_FR","og_type":"article","og_title":"\"La paz por medios pac\u00edficos es nuestro reto\"","og_description":"Esta semana en Voces por una Causa, la escritora Julia Navarro conversa con Mar\u00eda Jes\u00fas Luna Serreta, directora del Seminario de Investigaci\u00f3n para la Paz. Con ella, con motivo del D\u00eda Internacional de la Paz, nos acercamos a la resoluci\u00f3n de conflictos, a la mediaci\u00f3n y al di\u00e1logo como herramientas fundamentales para la construcci\u00f3n de paz.\u00a0","og_url":"https:\/\/www.entreculturas.org\/fr\/podcast\/la-paz-por-medios-pacificos-es-nuestro-reto\/","og_site_name":"Entreculturas","article_publisher":"https:\/\/www.facebook.com\/entreculturas","article_modified_time":"2024-10-16T17:51:19+00:00","og_image":[{"width":800,"height":533,"url":"https:\/\/www.entreculturas.org\/wp-content\/uploads\/2024\/09\/WEB.jpg","type":"image\/jpeg"}],"twitter_card":"summary_large_image","twitter_site":"@Entreculturas","schema":{"@context":"https:\/\/schema.org","@graph":[{"@type":"WebPage","@id":"https:\/\/www.entreculturas.org\/fr\/podcast\/la-paz-por-medios-pacificos-es-nuestro-reto\/","url":"https:\/\/www.entreculturas.org\/fr\/podcast\/la-paz-por-medios-pacificos-es-nuestro-reto\/","name":"\"La paz por medios pac\u00edficos es nuestro reto\" - Entreculturas","isPartOf":{"@id":"https:\/\/www.entreculturas.org\/fr\/#website"},"primaryImageOfPage":{"@id":"https:\/\/www.entreculturas.org\/fr\/podcast\/la-paz-por-medios-pacificos-es-nuestro-reto\/#primaryimage"},"image":{"@id":"https:\/\/www.entreculturas.org\/fr\/podcast\/la-paz-por-medios-pacificos-es-nuestro-reto\/#primaryimage"},"thumbnailUrl":"https:\/\/www.entreculturas.org\/wp-content\/uploads\/2024\/09\/WEB.jpg","datePublished":"2024-09-19T08:37:40+00:00","dateModified":"2024-10-16T17:51:19+00:00","description":"Esta semana en Voces por una Causa, la escritora Julia Navarro conversa con Mar\u00eda Jes\u00fas Luna Serreta, directora del Seminario de Investigaci\u00f3n para la Paz. Con ella, con motivo del D\u00eda Internacional de la Paz, nos acercamos a la resoluci\u00f3n de conflictos, a la mediaci\u00f3n y al di\u00e1logo como herramientas fundamentales para la construcci\u00f3n de paz.\u00a0","breadcrumb":{"@id":"https:\/\/www.entreculturas.org\/fr\/podcast\/la-paz-por-medios-pacificos-es-nuestro-reto\/#breadcrumb"},"inLanguage":"fr-FR","potentialAction":[{"@type":"ReadAction","target":["https:\/\/www.entreculturas.org\/fr\/podcast\/la-paz-por-medios-pacificos-es-nuestro-reto\/"]}]},{"@type":"ImageObject","inLanguage":"fr-FR","@id":"https:\/\/www.entreculturas.org\/fr\/podcast\/la-paz-por-medios-pacificos-es-nuestro-reto\/#primaryimage","url":"https:\/\/www.entreculturas.org\/wp-content\/uploads\/2024\/09\/WEB.jpg","contentUrl":"https:\/\/www.entreculturas.org\/wp-content\/uploads\/2024\/09\/WEB.jpg","width":800,"height":533},{"@type":"BreadcrumbList","@id":"https:\/\/www.entreculturas.org\/fr\/podcast\/la-paz-por-medios-pacificos-es-nuestro-reto\/#breadcrumb","itemListElement":[{"@type":"ListItem","position":1,"name":"Home","item":"https:\/\/www.entreculturas.org\/fr\/"},{"@type":"ListItem","position":2,"name":"Podcast Julia Navarro","item":"https:\/\/www.entreculturas.org\/fr\/podcasts\/"},{"@type":"ListItem","position":3,"name":"\u00ab\u00a0La paz por medios pac\u00edficos es nuestro reto\u00a0\u00bb"}]},{"@type":"WebSite","@id":"https:\/\/www.entreculturas.org\/fr\/#website","url":"https:\/\/www.entreculturas.org\/fr\/","name":"Entreculturas","description":"","publisher":{"@id":"https:\/\/www.entreculturas.org\/fr\/#organization"},"alternateName":"Entreculturas","potentialAction":[{"@type":"SearchAction","target":{"@type":"EntryPoint","urlTemplate":"https:\/\/www.entreculturas.org\/fr\/?s={search_term_string}"},"query-input":{"@type":"PropertyValueSpecification","valueRequired":true,"valueName":"search_term_string"}}],"inLanguage":"fr-FR"},{"@type":"Organization","@id":"https:\/\/www.entreculturas.org\/fr\/#organization","name":"Entreculturas","url":"https:\/\/www.entreculturas.org\/fr\/","logo":{"@type":"ImageObject","inLanguage":"fr-FR","@id":"https:\/\/www.entreculturas.org\/fr\/#\/schema\/logo\/image\/","url":"https:\/\/www.entreculturas.org\/wp-content\/uploads\/2025\/10\/ESP.svg","contentUrl":"https:\/\/www.entreculturas.org\/wp-content\/uploads\/2025\/10\/ESP.svg","caption":"Entreculturas"},"image":{"@id":"https:\/\/www.entreculturas.org\/fr\/#\/schema\/logo\/image\/"},"sameAs":["https:\/\/www.facebook.com\/entreculturas","https:\/\/x.com\/Entreculturas","https:\/\/www.instagram.com\/entreculturas\/","https:\/\/www.youtube.com\/user\/entreculturasvideo","https:\/\/www.linkedin.com\/company\/fundacion-entreculturas-ngdo\/","https:\/\/www.flickr.com\/photos\/98455522@N04\/albums\/"]}]}},"_links":{"self":[{"href":"https:\/\/www.entreculturas.org\/fr\/wp-json\/wp\/v2\/podcast\/32436","targetHints":{"allow":["GET"]}}],"collection":[{"href":"https:\/\/www.entreculturas.org\/fr\/wp-json\/wp\/v2\/podcast"}],"about":[{"href":"https:\/\/www.entreculturas.org\/fr\/wp-json\/wp\/v2\/types\/podcast"}],"wp:featuredmedia":[{"embeddable":true,"href":"https:\/\/www.entreculturas.org\/fr\/wp-json\/wp\/v2\/media\/32443"}],"wp:attachment":[{"href":"https:\/\/www.entreculturas.org\/fr\/wp-json\/wp\/v2\/media?parent=32436"}],"wp:term":[{"taxonomy":"category","embeddable":true,"href":"https:\/\/www.entreculturas.org\/fr\/wp-json\/wp\/v2\/categories?post=32436"},{"taxonomy":"post_tag","embeddable":true,"href":"https:\/\/www.entreculturas.org\/fr\/wp-json\/wp\/v2\/tags?post=32436"}],"curies":[{"name":"wp","href":"https:\/\/api.w.org\/{rel}","templated":true}]}}