{"id":22487,"date":"2024-03-14T10:59:24","date_gmt":"2024-03-14T09:59:24","guid":{"rendered":"https:\/\/www.entreculturas.org\/?post_type=podcast&#038;p=22487"},"modified":"2024-11-08T15:46:41","modified_gmt":"2024-11-08T14:46:41","slug":"julia-navarro-podcast-ong-entreculturas-mujer-defensa-naturaleza","status":"publish","type":"podcast","link":"https:\/\/www.entreculturas.org\/fr\/podcast\/julia-navarro-podcast-ong-entreculturas-mujer-defensa-naturaleza\/","title":{"rendered":"\u00ab\u00a0Las mujeres son las primeras que buscan la manera de defender los derechos de sus comunidades\u201d"},"content":{"rendered":"\n<p>Esta semana en <a href=\"https:\/\/www.entreculturas.org\/podcast\/\">Voces por una Causa<\/a>, la escritora <strong>Julia Navarro conversa con Leticia Hern\u00e1ndez, defensora del pueblo N\u00e1huatl y otras comunidades ind\u00edgenas de Veracruz, M\u00e9xico,<\/strong> que nos ha visitado en el marzo de la <a href=\"https:\/\/defensoras.somos-amazonia.org\/\">campa\u00f1a Defensoras de la Casa Com\u00fan<\/a>, que <a href=\"https:\/\/www.alboan.org\/es\">Alboan<\/a> y Entreculturas hemos lanzado con motivo del D\u00eda Internacional de la Mujer. Con ella, nos acercamos al importante papel que tienen las mujeres en la defensa y protecci\u00f3n del medioambiente.\u00a0<\/p>\n\n\n\n<h2 class=\"wp-block-heading\" id=\"h-de-que-nos-habla-cecilia-villarroel-en-el-episodio\"><strong>\u00bfDe qu\u00e9 nos habla Cecilia Villarroel en el episodio?<\/strong><\/h2>\n\n\n\n<p>En este episodio Leticia nos habla de las principales amenazas ambientales que afectan a las comunidades ind\u00edgenas, se\u00f1alando c\u00f3mo \u201c<strong>los megaproyectos mineros que han entrado en M\u00e9xico han fortalecido los problemas de escasez de agua\u201d<\/strong>. Leticia tambi\u00e9n afirma que la \u201ccuesti\u00f3n del despojo de territorios ind\u00edgenas no es algo nuevo, sin embargo en los \u00faltimos a\u00f1os s\u00ed que se ha presionado m\u00e1s a trav\u00e9s de cuestiones ambientales\u201d.\u00a0<\/p>\n\n\n\n<p>Adem\u00e1s, Leticia y Julia Navarro profundizan en el papel que est\u00e1n jugando las mujeres en la defensa de los derechos de las comunidades ind\u00edgenas en M\u00e9xico. En palabras de Leticia, \u201clas mujeres son las que siempre han estado en esos espacios del hogar, por eso <strong>son las primeras que empiezan a resistir<\/strong>, no solo f\u00edsicamente, no solo emocionalmente, sino que tambi\u00e9n viendo la manera de c\u00f3mo enfrentar esta situaci\u00f3n\u201d. Adem\u00e1s, tambi\u00e9n se\u00f1ala c\u00f3mo \u00ab\u00a0ser mujer e ind\u00edgena es mucho m\u00e1s dif\u00edcil porque a veces la discriminaci\u00f3n se minimiza\u00a0\u00bb.<\/p>\n\n\n\n<p>Por \u00faltimo, Leticia recalca la importancia de <strong>dar voz a las injusticias y las violencias a las que se tienen que enfrentar las mujeres<\/strong> por defender la naturaleza: \u201cHe decidido enfrentar un problema que no s\u00f3lo me toc\u00f3 vivir, sino que me sigue afectando. Escuchar todos los d\u00edas estas experiencias me hace no ser c\u00f3mplice, ya que hay pocos espacios e instituciones que las respaldan y las escuchan\u201d.<\/p>\n\n\n\n<h2 class=\"wp-block-heading\" id=\"h-que-es-voces-por-una-causa-con-julia-navarro\"><strong>\u00bfQu\u00e9 es \u2018Voces por una Causa\u2019 con Julia Navarro?<\/strong><\/h2>\n\n\n\n<p><strong>Julia Navarro<\/strong> presenta <a href=\"https:\/\/www.entreculturas.org\/podcast\/\"><strong>\u2018Voces por una causa\u2019<\/strong><\/a><strong>, el podcast semanal de la <a href=\"https:\/\/www.entreculturas.org\/\">ONG Entreculturas<\/a><\/strong>, que explora cuestiones sociales, medioambientales y culturales a trav\u00e9s de testimonios en primera persona. Una herramienta clave para abrir una ventana al exterior y reflexionar sobre distintas realidades y causas en las que trabajamos. Los episiodios se emiten todos los jueves en nuestro canal de <a href=\"https:\/\/www.youtube.com\/c\/EntreculturasOrg915902672\">Youtube<\/a> y en <a href=\"https:\/\/open.spotify.com\/show\/6dS5JsqnsWrnHL1gwead1A\">Spotify<\/a>, <a href=\"https:\/\/www.ivoox.com\/perfil-entreculturas_a8_listener_28185270_1.html\">Ivoox<\/a>, <a href=\"https:\/\/podcasts.apple.com\/us\/podcast\/entreculturas-voces-por-una-causa\/id1621485462\">Apple Podcast<\/a>, <a href=\"https:\/\/podimo.com\/es\/shows\/entreculturas-voces-por-una-causa-con-julia-navarro?creatorId=9d7acb87-3185-42e2-8e0d-d8a733650cf9&amp;key=k0nZQy0YGdln&amp;source=ln&amp;from=studio\">Podimo<\/a> y <a href=\"https:\/\/music.amazon.es\/podcasts\/f28b0659-f803-491d-829d-cadf44ea0155\/voces-por-una-causa-con-julia-navarro\">Amazon Music<\/a>.<\/p>\n\n\n\n<iframe style=\"border-radius:12px\" src=\"https:\/\/open.spotify.com\/embed\/episode\/5MfU6NoHXBJQ09zlsMBJEN?utm_source=generator\" width=\"100%\" height=\"352\" frameBorder=\"0\" allowfullscreen=\"\" allow=\"autoplay; clipboard-write; encrypted-media; fullscreen; picture-in-picture\" loading=\"lazy\"><\/iframe>\n\n\n\n<p><\/p>\n","protected":false},"excerpt":{"rendered":"<p>Esta semana en Voces por una Causa, la escritora Julia Navarro conversa con Leticia Hern\u00e1ndez, defensora del pueblo N\u00e1huatl y otras comunidades ind\u00edgenas de Veracruz, M\u00e9xico, que nos ha visitado en el marzo de la campa\u00f1a Defensoras de la Casa Com\u00fan, que Alboan y Entreculturas hemos lanzado con motivo del D\u00eda Internacional de la Mujer. Con ella, nos acercamos al importante papel que tienen las mujeres en la defensa y protecci\u00f3n del medioambiente.\u00a0 \u00bfDe qu\u00e9 nos habla Cecilia Villarroel en el episodio? En este episodio Leticia nos habla de las principales amenazas ambientales que afectan a las comunidades ind\u00edgenas, se\u00f1alando c\u00f3mo \u201clos megaproyectos mineros que han entrado en M\u00e9xico han fortalecido los problemas de escasez de agua\u201d. Leticia tambi\u00e9n afirma que la \u201ccuesti\u00f3n del despojo de territorios ind\u00edgenas no es algo nuevo, sin embargo en los \u00faltimos a\u00f1os s\u00ed que se ha presionado m\u00e1s a trav\u00e9s de cuestiones ambientales\u201d.\u00a0 Adem\u00e1s, [&hellip;]<\/p>\n","protected":false},"featured_media":22489,"template":"","meta":{"_acf_changed":false},"categories":[],"tags":[256],"class_list":["post-22487","podcast","type-podcast","status-publish","has-post-thumbnail","hentry","tag-justicia-socioambiental"],"acf":[],"yoast_head":"<!-- This site is optimized with the Yoast SEO Premium plugin v21.6 (Yoast SEO v27.5) - https:\/\/yoast.com\/product\/yoast-seo-premium-wordpress\/ -->\n<title>Julia Navarro conversa sobre el papel de la mujer en la naturaleza<\/title>\n<meta name=\"description\" content=\"Julia Navarro se acerca en el podcast al de la mujer en la defensa del medioambiente de la mano de la periodista mexicana Leticia Hern\u00e1ndez,\" \/>\n<meta name=\"robots\" content=\"index, follow, max-snippet:-1, max-image-preview:large, max-video-preview:-1\" \/>\n<link rel=\"canonical\" href=\"https:\/\/www.entreculturas.org\/fr\/podcast\/julia-navarro-podcast-ong-entreculturas-mujer-defensa-naturaleza\/\" \/>\n<meta property=\"og:locale\" content=\"fr_FR\" \/>\n<meta property=\"og:type\" content=\"article\" \/>\n<meta property=\"og:title\" content=\"&quot;Las mujeres son las primeras que buscan la manera de defender los derechos de sus comunidades\u201d\" \/>\n<meta property=\"og:description\" content=\"Julia Navarro se acerca en el podcast al de la mujer en la defensa del medioambiente de la mano de la periodista mexicana Leticia Hern\u00e1ndez,\" \/>\n<meta property=\"og:url\" content=\"https:\/\/www.entreculturas.org\/fr\/podcast\/julia-navarro-podcast-ong-entreculturas-mujer-defensa-naturaleza\/\" \/>\n<meta property=\"og:site_name\" content=\"Entreculturas\" \/>\n<meta property=\"article:publisher\" content=\"https:\/\/www.facebook.com\/entreculturas\" \/>\n<meta property=\"article:modified_time\" content=\"2024-11-08T14:46:41+00:00\" \/>\n<meta property=\"og:image\" content=\"https:\/\/www.entreculturas.org\/wp-content\/uploads\/2024\/03\/Leti-Somos.jpg\" \/>\n\t<meta property=\"og:image:width\" content=\"800\" \/>\n\t<meta property=\"og:image:height\" content=\"533\" \/>\n\t<meta property=\"og:image:type\" content=\"image\/jpeg\" \/>\n<meta name=\"twitter:card\" content=\"summary_large_image\" \/>\n<meta name=\"twitter:site\" content=\"@Entreculturas\" \/>\n<script type=\"application\/ld+json\" class=\"yoast-schema-graph\">{\"@context\":\"https:\\\/\\\/schema.org\",\"@graph\":[{\"@type\":\"WebPage\",\"@id\":\"https:\\\/\\\/www.entreculturas.org\\\/fr\\\/podcast\\\/julia-navarro-podcast-ong-entreculturas-mujer-defensa-naturaleza\\\/\",\"url\":\"https:\\\/\\\/www.entreculturas.org\\\/fr\\\/podcast\\\/julia-navarro-podcast-ong-entreculturas-mujer-defensa-naturaleza\\\/\",\"name\":\"Julia Navarro conversa sobre el papel de la mujer en la naturaleza\",\"isPartOf\":{\"@id\":\"https:\\\/\\\/www.entreculturas.org\\\/fr\\\/#website\"},\"primaryImageOfPage\":{\"@id\":\"https:\\\/\\\/www.entreculturas.org\\\/fr\\\/podcast\\\/julia-navarro-podcast-ong-entreculturas-mujer-defensa-naturaleza\\\/#primaryimage\"},\"image\":{\"@id\":\"https:\\\/\\\/www.entreculturas.org\\\/fr\\\/podcast\\\/julia-navarro-podcast-ong-entreculturas-mujer-defensa-naturaleza\\\/#primaryimage\"},\"thumbnailUrl\":\"https:\\\/\\\/www.entreculturas.org\\\/wp-content\\\/uploads\\\/2024\\\/03\\\/Leti-Somos.jpg\",\"datePublished\":\"2024-03-14T09:59:24+00:00\",\"dateModified\":\"2024-11-08T14:46:41+00:00\",\"description\":\"Julia Navarro se acerca en el podcast al de la mujer en la defensa del medioambiente de la mano de la periodista mexicana Leticia Hern\u00e1ndez,\",\"breadcrumb\":{\"@id\":\"https:\\\/\\\/www.entreculturas.org\\\/fr\\\/podcast\\\/julia-navarro-podcast-ong-entreculturas-mujer-defensa-naturaleza\\\/#breadcrumb\"},\"inLanguage\":\"fr-FR\",\"potentialAction\":[{\"@type\":\"ReadAction\",\"target\":[\"https:\\\/\\\/www.entreculturas.org\\\/fr\\\/podcast\\\/julia-navarro-podcast-ong-entreculturas-mujer-defensa-naturaleza\\\/\"]}]},{\"@type\":\"ImageObject\",\"inLanguage\":\"fr-FR\",\"@id\":\"https:\\\/\\\/www.entreculturas.org\\\/fr\\\/podcast\\\/julia-navarro-podcast-ong-entreculturas-mujer-defensa-naturaleza\\\/#primaryimage\",\"url\":\"https:\\\/\\\/www.entreculturas.org\\\/wp-content\\\/uploads\\\/2024\\\/03\\\/Leti-Somos.jpg\",\"contentUrl\":\"https:\\\/\\\/www.entreculturas.org\\\/wp-content\\\/uploads\\\/2024\\\/03\\\/Leti-Somos.jpg\",\"width\":800,\"height\":533,\"caption\":\"Julia Navarro y Leticia Hern\u00e1ndez\"},{\"@type\":\"BreadcrumbList\",\"@id\":\"https:\\\/\\\/www.entreculturas.org\\\/fr\\\/podcast\\\/julia-navarro-podcast-ong-entreculturas-mujer-defensa-naturaleza\\\/#breadcrumb\",\"itemListElement\":[{\"@type\":\"ListItem\",\"position\":1,\"name\":\"Home\",\"item\":\"https:\\\/\\\/www.entreculturas.org\\\/fr\\\/\"},{\"@type\":\"ListItem\",\"position\":2,\"name\":\"Podcast Julia Navarro\",\"item\":\"https:\\\/\\\/www.entreculturas.org\\\/fr\\\/podcasts\\\/\"},{\"@type\":\"ListItem\",\"position\":3,\"name\":\"\u00ab\u00a0Las mujeres son las primeras que buscan la manera de defender los derechos de sus comunidades\u201d\"}]},{\"@type\":\"WebSite\",\"@id\":\"https:\\\/\\\/www.entreculturas.org\\\/fr\\\/#website\",\"url\":\"https:\\\/\\\/www.entreculturas.org\\\/fr\\\/\",\"name\":\"Entreculturas\",\"description\":\"\",\"publisher\":{\"@id\":\"https:\\\/\\\/www.entreculturas.org\\\/fr\\\/#organization\"},\"alternateName\":\"Entreculturas\",\"potentialAction\":[{\"@type\":\"SearchAction\",\"target\":{\"@type\":\"EntryPoint\",\"urlTemplate\":\"https:\\\/\\\/www.entreculturas.org\\\/fr\\\/?s={search_term_string}\"},\"query-input\":{\"@type\":\"PropertyValueSpecification\",\"valueRequired\":true,\"valueName\":\"search_term_string\"}}],\"inLanguage\":\"fr-FR\"},{\"@type\":\"Organization\",\"@id\":\"https:\\\/\\\/www.entreculturas.org\\\/fr\\\/#organization\",\"name\":\"Entreculturas\",\"url\":\"https:\\\/\\\/www.entreculturas.org\\\/fr\\\/\",\"logo\":{\"@type\":\"ImageObject\",\"inLanguage\":\"fr-FR\",\"@id\":\"https:\\\/\\\/www.entreculturas.org\\\/fr\\\/#\\\/schema\\\/logo\\\/image\\\/\",\"url\":\"https:\\\/\\\/www.entreculturas.org\\\/wp-content\\\/uploads\\\/2025\\\/10\\\/ESP.svg\",\"contentUrl\":\"https:\\\/\\\/www.entreculturas.org\\\/wp-content\\\/uploads\\\/2025\\\/10\\\/ESP.svg\",\"caption\":\"Entreculturas\"},\"image\":{\"@id\":\"https:\\\/\\\/www.entreculturas.org\\\/fr\\\/#\\\/schema\\\/logo\\\/image\\\/\"},\"sameAs\":[\"https:\\\/\\\/www.facebook.com\\\/entreculturas\",\"https:\\\/\\\/x.com\\\/Entreculturas\",\"https:\\\/\\\/www.instagram.com\\\/entreculturas\\\/\",\"https:\\\/\\\/www.youtube.com\\\/user\\\/entreculturasvideo\",\"https:\\\/\\\/www.linkedin.com\\\/company\\\/fundacion-entreculturas-ngdo\\\/\",\"https:\\\/\\\/www.flickr.com\\\/photos\\\/98455522@N04\\\/albums\\\/\"]}]}<\/script>\n<!-- \/ Yoast SEO Premium plugin. -->","yoast_head_json":{"title":"Julia Navarro conversa sobre el papel de la mujer en la naturaleza","description":"Julia Navarro se acerca en el podcast al de la mujer en la defensa del medioambiente de la mano de la periodista mexicana Leticia Hern\u00e1ndez,","robots":{"index":"index","follow":"follow","max-snippet":"max-snippet:-1","max-image-preview":"max-image-preview:large","max-video-preview":"max-video-preview:-1"},"canonical":"https:\/\/www.entreculturas.org\/fr\/podcast\/julia-navarro-podcast-ong-entreculturas-mujer-defensa-naturaleza\/","og_locale":"fr_FR","og_type":"article","og_title":"\"Las mujeres son las primeras que buscan la manera de defender los derechos de sus comunidades\u201d","og_description":"Julia Navarro se acerca en el podcast al de la mujer en la defensa del medioambiente de la mano de la periodista mexicana Leticia Hern\u00e1ndez,","og_url":"https:\/\/www.entreculturas.org\/fr\/podcast\/julia-navarro-podcast-ong-entreculturas-mujer-defensa-naturaleza\/","og_site_name":"Entreculturas","article_publisher":"https:\/\/www.facebook.com\/entreculturas","article_modified_time":"2024-11-08T14:46:41+00:00","og_image":[{"width":800,"height":533,"url":"https:\/\/www.entreculturas.org\/wp-content\/uploads\/2024\/03\/Leti-Somos.jpg","type":"image\/jpeg"}],"twitter_card":"summary_large_image","twitter_site":"@Entreculturas","schema":{"@context":"https:\/\/schema.org","@graph":[{"@type":"WebPage","@id":"https:\/\/www.entreculturas.org\/fr\/podcast\/julia-navarro-podcast-ong-entreculturas-mujer-defensa-naturaleza\/","url":"https:\/\/www.entreculturas.org\/fr\/podcast\/julia-navarro-podcast-ong-entreculturas-mujer-defensa-naturaleza\/","name":"Julia Navarro conversa sobre el papel de la mujer en la naturaleza","isPartOf":{"@id":"https:\/\/www.entreculturas.org\/fr\/#website"},"primaryImageOfPage":{"@id":"https:\/\/www.entreculturas.org\/fr\/podcast\/julia-navarro-podcast-ong-entreculturas-mujer-defensa-naturaleza\/#primaryimage"},"image":{"@id":"https:\/\/www.entreculturas.org\/fr\/podcast\/julia-navarro-podcast-ong-entreculturas-mujer-defensa-naturaleza\/#primaryimage"},"thumbnailUrl":"https:\/\/www.entreculturas.org\/wp-content\/uploads\/2024\/03\/Leti-Somos.jpg","datePublished":"2024-03-14T09:59:24+00:00","dateModified":"2024-11-08T14:46:41+00:00","description":"Julia Navarro se acerca en el podcast al de la mujer en la defensa del medioambiente de la mano de la periodista mexicana Leticia Hern\u00e1ndez,","breadcrumb":{"@id":"https:\/\/www.entreculturas.org\/fr\/podcast\/julia-navarro-podcast-ong-entreculturas-mujer-defensa-naturaleza\/#breadcrumb"},"inLanguage":"fr-FR","potentialAction":[{"@type":"ReadAction","target":["https:\/\/www.entreculturas.org\/fr\/podcast\/julia-navarro-podcast-ong-entreculturas-mujer-defensa-naturaleza\/"]}]},{"@type":"ImageObject","inLanguage":"fr-FR","@id":"https:\/\/www.entreculturas.org\/fr\/podcast\/julia-navarro-podcast-ong-entreculturas-mujer-defensa-naturaleza\/#primaryimage","url":"https:\/\/www.entreculturas.org\/wp-content\/uploads\/2024\/03\/Leti-Somos.jpg","contentUrl":"https:\/\/www.entreculturas.org\/wp-content\/uploads\/2024\/03\/Leti-Somos.jpg","width":800,"height":533,"caption":"Julia Navarro y Leticia Hern\u00e1ndez"},{"@type":"BreadcrumbList","@id":"https:\/\/www.entreculturas.org\/fr\/podcast\/julia-navarro-podcast-ong-entreculturas-mujer-defensa-naturaleza\/#breadcrumb","itemListElement":[{"@type":"ListItem","position":1,"name":"Home","item":"https:\/\/www.entreculturas.org\/fr\/"},{"@type":"ListItem","position":2,"name":"Podcast Julia Navarro","item":"https:\/\/www.entreculturas.org\/fr\/podcasts\/"},{"@type":"ListItem","position":3,"name":"\u00ab\u00a0Las mujeres son las primeras que buscan la manera de defender los derechos de sus comunidades\u201d"}]},{"@type":"WebSite","@id":"https:\/\/www.entreculturas.org\/fr\/#website","url":"https:\/\/www.entreculturas.org\/fr\/","name":"Entreculturas","description":"","publisher":{"@id":"https:\/\/www.entreculturas.org\/fr\/#organization"},"alternateName":"Entreculturas","potentialAction":[{"@type":"SearchAction","target":{"@type":"EntryPoint","urlTemplate":"https:\/\/www.entreculturas.org\/fr\/?s={search_term_string}"},"query-input":{"@type":"PropertyValueSpecification","valueRequired":true,"valueName":"search_term_string"}}],"inLanguage":"fr-FR"},{"@type":"Organization","@id":"https:\/\/www.entreculturas.org\/fr\/#organization","name":"Entreculturas","url":"https:\/\/www.entreculturas.org\/fr\/","logo":{"@type":"ImageObject","inLanguage":"fr-FR","@id":"https:\/\/www.entreculturas.org\/fr\/#\/schema\/logo\/image\/","url":"https:\/\/www.entreculturas.org\/wp-content\/uploads\/2025\/10\/ESP.svg","contentUrl":"https:\/\/www.entreculturas.org\/wp-content\/uploads\/2025\/10\/ESP.svg","caption":"Entreculturas"},"image":{"@id":"https:\/\/www.entreculturas.org\/fr\/#\/schema\/logo\/image\/"},"sameAs":["https:\/\/www.facebook.com\/entreculturas","https:\/\/x.com\/Entreculturas","https:\/\/www.instagram.com\/entreculturas\/","https:\/\/www.youtube.com\/user\/entreculturasvideo","https:\/\/www.linkedin.com\/company\/fundacion-entreculturas-ngdo\/","https:\/\/www.flickr.com\/photos\/98455522@N04\/albums\/"]}]}},"_links":{"self":[{"href":"https:\/\/www.entreculturas.org\/fr\/wp-json\/wp\/v2\/podcast\/22487","targetHints":{"allow":["GET"]}}],"collection":[{"href":"https:\/\/www.entreculturas.org\/fr\/wp-json\/wp\/v2\/podcast"}],"about":[{"href":"https:\/\/www.entreculturas.org\/fr\/wp-json\/wp\/v2\/types\/podcast"}],"wp:featuredmedia":[{"embeddable":true,"href":"https:\/\/www.entreculturas.org\/fr\/wp-json\/wp\/v2\/media\/22489"}],"wp:attachment":[{"href":"https:\/\/www.entreculturas.org\/fr\/wp-json\/wp\/v2\/media?parent=22487"}],"wp:term":[{"taxonomy":"category","embeddable":true,"href":"https:\/\/www.entreculturas.org\/fr\/wp-json\/wp\/v2\/categories?post=22487"},{"taxonomy":"post_tag","embeddable":true,"href":"https:\/\/www.entreculturas.org\/fr\/wp-json\/wp\/v2\/tags?post=22487"}],"curies":[{"name":"wp","href":"https:\/\/api.w.org\/{rel}","templated":true}]}}