{"id":20678,"date":"2024-02-09T11:21:53","date_gmt":"2024-02-09T10:21:53","guid":{"rendered":"https:\/\/www.entreculturas.org\/?post_type=podcast&#038;p=20678"},"modified":"2024-02-09T12:00:35","modified_gmt":"2024-02-09T11:00:35","slug":"venezuela-sin-docentes-no-hay-escuela","status":"publish","type":"podcast","link":"https:\/\/www.entreculturas.org\/fr\/podcast\/venezuela-sin-docentes-no-hay-escuela\/","title":{"rendered":"Venezuela: sin docentes no hay escuela"},"content":{"rendered":"\n<p>Esta semana en Voces por una Causa, la escritora <strong>Julia Navarro conversa con Javier Izquierdo,<\/strong> T\u00e9cnico expatriado de Entreculturas en Venezuela. Con \u00e9l, nos acercamos al trabajo que realizamos desde Entreculturas en el pa\u00eds latinoamericano de la mano de nuestra organizaci\u00f3n socia Fe y Alegr\u00eda, que tiene una gran presencia a trav\u00e9s de numerosos centros educativos y escuelas.&nbsp;<\/p>\n\n\n\n<p>En este cap\u00edtulo, Javier nos habla de la situaci\u00f3n en la que se encuentra <strong>el derecho a la educaci\u00f3n en Venezuela<\/strong>, se\u00f1alando en primer lugar \u201cel contexto de emergencia que vive Venezuela por la crisis social, pol\u00edtica y econ\u00f3mica que empez\u00f3 en 2014\u201d. Javier se detiene en c\u00f3mo la precaria situaci\u00f3n del profesorado, debido a los bajos sueldos, deteriora de forma directa el derecho a la educaci\u00f3n de los ni\u00f1os y las ni\u00f1as, ya que llega a provocar \u201cque los colegios cierren\u201d.&nbsp;<\/p>\n\n\n\n<p>Javier explica las dos estrategias que siguen los programas que realiza Entreculturas junto a Fe y Alegr\u00eda Venezuela para <strong>\u201cpromover la permanencia escolar del alumnado\u201d<\/strong>. La primera se enfoca en la mejora del acceso a entornos educativos seguros y, la segunda, en la mejora del bienestar de la comunidad educativa. \u201cAqu\u00ed estamos hablando de jornadas de salud, complemento nutricional, apoyo psicosocial y peque\u00f1os incentivos\u201d, explica.<\/p>\n\n\n\n<p>Adem\u00e1s, Javier y Julia profundizan en el trabajo que se realiza en estados fronterizos, donde \u201cexiste una crisis de protecci\u00f3n con din\u00e1micas m\u00e1s violentas, de trata de personas\u201d. Un escenario, explica Javier, <strong>donde Entreculturas y Fe y Alegr\u00eda trabajan a trav\u00e9s las escuelas, brindando atenci\u00f3n psicosocia<\/strong>l para \u201cconocer de d\u00f3nde viene esa violencia\u201d y poder erradicarla a trav\u00e9s de la \u201cderivaci\u00f3n a entidades especializadas como el defensor del pueblo y los consejos de protecci\u00f3n\u201d.<\/p>\n\n\n\n<p>Por \u00faltimo, Javier se\u00f1ala que lo que m\u00e1s le ha sorprendido trabajando en Venezuela ha sido \u201c<strong>la forma en la que se articula Fe y Alegr\u00eda con la comunidad educativa<\/strong>\u201d y el rol fundamental que tiene la \u201cparticipaci\u00f3n activa de las madres, padres, abuelos y abuelas en la din\u00e1mica escolar\u201d.<\/p>\n\n\n\n<p>\u2018<strong>Voces por una Causa\u2019 es el podcast semanal de Entreculturas<\/strong>. Los programas se emiten todos los jueves en nuestro canal de <a href=\"https:\/\/www.youtube.com\/c\/EntreculturasOrg915902672\">Youtube<\/a>, en <a href=\"https:\/\/open.spotify.com\/show\/6dS5JsqnsWrnHL1gwead1A\">Spotify<\/a>, en <a href=\"https:\/\/www.ivoox.com\/perfil-entreculturas_a8_listener_28185270_1.html\">Ivoox<\/a>, y en <a href=\"https:\/\/podcasts.apple.com\/us\/podcast\/entreculturas-voces-por-una-causa\/id1621485462\">Apple Podcast<\/a>.<\/p>\n","protected":false},"excerpt":{"rendered":"<p>Esta semana en Voces por una Causa, la escritora Julia Navarro conversa con Javier Izquierdo, T\u00e9cnico expatriado de Entreculturas en Venezuela. Con \u00e9l, nos acercamos al trabajo que realizamos desde Entreculturas en el pa\u00eds latinoamericano de la mano de nuestra organizaci\u00f3n socia Fe y Alegr\u00eda, que tiene una gran presencia a trav\u00e9s de numerosos centros educativos y escuelas.&nbsp; En este cap\u00edtulo, Javier nos habla de la situaci\u00f3n en la que se encuentra el derecho a la educaci\u00f3n en Venezuela, se\u00f1alando en primer lugar \u201cel contexto de emergencia que vive Venezuela por la crisis social, pol\u00edtica y econ\u00f3mica que empez\u00f3 en 2014\u201d. Javier se detiene en c\u00f3mo la precaria situaci\u00f3n del profesorado, debido a los bajos sueldos, deteriora de forma directa el derecho a la educaci\u00f3n de los ni\u00f1os y las ni\u00f1as, ya que llega a provocar \u201cque los colegios cierren\u201d.&nbsp; Javier explica las dos estrategias que siguen los programas que [&hellip;]<\/p>\n","protected":false},"featured_media":20680,"template":"","meta":{"_acf_changed":true},"categories":[],"tags":[289],"class_list":["post-20678","podcast","type-podcast","status-publish","has-post-thumbnail","hentry","tag-educacion"],"acf":[],"yoast_head":"<!-- This site is optimized with the Yoast SEO Premium plugin v21.6 (Yoast SEO v27.5) - https:\/\/yoast.com\/product\/yoast-seo-premium-wordpress\/ -->\n<title>Venezuela: sin docentes no hay escuela - Entreculturas<\/title>\n<meta name=\"robots\" content=\"index, follow, max-snippet:-1, max-image-preview:large, max-video-preview:-1\" \/>\n<link rel=\"canonical\" href=\"https:\/\/www.entreculturas.org\/fr\/podcast\/venezuela-sin-docentes-no-hay-escuela\/\" \/>\n<meta property=\"og:locale\" content=\"fr_FR\" \/>\n<meta property=\"og:type\" content=\"article\" \/>\n<meta property=\"og:title\" content=\"Venezuela: sin docentes no hay escuela\" \/>\n<meta property=\"og:description\" content=\"Esta semana en Voces por una Causa, la escritora Julia Navarro conversa con Javier Izquierdo, T\u00e9cnico expatriado de Entreculturas en Venezuela. Con \u00e9l, nos acercamos al trabajo que realizamos desde Entreculturas en el pa\u00eds latinoamericano de la mano de nuestra organizaci\u00f3n socia Fe y Alegr\u00eda, que tiene una gran presencia a trav\u00e9s de numerosos centros educativos y escuelas.&nbsp; En este cap\u00edtulo, Javier nos habla de la situaci\u00f3n en la que se encuentra el derecho a la educaci\u00f3n en Venezuela, se\u00f1alando en primer lugar \u201cel contexto de emergencia que vive Venezuela por la crisis social, pol\u00edtica y econ\u00f3mica que empez\u00f3 en 2014\u201d. Javier se detiene en c\u00f3mo la precaria situaci\u00f3n del profesorado, debido a los bajos sueldos, deteriora de forma directa el derecho a la educaci\u00f3n de los ni\u00f1os y las ni\u00f1as, ya que llega a provocar \u201cque los colegios cierren\u201d.&nbsp; Javier explica las dos estrategias que siguen los programas que [&hellip;]\" \/>\n<meta property=\"og:url\" content=\"https:\/\/www.entreculturas.org\/fr\/podcast\/venezuela-sin-docentes-no-hay-escuela\/\" \/>\n<meta property=\"og:site_name\" content=\"Entreculturas\" \/>\n<meta property=\"article:publisher\" content=\"https:\/\/www.facebook.com\/entreculturas\" \/>\n<meta property=\"article:modified_time\" content=\"2024-02-09T11:00:35+00:00\" \/>\n<meta property=\"og:image\" content=\"https:\/\/www.entreculturas.org\/wp-content\/uploads\/2024\/02\/Venezuela-Menos-calidad.jpg\" \/>\n\t<meta property=\"og:image:width\" content=\"800\" \/>\n\t<meta property=\"og:image:height\" content=\"449\" \/>\n\t<meta property=\"og:image:type\" content=\"image\/jpeg\" \/>\n<meta name=\"twitter:card\" content=\"summary_large_image\" \/>\n<meta name=\"twitter:site\" content=\"@Entreculturas\" \/>\n<script type=\"application\/ld+json\" class=\"yoast-schema-graph\">{\"@context\":\"https:\\\/\\\/schema.org\",\"@graph\":[{\"@type\":\"WebPage\",\"@id\":\"https:\\\/\\\/www.entreculturas.org\\\/fr\\\/podcast\\\/venezuela-sin-docentes-no-hay-escuela\\\/\",\"url\":\"https:\\\/\\\/www.entreculturas.org\\\/fr\\\/podcast\\\/venezuela-sin-docentes-no-hay-escuela\\\/\",\"name\":\"Venezuela: sin docentes no hay escuela - Entreculturas\",\"isPartOf\":{\"@id\":\"https:\\\/\\\/www.entreculturas.org\\\/fr\\\/#website\"},\"primaryImageOfPage\":{\"@id\":\"https:\\\/\\\/www.entreculturas.org\\\/fr\\\/podcast\\\/venezuela-sin-docentes-no-hay-escuela\\\/#primaryimage\"},\"image\":{\"@id\":\"https:\\\/\\\/www.entreculturas.org\\\/fr\\\/podcast\\\/venezuela-sin-docentes-no-hay-escuela\\\/#primaryimage\"},\"thumbnailUrl\":\"https:\\\/\\\/www.entreculturas.org\\\/wp-content\\\/uploads\\\/2024\\\/02\\\/Venezuela-Menos-calidad.jpg\",\"datePublished\":\"2024-02-09T10:21:53+00:00\",\"dateModified\":\"2024-02-09T11:00:35+00:00\",\"breadcrumb\":{\"@id\":\"https:\\\/\\\/www.entreculturas.org\\\/fr\\\/podcast\\\/venezuela-sin-docentes-no-hay-escuela\\\/#breadcrumb\"},\"inLanguage\":\"fr-FR\",\"potentialAction\":[{\"@type\":\"ReadAction\",\"target\":[\"https:\\\/\\\/www.entreculturas.org\\\/fr\\\/podcast\\\/venezuela-sin-docentes-no-hay-escuela\\\/\"]}]},{\"@type\":\"ImageObject\",\"inLanguage\":\"fr-FR\",\"@id\":\"https:\\\/\\\/www.entreculturas.org\\\/fr\\\/podcast\\\/venezuela-sin-docentes-no-hay-escuela\\\/#primaryimage\",\"url\":\"https:\\\/\\\/www.entreculturas.org\\\/wp-content\\\/uploads\\\/2024\\\/02\\\/Venezuela-Menos-calidad.jpg\",\"contentUrl\":\"https:\\\/\\\/www.entreculturas.org\\\/wp-content\\\/uploads\\\/2024\\\/02\\\/Venezuela-Menos-calidad.jpg\",\"width\":800,\"height\":449},{\"@type\":\"BreadcrumbList\",\"@id\":\"https:\\\/\\\/www.entreculturas.org\\\/fr\\\/podcast\\\/venezuela-sin-docentes-no-hay-escuela\\\/#breadcrumb\",\"itemListElement\":[{\"@type\":\"ListItem\",\"position\":1,\"name\":\"Home\",\"item\":\"https:\\\/\\\/www.entreculturas.org\\\/fr\\\/\"},{\"@type\":\"ListItem\",\"position\":2,\"name\":\"Podcast Julia Navarro\",\"item\":\"https:\\\/\\\/www.entreculturas.org\\\/fr\\\/podcasts\\\/\"},{\"@type\":\"ListItem\",\"position\":3,\"name\":\"Venezuela: sin docentes no hay escuela\"}]},{\"@type\":\"WebSite\",\"@id\":\"https:\\\/\\\/www.entreculturas.org\\\/fr\\\/#website\",\"url\":\"https:\\\/\\\/www.entreculturas.org\\\/fr\\\/\",\"name\":\"Entreculturas\",\"description\":\"\",\"publisher\":{\"@id\":\"https:\\\/\\\/www.entreculturas.org\\\/fr\\\/#organization\"},\"alternateName\":\"Entreculturas\",\"potentialAction\":[{\"@type\":\"SearchAction\",\"target\":{\"@type\":\"EntryPoint\",\"urlTemplate\":\"https:\\\/\\\/www.entreculturas.org\\\/fr\\\/?s={search_term_string}\"},\"query-input\":{\"@type\":\"PropertyValueSpecification\",\"valueRequired\":true,\"valueName\":\"search_term_string\"}}],\"inLanguage\":\"fr-FR\"},{\"@type\":\"Organization\",\"@id\":\"https:\\\/\\\/www.entreculturas.org\\\/fr\\\/#organization\",\"name\":\"Entreculturas\",\"url\":\"https:\\\/\\\/www.entreculturas.org\\\/fr\\\/\",\"logo\":{\"@type\":\"ImageObject\",\"inLanguage\":\"fr-FR\",\"@id\":\"https:\\\/\\\/www.entreculturas.org\\\/fr\\\/#\\\/schema\\\/logo\\\/image\\\/\",\"url\":\"https:\\\/\\\/www.entreculturas.org\\\/wp-content\\\/uploads\\\/2025\\\/10\\\/ESP.svg\",\"contentUrl\":\"https:\\\/\\\/www.entreculturas.org\\\/wp-content\\\/uploads\\\/2025\\\/10\\\/ESP.svg\",\"caption\":\"Entreculturas\"},\"image\":{\"@id\":\"https:\\\/\\\/www.entreculturas.org\\\/fr\\\/#\\\/schema\\\/logo\\\/image\\\/\"},\"sameAs\":[\"https:\\\/\\\/www.facebook.com\\\/entreculturas\",\"https:\\\/\\\/x.com\\\/Entreculturas\",\"https:\\\/\\\/www.instagram.com\\\/entreculturas\\\/\",\"https:\\\/\\\/www.youtube.com\\\/user\\\/entreculturasvideo\",\"https:\\\/\\\/www.linkedin.com\\\/company\\\/fundacion-entreculturas-ngdo\\\/\",\"https:\\\/\\\/www.flickr.com\\\/photos\\\/98455522@N04\\\/albums\\\/\"]}]}<\/script>\n<!-- \/ Yoast SEO Premium plugin. -->","yoast_head_json":{"title":"Venezuela: sin docentes no hay escuela - Entreculturas","robots":{"index":"index","follow":"follow","max-snippet":"max-snippet:-1","max-image-preview":"max-image-preview:large","max-video-preview":"max-video-preview:-1"},"canonical":"https:\/\/www.entreculturas.org\/fr\/podcast\/venezuela-sin-docentes-no-hay-escuela\/","og_locale":"fr_FR","og_type":"article","og_title":"Venezuela: sin docentes no hay escuela","og_description":"Esta semana en Voces por una Causa, la escritora Julia Navarro conversa con Javier Izquierdo, T\u00e9cnico expatriado de Entreculturas en Venezuela. Con \u00e9l, nos acercamos al trabajo que realizamos desde Entreculturas en el pa\u00eds latinoamericano de la mano de nuestra organizaci\u00f3n socia Fe y Alegr\u00eda, que tiene una gran presencia a trav\u00e9s de numerosos centros educativos y escuelas.&nbsp; En este cap\u00edtulo, Javier nos habla de la situaci\u00f3n en la que se encuentra el derecho a la educaci\u00f3n en Venezuela, se\u00f1alando en primer lugar \u201cel contexto de emergencia que vive Venezuela por la crisis social, pol\u00edtica y econ\u00f3mica que empez\u00f3 en 2014\u201d. Javier se detiene en c\u00f3mo la precaria situaci\u00f3n del profesorado, debido a los bajos sueldos, deteriora de forma directa el derecho a la educaci\u00f3n de los ni\u00f1os y las ni\u00f1as, ya que llega a provocar \u201cque los colegios cierren\u201d.&nbsp; Javier explica las dos estrategias que siguen los programas que [&hellip;]","og_url":"https:\/\/www.entreculturas.org\/fr\/podcast\/venezuela-sin-docentes-no-hay-escuela\/","og_site_name":"Entreculturas","article_publisher":"https:\/\/www.facebook.com\/entreculturas","article_modified_time":"2024-02-09T11:00:35+00:00","og_image":[{"width":800,"height":449,"url":"https:\/\/www.entreculturas.org\/wp-content\/uploads\/2024\/02\/Venezuela-Menos-calidad.jpg","type":"image\/jpeg"}],"twitter_card":"summary_large_image","twitter_site":"@Entreculturas","schema":{"@context":"https:\/\/schema.org","@graph":[{"@type":"WebPage","@id":"https:\/\/www.entreculturas.org\/fr\/podcast\/venezuela-sin-docentes-no-hay-escuela\/","url":"https:\/\/www.entreculturas.org\/fr\/podcast\/venezuela-sin-docentes-no-hay-escuela\/","name":"Venezuela: sin docentes no hay escuela - Entreculturas","isPartOf":{"@id":"https:\/\/www.entreculturas.org\/fr\/#website"},"primaryImageOfPage":{"@id":"https:\/\/www.entreculturas.org\/fr\/podcast\/venezuela-sin-docentes-no-hay-escuela\/#primaryimage"},"image":{"@id":"https:\/\/www.entreculturas.org\/fr\/podcast\/venezuela-sin-docentes-no-hay-escuela\/#primaryimage"},"thumbnailUrl":"https:\/\/www.entreculturas.org\/wp-content\/uploads\/2024\/02\/Venezuela-Menos-calidad.jpg","datePublished":"2024-02-09T10:21:53+00:00","dateModified":"2024-02-09T11:00:35+00:00","breadcrumb":{"@id":"https:\/\/www.entreculturas.org\/fr\/podcast\/venezuela-sin-docentes-no-hay-escuela\/#breadcrumb"},"inLanguage":"fr-FR","potentialAction":[{"@type":"ReadAction","target":["https:\/\/www.entreculturas.org\/fr\/podcast\/venezuela-sin-docentes-no-hay-escuela\/"]}]},{"@type":"ImageObject","inLanguage":"fr-FR","@id":"https:\/\/www.entreculturas.org\/fr\/podcast\/venezuela-sin-docentes-no-hay-escuela\/#primaryimage","url":"https:\/\/www.entreculturas.org\/wp-content\/uploads\/2024\/02\/Venezuela-Menos-calidad.jpg","contentUrl":"https:\/\/www.entreculturas.org\/wp-content\/uploads\/2024\/02\/Venezuela-Menos-calidad.jpg","width":800,"height":449},{"@type":"BreadcrumbList","@id":"https:\/\/www.entreculturas.org\/fr\/podcast\/venezuela-sin-docentes-no-hay-escuela\/#breadcrumb","itemListElement":[{"@type":"ListItem","position":1,"name":"Home","item":"https:\/\/www.entreculturas.org\/fr\/"},{"@type":"ListItem","position":2,"name":"Podcast Julia Navarro","item":"https:\/\/www.entreculturas.org\/fr\/podcasts\/"},{"@type":"ListItem","position":3,"name":"Venezuela: sin docentes no hay escuela"}]},{"@type":"WebSite","@id":"https:\/\/www.entreculturas.org\/fr\/#website","url":"https:\/\/www.entreculturas.org\/fr\/","name":"Entreculturas","description":"","publisher":{"@id":"https:\/\/www.entreculturas.org\/fr\/#organization"},"alternateName":"Entreculturas","potentialAction":[{"@type":"SearchAction","target":{"@type":"EntryPoint","urlTemplate":"https:\/\/www.entreculturas.org\/fr\/?s={search_term_string}"},"query-input":{"@type":"PropertyValueSpecification","valueRequired":true,"valueName":"search_term_string"}}],"inLanguage":"fr-FR"},{"@type":"Organization","@id":"https:\/\/www.entreculturas.org\/fr\/#organization","name":"Entreculturas","url":"https:\/\/www.entreculturas.org\/fr\/","logo":{"@type":"ImageObject","inLanguage":"fr-FR","@id":"https:\/\/www.entreculturas.org\/fr\/#\/schema\/logo\/image\/","url":"https:\/\/www.entreculturas.org\/wp-content\/uploads\/2025\/10\/ESP.svg","contentUrl":"https:\/\/www.entreculturas.org\/wp-content\/uploads\/2025\/10\/ESP.svg","caption":"Entreculturas"},"image":{"@id":"https:\/\/www.entreculturas.org\/fr\/#\/schema\/logo\/image\/"},"sameAs":["https:\/\/www.facebook.com\/entreculturas","https:\/\/x.com\/Entreculturas","https:\/\/www.instagram.com\/entreculturas\/","https:\/\/www.youtube.com\/user\/entreculturasvideo","https:\/\/www.linkedin.com\/company\/fundacion-entreculturas-ngdo\/","https:\/\/www.flickr.com\/photos\/98455522@N04\/albums\/"]}]}},"_links":{"self":[{"href":"https:\/\/www.entreculturas.org\/fr\/wp-json\/wp\/v2\/podcast\/20678","targetHints":{"allow":["GET"]}}],"collection":[{"href":"https:\/\/www.entreculturas.org\/fr\/wp-json\/wp\/v2\/podcast"}],"about":[{"href":"https:\/\/www.entreculturas.org\/fr\/wp-json\/wp\/v2\/types\/podcast"}],"wp:featuredmedia":[{"embeddable":true,"href":"https:\/\/www.entreculturas.org\/fr\/wp-json\/wp\/v2\/media\/20680"}],"wp:attachment":[{"href":"https:\/\/www.entreculturas.org\/fr\/wp-json\/wp\/v2\/media?parent=20678"}],"wp:term":[{"taxonomy":"category","embeddable":true,"href":"https:\/\/www.entreculturas.org\/fr\/wp-json\/wp\/v2\/categories?post=20678"},{"taxonomy":"post_tag","embeddable":true,"href":"https:\/\/www.entreculturas.org\/fr\/wp-json\/wp\/v2\/tags?post=20678"}],"curies":[{"name":"wp","href":"https:\/\/api.w.org\/{rel}","templated":true}]}}