{"id":9954,"date":"2023-12-11T10:47:39","date_gmt":"2023-12-11T09:47:39","guid":{"rendered":"https:\/\/www.entreculturas.org\/?post_type=pais&#038;p=9954"},"modified":"2024-09-20T07:43:41","modified_gmt":"2024-09-20T05:43:41","slug":"republica-democratica-congo","status":"publish","type":"pais","link":"https:\/\/www.entreculturas.org\/fr\/pais\/republica-democratica-congo\/","title":{"rendered":"Rep\u00fablica Democr\u00e1tica Congo"},"content":{"rendered":"\n<div style=\"height:50px\" aria-hidden=\"true\" class=\"wp-block-spacer\"><\/div>\n\n\n\n<div class=\"wp-block-group has-white-background-color has-background has-global-padding is-layout-constrained wp-container-core-group-is-layout-f15d6688 wp-block-group-is-layout-constrained\" style=\"border-radius:25px;margin-top:0;margin-bottom:var(--wp--preset--spacing--60);padding-top:var(--wp--preset--spacing--40);padding-right:var(--wp--preset--spacing--40);padding-bottom:var(--wp--preset--spacing--70);padding-left:var(--wp--preset--spacing--40)\">\n<div class=\"wp-block-group has-global-padding is-layout-constrained wp-container-core-group-is-layout-819b9014 wp-block-group-is-layout-constrained\" style=\"padding-top:0;padding-bottom:0\">\n<div class=\"wp-block-group is-vertical is-content-justification-center is-layout-flex wp-container-core-group-is-layout-1cb8246b wp-block-group-is-layout-flex\" style=\"padding-top:var(--wp--preset--spacing--60);padding-right:0;padding-bottom:var(--wp--preset--spacing--40);padding-left:0\">\n<figure class=\"wp-block-image size-full\"><img decoding=\"async\" src=\"https:\/\/www.entreculturas.org\/wp-content\/uploads\/2023\/09\/heart.svg\" alt=\"\" class=\"wp-image-220\"\/><\/figure>\n\n\n\n<h2 class=\"wp-block-heading has-text-align-center text-wrap-balance nuestras-causas-portada has-red-color has-text-color\" id=\"h-entreculturas-en-republica-democratica-del-congo\" style=\"margin-top:var(--wp--preset--spacing--30);margin-bottom:var(--wp--preset--spacing--30);font-size:37px\">Entreculturas en Rep\u00fablica Democr\u00e1tica del Congo<\/h2>\n<\/div>\n\n\n\n<p class=\"has-text-align-left\">En la Rep\u00fablica Democr\u00e1tica del Congo (RDC) trabajamos con el Servicio Jesuita para el Refugiado (SJR) en el sector de la Educaci\u00f3n en Emergencia que abarca la educaci\u00f3n pre-escolar, primaria y secundaria, pero tambi\u00e9n la formaci\u00f3n profesional de j\u00f3venes para que puedan incorporarse al mercado laboral. Se trata sobre todo de poblaci\u00f3n desplazada interna debido al conflicto enquistado en el pa\u00eds desde hace m\u00e1s de dos d\u00e9cadas, que golpea especialmente el este de la RDC, donde se encuentran las localidades en las que trabajamos, principalmente en Massisi, Mweso, Sake y Goma. La educaci\u00f3n en emergencia se trabaja con varios componentes trasversales indisociables de la intervenci\u00f3n como son el enfoque de g\u00e9nero, la protecci\u00f3n y la salud mental y apoyo psicosocial-emocional. As\u00ed mismo, apoyamos un programa de fortalecimiento institucional del SJR en RDC que mejore las estructuras y competencias locales para ampliar el radio de las intervenciones y alcanzar al mayor n\u00famero de personas en situaci\u00f3n de extrema vulnerabilidad.<\/p>\n\n\n\n<div style=\"height:15px\" aria-hidden=\"true\" class=\"wp-block-spacer\"><\/div>\n\n\n\n<p class=\"has-text-align-left\"> Trabajamos con el programa de Luz de la Ni\u00f1as, que brinda atenci\u00f3n directa a ni\u00f1as de hasta 16 a\u00f1os especialmente vulnerables. Parte de las acciones se concentran en promover la protecci\u00f3n de ni\u00f1as y adolescentes, fomentando su empoderamiento a trav\u00e9s del fortalecimiento de su educaci\u00f3n y de la creaci\u00f3n de espacios propios donde realizan actividades expresivas y culturales. As\u00ed mismo, se promueve la lucha y sensibilizaci\u00f3n contra la violencia de g\u00e9nero, los embarazos precoces, matrimonios precoces y las pr\u00e1cticas sociales tradicionales que detienen el pleno desarrollo cognitivo y emocional de las ni\u00f1as y adolescentes. <\/p>\n\n\n\n<p class=\"has-text-align-left\">Dentro de este mismo programa de Luz de las Ni\u00f1as, hay otra l\u00ednea de actuaci\u00f3n que apoya la educaci\u00f3n de las j\u00f3venes a trav\u00e9s de la concesi\u00f3n de becas para que se formen como maestras en los centros educativos del pa\u00eds, como es el Institut Sup\u00e9rieur P\u00e9dagogique de Bukavu (ISP-Bukavu), con el fin de aumentar la presencia de maestras que se conviertan en referentes femeninos para las ni\u00f1as, que las ni\u00f1as encuentren en ellas ejemplo y motivaci\u00f3n para su propio futuro. <\/p>\n\n\n\n<div style=\"height:15px\" aria-hidden=\"true\" class=\"wp-block-spacer\"><\/div>\n\n\n\n<p class=\"has-text-align-left\">Entreculturas acompa\u00f1a el trabajo de FyA RDC para garantizar el acceso a una educaci\u00f3n formal y no formal inclusiva y de la calidad, con el fin de lograr una transformaci\u00f3n de la sociedad congole\u00f1a en beneficio de los grupos de poblaci\u00f3n m\u00e1s vulnerables. Para lograr este fin, FyA RDC trabaja en diferentes enclaves: Kinshasa, Kikwit, Kisantu, Mbanza-Ngungu e Iniangi. Entre sus principales l\u00edneas de trabajo destacan la atenci\u00f3n a primera infancia, la formaci\u00f3n de actores educativos, la alfabetizaci\u00f3n de poblaci\u00f3n adulta vulnerable a trav\u00e9s de un programa de radio, la participaci\u00f3n juvenil y la formaci\u00f3n para el trabajo con j\u00f3venes vulnerables.<\/p>\n\n\n\n<div style=\"height:31px\" aria-hidden=\"true\" class=\"wp-block-spacer\"><\/div>\n\n\n\n<ul class=\"red-marker\">\n\n\n\n<li>\n\n\n\n<p><strong>ORGANIZACIONES SOCIAS:<\/strong> Fe y Alegr\u00eda RD Congo, JRS RD Congo<\/p>\n<\/div>\n<\/div>\n\n\n\n<div class=\"wp-block-group has-global-padding is-layout-constrained wp-container-core-group-is-layout-cc019cf6 wp-block-group-is-layout-constrained\" style=\"margin-bottom:var(--wp--preset--spacing--70);padding-right:20px;padding-left:20px\">\n<div class=\"wp-block-columns is-layout-flex wp-container-core-columns-is-layout-e524df8a wp-block-columns-is-layout-flex\">\n<div class=\"wp-block-column is-layout-flow wp-block-column-is-layout-flow\">\n<div class=\"wp-block-cover hover-fondo-video\" style=\"min-height:334px;aspect-ratio:unset;\"><span aria-hidden=\"true\" class=\"wp-block-cover__background has-background-dim-0 has-background-dim\"><\/span><img decoding=\"async\" width=\"1280\" height=\"853\" class=\"wp-block-cover__image-background wp-image-11619\" alt=\"\" src=\"https:\/\/www.entreculturas.org\/wp-content\/uploads\/2024\/01\/IMG_8774.jpg\" data-object-fit=\"cover\" srcset=\"https:\/\/www.entreculturas.org\/wp-content\/uploads\/2024\/01\/IMG_8774.jpg 1280w, https:\/\/www.entreculturas.org\/wp-content\/uploads\/2024\/01\/IMG_8774-300x200.jpg 300w, https:\/\/www.entreculturas.org\/wp-content\/uploads\/2024\/01\/IMG_8774-1024x682.jpg 1024w, https:\/\/www.entreculturas.org\/wp-content\/uploads\/2024\/01\/IMG_8774-768x512.jpg 768w\" sizes=\"(max-width: 1280px) 100vw, 1280px\" \/><div class=\"wp-block-cover__inner-container has-global-padding is-layout-constrained wp-block-cover-is-layout-constrained\">\n<p class=\"has-text-align-center has-large-font-size\"><\/p>\n<\/div><\/div>\n<\/div>\n\n\n\n<div class=\"wp-block-column is-layout-flow wp-block-column-is-layout-flow\">\n<div class=\"wp-block-cover hover-fondo-video\" style=\"min-height:334px;aspect-ratio:unset;\"><span aria-hidden=\"true\" class=\"wp-block-cover__background has-background-dim-0 has-background-dim\"><\/span><img decoding=\"async\" width=\"1280\" height=\"853\" class=\"wp-block-cover__image-background wp-image-11621\" alt=\"\" src=\"https:\/\/www.entreculturas.org\/wp-content\/uploads\/2024\/01\/IMG_9436.jpg\" data-object-fit=\"cover\" srcset=\"https:\/\/www.entreculturas.org\/wp-content\/uploads\/2024\/01\/IMG_9436.jpg 1280w, https:\/\/www.entreculturas.org\/wp-content\/uploads\/2024\/01\/IMG_9436-300x200.jpg 300w, https:\/\/www.entreculturas.org\/wp-content\/uploads\/2024\/01\/IMG_9436-1024x682.jpg 1024w, https:\/\/www.entreculturas.org\/wp-content\/uploads\/2024\/01\/IMG_9436-768x512.jpg 768w\" sizes=\"(max-width: 1280px) 100vw, 1280px\" \/><div class=\"wp-block-cover__inner-container has-global-padding is-layout-constrained wp-block-cover-is-layout-constrained\">\n<p class=\"has-text-align-center has-large-font-size\"><\/p>\n<\/div><\/div>\n<\/div>\n\n\n\n<div class=\"wp-block-column is-layout-flow wp-block-column-is-layout-flow\">\n<div class=\"wp-block-cover is-light hover-fondo-video\" style=\"min-height:334px;aspect-ratio:unset;\"><span aria-hidden=\"true\" class=\"wp-block-cover__background has-background-dim-0 has-background-dim\"><\/span><img decoding=\"async\" width=\"1280\" height=\"853\" class=\"wp-block-cover__image-background wp-image-11611\" alt=\"\" src=\"https:\/\/www.entreculturas.org\/wp-content\/uploads\/2024\/01\/IMG_0484.jpg\" data-object-fit=\"cover\" srcset=\"https:\/\/www.entreculturas.org\/wp-content\/uploads\/2024\/01\/IMG_0484.jpg 1280w, https:\/\/www.entreculturas.org\/wp-content\/uploads\/2024\/01\/IMG_0484-300x200.jpg 300w, https:\/\/www.entreculturas.org\/wp-content\/uploads\/2024\/01\/IMG_0484-1024x682.jpg 1024w, https:\/\/www.entreculturas.org\/wp-content\/uploads\/2024\/01\/IMG_0484-768x512.jpg 768w\" sizes=\"(max-width: 1280px) 100vw, 1280px\" \/><div class=\"wp-block-cover__inner-container has-global-padding is-layout-constrained wp-block-cover-is-layout-constrained\">\n<p class=\"has-text-align-center has-large-font-size\"><\/p>\n<\/div><\/div>\n<\/div>\n<\/div>\n<\/div>\n\n\n\n<div class=\"country-placeholder\"><div class=\"canvas-container\" data-countries=\"[27494,27003,26995,20567,9993,9991,9985,9976,9972,9968,9965,9961,9958,9956,9954,9952,9950,9949,9948,9947,9944,9943,9942,9940,9938,9937,9936,9934,9933,9932,9181,9176,9156,8657,8656,8655,8654,8653,8652,8651,8650,8649,8648,8647,8646,8645,8644,8643,1896,1694]\" data-map-image-url=\"https:\/\/www.entreculturas.org\/wp-content\/uploads\/2024\/09\/mapa-gris-1.svg\" data-point-image-url=\"https:\/\/www.entreculturas.org\/wp-content\/uploads\/2024\/09\/punto_activo.svg\" data-title=\"Explorar nuestros proyectos\" data-subtitle=\"En Entreculturas llevamos a cabo proyectos de cooperaci\u00f3n al desarrollo, acci\u00f3n humanitaria, ciudadan\u00eda y acci\u00f3n social vinculados a nuestras 5 causas.\" data-default-country=\"9954\" data-overlay-box=\"#E30600\" data-acf-data=\"{}\"><div id=\"loading-spinner\" class=\"loading-spinner\" style=\"display: none;\"><div class=\"spinner\"><\/div><\/div><div class=\"map-overlay\" style=\"background-color:;opacity:0.3\"><\/div><div id=\"map\"><\/div><\/div><\/div>\n","protected":false},"featured_media":0,"template":"","partner_organizations":[285,286],"class_list":["post-9954","pais","type-pais","status-publish","hentry","partner_organizations-fe-y-alegria-r-d-congo","partner_organizations-jrs-r-d-congo"],"acf":{"x":"666","y":"437","causes":["Educaci\u00f3n","G\u00e9nero","Justicia medioambiental","Migraci\u00f3n y refugio","Participaci\u00f3n y ciudadan\u00eda global"],"projects":"4","funding":"101901","accompanied_persons":"1345","partner_organizations":[{"term_id":285,"name":"Fe y Alegr\u00eda R.D.Congo","slug":"fe-y-alegria-r-d-congo","term_group":0,"term_taxonomy_id":285,"taxonomy":"partner_organizations","description":"","parent":0,"count":1,"filter":"raw"},{"term_id":286,"name":"JRS R.D. Congo","slug":"jrs-r-d-congo","term_group":0,"term_taxonomy_id":286,"taxonomy":"partner_organizations","description":"","parent":0,"count":1,"filter":"raw"}],"imagen":"https:\/\/www.entreculturas.org\/wp-content\/uploads\/2024\/01\/IMG_9436.jpg","ubicacion_campo":"top","margen_superior":"-30","margen_izquierda":"0","latitud":"-4.038333","longitud":"21.758664","ampliar_informacion":"Si"},"yoast_head":"<!-- This site is optimized with the Yoast SEO Premium plugin v21.6 (Yoast SEO v27.5) - https:\/\/yoast.com\/product\/yoast-seo-premium-wordpress\/ -->\n<title>Rep\u00fablica Democr\u00e1tica Congo - Entreculturas<\/title>\n<meta name=\"robots\" content=\"noindex, follow\" \/>\n<meta property=\"og:locale\" content=\"fr_FR\" \/>\n<meta property=\"og:type\" content=\"article\" \/>\n<meta property=\"og:title\" content=\"Rep\u00fablica Democr\u00e1tica Congo\" \/>\n<meta property=\"og:description\" content=\"Entreculturas en Rep\u00fablica Democr\u00e1tica del Congo En la Rep\u00fablica Democr\u00e1tica del Congo (RDC) trabajamos con el Servicio Jesuita para el Refugiado (SJR) en el sector de la Educaci\u00f3n en Emergencia que abarca la educaci\u00f3n pre-escolar, primaria y secundaria, pero tambi\u00e9n la formaci\u00f3n profesional de j\u00f3venes para que puedan incorporarse al mercado laboral. Se trata sobre todo de poblaci\u00f3n desplazada interna debido al conflicto enquistado en el pa\u00eds desde hace m\u00e1s de dos d\u00e9cadas, que golpea especialmente el este de la RDC, donde se encuentran las localidades en las que trabajamos, principalmente en Massisi, Mweso, Sake y Goma. La educaci\u00f3n en emergencia se trabaja con varios componentes trasversales indisociables de la intervenci\u00f3n como son el enfoque de g\u00e9nero, la protecci\u00f3n y la salud mental y apoyo psicosocial-emocional. As\u00ed mismo, apoyamos un programa de fortalecimiento institucional del SJR en RDC que mejore las estructuras y competencias locales para ampliar el radio de [&hellip;]\" \/>\n<meta property=\"og:url\" content=\"https:\/\/www.entreculturas.org\/fr\/pais\/republica-democratica-congo\/\" \/>\n<meta property=\"og:site_name\" content=\"Entreculturas\" \/>\n<meta property=\"article:publisher\" content=\"https:\/\/www.facebook.com\/entreculturas\" \/>\n<meta property=\"article:modified_time\" content=\"2024-09-20T05:43:41+00:00\" \/>\n<meta property=\"og:image\" content=\"https:\/\/www.entreculturas.org\/wp-content\/uploads\/2023\/09\/heart.svg\" \/>\n<meta name=\"twitter:card\" content=\"summary_large_image\" \/>\n<meta name=\"twitter:site\" content=\"@Entreculturas\" \/>\n<script type=\"application\/ld+json\" class=\"yoast-schema-graph\">{\"@context\":\"https:\\\/\\\/schema.org\",\"@graph\":[{\"@type\":\"WebPage\",\"@id\":\"https:\\\/\\\/www.entreculturas.org\\\/fr\\\/pais\\\/republica-democratica-congo\\\/\",\"url\":\"https:\\\/\\\/www.entreculturas.org\\\/fr\\\/pais\\\/republica-democratica-congo\\\/\",\"name\":\"Rep\u00fablica Democr\u00e1tica Congo - Entreculturas\",\"isPartOf\":{\"@id\":\"https:\\\/\\\/www.entreculturas.org\\\/fr\\\/#website\"},\"primaryImageOfPage\":{\"@id\":\"https:\\\/\\\/www.entreculturas.org\\\/fr\\\/pais\\\/republica-democratica-congo\\\/#primaryimage\"},\"image\":{\"@id\":\"https:\\\/\\\/www.entreculturas.org\\\/fr\\\/pais\\\/republica-democratica-congo\\\/#primaryimage\"},\"thumbnailUrl\":\"https:\\\/\\\/www.entreculturas.org\\\/wp-content\\\/uploads\\\/2023\\\/09\\\/heart.svg\",\"datePublished\":\"2023-12-11T09:47:39+00:00\",\"dateModified\":\"2024-09-20T05:43:41+00:00\",\"breadcrumb\":{\"@id\":\"https:\\\/\\\/www.entreculturas.org\\\/fr\\\/pais\\\/republica-democratica-congo\\\/#breadcrumb\"},\"inLanguage\":\"fr-FR\",\"potentialAction\":[{\"@type\":\"ReadAction\",\"target\":[\"https:\\\/\\\/www.entreculturas.org\\\/fr\\\/pais\\\/republica-democratica-congo\\\/\"]}]},{\"@type\":\"ImageObject\",\"inLanguage\":\"fr-FR\",\"@id\":\"https:\\\/\\\/www.entreculturas.org\\\/fr\\\/pais\\\/republica-democratica-congo\\\/#primaryimage\",\"url\":\"https:\\\/\\\/www.entreculturas.org\\\/wp-content\\\/uploads\\\/2023\\\/09\\\/heart.svg\",\"contentUrl\":\"https:\\\/\\\/www.entreculturas.org\\\/wp-content\\\/uploads\\\/2023\\\/09\\\/heart.svg\"},{\"@type\":\"BreadcrumbList\",\"@id\":\"https:\\\/\\\/www.entreculturas.org\\\/fr\\\/pais\\\/republica-democratica-congo\\\/#breadcrumb\",\"itemListElement\":[{\"@type\":\"ListItem\",\"position\":1,\"name\":\"Home\",\"item\":\"https:\\\/\\\/www.entreculturas.org\\\/fr\\\/\"},{\"@type\":\"ListItem\",\"position\":2,\"name\":\"Rep\u00fablica Democr\u00e1tica Congo\"}]},{\"@type\":\"WebSite\",\"@id\":\"https:\\\/\\\/www.entreculturas.org\\\/fr\\\/#website\",\"url\":\"https:\\\/\\\/www.entreculturas.org\\\/fr\\\/\",\"name\":\"Entreculturas\",\"description\":\"\",\"publisher\":{\"@id\":\"https:\\\/\\\/www.entreculturas.org\\\/fr\\\/#organization\"},\"alternateName\":\"Entreculturas\",\"potentialAction\":[{\"@type\":\"SearchAction\",\"target\":{\"@type\":\"EntryPoint\",\"urlTemplate\":\"https:\\\/\\\/www.entreculturas.org\\\/fr\\\/?s={search_term_string}\"},\"query-input\":{\"@type\":\"PropertyValueSpecification\",\"valueRequired\":true,\"valueName\":\"search_term_string\"}}],\"inLanguage\":\"fr-FR\"},{\"@type\":\"Organization\",\"@id\":\"https:\\\/\\\/www.entreculturas.org\\\/fr\\\/#organization\",\"name\":\"Entreculturas\",\"url\":\"https:\\\/\\\/www.entreculturas.org\\\/fr\\\/\",\"logo\":{\"@type\":\"ImageObject\",\"inLanguage\":\"fr-FR\",\"@id\":\"https:\\\/\\\/www.entreculturas.org\\\/fr\\\/#\\\/schema\\\/logo\\\/image\\\/\",\"url\":\"https:\\\/\\\/www.entreculturas.org\\\/wp-content\\\/uploads\\\/2025\\\/10\\\/ESP.svg\",\"contentUrl\":\"https:\\\/\\\/www.entreculturas.org\\\/wp-content\\\/uploads\\\/2025\\\/10\\\/ESP.svg\",\"caption\":\"Entreculturas\"},\"image\":{\"@id\":\"https:\\\/\\\/www.entreculturas.org\\\/fr\\\/#\\\/schema\\\/logo\\\/image\\\/\"},\"sameAs\":[\"https:\\\/\\\/www.facebook.com\\\/entreculturas\",\"https:\\\/\\\/x.com\\\/Entreculturas\",\"https:\\\/\\\/www.instagram.com\\\/entreculturas\\\/\",\"https:\\\/\\\/www.youtube.com\\\/user\\\/entreculturasvideo\",\"https:\\\/\\\/www.linkedin.com\\\/company\\\/fundacion-entreculturas-ngdo\\\/\",\"https:\\\/\\\/www.flickr.com\\\/photos\\\/98455522@N04\\\/albums\\\/\"]}]}<\/script>\n<!-- \/ Yoast SEO Premium plugin. -->","yoast_head_json":{"title":"Rep\u00fablica Democr\u00e1tica Congo - Entreculturas","robots":{"index":"noindex","follow":"follow"},"og_locale":"fr_FR","og_type":"article","og_title":"Rep\u00fablica Democr\u00e1tica Congo","og_description":"Entreculturas en Rep\u00fablica Democr\u00e1tica del Congo En la Rep\u00fablica Democr\u00e1tica del Congo (RDC) trabajamos con el Servicio Jesuita para el Refugiado (SJR) en el sector de la Educaci\u00f3n en Emergencia que abarca la educaci\u00f3n pre-escolar, primaria y secundaria, pero tambi\u00e9n la formaci\u00f3n profesional de j\u00f3venes para que puedan incorporarse al mercado laboral. Se trata sobre todo de poblaci\u00f3n desplazada interna debido al conflicto enquistado en el pa\u00eds desde hace m\u00e1s de dos d\u00e9cadas, que golpea especialmente el este de la RDC, donde se encuentran las localidades en las que trabajamos, principalmente en Massisi, Mweso, Sake y Goma. La educaci\u00f3n en emergencia se trabaja con varios componentes trasversales indisociables de la intervenci\u00f3n como son el enfoque de g\u00e9nero, la protecci\u00f3n y la salud mental y apoyo psicosocial-emocional. As\u00ed mismo, apoyamos un programa de fortalecimiento institucional del SJR en RDC que mejore las estructuras y competencias locales para ampliar el radio de [&hellip;]","og_url":"https:\/\/www.entreculturas.org\/fr\/pais\/republica-democratica-congo\/","og_site_name":"Entreculturas","article_publisher":"https:\/\/www.facebook.com\/entreculturas","article_modified_time":"2024-09-20T05:43:41+00:00","og_image":[{"url":"https:\/\/www.entreculturas.org\/wp-content\/uploads\/2023\/09\/heart.svg","type":"","width":"","height":""}],"twitter_card":"summary_large_image","twitter_site":"@Entreculturas","schema":{"@context":"https:\/\/schema.org","@graph":[{"@type":"WebPage","@id":"https:\/\/www.entreculturas.org\/fr\/pais\/republica-democratica-congo\/","url":"https:\/\/www.entreculturas.org\/fr\/pais\/republica-democratica-congo\/","name":"Rep\u00fablica Democr\u00e1tica Congo - Entreculturas","isPartOf":{"@id":"https:\/\/www.entreculturas.org\/fr\/#website"},"primaryImageOfPage":{"@id":"https:\/\/www.entreculturas.org\/fr\/pais\/republica-democratica-congo\/#primaryimage"},"image":{"@id":"https:\/\/www.entreculturas.org\/fr\/pais\/republica-democratica-congo\/#primaryimage"},"thumbnailUrl":"https:\/\/www.entreculturas.org\/wp-content\/uploads\/2023\/09\/heart.svg","datePublished":"2023-12-11T09:47:39+00:00","dateModified":"2024-09-20T05:43:41+00:00","breadcrumb":{"@id":"https:\/\/www.entreculturas.org\/fr\/pais\/republica-democratica-congo\/#breadcrumb"},"inLanguage":"fr-FR","potentialAction":[{"@type":"ReadAction","target":["https:\/\/www.entreculturas.org\/fr\/pais\/republica-democratica-congo\/"]}]},{"@type":"ImageObject","inLanguage":"fr-FR","@id":"https:\/\/www.entreculturas.org\/fr\/pais\/republica-democratica-congo\/#primaryimage","url":"https:\/\/www.entreculturas.org\/wp-content\/uploads\/2023\/09\/heart.svg","contentUrl":"https:\/\/www.entreculturas.org\/wp-content\/uploads\/2023\/09\/heart.svg"},{"@type":"BreadcrumbList","@id":"https:\/\/www.entreculturas.org\/fr\/pais\/republica-democratica-congo\/#breadcrumb","itemListElement":[{"@type":"ListItem","position":1,"name":"Home","item":"https:\/\/www.entreculturas.org\/fr\/"},{"@type":"ListItem","position":2,"name":"Rep\u00fablica Democr\u00e1tica Congo"}]},{"@type":"WebSite","@id":"https:\/\/www.entreculturas.org\/fr\/#website","url":"https:\/\/www.entreculturas.org\/fr\/","name":"Entreculturas","description":"","publisher":{"@id":"https:\/\/www.entreculturas.org\/fr\/#organization"},"alternateName":"Entreculturas","potentialAction":[{"@type":"SearchAction","target":{"@type":"EntryPoint","urlTemplate":"https:\/\/www.entreculturas.org\/fr\/?s={search_term_string}"},"query-input":{"@type":"PropertyValueSpecification","valueRequired":true,"valueName":"search_term_string"}}],"inLanguage":"fr-FR"},{"@type":"Organization","@id":"https:\/\/www.entreculturas.org\/fr\/#organization","name":"Entreculturas","url":"https:\/\/www.entreculturas.org\/fr\/","logo":{"@type":"ImageObject","inLanguage":"fr-FR","@id":"https:\/\/www.entreculturas.org\/fr\/#\/schema\/logo\/image\/","url":"https:\/\/www.entreculturas.org\/wp-content\/uploads\/2025\/10\/ESP.svg","contentUrl":"https:\/\/www.entreculturas.org\/wp-content\/uploads\/2025\/10\/ESP.svg","caption":"Entreculturas"},"image":{"@id":"https:\/\/www.entreculturas.org\/fr\/#\/schema\/logo\/image\/"},"sameAs":["https:\/\/www.facebook.com\/entreculturas","https:\/\/x.com\/Entreculturas","https:\/\/www.instagram.com\/entreculturas\/","https:\/\/www.youtube.com\/user\/entreculturasvideo","https:\/\/www.linkedin.com\/company\/fundacion-entreculturas-ngdo\/","https:\/\/www.flickr.com\/photos\/98455522@N04\/albums\/"]}]}},"_links":{"self":[{"href":"https:\/\/www.entreculturas.org\/fr\/wp-json\/wp\/v2\/pais\/9954","targetHints":{"allow":["GET"]}}],"collection":[{"href":"https:\/\/www.entreculturas.org\/fr\/wp-json\/wp\/v2\/pais"}],"about":[{"href":"https:\/\/www.entreculturas.org\/fr\/wp-json\/wp\/v2\/types\/pais"}],"wp:attachment":[{"href":"https:\/\/www.entreculturas.org\/fr\/wp-json\/wp\/v2\/media?parent=9954"}],"wp:term":[{"taxonomy":"partner_organizations","embeddable":true,"href":"https:\/\/www.entreculturas.org\/fr\/wp-json\/wp\/v2\/partner_organizations?post=9954"}],"curies":[{"name":"wp","href":"https:\/\/api.w.org\/{rel}","templated":true}]}}