{"id":9936,"date":"2023-12-11T10:02:53","date_gmt":"2023-12-11T09:02:53","guid":{"rendered":"https:\/\/www.entreculturas.org\/?post_type=pais&#038;p=9936"},"modified":"2024-09-20T10:20:44","modified_gmt":"2024-09-20T08:20:44","slug":"libano","status":"publish","type":"pais","link":"https:\/\/www.entreculturas.org\/fr\/pais\/libano\/","title":{"rendered":"L\u00edbano"},"content":{"rendered":"\n<div style=\"height:50px\" aria-hidden=\"true\" class=\"wp-block-spacer\"><\/div>\n\n\n\n<div class=\"wp-block-group has-white-background-color has-background has-global-padding is-layout-constrained wp-container-core-group-is-layout-f15d6688 wp-block-group-is-layout-constrained\" style=\"border-radius:25px;margin-top:0;margin-bottom:var(--wp--preset--spacing--60);padding-top:var(--wp--preset--spacing--40);padding-right:var(--wp--preset--spacing--40);padding-bottom:var(--wp--preset--spacing--70);padding-left:var(--wp--preset--spacing--40)\">\n<div class=\"wp-block-group has-global-padding is-layout-constrained wp-container-core-group-is-layout-819b9014 wp-block-group-is-layout-constrained\" style=\"padding-top:0;padding-bottom:0\">\n<div class=\"wp-block-group is-vertical is-content-justification-center is-layout-flex wp-container-core-group-is-layout-1cb8246b wp-block-group-is-layout-flex\" style=\"padding-top:var(--wp--preset--spacing--60);padding-right:0;padding-bottom:var(--wp--preset--spacing--40);padding-left:0\">\n<figure class=\"wp-block-image size-full\"><img decoding=\"async\" src=\"https:\/\/www.entreculturas.org\/wp-content\/uploads\/2023\/09\/heart.svg\" alt=\"\" class=\"wp-image-220\"\/><\/figure>\n\n\n\n<h2 class=\"wp-block-heading has-text-align-center text-wrap-balance nuestras-causas-portada has-red-color has-text-color\" id=\"h-entreculturas-en-libano\" style=\"margin-top:var(--wp--preset--spacing--30);margin-bottom:var(--wp--preset--spacing--30);font-size:37px\">Entreculturas en L\u00edbano<\/h2>\n<\/div>\n\n\n\n<p class=\"has-text-align-left\">L\u00edbano es el pa\u00eds con mayor n\u00famero de personas refugiadas per c\u00e1pita del mundo y acoge alrededor de 2 millones de personas refugiadas sirias. A\u00fan hoy, de los 700.000 ni\u00f1os y ni\u00f1as sirios en edad escolar que viven en L\u00edbano, s\u00f3lo un tercio encuentra lugar en los colegios p\u00fablicos debido a su limitada capacidad. Por esta raz\u00f3n, trabajamos para hacer posible que accedan a una educaci\u00f3n de calidad y puedan, en la medida de lo posible, ingresar en el sistema educativo liban\u00e9s. <\/p>\n\n\n\n<div style=\"height:15px\" aria-hidden=\"true\" class=\"wp-block-spacer\"><\/div>\n\n\n\n<p class=\"has-text-align-left\">Junto a JRS, apoyamos a 3.000 ni\u00f1os, ni\u00f1as, j\u00f3venes y personas adultas en las zonas de Baalbek, Bar Elias y Burj Hammoud en 6 escuelas de educaci\u00f3n formal, un centro de educaci\u00f3n no formal y ofreciendo apoyo psicosocial a trav\u00e9s de 3 centros sociales. <\/p>\n\n\n\n<div style=\"height:15px\" aria-hidden=\"true\" class=\"wp-block-spacer\"><\/div>\n\n\n\n<p class=\"has-text-align-left\">Tras el terremoto de Febrero de 2023, Entreculturas, junto con la Red Xavier ha estado trabajando con nuestro socio local, el Jesuit Refugee Service en Siria. A trav\u00e9s de un proyecto multianual buscamos no solo dar apoyo inmediato tras el terremoto sino continuar trabajando con las personas afectadas tanto por esta crisis como por el conflicto armado y el desplazamiento interno. En este proceso, trabajamos en una primera fase, apoyando a las personas afectadas mediante el apoyo psicol\u00f3gico de emergencia y la distribuci\u00f3n de bienes de primera necesidad. En la segunda fase, continuaremos trabajando con las personas afectadas por el terremoto pero con el foco en el regreso de la infancia desplazada al sistema educativo y la reconstrucci\u00f3n y fortalecimiento comunitario.<\/p>\n\n\n\n<div style=\"height:31px\" aria-hidden=\"true\" class=\"wp-block-spacer\"><\/div>\n\n\n\n<ul class=\"red-marker\">\n\n\n\n<li>\n\n\n\n<p><strong>ORGANIZACIONES SOCIAS: <\/strong>JRS L\u00edbano, Compa\u00f1\u00eda de Jes\u00fas-Provincia Oriente Pr\u00f3ximo<\/p>\n<\/div>\n<\/div>\n\n\n\n<div class=\"wp-block-group has-global-padding is-layout-constrained wp-container-core-group-is-layout-cc019cf6 wp-block-group-is-layout-constrained\" style=\"margin-bottom:var(--wp--preset--spacing--70);padding-right:20px;padding-left:20px\">\n<div class=\"wp-block-columns is-layout-flex wp-container-core-columns-is-layout-e524df8a wp-block-columns-is-layout-flex\">\n<div class=\"wp-block-column is-layout-flow wp-block-column-is-layout-flow\">\n<div class=\"wp-block-cover is-light hover-fondo-video\" style=\"min-height:334px;aspect-ratio:unset;\"><span aria-hidden=\"true\" class=\"wp-block-cover__background has-background-dim-0 has-background-dim\"><\/span><img decoding=\"async\" width=\"1280\" height=\"915\" class=\"wp-block-cover__image-background wp-image-11414\" alt=\"\" src=\"https:\/\/www.entreculturas.org\/wp-content\/uploads\/2023\/12\/Bourj-Hammoud-FVDL-Centre3-2016nov.jpg\" data-object-fit=\"cover\" srcset=\"https:\/\/www.entreculturas.org\/wp-content\/uploads\/2023\/12\/Bourj-Hammoud-FVDL-Centre3-2016nov.jpg 1280w, https:\/\/www.entreculturas.org\/wp-content\/uploads\/2023\/12\/Bourj-Hammoud-FVDL-Centre3-2016nov-300x214.jpg 300w, https:\/\/www.entreculturas.org\/wp-content\/uploads\/2023\/12\/Bourj-Hammoud-FVDL-Centre3-2016nov-1024x732.jpg 1024w, https:\/\/www.entreculturas.org\/wp-content\/uploads\/2023\/12\/Bourj-Hammoud-FVDL-Centre3-2016nov-768x549.jpg 768w\" sizes=\"(max-width: 1280px) 100vw, 1280px\" \/><div class=\"wp-block-cover__inner-container has-global-padding is-layout-constrained wp-block-cover-is-layout-constrained\">\n<p class=\"has-text-align-center has-large-font-size\"><\/p>\n<\/div><\/div>\n<\/div>\n\n\n\n<div class=\"wp-block-column is-layout-flow wp-block-column-is-layout-flow\">\n<div class=\"wp-block-cover is-light hover-fondo-video\" style=\"min-height:334px;aspect-ratio:unset;\"><span aria-hidden=\"true\" class=\"wp-block-cover__background has-background-dim-0 has-background-dim\"><\/span><img decoding=\"async\" width=\"1280\" height=\"853\" class=\"wp-block-cover__image-background wp-image-11415\" alt=\"\" src=\"https:\/\/www.entreculturas.org\/wp-content\/uploads\/2023\/12\/Children-playing-in-the-schoolyard-in-Baalbek-2016dec.jpg\" data-object-fit=\"cover\" srcset=\"https:\/\/www.entreculturas.org\/wp-content\/uploads\/2023\/12\/Children-playing-in-the-schoolyard-in-Baalbek-2016dec.jpg 1280w, https:\/\/www.entreculturas.org\/wp-content\/uploads\/2023\/12\/Children-playing-in-the-schoolyard-in-Baalbek-2016dec-300x200.jpg 300w, https:\/\/www.entreculturas.org\/wp-content\/uploads\/2023\/12\/Children-playing-in-the-schoolyard-in-Baalbek-2016dec-1024x682.jpg 1024w, https:\/\/www.entreculturas.org\/wp-content\/uploads\/2023\/12\/Children-playing-in-the-schoolyard-in-Baalbek-2016dec-768x512.jpg 768w\" sizes=\"(max-width: 1280px) 100vw, 1280px\" \/><div class=\"wp-block-cover__inner-container has-global-padding is-layout-constrained wp-block-cover-is-layout-constrained\">\n<p class=\"has-text-align-center has-large-font-size\"><\/p>\n<\/div><\/div>\n<\/div>\n\n\n\n<div class=\"wp-block-column is-layout-flow wp-block-column-is-layout-flow\">\n<div class=\"wp-block-cover is-light hover-fondo-video\" style=\"min-height:334px;aspect-ratio:unset;\"><span aria-hidden=\"true\" class=\"wp-block-cover__background has-background-dim-0 has-background-dim\"><\/span><img decoding=\"async\" width=\"1280\" height=\"853\" class=\"wp-block-cover__image-background wp-image-11413\" alt=\"\" src=\"https:\/\/www.entreculturas.org\/wp-content\/uploads\/2023\/12\/Bourj-Hammoud-FVDL-Centre-2016nov6.jpg\" data-object-fit=\"cover\" srcset=\"https:\/\/www.entreculturas.org\/wp-content\/uploads\/2023\/12\/Bourj-Hammoud-FVDL-Centre-2016nov6.jpg 1280w, https:\/\/www.entreculturas.org\/wp-content\/uploads\/2023\/12\/Bourj-Hammoud-FVDL-Centre-2016nov6-300x200.jpg 300w, https:\/\/www.entreculturas.org\/wp-content\/uploads\/2023\/12\/Bourj-Hammoud-FVDL-Centre-2016nov6-1024x682.jpg 1024w, https:\/\/www.entreculturas.org\/wp-content\/uploads\/2023\/12\/Bourj-Hammoud-FVDL-Centre-2016nov6-768x512.jpg 768w\" sizes=\"(max-width: 1280px) 100vw, 1280px\" \/><div class=\"wp-block-cover__inner-container has-global-padding is-layout-constrained wp-block-cover-is-layout-constrained\">\n<p class=\"has-text-align-center has-large-font-size\"><\/p>\n<\/div><\/div>\n<\/div>\n<\/div>\n<\/div>\n\n\n\n<div class=\"country-placeholder\"><div class=\"canvas-container\" data-countries=\"[27494,27003,26995,20567,9993,9991,9985,9976,9972,9968,9965,9961,9958,9956,9954,9952,9950,9949,9948,9947,9944,9943,9942,9940,9938,9937,9936,9934,9933,9932,9181,9176,9156,8657,8656,8655,8654,8653,8652,8651,8650,8649,8648,8647,8646,8645,8644,8643,1896,1694]\" data-map-image-url=\"https:\/\/www.entreculturas.org\/wp-content\/uploads\/2024\/09\/mapa-gris-1.svg\" data-point-image-url=\"https:\/\/www.entreculturas.org\/wp-content\/uploads\/2024\/09\/punto_activo.svg\" data-title=\"Explorar nuestros proyectos\" data-subtitle=\"En Entreculturas llevamos a cabo proyectos de cooperaci\u00f3n al desarrollo, acci\u00f3n humanitaria, ciudadan\u00eda y acci\u00f3n social vinculados a nuestras 5 causas.\" data-default-country=\"9936\" data-overlay-box=\"#E30600\" data-acf-data=\"{}\"><div id=\"loading-spinner\" class=\"loading-spinner\" style=\"display: none;\"><div class=\"spinner\"><\/div><\/div><div class=\"map-overlay\" style=\"background-color:;opacity:0.3\"><\/div><div id=\"map\"><\/div><\/div><\/div>\n","protected":false},"featured_media":11414,"template":"","partner_organizations":[263],"class_list":["post-9936","pais","type-pais","status-publish","has-post-thumbnail","hentry","partner_organizations-compania-de-jesus-provincia-de-libano"],"acf":{"x":"751","y":"284","causes":["Educaci\u00f3n","G\u00e9nero","Migraci\u00f3n y refugio","Participaci\u00f3n y ciudadan\u00eda global"],"projects":"3","funding":"1001621","accompanied_persons":"4267","partner_organizations":[{"term_id":263,"name":"Compa\u00f1\u00eda de Jes\u00fas - Provincia de L\u00edbano","slug":"compania-de-jesus-provincia-de-libano","term_group":0,"term_taxonomy_id":263,"taxonomy":"partner_organizations","description":"","parent":0,"count":2,"filter":"raw"}],"imagen":"https:\/\/www.entreculturas.org\/wp-content\/uploads\/2023\/12\/Bourj-Hammoud-FVDL-Centre3-2016nov.jpg","ubicacion_campo":"top","margen_superior":"-30","margen_izquierda":"0","latitud":"34.527323","longitud":"33.981487","ampliar_informacion":"Si"},"yoast_head":"<!-- This site is optimized with the Yoast SEO Premium plugin v21.6 (Yoast SEO v27.5) - https:\/\/yoast.com\/product\/yoast-seo-premium-wordpress\/ -->\n<title>L\u00edbano - Entreculturas<\/title>\n<meta name=\"robots\" content=\"noindex, follow\" \/>\n<meta property=\"og:locale\" content=\"fr_FR\" \/>\n<meta property=\"og:type\" content=\"article\" \/>\n<meta property=\"og:title\" content=\"L\u00edbano\" \/>\n<meta property=\"og:description\" content=\"Entreculturas en L\u00edbano L\u00edbano es el pa\u00eds con mayor n\u00famero de personas refugiadas per c\u00e1pita del mundo y acoge alrededor de 2 millones de personas refugiadas sirias. A\u00fan hoy, de los 700.000 ni\u00f1os y ni\u00f1as sirios en edad escolar que viven en L\u00edbano, s\u00f3lo un tercio encuentra lugar en los colegios p\u00fablicos debido a su limitada capacidad. Por esta raz\u00f3n, trabajamos para hacer posible que accedan a una educaci\u00f3n de calidad y puedan, en la medida de lo posible, ingresar en el sistema educativo liban\u00e9s. Junto a JRS, apoyamos a 3.000 ni\u00f1os, ni\u00f1as, j\u00f3venes y personas adultas en las zonas de Baalbek, Bar Elias y Burj Hammoud en 6 escuelas de educaci\u00f3n formal, un centro de educaci\u00f3n no formal y ofreciendo apoyo psicosocial a trav\u00e9s de 3 centros sociales. Tras el terremoto de Febrero de 2023, Entreculturas, junto con la Red Xavier ha estado trabajando con nuestro socio local, el [&hellip;]\" \/>\n<meta property=\"og:url\" content=\"https:\/\/www.entreculturas.org\/fr\/pais\/libano\/\" \/>\n<meta property=\"og:site_name\" content=\"Entreculturas\" \/>\n<meta property=\"article:publisher\" content=\"https:\/\/www.facebook.com\/entreculturas\" \/>\n<meta property=\"article:modified_time\" content=\"2024-09-20T08:20:44+00:00\" \/>\n<meta property=\"og:image\" content=\"https:\/\/www.entreculturas.org\/wp-content\/uploads\/2023\/12\/Bourj-Hammoud-FVDL-Centre3-2016nov.jpg\" \/>\n\t<meta property=\"og:image:width\" content=\"1280\" \/>\n\t<meta property=\"og:image:height\" content=\"915\" \/>\n\t<meta property=\"og:image:type\" content=\"image\/jpeg\" \/>\n<meta name=\"twitter:card\" content=\"summary_large_image\" \/>\n<meta name=\"twitter:site\" content=\"@Entreculturas\" \/>\n<script type=\"application\/ld+json\" class=\"yoast-schema-graph\">{\"@context\":\"https:\\\/\\\/schema.org\",\"@graph\":[{\"@type\":\"WebPage\",\"@id\":\"https:\\\/\\\/www.entreculturas.org\\\/fr\\\/pais\\\/libano\\\/\",\"url\":\"https:\\\/\\\/www.entreculturas.org\\\/fr\\\/pais\\\/libano\\\/\",\"name\":\"L\u00edbano - Entreculturas\",\"isPartOf\":{\"@id\":\"https:\\\/\\\/www.entreculturas.org\\\/fr\\\/#website\"},\"primaryImageOfPage\":{\"@id\":\"https:\\\/\\\/www.entreculturas.org\\\/fr\\\/pais\\\/libano\\\/#primaryimage\"},\"image\":{\"@id\":\"https:\\\/\\\/www.entreculturas.org\\\/fr\\\/pais\\\/libano\\\/#primaryimage\"},\"thumbnailUrl\":\"https:\\\/\\\/www.entreculturas.org\\\/wp-content\\\/uploads\\\/2023\\\/12\\\/Bourj-Hammoud-FVDL-Centre3-2016nov.jpg\",\"datePublished\":\"2023-12-11T09:02:53+00:00\",\"dateModified\":\"2024-09-20T08:20:44+00:00\",\"breadcrumb\":{\"@id\":\"https:\\\/\\\/www.entreculturas.org\\\/fr\\\/pais\\\/libano\\\/#breadcrumb\"},\"inLanguage\":\"fr-FR\",\"potentialAction\":[{\"@type\":\"ReadAction\",\"target\":[\"https:\\\/\\\/www.entreculturas.org\\\/fr\\\/pais\\\/libano\\\/\"]}]},{\"@type\":\"ImageObject\",\"inLanguage\":\"fr-FR\",\"@id\":\"https:\\\/\\\/www.entreculturas.org\\\/fr\\\/pais\\\/libano\\\/#primaryimage\",\"url\":\"https:\\\/\\\/www.entreculturas.org\\\/wp-content\\\/uploads\\\/2023\\\/12\\\/Bourj-Hammoud-FVDL-Centre3-2016nov.jpg\",\"contentUrl\":\"https:\\\/\\\/www.entreculturas.org\\\/wp-content\\\/uploads\\\/2023\\\/12\\\/Bourj-Hammoud-FVDL-Centre3-2016nov.jpg\",\"width\":1280,\"height\":915},{\"@type\":\"BreadcrumbList\",\"@id\":\"https:\\\/\\\/www.entreculturas.org\\\/fr\\\/pais\\\/libano\\\/#breadcrumb\",\"itemListElement\":[{\"@type\":\"ListItem\",\"position\":1,\"name\":\"Home\",\"item\":\"https:\\\/\\\/www.entreculturas.org\\\/fr\\\/\"},{\"@type\":\"ListItem\",\"position\":2,\"name\":\"L\u00edbano\"}]},{\"@type\":\"WebSite\",\"@id\":\"https:\\\/\\\/www.entreculturas.org\\\/fr\\\/#website\",\"url\":\"https:\\\/\\\/www.entreculturas.org\\\/fr\\\/\",\"name\":\"Entreculturas\",\"description\":\"\",\"publisher\":{\"@id\":\"https:\\\/\\\/www.entreculturas.org\\\/fr\\\/#organization\"},\"alternateName\":\"Entreculturas\",\"potentialAction\":[{\"@type\":\"SearchAction\",\"target\":{\"@type\":\"EntryPoint\",\"urlTemplate\":\"https:\\\/\\\/www.entreculturas.org\\\/fr\\\/?s={search_term_string}\"},\"query-input\":{\"@type\":\"PropertyValueSpecification\",\"valueRequired\":true,\"valueName\":\"search_term_string\"}}],\"inLanguage\":\"fr-FR\"},{\"@type\":\"Organization\",\"@id\":\"https:\\\/\\\/www.entreculturas.org\\\/fr\\\/#organization\",\"name\":\"Entreculturas\",\"url\":\"https:\\\/\\\/www.entreculturas.org\\\/fr\\\/\",\"logo\":{\"@type\":\"ImageObject\",\"inLanguage\":\"fr-FR\",\"@id\":\"https:\\\/\\\/www.entreculturas.org\\\/fr\\\/#\\\/schema\\\/logo\\\/image\\\/\",\"url\":\"https:\\\/\\\/www.entreculturas.org\\\/wp-content\\\/uploads\\\/2025\\\/10\\\/ESP.svg\",\"contentUrl\":\"https:\\\/\\\/www.entreculturas.org\\\/wp-content\\\/uploads\\\/2025\\\/10\\\/ESP.svg\",\"caption\":\"Entreculturas\"},\"image\":{\"@id\":\"https:\\\/\\\/www.entreculturas.org\\\/fr\\\/#\\\/schema\\\/logo\\\/image\\\/\"},\"sameAs\":[\"https:\\\/\\\/www.facebook.com\\\/entreculturas\",\"https:\\\/\\\/x.com\\\/Entreculturas\",\"https:\\\/\\\/www.instagram.com\\\/entreculturas\\\/\",\"https:\\\/\\\/www.youtube.com\\\/user\\\/entreculturasvideo\",\"https:\\\/\\\/www.linkedin.com\\\/company\\\/fundacion-entreculturas-ngdo\\\/\",\"https:\\\/\\\/www.flickr.com\\\/photos\\\/98455522@N04\\\/albums\\\/\"]}]}<\/script>\n<!-- \/ Yoast SEO Premium plugin. -->","yoast_head_json":{"title":"L\u00edbano - Entreculturas","robots":{"index":"noindex","follow":"follow"},"og_locale":"fr_FR","og_type":"article","og_title":"L\u00edbano","og_description":"Entreculturas en L\u00edbano L\u00edbano es el pa\u00eds con mayor n\u00famero de personas refugiadas per c\u00e1pita del mundo y acoge alrededor de 2 millones de personas refugiadas sirias. A\u00fan hoy, de los 700.000 ni\u00f1os y ni\u00f1as sirios en edad escolar que viven en L\u00edbano, s\u00f3lo un tercio encuentra lugar en los colegios p\u00fablicos debido a su limitada capacidad. Por esta raz\u00f3n, trabajamos para hacer posible que accedan a una educaci\u00f3n de calidad y puedan, en la medida de lo posible, ingresar en el sistema educativo liban\u00e9s. Junto a JRS, apoyamos a 3.000 ni\u00f1os, ni\u00f1as, j\u00f3venes y personas adultas en las zonas de Baalbek, Bar Elias y Burj Hammoud en 6 escuelas de educaci\u00f3n formal, un centro de educaci\u00f3n no formal y ofreciendo apoyo psicosocial a trav\u00e9s de 3 centros sociales. Tras el terremoto de Febrero de 2023, Entreculturas, junto con la Red Xavier ha estado trabajando con nuestro socio local, el [&hellip;]","og_url":"https:\/\/www.entreculturas.org\/fr\/pais\/libano\/","og_site_name":"Entreculturas","article_publisher":"https:\/\/www.facebook.com\/entreculturas","article_modified_time":"2024-09-20T08:20:44+00:00","og_image":[{"width":1280,"height":915,"url":"https:\/\/www.entreculturas.org\/wp-content\/uploads\/2023\/12\/Bourj-Hammoud-FVDL-Centre3-2016nov.jpg","type":"image\/jpeg"}],"twitter_card":"summary_large_image","twitter_site":"@Entreculturas","schema":{"@context":"https:\/\/schema.org","@graph":[{"@type":"WebPage","@id":"https:\/\/www.entreculturas.org\/fr\/pais\/libano\/","url":"https:\/\/www.entreculturas.org\/fr\/pais\/libano\/","name":"L\u00edbano - Entreculturas","isPartOf":{"@id":"https:\/\/www.entreculturas.org\/fr\/#website"},"primaryImageOfPage":{"@id":"https:\/\/www.entreculturas.org\/fr\/pais\/libano\/#primaryimage"},"image":{"@id":"https:\/\/www.entreculturas.org\/fr\/pais\/libano\/#primaryimage"},"thumbnailUrl":"https:\/\/www.entreculturas.org\/wp-content\/uploads\/2023\/12\/Bourj-Hammoud-FVDL-Centre3-2016nov.jpg","datePublished":"2023-12-11T09:02:53+00:00","dateModified":"2024-09-20T08:20:44+00:00","breadcrumb":{"@id":"https:\/\/www.entreculturas.org\/fr\/pais\/libano\/#breadcrumb"},"inLanguage":"fr-FR","potentialAction":[{"@type":"ReadAction","target":["https:\/\/www.entreculturas.org\/fr\/pais\/libano\/"]}]},{"@type":"ImageObject","inLanguage":"fr-FR","@id":"https:\/\/www.entreculturas.org\/fr\/pais\/libano\/#primaryimage","url":"https:\/\/www.entreculturas.org\/wp-content\/uploads\/2023\/12\/Bourj-Hammoud-FVDL-Centre3-2016nov.jpg","contentUrl":"https:\/\/www.entreculturas.org\/wp-content\/uploads\/2023\/12\/Bourj-Hammoud-FVDL-Centre3-2016nov.jpg","width":1280,"height":915},{"@type":"BreadcrumbList","@id":"https:\/\/www.entreculturas.org\/fr\/pais\/libano\/#breadcrumb","itemListElement":[{"@type":"ListItem","position":1,"name":"Home","item":"https:\/\/www.entreculturas.org\/fr\/"},{"@type":"ListItem","position":2,"name":"L\u00edbano"}]},{"@type":"WebSite","@id":"https:\/\/www.entreculturas.org\/fr\/#website","url":"https:\/\/www.entreculturas.org\/fr\/","name":"Entreculturas","description":"","publisher":{"@id":"https:\/\/www.entreculturas.org\/fr\/#organization"},"alternateName":"Entreculturas","potentialAction":[{"@type":"SearchAction","target":{"@type":"EntryPoint","urlTemplate":"https:\/\/www.entreculturas.org\/fr\/?s={search_term_string}"},"query-input":{"@type":"PropertyValueSpecification","valueRequired":true,"valueName":"search_term_string"}}],"inLanguage":"fr-FR"},{"@type":"Organization","@id":"https:\/\/www.entreculturas.org\/fr\/#organization","name":"Entreculturas","url":"https:\/\/www.entreculturas.org\/fr\/","logo":{"@type":"ImageObject","inLanguage":"fr-FR","@id":"https:\/\/www.entreculturas.org\/fr\/#\/schema\/logo\/image\/","url":"https:\/\/www.entreculturas.org\/wp-content\/uploads\/2025\/10\/ESP.svg","contentUrl":"https:\/\/www.entreculturas.org\/wp-content\/uploads\/2025\/10\/ESP.svg","caption":"Entreculturas"},"image":{"@id":"https:\/\/www.entreculturas.org\/fr\/#\/schema\/logo\/image\/"},"sameAs":["https:\/\/www.facebook.com\/entreculturas","https:\/\/x.com\/Entreculturas","https:\/\/www.instagram.com\/entreculturas\/","https:\/\/www.youtube.com\/user\/entreculturasvideo","https:\/\/www.linkedin.com\/company\/fundacion-entreculturas-ngdo\/","https:\/\/www.flickr.com\/photos\/98455522@N04\/albums\/"]}]}},"_links":{"self":[{"href":"https:\/\/www.entreculturas.org\/fr\/wp-json\/wp\/v2\/pais\/9936","targetHints":{"allow":["GET"]}}],"collection":[{"href":"https:\/\/www.entreculturas.org\/fr\/wp-json\/wp\/v2\/pais"}],"about":[{"href":"https:\/\/www.entreculturas.org\/fr\/wp-json\/wp\/v2\/types\/pais"}],"wp:featuredmedia":[{"embeddable":true,"href":"https:\/\/www.entreculturas.org\/fr\/wp-json\/wp\/v2\/media\/11414"}],"wp:attachment":[{"href":"https:\/\/www.entreculturas.org\/fr\/wp-json\/wp\/v2\/media?parent=9936"}],"wp:term":[{"taxonomy":"partner_organizations","embeddable":true,"href":"https:\/\/www.entreculturas.org\/fr\/wp-json\/wp\/v2\/partner_organizations?post=9936"}],"curies":[{"name":"wp","href":"https:\/\/api.w.org\/{rel}","templated":true}]}}