{"id":28422,"date":"2024-07-11T13:23:47","date_gmt":"2024-07-11T11:23:47","guid":{"rendered":"https:\/\/www.entreculturas.org\/la-lumiere-des-filles\/la-violence\/"},"modified":"2026-04-24T11:31:52","modified_gmt":"2026-04-24T09:31:52","slug":"la-violence","status":"publish","type":"page","link":"https:\/\/www.entreculturas.org\/fr\/la-lumiere-des-filles\/la-violence\/","title":{"rendered":"La violence"},"content":{"rendered":"\n<div class=\"wp-block-group header_fijo is-content-justification-space-between is-nowrap is-layout-flex wp-container-core-group-is-layout-8fc330fe wp-block-group-is-layout-flex\" style=\"min-height:0px;margin-top:0;margin-bottom:0;padding-top:var(--wp--preset--spacing--40);padding-right:var(--wp--preset--spacing--60);padding-bottom:var(--wp--preset--spacing--40);padding-left:var(--wp--preset--spacing--60)\">\n<div class=\"wp-block-group header-contenido is-nowrap is-layout-flex wp-container-core-group-is-layout-c1740a5a wp-block-group-is-layout-flex\">\n<figure class=\"wp-block-image size-full is-resized\"><a href=\"https:\/\/www.entreculturas.org\/fr\/\"><img decoding=\"async\" src=\"https:\/\/www.entreculturas.org\/wp-content\/uploads\/2025\/10\/FRA-1.svg\" alt=\"\" class=\"wp-image-43630\" style=\"width:255px\"\/><\/a><\/figure>\n\n\n\n<figure class=\"wp-block-image size-full is-resized\"><a href=\"https:\/\/www.entreculturas.org\/fr\/la-lumiere-des-filles\/\"><img decoding=\"async\" src=\"https:\/\/www.entreculturas.org\/wp-content\/uploads\/2025\/10\/FRA.svg\" alt=\"\" class=\"wp-image-43605\" style=\"width:122px\"\/><\/a><\/figure>\n\n\n\n<div class=\"wp-block-group has-global-padding is-layout-constrained wp-container-core-group-is-layout-c5bbea69 wp-block-group-is-layout-constrained\">\n<div class=\"wp-block-group menu-row is-nowrap is-layout-flex wp-container-core-group-is-layout-c0d7094d wp-block-group-is-layout-flex\"><nav style=\"font-size:1.25rem;font-style:normal;font-weight:600;\" class=\"is-responsive items-justified-center no-wrap menu-enlaces wp-block-navigation is-horizontal is-content-justification-center is-nowrap is-layout-flex wp-container-core-navigation-is-layout-109d3c9b wp-block-navigation-is-layout-flex\" aria-label=\"Navegaci\u00f3n 2\" \n\t\t data-wp-interactive=\"core\/navigation\" data-wp-context='{\"overlayOpenedBy\":{\"click\":false,\"hover\":false,\"focus\":false},\"type\":\"overlay\",\"roleAttribute\":\"\",\"ariaLabel\":\"Menu\"}'><button aria-haspopup=\"dialog\" aria-label=\"Ouvrir le menu\" class=\"wp-block-navigation__responsive-container-open\" \n\t\t\t\tdata-wp-on--click=\"actions.openMenuOnClick\"\n\t\t\t\tdata-wp-on--keydown=\"actions.handleMenuKeydown\"\n\t\t\t><svg width=\"24\" height=\"24\" xmlns=\"http:\/\/www.w3.org\/2000\/svg\" viewBox=\"0 0 24 24\"><path d=\"M5 5v1.5h14V5H5z\"><\/path><path d=\"M5 12.8h14v-1.5H5v1.5z\"><\/path><path d=\"M5 19h14v-1.5H5V19z\"><\/path><\/svg><\/button>\n\t\t\t\t<div class=\"wp-block-navigation__responsive-container\"  id=\"modal-1\" \n\t\t\t\tdata-wp-class--has-modal-open=\"state.isMenuOpen\"\n\t\t\t\tdata-wp-class--is-menu-open=\"state.isMenuOpen\"\n\t\t\t\tdata-wp-watch=\"callbacks.initMenu\"\n\t\t\t\tdata-wp-on--keydown=\"actions.handleMenuKeydown\"\n\t\t\t\tdata-wp-on--focusout=\"actions.handleMenuFocusout\"\n\t\t\t\ttabindex=\"-1\"\n\t\t\t>\n\t\t\t\t\t<div class=\"wp-block-navigation__responsive-close\" tabindex=\"-1\">\n\t\t\t\t\t\t<div class=\"wp-block-navigation__responsive-dialog\" \n\t\t\t\tdata-wp-bind--aria-modal=\"state.ariaModal\"\n\t\t\t\tdata-wp-bind--aria-label=\"state.ariaLabel\"\n\t\t\t\tdata-wp-bind--role=\"state.roleAttribute\"\n\t\t\t>\n\t\t\t\t\t\t\t<button aria-label=\"Fermer le menu\" class=\"wp-block-navigation__responsive-container-close\" \n\t\t\t\tdata-wp-on--click=\"actions.closeMenuOnClick\"\n\t\t\t><svg xmlns=\"http:\/\/www.w3.org\/2000\/svg\" viewBox=\"0 0 24 24\" width=\"24\" height=\"24\" aria-hidden=\"true\" focusable=\"false\"><path d=\"m13.06 12 6.47-6.47-1.06-1.06L12 10.94 5.53 4.47 4.47 5.53 10.94 12l-6.47 6.47 1.06 1.06L12 13.06l6.47 6.47 1.06-1.06L13.06 12Z\"><\/path><\/svg><\/button>\n\t\t\t\t\t\t\t<div class=\"wp-block-navigation__responsive-container-content\" \n\t\t\t\tdata-wp-watch=\"callbacks.focusFirstElement\"\n\t\t\t id=\"modal-1-content\">\n\t\t\t\t\t\t\t\t<ul style=\"font-size:1.25rem;font-style:normal;font-weight:600;\" class=\"wp-block-navigation__container is-responsive items-justified-center no-wrap menu-enlaces wp-block-navigation\"><li style=\"font-size: 1.25rem;\" class=\" wp-block-navigation-item wp-block-navigation-link\"><a class=\"wp-block-navigation-item__content\"  href=\"https:\/\/www.entreculturas.org\/fr\/la-lumiere-des-filles\/la-violence\/\"><span class=\"wp-block-navigation-item__label\">La violence<\/span><\/a><\/li><li style=\"font-size: 1.25rem;\" class=\" wp-block-navigation-item wp-block-navigation-link\"><a class=\"wp-block-navigation-item__content\"  href=\"https:\/\/www.entreculturas.org\/fr\/la-lumiere-des-filles\/les-enfants\/\"><span class=\"wp-block-navigation-item__label\">Les enfants<\/span><\/a><\/li><li style=\"font-size: 1.25rem;\" class=\" wp-block-navigation-item wp-block-navigation-link\"><a class=\"wp-block-navigation-item__content\"  href=\"https:\/\/www.entreculturas.org\/fr\/la-lumiere-des-filles\/comment-agir\/\"><span class=\"wp-block-navigation-item__label\">Comment agir<\/span><\/a><\/li><li style=\"font-size: 1.25rem;\" class=\" wp-block-navigation-item wp-block-navigation-link\"><a class=\"wp-block-navigation-item__content\"  href=\"https:\/\/www.entreculturas.org\/fr\/la-lumiere-des-filles\/ressources\/\"><span class=\"wp-block-navigation-item__label\">Ressources<\/span><\/a><\/li><style>html[dir=\"rtl\"] .wpml-language-switcher-block .wpml-ls-dropdown ul li.wp-block-navigation-submenu .wp-block-navigation-submenu__toggle img{margin-left:12px}html[dir=\"rtl\"] .wpml-language-switcher-block .wpml-ls-dropdown ul li.wp-block-navigation-submenu ul.isHorizontal li{text-align:right}html[dir=\"rtl\"] .wpml-language-switcher-block .wpml-ls-dropdown ul li.wp-block-navigation-submenu ul.isHorizontal li a img{margin-left:12px}.wpml-language-switcher-block{display:flex;box-sizing:border-box;width:100% !important}.wpml-language-switcher-block>.wp-block-navigation-item,.wpml-language-switcher-block>.wp-block-navigation-item>div{display:flex;width:100% !important}.wpml-language-switcher-block .wp-block-navigation__container{background:unset !important}.wpml-language-switcher-block .hide-arrow .wp-block-navigation__submenu-icon{display:none}.wpml-language-switcher-block .wpml-ls-dropdown .wp-block-navigation-submenu__toggle.wpml-ls-keyboard-focus ~ .wp-block-navigation__submenu-container,.wpml-language-switcher-block .wpml-ls-dropdown li.open-on-hover-click .wp-block-navigation-submenu__toggle:focus ~ .wp-block-navigation__submenu-container,.wpml-language-switcher-block .wpml-ls-dropdown li.open-on-hover-click .wp-block-navigation-submenu__toggle:focus-within ~ .wp-block-navigation__submenu-container,.wpml-language-switcher-block .wpml-ls-dropdown li.open-on-hover-click:focus-within>.wp-block-navigation__submenu-container{visibility:visible;opacity:1;display:block;overflow:visible}.wpml-language-switcher-block .wpml-ls-dropdown ul li button{padding:0}.wpml-language-switcher-block .wpml-ls-dropdown ul li button+.isHorizontal{min-width:inherit !important}.wpml-language-switcher-block .wpml-ls-dropdown ul li button+.isHorizontal li{width:inherit !important}.wpml-language-switcher-block .wpml-ls-dropdown ul li button+.isHorizontal li a{display:flex;align-items:center;min-width:max-content}.wpml-language-switcher-block .wpml-ls-dropdown ul li.wp-block-navigation-submenu ul.isHorizontal{margin:0;min-width:inherit !important}.wpml-language-switcher-block .wpml-ls-dropdown ul li.wp-block-navigation-submenu ul.isHorizontal li{width:inherit !important;text-align:left}.wpml-language-switcher-block .wpml-ls-dropdown ul li.wp-block-navigation-submenu ul.isHorizontal li a{display:flex;align-items:center;min-width:max-content}.wpml-language-switcher-block ul{list-style-type:none !important;padding:0 !important;width:100%}.wpml-language-switcher-block ul li{margin:0}.wpml-language-switcher-block ul li>a.wp-block-navigation-item__content:focus{outline:1px solid #2F7D92}.wpml-language-switcher-block ul li.is-focused{outline:1px solid #2F7D92}.wpml-language-switcher-block ul.wp-block-navigation__submenu-container{border:inherit !important;background-color:unset !important;min-width:unset !important}.wpml-language-switcher-block ul.wp-block-navigation__submenu-container .wp-block-navigation-item{border-radius:0 !important}.wpml-language-switcher-block ul.wp-block-navigation__submenu-container .wp-block-navigation-item a{display:flex;align-items:center;min-width:max-content;padding:1px}.wpml-language-switcher-block ul.horizontal-list{display:flex;flex-direction:row;align-items:center;justify-content:flex-start;margin:0 !important;gap:1em !important}.wpml-language-switcher-block ul.horizontal-list li{display:inline-block;margin:0;line-height:100%}.wpml-language-switcher-block ul.horizontal-list li a{line-height:100%}.wpml-language-switcher-block ul.center-justify{justify-content:center}.wpml-language-switcher-block ul.center-justify .wp-block-navigation-item{justify-content:center}.wpml-language-switcher-block ul.right-justify{justify-content:right}.wpml-language-switcher-block ul.right-justify .wp-block-navigation-item{justify-content:right}.wpml-language-switcher-block ul.space_between-justify{justify-content:space-between}.wpml-language-switcher-block ul.space_between-justify li>div{white-space:nowrap}.wpml-language-switcher-block .hasHoverColor:hover{color:var(--hover-color) !important}.wpml-language-switcher-block .hasHoverBackgroundColor:hover{background-color:var(--hover-background-color) !important}.wpml-language-switcher-block ul.isHorizontal{padding-left:0;list-style:none}.wpml-language-switcher-block ul.isHorizontal li{display:inline;margin-left:0}.wpml-language-switcher-block ul.isHorizontal li div{display:inline-block}.wpml-language-switcher-block ul.hasSpacing.isHorizontal li:not(:last-child){margin-right:var(--language-spacing) !important}.wpml-language-switcher-block ul.hasSpacing.isVertical li:not(:last-child){margin-bottom:var(--language-spacing) !important}.wpml-language-switcher-block ul.hasSpacing.isVertical .wp-block-navigation-item>div,.wpml-language-switcher-block ul.hasSpacing.isVertical .wp-block-navigation-item>div>a{display:inline-flex;align-items:center}.wpml-language-switcher-block .hasHoverColor:hover{color:var(--hover-color) !important}.wpml-language-switcher-block .hasHoverBackgroundColor:hover{background-color:var(--hover-background-color) !important}.wpml-language-switcher-block .hasFontSize{font-size:var(--font-size) !important}.wpml-language-switcher-block .hasLetterSpacing{letter-spacing:var(--letter-spacing) !important}.wpml-language-switcher-block .hasTextTransform{text-transform:var(--text-transform) !important}.wpml-language-switcher-block .hasFontFamily{font-family:var(--font-family) !important}.wpml-ls-flag{display:inline-block}.wpml-ls-flag-style-btn{border:0px transparent;padding-top:3px !important}.wpml-ls-flag-style-btn.black-bg{background-color:black}.wpml-ls-flag-style-btn.transparent-bg{background-color:transparent}.wpml-ls-control-row{border:solid 1px #949494;border-radius:2px;margin-bottom:8px}.wpml-ls-control-row-with-padding{padding:1px}.wpml-ls-number-control{max-width:100%;width:100%}.wpml-ls-slider-control-alert{margin-top:5px !important}.wpml-ls-slider .ant-slider-track{background-color:#3858E9}.wpml-ls-slider .ant-slider-handle{border:solid 1px black}.wpml-ls-control-blue{color:#2F7D92}.wpml-ls-number-with-unit-select select{color:#2F7D92;font-weight:700}.wpml-ls-control-grey{color:#757575}.wpml-ls-control-bg-grey{background-color:#a6a6a6}.wpml-ls-control-font{font-family:\"SF Pro Text\", sans-serif;font-style:normal;font-weight:400 !important;font-size:13px !important;line-height:140% !important}.wpml-ls-option-btn-col{padding:0.5px}.wpml-ls-no-borders{border:none}.ant-col-8.wpml-ls-option-btn-col{display:inline-flex}.wpml-ls-three-btn-row .wpml-ls-option-btn-wrap{padding-top:8px;padding-bottom:8px;white-space:normal;word-break:break-word}.wpml-ls-three-btn-row .ant-btn-no-height-less-padding{height:unset;padding-right:10px;padding-left:10px}.wpml-ls-full-width{width:100%}.wpml-ls-toggle-control .components-form-toggle.is-checked>.components-form-toggle__track{background-color:#2F7D92;border-color:#2F7D92}.wpml-ls-toggle-control .components-form-toggle.is-checked>.components-form-toggle__thumb{background-color:white}.wpml-ls-toggle-control .components-form-toggle>.components-form-toggle__track{background-color:white;border-color:#373737}.wpml-ls-toggle-control .components-form-toggle>.components-form-toggle__thumb{background-color:#373737}.ant-select-dropdown{min-width:45px !important;max-width:45px !important;width:45px !important}.wpml-ls-color-control{border:1px solid #DDDDDD;border-bottom:0px;padding:10px;box-sizing:border-box}.wpml-ls-color-control.wpml-ls-with-bottom-border{border-bottom:1px solid #DDDDDD}.wpml-ls-color-control .wpml-ls-icon-no-color:hover{cursor:pointer}.wpml-ls-color-control .component-color-indicator{width:25px;height:25px;box-shadow:0px 0px 2px 1px lightgrey}.wpml-ls-color-control .component-color-indicator:hover{cursor:pointer}.wpml-ls-color-control .wpml-ls-color-title{top:3px}.wpml-ls-dimension-control{border-top:solid 1px #e0e0e0}.wpml-ls-dimension-control .components-panel__arrow{visibility:hidden}.wpml-ls-panel-settings-dropdown-container{position:absolute;right:0px}.wpml-ls-icon-link{width:24px;height:24px;top:3px;border-radius:2px}.ant-input-number-handler-wrap{display:none !important}.ant-input-number-input{padding-right:0px !important;padding-left:3px !important}.block-editor-contrast-checker+.block-editor-contrast-checker{display:none}.current-language-item{display:flex;align-items:center;min-height:30px}.current-language-item .wp-block-navigation-item__content>div{display:flex;align-items:center}.wpml-ls-fontLetterCase-control button.components-button.has-icon{margin-right:0 !important;min-width:30px !important;height:30px !important}.wpml-ls-fontLetterSpacing-control div.components-input-control__container{top:4px}[data-wpml='language-item']:first-of-type{margin-top:5px !important}.wpml-ls-dimension-panel .components-panel__arrow{display:none}.wpml-ls-typography-panel .components-panel__arrow{display:none}.wpml-ls-panel-settings-dropdown-container>div>button>span.anticon-more{font-size:large;margin-right:10px}.wpml-ls-panel-settings-dropdown-container>div>button>span.anticon-plus{font-size:medium;margin-right:10px}.wpml-ls-color-panel .wpml-ls-color-panel-wrap button.components-button:focus{outline:2px solid #2F7D92;color:#2F7D92}.wpml-ls-color-panel .wpml-ls-color-panel-wrap button.components-button:hover{color:#2F7D92 !important}.wpml-ls-option-btn-wrap:focus{outline:4px solid #2F7D92}.wpml-ls-option-btn-wrap:hover:not(.wpml-ls-option-btn-wrap[data-selected=\"true\"]){outline:2px solid #2F7D92;color:#2F7D92 !important}.wpml-ls-toggle-control .components-toggle-control__label:hover{color:#2F7D92}.components-input-control__container:hover .components-input-control__backdrop{border-color:#2F7D92 !important}input.components-input-control__input:focus ~ .components-input-control__backdrop{outline:2px solid #2F7D92 !important}.components-toggle-group-control[role=\"radiogroup\"]:hover{border-color:#2F7D92}.components-toggle-group-control[role=\"radiogroup\"] .components-toggle-group-control-option-base[role=\"radio\"]:hover{color:#2F7D92}.components-toggle-group-control[role=\"radiogroup\"] .components-toggle-group-control-option-base[role=\"radio\"]:focus{color:#2F7D92;outline:2px solid #2F7D92}.ant-slider .ant-slider-handle:not(.ant-tooltip-open){background-color:#2F7D92 !important;border-color:#373737}.ant-slider:hover .ant-slider-handle:not(.ant-tooltip-open),.ant-slider .ant-slider-handle:focus{background-color:#373737 !important;border-color:#2F7D92}.wpml-ls-typography-panel .components-panel__body .ant-col{margin-bottom:12px}.wpml-ls-fontSize-control div[aria-label=\"Font size\"]{margin-bottom:12px}.wpml-ls-fontSize-control .wpml-ls-fontLetterSpacing-control{display:grid;place-items:center;align-self:center}\n\n.wp-block-navigation.is-content-justification-space-between .wp-block-page-list{display:contents}.wp-block-navigation.is-content-justification-space-between .wpml-language-switcher-navigation-block,.wp-block-navigation.is-content-justification-space-between [data-type='wpml\/navigation-language-switcher']{display:contents !important}.wp-block-navigation.is-content-justification-space-between .wpml-language-switcher-navigation-block .wp-block-navigation-item,.wp-block-navigation.is-content-justification-space-between [data-type='wpml\/navigation-language-switcher'] .wp-block-navigation-item{display:contents}.wp-block-navigation.is-content-justification-space-between .wpml-language-switcher-navigation-block .wp-block-navigation-item>div,.wp-block-navigation.is-content-justification-space-between .wpml-language-switcher-navigation-block .wp-block-navigation-item .horizontal-list,.wp-block-navigation.is-content-justification-space-between [data-type='wpml\/navigation-language-switcher'] .wp-block-navigation-item>div,.wp-block-navigation.is-content-justification-space-between [data-type='wpml\/navigation-language-switcher'] .wp-block-navigation-item .horizontal-list{display:contents}.wp-block-navigation.is-content-justification-space-between .wpml-language-switcher-navigation-block .wp-block-navigation-item>div li.wp-block-navigation-item,.wp-block-navigation.is-content-justification-space-between .wpml-language-switcher-navigation-block .wp-block-navigation-item .horizontal-list li.wp-block-navigation-item,.wp-block-navigation.is-content-justification-space-between [data-type='wpml\/navigation-language-switcher'] .wp-block-navigation-item>div li.wp-block-navigation-item,.wp-block-navigation.is-content-justification-space-between [data-type='wpml\/navigation-language-switcher'] .wp-block-navigation-item .horizontal-list li.wp-block-navigation-item{display:flex}.wp-block-navigation .wpml-block-navigation-language-switcher,.wp-block-navigation [data-type='wpml\/navigation-language-switcher']{display:flex !important;flex-direction:var(--navigation-layout-direction, initial);justify-content:var(--navigation-layout-justify, initial);align-items:var(--navigation-layout-align, initial);flex-wrap:var(--navigation-layout-wrap, wrap);background-color:inherit;gap:inherit;margin:0;width:fit-content;max-width:fit-content}.wp-block-navigation.items-justified-space-between .wpml-language-switcher-navigation-block.wpml-ls-dropdown{flex:inherit;display:flex !important}.wp-block-navigation.items-justified-space-between .wpml-language-switcher-navigation-block.wpml-ls-list{flex:inherit;display:contents !important}.wp-block-navigation.items-justified-space-between .wpml-block-navigation-language-switcher.wpml-ls-dropdown,.wp-block-navigation.items-justified-space-between [data-type='wpml\/navigation-language-switcher']{flex:inherit;display:flex !important}.wp-block-navigation.items-justified-space-between .wpml-block-navigation-language-switcher.wpml-ls-list,.wp-block-navigation.items-justified-space-between [data-type='wpml\/navigation-language-switcher']{flex:inherit;display:contents !important}.wp-block-navigation .wpml-block-navigation-item{background-color:inherit}.wp-block-navigation .wpml-block-navigation-item .current-language-item .wp-block-navigation-item__content>div{display:flex;align-items:center}.wp-block-navigation__submenu-container li{margin:0}.wp-block-navigation .wpml-language-switcher-navigation-block{width:unset !important;flex:initial !important}.wp-block-navigation .wpml-language-switcher-navigation-block .hide-arrow .wp-block-navigation__submenu-icon{display:none}.wp-block-navigation .wpml-language-switcher-navigation-block ul li a{display:flex;align-items:center}.wp-block-navigation .wpml-language-switcher-navigation-block ul.horizontal-list{display:flex;flex-direction:row;align-items:center;justify-content:flex-start;margin:0 !important;gap:1.5em !important}.wp-block-navigation .wpml-language-switcher-navigation-block ul.horizontal-list li{display:inline-block;line-height:100%}.wp-block-navigation .wpml-language-switcher-navigation-block ul.horizontal-list li a,.wp-block-navigation .wpml-language-switcher-navigation-block ul.horizontal-list li div{line-height:100%;display:inline-flex;align-items:center}\n\n<\/style><div id=\"\" class=\"wpml-language-switcher-navigation-block wpml-ls-dropdown\"><div class=\"block-editor-block-list__block wp-block wp-block-navigation-item has-link has-child wp-block-navigation-submenu\"><div class=\"wpml-ls-dropdown open-on-hover-click \"><ul class=\"wp-block-navigation__container\"><li class=\"wp-block-navigation-item has-child wp-block-navigation-submenu open-on-hover-click\" onclick=\"(()=&gt;{const ariaExpanded = this.children[0].getAttribute('aria-expanded');\n\t\t\t\t\tthis.children[0].setAttribute('aria-expanded', ariaExpanded === 'true' ? 'false' : 'true');})(this);\"><div class=\"wp-block-navigation-item__content wp-block-navigation-submenu__toggle\" aria-expanded=\"false\"><span class=\"current-language-item\" style=\"display:flex;cursor:pointer\" data-wpml=\"current-language-item\"><div style=\"display:inline-block\" class=\"wp-block-navigation-item__content\"><div><img decoding=\"async\" alt=\"wpml-ls-flag\" class=\"wpml-ls-flag\" src=\"https:\/\/www.entreculturas.org\/wp-content\/plugins\/sitepress-multilingual-cms\/res\/flags\/fr.svg\" style=\"margin-right:4px;width:18px;height:12px;border-radius:0%;object-fit:unset\" size=\"24\" data-wpml=\"flag-url\"><span data-wpml=\"label\" data-wpml-label-type=\"native\" class=\"wp-block-navigation-item__label \">FRA<\/span><\/div><\/div><span class=\"wp-block-navigation__submenu-icon\"><svg xmlns=\"http:\/\/www.w3.org\/2000\/svg\" width=\"12\" height=\"12\" viewbox=\"0 0 12 12\" fill=\"none\" aria-hidden=\"true\" focusable=\"false\"><path d=\"M1.50002 4L6.00002 8L10.5 4\" stroke-width=\"1.5\"><\/path><\/svg><\/span><\/span><\/div><ul class=\"wp-block-navigation__submenu-container isHorizontal\" style=\"flex-wrap:nowrap\" data-is-drop-zone=\"true\"><li class=\"wp-block-navigation-item \" data-wpml=\"language-item\"><div><a class=\"wp-block-navigation-item__content\" data-wpml=\"link\" href=\"https:\/\/www.entreculturas.org\/ca\/\" aria-label=\"Passer &agrave; CAT\"><img decoding=\"async\" alt=\"wpml-ls-flag\" class=\"wpml-ls-flag\" src=\"https:\/\/www.entreculturas.org\/wp-content\/plugins\/sitepress-multilingual-cms\/res\/flags\/ca.svg\" style=\"margin-right:4px;width:18px;height:12px;border-radius:0%;object-fit:unset\" size=\"24\" data-wpml=\"flag-url\"><span data-wpml=\"label\" data-wpml-label-type=\"native\" class=\"wp-block-navigation-item__label \">CAT<\/span><\/a><\/div><\/li><li class=\"wp-block-navigation-item \" data-wpml=\"language-item\"><div><a class=\"wp-block-navigation-item__content\" data-wpml=\"link\" href=\"https:\/\/www.entreculturas.org\/en\/\" aria-label=\"Passer &agrave; ENG\"><img decoding=\"async\" alt=\"wpml-ls-flag\" class=\"wpml-ls-flag\" src=\"https:\/\/www.entreculturas.org\/wp-content\/plugins\/sitepress-multilingual-cms\/res\/flags\/en.svg\" style=\"margin-right:4px;width:18px;height:12px;border-radius:0%;object-fit:unset\" size=\"24\" data-wpml=\"flag-url\"><span data-wpml=\"label\" data-wpml-label-type=\"native\" class=\"wp-block-navigation-item__label \">ENG<\/span><\/a><\/div><\/li><li class=\"wp-block-navigation-item \" data-wpml=\"language-item\"><div><a class=\"wp-block-navigation-item__content\" data-wpml=\"link\" href=\"https:\/\/www.entreculturas.org\/\" aria-label=\"Passer &agrave; ESP\"><img decoding=\"async\" alt=\"wpml-ls-flag\" class=\"wpml-ls-flag\" src=\"https:\/\/www.entreculturas.org\/wp-content\/plugins\/sitepress-multilingual-cms\/res\/flags\/es.svg\" style=\"margin-right:4px;width:18px;height:12px;border-radius:0%;object-fit:unset\" size=\"24\" data-wpml=\"flag-url\"><span data-wpml=\"label\" data-wpml-label-type=\"native\" class=\"wp-block-navigation-item__label \">ESP<\/span><\/a><\/div><\/li><li class=\"wp-block-navigation-item \" data-wpml=\"language-item\"><div><a class=\"wp-block-navigation-item__content\" data-wpml=\"link\" href=\"https:\/\/www.entreculturas.org\/gl\/\" aria-label=\"Passer &agrave; GAL\"><img decoding=\"async\" alt=\"wpml-ls-flag\" class=\"wpml-ls-flag\" src=\"https:\/\/www.entreculturas.org\/wp-content\/plugins\/sitepress-multilingual-cms\/res\/flags\/gl.svg\" style=\"margin-right:4px;width:18px;height:12px;border-radius:0%;object-fit:unset\" size=\"24\" data-wpml=\"flag-url\"><span data-wpml=\"label\" data-wpml-label-type=\"native\" class=\"wp-block-navigation-item__label \">GAL<\/span><\/a><\/div><\/li><\/ul><\/li><\/ul><\/div><\/div><\/div>\n<\/ul>\n\t\t\t\t\t\t\t<\/div>\n\t\t\t\t\t\t<\/div>\n\t\t\t\t\t<\/div>\n\t\t\t\t<\/div><\/nav>\n\n\n<div class=\"wp-block-buttons header-socio is-content-justification-left is-nowrap is-layout-flex wp-container-core-buttons-is-layout-fc9f69e7 wp-block-buttons-is-layout-flex block-visibility-hide-medium-screen block-visibility-hide-small-screen\">\n<div class=\"wp-block-button is-style-fill\"><a class=\"wp-block-button__link has-red-logo-background-color has-background wp-element-button\" href=\"https:\/\/www.entreculturas.org\/hazte-socio\/\" style=\"border-radius:5px\" target=\"_blank\" rel=\"noreferrer noopener\">PARTICIPE<br><\/a><\/div>\n<\/div>\n<\/div>\n<\/div>\n<\/div>\n<\/div>\n\n\n\n<style>:root {\n        --primary-color: #A68035;\n        --background-color: #EDE1D1;\n    }\n    \n    \/*fondo de la pagina *\/\n    .page-id-28403 {\n    background-color:var(--background-color) !important;\n    }\n    \n    .header-socio div a{\n    background-color: var(--primary-color) !important;\n    }\n    \n    .header_fijo {\n        position:sticky;\n    top: 0 !important;\n    left:0 !important;\n    right: 0 !important;\n    width: 100% !important;\n    background: #ffffff;\n    margin-left: 0px !important;\n    margin-right: 0px !important;\n    z-index: 10;\n    }\n    \n.wp-block-post-title{\ndisplay:none\n}\n\n    .header-contenido{\n    margin: 0 auto !important;\n    text-align:center !important;\n    }\n    \n    .site-header {\n       display: none;\n    }\n    \n    .altura-hero-portada {\n    width:100% !important;\n    }\n    .accordion-number{\n        background-color: var(--primary-color) !important;\n    }\n    \n    \n    .wp-block-navigation__submenu-container {\n    margin-top: -10px !important;\n    }\n    \n    header .wp-block-navigation .wp-block-navigation-item__content.wp-block-navigation-item__content span:hover,\n    header .wp-block-navigation .has-child .wp-block-navigation__submenu-container .wp-block-navigation-item__label:hover, .wp-block-navigation__container .wp-block-navigation-item__label:hover {\n       border-bottom: 2px solid var(--primary-color) !important;\n    }\n    \n    li::marker{\n        color: var(--primary-color)!important;\n    }\n    \/* Ejemplo de uso del color primario *\/\n    .parent-pageid-25827{\n    background-color: var(--background-color) !important;\n    }\n    \n    .header-socio .wp-block-button__link:hover {\n       background: #000000 !important;\n    }\n    \n    .wp-block-theme-blocks-newsletter{\n    background-color:var(--primary-color) !important;\n    }\n    \n    .wp-block-theme-blocks-newsletter a{\n    background-color:white !important;\n    color: var(--primary-color) !important;\n    border-color: var(--primary-color) !important;\n    }\n    \n    .wp-block-group.is-content-justification-space-between.is-nowrap.is-layout-flex.wp-container-core-group-is-layout-9.wp-block-group-is-layout-flex {\n        width: 100%;\n        position: -webkit-sticky; \/* Para Safari *\/\n        position: sticky;\n        top: 0;\n        left: 0;\n        z-index: 9999; \/* Asegura que la capa se mantenga sobre otros elementos *\/\n    }\n    circle{\n    fill:var(--primary-color) !important;\n    }\n@media (max-width: 480px) {\n    .wp-block-hero .wp-block-heading {\n        text-align: left !important;\n    }\n    <\/style>\n\n\n\n<script>\n            document.addEventListener('DOMContentLoaded', function () {\n                \/\/ Lista de clases en el orden especificado\n                const clasesObjetivo = [\n                    'entry-content',\n                    'wp-block-post-content',\n                    'has-global-padding',\n                    'is-layout-constrained',\n                    'wp-container-core-post-content-is-layout-1',\n                    'wp-block-post-content-is-layout-constrained'\n                ];\n    \n                \/\/ Selecciona todos los divs en el documento\n                const divs = document.querySelectorAll('div');\n    \n                divs.forEach(div => {\n                    \/\/ Obt\u00e9n las clases del div\n                    const clasesDiv = Array.from(div.classList);\n    \n                    \/\/ Comprueba si las clases del div coinciden con las clases objetivo en el orden especificado\n                    if (clasesDiv.length === clasesObjetivo.length && clasesDiv.every((clase, index) => clase === clasesObjetivo[index])) {\n                        \/\/ Si coinciden, elimina todas las clases\n                        div.className = '';\n                    }\n                });\n            });\n        <\/script>\n\n\n\n<style>:root {\n        --primary-color: #A68035;\n        --background-color: #EDE1D1;\n    }\n\n    .wp-block-post-title{\ndisplay:none\n}\n\n    .toggle-icon {\n        display: none !important;\n     }\n\n    .header_fijo {\n       margin: 0 auto !important;\n       text-align:center !important;\npadding-left: 70px !important;\n     }\n    \n    \/*fondo de la pagina *\/\n    .page-id-28422 {\n    background-color:var(--background-color) !important;\n    }\n    \n    .header-socio div a{\n    background-color: var(--primary-color) !important;\n    }\n    \n    .header_fijo {\n        position:fixed;\n    top: 0 !important;\n    left:0 !important;\n    right: 0 !important;\n    width: 100% !important;\n    background: #ffffff;\n    margin-left: 0px !important;\n    margin-right: 0px !important;\n    z-index: 10;\n    }\n    \n    .site-header, .site-footer {\n       display: none;\n    }\n    \n    .altura-hero-portada {\n    width:100% !important;\n    }\n    .accordion-number{\n        background-color: var(--primary-color) !important;\n    }\n    \n    a[aria-current=\"page\"] {\n      border-bottom: 2px solid var(--primary-color) !important;\n    }\n    \n    .wp-block-navigation__submenu-container {\n    margin-top: -10px !important;\n    }\n    \n    header .wp-block-navigation .wp-block-navigation-item__content.wp-block-navigation-item__content span:hover,\n    header .wp-block-navigation .has-child .wp-block-navigation__submenu-container .wp-block-navigation-item__label:hover, .wp-block-navigation__container .wp-block-navigation-item__label:hover {\n       border-bottom: 2px solid var(--primary-color) !important;\n    }\n    \n    li::marker{\n        color: var(--primary-color)!important;\n    }\n    \/* Ejemplo de uso del color primario *\/\n    .parent-pageid-25827{\n    background-color: var(--background-color) !important;\n    }\n    \n    .header-socio .wp-block-button__link:hover {\n       background: #000000 !important;\n    }\n    \n    .wp-block-theme-blocks-newsletter{\n    background-color:var(--primary-color) !important;\n    }\n    \n    .wp-block-theme-blocks-newsletter a{\n    background-color:white !important;\n    color: var(--primary-color) !important;\n    border-color: var(--primary-color) !important;\n    }\n    \n    .wp-block-group.is-content-justification-space-between.is-nowrap.is-layout-flex.wp-container-core-group-is-layout-9.wp-block-group-is-layout-flex {\n        width: 100%;\n        position: -webkit-sticky; \/* Para Safari *\/\n        position: sticky;\n        top: 0;\n        left: 0;\n        z-index: 9999; \/* Asegura que la capa se mantenga sobre otros elementos *\/\n    }\n    circle{\n    fill:var(--primary-color) !important;\n    }\n    <\/style>\n\n\n\n<script>\n            document.addEventListener('DOMContentLoaded', function () {\n                \/\/ Lista de clases en el orden especificado\n                const clasesObjetivo = [\n                    'entry-content',\n                    'wp-block-post-content',\n                    'has-global-padding',\n                    'is-layout-constrained',\n                    'wp-block-post-content-is-layout-constrained'\n                ];\n    \n                \/\/ Selecciona todos los divs en el documento\n                const divs = document.querySelectorAll('div');\n    \n                divs.forEach(div => {\n                    \/\/ Obt\u00e9n las clases del div\n                    const clasesDiv = Array.from(div.classList);\n    \n                    \/\/ Comprueba si las clases del div coinciden con las clases objetivo en el orden especificado\n                    if (clasesDiv.length === clasesObjetivo.length && clasesDiv.every((clase, index) => clase === clasesObjetivo[index])) {\n                        \/\/ Si coinciden, elimina todas las clases\n                        div.className = '';\n                    }\n                });\n            });\n        <\/script>\n\n\n\n<div class=\"wp-block-group has-global-padding is-layout-constrained wp-container-core-group-is-layout-57fe6466 wp-block-group-is-layout-constrained\" style=\"margin-bottom:var(--wp--preset--spacing--70);padding-top:160px;padding-bottom:0\">\n<div class=\"wp-block-group is-content-justification-center is-nowrap is-layout-flex wp-container-core-group-is-layout-9193781b wp-block-group-is-layout-flex\">\n<figure class=\"wp-block-image size-full\"><img decoding=\"async\" width=\"38\" height=\"37\" src=\"https:\/\/www.entreculturas.org\/wp-content\/uploads\/2024\/07\/star.png\" alt=\"\" class=\"wp-image-27571\"\/><\/figure>\n<\/div>\n\n\n\n<div class=\"wp-block-group is-vertical is-content-justification-center is-layout-flex wp-container-core-group-is-layout-b3d33b65 wp-block-group-is-layout-flex\" style=\"margin-top:var(--wp--preset--spacing--50);margin-bottom:var(--wp--preset--spacing--50);padding-top:0;padding-bottom:0\">\n<div class=\"wp-block-group has-global-padding is-layout-constrained wp-container-core-group-is-layout-41c06ba8 wp-block-group-is-layout-constrained\">\n<p class=\"has-text-align-center has-open-sans-font-family\" style=\"font-size:37px;font-style:normal;font-weight:700\"><strong>Les filles et les adolescentes, partout dans le monde, subissent diff\u00e9rentes formes de violence tout au long de leur vie.<\/strong><\/p>\n<\/div>\n<\/div>\n<\/div>\n\n\n\n<div class=\"wp-block-group carousel has-global-padding is-layout-constrained wp-container-core-group-is-layout-cda55073 wp-block-group-is-layout-constrained\" style=\"margin-bottom:var(--wp--preset--spacing--70);padding-top:0;padding-right:20px;padding-bottom:0;padding-left:20px\">\n<div class=\"wp-block-group carousel-container has-global-padding is-layout-constrained wp-block-group-is-layout-constrained\">\n<div class=\"wp-block-group carousel-slide carrousel-1 active has-global-padding is-layout-constrained wp-container-core-group-is-layout-19e250f3 wp-block-group-is-layout-constrained\">\n<p class=\"has-text-align-center\">\u00ab\u00a0Si nous parlons des mutilations g\u00e9nitales f\u00e9minines, il s\u2019agit d\u2019une pratique interdite au Tchad, mais certaines personnes continuent de la pratiquer de mani\u00e8re confidentielle et secr\u00e8te. Pour en arriver \u00e0 la mutilation, tout un processus implique les parents ainsi que des personnes tr\u00e8s proches de la famille. Comment une fille mineure pourrait-elle d\u00e9noncer toutes ces personnes devant un tribunal ? C\u2019est vraiment tr\u00e8s difficile.\u00a0\u00bb<\/p>\n\n\n\n<div class=\"wp-block-group has-global-padding is-layout-constrained wp-block-group-is-layout-constrained\" style=\"margin-top:var(--wp--preset--spacing--40);margin-bottom:var(--wp--preset--spacing--40)\">\n<p class=\"has-text-align-center has-text-color has-link-color wp-elements-72144585059eae7d9315a4d8fd4c348f\" style=\"color:#a68035;font-size:20px\"><strong>Sifa Kaite<\/strong><\/p>\n\n\n\n<p class=\"has-text-align-center has-mediumgray-color has-text-color has-link-color wp-elements-30eddde614b519ce5b14cdb4fb45a7b7\" style=\"font-size:20px\">JRS Tchad Coordinateur de la protection de l&rsquo;enfance.<\/p>\n<\/div>\n<\/div>\n\n\n\n<div class=\"wp-block-group carousel-slide carrousel-2 has-global-padding is-layout-constrained wp-block-group-is-layout-constrained\">\n<p class=\"has-text-align-center\">\u00ab\u00a0Je suis mari\u00e9e et m\u00e8re de quatre gar\u00e7ons et de deux filles. J&rsquo;ai \u00e9t\u00e9 mari\u00e9e tr\u00e8s jeune et je n&rsquo;ai pas eu la chance de terminer mes \u00e9tudes. Notre situation financi\u00e8re \u00e9tait difficile. Ma m\u00e8re m&rsquo;a dit que j&rsquo;\u00e9tais grande et qu&rsquo;elle allait me marier. Je lui ai dit que je ne voulais pas me marier. Mais j&rsquo;ai \u00e9t\u00e9 forc\u00e9e d&rsquo;\u00e9pouser cet homme \u00e0 l&rsquo;\u00e2ge de 15 ans\u00a0\u00bb.<\/p>\n\n\n\n<div class=\"wp-block-group has-global-padding is-layout-constrained wp-block-group-is-layout-constrained\" style=\"margin-top:var(--wp--preset--spacing--40);margin-bottom:var(--wp--preset--spacing--40)\">\n<p class=\"has-text-align-center has-text-color has-link-color wp-elements-c239eb4105a90337a28ecb85906dd8a0\" style=\"color:#a68035;font-size:20px\"><strong>Iklas<\/strong><\/p>\n\n\n\n<p class=\"has-text-align-center has-mediumgray-color has-text-color has-link-color wp-elements-531a8fb46dd078d3f293ddd9394f8adb\" style=\"font-size:20px\">R\u00e9fugi\u00e9 soudanais dans le camp d&rsquo;Iridimi, au Tchad.<\/p>\n<\/div>\n<\/div>\n\n\n\n<div class=\"wp-block-group carousel-slide carrousel-3 has-global-padding is-layout-constrained wp-block-group-is-layout-constrained\">\n<p class=\"has-text-align-center\">\u00ab\u00a0Il arrive que des p\u00e8res boivent, humilient leurs filles et fassent plus pour les gar\u00e7ons que pour les filles. Dans certaines familles, les p\u00e8res eux-m\u00eames maltraitent leurs filles. J\u2019avais l\u2019habitude de dire \u00e0 mon p\u00e8re : \u00ab Je veux \u00e9tudier \u00bb, et il me r\u00e9pondait : \u00ab Pourquoi veux-tu \u00e9tudier si tu es une femme ? Tu vas forc\u00e9ment te marier et ton mari prendra soin de toi. \u00bb C\u2019est pourquoi mon p\u00e8re m\u2019a dit que la meilleure chose \u00e0 faire \u00e9tait d\u2019arr\u00eater mes \u00e9tudes pour pouvoir l\u2019aider financi\u00e8rement. \u00c0 l\u2019\u00e2ge de 12 ans, j\u2019ai donc travaill\u00e9 comme cuisini\u00e8re dans une maison. Je pr\u00e9parais les repas, je lavais le linge et je faisais le m\u00e9nage. J\u2019ai arr\u00eat\u00e9 mes \u00e9tudes pendant cinq ans.\u00a0\u00bb.<\/p>\n\n\n\n<div class=\"wp-block-group has-global-padding is-layout-constrained wp-block-group-is-layout-constrained\" style=\"margin-top:var(--wp--preset--spacing--40);margin-bottom:var(--wp--preset--spacing--40)\">\n<p class=\"has-text-align-center has-text-color has-link-color wp-elements-58b092eb345af76696b6517f01117317\" style=\"color:#a68035;font-size:20px\"><strong>Kim<\/strong><\/p>\n\n\n\n<p class=\"has-text-align-center has-mediumgray-color has-text-color has-link-color wp-elements-1055b06f2f4deba3d7a0b2fa4221b0c3\" style=\"font-size:20px\">Ancienne \u00e9l\u00e8ve de Fe y Alegr\u00eda Guatemala.<\/p>\n<\/div>\n<\/div>\n<\/div>\n<\/div>\n\n\n\n<style>\n        .carousel-container {\n            position: relative;\n            width: 100%;\n            overflow: hidden;\n        }\n\n        .carousel-slide {\n            display: none;\n            width: 100%;\n        }\n\n        .carousel-slide.active {\n            display: block;\n        }\n\n        .carousel-dots {\n            text-align: center;\n            margin-top: 20px;\n        }\n\n        .carousel-dot {\n            cursor: pointer;\n            height: 15px;\n            width: 15px;\n            margin: 0 5px;\n            background-color: #bbb;\n            border-radius: 50%;\n            display: inline-block;\n        }\n\n        .carousel-dot.active {\n            background-color: #717171;\n        }\n    <\/style>\n\n\n\n    <div class=\"carousel-dots\">\n        <span class=\"carousel-dot active\" data-slide=\"0\"><\/span>\n        <span class=\"carousel-dot\" data-slide=\"1\"><\/span>\n        <span class=\"carousel-dot\" data-slide=\"2\"><\/span>\n    <\/div>\n\n    <script>\n        document.addEventListener('DOMContentLoaded', () => {\n            const slides = document.querySelectorAll('.carousel-slide');\n            const dots = document.querySelectorAll('.carousel-dot');\n            let currentSlide = 0;\n\n            function showSlide(index) {\n                slides.forEach((slide, i) => {\n                    slide.classList.toggle('active', i === index);\n                    dots[i].classList.toggle('active', i === index);\n                });\n            }\n\n            dots.forEach(dot => {\n                dot.addEventListener('click', () => {\n                    currentSlide = parseInt(dot.getAttribute('data-slide'));\n                    showSlide(currentSlide);\n                });\n            });\n\n            \/\/ Mostrar la primera diapositiva inicialmente\n            showSlide(currentSlide);\n        });\n    <\/script>\n\n\n\n<div class=\"wp-block-group has-global-padding is-layout-constrained wp-container-core-group-is-layout-4eb13ad4 wp-block-group-is-layout-constrained\" style=\"margin-top:var(--wp--preset--spacing--40);margin-bottom:var(--wp--preset--spacing--80)\">\n<div class=\"wp-block-group has-global-padding is-layout-constrained wp-block-group-is-layout-constrained\">\n<div class=\"wp-block-columns is-layout-flex wp-container-core-columns-is-layout-eb202c1e wp-block-columns-is-layout-flex\" style=\"margin-top:var(--wp--preset--spacing--60);margin-bottom:var(--wp--preset--spacing--60);padding-right:0;padding-left:0\">\n<div class=\"wp-block-column has-white-background-color has-background is-layout-flow wp-container-core-column-is-layout-a77db08e wp-block-column-is-layout-flow\">\n<div style=\"aspect-ratio:16\/9;min-height:unset;\" class=\"wp-block-cover has-aspect-ratio\"><img decoding=\"async\" width=\"2560\" height=\"1355\" class=\"wp-block-cover__image-background wp-image-28056\" alt=\"\" src=\"https:\/\/www.entreculturas.org\/wp-content\/uploads\/2024\/07\/81f95095ca7843e02ebdf8a59dc7441e-scaled.jpg\" data-object-fit=\"cover\" srcset=\"https:\/\/www.entreculturas.org\/wp-content\/uploads\/2024\/07\/81f95095ca7843e02ebdf8a59dc7441e-scaled.jpg 2560w, https:\/\/www.entreculturas.org\/wp-content\/uploads\/2024\/07\/81f95095ca7843e02ebdf8a59dc7441e-300x159.jpg 300w, https:\/\/www.entreculturas.org\/wp-content\/uploads\/2024\/07\/81f95095ca7843e02ebdf8a59dc7441e-1024x542.jpg 1024w, https:\/\/www.entreculturas.org\/wp-content\/uploads\/2024\/07\/81f95095ca7843e02ebdf8a59dc7441e-768x406.jpg 768w, https:\/\/www.entreculturas.org\/wp-content\/uploads\/2024\/07\/81f95095ca7843e02ebdf8a59dc7441e-1536x813.jpg 1536w, https:\/\/www.entreculturas.org\/wp-content\/uploads\/2024\/07\/81f95095ca7843e02ebdf8a59dc7441e-2048x1084.jpg 2048w\" sizes=\"(max-width: 2560px) 100vw, 2560px\" \/><span aria-hidden=\"true\" class=\"wp-block-cover__background has-gray-background-color has-background-dim\"><\/span><div class=\"wp-block-cover__inner-container has-global-padding is-layout-constrained wp-block-cover-is-layout-constrained\">\n<p class=\"has-text-align-center has-large-font-size\"><\/p>\n<\/div><\/div>\n\n\n\n<div class=\"wp-block-group has-white-background-color has-background is-vertical is-content-justification-center is-layout-flex wp-container-core-group-is-layout-c0a9cba6 wp-block-group-is-layout-flex\" style=\"padding-top:0;padding-right:0;padding-bottom:0;padding-left:0\">\n<div class=\"wp-block-group has-global-padding is-layout-constrained wp-container-core-group-is-layout-32a51a63 wp-block-group-is-layout-constrained\" style=\"padding-top:var(--wp--preset--spacing--60);padding-right:var(--wp--preset--spacing--70);padding-bottom:var(--wp--preset--spacing--70);padding-left:var(--wp--preset--spacing--70)\">\n<p class=\"has-gray-entreculturas-color has-text-color has-din-font-family\" style=\"margin-bottom:0;margin-left:var(--wp--preset--spacing--30);font-size:36px;line-height:1.2;text-transform:uppercase\">PLUS DE 200 MILLIONS DE FILLES DANS LE MONDE ONT SUBI DES MUTILATIONS G\u00c9NITALES<\/p>\n\n\n\n<p>En plus de causer de graves dommages psychologiques, les mutilations g\u00e9nitales f\u00e9minines entra\u00eenent des complications pendant la grossesse et l\u2019accouchement, des dysfonctionnements sexuels ainsi que des infections chroniques. En outre, les filles n\u2019ont souvent plus acc\u00e8s \u00e0 l\u2019\u00e9ducation en raison des complications de sant\u00e9 et de la douleur qu\u2019elles subissent. Dans certaines r\u00e9gions, les co\u00fbts li\u00e9s \u00e0 la c\u00e9r\u00e9monie de mutilation peuvent conduire la famille \u00e0 retirer les filles de l\u2019\u00e9cole, faute de moyens pour assumer les deux.<\/p>\n\n\n\n<p><br><\/p>\n\n\n\n<p>Cette forme de violence est tr\u00e8s r\u00e9pandue, notamment en Afrique subsaharienne, mais aussi dans certains pays du Moyen-Orient, comme l\u2019Irak et le Y\u00e9men, ainsi qu\u2019en Indon\u00e9sie.<\/p>\n\n\n\n<p><br><\/p>\n\n\n\n<p>La principale raison des mutilations g\u00e9nitales f\u00e9minines est la croyance qu\u2019elles sont n\u00e9cessaires pour garantir un bon mariage. Dans certaines communaut\u00e9s, les filles qui ne subissent pas de mutilation sont consid\u00e9r\u00e9es comme ayant des m\u0153urs l\u00e9g\u00e8res ou comme \u00e9tant impures, et elles ont moins de chances de se marier.<br><\/p>\n\n\n\n<p><\/p>\n\n\n\n<p>Non seulement cela repr\u00e9sente un risque s\u00e9rieux pour leur sant\u00e9, mais cela constitue \u00e9galement une violation des droits humains fondamentaux des filles dans le monde entier.<\/p>\n\n\n\n<p><\/p>\n\n\n\n<p><\/p>\n\n\n\n<p><\/p>\n\n\n\n<p><\/p>\n\n\n\n<p><\/p>\n\n\n\n<p><\/p>\n<\/div>\n<\/div>\n<\/div>\n\n\n\n<div class=\"wp-block-column has-white-background-color has-background is-layout-flow wp-container-core-column-is-layout-a77db08e wp-block-column-is-layout-flow\">\n<div style=\"aspect-ratio:16\/9;min-height:unset;\" class=\"wp-block-cover has-aspect-ratio\"><img decoding=\"async\" width=\"1181\" height=\"620\" class=\"wp-block-cover__image-background wp-image-28060\" alt=\"\" src=\"https:\/\/www.entreculturas.org\/wp-content\/uploads\/2024\/07\/imagen.png\" data-object-fit=\"cover\" srcset=\"https:\/\/www.entreculturas.org\/wp-content\/uploads\/2024\/07\/imagen.png 1181w, https:\/\/www.entreculturas.org\/wp-content\/uploads\/2024\/07\/imagen-300x157.png 300w, https:\/\/www.entreculturas.org\/wp-content\/uploads\/2024\/07\/imagen-1024x538.png 1024w, https:\/\/www.entreculturas.org\/wp-content\/uploads\/2024\/07\/imagen-768x403.png 768w\" sizes=\"(max-width: 1181px) 100vw, 1181px\" \/><span aria-hidden=\"true\" class=\"wp-block-cover__background has-gray-background-color has-background-dim\"><\/span><div class=\"wp-block-cover__inner-container has-global-padding is-layout-constrained wp-block-cover-is-layout-constrained\">\n<p class=\"has-text-align-center has-large-font-size\"><\/p>\n<\/div><\/div>\n\n\n\n<div class=\"wp-block-group has-white-background-color has-background is-vertical is-content-justification-center is-layout-flex wp-container-core-group-is-layout-c0a9cba6 wp-block-group-is-layout-flex\" style=\"padding-top:0;padding-right:0;padding-bottom:0;padding-left:0\">\n<div class=\"wp-block-group has-global-padding is-layout-constrained wp-container-core-group-is-layout-32a51a63 wp-block-group-is-layout-constrained\" style=\"padding-top:var(--wp--preset--spacing--60);padding-right:var(--wp--preset--spacing--70);padding-bottom:var(--wp--preset--spacing--70);padding-left:var(--wp--preset--spacing--70)\">\n<p class=\"has-gray-entreculturas-color has-text-color has-din-font-family\" style=\"margin-bottom:0;margin-left:var(--wp--preset--spacing--30);font-size:36px;line-height:1.2;text-transform:uppercase\">12 MILLIONS DE FILLES SONT MARI\u00c9ES AVANT L&rsquo;\u00c2GE DE 18 ANS CHAQUE ANN\u00c9E<\/p>\n\n\n\n<p>Dans le monde, une femme sur cinq \u00e2g\u00e9e de 20 \u00e0 24 ans (19 %) a \u00e9t\u00e9 mari\u00e9e avant l\u2019\u00e2ge de 18 ans.<br><\/p>\n\n\n\n<p><\/p>\n\n\n\n<p>La pauvret\u00e9, les conflits arm\u00e9s et les crises humanitaires favorisent cette pratique. De nombreuses familles consid\u00e8rent le mariage forc\u00e9 de leurs filles comme un moyen de les prot\u00e9ger du harc\u00e8lement ou des agressions physiques ou sexuelles, qui sont monnaie courante dans les zones de conflit.<br><\/p>\n\n\n\n<p><\/p>\n\n\n\n<p>Le mariage forc\u00e9 des enfants prive les filles de leurs droits fondamentaux \u00e0 la sant\u00e9, \u00e0 l\u2019\u00e9ducation et \u00e0 la s\u00e9curit\u00e9 : elles sont plus vuln\u00e9rables \u00e0 de multiples formes de violence, plus susceptibles d\u2019\u00eatre en mauvaise sant\u00e9, plus expos\u00e9es \u00e0 des grossesses pr\u00e9coces alors qu\u2019elles ne sont pas pr\u00e9par\u00e9es physiquement ni psychologiquement, et plus susceptibles d\u2019abandonner l\u2019\u00e9cole. Dans certains pays, les complications li\u00e9es \u00e0 la grossesse et \u00e0 l\u2019accouchement sont la principale cause de d\u00e9c\u00e8s chez les adolescentes \u00e2g\u00e9es de 15 \u00e0 19 ans.<br><\/p>\n\n\n\n<p><\/p>\n\n\n\n<p>Le mariage forc\u00e9 des enfants constitue une grave violation des droits des filles et repr\u00e9sente l\u2019une des formes les plus r\u00e9pandues d\u2019abus sexuel et d\u2019exploitation des enfants de moins de 18 ans.<\/p>\n<\/div>\n<\/div>\n<\/div>\n<\/div>\n\n\n\n<div class=\"wp-block-columns is-layout-flex wp-container-core-columns-is-layout-eb202c1e wp-block-columns-is-layout-flex\" style=\"margin-top:var(--wp--preset--spacing--60);margin-bottom:var(--wp--preset--spacing--60);padding-right:0;padding-left:0\">\n<div class=\"wp-block-column has-white-background-color has-background is-layout-flow wp-container-core-column-is-layout-a77db08e wp-block-column-is-layout-flow\">\n<div style=\"aspect-ratio:16\/9;min-height:unset;\" class=\"wp-block-cover has-aspect-ratio\"><img decoding=\"async\" width=\"2864\" height=\"1518\" class=\"wp-block-cover__image-background wp-image-28064\" alt=\"\" src=\"https:\/\/www.entreculturas.org\/wp-content\/uploads\/2024\/07\/2a507540ad399a3bb06302b44bdb853a.png\" data-object-fit=\"cover\" srcset=\"https:\/\/www.entreculturas.org\/wp-content\/uploads\/2024\/07\/2a507540ad399a3bb06302b44bdb853a.png 2864w, https:\/\/www.entreculturas.org\/wp-content\/uploads\/2024\/07\/2a507540ad399a3bb06302b44bdb853a-300x159.png 300w, https:\/\/www.entreculturas.org\/wp-content\/uploads\/2024\/07\/2a507540ad399a3bb06302b44bdb853a-1024x543.png 1024w, https:\/\/www.entreculturas.org\/wp-content\/uploads\/2024\/07\/2a507540ad399a3bb06302b44bdb853a-768x407.png 768w, https:\/\/www.entreculturas.org\/wp-content\/uploads\/2024\/07\/2a507540ad399a3bb06302b44bdb853a-1536x814.png 1536w, https:\/\/www.entreculturas.org\/wp-content\/uploads\/2024\/07\/2a507540ad399a3bb06302b44bdb853a-2048x1085.png 2048w\" sizes=\"(max-width: 2864px) 100vw, 2864px\" \/><span aria-hidden=\"true\" class=\"wp-block-cover__background has-gray-background-color has-background-dim\"><\/span><div class=\"wp-block-cover__inner-container has-global-padding is-layout-constrained wp-block-cover-is-layout-constrained\">\n<p class=\"has-text-align-center has-large-font-size\"><\/p>\n<\/div><\/div>\n\n\n\n<div class=\"wp-block-group has-white-background-color has-background is-vertical is-content-justification-center is-layout-flex wp-container-core-group-is-layout-c0a9cba6 wp-block-group-is-layout-flex\" style=\"padding-top:0;padding-right:0;padding-bottom:0;padding-left:0\">\n<div class=\"wp-block-group has-global-padding is-layout-constrained wp-container-core-group-is-layout-32a51a63 wp-block-group-is-layout-constrained\" style=\"padding-top:var(--wp--preset--spacing--60);padding-right:var(--wp--preset--spacing--70);padding-bottom:var(--wp--preset--spacing--70);padding-left:var(--wp--preset--spacing--70)\">\n<p class=\"has-gray-entreculturas-color has-text-color has-din-font-family\" style=\"margin-bottom:0;margin-left:var(--wp--preset--spacing--30);font-size:36px;line-height:1.2;text-transform:uppercase\">150 MILLIONS DE PERSONNES ONT SUBI DES VIOLENCES SEXUELLES<\/p>\n\n\n\n<p>Vingt-sept pour cent des filles dans le monde subissent des violences sexuelles, et c\u2019est en Am\u00e9rique latine que la situation est la plus pr\u00e9occupante : en 2017, plus d\u2019un million de filles et d\u2019adolescentes ont \u00e9t\u00e9 victimes de ce type de violence.<br><\/p>\n\n\n\n<p><\/p>\n\n\n\n<p><\/p>\n\n\n\n<p>Outre les grossesses non d\u00e9sir\u00e9es, ainsi que les traumatismes et les souffrances psychologiques, ces jeunes filles sont confront\u00e9es \u00e0 des avortements pratiqu\u00e9s dans des conditions dangereuses et \u00e0 des infections sexuellement transmissibles, dont le VIH. Elles peuvent \u00e9galement \u00eatre socialement exclues, ce qui peut les conduire \u00e0 vivre dans la rue ou \u00e0 se prostituer. Dans les cultures o\u00f9 la virginit\u00e9 est tr\u00e8s valoris\u00e9e, la violence sexuelle peut stigmatiser les filles, car elle est consid\u00e9r\u00e9e comme une atteinte \u00e0 l\u2019honneur de la famille et peut, dans des cas extr\u00eames, conduire au meurtre de la victime.<\/p>\n<\/div>\n<\/div>\n<\/div>\n\n\n\n<div class=\"wp-block-column has-white-background-color has-background is-layout-flow wp-container-core-column-is-layout-a77db08e wp-block-column-is-layout-flow\">\n<div style=\"aspect-ratio:16\/9;min-height:unset;\" class=\"wp-block-cover has-aspect-ratio\"><img decoding=\"async\" width=\"2874\" height=\"1522\" class=\"wp-block-cover__image-background wp-image-28068\" alt=\"\" src=\"https:\/\/www.entreculturas.org\/wp-content\/uploads\/2024\/07\/8cb89a83a1e2d1490b73acaf261200cf.png\" data-object-fit=\"cover\" srcset=\"https:\/\/www.entreculturas.org\/wp-content\/uploads\/2024\/07\/8cb89a83a1e2d1490b73acaf261200cf.png 2874w, https:\/\/www.entreculturas.org\/wp-content\/uploads\/2024\/07\/8cb89a83a1e2d1490b73acaf261200cf-300x159.png 300w, https:\/\/www.entreculturas.org\/wp-content\/uploads\/2024\/07\/8cb89a83a1e2d1490b73acaf261200cf-1024x542.png 1024w, https:\/\/www.entreculturas.org\/wp-content\/uploads\/2024\/07\/8cb89a83a1e2d1490b73acaf261200cf-768x407.png 768w, https:\/\/www.entreculturas.org\/wp-content\/uploads\/2024\/07\/8cb89a83a1e2d1490b73acaf261200cf-1536x813.png 1536w, https:\/\/www.entreculturas.org\/wp-content\/uploads\/2024\/07\/8cb89a83a1e2d1490b73acaf261200cf-2048x1085.png 2048w\" sizes=\"(max-width: 2874px) 100vw, 2874px\" \/><span aria-hidden=\"true\" class=\"wp-block-cover__background has-gray-background-color has-background-dim\"><\/span><div class=\"wp-block-cover__inner-container has-global-padding is-layout-constrained wp-block-cover-is-layout-constrained\">\n<p class=\"has-text-align-center has-large-font-size\"><\/p>\n<\/div><\/div>\n\n\n\n<div class=\"wp-block-group has-white-background-color has-background is-vertical is-content-justification-center is-layout-flex wp-container-core-group-is-layout-c0a9cba6 wp-block-group-is-layout-flex\" style=\"padding-top:0;padding-right:0;padding-bottom:0;padding-left:0\">\n<div class=\"wp-block-group has-global-padding is-layout-constrained wp-container-core-group-is-layout-32a51a63 wp-block-group-is-layout-constrained\" style=\"padding-top:var(--wp--preset--spacing--60);padding-right:var(--wp--preset--spacing--70);padding-bottom:var(--wp--preset--spacing--70);padding-left:var(--wp--preset--spacing--70)\">\n<p class=\"has-gray-entreculturas-color has-text-color has-din-font-family\" style=\"margin-bottom:0;margin-left:var(--wp--preset--spacing--30);font-size:36px;line-height:1.2;text-transform:uppercase\">99 % DES 4,5 MILLIONS DE VICTIMES DE LA TRAITE ET DE L&rsquo;EXPLOITATION SEXUELLE SONT DES FEMMES ET DES JEUNES FILLES.<\/p>\n\n\n\n<p>Partout dans le monde, les filles sont soumises \u00e0 diverses formes d&rsquo;abus et d&rsquo;exploitation, notamment en les surchargeant de t\u00e2ches domestiques. La plupart des filles sont contraintes d&rsquo;effectuer des t\u00e2ches m\u00e9nag\u00e8res telles que la cuisine, la collecte de bois de chauffage ou d&rsquo;eau, ou de s&rsquo;occuper de leurs jeunes fr\u00e8res et s\u0153urs. Tout cela entrave la continuit\u00e9 de leur \u00e9ducation, emp\u00eache leur d\u00e9veloppement global et viole leurs droits.<br><br><br>L&rsquo;\u00e2ge moyen des filles exploit\u00e9es sexuellement se situe entre 11 et 14 ans. Elles sont prises au pi\u00e8ge dans une spirale de violence qui comprend le viol, la torture, les avortements forc\u00e9s, la famine et les menaces de tuer des membres de leur famille.<br><\/p>\n\n\n\n<p><br>34,2 millions de filles et de femmes sont r\u00e9fugi\u00e9es ou d\u00e9plac\u00e9es et sont donc encore plus susceptibles de subir une forme quelconque de violence ou d&rsquo;abus.<\/p>\n<\/div>\n<\/div>\n<\/div>\n<\/div>\n<\/div>\n<\/div>\n\n\n\n<div class=\"wp-block-group has-global-padding is-layout-constrained wp-block-group-is-layout-constrained\" style=\"margin-bottom:var(--wp--preset--spacing--70)\">\n<div class=\"wp-block-buttons is-content-justification-center is-layout-flex wp-container-core-buttons-is-layout-d8c0be80 wp-block-buttons-is-layout-flex\" style=\"margin-top:var(--wp--preset--spacing--40)\">\n<div class=\"wp-block-button is-style-outline is-style-outline--3\"><a class=\"wp-block-button__link has-white-background-color has-text-color has-background has-link-color has-open-sans-font-family has-custom-font-size wp-element-button\" href=\"https:\/\/www.entreculturas.org\/fr\/la-lumiere-des-filles\/les-enfants\/\" style=\"border-radius:5px;color:#a68035;padding-top:10px;padding-right:30px;padding-bottom:10px;padding-left:30px;font-size:16px;font-style:normal;font-weight:600\" target=\"_blank\" rel=\"noreferrer noopener\">D\u00e9couvrir notre action<\/a><\/div>\n<\/div>\n<\/div>\n\n\n\n<div class=\"wp-block-group is-content-justification-center is-nowrap is-layout-flex wp-container-core-group-is-layout-7a2cd8f2 wp-block-group-is-layout-flex\" style=\"margin-top:var(--wp--preset--spacing--80);margin-bottom:var(--wp--preset--spacing--80);padding-right:var(--wp--preset--spacing--50);padding-left:var(--wp--preset--spacing--50)\">\n<figure class=\"wp-block-image size-full\"><img decoding=\"async\" src=\"https:\/\/www.entreculturas.org\/wp-content\/uploads\/2023\/11\/logo-entreculturas-nuevo-1.svg\" alt=\"\" class=\"wp-image-1834\"\/><\/figure>\n\n\n\n<figure class=\"wp-block-image size-full\"><img decoding=\"async\" width=\"193\" height=\"61\" src=\"https:\/\/www.entreculturas.org\/wp-content\/uploads\/2024\/07\/logo-white-1.png\" alt=\"\" class=\"wp-image-27618\"\/><\/figure>\n\n\n\n<figure class=\"wp-block-image size-full\"><img decoding=\"async\" width=\"227\" height=\"84\" src=\"https:\/\/www.entreculturas.org\/wp-content\/uploads\/2024\/05\/logo-fe-alegria-rojo-1.png\" alt=\"\" class=\"wp-image-24915\"\/><\/figure>\n<\/div>\n\n\n\n<div id=\"newsletter-empresas\" class=\"wp-block-group has-global-padding is-layout-constrained wp-container-core-group-is-layout-eee0ce2b wp-block-group-is-layout-constrained\" style=\"margin-top:0;margin-bottom:var(--wp--preset--spacing--80);padding-right:20px;padding-left:20px\">\n<section class=\"accordion__block\"><input type=\"checkbox\" id=\"j6qpszmntqmylhonzjezao\" class=\"accordion__checkbox\"\/><label for=\"j6qpszmntqmylhonzjezao\" class=\"wp-block-theme-blocks-newsletter has-white-color has-red-background-color has-text-color has-background\"><p>Vous souhaitez recevoir des informations sur La LUMI\u00c8RE des FILLES ?<\/p><a class=\"wp-block-button__link has-white-color has-red-background-color has-text-color has-background has-border-color has-white-border-color wp-element-button\" style=\"border-width:2px\">Abonnez-vous \u00e0 la newsletter<\/a><\/label><div class=\"accordion__content\">\n<div class=\"wp-block-group has-global-padding is-layout-constrained wp-container-core-group-is-layout-98a4a1e3 wp-block-group-is-layout-constrained\" style=\"margin-top:0;margin-bottom:var(--wp--preset--spacing--80)\">\n<div class=\"wp-block-group has-white-background-color has-background has-global-padding is-layout-constrained wp-block-group-is-layout-constrained\">\n<h2 class=\"wp-block-heading has-text-align-center font-size-20 has-large-font-size\" id=\"h-abonnez-vous-a-la-newsletter\">Abonnez-vous \u00e0 la newsletter<\/h2>\n\n\n\n<div class=\"wp-block-group block-contacto is-horizontal is-nowrap is-layout-flex wp-container-core-group-is-layout-5691b533 wp-block-group-is-layout-flex\" style=\"padding-right:var(--wp--preset--spacing--70);padding-left:var(--wp--preset--spacing--70)\">\n<div class=\"wp-block-group newsletter-img-column has-global-padding is-content-justification-center is-layout-constrained wp-block-group-is-layout-constrained block-visibility-hide-medium-screen block-visibility-hide-small-screen\" style=\"padding-top:var(--wp--preset--spacing--60);padding-bottom:var(--wp--preset--spacing--60)\">\n<div class=\"wp-block-cover is-light\" style=\"border-radius:15px\"><span aria-hidden=\"true\" class=\"wp-block-cover__background has-background-dim-0 has-background-dim\" style=\"background-color:#a0897b\"><\/span><img decoding=\"async\" width=\"508\" height=\"248\" class=\"wp-block-cover__image-background wp-image-31794\" alt=\"\" src=\"https:\/\/www.entreculturas.org\/wp-content\/uploads\/2024\/09\/FOTO-NEWSLETTER-NINAS.png\" data-object-fit=\"cover\" srcset=\"https:\/\/www.entreculturas.org\/wp-content\/uploads\/2024\/09\/FOTO-NEWSLETTER-NINAS.png 508w, https:\/\/www.entreculturas.org\/wp-content\/uploads\/2024\/09\/FOTO-NEWSLETTER-NINAS-300x146.png 300w\" sizes=\"(max-width: 508px) 100vw, 508px\" \/><div class=\"wp-block-cover__inner-container is-layout-flow wp-block-cover-is-layout-flow\">\n<p class=\"cr-fotografo-small has-white-color has-text-color\">\u00a9 &nbsp;Sergi C\u00e1mara<\/p>\n<\/div><\/div>\n<\/div>\n\n\n\n<form style=\"padding-top:var(--wp--preset--spacing--60);padding-right:0;padding-bottom:var(--wp--preset--spacing--60);padding-left:0\" class=\"wp-block-theme-blocks-custom-form wp-container-content-a5fc19f1\" id=\"custom_form\" action=\"\/wp-admin\/admin-post.php?action=custom_form\" method=\"post\"><input type=\"hidden\" name=\"g-recaptcha-response\" id=\"g-recaptcha-response\" value=\"\"\/><input type=\"hidden\" name=\"thanks_page\" value=\"\/thank-you-page\"\/><input type=\"hidden\" name=\"groups[]\" value=\"eBoletin y Campa\u00f1as\"\/><input type=\"hidden\" name=\"groups[]\" value=\"148\"\/>\n<p>Si vous souhaitez recevoir notre newsletter mensuelle avec des actualit\u00e9s et des actions mises \u00e0 jour sur le programme La LUZ de las NI\u00d1AS, remplissez ce formulaire.<\/p>\n\n\n\n<input type=\"hidden\" name=\"form_type\" value=\"3\"\/>\n\n\n\n<input type=\"hidden\" name=\"custom_68\" value=\"3\"\/>\n\n\n\n<input type=\"hidden\" name=\"group_\" value=\"148\"\/>\n\n\n\n<div class=\"input-container\"><label>Nom *<\/label><input type=\"text\" name=\"first_name\" required\/><\/div>\n\n\n\n<div class=\"input-container\"><label>Cognoms<\/label><input type=\"text\" name=\"last_name\"\/><\/div>\n\n\n\n<div class=\"input-container\"><label>Courrier \u00e9lectronique *<\/label><input type=\"email\" name=\"email\" required\/><\/div>\n\n\n\n<label class=\"acceptance\"><input type=\"checkbox\" required\/><span>J&rsquo;accepte le <a href=\"https:\/\/www.entreculturas.org\/ca\/politica-de-privadesa\/\" target=\"_blank\" rel=\"noreferrer noopener\">Politique de confidentialit\u00e9<\/a> *<\/span><\/label>\n\n\n\n<p style=\"font-size:12px !important\">\n    De ENTRECULTURAS FE Y ALEGR\u00cdA ESPA\u00d1A, nous traiterons les donn\u00e9es fournies en tant que responsable du traitement dans le but de&#8230;    \n    <a href=\"javascript:void(0);\" id=\"read-more-link\">Continuer \u00e0 lire<\/a>.\n<\/p>\n<p class=\"hidden\" id=\"read-more\" style=\"display: none;font-size: 12px;\">\n&#8230;Vous envoyer notre newsletter mensuelle avec des actualit\u00e9s actualis\u00e9es sur la RSE et nos actions ou propositions aupr\u00e8s des entreprises, en faveur de nos objectifs fondateurs, fond\u00e9es sur le consentement ou l&rsquo;ex\u00e9cution d&rsquo;un accord. Vous pouvez exercer vos droits en envoyant un email \u00e0 ventas@entreculturas.org avec pour objet \u00ab\u00a0Protection des donn\u00e9es\u00a0\u00bb.<\/p>\n<\/p>\n\n\n\n<script>\r\ndocument.addEventListener('DOMContentLoaded', function() {\r\n    document.getElementById('read-more-link').addEventListener('click', function() {\r\n        var readMoreContent = document.getElementById('read-more');\r\n        readMoreContent.style.display = 'block !important'; \/\/ Intenta sobrescribir con !important\r\n\r\n        \/\/ Si el m\u00e9todo anterior no funciona, utiliza setAttribute\r\n        if (readMoreContent.style.display !== 'block') {\r\n            readMoreContent.setAttribute('style', 'display: block !important; font-size: 12px;');\r\n        } else {\r\n            \/\/ Si ya est\u00e1 en 'block', solo ajusta el tama\u00f1o de fuente\r\n            readMoreContent.style.fontSize = '12px';\r\n        }\r\n\r\n        this.style.display = 'none'; \/\/ Opcional: oculta el enlace de \"Seguir leyendo\"\r\n    });\r\n});\r\n<\/script>\n\n\n\n<p class=\"hidden\" id=\"read-more\" style=\"font-size:12px\">Desde ENTRECULTURAS FE Y ALEGR\u00cdA ESPA\u00d1A trataremos los datos aportados en calidad de Responsable del tratamiento con la finalidad de gestionar nuestra relaci\u00f3n contigo, en pro de nuestros objetivos fundacionales, en base al consentimiento o a la ejecuci\u00f3n de un acuerdo. Puedes ejercer tus derechos enviando un email a&nbsp;rgpd@entreculturas.org con el asunto \u201cProtecci\u00f3n de Datos\u201d.<\/p>\n\n\n\n<div class=\"wp-block-group width-70-contacto justify-center-768 is-content-justification-right is-nowrap is-layout-flex wp-container-core-group-is-layout-17124a9a wp-block-group-is-layout-flex\">\n<button class=\"wp-block-button__link wp-element-button\">S&rsquo;abonner<\/button>\n<\/div>\n<\/form>\n<\/div>\n<\/div>\n<\/div>\n<\/div><\/section>\n<\/div>\n\n\n\n<div class=\"wp-block-group has-white-background-color has-background has-global-padding is-layout-constrained wp-block-group-is-layout-constrained\">\n<div style=\"aspect-ratio:16\/9;min-height:unset;\" class=\"wp-block-cover is-light has-aspect-ratio wp-duotone-rgba16612853018-a68035ab-4\"><img decoding=\"async\" width=\"2310\" height=\"1202\" class=\"wp-block-cover__image-background wp-image-28002\" alt=\"\" src=\"https:\/\/www.entreculturas.org\/wp-content\/uploads\/2024\/07\/a7fec4b96a07d23ff56a4535e4e7cd19.png\" data-object-fit=\"cover\" srcset=\"https:\/\/www.entreculturas.org\/wp-content\/uploads\/2024\/07\/a7fec4b96a07d23ff56a4535e4e7cd19.png 2310w, https:\/\/www.entreculturas.org\/wp-content\/uploads\/2024\/07\/a7fec4b96a07d23ff56a4535e4e7cd19-300x156.png 300w, https:\/\/www.entreculturas.org\/wp-content\/uploads\/2024\/07\/a7fec4b96a07d23ff56a4535e4e7cd19-1024x533.png 1024w, https:\/\/www.entreculturas.org\/wp-content\/uploads\/2024\/07\/a7fec4b96a07d23ff56a4535e4e7cd19-768x400.png 768w, https:\/\/www.entreculturas.org\/wp-content\/uploads\/2024\/07\/a7fec4b96a07d23ff56a4535e4e7cd19-1536x799.png 1536w, https:\/\/www.entreculturas.org\/wp-content\/uploads\/2024\/07\/a7fec4b96a07d23ff56a4535e4e7cd19-2048x1066.png 2048w\" sizes=\"(max-width: 2310px) 100vw, 2310px\" \/><span aria-hidden=\"true\" class=\"wp-block-cover__background has-background-dim-0 has-background-dim\" style=\"background-color:#a68035\"><\/span><div class=\"wp-block-cover__inner-container has-global-padding is-layout-constrained wp-block-cover-is-layout-constrained\">\n<p class=\"has-text-align-center has-large-font-size\"><\/p>\n<\/div><\/div>\n<\/div>\n\n\n\n<div class=\"wp-block-group is-content-justification-center is-nowrap is-layout-flex wp-container-core-group-is-layout-7a2cd8f2 wp-block-group-is-layout-flex\" style=\"margin-top:var(--wp--preset--spacing--80);margin-bottom:var(--wp--preset--spacing--80);padding-right:var(--wp--preset--spacing--50);padding-left:var(--wp--preset--spacing--50)\">\n<figure class=\"wp-block-image size-full\"><img decoding=\"async\" src=\"https:\/\/www.entreculturas.org\/wp-content\/uploads\/2023\/11\/logo-entreculturas-nuevo-1.svg\" alt=\"\" class=\"wp-image-1834\"\/><\/figure>\n\n\n\n<figure class=\"wp-block-image size-full\"><img decoding=\"async\" width=\"193\" height=\"61\" src=\"https:\/\/www.entreculturas.org\/wp-content\/uploads\/2024\/07\/logo-white-1-1.png\" alt=\"\" class=\"wp-image-28016\"\/><\/figure>\n\n\n\n<figure class=\"wp-block-image size-full\"><img decoding=\"async\" width=\"227\" height=\"84\" src=\"https:\/\/www.entreculturas.org\/wp-content\/uploads\/2024\/05\/logo-fe-alegria-rojo-1.png\" alt=\"\" class=\"wp-image-24915\"\/><\/figure>\n<\/div>\n\n\n\n<div id=\"newsletter-empresas\" class=\"wp-block-group has-global-padding is-layout-constrained wp-container-core-group-is-layout-eee0ce2b wp-block-group-is-layout-constrained\" style=\"margin-top:0;margin-bottom:var(--wp--preset--spacing--80);padding-right:20px;padding-left:20px\">\n<section class=\"accordion__block\"><input type=\"checkbox\" id=\"j6qpszmntqmylhonzjezao\" class=\"accordion__checkbox\"\/><label for=\"j6qpszmntqmylhonzjezao\" class=\"wp-block-theme-blocks-newsletter has-white-color has-red-background-color has-text-color has-background\"><p>Vous souhaitez recevoir des informations sur La LUMI\u00c8RE des FILLES ?<\/p><a class=\"wp-block-button__link has-white-color has-red-background-color has-text-color has-background has-border-color has-white-border-color wp-element-button\" style=\"border-width:2px\">Abonnez-vous \u00e0 la newsletter<\/a><\/label><div class=\"accordion__content\">\n<div class=\"wp-block-group has-global-padding is-layout-constrained wp-container-core-group-is-layout-98a4a1e3 wp-block-group-is-layout-constrained\" style=\"margin-top:0;margin-bottom:var(--wp--preset--spacing--80)\">\n<div class=\"wp-block-group has-white-background-color has-background has-global-padding is-layout-constrained wp-block-group-is-layout-constrained\">\n<h2 class=\"wp-block-heading has-text-align-center font-size-20 has-large-font-size\" id=\"h-abonnez-vous-a-la-newsletter\">Abonnez-vous \u00e0 la newsletter<\/h2>\n\n\n\n<div class=\"wp-block-group block-contacto is-horizontal is-nowrap is-layout-flex wp-container-core-group-is-layout-5691b533 wp-block-group-is-layout-flex\" style=\"padding-right:var(--wp--preset--spacing--70);padding-left:var(--wp--preset--spacing--70)\">\n<div class=\"wp-block-group newsletter-img-column has-global-padding is-content-justification-center is-layout-constrained wp-block-group-is-layout-constrained block-visibility-hide-medium-screen block-visibility-hide-small-screen\" style=\"padding-top:var(--wp--preset--spacing--60);padding-bottom:var(--wp--preset--spacing--60)\">\n<div class=\"wp-block-cover is-light\" style=\"border-radius:15px\"><span aria-hidden=\"true\" class=\"wp-block-cover__background has-background-dim-0 has-background-dim\" style=\"background-color:#a0897b\"><\/span><img decoding=\"async\" width=\"508\" height=\"248\" class=\"wp-block-cover__image-background wp-image-31794\" alt=\"\" src=\"https:\/\/www.entreculturas.org\/wp-content\/uploads\/2024\/09\/FOTO-NEWSLETTER-NINAS.png\" data-object-fit=\"cover\" srcset=\"https:\/\/www.entreculturas.org\/wp-content\/uploads\/2024\/09\/FOTO-NEWSLETTER-NINAS.png 508w, https:\/\/www.entreculturas.org\/wp-content\/uploads\/2024\/09\/FOTO-NEWSLETTER-NINAS-300x146.png 300w\" sizes=\"(max-width: 508px) 100vw, 508px\" \/><div class=\"wp-block-cover__inner-container is-layout-flow wp-block-cover-is-layout-flow\">\n<p class=\"cr-fotografo-small has-white-color has-text-color\">\u00a9 &nbsp;Sergi C\u00e1mara<\/p>\n<\/div><\/div>\n<\/div>\n\n\n\n<form style=\"padding-top:var(--wp--preset--spacing--60);padding-right:0;padding-bottom:var(--wp--preset--spacing--60);padding-left:0\" class=\"wp-block-theme-blocks-custom-form wp-container-content-a5fc19f1\" id=\"custom_form\" action=\"\/wp-admin\/admin-post.php?action=custom_form\" method=\"post\"><input type=\"hidden\" name=\"g-recaptcha-response\" id=\"g-recaptcha-response\" value=\"\"\/><input type=\"hidden\" name=\"thanks_page\" value=\"\/thank-you-page\"\/><input type=\"hidden\" name=\"groups[]\" value=\"eBoletin y Campa\u00f1as\"\/><input type=\"hidden\" name=\"groups[]\" value=\"148\"\/>\n<p>Si vous souhaitez recevoir notre newsletter mensuelle avec des actualit\u00e9s et des actions mises \u00e0 jour sur le programme La LUZ de las NI\u00d1AS, remplissez ce formulaire.<\/p>\n\n\n\n<input type=\"hidden\" name=\"form_type\" value=\"3\"\/>\n\n\n\n<input type=\"hidden\" name=\"custom_68\" value=\"3\"\/>\n\n\n\n<input type=\"hidden\" name=\"group_\" value=\"148\"\/>\n\n\n\n<div class=\"input-container\"><label>Nom *<\/label><input type=\"text\" name=\"first_name\" required\/><\/div>\n\n\n\n<div class=\"input-container\"><label>Cognoms<\/label><input type=\"text\" name=\"last_name\"\/><\/div>\n\n\n\n<div class=\"input-container\"><label>Courrier \u00e9lectronique *<\/label><input type=\"email\" name=\"email\" required\/><\/div>\n\n\n\n<label class=\"acceptance\"><input type=\"checkbox\" required\/><span>J&rsquo;accepte le <a href=\"https:\/\/www.entreculturas.org\/ca\/politica-de-privadesa\/\" target=\"_blank\" rel=\"noreferrer noopener\">Politique de confidentialit\u00e9<\/a> *<\/span><\/label>\n\n\n\n<p style=\"font-size:12px !important\">\n    De ENTRECULTURAS FE Y ALEGR\u00cdA ESPA\u00d1A, nous traiterons les donn\u00e9es fournies en tant que responsable du traitement dans le but de&#8230;    \n    <a href=\"javascript:void(0);\" id=\"read-more-link\">Continuer \u00e0 lire<\/a>.\n<\/p>\n<p class=\"hidden\" id=\"read-more\" style=\"display: none;font-size: 12px;\">\n&#8230;Vous envoyer notre newsletter mensuelle avec des actualit\u00e9s actualis\u00e9es sur la RSE et nos actions ou propositions aupr\u00e8s des entreprises, en faveur de nos objectifs fondateurs, fond\u00e9es sur le consentement ou l&rsquo;ex\u00e9cution d&rsquo;un accord. Vous pouvez exercer vos droits en envoyant un email \u00e0 ventas@entreculturas.org avec pour objet \u00ab\u00a0Protection des donn\u00e9es\u00a0\u00bb.<\/p>\n<\/p>\n\n\n\n<script>\r\ndocument.addEventListener('DOMContentLoaded', function() {\r\n    document.getElementById('read-more-link').addEventListener('click', function() {\r\n        var readMoreContent = document.getElementById('read-more');\r\n        readMoreContent.style.display = 'block !important'; \/\/ Intenta sobrescribir con !important\r\n\r\n        \/\/ Si el m\u00e9todo anterior no funciona, utiliza setAttribute\r\n        if (readMoreContent.style.display !== 'block') {\r\n            readMoreContent.setAttribute('style', 'display: block !important; font-size: 12px;');\r\n        } else {\r\n            \/\/ Si ya est\u00e1 en 'block', solo ajusta el tama\u00f1o de fuente\r\n            readMoreContent.style.fontSize = '12px';\r\n        }\r\n\r\n        this.style.display = 'none'; \/\/ Opcional: oculta el enlace de \"Seguir leyendo\"\r\n    });\r\n});\r\n<\/script>\n\n\n\n<p class=\"hidden\" id=\"read-more\" style=\"font-size:12px\">Desde ENTRECULTURAS FE Y ALEGR\u00cdA ESPA\u00d1A trataremos los datos aportados en calidad de Responsable del tratamiento con la finalidad de gestionar nuestra relaci\u00f3n contigo, en pro de nuestros objetivos fundacionales, en base al consentimiento o a la ejecuci\u00f3n de un acuerdo. Puedes ejercer tus derechos enviando un email a&nbsp;rgpd@entreculturas.org con el asunto \u201cProtecci\u00f3n de Datos\u201d.<\/p>\n\n\n\n<div class=\"wp-block-group width-70-contacto justify-center-768 is-content-justification-right is-nowrap is-layout-flex wp-container-core-group-is-layout-17124a9a wp-block-group-is-layout-flex\">\n<button class=\"wp-block-button__link wp-element-button\">S&rsquo;abonner<\/button>\n<\/div>\n<\/form>\n<\/div>\n<\/div>\n<\/div>\n<\/div><\/section>\n<\/div>\n\n\n\n<div class=\"wp-block-group alignwide has-white-color has-gray-background-color has-text-color has-background has-global-padding is-layout-constrained wp-container-core-group-is-layout-121083dc wp-block-group-is-layout-constrained\" style=\"padding-top:var(--wp--preset--spacing--70);padding-right:var(--wp--preset--spacing--40);padding-bottom:var(--wp--preset--spacing--50);padding-left:var(--wp--preset--spacing--40)\">\n<div class=\"wp-block-group justify-center-mobile is-content-justification-space-between is-layout-flex wp-container-core-group-is-layout-c54e5f36 wp-block-group-is-layout-flex\" style=\"padding-top:0;padding-right:0;padding-bottom:0;padding-left:0\">\n<div class=\"wp-block-group is-layout-flow wp-block-group-is-layout-flow\">\n<figure class=\"wp-block-image size-full\"><img decoding=\"async\" src=\"https:\/\/www.entreculturas.org\/wp-content\/uploads\/2023\/09\/logo-entreculturas-white.svg\" alt=\"\" class=\"wp-image-37\"\/><\/figure>\n\n\n\n<p class=\"text-align-center-mobile\" style=\"margin-top:var(--wp--preset--spacing--30);margin-bottom:var(--wp--preset--spacing--30)\">C\/ Maldonado, 1. Planta 3.<br>28006 &#8211; Madrid<\/p>\n\n\n\n<p class=\"text-align-center-mobile\" style=\"margin-top:var(--wp--preset--spacing--30);margin-right:0;margin-bottom:var(--wp--preset--spacing--30);margin-left:0\"><strong>Tlf. 91 590 26 72<\/strong><\/p>\n\n\n\n<p class=\"text-align-center-mobile has-lightgray-color has-text-color\" style=\"margin-top:0;margin-right:0;margin-bottom:0;margin-left:0\"><a href=\"mailto:noticias@entreculturas.org\">noticias@entreculturas.org<\/a><\/p>\n<\/div>\n\n\n\n<div class=\"wp-block-group is-layout-flow wp-container-core-group-is-layout-b4c00706 wp-block-group-is-layout-flow\">\n<ul class=\"wp-block-social-links has-icon-color has-icon-background-color is-style-default is-content-justification-center is-nowrap is-layout-flex wp-container-core-social-links-is-layout-a04bb545 wp-block-social-links-is-layout-flex\"><li style=\"color:#ffffff;background-color:#00A995;\" class=\"wp-social-link wp-social-link-facebook has-white-color has-turquoise-background-color wp-block-social-link\"><a rel=\"noopener nofollow\" target=\"_blank\" href=\"https:\/\/www.facebook.com\/entreculturas\" class=\"wp-block-social-link-anchor\"><svg width=\"24\" height=\"24\" viewBox=\"0 0 24 24\" version=\"1.1\" xmlns=\"http:\/\/www.w3.org\/2000\/svg\" aria-hidden=\"true\" focusable=\"false\"><path d=\"M12 2C6.5 2 2 6.5 2 12c0 5 3.7 9.1 8.4 9.9v-7H7.9V12h2.5V9.8c0-2.5 1.5-3.9 3.8-3.9 1.1 0 2.2.2 2.2.2v2.5h-1.3c-1.2 0-1.6.8-1.6 1.6V12h2.8l-.4 2.9h-2.3v7C18.3 21.1 22 17 22 12c0-5.5-4.5-10-10-10z\"><\/path><\/svg><span class=\"wp-block-social-link-label screen-reader-text\">Facebook<\/span><\/a><\/li>\n\n<li style=\"color:#ffffff;background-color:#00A995;\" class=\"wp-social-link wp-social-link-x has-white-color has-turquoise-background-color wp-block-social-link\"><a rel=\"noopener nofollow\" target=\"_blank\" href=\"https:\/\/twitter.com\/Entreculturas\" class=\"wp-block-social-link-anchor\"><svg width=\"24\" height=\"24\" viewBox=\"0 0 24 24\" version=\"1.1\" xmlns=\"http:\/\/www.w3.org\/2000\/svg\" aria-hidden=\"true\" focusable=\"false\"><path d=\"M13.982 10.622 20.54 3h-1.554l-5.693 6.618L8.745 3H3.5l6.876 10.007L3.5 21h1.554l6.012-6.989L15.868 21h5.245l-7.131-10.378Zm-2.128 2.474-.697-.997-5.543-7.93H8l4.474 6.4.697.996 5.815 8.318h-2.387l-4.745-6.787Z\" \/><\/svg><span class=\"wp-block-social-link-label screen-reader-text\">X<\/span><\/a><\/li>\n\n<li style=\"color:#ffffff;background-color:#00A995;\" class=\"wp-social-link wp-social-link-youtube has-white-color has-turquoise-background-color wp-block-social-link\"><a rel=\"noopener nofollow\" target=\"_blank\" href=\"https:\/\/www.youtube.com\/user\/entreculturasvideo\" class=\"wp-block-social-link-anchor\"><svg width=\"24\" height=\"24\" viewBox=\"0 0 24 24\" version=\"1.1\" xmlns=\"http:\/\/www.w3.org\/2000\/svg\" aria-hidden=\"true\" focusable=\"false\"><path d=\"M21.8,8.001c0,0-0.195-1.378-0.795-1.985c-0.76-0.797-1.613-0.801-2.004-0.847c-2.799-0.202-6.997-0.202-6.997-0.202 h-0.009c0,0-4.198,0-6.997,0.202C4.608,5.216,3.756,5.22,2.995,6.016C2.395,6.623,2.2,8.001,2.2,8.001S2,9.62,2,11.238v1.517 c0,1.618,0.2,3.237,0.2,3.237s0.195,1.378,0.795,1.985c0.761,0.797,1.76,0.771,2.205,0.855c1.6,0.153,6.8,0.201,6.8,0.201 s4.203-0.006,7.001-0.209c0.391-0.047,1.243-0.051,2.004-0.847c0.6-0.607,0.795-1.985,0.795-1.985s0.2-1.618,0.2-3.237v-1.517 C22,9.62,21.8,8.001,21.8,8.001z M9.935,14.594l-0.001-5.62l5.404,2.82L9.935,14.594z\"><\/path><\/svg><span class=\"wp-block-social-link-label screen-reader-text\">YouTube<\/span><\/a><\/li>\n\n<li style=\"color:#ffffff;background-color:#00A995;\" class=\"wp-social-link wp-social-link-instagram has-white-color has-turquoise-background-color wp-block-social-link\"><a rel=\"noopener nofollow\" target=\"_blank\" href=\"https:\/\/www.instagram.com\/entreculturas\/\" class=\"wp-block-social-link-anchor\"><svg width=\"24\" height=\"24\" viewBox=\"0 0 24 24\" version=\"1.1\" xmlns=\"http:\/\/www.w3.org\/2000\/svg\" aria-hidden=\"true\" focusable=\"false\"><path d=\"M12,4.622c2.403,0,2.688,0.009,3.637,0.052c0.877,0.04,1.354,0.187,1.671,0.31c0.42,0.163,0.72,0.358,1.035,0.673 c0.315,0.315,0.51,0.615,0.673,1.035c0.123,0.317,0.27,0.794,0.31,1.671c0.043,0.949,0.052,1.234,0.052,3.637 s-0.009,2.688-0.052,3.637c-0.04,0.877-0.187,1.354-0.31,1.671c-0.163,0.42-0.358,0.72-0.673,1.035 c-0.315,0.315-0.615,0.51-1.035,0.673c-0.317,0.123-0.794,0.27-1.671,0.31c-0.949,0.043-1.233,0.052-3.637,0.052 s-2.688-0.009-3.637-0.052c-0.877-0.04-1.354-0.187-1.671-0.31c-0.42-0.163-0.72-0.358-1.035-0.673 c-0.315-0.315-0.51-0.615-0.673-1.035c-0.123-0.317-0.27-0.794-0.31-1.671C4.631,14.688,4.622,14.403,4.622,12 s0.009-2.688,0.052-3.637c0.04-0.877,0.187-1.354,0.31-1.671c0.163-0.42,0.358-0.72,0.673-1.035 c0.315-0.315,0.615-0.51,1.035-0.673c0.317-0.123,0.794-0.27,1.671-0.31C9.312,4.631,9.597,4.622,12,4.622 M12,3 C9.556,3,9.249,3.01,8.289,3.054C7.331,3.098,6.677,3.25,6.105,3.472C5.513,3.702,5.011,4.01,4.511,4.511 c-0.5,0.5-0.808,1.002-1.038,1.594C3.25,6.677,3.098,7.331,3.054,8.289C3.01,9.249,3,9.556,3,12c0,2.444,0.01,2.751,0.054,3.711 c0.044,0.958,0.196,1.612,0.418,2.185c0.23,0.592,0.538,1.094,1.038,1.594c0.5,0.5,1.002,0.808,1.594,1.038 c0.572,0.222,1.227,0.375,2.185,0.418C9.249,20.99,9.556,21,12,21s2.751-0.01,3.711-0.054c0.958-0.044,1.612-0.196,2.185-0.418 c0.592-0.23,1.094-0.538,1.594-1.038c0.5-0.5,0.808-1.002,1.038-1.594c0.222-0.572,0.375-1.227,0.418-2.185 C20.99,14.751,21,14.444,21,12s-0.01-2.751-0.054-3.711c-0.044-0.958-0.196-1.612-0.418-2.185c-0.23-0.592-0.538-1.094-1.038-1.594 c-0.5-0.5-1.002-0.808-1.594-1.038c-0.572-0.222-1.227-0.375-2.185-0.418C14.751,3.01,14.444,3,12,3L12,3z M12,7.378 c-2.552,0-4.622,2.069-4.622,4.622S9.448,16.622,12,16.622s4.622-2.069,4.622-4.622S14.552,7.378,12,7.378z M12,15 c-1.657,0-3-1.343-3-3s1.343-3,3-3s3,1.343,3,3S13.657,15,12,15z M16.804,6.116c-0.596,0-1.08,0.484-1.08,1.08 s0.484,1.08,1.08,1.08c0.596,0,1.08-0.484,1.08-1.08S17.401,6.116,16.804,6.116z\"><\/path><\/svg><span class=\"wp-block-social-link-label screen-reader-text\">Instagram<\/span><\/a><\/li>\n\n<li style=\"color:#ffffff;background-color:#00A995;\" class=\"wp-social-link wp-social-link-linkedin has-white-color has-turquoise-background-color wp-block-social-link\"><a rel=\"noopener nofollow\" target=\"_blank\" href=\"https:\/\/www.linkedin.com\/company\/fundacion-entreculturas-ngdo\/?originalSubdomain=es\" class=\"wp-block-social-link-anchor\"><svg width=\"24\" height=\"24\" viewBox=\"0 0 24 24\" version=\"1.1\" xmlns=\"http:\/\/www.w3.org\/2000\/svg\" aria-hidden=\"true\" focusable=\"false\"><path d=\"M19.7,3H4.3C3.582,3,3,3.582,3,4.3v15.4C3,20.418,3.582,21,4.3,21h15.4c0.718,0,1.3-0.582,1.3-1.3V4.3 C21,3.582,20.418,3,19.7,3z M8.339,18.338H5.667v-8.59h2.672V18.338z M7.004,8.574c-0.857,0-1.549-0.694-1.549-1.548 c0-0.855,0.691-1.548,1.549-1.548c0.854,0,1.547,0.694,1.547,1.548C8.551,7.881,7.858,8.574,7.004,8.574z M18.339,18.338h-2.669 v-4.177c0-0.996-0.017-2.278-1.387-2.278c-1.389,0-1.601,1.086-1.601,2.206v4.249h-2.667v-8.59h2.559v1.174h0.037 c0.356-0.675,1.227-1.387,2.526-1.387c2.703,0,3.203,1.779,3.203,4.092V18.338z\"><\/path><\/svg><span class=\"wp-block-social-link-label screen-reader-text\">LinkedIn<\/span><\/a><\/li>\n\n<li style=\"color:#ffffff;background-color:#00A995;\" class=\"wp-social-link wp-social-link-bluesky has-white-color has-turquoise-background-color wp-block-social-link\"><a rel=\"noopener nofollow\" target=\"_blank\" href=\"https:\/\/bsky.app\/profile\/entreculturas.bsky.social\" class=\"wp-block-social-link-anchor\"><svg width=\"24\" height=\"24\" viewBox=\"0 0 24 24\" version=\"1.1\" xmlns=\"http:\/\/www.w3.org\/2000\/svg\" aria-hidden=\"true\" focusable=\"false\"><path d=\"M6.3,4.2c2.3,1.7,4.8,5.3,5.7,7.2.9-1.9,3.4-5.4,5.7-7.2,1.7-1.3,4.3-2.2,4.3.9s-.4,5.2-.6,5.9c-.7,2.6-3.3,3.2-5.6,2.8,4,.7,5.1,3,2.9,5.3-5,5.2-6.7-2.8-6.7-2.8,0,0-1.7,8-6.7,2.8-2.2-2.3-1.2-4.6,2.9-5.3-2.3.4-4.9-.3-5.6-2.8-.2-.7-.6-5.3-.6-5.9,0-3.1,2.7-2.1,4.3-.9h0Z\"><\/path><\/svg><span class=\"wp-block-social-link-label screen-reader-text\">Bluesky<\/span><\/a><\/li><\/ul>\n\n\n<form role=\"search\" method=\"get\" action=\"https:\/\/www.entreculturas.org\/fr\/\" class=\"wp-block-search__button-outside wp-block-search__text-button wp-block-search\"    ><label class=\"wp-block-search__label\" for=\"wp-block-search__input-5\" >Buscar<\/label><div class=\"wp-block-search__inside-wrapper\"  style=\"width: 100%\"><input class=\"wp-block-search__input\" id=\"wp-block-search__input-5\" placeholder=\"Buscar\" value=\"\" type=\"search\" name=\"s\" required  style=\"border-width: 0px;border-style: none;border-radius: 5px\"\/><button aria-label=\"Buscar\" class=\"wp-block-search__button wp-element-button\" type=\"submit\"  style=\"border-width: 0px;border-style: none;border-radius: 5px\">Buscar<\/button><\/div><\/form><\/div>\n\n\n\n<div class=\"wp-block-group justify-content-menu-footer is-layout-flow wp-container-core-group-is-layout-c951c46d wp-block-group-is-layout-flow\"><nav style=\"font-style:normal;font-weight:600;\" class=\"items-justified-left is-vertical wp-block-navigation is-content-justification-left is-layout-flex wp-container-core-navigation-is-layout-f699e401 wp-block-navigation-is-layout-flex\" aria-label=\"Navegaci\u00f3n 2 2\"><ul style=\"font-style:normal;font-weight:600;\" class=\"wp-block-navigation__container items-justified-left is-vertical wp-block-navigation\"><li class=\" wp-block-navigation-item wp-block-navigation-link\"><a class=\"wp-block-navigation-item__content\"  href=\"https:\/\/www.entreculturas.org\/unete-al-equipo\/\"><span class=\"wp-block-navigation-item__label\">Rejoins l&rsquo;\u00e9quipe<\/span><\/a><\/li><li class=\" wp-block-navigation-item wp-block-navigation-link\"><a class=\"wp-block-navigation-item__content\"  href=\"https:\/\/www.entreculturas.org\/voluntariado\/\"><span class=\"wp-block-navigation-item__label\">Faire du b\u00e9n\u00e9volat<\/span><\/a><\/li><li class=\" wp-block-navigation-item wp-block-navigation-link\"><a class=\"wp-block-navigation-item__content\"  href=\"https:\/\/www.entreculturas.org\/contacto\/#prensa\"><span class=\"wp-block-navigation-item__label\">Presse<\/span><\/a><\/li><\/ul><\/nav>\n\n<nav class=\"has-text-color has-lightgray-color  is-vertical no-margin-menu-footer wp-block-navigation is-layout-flex wp-container-core-navigation-is-layout-cd71ce7b wp-block-navigation-is-layout-flex\" aria-label=\"Navegaci\u00f3n 2 3\"><ul class=\"wp-block-navigation__container has-text-color has-lightgray-color  is-vertical no-margin-menu-footer wp-block-navigation\"><li class=\" wp-block-navigation-item wp-block-navigation-link\"><a class=\"wp-block-navigation-item__content\"  href=\"https:\/\/www.entreculturas.org\/politica-de-privacidad\/\"><span class=\"wp-block-navigation-item__label\">Confidentialit\u00e9<\/span><\/a><\/li><li class=\" wp-block-navigation-item wp-block-navigation-link\"><a class=\"wp-block-navigation-item__content\"  href=\"https:\/\/www.entreculturas.org\/accesibilidad\/\"><span class=\"wp-block-navigation-item__label\">Accessibilit\u00e9<\/span><\/a><\/li><li class=\" wp-block-navigation-item wp-block-navigation-link\"><a class=\"wp-block-navigation-item__content\"  href=\"https:\/\/www.entreculturas.org\/politica-de-cookies\/\"><span class=\"wp-block-navigation-item__label\">Cookies<\/span><\/a><\/li><li class=\" wp-block-navigation-item wp-block-navigation-link\"><a class=\"wp-block-navigation-item__content\"  href=\"https:\/\/www.entreculturas.org\/aviso-legal\/\"><span class=\"wp-block-navigation-item__label\">Avis juridique<\/span><\/a><\/li><\/ul><\/nav><\/div>\n<\/div>\n\n\n\n<hr class=\"wp-block-separator has-alpha-channel-opacity is-style-default separador-footer\" style=\"margin-top:var(--wp--preset--spacing--60);margin-bottom:var(--wp--preset--spacing--60)\"\/>\n\n\n\n<div class=\"wp-block-group is-vertical is-content-justification-center is-layout-flex wp-container-core-group-is-layout-c9ee0c5a wp-block-group-is-layout-flex\">\n<p class=\"has-text-align-center has-lightgray-color has-text-color\" style=\"font-size:12px\">Site Web financ\u00e9 par le plan de relance, de transformation et de r\u00e9silience de l&rsquo;Espagne \u00ab\u00a0Next Generation EU\u00a0\u00bb<\/p>\n\n\n\n<div class=\"wp-block-group flex-wrap-footer is-nowrap is-layout-flex wp-container-core-group-is-layout-6c531013 wp-block-group-is-layout-flex\">\n<div class=\"wp-block-group margin-footer-mobile has-global-padding is-layout-constrained wp-container-core-group-is-layout-9e5b70ce wp-block-group-is-layout-constrained\" style=\"padding-right:var(--wp--preset--spacing--40)\">\n<figure class=\"wp-block-image size-full\"><img decoding=\"async\" src=\"https:\/\/www.entreculturas.org\/wp-content\/uploads\/2023\/10\/Primer_plano.svg\" alt=\"\" class=\"wp-image-1602\"\/><\/figure>\n<\/div>\n\n\n\n<div class=\"wp-block-group margin-footer-mobile-second has-global-padding is-layout-constrained wp-container-core-group-is-layout-9e5b70ce wp-block-group-is-layout-constrained\" style=\"padding-right:var(--wp--preset--spacing--40)\">\n<figure class=\"wp-block-image size-full\"><img decoding=\"async\" src=\"https:\/\/www.entreculturas.org\/wp-content\/uploads\/2023\/10\/Capa_1.svg\" alt=\"\" class=\"wp-image-1607\"\/><\/figure>\n<\/div>\n\n\n\n<div class=\"wp-block-group has-global-padding is-layout-constrained wp-container-core-group-is-layout-0be64e95 wp-block-group-is-layout-constrained\" style=\"padding-right:var(--wp--preset--spacing--50)\">\n<figure class=\"wp-block-image size-medium is-resized\"><img decoding=\"async\" width=\"300\" height=\"78\" src=\"https:\/\/www.entreculturas.org\/wp-content\/uploads\/2023\/11\/financiado_eu_vs2-300x78.png\" alt=\"\" class=\"wp-image-1910\" style=\"object-fit:cover;width:175px;height:45px\" srcset=\"https:\/\/www.entreculturas.org\/wp-content\/uploads\/2023\/11\/financiado_eu_vs2-300x78.png 300w, https:\/\/www.entreculturas.org\/wp-content\/uploads\/2023\/11\/financiado_eu_vs2-768x201.png 768w, https:\/\/www.entreculturas.org\/wp-content\/uploads\/2023\/11\/financiado_eu_vs2.png 800w\" sizes=\"(max-width: 300px) 100vw, 300px\" \/><\/figure>\n<\/div>\n\n\n\n<div class=\"wp-block-group has-global-padding is-layout-constrained wp-block-group-is-layout-constrained\">\n<figure class=\"wp-block-image size-full\"><img decoding=\"async\" src=\"https:\/\/www.entreculturas.org\/wp-content\/uploads\/2023\/10\/Modo_de_aislamiento-1.svg\" alt=\"\" class=\"wp-image-1604\"\/><\/figure>\n<\/div>\n<\/div>\n<\/div>\n<\/div>\n\n\n\n<div class=\"wp-block-group has-black-background-color has-background has-global-padding is-layout-constrained wp-block-group-is-layout-constrained\" style=\"padding-top:var(--wp--preset--spacing--70);padding-bottom:var(--wp--preset--spacing--60)\">\n<figure class=\"wp-block-image aligncenter size-full footer-padding-mobile\"><img decoding=\"async\" src=\"https:\/\/www.entreculturas.org\/wp-content\/uploads\/2023\/11\/Layer_1.svg\" alt=\"\" class=\"wp-image-1908\"\/><\/figure>\n<\/div>\n","protected":false},"excerpt":{"rendered":"<p>Les filles et les adolescentes, partout dans le monde, subissent diff\u00e9rentes formes de violence tout au long de leur vie. \u00ab\u00a0Si nous parlons des mutilations g\u00e9nitales f\u00e9minines, il s\u2019agit d\u2019une pratique interdite au Tchad, mais certaines personnes continuent de la pratiquer de mani\u00e8re confidentielle et secr\u00e8te. Pour en arriver \u00e0 la mutilation, tout un processus implique les parents ainsi que des personnes tr\u00e8s proches de la famille. Comment une fille mineure pourrait-elle d\u00e9noncer toutes ces personnes devant un tribunal ? C\u2019est vraiment tr\u00e8s difficile.\u00a0\u00bb Sifa Kaite JRS Tchad Coordinateur de la protection de l&rsquo;enfance. \u00ab\u00a0Je suis mari\u00e9e et m\u00e8re de quatre gar\u00e7ons et de deux filles. J&rsquo;ai \u00e9t\u00e9 mari\u00e9e tr\u00e8s jeune et je n&rsquo;ai pas eu la chance de terminer mes \u00e9tudes. Notre situation financi\u00e8re \u00e9tait difficile. Ma m\u00e8re m&rsquo;a dit que j&rsquo;\u00e9tais grande et qu&rsquo;elle allait me marier. Je lui ai dit que je ne voulais pas me marier. [&hellip;]<\/p>\n","protected":false},"author":1,"featured_media":28414,"parent":28407,"menu_order":0,"comment_status":"closed","ping_status":"closed","template":"wp-custom-template-plantilla-la-luz-de-las-ni-as","meta":{"_acf_changed":false,"footnotes":""},"class_list":["post-28422","page","type-page","status-publish","has-post-thumbnail","hentry"],"acf":[],"yoast_head":"<!-- This site is optimized with the Yoast SEO Premium plugin v21.6 (Yoast SEO v27.5) - https:\/\/yoast.com\/product\/yoast-seo-premium-wordpress\/ -->\n<title>La violence - Entreculturas<\/title>\n<meta name=\"robots\" content=\"index, follow, max-snippet:-1, max-image-preview:large, max-video-preview:-1\" \/>\n<link rel=\"canonical\" href=\"https:\/\/www.entreculturas.org\/fr\/la-lumiere-des-filles\/la-violence\/\" \/>\n<meta property=\"og:locale\" content=\"fr_FR\" \/>\n<meta property=\"og:type\" content=\"article\" \/>\n<meta property=\"og:title\" content=\"La violence\" \/>\n<meta property=\"og:description\" content=\"Les filles et les adolescentes, partout dans le monde, subissent diff\u00e9rentes formes de violence tout au long de leur vie. \u00ab\u00a0Si nous parlons des mutilations g\u00e9nitales f\u00e9minines, il s\u2019agit d\u2019une pratique interdite au Tchad, mais certaines personnes continuent de la pratiquer de mani\u00e8re confidentielle et secr\u00e8te. Pour en arriver \u00e0 la mutilation, tout un processus implique les parents ainsi que des personnes tr\u00e8s proches de la famille. Comment une fille mineure pourrait-elle d\u00e9noncer toutes ces personnes devant un tribunal ? C\u2019est vraiment tr\u00e8s difficile.\u00a0\u00bb Sifa Kaite JRS Tchad Coordinateur de la protection de l&rsquo;enfance. \u00ab\u00a0Je suis mari\u00e9e et m\u00e8re de quatre gar\u00e7ons et de deux filles. J&rsquo;ai \u00e9t\u00e9 mari\u00e9e tr\u00e8s jeune et je n&rsquo;ai pas eu la chance de terminer mes \u00e9tudes. Notre situation financi\u00e8re \u00e9tait difficile. Ma m\u00e8re m&rsquo;a dit que j&rsquo;\u00e9tais grande et qu&rsquo;elle allait me marier. Je lui ai dit que je ne voulais pas me marier. [&hellip;]\" \/>\n<meta property=\"og:url\" content=\"https:\/\/www.entreculturas.org\/fr\/la-lumiere-des-filles\/la-violence\/\" \/>\n<meta property=\"og:site_name\" content=\"Entreculturas\" \/>\n<meta property=\"article:publisher\" content=\"https:\/\/www.facebook.com\/entreculturas\" \/>\n<meta property=\"article:modified_time\" content=\"2026-04-24T09:31:52+00:00\" \/>\n<meta property=\"og:image\" content=\"https:\/\/www.entreculturas.org\/wp-content\/uploads\/2024\/07\/luz_formulario_izquierda.jpg\" \/>\n\t<meta property=\"og:image:width\" content=\"590\" \/>\n\t<meta property=\"og:image:height\" content=\"450\" \/>\n\t<meta property=\"og:image:type\" content=\"image\/jpeg\" \/>\n<meta name=\"twitter:card\" content=\"summary_large_image\" \/>\n<meta name=\"twitter:site\" content=\"@Entreculturas\" \/>\n<script type=\"application\/ld+json\" class=\"yoast-schema-graph\">{\"@context\":\"https:\\\/\\\/schema.org\",\"@graph\":[{\"@type\":\"WebPage\",\"@id\":\"https:\\\/\\\/www.entreculturas.org\\\/fr\\\/la-lumiere-des-filles\\\/la-violence\\\/\",\"url\":\"https:\\\/\\\/www.entreculturas.org\\\/fr\\\/la-lumiere-des-filles\\\/la-violence\\\/\",\"name\":\"La violence - Entreculturas\",\"isPartOf\":{\"@id\":\"https:\\\/\\\/www.entreculturas.org\\\/fr\\\/#website\"},\"primaryImageOfPage\":{\"@id\":\"https:\\\/\\\/www.entreculturas.org\\\/fr\\\/la-lumiere-des-filles\\\/la-violence\\\/#primaryimage\"},\"image\":{\"@id\":\"https:\\\/\\\/www.entreculturas.org\\\/fr\\\/la-lumiere-des-filles\\\/la-violence\\\/#primaryimage\"},\"thumbnailUrl\":\"https:\\\/\\\/www.entreculturas.org\\\/wp-content\\\/uploads\\\/2024\\\/07\\\/luz_formulario_izquierda.jpg\",\"datePublished\":\"2024-07-11T11:23:47+00:00\",\"dateModified\":\"2026-04-24T09:31:52+00:00\",\"breadcrumb\":{\"@id\":\"https:\\\/\\\/www.entreculturas.org\\\/fr\\\/la-lumiere-des-filles\\\/la-violence\\\/#breadcrumb\"},\"inLanguage\":\"fr-FR\",\"potentialAction\":[{\"@type\":\"ReadAction\",\"target\":[\"https:\\\/\\\/www.entreculturas.org\\\/fr\\\/la-lumiere-des-filles\\\/la-violence\\\/\"]}]},{\"@type\":\"ImageObject\",\"inLanguage\":\"fr-FR\",\"@id\":\"https:\\\/\\\/www.entreculturas.org\\\/fr\\\/la-lumiere-des-filles\\\/la-violence\\\/#primaryimage\",\"url\":\"https:\\\/\\\/www.entreculturas.org\\\/wp-content\\\/uploads\\\/2024\\\/07\\\/luz_formulario_izquierda.jpg\",\"contentUrl\":\"https:\\\/\\\/www.entreculturas.org\\\/wp-content\\\/uploads\\\/2024\\\/07\\\/luz_formulario_izquierda.jpg\",\"width\":590,\"height\":450,\"caption\":\"twitter:image\"},{\"@type\":\"BreadcrumbList\",\"@id\":\"https:\\\/\\\/www.entreculturas.org\\\/fr\\\/la-lumiere-des-filles\\\/la-violence\\\/#breadcrumb\",\"itemListElement\":[{\"@type\":\"ListItem\",\"position\":1,\"name\":\"Home\",\"item\":\"https:\\\/\\\/www.entreculturas.org\\\/fr\\\/\"},{\"@type\":\"ListItem\",\"position\":2,\"name\":\"La violence\"}]},{\"@type\":\"WebSite\",\"@id\":\"https:\\\/\\\/www.entreculturas.org\\\/fr\\\/#website\",\"url\":\"https:\\\/\\\/www.entreculturas.org\\\/fr\\\/\",\"name\":\"Entreculturas\",\"description\":\"\",\"publisher\":{\"@id\":\"https:\\\/\\\/www.entreculturas.org\\\/fr\\\/#organization\"},\"alternateName\":\"Entreculturas\",\"potentialAction\":[{\"@type\":\"SearchAction\",\"target\":{\"@type\":\"EntryPoint\",\"urlTemplate\":\"https:\\\/\\\/www.entreculturas.org\\\/fr\\\/?s={search_term_string}\"},\"query-input\":{\"@type\":\"PropertyValueSpecification\",\"valueRequired\":true,\"valueName\":\"search_term_string\"}}],\"inLanguage\":\"fr-FR\"},{\"@type\":\"Organization\",\"@id\":\"https:\\\/\\\/www.entreculturas.org\\\/fr\\\/#organization\",\"name\":\"Entreculturas\",\"url\":\"https:\\\/\\\/www.entreculturas.org\\\/fr\\\/\",\"logo\":{\"@type\":\"ImageObject\",\"inLanguage\":\"fr-FR\",\"@id\":\"https:\\\/\\\/www.entreculturas.org\\\/fr\\\/#\\\/schema\\\/logo\\\/image\\\/\",\"url\":\"https:\\\/\\\/www.entreculturas.org\\\/wp-content\\\/uploads\\\/2025\\\/10\\\/ESP.svg\",\"contentUrl\":\"https:\\\/\\\/www.entreculturas.org\\\/wp-content\\\/uploads\\\/2025\\\/10\\\/ESP.svg\",\"caption\":\"Entreculturas\"},\"image\":{\"@id\":\"https:\\\/\\\/www.entreculturas.org\\\/fr\\\/#\\\/schema\\\/logo\\\/image\\\/\"},\"sameAs\":[\"https:\\\/\\\/www.facebook.com\\\/entreculturas\",\"https:\\\/\\\/x.com\\\/Entreculturas\",\"https:\\\/\\\/www.instagram.com\\\/entreculturas\\\/\",\"https:\\\/\\\/www.youtube.com\\\/user\\\/entreculturasvideo\",\"https:\\\/\\\/www.linkedin.com\\\/company\\\/fundacion-entreculturas-ngdo\\\/\",\"https:\\\/\\\/www.flickr.com\\\/photos\\\/98455522@N04\\\/albums\\\/\"]}]}<\/script>\n<!-- \/ Yoast SEO Premium plugin. -->","yoast_head_json":{"title":"La violence - Entreculturas","robots":{"index":"index","follow":"follow","max-snippet":"max-snippet:-1","max-image-preview":"max-image-preview:large","max-video-preview":"max-video-preview:-1"},"canonical":"https:\/\/www.entreculturas.org\/fr\/la-lumiere-des-filles\/la-violence\/","og_locale":"fr_FR","og_type":"article","og_title":"La violence","og_description":"Les filles et les adolescentes, partout dans le monde, subissent diff\u00e9rentes formes de violence tout au long de leur vie. \u00ab\u00a0Si nous parlons des mutilations g\u00e9nitales f\u00e9minines, il s\u2019agit d\u2019une pratique interdite au Tchad, mais certaines personnes continuent de la pratiquer de mani\u00e8re confidentielle et secr\u00e8te. Pour en arriver \u00e0 la mutilation, tout un processus implique les parents ainsi que des personnes tr\u00e8s proches de la famille. Comment une fille mineure pourrait-elle d\u00e9noncer toutes ces personnes devant un tribunal ? C\u2019est vraiment tr\u00e8s difficile.\u00a0\u00bb Sifa Kaite JRS Tchad Coordinateur de la protection de l&rsquo;enfance. \u00ab\u00a0Je suis mari\u00e9e et m\u00e8re de quatre gar\u00e7ons et de deux filles. J&rsquo;ai \u00e9t\u00e9 mari\u00e9e tr\u00e8s jeune et je n&rsquo;ai pas eu la chance de terminer mes \u00e9tudes. Notre situation financi\u00e8re \u00e9tait difficile. Ma m\u00e8re m&rsquo;a dit que j&rsquo;\u00e9tais grande et qu&rsquo;elle allait me marier. Je lui ai dit que je ne voulais pas me marier. [&hellip;]","og_url":"https:\/\/www.entreculturas.org\/fr\/la-lumiere-des-filles\/la-violence\/","og_site_name":"Entreculturas","article_publisher":"https:\/\/www.facebook.com\/entreculturas","article_modified_time":"2026-04-24T09:31:52+00:00","og_image":[{"width":590,"height":450,"url":"https:\/\/www.entreculturas.org\/wp-content\/uploads\/2024\/07\/luz_formulario_izquierda.jpg","type":"image\/jpeg"}],"twitter_card":"summary_large_image","twitter_site":"@Entreculturas","schema":{"@context":"https:\/\/schema.org","@graph":[{"@type":"WebPage","@id":"https:\/\/www.entreculturas.org\/fr\/la-lumiere-des-filles\/la-violence\/","url":"https:\/\/www.entreculturas.org\/fr\/la-lumiere-des-filles\/la-violence\/","name":"La violence - Entreculturas","isPartOf":{"@id":"https:\/\/www.entreculturas.org\/fr\/#website"},"primaryImageOfPage":{"@id":"https:\/\/www.entreculturas.org\/fr\/la-lumiere-des-filles\/la-violence\/#primaryimage"},"image":{"@id":"https:\/\/www.entreculturas.org\/fr\/la-lumiere-des-filles\/la-violence\/#primaryimage"},"thumbnailUrl":"https:\/\/www.entreculturas.org\/wp-content\/uploads\/2024\/07\/luz_formulario_izquierda.jpg","datePublished":"2024-07-11T11:23:47+00:00","dateModified":"2026-04-24T09:31:52+00:00","breadcrumb":{"@id":"https:\/\/www.entreculturas.org\/fr\/la-lumiere-des-filles\/la-violence\/#breadcrumb"},"inLanguage":"fr-FR","potentialAction":[{"@type":"ReadAction","target":["https:\/\/www.entreculturas.org\/fr\/la-lumiere-des-filles\/la-violence\/"]}]},{"@type":"ImageObject","inLanguage":"fr-FR","@id":"https:\/\/www.entreculturas.org\/fr\/la-lumiere-des-filles\/la-violence\/#primaryimage","url":"https:\/\/www.entreculturas.org\/wp-content\/uploads\/2024\/07\/luz_formulario_izquierda.jpg","contentUrl":"https:\/\/www.entreculturas.org\/wp-content\/uploads\/2024\/07\/luz_formulario_izquierda.jpg","width":590,"height":450,"caption":"twitter:image"},{"@type":"BreadcrumbList","@id":"https:\/\/www.entreculturas.org\/fr\/la-lumiere-des-filles\/la-violence\/#breadcrumb","itemListElement":[{"@type":"ListItem","position":1,"name":"Home","item":"https:\/\/www.entreculturas.org\/fr\/"},{"@type":"ListItem","position":2,"name":"La violence"}]},{"@type":"WebSite","@id":"https:\/\/www.entreculturas.org\/fr\/#website","url":"https:\/\/www.entreculturas.org\/fr\/","name":"Entreculturas","description":"","publisher":{"@id":"https:\/\/www.entreculturas.org\/fr\/#organization"},"alternateName":"Entreculturas","potentialAction":[{"@type":"SearchAction","target":{"@type":"EntryPoint","urlTemplate":"https:\/\/www.entreculturas.org\/fr\/?s={search_term_string}"},"query-input":{"@type":"PropertyValueSpecification","valueRequired":true,"valueName":"search_term_string"}}],"inLanguage":"fr-FR"},{"@type":"Organization","@id":"https:\/\/www.entreculturas.org\/fr\/#organization","name":"Entreculturas","url":"https:\/\/www.entreculturas.org\/fr\/","logo":{"@type":"ImageObject","inLanguage":"fr-FR","@id":"https:\/\/www.entreculturas.org\/fr\/#\/schema\/logo\/image\/","url":"https:\/\/www.entreculturas.org\/wp-content\/uploads\/2025\/10\/ESP.svg","contentUrl":"https:\/\/www.entreculturas.org\/wp-content\/uploads\/2025\/10\/ESP.svg","caption":"Entreculturas"},"image":{"@id":"https:\/\/www.entreculturas.org\/fr\/#\/schema\/logo\/image\/"},"sameAs":["https:\/\/www.facebook.com\/entreculturas","https:\/\/x.com\/Entreculturas","https:\/\/www.instagram.com\/entreculturas\/","https:\/\/www.youtube.com\/user\/entreculturasvideo","https:\/\/www.linkedin.com\/company\/fundacion-entreculturas-ngdo\/","https:\/\/www.flickr.com\/photos\/98455522@N04\/albums\/"]}]}},"_links":{"self":[{"href":"https:\/\/www.entreculturas.org\/fr\/wp-json\/wp\/v2\/pages\/28422","targetHints":{"allow":["GET"]}}],"collection":[{"href":"https:\/\/www.entreculturas.org\/fr\/wp-json\/wp\/v2\/pages"}],"about":[{"href":"https:\/\/www.entreculturas.org\/fr\/wp-json\/wp\/v2\/types\/page"}],"author":[{"embeddable":true,"href":"https:\/\/www.entreculturas.org\/fr\/wp-json\/wp\/v2\/users\/1"}],"replies":[{"embeddable":true,"href":"https:\/\/www.entreculturas.org\/fr\/wp-json\/wp\/v2\/comments?post=28422"}],"version-history":[{"count":24,"href":"https:\/\/www.entreculturas.org\/fr\/wp-json\/wp\/v2\/pages\/28422\/revisions"}],"predecessor-version":[{"id":47821,"href":"https:\/\/www.entreculturas.org\/fr\/wp-json\/wp\/v2\/pages\/28422\/revisions\/47821"}],"up":[{"embeddable":true,"href":"https:\/\/www.entreculturas.org\/fr\/wp-json\/wp\/v2\/pages\/28407"}],"wp:featuredmedia":[{"embeddable":true,"href":"https:\/\/www.entreculturas.org\/fr\/wp-json\/wp\/v2\/media\/28414"}],"wp:attachment":[{"href":"https:\/\/www.entreculturas.org\/fr\/wp-json\/wp\/v2\/media?parent=28422"}],"curies":[{"name":"wp","href":"https:\/\/api.w.org\/{rel}","templated":true}]}}