{"id":31034,"date":"2024-09-06T09:10:35","date_gmt":"2024-09-06T07:10:35","guid":{"rendered":"https:\/\/www.entreculturas.org\/?post_type=material&#038;p=31034"},"modified":"2024-09-06T09:10:37","modified_gmt":"2024-09-06T07:10:37","slug":"informe-barreras-educativas-y-violencias-hacia-las-ninas-en-sudan-del-sur","status":"publish","type":"material","link":"https:\/\/www.entreculturas.org\/fr\/material\/informe-barreras-educativas-y-violencias-hacia-las-ninas-en-sudan-del-sur\/","title":{"rendered":"Informe \u00ab\u00a0Barreras educativas y violencias hacia las ni\u00f1as en Sud\u00e1n del Sur\u00a0\u00bb"},"content":{"rendered":"","protected":false},"excerpt":{"rendered":"<p>Este informe tiene como objetivo dar respuesta a cu\u00e1l es la situaci\u00f3n de las ni\u00f1as en la zona de Yambio, Sud\u00e1n del Sur, a c\u00f3mo les afecta el conflicto y las violencias a sus vidas y qu\u00e9 papel juegan la educaci\u00f3n en su desarrollo.<\/p>\n","protected":false},"featured_media":31036,"template":"","categories":[12],"tags":[579],"link-pdf":[630],"class_list":["post-31034","material","type-material","status-publish","has-post-thumbnail","hentry","category-recursos-educativos","tag-noticias-la-luz-de-las-ninas","link-pdf-https-www-entreculturas-org-wp-content-uploads-2024-07-informe-barreras-educativas-y-violencias-hacia-las-ninas-en-sudan-del-sur-pdf"],"acf":[],"yoast_head":"<!-- This site is optimized with the Yoast SEO Premium plugin v21.6 (Yoast SEO v27.5) - https:\/\/yoast.com\/product\/yoast-seo-premium-wordpress\/ -->\n<title>Informe &quot;Barreras educativas y violencias hacia las ni\u00f1as en Sud\u00e1n del Sur&quot; - Entreculturas<\/title>\n<meta name=\"robots\" content=\"index, follow, max-snippet:-1, max-image-preview:large, max-video-preview:-1\" \/>\n<link rel=\"canonical\" href=\"https:\/\/www.entreculturas.org\/fr\/material\/informe-barreras-educativas-y-violencias-hacia-las-ninas-en-sudan-del-sur\/\" \/>\n<meta property=\"og:locale\" content=\"fr_FR\" \/>\n<meta property=\"og:type\" content=\"article\" \/>\n<meta property=\"og:title\" content=\"Informe &quot;Barreras educativas y violencias hacia las ni\u00f1as en Sud\u00e1n del Sur&quot;\" \/>\n<meta property=\"og:description\" content=\"Este informe tiene como objetivo dar respuesta a cu\u00e1l es la situaci\u00f3n de las ni\u00f1as en la zona de Yambio, Sud\u00e1n del Sur, a c\u00f3mo les afecta el conflicto y las violencias a sus vidas y qu\u00e9 papel juegan la educaci\u00f3n en su desarrollo.\" \/>\n<meta property=\"og:url\" content=\"https:\/\/www.entreculturas.org\/fr\/material\/informe-barreras-educativas-y-violencias-hacia-las-ninas-en-sudan-del-sur\/\" \/>\n<meta property=\"og:site_name\" content=\"Entreculturas\" \/>\n<meta property=\"article:publisher\" content=\"https:\/\/www.facebook.com\/entreculturas\" \/>\n<meta property=\"article:modified_time\" content=\"2024-09-06T07:10:37+00:00\" \/>\n<meta property=\"og:image\" content=\"https:\/\/www.entreculturas.org\/wp-content\/uploads\/2024\/09\/Informe-Barreras-educativas-y-violencias-hacia-las-ninas-en-Sudan-del-Sur_Pagina_01-e1695645533632.jpg\" \/>\n\t<meta property=\"og:image:width\" content=\"800\" \/>\n\t<meta property=\"og:image:height\" content=\"544\" \/>\n\t<meta property=\"og:image:type\" content=\"image\/jpeg\" \/>\n<meta name=\"twitter:card\" content=\"summary_large_image\" \/>\n<meta name=\"twitter:site\" content=\"@Entreculturas\" \/>\n<script type=\"application\/ld+json\" class=\"yoast-schema-graph\">{\"@context\":\"https:\\\/\\\/schema.org\",\"@graph\":[{\"@type\":\"WebPage\",\"@id\":\"https:\\\/\\\/www.entreculturas.org\\\/fr\\\/material\\\/informe-barreras-educativas-y-violencias-hacia-las-ninas-en-sudan-del-sur\\\/\",\"url\":\"https:\\\/\\\/www.entreculturas.org\\\/fr\\\/material\\\/informe-barreras-educativas-y-violencias-hacia-las-ninas-en-sudan-del-sur\\\/\",\"name\":\"Informe \\\"Barreras educativas y violencias hacia las ni\u00f1as en Sud\u00e1n del Sur\\\" - Entreculturas\",\"isPartOf\":{\"@id\":\"https:\\\/\\\/www.entreculturas.org\\\/fr\\\/#website\"},\"primaryImageOfPage\":{\"@id\":\"https:\\\/\\\/www.entreculturas.org\\\/fr\\\/material\\\/informe-barreras-educativas-y-violencias-hacia-las-ninas-en-sudan-del-sur\\\/#primaryimage\"},\"image\":{\"@id\":\"https:\\\/\\\/www.entreculturas.org\\\/fr\\\/material\\\/informe-barreras-educativas-y-violencias-hacia-las-ninas-en-sudan-del-sur\\\/#primaryimage\"},\"thumbnailUrl\":\"https:\\\/\\\/www.entreculturas.org\\\/wp-content\\\/uploads\\\/2024\\\/09\\\/Informe-Barreras-educativas-y-violencias-hacia-las-ninas-en-Sudan-del-Sur_Pagina_01-e1695645533632.jpg\",\"datePublished\":\"2024-09-06T07:10:35+00:00\",\"dateModified\":\"2024-09-06T07:10:37+00:00\",\"breadcrumb\":{\"@id\":\"https:\\\/\\\/www.entreculturas.org\\\/fr\\\/material\\\/informe-barreras-educativas-y-violencias-hacia-las-ninas-en-sudan-del-sur\\\/#breadcrumb\"},\"inLanguage\":\"fr-FR\",\"potentialAction\":[{\"@type\":\"ReadAction\",\"target\":[\"https:\\\/\\\/www.entreculturas.org\\\/fr\\\/material\\\/informe-barreras-educativas-y-violencias-hacia-las-ninas-en-sudan-del-sur\\\/\"]}]},{\"@type\":\"ImageObject\",\"inLanguage\":\"fr-FR\",\"@id\":\"https:\\\/\\\/www.entreculturas.org\\\/fr\\\/material\\\/informe-barreras-educativas-y-violencias-hacia-las-ninas-en-sudan-del-sur\\\/#primaryimage\",\"url\":\"https:\\\/\\\/www.entreculturas.org\\\/wp-content\\\/uploads\\\/2024\\\/09\\\/Informe-Barreras-educativas-y-violencias-hacia-las-ninas-en-Sudan-del-Sur_Pagina_01-e1695645533632.jpg\",\"contentUrl\":\"https:\\\/\\\/www.entreculturas.org\\\/wp-content\\\/uploads\\\/2024\\\/09\\\/Informe-Barreras-educativas-y-violencias-hacia-las-ninas-en-Sudan-del-Sur_Pagina_01-e1695645533632.jpg\",\"width\":800,\"height\":544},{\"@type\":\"BreadcrumbList\",\"@id\":\"https:\\\/\\\/www.entreculturas.org\\\/fr\\\/material\\\/informe-barreras-educativas-y-violencias-hacia-las-ninas-en-sudan-del-sur\\\/#breadcrumb\",\"itemListElement\":[{\"@type\":\"ListItem\",\"position\":1,\"name\":\"Home\",\"item\":\"https:\\\/\\\/www.entreculturas.org\\\/fr\\\/\"},{\"@type\":\"ListItem\",\"position\":2,\"name\":\"Informe \u00ab\u00a0Barreras educativas y violencias hacia las ni\u00f1as en Sud\u00e1n del Sur\u00a0\u00bb\"}]},{\"@type\":\"WebSite\",\"@id\":\"https:\\\/\\\/www.entreculturas.org\\\/fr\\\/#website\",\"url\":\"https:\\\/\\\/www.entreculturas.org\\\/fr\\\/\",\"name\":\"Entreculturas\",\"description\":\"\",\"publisher\":{\"@id\":\"https:\\\/\\\/www.entreculturas.org\\\/fr\\\/#organization\"},\"alternateName\":\"Entreculturas\",\"potentialAction\":[{\"@type\":\"SearchAction\",\"target\":{\"@type\":\"EntryPoint\",\"urlTemplate\":\"https:\\\/\\\/www.entreculturas.org\\\/fr\\\/?s={search_term_string}\"},\"query-input\":{\"@type\":\"PropertyValueSpecification\",\"valueRequired\":true,\"valueName\":\"search_term_string\"}}],\"inLanguage\":\"fr-FR\"},{\"@type\":\"Organization\",\"@id\":\"https:\\\/\\\/www.entreculturas.org\\\/fr\\\/#organization\",\"name\":\"Entreculturas\",\"url\":\"https:\\\/\\\/www.entreculturas.org\\\/fr\\\/\",\"logo\":{\"@type\":\"ImageObject\",\"inLanguage\":\"fr-FR\",\"@id\":\"https:\\\/\\\/www.entreculturas.org\\\/fr\\\/#\\\/schema\\\/logo\\\/image\\\/\",\"url\":\"https:\\\/\\\/www.entreculturas.org\\\/wp-content\\\/uploads\\\/2025\\\/10\\\/ESP.svg\",\"contentUrl\":\"https:\\\/\\\/www.entreculturas.org\\\/wp-content\\\/uploads\\\/2025\\\/10\\\/ESP.svg\",\"caption\":\"Entreculturas\"},\"image\":{\"@id\":\"https:\\\/\\\/www.entreculturas.org\\\/fr\\\/#\\\/schema\\\/logo\\\/image\\\/\"},\"sameAs\":[\"https:\\\/\\\/www.facebook.com\\\/entreculturas\",\"https:\\\/\\\/x.com\\\/Entreculturas\",\"https:\\\/\\\/www.instagram.com\\\/entreculturas\\\/\",\"https:\\\/\\\/www.youtube.com\\\/user\\\/entreculturasvideo\",\"https:\\\/\\\/www.linkedin.com\\\/company\\\/fundacion-entreculturas-ngdo\\\/\",\"https:\\\/\\\/www.flickr.com\\\/photos\\\/98455522@N04\\\/albums\\\/\"]}]}<\/script>\n<!-- \/ Yoast SEO Premium plugin. -->","yoast_head_json":{"title":"Informe \"Barreras educativas y violencias hacia las ni\u00f1as en Sud\u00e1n del Sur\" - Entreculturas","robots":{"index":"index","follow":"follow","max-snippet":"max-snippet:-1","max-image-preview":"max-image-preview:large","max-video-preview":"max-video-preview:-1"},"canonical":"https:\/\/www.entreculturas.org\/fr\/material\/informe-barreras-educativas-y-violencias-hacia-las-ninas-en-sudan-del-sur\/","og_locale":"fr_FR","og_type":"article","og_title":"Informe \"Barreras educativas y violencias hacia las ni\u00f1as en Sud\u00e1n del Sur\"","og_description":"Este informe tiene como objetivo dar respuesta a cu\u00e1l es la situaci\u00f3n de las ni\u00f1as en la zona de Yambio, Sud\u00e1n del Sur, a c\u00f3mo les afecta el conflicto y las violencias a sus vidas y qu\u00e9 papel juegan la educaci\u00f3n en su desarrollo.","og_url":"https:\/\/www.entreculturas.org\/fr\/material\/informe-barreras-educativas-y-violencias-hacia-las-ninas-en-sudan-del-sur\/","og_site_name":"Entreculturas","article_publisher":"https:\/\/www.facebook.com\/entreculturas","article_modified_time":"2024-09-06T07:10:37+00:00","og_image":[{"width":800,"height":544,"url":"https:\/\/www.entreculturas.org\/wp-content\/uploads\/2024\/09\/Informe-Barreras-educativas-y-violencias-hacia-las-ninas-en-Sudan-del-Sur_Pagina_01-e1695645533632.jpg","type":"image\/jpeg"}],"twitter_card":"summary_large_image","twitter_site":"@Entreculturas","schema":{"@context":"https:\/\/schema.org","@graph":[{"@type":"WebPage","@id":"https:\/\/www.entreculturas.org\/fr\/material\/informe-barreras-educativas-y-violencias-hacia-las-ninas-en-sudan-del-sur\/","url":"https:\/\/www.entreculturas.org\/fr\/material\/informe-barreras-educativas-y-violencias-hacia-las-ninas-en-sudan-del-sur\/","name":"Informe \"Barreras educativas y violencias hacia las ni\u00f1as en Sud\u00e1n del Sur\" - Entreculturas","isPartOf":{"@id":"https:\/\/www.entreculturas.org\/fr\/#website"},"primaryImageOfPage":{"@id":"https:\/\/www.entreculturas.org\/fr\/material\/informe-barreras-educativas-y-violencias-hacia-las-ninas-en-sudan-del-sur\/#primaryimage"},"image":{"@id":"https:\/\/www.entreculturas.org\/fr\/material\/informe-barreras-educativas-y-violencias-hacia-las-ninas-en-sudan-del-sur\/#primaryimage"},"thumbnailUrl":"https:\/\/www.entreculturas.org\/wp-content\/uploads\/2024\/09\/Informe-Barreras-educativas-y-violencias-hacia-las-ninas-en-Sudan-del-Sur_Pagina_01-e1695645533632.jpg","datePublished":"2024-09-06T07:10:35+00:00","dateModified":"2024-09-06T07:10:37+00:00","breadcrumb":{"@id":"https:\/\/www.entreculturas.org\/fr\/material\/informe-barreras-educativas-y-violencias-hacia-las-ninas-en-sudan-del-sur\/#breadcrumb"},"inLanguage":"fr-FR","potentialAction":[{"@type":"ReadAction","target":["https:\/\/www.entreculturas.org\/fr\/material\/informe-barreras-educativas-y-violencias-hacia-las-ninas-en-sudan-del-sur\/"]}]},{"@type":"ImageObject","inLanguage":"fr-FR","@id":"https:\/\/www.entreculturas.org\/fr\/material\/informe-barreras-educativas-y-violencias-hacia-las-ninas-en-sudan-del-sur\/#primaryimage","url":"https:\/\/www.entreculturas.org\/wp-content\/uploads\/2024\/09\/Informe-Barreras-educativas-y-violencias-hacia-las-ninas-en-Sudan-del-Sur_Pagina_01-e1695645533632.jpg","contentUrl":"https:\/\/www.entreculturas.org\/wp-content\/uploads\/2024\/09\/Informe-Barreras-educativas-y-violencias-hacia-las-ninas-en-Sudan-del-Sur_Pagina_01-e1695645533632.jpg","width":800,"height":544},{"@type":"BreadcrumbList","@id":"https:\/\/www.entreculturas.org\/fr\/material\/informe-barreras-educativas-y-violencias-hacia-las-ninas-en-sudan-del-sur\/#breadcrumb","itemListElement":[{"@type":"ListItem","position":1,"name":"Home","item":"https:\/\/www.entreculturas.org\/fr\/"},{"@type":"ListItem","position":2,"name":"Informe \u00ab\u00a0Barreras educativas y violencias hacia las ni\u00f1as en Sud\u00e1n del Sur\u00a0\u00bb"}]},{"@type":"WebSite","@id":"https:\/\/www.entreculturas.org\/fr\/#website","url":"https:\/\/www.entreculturas.org\/fr\/","name":"Entreculturas","description":"","publisher":{"@id":"https:\/\/www.entreculturas.org\/fr\/#organization"},"alternateName":"Entreculturas","potentialAction":[{"@type":"SearchAction","target":{"@type":"EntryPoint","urlTemplate":"https:\/\/www.entreculturas.org\/fr\/?s={search_term_string}"},"query-input":{"@type":"PropertyValueSpecification","valueRequired":true,"valueName":"search_term_string"}}],"inLanguage":"fr-FR"},{"@type":"Organization","@id":"https:\/\/www.entreculturas.org\/fr\/#organization","name":"Entreculturas","url":"https:\/\/www.entreculturas.org\/fr\/","logo":{"@type":"ImageObject","inLanguage":"fr-FR","@id":"https:\/\/www.entreculturas.org\/fr\/#\/schema\/logo\/image\/","url":"https:\/\/www.entreculturas.org\/wp-content\/uploads\/2025\/10\/ESP.svg","contentUrl":"https:\/\/www.entreculturas.org\/wp-content\/uploads\/2025\/10\/ESP.svg","caption":"Entreculturas"},"image":{"@id":"https:\/\/www.entreculturas.org\/fr\/#\/schema\/logo\/image\/"},"sameAs":["https:\/\/www.facebook.com\/entreculturas","https:\/\/x.com\/Entreculturas","https:\/\/www.instagram.com\/entreculturas\/","https:\/\/www.youtube.com\/user\/entreculturasvideo","https:\/\/www.linkedin.com\/company\/fundacion-entreculturas-ngdo\/","https:\/\/www.flickr.com\/photos\/98455522@N04\/albums\/"]}]}},"_links":{"self":[{"href":"https:\/\/www.entreculturas.org\/fr\/wp-json\/wp\/v2\/material\/31034","targetHints":{"allow":["GET"]}}],"collection":[{"href":"https:\/\/www.entreculturas.org\/fr\/wp-json\/wp\/v2\/material"}],"about":[{"href":"https:\/\/www.entreculturas.org\/fr\/wp-json\/wp\/v2\/types\/material"}],"wp:featuredmedia":[{"embeddable":true,"href":"https:\/\/www.entreculturas.org\/fr\/wp-json\/wp\/v2\/media\/31036"}],"wp:attachment":[{"href":"https:\/\/www.entreculturas.org\/fr\/wp-json\/wp\/v2\/media?parent=31034"}],"wp:term":[{"taxonomy":"category","embeddable":true,"href":"https:\/\/www.entreculturas.org\/fr\/wp-json\/wp\/v2\/categories?post=31034"},{"taxonomy":"post_tag","embeddable":true,"href":"https:\/\/www.entreculturas.org\/fr\/wp-json\/wp\/v2\/tags?post=31034"},{"taxonomy":"link-pdf","embeddable":true,"href":"https:\/\/www.entreculturas.org\/fr\/wp-json\/wp\/v2\/link-pdf?post=31034"}],"curies":[{"name":"wp","href":"https:\/\/api.w.org\/{rel}","templated":true}]}}