{"id":10261,"date":"2019-12-11T15:54:31","date_gmt":"2019-12-11T14:54:31","guid":{"rendered":"https:\/\/www.entreculturas.org\/ficha\/movimiento-por-la-educacion-transformadora-y-la-ciudadania-global-en-el-ambito-de-la-educacion-formal-en-espana\/"},"modified":"2024-03-12T09:43:36","modified_gmt":"2024-03-12T08:43:36","slug":"movimiento-por-la-educacion-transformadora-y-la-ciudadania-global-en-el-ambito-de-la-educacion-formal-en-espana","status":"publish","type":"ficha","link":"https:\/\/www.entreculturas.org\/fr\/ficha\/movimiento-por-la-educacion-transformadora-y-la-ciudadania-global-en-el-ambito-de-la-educacion-formal-en-espana\/","title":{"rendered":"Movimiento por la educaci\u00f3n transformadora y la ciudadan\u00eda global en el \u00e1mbito  de la educaci\u00f3n formal en Espa\u00f1a."},"content":{"rendered":"<p>El Convenio busca impulsar un movimiento por la educaci\u00f3n transformadora para una ciudadan\u00eda global<br \/>\n(ETCG), con los centros educativos como eje dinamizador. Para lograr el fortalecimiento de las capacidades de<br \/>\nlos actores y centros educativos para favorecer el desarrollo de pr\u00e1cticas transformadoras, se han generado<br \/>\nnuevos conocimientos sobre la ETCG sistematizados en documentos marco (Resultado 1) y se ha formado a<br \/>\nprofesorado y alumnado para que dinamicen acciones de transformaci\u00f3n (Resultado 2).<\/p>\n","protected":false},"excerpt":{"rendered":"<p>El Convenio busca impulsar un movimiento por la educaci\u00f3n transformadora para una ciudadan\u00eda global (ETCG), con los centros educativos como eje dinamizador. Para lograr el fortalecimiento de las capacidades de los actores y centros educativos para favorecer el desarrollo de pr\u00e1cticas transformadoras, se han generado nuevos conocimientos sobre la ETCG sistematizados en documentos marco (Resultado 1) y se ha formado a profesorado y alumnado para que dinamicen acciones de transformaci\u00f3n (Resultado 2).<\/p>\n","protected":false},"featured_media":20552,"template":"","country":[120],"cause":[132],"link-pdf":[387],"anio":[379],"class_list":["post-10261","ficha","type-ficha","status-publish","has-post-thumbnail","hentry","country-espana","cause-participacion-y-ciudadania-global","link-pdf-https-drive-google-com-file-d-1evgalu4h3axesc0onec_nkxdt8ltqngc-viewuspsharing","anio-379"],"acf":[],"yoast_head":"<!-- This site is optimized with the Yoast SEO Premium plugin v21.6 (Yoast SEO v27.5) - https:\/\/yoast.com\/product\/yoast-seo-premium-wordpress\/ -->\n<title>Movimiento por la educaci\u00f3n transformadora y la ciudadan\u00eda global en el \u00e1mbito de la educaci\u00f3n formal en Espa\u00f1a. - Entreculturas<\/title>\n<meta name=\"robots\" content=\"noindex, follow\" \/>\n<meta property=\"og:locale\" content=\"fr_FR\" \/>\n<meta property=\"og:type\" content=\"article\" \/>\n<meta property=\"og:title\" content=\"Movimiento por la educaci\u00f3n transformadora y la ciudadan\u00eda global en el \u00e1mbito de la educaci\u00f3n formal en Espa\u00f1a.\" \/>\n<meta property=\"og:description\" content=\"El Convenio busca impulsar un movimiento por la educaci\u00f3n transformadora para una ciudadan\u00eda global (ETCG), con los centros educativos como eje dinamizador. Para lograr el fortalecimiento de las capacidades de los actores y centros educativos para favorecer el desarrollo de pr\u00e1cticas transformadoras, se han generado nuevos conocimientos sobre la ETCG sistematizados en documentos marco (Resultado 1) y se ha formado a profesorado y alumnado para que dinamicen acciones de transformaci\u00f3n (Resultado 2).\" \/>\n<meta property=\"og:url\" content=\"https:\/\/www.entreculturas.org\/fr\/ficha\/movimiento-por-la-educacion-transformadora-y-la-ciudadania-global-en-el-ambito-de-la-educacion-formal-en-espana\/\" \/>\n<meta property=\"og:site_name\" content=\"Entreculturas\" \/>\n<meta property=\"article:publisher\" content=\"https:\/\/www.facebook.com\/entreculturas\" \/>\n<meta property=\"article:modified_time\" content=\"2024-03-12T08:43:36+00:00\" \/>\n<meta property=\"og:image\" content=\"https:\/\/www.entreculturas.org\/wp-content\/uploads\/2024\/02\/placeholder04.png\" \/>\n\t<meta property=\"og:image:width\" content=\"585\" \/>\n\t<meta property=\"og:image:height\" content=\"699\" \/>\n\t<meta property=\"og:image:type\" content=\"image\/png\" \/>\n<meta name=\"twitter:card\" content=\"summary_large_image\" \/>\n<meta name=\"twitter:site\" content=\"@Entreculturas\" \/>\n<script type=\"application\/ld+json\" class=\"yoast-schema-graph\">{\"@context\":\"https:\\\/\\\/schema.org\",\"@graph\":[{\"@type\":\"WebPage\",\"@id\":\"https:\\\/\\\/www.entreculturas.org\\\/fr\\\/ficha\\\/movimiento-por-la-educacion-transformadora-y-la-ciudadania-global-en-el-ambito-de-la-educacion-formal-en-espana\\\/\",\"url\":\"https:\\\/\\\/www.entreculturas.org\\\/fr\\\/ficha\\\/movimiento-por-la-educacion-transformadora-y-la-ciudadania-global-en-el-ambito-de-la-educacion-formal-en-espana\\\/\",\"name\":\"Movimiento por la educaci\u00f3n transformadora y la ciudadan\u00eda global en el \u00e1mbito de la educaci\u00f3n formal en Espa\u00f1a. - Entreculturas\",\"isPartOf\":{\"@id\":\"https:\\\/\\\/www.entreculturas.org\\\/fr\\\/#website\"},\"primaryImageOfPage\":{\"@id\":\"https:\\\/\\\/www.entreculturas.org\\\/fr\\\/ficha\\\/movimiento-por-la-educacion-transformadora-y-la-ciudadania-global-en-el-ambito-de-la-educacion-formal-en-espana\\\/#primaryimage\"},\"image\":{\"@id\":\"https:\\\/\\\/www.entreculturas.org\\\/fr\\\/ficha\\\/movimiento-por-la-educacion-transformadora-y-la-ciudadania-global-en-el-ambito-de-la-educacion-formal-en-espana\\\/#primaryimage\"},\"thumbnailUrl\":\"https:\\\/\\\/www.entreculturas.org\\\/wp-content\\\/uploads\\\/2024\\\/02\\\/placeholder04.png\",\"datePublished\":\"2019-12-11T14:54:31+00:00\",\"dateModified\":\"2024-03-12T08:43:36+00:00\",\"breadcrumb\":{\"@id\":\"https:\\\/\\\/www.entreculturas.org\\\/fr\\\/ficha\\\/movimiento-por-la-educacion-transformadora-y-la-ciudadania-global-en-el-ambito-de-la-educacion-formal-en-espana\\\/#breadcrumb\"},\"inLanguage\":\"fr-FR\",\"potentialAction\":[{\"@type\":\"ReadAction\",\"target\":[\"https:\\\/\\\/www.entreculturas.org\\\/fr\\\/ficha\\\/movimiento-por-la-educacion-transformadora-y-la-ciudadania-global-en-el-ambito-de-la-educacion-formal-en-espana\\\/\"]}]},{\"@type\":\"ImageObject\",\"inLanguage\":\"fr-FR\",\"@id\":\"https:\\\/\\\/www.entreculturas.org\\\/fr\\\/ficha\\\/movimiento-por-la-educacion-transformadora-y-la-ciudadania-global-en-el-ambito-de-la-educacion-formal-en-espana\\\/#primaryimage\",\"url\":\"https:\\\/\\\/www.entreculturas.org\\\/wp-content\\\/uploads\\\/2024\\\/02\\\/placeholder04.png\",\"contentUrl\":\"https:\\\/\\\/www.entreculturas.org\\\/wp-content\\\/uploads\\\/2024\\\/02\\\/placeholder04.png\",\"width\":585,\"height\":699,\"caption\":\"corazon\"},{\"@type\":\"BreadcrumbList\",\"@id\":\"https:\\\/\\\/www.entreculturas.org\\\/fr\\\/ficha\\\/movimiento-por-la-educacion-transformadora-y-la-ciudadania-global-en-el-ambito-de-la-educacion-formal-en-espana\\\/#breadcrumb\",\"itemListElement\":[{\"@type\":\"ListItem\",\"position\":1,\"name\":\"Home\",\"item\":\"https:\\\/\\\/www.entreculturas.org\\\/fr\\\/\"},{\"@type\":\"ListItem\",\"position\":2,\"name\":\"Movimiento por la educaci\u00f3n transformadora y la ciudadan\u00eda global en el \u00e1mbito de la educaci\u00f3n formal en Espa\u00f1a.\"}]},{\"@type\":\"WebSite\",\"@id\":\"https:\\\/\\\/www.entreculturas.org\\\/fr\\\/#website\",\"url\":\"https:\\\/\\\/www.entreculturas.org\\\/fr\\\/\",\"name\":\"Entreculturas\",\"description\":\"\",\"publisher\":{\"@id\":\"https:\\\/\\\/www.entreculturas.org\\\/fr\\\/#organization\"},\"alternateName\":\"Entreculturas\",\"potentialAction\":[{\"@type\":\"SearchAction\",\"target\":{\"@type\":\"EntryPoint\",\"urlTemplate\":\"https:\\\/\\\/www.entreculturas.org\\\/fr\\\/?s={search_term_string}\"},\"query-input\":{\"@type\":\"PropertyValueSpecification\",\"valueRequired\":true,\"valueName\":\"search_term_string\"}}],\"inLanguage\":\"fr-FR\"},{\"@type\":\"Organization\",\"@id\":\"https:\\\/\\\/www.entreculturas.org\\\/fr\\\/#organization\",\"name\":\"Entreculturas\",\"url\":\"https:\\\/\\\/www.entreculturas.org\\\/fr\\\/\",\"logo\":{\"@type\":\"ImageObject\",\"inLanguage\":\"fr-FR\",\"@id\":\"https:\\\/\\\/www.entreculturas.org\\\/fr\\\/#\\\/schema\\\/logo\\\/image\\\/\",\"url\":\"https:\\\/\\\/www.entreculturas.org\\\/wp-content\\\/uploads\\\/2025\\\/10\\\/ESP.svg\",\"contentUrl\":\"https:\\\/\\\/www.entreculturas.org\\\/wp-content\\\/uploads\\\/2025\\\/10\\\/ESP.svg\",\"caption\":\"Entreculturas\"},\"image\":{\"@id\":\"https:\\\/\\\/www.entreculturas.org\\\/fr\\\/#\\\/schema\\\/logo\\\/image\\\/\"},\"sameAs\":[\"https:\\\/\\\/www.facebook.com\\\/entreculturas\",\"https:\\\/\\\/x.com\\\/Entreculturas\",\"https:\\\/\\\/www.instagram.com\\\/entreculturas\\\/\",\"https:\\\/\\\/www.youtube.com\\\/user\\\/entreculturasvideo\",\"https:\\\/\\\/www.linkedin.com\\\/company\\\/fundacion-entreculturas-ngdo\\\/\",\"https:\\\/\\\/www.flickr.com\\\/photos\\\/98455522@N04\\\/albums\\\/\"]}]}<\/script>\n<!-- \/ Yoast SEO Premium plugin. -->","yoast_head_json":{"title":"Movimiento por la educaci\u00f3n transformadora y la ciudadan\u00eda global en el \u00e1mbito de la educaci\u00f3n formal en Espa\u00f1a. - Entreculturas","robots":{"index":"noindex","follow":"follow"},"og_locale":"fr_FR","og_type":"article","og_title":"Movimiento por la educaci\u00f3n transformadora y la ciudadan\u00eda global en el \u00e1mbito de la educaci\u00f3n formal en Espa\u00f1a.","og_description":"El Convenio busca impulsar un movimiento por la educaci\u00f3n transformadora para una ciudadan\u00eda global (ETCG), con los centros educativos como eje dinamizador. Para lograr el fortalecimiento de las capacidades de los actores y centros educativos para favorecer el desarrollo de pr\u00e1cticas transformadoras, se han generado nuevos conocimientos sobre la ETCG sistematizados en documentos marco (Resultado 1) y se ha formado a profesorado y alumnado para que dinamicen acciones de transformaci\u00f3n (Resultado 2).","og_url":"https:\/\/www.entreculturas.org\/fr\/ficha\/movimiento-por-la-educacion-transformadora-y-la-ciudadania-global-en-el-ambito-de-la-educacion-formal-en-espana\/","og_site_name":"Entreculturas","article_publisher":"https:\/\/www.facebook.com\/entreculturas","article_modified_time":"2024-03-12T08:43:36+00:00","og_image":[{"width":585,"height":699,"url":"https:\/\/www.entreculturas.org\/wp-content\/uploads\/2024\/02\/placeholder04.png","type":"image\/png"}],"twitter_card":"summary_large_image","twitter_site":"@Entreculturas","schema":{"@context":"https:\/\/schema.org","@graph":[{"@type":"WebPage","@id":"https:\/\/www.entreculturas.org\/fr\/ficha\/movimiento-por-la-educacion-transformadora-y-la-ciudadania-global-en-el-ambito-de-la-educacion-formal-en-espana\/","url":"https:\/\/www.entreculturas.org\/fr\/ficha\/movimiento-por-la-educacion-transformadora-y-la-ciudadania-global-en-el-ambito-de-la-educacion-formal-en-espana\/","name":"Movimiento por la educaci\u00f3n transformadora y la ciudadan\u00eda global en el \u00e1mbito de la educaci\u00f3n formal en Espa\u00f1a. - Entreculturas","isPartOf":{"@id":"https:\/\/www.entreculturas.org\/fr\/#website"},"primaryImageOfPage":{"@id":"https:\/\/www.entreculturas.org\/fr\/ficha\/movimiento-por-la-educacion-transformadora-y-la-ciudadania-global-en-el-ambito-de-la-educacion-formal-en-espana\/#primaryimage"},"image":{"@id":"https:\/\/www.entreculturas.org\/fr\/ficha\/movimiento-por-la-educacion-transformadora-y-la-ciudadania-global-en-el-ambito-de-la-educacion-formal-en-espana\/#primaryimage"},"thumbnailUrl":"https:\/\/www.entreculturas.org\/wp-content\/uploads\/2024\/02\/placeholder04.png","datePublished":"2019-12-11T14:54:31+00:00","dateModified":"2024-03-12T08:43:36+00:00","breadcrumb":{"@id":"https:\/\/www.entreculturas.org\/fr\/ficha\/movimiento-por-la-educacion-transformadora-y-la-ciudadania-global-en-el-ambito-de-la-educacion-formal-en-espana\/#breadcrumb"},"inLanguage":"fr-FR","potentialAction":[{"@type":"ReadAction","target":["https:\/\/www.entreculturas.org\/fr\/ficha\/movimiento-por-la-educacion-transformadora-y-la-ciudadania-global-en-el-ambito-de-la-educacion-formal-en-espana\/"]}]},{"@type":"ImageObject","inLanguage":"fr-FR","@id":"https:\/\/www.entreculturas.org\/fr\/ficha\/movimiento-por-la-educacion-transformadora-y-la-ciudadania-global-en-el-ambito-de-la-educacion-formal-en-espana\/#primaryimage","url":"https:\/\/www.entreculturas.org\/wp-content\/uploads\/2024\/02\/placeholder04.png","contentUrl":"https:\/\/www.entreculturas.org\/wp-content\/uploads\/2024\/02\/placeholder04.png","width":585,"height":699,"caption":"corazon"},{"@type":"BreadcrumbList","@id":"https:\/\/www.entreculturas.org\/fr\/ficha\/movimiento-por-la-educacion-transformadora-y-la-ciudadania-global-en-el-ambito-de-la-educacion-formal-en-espana\/#breadcrumb","itemListElement":[{"@type":"ListItem","position":1,"name":"Home","item":"https:\/\/www.entreculturas.org\/fr\/"},{"@type":"ListItem","position":2,"name":"Movimiento por la educaci\u00f3n transformadora y la ciudadan\u00eda global en el \u00e1mbito de la educaci\u00f3n formal en Espa\u00f1a."}]},{"@type":"WebSite","@id":"https:\/\/www.entreculturas.org\/fr\/#website","url":"https:\/\/www.entreculturas.org\/fr\/","name":"Entreculturas","description":"","publisher":{"@id":"https:\/\/www.entreculturas.org\/fr\/#organization"},"alternateName":"Entreculturas","potentialAction":[{"@type":"SearchAction","target":{"@type":"EntryPoint","urlTemplate":"https:\/\/www.entreculturas.org\/fr\/?s={search_term_string}"},"query-input":{"@type":"PropertyValueSpecification","valueRequired":true,"valueName":"search_term_string"}}],"inLanguage":"fr-FR"},{"@type":"Organization","@id":"https:\/\/www.entreculturas.org\/fr\/#organization","name":"Entreculturas","url":"https:\/\/www.entreculturas.org\/fr\/","logo":{"@type":"ImageObject","inLanguage":"fr-FR","@id":"https:\/\/www.entreculturas.org\/fr\/#\/schema\/logo\/image\/","url":"https:\/\/www.entreculturas.org\/wp-content\/uploads\/2025\/10\/ESP.svg","contentUrl":"https:\/\/www.entreculturas.org\/wp-content\/uploads\/2025\/10\/ESP.svg","caption":"Entreculturas"},"image":{"@id":"https:\/\/www.entreculturas.org\/fr\/#\/schema\/logo\/image\/"},"sameAs":["https:\/\/www.facebook.com\/entreculturas","https:\/\/x.com\/Entreculturas","https:\/\/www.instagram.com\/entreculturas\/","https:\/\/www.youtube.com\/user\/entreculturasvideo","https:\/\/www.linkedin.com\/company\/fundacion-entreculturas-ngdo\/","https:\/\/www.flickr.com\/photos\/98455522@N04\/albums\/"]}]}},"_links":{"self":[{"href":"https:\/\/www.entreculturas.org\/fr\/wp-json\/wp\/v2\/ficha\/10261","targetHints":{"allow":["GET"]}}],"collection":[{"href":"https:\/\/www.entreculturas.org\/fr\/wp-json\/wp\/v2\/ficha"}],"about":[{"href":"https:\/\/www.entreculturas.org\/fr\/wp-json\/wp\/v2\/types\/ficha"}],"wp:featuredmedia":[{"embeddable":true,"href":"https:\/\/www.entreculturas.org\/fr\/wp-json\/wp\/v2\/media\/20552"}],"wp:attachment":[{"href":"https:\/\/www.entreculturas.org\/fr\/wp-json\/wp\/v2\/media?parent=10261"}],"wp:term":[{"taxonomy":"country","embeddable":true,"href":"https:\/\/www.entreculturas.org\/fr\/wp-json\/wp\/v2\/country?post=10261"},{"taxonomy":"cause","embeddable":true,"href":"https:\/\/www.entreculturas.org\/fr\/wp-json\/wp\/v2\/cause?post=10261"},{"taxonomy":"link-pdf","embeddable":true,"href":"https:\/\/www.entreculturas.org\/fr\/wp-json\/wp\/v2\/link-pdf?post=10261"},{"taxonomy":"anio","embeddable":true,"href":"https:\/\/www.entreculturas.org\/fr\/wp-json\/wp\/v2\/anio?post=10261"}],"curies":[{"name":"wp","href":"https:\/\/api.w.org\/{rel}","templated":true}]}}