{"version":"1.0","provider_name":"Entreculturas","provider_url":"https:\/\/www.entreculturas.org\/fr\/","title":"Pilar Maldonado | Responsable de Base Social - Delegaci\u00f3n de C\u00f3rdoba","type":"rich","width":600,"height":338,"html":"<blockquote class=\"wp-embedded-content\" data-secret=\"7Po9bQn4YQ\"><a href=\"https:\/\/www.entreculturas.org\/fr\/noticia\/pilar-maldonado-responsable-de-base-social-delegacion\/\">Pilar Maldonado | Responsable de Base Social &#8211; Delegaci\u00f3n de C\u00f3rdoba<\/a><\/blockquote><iframe sandbox=\"allow-scripts\" security=\"restricted\" src=\"https:\/\/www.entreculturas.org\/fr\/noticia\/pilar-maldonado-responsable-de-base-social-delegacion\/embed\/#?secret=7Po9bQn4YQ\" width=\"600\" height=\"338\" title=\"\u00ab\u00a0Pilar Maldonado | Responsable de Base Social &#8211; Delegaci\u00f3n de C\u00f3rdoba\u00a0\u00bb &#8212; Entreculturas\" data-secret=\"7Po9bQn4YQ\" frameborder=\"0\" marginwidth=\"0\" marginheight=\"0\" scrolling=\"no\" class=\"wp-embedded-content\"><\/iframe><script>\n\/*! This file is auto-generated *\/\n!function(d,l){\"use strict\";l.querySelector&&d.addEventListener&&\"undefined\"!=typeof URL&&(d.wp=d.wp||{},d.wp.receiveEmbedMessage||(d.wp.receiveEmbedMessage=function(e){var t=e.data;if((t||t.secret||t.message||t.value)&&!\/[^a-zA-Z0-9]\/.test(t.secret)){for(var s,r,n,a=l.querySelectorAll('iframe[data-secret=\"'+t.secret+'\"]'),o=l.querySelectorAll('blockquote[data-secret=\"'+t.secret+'\"]'),c=new RegExp(\"^https?:$\",\"i\"),i=0;i<o.length;i++)o[i].style.display=\"none\";for(i=0;i<a.length;i++)s=a[i],e.source===s.contentWindow&&(s.removeAttribute(\"style\"),\"height\"===t.message?(1e3<(r=parseInt(t.value,10))?r=1e3:~~r<200&&(r=200),s.height=r):\"link\"===t.message&&(r=new URL(s.getAttribute(\"src\")),n=new URL(t.value),c.test(n.protocol))&&n.host===r.host&&l.activeElement===s&&(d.top.location.href=t.value))}},d.addEventListener(\"message\",d.wp.receiveEmbedMessage,!1),l.addEventListener(\"DOMContentLoaded\",function(){for(var e,t,s=l.querySelectorAll(\"iframe.wp-embedded-content\"),r=0;r<s.length;r++)(t=(e=s[r]).getAttribute(\"data-secret\"))||(t=Math.random().toString(36).substring(2,12),e.src+=\"#?secret=\"+t,e.setAttribute(\"data-secret\",t)),e.contentWindow.postMessage({message:\"ready\",secret:t},\"*\")},!1)))}(window,document);\n\/\/# sourceURL=https:\/\/www.entreculturas.org\/wp-includes\/js\/wp-embed.min.js\n<\/script>\n","thumbnail_url":"https:\/\/www.entreculturas.org\/wp-content\/uploads\/2023\/12\/pilar-web-e1726748589516.jpg","thumbnail_width":486,"thumbnail_height":393,"description":"Pilar nos cuenta que comenz\u00f3 en Entreculturas hace m\u00e1s de 5 a\u00f1os, cuando conoci\u00f3 a Fernando Arjona, s.j. en un concierto a favor de Somos Tierra de Acogida, que se celebr\u00f3 en su lugar de trabajo.Aunque solamente firm\u00f3 los papeles de referente de Base Social ante la Sede Central, ahora mismo, debido al poco volumen de personal en la delegaci\u00f3n, tambi\u00e9n desempe\u00f1a otras funciones como ciudadan\u00eda, comunicaci\u00f3n, formaci\u00f3n y voluntariado y apoyo al delegado.&nbsp;\u00bfQu\u00e9 tiene de especial ser voluntaria en una delegaci\u00f3n de Entreculturas como la de C\u00f3rdoba, y por qu\u00e9 cre\u00e9is que es tan importante el trabajo en equipo?&nbsp;La delegaci\u00f3n de C\u00f3rdoba tiene unas caracter\u00edsticas muy especiales por el lugar donde est\u00e1 ubicada, en un Centro de Fe Cultura Justicia de la Compa\u00f1\u00eda, que es uno de los espacios culturales del centro de la ciudad, con una diversidad muy interesante, pero a la vez itinerante.&nbsp;Es muy importante el equipo [&hellip;]"}