{"version":"1.0","provider_name":"Entreculturas","provider_url":"https:\/\/www.entreculturas.org\/fr\/","title":"Laura Ortega - Voluntaria de la Delegaci\u00f3n de Granada","type":"rich","width":600,"height":338,"html":"<blockquote class=\"wp-embedded-content\" data-secret=\"oWXubTA3xB\"><a href=\"https:\/\/www.entreculturas.org\/fr\/noticia\/laura-ortega-voluntaria-de-la-delegacion-de-granada\/\">Laura Ortega &#8211; Voluntaria de la Delegaci\u00f3n de Granada<\/a><\/blockquote><iframe sandbox=\"allow-scripts\" security=\"restricted\" src=\"https:\/\/www.entreculturas.org\/fr\/noticia\/laura-ortega-voluntaria-de-la-delegacion-de-granada\/embed\/#?secret=oWXubTA3xB\" width=\"600\" height=\"338\" title=\"\u00ab\u00a0Laura Ortega &#8211; Voluntaria de la Delegaci\u00f3n de Granada\u00a0\u00bb &#8212; Entreculturas\" data-secret=\"oWXubTA3xB\" frameborder=\"0\" marginwidth=\"0\" marginheight=\"0\" scrolling=\"no\" class=\"wp-embedded-content\"><\/iframe><script>\n\/*! This file is auto-generated *\/\n!function(d,l){\"use strict\";l.querySelector&&d.addEventListener&&\"undefined\"!=typeof URL&&(d.wp=d.wp||{},d.wp.receiveEmbedMessage||(d.wp.receiveEmbedMessage=function(e){var t=e.data;if((t||t.secret||t.message||t.value)&&!\/[^a-zA-Z0-9]\/.test(t.secret)){for(var s,r,n,a=l.querySelectorAll('iframe[data-secret=\"'+t.secret+'\"]'),o=l.querySelectorAll('blockquote[data-secret=\"'+t.secret+'\"]'),c=new RegExp(\"^https?:$\",\"i\"),i=0;i<o.length;i++)o[i].style.display=\"none\";for(i=0;i<a.length;i++)s=a[i],e.source===s.contentWindow&&(s.removeAttribute(\"style\"),\"height\"===t.message?(1e3<(r=parseInt(t.value,10))?r=1e3:~~r<200&&(r=200),s.height=r):\"link\"===t.message&&(r=new URL(s.getAttribute(\"src\")),n=new URL(t.value),c.test(n.protocol))&&n.host===r.host&&l.activeElement===s&&(d.top.location.href=t.value))}},d.addEventListener(\"message\",d.wp.receiveEmbedMessage,!1),l.addEventListener(\"DOMContentLoaded\",function(){for(var e,t,s=l.querySelectorAll(\"iframe.wp-embedded-content\"),r=0;r<s.length;r++)(t=(e=s[r]).getAttribute(\"data-secret\"))||(t=Math.random().toString(36).substring(2,12),e.src+=\"#?secret=\"+t,e.setAttribute(\"data-secret\",t)),e.contentWindow.postMessage({message:\"ready\",secret:t},\"*\")},!1)))}(window,document);\n\/\/# sourceURL=https:\/\/www.entreculturas.org\/wp-includes\/js\/wp-embed.min.js\n<\/script>\n","thumbnail_url":"https:\/\/www.entreculturas.org\/wp-content\/uploads\/2023\/12\/laura_ortega_horizontal_2.jpg","thumbnail_width":600,"thumbnail_height":400,"description":"Presentaci\u00f3n: cu\u00e9ntanos c\u00f3mo te llamas (nombre, apellidos), qu\u00e9 edad tienes, estudios\/profesi\u00f3n, \u00bftienes hobbies?, \u00bfpr\u00e1cticas alg\u00fan deporte?&#8230; \u00bfQu\u00e9 relaci\u00f3n tienes con Entreculturas? Hola, soy Laura Ortega I\u00e1\u00f1ez y tengo 33 a\u00f1os. Estudi\u00e9 Magisterio de Educaci\u00f3n Especial en la Universidad de Granada. Desde hace unos a\u00f1os soy maestra de Pedagog\u00eda Terap\u00e9utica y, desde que empec\u00e9, he trabajado en diferentes lugares de Andaluc\u00eda. Me gusta pasar mi tiempo libre con amigas\/os, escribir, bailar, viajar y disfrutar de actividades culturales de mi ciudad. Desde hace unos 8 a\u00f1os soy voluntaria en la delegaci\u00f3n de Granada de Entreculturas. \u00bfEn qu\u00e9 tipo de actividades y proyectos de Entreculturas te involucras m\u00e1s&nbsp; desde la Delegaci\u00f3n de Granada? Durante los a\u00f1os que llevo en Entreculturas, he estado en diferentes equipos (comunicaci\u00f3n, formaci\u00f3n y voluntariado) y he formado parte del programa VOLPA en el que primero fui VOLPA en formaci\u00f3n y despu\u00e9s formadora y acompa\u00f1ante. Actualmente soy delegada junto [&hellip;]"}