{"version":"1.0","provider_name":"Entreculturas","provider_url":"https:\/\/www.entreculturas.org\/fr\/","title":"La Amazon\u00eda que nos llama","type":"rich","width":600,"height":338,"html":"<blockquote class=\"wp-embedded-content\" data-secret=\"A2ofqPugl1\"><a href=\"https:\/\/www.entreculturas.org\/fr\/noticia\/la-amazonia-que-nos-llama\/\">La Amazon\u00eda que nos llama<\/a><\/blockquote><iframe sandbox=\"allow-scripts\" security=\"restricted\" src=\"https:\/\/www.entreculturas.org\/fr\/noticia\/la-amazonia-que-nos-llama\/embed\/#?secret=A2ofqPugl1\" width=\"600\" height=\"338\" title=\"\u00ab\u00a0La Amazon\u00eda que nos llama\u00a0\u00bb &#8212; Entreculturas\" data-secret=\"A2ofqPugl1\" frameborder=\"0\" marginwidth=\"0\" marginheight=\"0\" scrolling=\"no\" class=\"wp-embedded-content\"><\/iframe><script>\n\/*! This file is auto-generated *\/\n!function(d,l){\"use strict\";l.querySelector&&d.addEventListener&&\"undefined\"!=typeof URL&&(d.wp=d.wp||{},d.wp.receiveEmbedMessage||(d.wp.receiveEmbedMessage=function(e){var t=e.data;if((t||t.secret||t.message||t.value)&&!\/[^a-zA-Z0-9]\/.test(t.secret)){for(var s,r,n,a=l.querySelectorAll('iframe[data-secret=\"'+t.secret+'\"]'),o=l.querySelectorAll('blockquote[data-secret=\"'+t.secret+'\"]'),c=new RegExp(\"^https?:$\",\"i\"),i=0;i<o.length;i++)o[i].style.display=\"none\";for(i=0;i<a.length;i++)s=a[i],e.source===s.contentWindow&&(s.removeAttribute(\"style\"),\"height\"===t.message?(1e3<(r=parseInt(t.value,10))?r=1e3:~~r<200&&(r=200),s.height=r):\"link\"===t.message&&(r=new URL(s.getAttribute(\"src\")),n=new URL(t.value),c.test(n.protocol))&&n.host===r.host&&l.activeElement===s&&(d.top.location.href=t.value))}},d.addEventListener(\"message\",d.wp.receiveEmbedMessage,!1),l.addEventListener(\"DOMContentLoaded\",function(){for(var e,t,s=l.querySelectorAll(\"iframe.wp-embedded-content\"),r=0;r<s.length;r++)(t=(e=s[r]).getAttribute(\"data-secret\"))||(t=Math.random().toString(36).substring(2,12),e.src+=\"#?secret=\"+t,e.setAttribute(\"data-secret\",t)),e.contentWindow.postMessage({message:\"ready\",secret:t},\"*\")},!1)))}(window,document);\n\/\/# sourceURL=https:\/\/www.entreculturas.org\/wp-includes\/js\/wp-embed.min.js\n<\/script>\n","thumbnail_url":"https:\/\/www.entreculturas.org\/wp-content\/uploads\/2019\/10\/dscf5471_baja.jpg","thumbnail_width":800,"thumbnail_height":533,"description":"Entreculturas, a trav\u00e9s de Enl\u00e1zate por la Justicia y la Red Eclesial Panamaz\u00f3nica presentan: \"Encuentros, di\u00e1logos y charlas sobre la Amazon\u00eda, sus pueblos ind\u00edgenas y el S\u00ednodo Amaz\u00f3nico\", junto a Fernando L\u00f3pez SJ y el equipo itinerante de la REPAM. Durante m\u00e1s de dos semanas y a cerca de 20 ciudades de Espa\u00f1a, nuestros hermanos y hermanas de la Amazon\u00eda compartir\u00e1n las experiencias y el mensaje en unos encuentros y charlas tituladas \u201cLa Amazon\u00eda que nos llama\u201d."}