{"version":"1.0","provider_name":"Entreculturas","provider_url":"https:\/\/www.entreculturas.org\/fr\/","title":"Jos\u00e9 Manuel Mart\u00ednez, Ex delegado de Entreculturas en Le\u00f3n","type":"rich","width":600,"height":338,"html":"<blockquote class=\"wp-embedded-content\" data-secret=\"KXCoHxcmEJ\"><a href=\"https:\/\/www.entreculturas.org\/fr\/noticia\/jose-manuel-martinez-ex-delegado-de-entreculturas-en\/\">Jos\u00e9 Manuel Mart\u00ednez, Ex delegado de Entreculturas en Le\u00f3n<\/a><\/blockquote><iframe sandbox=\"allow-scripts\" security=\"restricted\" src=\"https:\/\/www.entreculturas.org\/fr\/noticia\/jose-manuel-martinez-ex-delegado-de-entreculturas-en\/embed\/#?secret=KXCoHxcmEJ\" width=\"600\" height=\"338\" title=\"\u00ab\u00a0Jos\u00e9 Manuel Mart\u00ednez, Ex delegado de Entreculturas en Le\u00f3n\u00a0\u00bb &#8212; Entreculturas\" data-secret=\"KXCoHxcmEJ\" frameborder=\"0\" marginwidth=\"0\" marginheight=\"0\" scrolling=\"no\" class=\"wp-embedded-content\"><\/iframe><script>\n\/*! This file is auto-generated *\/\n!function(d,l){\"use strict\";l.querySelector&&d.addEventListener&&\"undefined\"!=typeof URL&&(d.wp=d.wp||{},d.wp.receiveEmbedMessage||(d.wp.receiveEmbedMessage=function(e){var t=e.data;if((t||t.secret||t.message||t.value)&&!\/[^a-zA-Z0-9]\/.test(t.secret)){for(var s,r,n,a=l.querySelectorAll('iframe[data-secret=\"'+t.secret+'\"]'),o=l.querySelectorAll('blockquote[data-secret=\"'+t.secret+'\"]'),c=new RegExp(\"^https?:$\",\"i\"),i=0;i<o.length;i++)o[i].style.display=\"none\";for(i=0;i<a.length;i++)s=a[i],e.source===s.contentWindow&&(s.removeAttribute(\"style\"),\"height\"===t.message?(1e3<(r=parseInt(t.value,10))?r=1e3:~~r<200&&(r=200),s.height=r):\"link\"===t.message&&(r=new URL(s.getAttribute(\"src\")),n=new URL(t.value),c.test(n.protocol))&&n.host===r.host&&l.activeElement===s&&(d.top.location.href=t.value))}},d.addEventListener(\"message\",d.wp.receiveEmbedMessage,!1),l.addEventListener(\"DOMContentLoaded\",function(){for(var e,t,s=l.querySelectorAll(\"iframe.wp-embedded-content\"),r=0;r<s.length;r++)(t=(e=s[r]).getAttribute(\"data-secret\"))||(t=Math.random().toString(36).substring(2,12),e.src+=\"#?secret=\"+t,e.setAttribute(\"data-secret\",t)),e.contentWindow.postMessage({message:\"ready\",secret:t},\"*\")},!1)))}(window,document);\n\/\/# sourceURL=https:\/\/www.entreculturas.org\/wp-includes\/js\/wp-embed.min.js\n<\/script>\n","thumbnail_url":"https:\/\/www.entreculturas.org\/wp-content\/uploads\/2023\/12\/jose_exdelegado_leon.jpg","thumbnail_width":500,"thumbnail_height":333,"description":"Gracias, gracias y m\u00e1s gracias. Tras 12 a\u00f1os en Entreculturas Le\u00f3n, entre Red de J\u00f3venes y delegaci\u00f3n, toca despedirse&#8230; pero, a veces, una despedida no tiene por qu\u00e9 ser un adi\u00f3s, sino un hasta pronto, y esto es lo que me toca decir a m\u00ed: \u00a1Hasta pronto! Hay momentos en la vida en los que hay cerrar ciclos y reinventarse, desacomodarse y darle un giro a tu vida y esta vez me toca a m\u00ed. Y es que a\u00fan me acuerdo de ese joven Jose que estudiaba en Jesuitas Le\u00f3n y al que le ofrecieron con 15 a\u00f1os entrar en la Red Solidaria de J\u00f3venes, que despu\u00e9s form\u00f3 parte de la delegaci\u00f3n y que, con solo 21 a\u00f1os, fue delegado. Han sido muchos los a\u00f1os que he estado al frente de la delegaci\u00f3n de Le\u00f3n (cinco en total), coordinando un equipo de voluntarios que en un principio era muy peque\u00f1o [&hellip;]"}