{"id":959,"date":"2024-04-30T12:51:54","date_gmt":"2024-04-30T10:51:54","guid":{"rendered":"https:\/\/www.entreculturas.org\/?post_type=xxx&#038;p=959"},"modified":"2024-09-20T09:57:19","modified_gmt":"2024-09-20T07:57:19","slug":"madres-una-luz-para-el-futuro-de-las-ninas","status":"publish","type":"xxx","link":"https:\/\/www.entreculturas.org\/en\/la-luz-de-las-ninas\/noticia\/madres-una-luz-para-el-futuro-de-las-ninas\/","title":{"rendered":"Madres, Una luz para el futuro de las ni\u00f1as"},"content":{"rendered":"<p><span style=\"font-weight: 400;\">En el D\u00eda de la Madre, desde<strong> La LUZ de las NI\u00d1AS<\/strong> queremos reconocer el sacrificio, la dedicaci\u00f3n y la fuerza de madres que, como Aisha en Chad o Rosario en Guatemala, son la luz que gu\u00eda a sus hijas hacia un futuro lleno de esperanza y oportunidades.<\/span><\/p>\n<p><span style=\"color: #ff0000;\"><b>Chad: \u201cMi madre me salv\u00f3 de la mutilaci\u00f3n genital femenina\u201d<\/b><\/span><\/p>\n<p><span style=\"font-weight: 400;\">Sima es una refugiada sudanesa en el<strong> campo de personas refugiadas de Djabal al este de Chad.<\/strong> Ella podr\u00eda ser una de las 200 millones de mujeres y ni\u00f1as que han sido v\u00edctimas de la mutilaci\u00f3n genital femenina, corriendo el riesgo de perder la vida y sufriendo dolores continuamente. Podr\u00eda haber sido casada forzosamente siendo menor, ya que esta pr\u00e1ctica es, a menudo, precursora del matrimonio forzoso y prematuro, pero gracias a la educaci\u00f3n, no ha sido una de ellas.<\/span><\/p>\n<p><img decoding=\"async\" class=\"alignnone wp-image-960 size-large\" src=\"https:\/\/www.entreculturas.org\/wp-content\/uploads\/2024\/04\/unnamed-7-1024x683.jpg\" alt=\"\" width=\"1024\" height=\"683\" srcset=\"https:\/\/www.entreculturas.org\/wp-content\/uploads\/2024\/04\/unnamed-7-1024x683.jpg 1024w, https:\/\/www.entreculturas.org\/wp-content\/uploads\/2024\/04\/unnamed-7-300x200.jpg 300w, https:\/\/www.entreculturas.org\/wp-content\/uploads\/2024\/04\/unnamed-7-768x512.jpg 768w, https:\/\/www.entreculturas.org\/wp-content\/uploads\/2024\/04\/unnamed-7.jpg 1383w\" sizes=\"(max-width: 1024px) 100vw, 1024px\" \/><\/p>\n<p><span style=\"font-weight: 400;\">Cuando Sima era un beb\u00e9 huy\u00f3 con su familia a Chad, a causa de la guerra en Sud\u00e1n. All\u00ed, su madre, Aisha, ha llegado a ser la directora de la escuela primaria del Servicio Jesuita a Refugiados Ali Dinar del campo de Goz Beida. Siendo ni\u00f1a a Aisha le practicaron el tipo m\u00e1s da\u00f1ino de mutilaci\u00f3n genital, lo cual le ha acarreado problemas de salud y dolores durante toda su vida. Por eso, ha protegido con determinaci\u00f3n a Sima y a sus hermanas de esta pr\u00e1ctica y del matrimonio forzado.\u00a0<\/span><\/p>\n<p><span style=\"font-weight: 400;\"><strong>Gracias al valor de su madre, Aisha,<\/strong> que s\u00ed pas\u00f3 por todo ello, y se neg\u00f3 a que le ocurriera lo mismo a su hija, <strong>ahora Sima es una joven fuerte y segura de s\u00ed misma que lucha por conseguir su sue\u00f1o de ir a la universidad<\/strong>. Actualmente, Sima estudia para convertirse en profesora, apoyada por una beca a trav\u00e9s del programa \u201cMaestras\u201d financiado por Entreculturas.\u00a0<\/span><\/p>\n<p><span style=\"color: #ff0000;\"><b>Guatemala: \u201cGracias al apoyo de mi madre pude seguir estudiando\u201d<\/b><\/span><\/p>\n<p><span style=\"font-weight: 400;\">Josefina T\u00edu es originaria de <strong>Santa Luc\u00eda la Reforma, Guatemala<\/strong>. En medio de grandes dificultades, encontr\u00f3 en <strong>su madre Rosario un apoyo fundamental<\/strong> para poder continuar con su educaci\u00f3n. Rosario ha luchado para que su hija cumpla su sue\u00f1o y tenga una vida mejor de la que ella ha podido lograr.<\/span><\/p>\n<p><img decoding=\"async\" class=\"alignnone wp-image-961 size-large\" src=\"https:\/\/www.entreculturas.org\/wp-content\/uploads\/2024\/04\/unnamed-8-1024x683.jpg\" alt=\"\" width=\"1024\" height=\"683\" srcset=\"https:\/\/www.entreculturas.org\/wp-content\/uploads\/2024\/04\/unnamed-8-1024x683.jpg 1024w, https:\/\/www.entreculturas.org\/wp-content\/uploads\/2024\/04\/unnamed-8-300x200.jpg 300w, https:\/\/www.entreculturas.org\/wp-content\/uploads\/2024\/04\/unnamed-8-768x512.jpg 768w, https:\/\/www.entreculturas.org\/wp-content\/uploads\/2024\/04\/unnamed-8.jpg 1383w\" sizes=\"(max-width: 1024px) 100vw, 1024px\" \/><\/p>\n<p><span style=\"font-weight: 400;\">\u201cCuando yo estaba en segundo de primaria iba a dejar de estudiar, sobre todo porque ten\u00eda un problema personal con mi pap\u00e1, que actualmente sigue existiendo. \u00c9l tiene un problema con el alcohol y eso hac\u00eda que no tuvi\u00e9semos recursos econ\u00f3micos para seguir pagando la escuela. Con la educaci\u00f3n a m\u00ed me ha costado bastante, he tenido que trabajar y estudiar al mismo tiempo, pero yo s\u00e9 que, si luchas, al final se obtiene recompensa, y eso hice\u201d.<\/span><\/p>\n<p><span style=\"font-weight: 400;\">En un pa\u00eds donde la desigualdad de g\u00e9nero y la falta de acceso a la educaci\u00f3n son desaf\u00edos persistentes, Josefina ha sido una voz valiente en la lucha por los derechos de las ni\u00f1as. A trav\u00e9s del grupo de <strong>&#8220;Ni\u00f1as colibr\u00eds&#8221;, ella y otras ni\u00f1as del programa trabajan para romper los estereotipos y barreras<\/strong> que impiden que las ni\u00f1as ind\u00edgenas accedan a la educaci\u00f3n.<\/span><\/p>\n<p><span style=\"font-weight: 400;\">&#8220;La situaci\u00f3n de las ni\u00f1as en Guatemala es muy triste&#8221;, comenta Josefina. &#8220;La desigualdad all\u00e1 es muy grave. Todos y todas deber\u00edamos tener los mismos derechos, pero el problema es que no es as\u00ed. <strong>A nosotras no nos dejan estudiar, nos quitan el derecho<\/strong> de tener una infancia mejor, de decidir lo que nosotras queramos&#8221;.<\/span><\/p>\n<p><span style=\"font-weight: 400;\">Con determinaci\u00f3n, y <strong>con el apoyo incondicional de su madre, Josefina persigue sus sue\u00f1os<\/strong>: convertirse en licenciada en administraci\u00f3n de empresas y abogar por una legislaci\u00f3n que garantice el derecho a la educaci\u00f3n de todas las ni\u00f1as.\u00a0<\/span><\/p>\n<p><span style=\"font-weight: 400;\">En este <strong>D\u00eda de la Madre<\/strong>, queremos reconocer el sacrificio y la dedicaci\u00f3n de todas las madres que trabajan incansablemente para asegurar un futuro brillante para sus hijas y para las pr\u00f3ximas generaciones de ni\u00f1as, para que ellas no vivan lo que estas mujeres y madres han tenido que sufrir.<\/span><\/p>\n<p><span style=\"font-weight: 400;\">Desde<strong> La LUZ de las NI\u00d1AS<\/strong>, seguiremos apoyando a las madres y a las ni\u00f1as en su lucha por un mundo donde todas puedan crecer seguras y libres y libres de violencia para poder alcanzar sus sue\u00f1os.<strong> \u00a1Feliz D\u00eda de la Madre!<\/strong><\/span><\/p>\n","protected":false},"excerpt":{"rendered":"<p>En el D\u00eda de la Madre, desde La LUZ de las NI\u00d1AS queremos reconocer el sacrificio, la dedicaci\u00f3n y la fuerza de madres que, como Aisha en Chad o Rosario en Guatemala, son la luz que gu\u00eda a sus hijas hacia un futuro lleno de esperanza y oportunidades. Chad: \u201cMi madre me salv\u00f3 de la mutilaci\u00f3n genital femenina\u201d Sima es una refugiada sudanesa en el campo de personas refugiadas de Djabal al este de Chad. Ella podr\u00eda ser una de las 200 millones de mujeres y ni\u00f1as que han sido v\u00edctimas de la mutilaci\u00f3n genital femenina, corriendo el riesgo de perder la vida y sufriendo dolores continuamente. Podr\u00eda haber sido casada forzosamente siendo menor, ya que esta pr\u00e1ctica es, a menudo, precursora del matrimonio forzoso y prematuro, pero gracias a la educaci\u00f3n, no ha sido una de ellas. Cuando Sima era un beb\u00e9 huy\u00f3 con su familia a Chad, a [&hellip;]<\/p>\n","protected":false},"featured_media":962,"template":"wp-custom-template-noticias-la-luz-de-las-ninas-2","meta":{"_acf_changed":false},"categories":[7],"tags":[],"class_list":["post-959","xxx","type-xxx","status-publish","has-post-thumbnail","hentry","category-noticia"],"acf":[],"yoast_head":"<!-- This site is optimized with the Yoast SEO Premium plugin v21.6 (Yoast SEO v27.5) - https:\/\/yoast.com\/product\/yoast-seo-premium-wordpress\/ -->\n<title>Madres, Una luz para el futuro de las ni\u00f1as - Entreculturas<\/title>\n<meta name=\"robots\" content=\"index, follow, max-snippet:-1, max-image-preview:large, max-video-preview:-1\" \/>\n<link rel=\"canonical\" href=\"https:\/\/www.entreculturas.org\/en\/la-luz-de-las-ninas\/noticia\/madres-una-luz-para-el-futuro-de-las-ninas\/\" \/>\n<meta property=\"og:locale\" content=\"en_US\" \/>\n<meta property=\"og:type\" content=\"article\" \/>\n<meta property=\"og:title\" content=\"Madres, Una luz para el futuro de las ni\u00f1as\" \/>\n<meta property=\"og:description\" content=\"En el D\u00eda de la Madre, desde La LUZ de las NI\u00d1AS queremos reconocer el sacrificio, la dedicaci\u00f3n y la fuerza de madres que, como Aisha en Chad o Rosario en Guatemala, son la luz que gu\u00eda a sus hijas hacia un futuro lleno de esperanza y oportunidades. Chad: \u201cMi madre me salv\u00f3 de la mutilaci\u00f3n genital femenina\u201d Sima es una refugiada sudanesa en el campo de personas refugiadas de Djabal al este de Chad. Ella podr\u00eda ser una de las 200 millones de mujeres y ni\u00f1as que han sido v\u00edctimas de la mutilaci\u00f3n genital femenina, corriendo el riesgo de perder la vida y sufriendo dolores continuamente. Podr\u00eda haber sido casada forzosamente siendo menor, ya que esta pr\u00e1ctica es, a menudo, precursora del matrimonio forzoso y prematuro, pero gracias a la educaci\u00f3n, no ha sido una de ellas. Cuando Sima era un beb\u00e9 huy\u00f3 con su familia a Chad, a [&hellip;]\" \/>\n<meta property=\"og:url\" content=\"https:\/\/www.entreculturas.org\/en\/la-luz-de-las-ninas\/noticia\/madres-una-luz-para-el-futuro-de-las-ninas\/\" \/>\n<meta property=\"og:site_name\" content=\"Entreculturas\" \/>\n<meta property=\"article:publisher\" content=\"https:\/\/www.facebook.com\/entreculturas\" \/>\n<meta property=\"article:modified_time\" content=\"2024-09-20T07:57:19+00:00\" \/>\n<meta property=\"og:image\" content=\"https:\/\/www.entreculturas.org\/wp-content\/uploads\/2024\/04\/unnamed-9.jpg\" \/>\n\t<meta property=\"og:image:width\" content=\"1383\" \/>\n\t<meta property=\"og:image:height\" content=\"922\" \/>\n\t<meta property=\"og:image:type\" content=\"image\/jpeg\" \/>\n<meta name=\"twitter:card\" content=\"summary_large_image\" \/>\n<meta name=\"twitter:site\" content=\"@Entreculturas\" \/>\n<script type=\"application\/ld+json\" class=\"yoast-schema-graph\">{\"@context\":\"https:\\\/\\\/schema.org\",\"@graph\":[{\"@type\":\"WebPage\",\"@id\":\"https:\\\/\\\/www.entreculturas.org\\\/en\\\/la-luz-de-las-ninas\\\/noticia\\\/madres-una-luz-para-el-futuro-de-las-ninas\\\/\",\"url\":\"https:\\\/\\\/www.entreculturas.org\\\/en\\\/la-luz-de-las-ninas\\\/noticia\\\/madres-una-luz-para-el-futuro-de-las-ninas\\\/\",\"name\":\"Madres, Una luz para el futuro de las ni\u00f1as - Entreculturas\",\"isPartOf\":{\"@id\":\"https:\\\/\\\/www.entreculturas.org\\\/en\\\/#website\"},\"primaryImageOfPage\":{\"@id\":\"https:\\\/\\\/www.entreculturas.org\\\/en\\\/la-luz-de-las-ninas\\\/noticia\\\/madres-una-luz-para-el-futuro-de-las-ninas\\\/#primaryimage\"},\"image\":{\"@id\":\"https:\\\/\\\/www.entreculturas.org\\\/en\\\/la-luz-de-las-ninas\\\/noticia\\\/madres-una-luz-para-el-futuro-de-las-ninas\\\/#primaryimage\"},\"thumbnailUrl\":\"https:\\\/\\\/www.entreculturas.org\\\/wp-content\\\/uploads\\\/2024\\\/04\\\/unnamed-9.jpg\",\"datePublished\":\"2024-04-30T10:51:54+00:00\",\"dateModified\":\"2024-09-20T07:57:19+00:00\",\"breadcrumb\":{\"@id\":\"https:\\\/\\\/www.entreculturas.org\\\/en\\\/la-luz-de-las-ninas\\\/noticia\\\/madres-una-luz-para-el-futuro-de-las-ninas\\\/#breadcrumb\"},\"inLanguage\":\"en-US\",\"potentialAction\":[{\"@type\":\"ReadAction\",\"target\":[\"https:\\\/\\\/www.entreculturas.org\\\/en\\\/la-luz-de-las-ninas\\\/noticia\\\/madres-una-luz-para-el-futuro-de-las-ninas\\\/\"]}]},{\"@type\":\"ImageObject\",\"inLanguage\":\"en-US\",\"@id\":\"https:\\\/\\\/www.entreculturas.org\\\/en\\\/la-luz-de-las-ninas\\\/noticia\\\/madres-una-luz-para-el-futuro-de-las-ninas\\\/#primaryimage\",\"url\":\"https:\\\/\\\/www.entreculturas.org\\\/wp-content\\\/uploads\\\/2024\\\/04\\\/unnamed-9.jpg\",\"contentUrl\":\"https:\\\/\\\/www.entreculturas.org\\\/wp-content\\\/uploads\\\/2024\\\/04\\\/unnamed-9.jpg\",\"width\":1383,\"height\":922},{\"@type\":\"BreadcrumbList\",\"@id\":\"https:\\\/\\\/www.entreculturas.org\\\/en\\\/la-luz-de-las-ninas\\\/noticia\\\/madres-una-luz-para-el-futuro-de-las-ninas\\\/#breadcrumb\",\"itemListElement\":[{\"@type\":\"ListItem\",\"position\":1,\"name\":\"Home\",\"item\":\"https:\\\/\\\/www.entreculturas.org\\\/en\\\/\"},{\"@type\":\"ListItem\",\"position\":2,\"name\":\"Noticias LLDLN\",\"item\":\"https:\\\/\\\/www.entreculturas.org\\\/en\\\/noticias-la-luz-de-las-ninas\\\/\"},{\"@type\":\"ListItem\",\"position\":3,\"name\":\"Madres, Una luz para el futuro de las ni\u00f1as\"}]},{\"@type\":\"WebSite\",\"@id\":\"https:\\\/\\\/www.entreculturas.org\\\/en\\\/#website\",\"url\":\"https:\\\/\\\/www.entreculturas.org\\\/en\\\/\",\"name\":\"Entreculturas\",\"description\":\"\",\"publisher\":{\"@id\":\"https:\\\/\\\/www.entreculturas.org\\\/en\\\/#organization\"},\"alternateName\":\"Entreculturas\",\"potentialAction\":[{\"@type\":\"SearchAction\",\"target\":{\"@type\":\"EntryPoint\",\"urlTemplate\":\"https:\\\/\\\/www.entreculturas.org\\\/en\\\/?s={search_term_string}\"},\"query-input\":{\"@type\":\"PropertyValueSpecification\",\"valueRequired\":true,\"valueName\":\"search_term_string\"}}],\"inLanguage\":\"en-US\"},{\"@type\":\"Organization\",\"@id\":\"https:\\\/\\\/www.entreculturas.org\\\/en\\\/#organization\",\"name\":\"Entreculturas\",\"url\":\"https:\\\/\\\/www.entreculturas.org\\\/en\\\/\",\"logo\":{\"@type\":\"ImageObject\",\"inLanguage\":\"en-US\",\"@id\":\"https:\\\/\\\/www.entreculturas.org\\\/en\\\/#\\\/schema\\\/logo\\\/image\\\/\",\"url\":\"https:\\\/\\\/www.entreculturas.org\\\/wp-content\\\/uploads\\\/2025\\\/10\\\/ESP.svg\",\"contentUrl\":\"https:\\\/\\\/www.entreculturas.org\\\/wp-content\\\/uploads\\\/2025\\\/10\\\/ESP.svg\",\"caption\":\"Entreculturas\"},\"image\":{\"@id\":\"https:\\\/\\\/www.entreculturas.org\\\/en\\\/#\\\/schema\\\/logo\\\/image\\\/\"},\"sameAs\":[\"https:\\\/\\\/www.facebook.com\\\/entreculturas\",\"https:\\\/\\\/x.com\\\/Entreculturas\",\"https:\\\/\\\/www.instagram.com\\\/entreculturas\\\/\",\"https:\\\/\\\/www.youtube.com\\\/user\\\/entreculturasvideo\",\"https:\\\/\\\/www.linkedin.com\\\/company\\\/fundacion-entreculturas-ngdo\\\/\",\"https:\\\/\\\/www.flickr.com\\\/photos\\\/98455522@N04\\\/albums\\\/\"]}]}<\/script>\n<!-- \/ Yoast SEO Premium plugin. -->","yoast_head_json":{"title":"Madres, Una luz para el futuro de las ni\u00f1as - Entreculturas","robots":{"index":"index","follow":"follow","max-snippet":"max-snippet:-1","max-image-preview":"max-image-preview:large","max-video-preview":"max-video-preview:-1"},"canonical":"https:\/\/www.entreculturas.org\/en\/la-luz-de-las-ninas\/noticia\/madres-una-luz-para-el-futuro-de-las-ninas\/","og_locale":"en_US","og_type":"article","og_title":"Madres, Una luz para el futuro de las ni\u00f1as","og_description":"En el D\u00eda de la Madre, desde La LUZ de las NI\u00d1AS queremos reconocer el sacrificio, la dedicaci\u00f3n y la fuerza de madres que, como Aisha en Chad o Rosario en Guatemala, son la luz que gu\u00eda a sus hijas hacia un futuro lleno de esperanza y oportunidades. Chad: \u201cMi madre me salv\u00f3 de la mutilaci\u00f3n genital femenina\u201d Sima es una refugiada sudanesa en el campo de personas refugiadas de Djabal al este de Chad. Ella podr\u00eda ser una de las 200 millones de mujeres y ni\u00f1as que han sido v\u00edctimas de la mutilaci\u00f3n genital femenina, corriendo el riesgo de perder la vida y sufriendo dolores continuamente. Podr\u00eda haber sido casada forzosamente siendo menor, ya que esta pr\u00e1ctica es, a menudo, precursora del matrimonio forzoso y prematuro, pero gracias a la educaci\u00f3n, no ha sido una de ellas. Cuando Sima era un beb\u00e9 huy\u00f3 con su familia a Chad, a [&hellip;]","og_url":"https:\/\/www.entreculturas.org\/en\/la-luz-de-las-ninas\/noticia\/madres-una-luz-para-el-futuro-de-las-ninas\/","og_site_name":"Entreculturas","article_publisher":"https:\/\/www.facebook.com\/entreculturas","article_modified_time":"2024-09-20T07:57:19+00:00","og_image":[{"width":1383,"height":922,"url":"https:\/\/www.entreculturas.org\/wp-content\/uploads\/2024\/04\/unnamed-9.jpg","type":"image\/jpeg"}],"twitter_card":"summary_large_image","twitter_site":"@Entreculturas","schema":{"@context":"https:\/\/schema.org","@graph":[{"@type":"WebPage","@id":"https:\/\/www.entreculturas.org\/en\/la-luz-de-las-ninas\/noticia\/madres-una-luz-para-el-futuro-de-las-ninas\/","url":"https:\/\/www.entreculturas.org\/en\/la-luz-de-las-ninas\/noticia\/madres-una-luz-para-el-futuro-de-las-ninas\/","name":"Madres, Una luz para el futuro de las ni\u00f1as - Entreculturas","isPartOf":{"@id":"https:\/\/www.entreculturas.org\/en\/#website"},"primaryImageOfPage":{"@id":"https:\/\/www.entreculturas.org\/en\/la-luz-de-las-ninas\/noticia\/madres-una-luz-para-el-futuro-de-las-ninas\/#primaryimage"},"image":{"@id":"https:\/\/www.entreculturas.org\/en\/la-luz-de-las-ninas\/noticia\/madres-una-luz-para-el-futuro-de-las-ninas\/#primaryimage"},"thumbnailUrl":"https:\/\/www.entreculturas.org\/wp-content\/uploads\/2024\/04\/unnamed-9.jpg","datePublished":"2024-04-30T10:51:54+00:00","dateModified":"2024-09-20T07:57:19+00:00","breadcrumb":{"@id":"https:\/\/www.entreculturas.org\/en\/la-luz-de-las-ninas\/noticia\/madres-una-luz-para-el-futuro-de-las-ninas\/#breadcrumb"},"inLanguage":"en-US","potentialAction":[{"@type":"ReadAction","target":["https:\/\/www.entreculturas.org\/en\/la-luz-de-las-ninas\/noticia\/madres-una-luz-para-el-futuro-de-las-ninas\/"]}]},{"@type":"ImageObject","inLanguage":"en-US","@id":"https:\/\/www.entreculturas.org\/en\/la-luz-de-las-ninas\/noticia\/madres-una-luz-para-el-futuro-de-las-ninas\/#primaryimage","url":"https:\/\/www.entreculturas.org\/wp-content\/uploads\/2024\/04\/unnamed-9.jpg","contentUrl":"https:\/\/www.entreculturas.org\/wp-content\/uploads\/2024\/04\/unnamed-9.jpg","width":1383,"height":922},{"@type":"BreadcrumbList","@id":"https:\/\/www.entreculturas.org\/en\/la-luz-de-las-ninas\/noticia\/madres-una-luz-para-el-futuro-de-las-ninas\/#breadcrumb","itemListElement":[{"@type":"ListItem","position":1,"name":"Home","item":"https:\/\/www.entreculturas.org\/en\/"},{"@type":"ListItem","position":2,"name":"Noticias LLDLN","item":"https:\/\/www.entreculturas.org\/en\/noticias-la-luz-de-las-ninas\/"},{"@type":"ListItem","position":3,"name":"Madres, Una luz para el futuro de las ni\u00f1as"}]},{"@type":"WebSite","@id":"https:\/\/www.entreculturas.org\/en\/#website","url":"https:\/\/www.entreculturas.org\/en\/","name":"Entreculturas","description":"","publisher":{"@id":"https:\/\/www.entreculturas.org\/en\/#organization"},"alternateName":"Entreculturas","potentialAction":[{"@type":"SearchAction","target":{"@type":"EntryPoint","urlTemplate":"https:\/\/www.entreculturas.org\/en\/?s={search_term_string}"},"query-input":{"@type":"PropertyValueSpecification","valueRequired":true,"valueName":"search_term_string"}}],"inLanguage":"en-US"},{"@type":"Organization","@id":"https:\/\/www.entreculturas.org\/en\/#organization","name":"Entreculturas","url":"https:\/\/www.entreculturas.org\/en\/","logo":{"@type":"ImageObject","inLanguage":"en-US","@id":"https:\/\/www.entreculturas.org\/en\/#\/schema\/logo\/image\/","url":"https:\/\/www.entreculturas.org\/wp-content\/uploads\/2025\/10\/ESP.svg","contentUrl":"https:\/\/www.entreculturas.org\/wp-content\/uploads\/2025\/10\/ESP.svg","caption":"Entreculturas"},"image":{"@id":"https:\/\/www.entreculturas.org\/en\/#\/schema\/logo\/image\/"},"sameAs":["https:\/\/www.facebook.com\/entreculturas","https:\/\/x.com\/Entreculturas","https:\/\/www.instagram.com\/entreculturas\/","https:\/\/www.youtube.com\/user\/entreculturasvideo","https:\/\/www.linkedin.com\/company\/fundacion-entreculturas-ngdo\/","https:\/\/www.flickr.com\/photos\/98455522@N04\/albums\/"]}]}},"_links":{"self":[{"href":"https:\/\/www.entreculturas.org\/en\/wp-json\/wp\/v2\/xxx\/959","targetHints":{"allow":["GET"]}}],"collection":[{"href":"https:\/\/www.entreculturas.org\/en\/wp-json\/wp\/v2\/xxx"}],"about":[{"href":"https:\/\/www.entreculturas.org\/en\/wp-json\/wp\/v2\/types\/xxx"}],"wp:featuredmedia":[{"embeddable":true,"href":"https:\/\/www.entreculturas.org\/en\/wp-json\/wp\/v2\/media\/962"}],"wp:attachment":[{"href":"https:\/\/www.entreculturas.org\/en\/wp-json\/wp\/v2\/media?parent=959"}],"wp:term":[{"taxonomy":"category","embeddable":true,"href":"https:\/\/www.entreculturas.org\/en\/wp-json\/wp\/v2\/categories?post=959"},{"taxonomy":"post_tag","embeddable":true,"href":"https:\/\/www.entreculturas.org\/en\/wp-json\/wp\/v2\/tags?post=959"}],"curies":[{"name":"wp","href":"https:\/\/api.w.org\/{rel}","templated":true}]}}