{"id":924,"date":"2023-11-28T14:11:19","date_gmt":"2023-11-28T13:11:19","guid":{"rendered":"https:\/\/www.entreculturas.org\/?post_type=xxx&#038;p=924"},"modified":"2024-09-20T09:52:16","modified_gmt":"2024-09-20T07:52:16","slug":"celebrando-el-liderazgo-de-las-ninas-en-uganda","status":"publish","type":"xxx","link":"https:\/\/www.entreculturas.org\/en\/la-luz-de-las-ninas\/noticia\/celebrando-el-liderazgo-de-las-ninas-en-uganda\/","title":{"rendered":"Celebrando el liderazgo de las ni\u00f1as en Uganda"},"content":{"rendered":"<p>El pasado Jueves 16 de Noviembre, celebramos en\u00a0 el <strong>campo de personas refugiadas de Adjumani, en Uganda<\/strong>, el evento \u201c<strong>Celebrando el Liderazgo de las ni\u00f1as\u201d<\/strong>. \u00a1Y fue maravilloso!<\/p>\n<p>Dentro del marco de nuestra campa\u00f1a<strong> La LUZ de las NI\u00d1AS<\/strong>, que llevamos a cabo junto al <strong>Servicio Jesuita a Refugiados<\/strong> (JRS) en el pa\u00eds, reunimos a 30 ni\u00f1as de entre 10 y 14 a\u00f1os alumnas de la Escuela Primaria de Elema: 15 ni\u00f1as refugiadas sudsudanesas y 15 ni\u00f1as ugandesas de la comunidad local.<\/p>\n<p>El equipo de JRS realiz\u00f3 distintas actividades con las ni\u00f1as para aprender mediante el juego a reivindicar sus derechos y principios importantes para las ni\u00f1as del mundo. Todo ello junto con la directora del instituto femenino Sant Mary Asumpta, en la misma localidad, Sr. Rebeca, y con la Inspectora de Escuelas en Adjumani, Madame Sunday. Estas dos grandes mujeres sirvieron de <strong>ejemplo de liderazgo y superaci\u00f3n para las ni\u00f1as<\/strong>, quienes pudieron verse reflejadas en un futuro de desarrollo personal y profesional.<\/p>\n<p><img decoding=\"async\" class=\"alignnone size-medium wp-image-926\" src=\"https:\/\/www.laluzdelasninas.org\/app\/uploads\/2023\/11\/LdN_Celebrating-Women-Leadership_04-300x200.jpg\" alt=\"\" width=\"300\" height=\"200\" \/> <img decoding=\"async\" class=\"alignnone size-medium wp-image-927\" src=\"https:\/\/www.laluzdelasninas.org\/app\/uploads\/2023\/11\/LdN_Celebrating-Women-Leadership_10-300x200.jpg\" alt=\"\" width=\"300\" height=\"200\" \/> <img decoding=\"async\" class=\"alignnone size-medium wp-image-929\" src=\"https:\/\/www.laluzdelasninas.org\/app\/uploads\/2023\/11\/LdN_Celebrating-Women-Leadership_34-300x200.jpg\" alt=\"\" width=\"300\" height=\"200\" \/><\/p>\n<p>Hablamos sobre su derecho a tener voz (y a usarla), mediante un poema escrito por una ni\u00f1a en Kenya , participante tambi\u00e9n de <strong>La LUZ de las NI\u00d1AS<\/strong>, y lo recitaron en voz alta. Aprendimos sobre la la importancia de la sororidad y del apoyo mutuo entre mujeres, a trav\u00e9s de un juego de trabajo en equipo. Y hablamos sobre la realizaci\u00f3n de que, a pesar de no poder evitar encontrarnos obst\u00e1culos en la vida (i.e., tareas dom\u00e9sticas, embarazo precoz, pr\u00e1cticas tradicionales perjudiciales, etc.), con esfuerzo y perseverancia, a veces, podemos sobrepasarlos, mediante una carrera de obst\u00e1culos. Antes de hacer los distintos juegos, compartimos algunas historias y cuentos con moralejas sobre empoderar a las ni\u00f1as. Al acabar la ma\u00f1ana, reflexionamos juntas sobre lo que hab\u00edamos aprendido y las dejamos marchar con una sonrisa en los labios y, esperemos, habiendo plantado algunas semillas en ellas.<\/p>\n<p>&nbsp;<\/p>\n","protected":false},"excerpt":{"rendered":"<p>El pasado Jueves 16 de Noviembre, celebramos en\u00a0 el campo de personas refugiadas de Adjumani, en Uganda, el evento \u201cCelebrando el Liderazgo de las ni\u00f1as\u201d. \u00a1Y fue maravilloso! Dentro del marco de nuestra campa\u00f1a La LUZ de las NI\u00d1AS, que llevamos a cabo junto al Servicio Jesuita a Refugiados (JRS) en el pa\u00eds, reunimos a 30 ni\u00f1as de entre 10 y 14 a\u00f1os alumnas de la Escuela Primaria de Elema: 15 ni\u00f1as refugiadas sudsudanesas y 15 ni\u00f1as ugandesas de la comunidad local. El equipo de JRS realiz\u00f3 distintas actividades con las ni\u00f1as para aprender mediante el juego a reivindicar sus derechos y principios importantes para las ni\u00f1as del mundo. Todo ello junto con la directora del instituto femenino Sant Mary Asumpta, en la misma localidad, Sr. Rebeca, y con la Inspectora de Escuelas en Adjumani, Madame Sunday. Estas dos grandes mujeres sirvieron de ejemplo de liderazgo y superaci\u00f3n para las [&hellip;]<\/p>\n","protected":false},"featured_media":925,"template":"wp-custom-template-noticias-la-luz-de-las-ninas-2","meta":{"_acf_changed":false},"categories":[7],"tags":[],"class_list":["post-924","xxx","type-xxx","status-publish","has-post-thumbnail","hentry","category-noticia"],"acf":[],"yoast_head":"<!-- This site is optimized with the Yoast SEO Premium plugin v21.6 (Yoast SEO v27.5) - https:\/\/yoast.com\/product\/yoast-seo-premium-wordpress\/ -->\n<title>Celebrando el liderazgo de las ni\u00f1as en Uganda - Entreculturas<\/title>\n<meta name=\"robots\" content=\"index, follow, max-snippet:-1, max-image-preview:large, max-video-preview:-1\" \/>\n<link rel=\"canonical\" href=\"https:\/\/www.entreculturas.org\/en\/la-luz-de-las-ninas\/noticia\/celebrando-el-liderazgo-de-las-ninas-en-uganda\/\" \/>\n<meta property=\"og:locale\" content=\"en_US\" \/>\n<meta property=\"og:type\" content=\"article\" \/>\n<meta property=\"og:title\" content=\"Celebrando el liderazgo de las ni\u00f1as en Uganda\" \/>\n<meta property=\"og:description\" content=\"El pasado Jueves 16 de Noviembre, celebramos en\u00a0 el campo de personas refugiadas de Adjumani, en Uganda, el evento \u201cCelebrando el Liderazgo de las ni\u00f1as\u201d. \u00a1Y fue maravilloso! Dentro del marco de nuestra campa\u00f1a La LUZ de las NI\u00d1AS, que llevamos a cabo junto al Servicio Jesuita a Refugiados (JRS) en el pa\u00eds, reunimos a 30 ni\u00f1as de entre 10 y 14 a\u00f1os alumnas de la Escuela Primaria de Elema: 15 ni\u00f1as refugiadas sudsudanesas y 15 ni\u00f1as ugandesas de la comunidad local. El equipo de JRS realiz\u00f3 distintas actividades con las ni\u00f1as para aprender mediante el juego a reivindicar sus derechos y principios importantes para las ni\u00f1as del mundo. Todo ello junto con la directora del instituto femenino Sant Mary Asumpta, en la misma localidad, Sr. Rebeca, y con la Inspectora de Escuelas en Adjumani, Madame Sunday. Estas dos grandes mujeres sirvieron de ejemplo de liderazgo y superaci\u00f3n para las [&hellip;]\" \/>\n<meta property=\"og:url\" content=\"https:\/\/www.entreculturas.org\/en\/la-luz-de-las-ninas\/noticia\/celebrando-el-liderazgo-de-las-ninas-en-uganda\/\" \/>\n<meta property=\"og:site_name\" content=\"Entreculturas\" \/>\n<meta property=\"article:publisher\" content=\"https:\/\/www.facebook.com\/entreculturas\" \/>\n<meta property=\"article:modified_time\" content=\"2024-09-20T07:52:16+00:00\" \/>\n<meta property=\"og:image\" content=\"https:\/\/www.entreculturas.org\/wp-content\/uploads\/2023\/11\/LdN_Celebrating-Women-Leadership_03.jpg\" \/>\n\t<meta property=\"og:image:width\" content=\"1280\" \/>\n\t<meta property=\"og:image:height\" content=\"854\" \/>\n\t<meta property=\"og:image:type\" content=\"image\/jpeg\" \/>\n<meta name=\"twitter:card\" content=\"summary_large_image\" \/>\n<meta name=\"twitter:site\" content=\"@Entreculturas\" \/>\n<script type=\"application\/ld+json\" class=\"yoast-schema-graph\">{\"@context\":\"https:\\\/\\\/schema.org\",\"@graph\":[{\"@type\":\"WebPage\",\"@id\":\"https:\\\/\\\/www.entreculturas.org\\\/en\\\/la-luz-de-las-ninas\\\/noticia\\\/celebrando-el-liderazgo-de-las-ninas-en-uganda\\\/\",\"url\":\"https:\\\/\\\/www.entreculturas.org\\\/en\\\/la-luz-de-las-ninas\\\/noticia\\\/celebrando-el-liderazgo-de-las-ninas-en-uganda\\\/\",\"name\":\"Celebrando el liderazgo de las ni\u00f1as en Uganda - Entreculturas\",\"isPartOf\":{\"@id\":\"https:\\\/\\\/www.entreculturas.org\\\/en\\\/#website\"},\"primaryImageOfPage\":{\"@id\":\"https:\\\/\\\/www.entreculturas.org\\\/en\\\/la-luz-de-las-ninas\\\/noticia\\\/celebrando-el-liderazgo-de-las-ninas-en-uganda\\\/#primaryimage\"},\"image\":{\"@id\":\"https:\\\/\\\/www.entreculturas.org\\\/en\\\/la-luz-de-las-ninas\\\/noticia\\\/celebrando-el-liderazgo-de-las-ninas-en-uganda\\\/#primaryimage\"},\"thumbnailUrl\":\"https:\\\/\\\/www.entreculturas.org\\\/wp-content\\\/uploads\\\/2023\\\/11\\\/LdN_Celebrating-Women-Leadership_03.jpg\",\"datePublished\":\"2023-11-28T13:11:19+00:00\",\"dateModified\":\"2024-09-20T07:52:16+00:00\",\"breadcrumb\":{\"@id\":\"https:\\\/\\\/www.entreculturas.org\\\/en\\\/la-luz-de-las-ninas\\\/noticia\\\/celebrando-el-liderazgo-de-las-ninas-en-uganda\\\/#breadcrumb\"},\"inLanguage\":\"en-US\",\"potentialAction\":[{\"@type\":\"ReadAction\",\"target\":[\"https:\\\/\\\/www.entreculturas.org\\\/en\\\/la-luz-de-las-ninas\\\/noticia\\\/celebrando-el-liderazgo-de-las-ninas-en-uganda\\\/\"]}]},{\"@type\":\"ImageObject\",\"inLanguage\":\"en-US\",\"@id\":\"https:\\\/\\\/www.entreculturas.org\\\/en\\\/la-luz-de-las-ninas\\\/noticia\\\/celebrando-el-liderazgo-de-las-ninas-en-uganda\\\/#primaryimage\",\"url\":\"https:\\\/\\\/www.entreculturas.org\\\/wp-content\\\/uploads\\\/2023\\\/11\\\/LdN_Celebrating-Women-Leadership_03.jpg\",\"contentUrl\":\"https:\\\/\\\/www.entreculturas.org\\\/wp-content\\\/uploads\\\/2023\\\/11\\\/LdN_Celebrating-Women-Leadership_03.jpg\",\"width\":1280,\"height\":854},{\"@type\":\"BreadcrumbList\",\"@id\":\"https:\\\/\\\/www.entreculturas.org\\\/en\\\/la-luz-de-las-ninas\\\/noticia\\\/celebrando-el-liderazgo-de-las-ninas-en-uganda\\\/#breadcrumb\",\"itemListElement\":[{\"@type\":\"ListItem\",\"position\":1,\"name\":\"Home\",\"item\":\"https:\\\/\\\/www.entreculturas.org\\\/en\\\/\"},{\"@type\":\"ListItem\",\"position\":2,\"name\":\"Noticias LLDLN\",\"item\":\"https:\\\/\\\/www.entreculturas.org\\\/en\\\/noticias-la-luz-de-las-ninas\\\/\"},{\"@type\":\"ListItem\",\"position\":3,\"name\":\"Celebrando el liderazgo de las ni\u00f1as en Uganda\"}]},{\"@type\":\"WebSite\",\"@id\":\"https:\\\/\\\/www.entreculturas.org\\\/en\\\/#website\",\"url\":\"https:\\\/\\\/www.entreculturas.org\\\/en\\\/\",\"name\":\"Entreculturas\",\"description\":\"\",\"publisher\":{\"@id\":\"https:\\\/\\\/www.entreculturas.org\\\/en\\\/#organization\"},\"alternateName\":\"Entreculturas\",\"potentialAction\":[{\"@type\":\"SearchAction\",\"target\":{\"@type\":\"EntryPoint\",\"urlTemplate\":\"https:\\\/\\\/www.entreculturas.org\\\/en\\\/?s={search_term_string}\"},\"query-input\":{\"@type\":\"PropertyValueSpecification\",\"valueRequired\":true,\"valueName\":\"search_term_string\"}}],\"inLanguage\":\"en-US\"},{\"@type\":\"Organization\",\"@id\":\"https:\\\/\\\/www.entreculturas.org\\\/en\\\/#organization\",\"name\":\"Entreculturas\",\"url\":\"https:\\\/\\\/www.entreculturas.org\\\/en\\\/\",\"logo\":{\"@type\":\"ImageObject\",\"inLanguage\":\"en-US\",\"@id\":\"https:\\\/\\\/www.entreculturas.org\\\/en\\\/#\\\/schema\\\/logo\\\/image\\\/\",\"url\":\"https:\\\/\\\/www.entreculturas.org\\\/wp-content\\\/uploads\\\/2025\\\/10\\\/ESP.svg\",\"contentUrl\":\"https:\\\/\\\/www.entreculturas.org\\\/wp-content\\\/uploads\\\/2025\\\/10\\\/ESP.svg\",\"caption\":\"Entreculturas\"},\"image\":{\"@id\":\"https:\\\/\\\/www.entreculturas.org\\\/en\\\/#\\\/schema\\\/logo\\\/image\\\/\"},\"sameAs\":[\"https:\\\/\\\/www.facebook.com\\\/entreculturas\",\"https:\\\/\\\/x.com\\\/Entreculturas\",\"https:\\\/\\\/www.instagram.com\\\/entreculturas\\\/\",\"https:\\\/\\\/www.youtube.com\\\/user\\\/entreculturasvideo\",\"https:\\\/\\\/www.linkedin.com\\\/company\\\/fundacion-entreculturas-ngdo\\\/\",\"https:\\\/\\\/www.flickr.com\\\/photos\\\/98455522@N04\\\/albums\\\/\"]}]}<\/script>\n<!-- \/ Yoast SEO Premium plugin. -->","yoast_head_json":{"title":"Celebrando el liderazgo de las ni\u00f1as en Uganda - Entreculturas","robots":{"index":"index","follow":"follow","max-snippet":"max-snippet:-1","max-image-preview":"max-image-preview:large","max-video-preview":"max-video-preview:-1"},"canonical":"https:\/\/www.entreculturas.org\/en\/la-luz-de-las-ninas\/noticia\/celebrando-el-liderazgo-de-las-ninas-en-uganda\/","og_locale":"en_US","og_type":"article","og_title":"Celebrando el liderazgo de las ni\u00f1as en Uganda","og_description":"El pasado Jueves 16 de Noviembre, celebramos en\u00a0 el campo de personas refugiadas de Adjumani, en Uganda, el evento \u201cCelebrando el Liderazgo de las ni\u00f1as\u201d. \u00a1Y fue maravilloso! Dentro del marco de nuestra campa\u00f1a La LUZ de las NI\u00d1AS, que llevamos a cabo junto al Servicio Jesuita a Refugiados (JRS) en el pa\u00eds, reunimos a 30 ni\u00f1as de entre 10 y 14 a\u00f1os alumnas de la Escuela Primaria de Elema: 15 ni\u00f1as refugiadas sudsudanesas y 15 ni\u00f1as ugandesas de la comunidad local. El equipo de JRS realiz\u00f3 distintas actividades con las ni\u00f1as para aprender mediante el juego a reivindicar sus derechos y principios importantes para las ni\u00f1as del mundo. Todo ello junto con la directora del instituto femenino Sant Mary Asumpta, en la misma localidad, Sr. Rebeca, y con la Inspectora de Escuelas en Adjumani, Madame Sunday. Estas dos grandes mujeres sirvieron de ejemplo de liderazgo y superaci\u00f3n para las [&hellip;]","og_url":"https:\/\/www.entreculturas.org\/en\/la-luz-de-las-ninas\/noticia\/celebrando-el-liderazgo-de-las-ninas-en-uganda\/","og_site_name":"Entreculturas","article_publisher":"https:\/\/www.facebook.com\/entreculturas","article_modified_time":"2024-09-20T07:52:16+00:00","og_image":[{"width":1280,"height":854,"url":"https:\/\/www.entreculturas.org\/wp-content\/uploads\/2023\/11\/LdN_Celebrating-Women-Leadership_03.jpg","type":"image\/jpeg"}],"twitter_card":"summary_large_image","twitter_site":"@Entreculturas","schema":{"@context":"https:\/\/schema.org","@graph":[{"@type":"WebPage","@id":"https:\/\/www.entreculturas.org\/en\/la-luz-de-las-ninas\/noticia\/celebrando-el-liderazgo-de-las-ninas-en-uganda\/","url":"https:\/\/www.entreculturas.org\/en\/la-luz-de-las-ninas\/noticia\/celebrando-el-liderazgo-de-las-ninas-en-uganda\/","name":"Celebrando el liderazgo de las ni\u00f1as en Uganda - Entreculturas","isPartOf":{"@id":"https:\/\/www.entreculturas.org\/en\/#website"},"primaryImageOfPage":{"@id":"https:\/\/www.entreculturas.org\/en\/la-luz-de-las-ninas\/noticia\/celebrando-el-liderazgo-de-las-ninas-en-uganda\/#primaryimage"},"image":{"@id":"https:\/\/www.entreculturas.org\/en\/la-luz-de-las-ninas\/noticia\/celebrando-el-liderazgo-de-las-ninas-en-uganda\/#primaryimage"},"thumbnailUrl":"https:\/\/www.entreculturas.org\/wp-content\/uploads\/2023\/11\/LdN_Celebrating-Women-Leadership_03.jpg","datePublished":"2023-11-28T13:11:19+00:00","dateModified":"2024-09-20T07:52:16+00:00","breadcrumb":{"@id":"https:\/\/www.entreculturas.org\/en\/la-luz-de-las-ninas\/noticia\/celebrando-el-liderazgo-de-las-ninas-en-uganda\/#breadcrumb"},"inLanguage":"en-US","potentialAction":[{"@type":"ReadAction","target":["https:\/\/www.entreculturas.org\/en\/la-luz-de-las-ninas\/noticia\/celebrando-el-liderazgo-de-las-ninas-en-uganda\/"]}]},{"@type":"ImageObject","inLanguage":"en-US","@id":"https:\/\/www.entreculturas.org\/en\/la-luz-de-las-ninas\/noticia\/celebrando-el-liderazgo-de-las-ninas-en-uganda\/#primaryimage","url":"https:\/\/www.entreculturas.org\/wp-content\/uploads\/2023\/11\/LdN_Celebrating-Women-Leadership_03.jpg","contentUrl":"https:\/\/www.entreculturas.org\/wp-content\/uploads\/2023\/11\/LdN_Celebrating-Women-Leadership_03.jpg","width":1280,"height":854},{"@type":"BreadcrumbList","@id":"https:\/\/www.entreculturas.org\/en\/la-luz-de-las-ninas\/noticia\/celebrando-el-liderazgo-de-las-ninas-en-uganda\/#breadcrumb","itemListElement":[{"@type":"ListItem","position":1,"name":"Home","item":"https:\/\/www.entreculturas.org\/en\/"},{"@type":"ListItem","position":2,"name":"Noticias LLDLN","item":"https:\/\/www.entreculturas.org\/en\/noticias-la-luz-de-las-ninas\/"},{"@type":"ListItem","position":3,"name":"Celebrando el liderazgo de las ni\u00f1as en Uganda"}]},{"@type":"WebSite","@id":"https:\/\/www.entreculturas.org\/en\/#website","url":"https:\/\/www.entreculturas.org\/en\/","name":"Entreculturas","description":"","publisher":{"@id":"https:\/\/www.entreculturas.org\/en\/#organization"},"alternateName":"Entreculturas","potentialAction":[{"@type":"SearchAction","target":{"@type":"EntryPoint","urlTemplate":"https:\/\/www.entreculturas.org\/en\/?s={search_term_string}"},"query-input":{"@type":"PropertyValueSpecification","valueRequired":true,"valueName":"search_term_string"}}],"inLanguage":"en-US"},{"@type":"Organization","@id":"https:\/\/www.entreculturas.org\/en\/#organization","name":"Entreculturas","url":"https:\/\/www.entreculturas.org\/en\/","logo":{"@type":"ImageObject","inLanguage":"en-US","@id":"https:\/\/www.entreculturas.org\/en\/#\/schema\/logo\/image\/","url":"https:\/\/www.entreculturas.org\/wp-content\/uploads\/2025\/10\/ESP.svg","contentUrl":"https:\/\/www.entreculturas.org\/wp-content\/uploads\/2025\/10\/ESP.svg","caption":"Entreculturas"},"image":{"@id":"https:\/\/www.entreculturas.org\/en\/#\/schema\/logo\/image\/"},"sameAs":["https:\/\/www.facebook.com\/entreculturas","https:\/\/x.com\/Entreculturas","https:\/\/www.instagram.com\/entreculturas\/","https:\/\/www.youtube.com\/user\/entreculturasvideo","https:\/\/www.linkedin.com\/company\/fundacion-entreculturas-ngdo\/","https:\/\/www.flickr.com\/photos\/98455522@N04\/albums\/"]}]}},"_links":{"self":[{"href":"https:\/\/www.entreculturas.org\/en\/wp-json\/wp\/v2\/xxx\/924","targetHints":{"allow":["GET"]}}],"collection":[{"href":"https:\/\/www.entreculturas.org\/en\/wp-json\/wp\/v2\/xxx"}],"about":[{"href":"https:\/\/www.entreculturas.org\/en\/wp-json\/wp\/v2\/types\/xxx"}],"wp:featuredmedia":[{"embeddable":true,"href":"https:\/\/www.entreculturas.org\/en\/wp-json\/wp\/v2\/media\/925"}],"wp:attachment":[{"href":"https:\/\/www.entreculturas.org\/en\/wp-json\/wp\/v2\/media?parent=924"}],"wp:term":[{"taxonomy":"category","embeddable":true,"href":"https:\/\/www.entreculturas.org\/en\/wp-json\/wp\/v2\/categories?post=924"},{"taxonomy":"post_tag","embeddable":true,"href":"https:\/\/www.entreculturas.org\/en\/wp-json\/wp\/v2\/tags?post=924"}],"curies":[{"name":"wp","href":"https:\/\/api.w.org\/{rel}","templated":true}]}}