{"id":921,"date":"2023-11-27T13:01:53","date_gmt":"2023-11-27T12:01:53","guid":{"rendered":"https:\/\/www.entreculturas.org\/?post_type=xxx&#038;p=921"},"modified":"2024-09-20T09:51:43","modified_gmt":"2024-09-20T07:51:43","slug":"entrevista-a-una-trabajadora-social-de-la-luz-de-las-ninas-en-kenia","status":"publish","type":"xxx","link":"https:\/\/www.entreculturas.org\/en\/la-luz-de-las-ninas\/noticia\/entrevista-a-una-trabajadora-social-de-la-luz-de-las-ninas-en-kenia\/","title":{"rendered":"Entrevista a una trabajadora social de La LUZ de las NI\u00d1AS en Kenia"},"content":{"rendered":"<p><span style=\"font-weight: 400;\">Cynthia Odanga es trabajadora social de La LUZ de las NI\u00d1AS en Nairobi, Kenia. Cynthia lleva tres a\u00f1os trabajando, con nuestro socio local, la parroquia de San Jos\u00e9 Obrero, con ni\u00f1as en situaci\u00f3n de extrema vulnerabilidad en el asentamiento informal de Kangemi, uno de los muchos barrios de chabolas de la capital keniata en los que las ni\u00f1as encuentran numerosas barreras para poder acceder a la educaci\u00f3n y vivir dignamente.\u00a0<\/span><\/p>\n<p><b>\u00bfEn qu\u00e9 consiste tu trabajo como trabajadora social en el marco de La LUZ de las NI\u00d1AS? \u00bfC\u00f3mo es tu d\u00eda a d\u00eda?<\/b><\/p>\n<p><span style=\"font-weight: 400;\">B\u00e1sicamente mi trabajo gira en torno al seguimiento, proporcionando apoyo psicosocial a las ni\u00f1as. Hago visitas a las escuelas, casi siempre los lunes, para comprobar la asistencia de las ni\u00f1as a clase. A partir de las visitas a la escuela, puedo saber qu\u00e9 ni\u00f1as no vienen con regularidad y cu\u00e1les s\u00ed. En el caso de que alguna falte a clase de forma continuada tengo que hacer un seguimiento y comprobar las razones por las que no vienen a la escuela.<\/span><\/p>\n<p><span style=\"font-weight: 400;\">Ah\u00ed es donde realizo las visitas domiciliarias para tratar de saber por qu\u00e9 esta ni\u00f1a no viene a la escuela. La raz\u00f3n que suelen dar los padres y madres es que la ni\u00f1a est\u00e1 enferma. En muchos casos, los padres no han podido pagar el alquiler ese mes y se han quedado fuera de sus casas lo que hace que las ni\u00f1as no vengan a la escuela.<\/span><\/p>\n<p><span style=\"font-weight: 400;\">A veces, tambi\u00e9n hago visitas domiciliarias para comprobar el estado de una ni\u00f1a, si he recibido un informe negativo de los docentes sobre su comportamiento en clase o sobre sus notas. Si me entero de que alguna maestra ha tenido problemas con alguna ni\u00f1a, las llamo y tratamos de hablarlo y obtener soluciones para la ni\u00f1a.<\/span><\/p>\n<p><span style=\"font-weight: 400;\">Escuch\u00e1ndolas puedes obtener soluciones, las tratamos y las ayudamos a mejorar su comportamiento. En estos casos, suelo tambi\u00e9n realizar visitas domiciliarias para comprobar la procedencia de la ni\u00f1a, la situaci\u00f3n socioecon\u00f3mica de la familia, comprobar que son capaces de cubrir sus necesidades b\u00e1sicas y, si lo son, tratar de comprender qu\u00e9 le est\u00e1 sucediendo a esa ni\u00f1a para que no rinda bien en clase o no se comporte bien.\u00a0<\/span><\/p>\n<p><b>\u00bfCu\u00e1les son los principales problemas de las chicas aqu\u00ed en Kangemi?<\/b><\/p>\n<p><span style=\"font-weight: 400;\">El principal problema es que el nivel socioecon\u00f3mico de las familias aqu\u00ed es muy bajo y no pueden, ni siquiera, satisfacer las necesidades b\u00e1sicas de sus hijas. Estas ni\u00f1as corren el riesgo de no ir a la escuela por falta de dinero y corren por tanto el riesgo de sufrir violencia o quedarse embarazadas. No tienen ni siquiera acceso a compresas durante su menstruaci\u00f3n, lo que hace que tengan que buscar otros medios y esos medios pueden incluir la b\u00fasqueda de un marido u hombre que las pueda mantener.\u00a0<\/span><\/p>\n<p><span style=\"font-weight: 400;\">Al final, acaban abandonando la escuela, qued\u00e1ndose embarazadas y siendo v\u00edctimas de matrimonio infantil. Otras, para ayudar a sus familias en casa se convierten en v\u00edctimas de trabajo infantil. La falta de alimentos, y la\u00a0 falta de higiene es otro de los desaf\u00edos. La mayor\u00eda de ellas suelen incluso arriesgarse a dormir fuera de sus casas buscando cubrir estas necesidades.<\/span><\/p>\n<p><b>\u00bfQu\u00e9 es lo que m\u00e1s te motiva de tu trabajo?<\/b><\/p>\n<p><span style=\"font-weight: 400;\">Me gusta mi trabajo porque puedo interactuar con las ni\u00f1as, estar en contacto y gestionar los recursos que gracias al proyecto les podemos proporcionar. Al menos, siento que puedo actuar como medio para ayudar a que diferentes ni\u00f1as vayan a la escuela, proporcionarles compresas, ayudarlas con el alquiler o la alimentaci\u00f3n para que puedan seguir en la escuela.\u00a0<\/span><\/p>\n<p><span style=\"font-weight: 400;\">Por ejemplo, uno de los casos que m\u00e1s me motiv\u00f3 fue cuando fuimos capaces de hacer que una ni\u00f1a que se qued\u00f3 embarazada siendo muy peque\u00f1a volviera a la escuela. Ahora est\u00e1 ya en secundaria y est\u00e1 completando su educaci\u00f3n.\u00a0\u00a0<\/span><\/p>\n<p><b>\u00bfPor qu\u00e9 crees que es importante continuar apoyando proyectos como este?<\/b><\/p>\n<p><span style=\"font-weight: 400;\">Actualmente, la mayor\u00eda de las ni\u00f1as que han sido participantes de La LUZ de las NI\u00d1AS est\u00e1n en la escuela secundaria, algunas de ellas han llegado a Upendo teniendo incluso 6 a\u00f1os. Con una mayor financiaci\u00f3n podr\u00edamos doblar el n\u00famero de ni\u00f1as a las que acompa\u00f1amos y ojal\u00e1 podamos seguir apoyando a cada vez m\u00e1s ni\u00f1as en Kangemi.\u00a0<\/span><\/p>\n<p><span style=\"font-weight: 400;\">Me gustar\u00eda dar las gracias a las personas que han donado por haberme dado personalmente la oportunidad de estar en la escuela, de educar y acompa\u00f1ar a las ni\u00f1as para que sean modelos de conducta en su sociedad. A pesar del hecho de que provienen de entornos menos privilegiados, al menos tienen la oportunidad de estar en la escuela y de interactuar con los otros ni\u00f1os y ni\u00f1as y de aumentar sus oportunidades.<\/span><\/p>\n","protected":false},"excerpt":{"rendered":"<p>Cynthia Odanga es trabajadora social de La LUZ de las NI\u00d1AS en Nairobi, Kenia. Cynthia lleva tres a\u00f1os trabajando, con nuestro socio local, la parroquia de San Jos\u00e9 Obrero, con ni\u00f1as en situaci\u00f3n de extrema vulnerabilidad en el asentamiento informal de Kangemi, uno de los muchos barrios de chabolas de la capital keniata en los que las ni\u00f1as encuentran numerosas barreras para poder acceder a la educaci\u00f3n y vivir dignamente.\u00a0 \u00bfEn qu\u00e9 consiste tu trabajo como trabajadora social en el marco de La LUZ de las NI\u00d1AS? \u00bfC\u00f3mo es tu d\u00eda a d\u00eda? B\u00e1sicamente mi trabajo gira en torno al seguimiento, proporcionando apoyo psicosocial a las ni\u00f1as. Hago visitas a las escuelas, casi siempre los lunes, para comprobar la asistencia de las ni\u00f1as a clase. A partir de las visitas a la escuela, puedo saber qu\u00e9 ni\u00f1as no vienen con regularidad y cu\u00e1les s\u00ed. En el caso de que alguna [&hellip;]<\/p>\n","protected":false},"featured_media":922,"template":"wp-custom-template-noticias-la-luz-de-las-ninas-2","meta":{"_acf_changed":false},"categories":[7],"tags":[],"class_list":["post-921","xxx","type-xxx","status-publish","has-post-thumbnail","hentry","category-noticia"],"acf":[],"yoast_head":"<!-- This site is optimized with the Yoast SEO Premium plugin v21.6 (Yoast SEO v27.5) - https:\/\/yoast.com\/product\/yoast-seo-premium-wordpress\/ -->\n<title>Entrevista a una trabajadora social de La LUZ de las NI\u00d1AS en Kenia - Entreculturas<\/title>\n<meta name=\"robots\" content=\"index, follow, max-snippet:-1, max-image-preview:large, max-video-preview:-1\" \/>\n<link rel=\"canonical\" href=\"https:\/\/www.entreculturas.org\/en\/la-luz-de-las-ninas\/noticia\/entrevista-a-una-trabajadora-social-de-la-luz-de-las-ninas-en-kenia\/\" \/>\n<meta property=\"og:locale\" content=\"en_US\" \/>\n<meta property=\"og:type\" content=\"article\" \/>\n<meta property=\"og:title\" content=\"Entrevista a una trabajadora social de La LUZ de las NI\u00d1AS en Kenia\" \/>\n<meta property=\"og:description\" content=\"Cynthia Odanga es trabajadora social de La LUZ de las NI\u00d1AS en Nairobi, Kenia. Cynthia lleva tres a\u00f1os trabajando, con nuestro socio local, la parroquia de San Jos\u00e9 Obrero, con ni\u00f1as en situaci\u00f3n de extrema vulnerabilidad en el asentamiento informal de Kangemi, uno de los muchos barrios de chabolas de la capital keniata en los que las ni\u00f1as encuentran numerosas barreras para poder acceder a la educaci\u00f3n y vivir dignamente.\u00a0 \u00bfEn qu\u00e9 consiste tu trabajo como trabajadora social en el marco de La LUZ de las NI\u00d1AS? \u00bfC\u00f3mo es tu d\u00eda a d\u00eda? B\u00e1sicamente mi trabajo gira en torno al seguimiento, proporcionando apoyo psicosocial a las ni\u00f1as. Hago visitas a las escuelas, casi siempre los lunes, para comprobar la asistencia de las ni\u00f1as a clase. A partir de las visitas a la escuela, puedo saber qu\u00e9 ni\u00f1as no vienen con regularidad y cu\u00e1les s\u00ed. En el caso de que alguna [&hellip;]\" \/>\n<meta property=\"og:url\" content=\"https:\/\/www.entreculturas.org\/en\/la-luz-de-las-ninas\/noticia\/entrevista-a-una-trabajadora-social-de-la-luz-de-las-ninas-en-kenia\/\" \/>\n<meta property=\"og:site_name\" content=\"Entreculturas\" \/>\n<meta property=\"article:publisher\" content=\"https:\/\/www.facebook.com\/entreculturas\" \/>\n<meta property=\"article:modified_time\" content=\"2024-09-20T07:51:43+00:00\" \/>\n<meta property=\"og:image\" content=\"https:\/\/www.entreculturas.org\/wp-content\/uploads\/2023\/11\/1000016720.jpg\" \/>\n\t<meta property=\"og:image:width\" content=\"1600\" \/>\n\t<meta property=\"og:image:height\" content=\"1200\" \/>\n\t<meta property=\"og:image:type\" content=\"image\/jpeg\" \/>\n<meta name=\"twitter:card\" content=\"summary_large_image\" \/>\n<meta name=\"twitter:site\" content=\"@Entreculturas\" \/>\n<script type=\"application\/ld+json\" class=\"yoast-schema-graph\">{\"@context\":\"https:\\\/\\\/schema.org\",\"@graph\":[{\"@type\":\"WebPage\",\"@id\":\"https:\\\/\\\/www.entreculturas.org\\\/en\\\/la-luz-de-las-ninas\\\/noticia\\\/entrevista-a-una-trabajadora-social-de-la-luz-de-las-ninas-en-kenia\\\/\",\"url\":\"https:\\\/\\\/www.entreculturas.org\\\/en\\\/la-luz-de-las-ninas\\\/noticia\\\/entrevista-a-una-trabajadora-social-de-la-luz-de-las-ninas-en-kenia\\\/\",\"name\":\"Entrevista a una trabajadora social de La LUZ de las NI\u00d1AS en Kenia - Entreculturas\",\"isPartOf\":{\"@id\":\"https:\\\/\\\/www.entreculturas.org\\\/en\\\/#website\"},\"primaryImageOfPage\":{\"@id\":\"https:\\\/\\\/www.entreculturas.org\\\/en\\\/la-luz-de-las-ninas\\\/noticia\\\/entrevista-a-una-trabajadora-social-de-la-luz-de-las-ninas-en-kenia\\\/#primaryimage\"},\"image\":{\"@id\":\"https:\\\/\\\/www.entreculturas.org\\\/en\\\/la-luz-de-las-ninas\\\/noticia\\\/entrevista-a-una-trabajadora-social-de-la-luz-de-las-ninas-en-kenia\\\/#primaryimage\"},\"thumbnailUrl\":\"https:\\\/\\\/www.entreculturas.org\\\/wp-content\\\/uploads\\\/2023\\\/11\\\/1000016720.jpg\",\"datePublished\":\"2023-11-27T12:01:53+00:00\",\"dateModified\":\"2024-09-20T07:51:43+00:00\",\"breadcrumb\":{\"@id\":\"https:\\\/\\\/www.entreculturas.org\\\/en\\\/la-luz-de-las-ninas\\\/noticia\\\/entrevista-a-una-trabajadora-social-de-la-luz-de-las-ninas-en-kenia\\\/#breadcrumb\"},\"inLanguage\":\"en-US\",\"potentialAction\":[{\"@type\":\"ReadAction\",\"target\":[\"https:\\\/\\\/www.entreculturas.org\\\/en\\\/la-luz-de-las-ninas\\\/noticia\\\/entrevista-a-una-trabajadora-social-de-la-luz-de-las-ninas-en-kenia\\\/\"]}]},{\"@type\":\"ImageObject\",\"inLanguage\":\"en-US\",\"@id\":\"https:\\\/\\\/www.entreculturas.org\\\/en\\\/la-luz-de-las-ninas\\\/noticia\\\/entrevista-a-una-trabajadora-social-de-la-luz-de-las-ninas-en-kenia\\\/#primaryimage\",\"url\":\"https:\\\/\\\/www.entreculturas.org\\\/wp-content\\\/uploads\\\/2023\\\/11\\\/1000016720.jpg\",\"contentUrl\":\"https:\\\/\\\/www.entreculturas.org\\\/wp-content\\\/uploads\\\/2023\\\/11\\\/1000016720.jpg\",\"width\":1600,\"height\":1200},{\"@type\":\"BreadcrumbList\",\"@id\":\"https:\\\/\\\/www.entreculturas.org\\\/en\\\/la-luz-de-las-ninas\\\/noticia\\\/entrevista-a-una-trabajadora-social-de-la-luz-de-las-ninas-en-kenia\\\/#breadcrumb\",\"itemListElement\":[{\"@type\":\"ListItem\",\"position\":1,\"name\":\"Home\",\"item\":\"https:\\\/\\\/www.entreculturas.org\\\/en\\\/\"},{\"@type\":\"ListItem\",\"position\":2,\"name\":\"Noticias LLDLN\",\"item\":\"https:\\\/\\\/www.entreculturas.org\\\/en\\\/noticias-la-luz-de-las-ninas\\\/\"},{\"@type\":\"ListItem\",\"position\":3,\"name\":\"Entrevista a una trabajadora social de La LUZ de las NI\u00d1AS en Kenia\"}]},{\"@type\":\"WebSite\",\"@id\":\"https:\\\/\\\/www.entreculturas.org\\\/en\\\/#website\",\"url\":\"https:\\\/\\\/www.entreculturas.org\\\/en\\\/\",\"name\":\"Entreculturas\",\"description\":\"\",\"publisher\":{\"@id\":\"https:\\\/\\\/www.entreculturas.org\\\/en\\\/#organization\"},\"alternateName\":\"Entreculturas\",\"potentialAction\":[{\"@type\":\"SearchAction\",\"target\":{\"@type\":\"EntryPoint\",\"urlTemplate\":\"https:\\\/\\\/www.entreculturas.org\\\/en\\\/?s={search_term_string}\"},\"query-input\":{\"@type\":\"PropertyValueSpecification\",\"valueRequired\":true,\"valueName\":\"search_term_string\"}}],\"inLanguage\":\"en-US\"},{\"@type\":\"Organization\",\"@id\":\"https:\\\/\\\/www.entreculturas.org\\\/en\\\/#organization\",\"name\":\"Entreculturas\",\"url\":\"https:\\\/\\\/www.entreculturas.org\\\/en\\\/\",\"logo\":{\"@type\":\"ImageObject\",\"inLanguage\":\"en-US\",\"@id\":\"https:\\\/\\\/www.entreculturas.org\\\/en\\\/#\\\/schema\\\/logo\\\/image\\\/\",\"url\":\"https:\\\/\\\/www.entreculturas.org\\\/wp-content\\\/uploads\\\/2025\\\/10\\\/ESP.svg\",\"contentUrl\":\"https:\\\/\\\/www.entreculturas.org\\\/wp-content\\\/uploads\\\/2025\\\/10\\\/ESP.svg\",\"caption\":\"Entreculturas\"},\"image\":{\"@id\":\"https:\\\/\\\/www.entreculturas.org\\\/en\\\/#\\\/schema\\\/logo\\\/image\\\/\"},\"sameAs\":[\"https:\\\/\\\/www.facebook.com\\\/entreculturas\",\"https:\\\/\\\/x.com\\\/Entreculturas\",\"https:\\\/\\\/www.instagram.com\\\/entreculturas\\\/\",\"https:\\\/\\\/www.youtube.com\\\/user\\\/entreculturasvideo\",\"https:\\\/\\\/www.linkedin.com\\\/company\\\/fundacion-entreculturas-ngdo\\\/\",\"https:\\\/\\\/www.flickr.com\\\/photos\\\/98455522@N04\\\/albums\\\/\"]}]}<\/script>\n<!-- \/ Yoast SEO Premium plugin. -->","yoast_head_json":{"title":"Entrevista a una trabajadora social de La LUZ de las NI\u00d1AS en Kenia - Entreculturas","robots":{"index":"index","follow":"follow","max-snippet":"max-snippet:-1","max-image-preview":"max-image-preview:large","max-video-preview":"max-video-preview:-1"},"canonical":"https:\/\/www.entreculturas.org\/en\/la-luz-de-las-ninas\/noticia\/entrevista-a-una-trabajadora-social-de-la-luz-de-las-ninas-en-kenia\/","og_locale":"en_US","og_type":"article","og_title":"Entrevista a una trabajadora social de La LUZ de las NI\u00d1AS en Kenia","og_description":"Cynthia Odanga es trabajadora social de La LUZ de las NI\u00d1AS en Nairobi, Kenia. Cynthia lleva tres a\u00f1os trabajando, con nuestro socio local, la parroquia de San Jos\u00e9 Obrero, con ni\u00f1as en situaci\u00f3n de extrema vulnerabilidad en el asentamiento informal de Kangemi, uno de los muchos barrios de chabolas de la capital keniata en los que las ni\u00f1as encuentran numerosas barreras para poder acceder a la educaci\u00f3n y vivir dignamente.\u00a0 \u00bfEn qu\u00e9 consiste tu trabajo como trabajadora social en el marco de La LUZ de las NI\u00d1AS? \u00bfC\u00f3mo es tu d\u00eda a d\u00eda? B\u00e1sicamente mi trabajo gira en torno al seguimiento, proporcionando apoyo psicosocial a las ni\u00f1as. Hago visitas a las escuelas, casi siempre los lunes, para comprobar la asistencia de las ni\u00f1as a clase. A partir de las visitas a la escuela, puedo saber qu\u00e9 ni\u00f1as no vienen con regularidad y cu\u00e1les s\u00ed. En el caso de que alguna [&hellip;]","og_url":"https:\/\/www.entreculturas.org\/en\/la-luz-de-las-ninas\/noticia\/entrevista-a-una-trabajadora-social-de-la-luz-de-las-ninas-en-kenia\/","og_site_name":"Entreculturas","article_publisher":"https:\/\/www.facebook.com\/entreculturas","article_modified_time":"2024-09-20T07:51:43+00:00","og_image":[{"width":1600,"height":1200,"url":"https:\/\/www.entreculturas.org\/wp-content\/uploads\/2023\/11\/1000016720.jpg","type":"image\/jpeg"}],"twitter_card":"summary_large_image","twitter_site":"@Entreculturas","schema":{"@context":"https:\/\/schema.org","@graph":[{"@type":"WebPage","@id":"https:\/\/www.entreculturas.org\/en\/la-luz-de-las-ninas\/noticia\/entrevista-a-una-trabajadora-social-de-la-luz-de-las-ninas-en-kenia\/","url":"https:\/\/www.entreculturas.org\/en\/la-luz-de-las-ninas\/noticia\/entrevista-a-una-trabajadora-social-de-la-luz-de-las-ninas-en-kenia\/","name":"Entrevista a una trabajadora social de La LUZ de las NI\u00d1AS en Kenia - Entreculturas","isPartOf":{"@id":"https:\/\/www.entreculturas.org\/en\/#website"},"primaryImageOfPage":{"@id":"https:\/\/www.entreculturas.org\/en\/la-luz-de-las-ninas\/noticia\/entrevista-a-una-trabajadora-social-de-la-luz-de-las-ninas-en-kenia\/#primaryimage"},"image":{"@id":"https:\/\/www.entreculturas.org\/en\/la-luz-de-las-ninas\/noticia\/entrevista-a-una-trabajadora-social-de-la-luz-de-las-ninas-en-kenia\/#primaryimage"},"thumbnailUrl":"https:\/\/www.entreculturas.org\/wp-content\/uploads\/2023\/11\/1000016720.jpg","datePublished":"2023-11-27T12:01:53+00:00","dateModified":"2024-09-20T07:51:43+00:00","breadcrumb":{"@id":"https:\/\/www.entreculturas.org\/en\/la-luz-de-las-ninas\/noticia\/entrevista-a-una-trabajadora-social-de-la-luz-de-las-ninas-en-kenia\/#breadcrumb"},"inLanguage":"en-US","potentialAction":[{"@type":"ReadAction","target":["https:\/\/www.entreculturas.org\/en\/la-luz-de-las-ninas\/noticia\/entrevista-a-una-trabajadora-social-de-la-luz-de-las-ninas-en-kenia\/"]}]},{"@type":"ImageObject","inLanguage":"en-US","@id":"https:\/\/www.entreculturas.org\/en\/la-luz-de-las-ninas\/noticia\/entrevista-a-una-trabajadora-social-de-la-luz-de-las-ninas-en-kenia\/#primaryimage","url":"https:\/\/www.entreculturas.org\/wp-content\/uploads\/2023\/11\/1000016720.jpg","contentUrl":"https:\/\/www.entreculturas.org\/wp-content\/uploads\/2023\/11\/1000016720.jpg","width":1600,"height":1200},{"@type":"BreadcrumbList","@id":"https:\/\/www.entreculturas.org\/en\/la-luz-de-las-ninas\/noticia\/entrevista-a-una-trabajadora-social-de-la-luz-de-las-ninas-en-kenia\/#breadcrumb","itemListElement":[{"@type":"ListItem","position":1,"name":"Home","item":"https:\/\/www.entreculturas.org\/en\/"},{"@type":"ListItem","position":2,"name":"Noticias LLDLN","item":"https:\/\/www.entreculturas.org\/en\/noticias-la-luz-de-las-ninas\/"},{"@type":"ListItem","position":3,"name":"Entrevista a una trabajadora social de La LUZ de las NI\u00d1AS en Kenia"}]},{"@type":"WebSite","@id":"https:\/\/www.entreculturas.org\/en\/#website","url":"https:\/\/www.entreculturas.org\/en\/","name":"Entreculturas","description":"","publisher":{"@id":"https:\/\/www.entreculturas.org\/en\/#organization"},"alternateName":"Entreculturas","potentialAction":[{"@type":"SearchAction","target":{"@type":"EntryPoint","urlTemplate":"https:\/\/www.entreculturas.org\/en\/?s={search_term_string}"},"query-input":{"@type":"PropertyValueSpecification","valueRequired":true,"valueName":"search_term_string"}}],"inLanguage":"en-US"},{"@type":"Organization","@id":"https:\/\/www.entreculturas.org\/en\/#organization","name":"Entreculturas","url":"https:\/\/www.entreculturas.org\/en\/","logo":{"@type":"ImageObject","inLanguage":"en-US","@id":"https:\/\/www.entreculturas.org\/en\/#\/schema\/logo\/image\/","url":"https:\/\/www.entreculturas.org\/wp-content\/uploads\/2025\/10\/ESP.svg","contentUrl":"https:\/\/www.entreculturas.org\/wp-content\/uploads\/2025\/10\/ESP.svg","caption":"Entreculturas"},"image":{"@id":"https:\/\/www.entreculturas.org\/en\/#\/schema\/logo\/image\/"},"sameAs":["https:\/\/www.facebook.com\/entreculturas","https:\/\/x.com\/Entreculturas","https:\/\/www.instagram.com\/entreculturas\/","https:\/\/www.youtube.com\/user\/entreculturasvideo","https:\/\/www.linkedin.com\/company\/fundacion-entreculturas-ngdo\/","https:\/\/www.flickr.com\/photos\/98455522@N04\/albums\/"]}]}},"_links":{"self":[{"href":"https:\/\/www.entreculturas.org\/en\/wp-json\/wp\/v2\/xxx\/921","targetHints":{"allow":["GET"]}}],"collection":[{"href":"https:\/\/www.entreculturas.org\/en\/wp-json\/wp\/v2\/xxx"}],"about":[{"href":"https:\/\/www.entreculturas.org\/en\/wp-json\/wp\/v2\/types\/xxx"}],"wp:featuredmedia":[{"embeddable":true,"href":"https:\/\/www.entreculturas.org\/en\/wp-json\/wp\/v2\/media\/922"}],"wp:attachment":[{"href":"https:\/\/www.entreculturas.org\/en\/wp-json\/wp\/v2\/media?parent=921"}],"wp:term":[{"taxonomy":"category","embeddable":true,"href":"https:\/\/www.entreculturas.org\/en\/wp-json\/wp\/v2\/categories?post=921"},{"taxonomy":"post_tag","embeddable":true,"href":"https:\/\/www.entreculturas.org\/en\/wp-json\/wp\/v2\/tags?post=921"}],"curies":[{"name":"wp","href":"https:\/\/api.w.org\/{rel}","templated":true}]}}