{"id":909,"date":"2023-10-11T10:57:54","date_gmt":"2023-10-11T08:57:54","guid":{"rendered":"https:\/\/www.entreculturas.org\/?post_type=xxx&#038;p=909"},"modified":"2024-09-20T09:49:13","modified_gmt":"2024-09-20T07:49:13","slug":"ninas-de-8-paises-unidas-en-el-foro-internacional-de-la-luz-de-las-ninas","status":"publish","type":"xxx","link":"https:\/\/www.entreculturas.org\/en\/la-luz-de-las-ninas\/noticia\/ninas-de-8-paises-unidas-en-el-foro-internacional-de-la-luz-de-las-ninas\/","title":{"rendered":"Ni\u00f1as de 8 pa\u00edses unidas en el Foro Internacional de La LUZ de las NI\u00d1AS"},"content":{"rendered":"<p><span style=\"font-weight: 400;\">Con motivo del 11 de octubre, <\/span><b>D\u00eda Internacional de la Ni\u00f1a<\/b><span style=\"font-weight: 400;\">, las ni\u00f1as de Guatemala, Chad, Kenia, El Salvador, Honduras, Per\u00fa, Sud\u00e1n del Sur y Nicaragua han vuelto a reunirse en el <\/span><b>Foro Internacional de La LUZ de las NI\u00d1AS<\/b><span style=\"font-weight: 400;\"> para reivindicar y defender su derecho a vivir SANAS Y SALVAS.<\/span><\/p>\n<p><span style=\"font-weight: 400;\">A trav\u00e9s de este encuentro online, que organizamos junto a el <\/span><b>Servicio Jesuita a Refugiados y Fe y Alegr\u00eda<\/b><span style=\"font-weight: 400;\">, tuvimos la oportunidad de poner voz y rostro a la realidad que millones de ni\u00f1as viven en el mundo.<\/span> <span style=\"font-weight: 400;\">Adem\u00e1s de las propias ni\u00f1as, en el Foro participaron diferentes expertas, docentes y artistas que las han acompa\u00f1ado en su proceso de lucha contra la violencia. Las participantes hablaron de sus experiencias personales y de c\u00f3mo la educaci\u00f3n puede cambiar la vida de las ni\u00f1as y alejarlas de la violencia.\u00a0<\/span><\/p>\n<p><span style=\"font-weight: 400;\">En un recorrido de aproximadamente una hora conocimos las historias de vida de algunas de las ni\u00f1as, analizamos las realidades de violencia a las que se enfrentan de la mano de expertas en g\u00e9nero y descubrimos c\u00f3mo este a\u00f1o a trav\u00e9s de <\/span><b>La LUZ de las NI\u00d1AS <\/b><span style=\"font-weight: 400;\">han trabajado con la expresi\u00f3n art\u00edstica para ayudar a las ni\u00f1as a expresar la violencia que sufren y a sanar sus heridas.<\/span><\/p>\n<p><span style=\"font-weight: 400;\">Sandra, una ni\u00f1a de Yambio, Sud\u00e1n del Sur, fue la primera en tomar la palabra. En Yambio <\/span><b>un 93% de las ni\u00f1as afirman vivir con miedo a ser violadas, asesinadas o secuestradas<\/b><span style=\"font-weight: 400;\">. Este es un dato del reciente<\/span><a href=\"https:\/\/www.laluzdelasninas.org\/app\/uploads\/2023\/09\/Informe-Barreras-educativas-y-violencias-hacia-las-ninas-en-Sudan-del-Sur.pdf\"><span style=\"font-weight: 400;\"> informe <\/span><\/a><span style=\"font-weight: 400;\">que realizamos en el marco de la campa\u00f1a en Sud\u00e1n del Sur. Qui\u00e9n mejor que la propia Sandra para contarnos c\u00f3mo es la situaci\u00f3n de las ni\u00f1as all\u00ed.<\/span><\/p>\n<p><span style=\"font-weight: 400;\">\u201cEs muy dif\u00edcil para una ni\u00f1a en Sud\u00e1n del Sur terminar su escuela primaria y entrar en la educaci\u00f3n secundaria sin quedarse embarazada, esto es lo que impide principalmente a las ni\u00f1as ir a la escuela, las ni\u00f1as perdemos la confianza en nosotras mismas\u201d.<\/span><\/p>\n<p><span style=\"font-weight: 400;\">La voz de las ni\u00f1as fue complementada por la de <\/span><b>varias expertas en g\u00e9nero<\/b><span style=\"font-weight: 400;\">, como Sandra Aguilar, de El Salvador, que nos habl\u00f3 de la violencia estructural que viven las ni\u00f1as en Centroam\u00e9rica y que es extensible a otras zonas del mundo. \u201cPara entender la violencia hacia las ni\u00f1as y adolescentes es necesario entender los estereotipos de g\u00e9nero. Las ni\u00f1as en muchas ocasiones son vistas como propiedad de sus padres, lo que las hace m\u00e1s vulnerables ante abusos, explotaci\u00f3n y violencia\u201d.<\/span><\/p>\n<p><span style=\"font-weight: 400;\">Artistas como la campeona nacional de slam poetry en Chad, Triciana, nos hablaron de la importancia de <\/span><b>la expresi\u00f3n de las ni\u00f1as a trav\u00e9s del arte<\/b><span style=\"font-weight: 400;\"> y de c\u00f3mo fue su experiencia trabajando a trav\u00e9s de <\/span><b>La LUZ de las NI\u00d1AS<\/b><span style=\"font-weight: 400;\"> con las ni\u00f1as refugiadas en el Lago Chad. \u201cYo tambi\u00e9n experiment\u00e9 varios tipos de violencia en mi peque\u00f1o cuerpo siendo ni\u00f1a\u201d, explic\u00f3. \u201cLo que m\u00e1s me gust\u00f3 [de los talleres con las ni\u00f1as] fueron nuestros momentos de compartir emociones, dolor y esperanza. Ya no debemos sentir l\u00e1stima por nosotras mismas. <\/span><b>Es hora de hacernos escuchar para que nuestras generaciones venideras no se encuentren en la misma situaci\u00f3<\/b><span style=\"font-weight: 400;\">n que nosotras&#8230; Es mi lucha, es nuestra lucha\u201d.<\/span><\/p>\n<p><span style=\"font-weight: 400;\">Kiara, de Per\u00fa, concluy\u00f3 el encuentro con unas palabras cargadas de reivindicaci\u00f3n y de fuerza: \u201cEn este encuentro del d\u00eda de hoy ha sido muy interesante escucharlas, pero tambi\u00e9n ha sido muy indignante o\u00edr las situaciones de violencia que ustedes han vivido en sus pa\u00edses, como ni\u00f1as obligadas a casarse solo por el hecho de ser ni\u00f1as. Algunas de estas situaciones tambi\u00e9n ocurren en mi pa\u00eds. \u00a1Todo esto me enoja mucho!\u201d<\/span><\/p>\n<p><span style=\"font-weight: 400;\">Tras las palabras de Kiara, las ni\u00f1as de los diferentes pa\u00edses abrieron sus micr\u00f3fonos para alzar sus voces y expresar sus deseos para las ni\u00f1as del mundo. Deseos y esperanzas de por los que seguiremos trabajando desde <\/span><b>La LUZ de las NI\u00d1AS <\/b><span style=\"font-weight: 400;\">para que puedan hacerse realidad.\u00a0<\/span><\/p>\n<p><span style=\"font-weight: 400;\">&#8220;Deseo que todas las ni\u00f1as tengamos paz, seamos libres y podamos decir nuestras opiniones sin importar lo que nos digan..&#8221;<\/span><\/p>\n<p><iframe loading=\"lazy\" title=\"(ESPA\u00d1OL) FORO INTERNACIONAL: LA LUZ DE LAS NI\u00d1AS\" width=\"500\" height=\"281\" src=\"https:\/\/www.youtube.com\/embed\/sg5TCteCdnw?start=1&#038;feature=oembed\" frameborder=\"0\" allow=\"accelerometer; autoplay; clipboard-write; encrypted-media; gyroscope; picture-in-picture; web-share\" referrerpolicy=\"strict-origin-when-cross-origin\" allowfullscreen><\/iframe><\/p>\n","protected":false},"excerpt":{"rendered":"<p>Con motivo del 11 de octubre, D\u00eda Internacional de la Ni\u00f1a, las ni\u00f1as de Guatemala, Chad, Kenia, El Salvador, Honduras, Per\u00fa, Sud\u00e1n del Sur y Nicaragua han vuelto a reunirse en el Foro Internacional de La LUZ de las NI\u00d1AS para reivindicar y defender su derecho a vivir SANAS Y SALVAS. A trav\u00e9s de este encuentro online, que organizamos junto a el Servicio Jesuita a Refugiados y Fe y Alegr\u00eda, tuvimos la oportunidad de poner voz y rostro a la realidad que millones de ni\u00f1as viven en el mundo. Adem\u00e1s de las propias ni\u00f1as, en el Foro participaron diferentes expertas, docentes y artistas que las han acompa\u00f1ado en su proceso de lucha contra la violencia. Las participantes hablaron de sus experiencias personales y de c\u00f3mo la educaci\u00f3n puede cambiar la vida de las ni\u00f1as y alejarlas de la violencia.\u00a0 En un recorrido de aproximadamente una hora conocimos las historias de [&hellip;]<\/p>\n","protected":false},"featured_media":910,"template":"wp-custom-template-noticias-la-luz-de-las-ninas-2","meta":{"_acf_changed":false},"categories":[7],"tags":[],"class_list":["post-909","xxx","type-xxx","status-publish","has-post-thumbnail","hentry","category-noticia"],"acf":[],"yoast_head":"<!-- This site is optimized with the Yoast SEO Premium plugin v21.6 (Yoast SEO v27.5) - https:\/\/yoast.com\/product\/yoast-seo-premium-wordpress\/ -->\n<title>Ni\u00f1as de 8 pa\u00edses unidas en el Foro Internacional de La LUZ de las NI\u00d1AS - Entreculturas<\/title>\n<meta name=\"robots\" content=\"index, follow, max-snippet:-1, max-image-preview:large, max-video-preview:-1\" \/>\n<link rel=\"canonical\" href=\"https:\/\/www.entreculturas.org\/en\/la-luz-de-las-ninas\/noticia\/ninas-de-8-paises-unidas-en-el-foro-internacional-de-la-luz-de-las-ninas\/\" \/>\n<meta property=\"og:locale\" content=\"en_US\" \/>\n<meta property=\"og:type\" content=\"article\" \/>\n<meta property=\"og:title\" content=\"Ni\u00f1as de 8 pa\u00edses unidas en el Foro Internacional de La LUZ de las NI\u00d1AS\" \/>\n<meta property=\"og:description\" content=\"Con motivo del 11 de octubre, D\u00eda Internacional de la Ni\u00f1a, las ni\u00f1as de Guatemala, Chad, Kenia, El Salvador, Honduras, Per\u00fa, Sud\u00e1n del Sur y Nicaragua han vuelto a reunirse en el Foro Internacional de La LUZ de las NI\u00d1AS para reivindicar y defender su derecho a vivir SANAS Y SALVAS. A trav\u00e9s de este encuentro online, que organizamos junto a el Servicio Jesuita a Refugiados y Fe y Alegr\u00eda, tuvimos la oportunidad de poner voz y rostro a la realidad que millones de ni\u00f1as viven en el mundo. Adem\u00e1s de las propias ni\u00f1as, en el Foro participaron diferentes expertas, docentes y artistas que las han acompa\u00f1ado en su proceso de lucha contra la violencia. Las participantes hablaron de sus experiencias personales y de c\u00f3mo la educaci\u00f3n puede cambiar la vida de las ni\u00f1as y alejarlas de la violencia.\u00a0 En un recorrido de aproximadamente una hora conocimos las historias de [&hellip;]\" \/>\n<meta property=\"og:url\" content=\"https:\/\/www.entreculturas.org\/en\/la-luz-de-las-ninas\/noticia\/ninas-de-8-paises-unidas-en-el-foro-internacional-de-la-luz-de-las-ninas\/\" \/>\n<meta property=\"og:site_name\" content=\"Entreculturas\" \/>\n<meta property=\"article:publisher\" content=\"https:\/\/www.facebook.com\/entreculturas\" \/>\n<meta property=\"article:modified_time\" content=\"2024-09-20T07:49:13+00:00\" \/>\n<meta property=\"og:image\" content=\"https:\/\/www.entreculturas.org\/wp-content\/uploads\/2023\/10\/webinar-foto.jpg\" \/>\n\t<meta property=\"og:image:width\" content=\"1250\" \/>\n\t<meta property=\"og:image:height\" content=\"531\" \/>\n\t<meta property=\"og:image:type\" content=\"image\/jpeg\" \/>\n<meta name=\"twitter:card\" content=\"summary_large_image\" \/>\n<meta name=\"twitter:site\" content=\"@Entreculturas\" \/>\n<script type=\"application\/ld+json\" class=\"yoast-schema-graph\">{\"@context\":\"https:\\\/\\\/schema.org\",\"@graph\":[{\"@type\":\"WebPage\",\"@id\":\"https:\\\/\\\/www.entreculturas.org\\\/en\\\/la-luz-de-las-ninas\\\/noticia\\\/ninas-de-8-paises-unidas-en-el-foro-internacional-de-la-luz-de-las-ninas\\\/\",\"url\":\"https:\\\/\\\/www.entreculturas.org\\\/en\\\/la-luz-de-las-ninas\\\/noticia\\\/ninas-de-8-paises-unidas-en-el-foro-internacional-de-la-luz-de-las-ninas\\\/\",\"name\":\"Ni\u00f1as de 8 pa\u00edses unidas en el Foro Internacional de La LUZ de las NI\u00d1AS - Entreculturas\",\"isPartOf\":{\"@id\":\"https:\\\/\\\/www.entreculturas.org\\\/en\\\/#website\"},\"primaryImageOfPage\":{\"@id\":\"https:\\\/\\\/www.entreculturas.org\\\/en\\\/la-luz-de-las-ninas\\\/noticia\\\/ninas-de-8-paises-unidas-en-el-foro-internacional-de-la-luz-de-las-ninas\\\/#primaryimage\"},\"image\":{\"@id\":\"https:\\\/\\\/www.entreculturas.org\\\/en\\\/la-luz-de-las-ninas\\\/noticia\\\/ninas-de-8-paises-unidas-en-el-foro-internacional-de-la-luz-de-las-ninas\\\/#primaryimage\"},\"thumbnailUrl\":\"https:\\\/\\\/www.entreculturas.org\\\/wp-content\\\/uploads\\\/2023\\\/10\\\/webinar-foto.jpg\",\"datePublished\":\"2023-10-11T08:57:54+00:00\",\"dateModified\":\"2024-09-20T07:49:13+00:00\",\"breadcrumb\":{\"@id\":\"https:\\\/\\\/www.entreculturas.org\\\/en\\\/la-luz-de-las-ninas\\\/noticia\\\/ninas-de-8-paises-unidas-en-el-foro-internacional-de-la-luz-de-las-ninas\\\/#breadcrumb\"},\"inLanguage\":\"en-US\",\"potentialAction\":[{\"@type\":\"ReadAction\",\"target\":[\"https:\\\/\\\/www.entreculturas.org\\\/en\\\/la-luz-de-las-ninas\\\/noticia\\\/ninas-de-8-paises-unidas-en-el-foro-internacional-de-la-luz-de-las-ninas\\\/\"]}]},{\"@type\":\"ImageObject\",\"inLanguage\":\"en-US\",\"@id\":\"https:\\\/\\\/www.entreculturas.org\\\/en\\\/la-luz-de-las-ninas\\\/noticia\\\/ninas-de-8-paises-unidas-en-el-foro-internacional-de-la-luz-de-las-ninas\\\/#primaryimage\",\"url\":\"https:\\\/\\\/www.entreculturas.org\\\/wp-content\\\/uploads\\\/2023\\\/10\\\/webinar-foto.jpg\",\"contentUrl\":\"https:\\\/\\\/www.entreculturas.org\\\/wp-content\\\/uploads\\\/2023\\\/10\\\/webinar-foto.jpg\",\"width\":1250,\"height\":531},{\"@type\":\"BreadcrumbList\",\"@id\":\"https:\\\/\\\/www.entreculturas.org\\\/en\\\/la-luz-de-las-ninas\\\/noticia\\\/ninas-de-8-paises-unidas-en-el-foro-internacional-de-la-luz-de-las-ninas\\\/#breadcrumb\",\"itemListElement\":[{\"@type\":\"ListItem\",\"position\":1,\"name\":\"Home\",\"item\":\"https:\\\/\\\/www.entreculturas.org\\\/en\\\/\"},{\"@type\":\"ListItem\",\"position\":2,\"name\":\"Noticias LLDLN\",\"item\":\"https:\\\/\\\/www.entreculturas.org\\\/en\\\/noticias-la-luz-de-las-ninas\\\/\"},{\"@type\":\"ListItem\",\"position\":3,\"name\":\"Ni\u00f1as de 8 pa\u00edses unidas en el Foro Internacional de La LUZ de las NI\u00d1AS\"}]},{\"@type\":\"WebSite\",\"@id\":\"https:\\\/\\\/www.entreculturas.org\\\/en\\\/#website\",\"url\":\"https:\\\/\\\/www.entreculturas.org\\\/en\\\/\",\"name\":\"Entreculturas\",\"description\":\"\",\"publisher\":{\"@id\":\"https:\\\/\\\/www.entreculturas.org\\\/en\\\/#organization\"},\"alternateName\":\"Entreculturas\",\"potentialAction\":[{\"@type\":\"SearchAction\",\"target\":{\"@type\":\"EntryPoint\",\"urlTemplate\":\"https:\\\/\\\/www.entreculturas.org\\\/en\\\/?s={search_term_string}\"},\"query-input\":{\"@type\":\"PropertyValueSpecification\",\"valueRequired\":true,\"valueName\":\"search_term_string\"}}],\"inLanguage\":\"en-US\"},{\"@type\":\"Organization\",\"@id\":\"https:\\\/\\\/www.entreculturas.org\\\/en\\\/#organization\",\"name\":\"Entreculturas\",\"url\":\"https:\\\/\\\/www.entreculturas.org\\\/en\\\/\",\"logo\":{\"@type\":\"ImageObject\",\"inLanguage\":\"en-US\",\"@id\":\"https:\\\/\\\/www.entreculturas.org\\\/en\\\/#\\\/schema\\\/logo\\\/image\\\/\",\"url\":\"https:\\\/\\\/www.entreculturas.org\\\/wp-content\\\/uploads\\\/2025\\\/10\\\/ESP.svg\",\"contentUrl\":\"https:\\\/\\\/www.entreculturas.org\\\/wp-content\\\/uploads\\\/2025\\\/10\\\/ESP.svg\",\"caption\":\"Entreculturas\"},\"image\":{\"@id\":\"https:\\\/\\\/www.entreculturas.org\\\/en\\\/#\\\/schema\\\/logo\\\/image\\\/\"},\"sameAs\":[\"https:\\\/\\\/www.facebook.com\\\/entreculturas\",\"https:\\\/\\\/x.com\\\/Entreculturas\",\"https:\\\/\\\/www.instagram.com\\\/entreculturas\\\/\",\"https:\\\/\\\/www.youtube.com\\\/user\\\/entreculturasvideo\",\"https:\\\/\\\/www.linkedin.com\\\/company\\\/fundacion-entreculturas-ngdo\\\/\",\"https:\\\/\\\/www.flickr.com\\\/photos\\\/98455522@N04\\\/albums\\\/\"]}]}<\/script>\n<!-- \/ Yoast SEO Premium plugin. -->","yoast_head_json":{"title":"Ni\u00f1as de 8 pa\u00edses unidas en el Foro Internacional de La LUZ de las NI\u00d1AS - Entreculturas","robots":{"index":"index","follow":"follow","max-snippet":"max-snippet:-1","max-image-preview":"max-image-preview:large","max-video-preview":"max-video-preview:-1"},"canonical":"https:\/\/www.entreculturas.org\/en\/la-luz-de-las-ninas\/noticia\/ninas-de-8-paises-unidas-en-el-foro-internacional-de-la-luz-de-las-ninas\/","og_locale":"en_US","og_type":"article","og_title":"Ni\u00f1as de 8 pa\u00edses unidas en el Foro Internacional de La LUZ de las NI\u00d1AS","og_description":"Con motivo del 11 de octubre, D\u00eda Internacional de la Ni\u00f1a, las ni\u00f1as de Guatemala, Chad, Kenia, El Salvador, Honduras, Per\u00fa, Sud\u00e1n del Sur y Nicaragua han vuelto a reunirse en el Foro Internacional de La LUZ de las NI\u00d1AS para reivindicar y defender su derecho a vivir SANAS Y SALVAS. A trav\u00e9s de este encuentro online, que organizamos junto a el Servicio Jesuita a Refugiados y Fe y Alegr\u00eda, tuvimos la oportunidad de poner voz y rostro a la realidad que millones de ni\u00f1as viven en el mundo. Adem\u00e1s de las propias ni\u00f1as, en el Foro participaron diferentes expertas, docentes y artistas que las han acompa\u00f1ado en su proceso de lucha contra la violencia. Las participantes hablaron de sus experiencias personales y de c\u00f3mo la educaci\u00f3n puede cambiar la vida de las ni\u00f1as y alejarlas de la violencia.\u00a0 En un recorrido de aproximadamente una hora conocimos las historias de [&hellip;]","og_url":"https:\/\/www.entreculturas.org\/en\/la-luz-de-las-ninas\/noticia\/ninas-de-8-paises-unidas-en-el-foro-internacional-de-la-luz-de-las-ninas\/","og_site_name":"Entreculturas","article_publisher":"https:\/\/www.facebook.com\/entreculturas","article_modified_time":"2024-09-20T07:49:13+00:00","og_image":[{"width":1250,"height":531,"url":"https:\/\/www.entreculturas.org\/wp-content\/uploads\/2023\/10\/webinar-foto.jpg","type":"image\/jpeg"}],"twitter_card":"summary_large_image","twitter_site":"@Entreculturas","schema":{"@context":"https:\/\/schema.org","@graph":[{"@type":"WebPage","@id":"https:\/\/www.entreculturas.org\/en\/la-luz-de-las-ninas\/noticia\/ninas-de-8-paises-unidas-en-el-foro-internacional-de-la-luz-de-las-ninas\/","url":"https:\/\/www.entreculturas.org\/en\/la-luz-de-las-ninas\/noticia\/ninas-de-8-paises-unidas-en-el-foro-internacional-de-la-luz-de-las-ninas\/","name":"Ni\u00f1as de 8 pa\u00edses unidas en el Foro Internacional de La LUZ de las NI\u00d1AS - Entreculturas","isPartOf":{"@id":"https:\/\/www.entreculturas.org\/en\/#website"},"primaryImageOfPage":{"@id":"https:\/\/www.entreculturas.org\/en\/la-luz-de-las-ninas\/noticia\/ninas-de-8-paises-unidas-en-el-foro-internacional-de-la-luz-de-las-ninas\/#primaryimage"},"image":{"@id":"https:\/\/www.entreculturas.org\/en\/la-luz-de-las-ninas\/noticia\/ninas-de-8-paises-unidas-en-el-foro-internacional-de-la-luz-de-las-ninas\/#primaryimage"},"thumbnailUrl":"https:\/\/www.entreculturas.org\/wp-content\/uploads\/2023\/10\/webinar-foto.jpg","datePublished":"2023-10-11T08:57:54+00:00","dateModified":"2024-09-20T07:49:13+00:00","breadcrumb":{"@id":"https:\/\/www.entreculturas.org\/en\/la-luz-de-las-ninas\/noticia\/ninas-de-8-paises-unidas-en-el-foro-internacional-de-la-luz-de-las-ninas\/#breadcrumb"},"inLanguage":"en-US","potentialAction":[{"@type":"ReadAction","target":["https:\/\/www.entreculturas.org\/en\/la-luz-de-las-ninas\/noticia\/ninas-de-8-paises-unidas-en-el-foro-internacional-de-la-luz-de-las-ninas\/"]}]},{"@type":"ImageObject","inLanguage":"en-US","@id":"https:\/\/www.entreculturas.org\/en\/la-luz-de-las-ninas\/noticia\/ninas-de-8-paises-unidas-en-el-foro-internacional-de-la-luz-de-las-ninas\/#primaryimage","url":"https:\/\/www.entreculturas.org\/wp-content\/uploads\/2023\/10\/webinar-foto.jpg","contentUrl":"https:\/\/www.entreculturas.org\/wp-content\/uploads\/2023\/10\/webinar-foto.jpg","width":1250,"height":531},{"@type":"BreadcrumbList","@id":"https:\/\/www.entreculturas.org\/en\/la-luz-de-las-ninas\/noticia\/ninas-de-8-paises-unidas-en-el-foro-internacional-de-la-luz-de-las-ninas\/#breadcrumb","itemListElement":[{"@type":"ListItem","position":1,"name":"Home","item":"https:\/\/www.entreculturas.org\/en\/"},{"@type":"ListItem","position":2,"name":"Noticias LLDLN","item":"https:\/\/www.entreculturas.org\/en\/noticias-la-luz-de-las-ninas\/"},{"@type":"ListItem","position":3,"name":"Ni\u00f1as de 8 pa\u00edses unidas en el Foro Internacional de La LUZ de las NI\u00d1AS"}]},{"@type":"WebSite","@id":"https:\/\/www.entreculturas.org\/en\/#website","url":"https:\/\/www.entreculturas.org\/en\/","name":"Entreculturas","description":"","publisher":{"@id":"https:\/\/www.entreculturas.org\/en\/#organization"},"alternateName":"Entreculturas","potentialAction":[{"@type":"SearchAction","target":{"@type":"EntryPoint","urlTemplate":"https:\/\/www.entreculturas.org\/en\/?s={search_term_string}"},"query-input":{"@type":"PropertyValueSpecification","valueRequired":true,"valueName":"search_term_string"}}],"inLanguage":"en-US"},{"@type":"Organization","@id":"https:\/\/www.entreculturas.org\/en\/#organization","name":"Entreculturas","url":"https:\/\/www.entreculturas.org\/en\/","logo":{"@type":"ImageObject","inLanguage":"en-US","@id":"https:\/\/www.entreculturas.org\/en\/#\/schema\/logo\/image\/","url":"https:\/\/www.entreculturas.org\/wp-content\/uploads\/2025\/10\/ESP.svg","contentUrl":"https:\/\/www.entreculturas.org\/wp-content\/uploads\/2025\/10\/ESP.svg","caption":"Entreculturas"},"image":{"@id":"https:\/\/www.entreculturas.org\/en\/#\/schema\/logo\/image\/"},"sameAs":["https:\/\/www.facebook.com\/entreculturas","https:\/\/x.com\/Entreculturas","https:\/\/www.instagram.com\/entreculturas\/","https:\/\/www.youtube.com\/user\/entreculturasvideo","https:\/\/www.linkedin.com\/company\/fundacion-entreculturas-ngdo\/","https:\/\/www.flickr.com\/photos\/98455522@N04\/albums\/"]}]}},"_links":{"self":[{"href":"https:\/\/www.entreculturas.org\/en\/wp-json\/wp\/v2\/xxx\/909","targetHints":{"allow":["GET"]}}],"collection":[{"href":"https:\/\/www.entreculturas.org\/en\/wp-json\/wp\/v2\/xxx"}],"about":[{"href":"https:\/\/www.entreculturas.org\/en\/wp-json\/wp\/v2\/types\/xxx"}],"wp:featuredmedia":[{"embeddable":true,"href":"https:\/\/www.entreculturas.org\/en\/wp-json\/wp\/v2\/media\/910"}],"wp:attachment":[{"href":"https:\/\/www.entreculturas.org\/en\/wp-json\/wp\/v2\/media?parent=909"}],"wp:term":[{"taxonomy":"category","embeddable":true,"href":"https:\/\/www.entreculturas.org\/en\/wp-json\/wp\/v2\/categories?post=909"},{"taxonomy":"post_tag","embeddable":true,"href":"https:\/\/www.entreculturas.org\/en\/wp-json\/wp\/v2\/tags?post=909"}],"curies":[{"name":"wp","href":"https:\/\/api.w.org\/{rel}","templated":true}]}}