{"id":837,"date":"2022-11-24T13:31:26","date_gmt":"2022-11-24T12:31:26","guid":{"rendered":"https:\/\/www.entreculturas.org\/?post_type=xxx&#038;p=837"},"modified":"2024-09-20T09:40:44","modified_gmt":"2024-09-20T07:40:44","slug":"25n-antes-fueron-ninas","status":"publish","type":"xxx","link":"https:\/\/www.entreculturas.org\/en\/la-luz-de-las-ninas\/noticia\/25n-antes-fueron-ninas\/","title":{"rendered":"25N: Antes fueron ni\u00f1as"},"content":{"rendered":"<p><span style=\"font-weight: 400;\">Hoy, 25 de noviembre, es el <\/span><b>D\u00eda Internacional de la Eliminaci\u00f3n de la Violencia contra la Mujer<\/b><span style=\"font-weight: 400;\">. Una violencia que va en aumento en todo el mundo y que, en muchos casos, comienza ya en la infancia.\u00a0<\/span><\/p>\n<p><b><i>\u201cSe nos obliga a casarnos cuando somos muy ni\u00f1as para poder traer ingresos a la familia, a casarnos con hombres que no elegimos y que no son de nuestra edad. Experimentamos abusos sexuales y acoso cuando vamos a buscar agua, de camino al mercado e incluso al colegio\u201d<\/i><\/b><i><span style=\"font-weight: 400;\">.\u00a0<\/span><\/i><\/p>\n<p><span style=\"font-weight: 400;\">Lamaku tiene 14 a\u00f1os y es una de las participantes en la campa\u00f1a La LUZ de las NI\u00d1AS en Yambio, Sud\u00e1n del Sur.<\/span><\/p>\n<p><span style=\"font-weight: 400;\">En el mundo, 120 millones de ni\u00f1as han sido v\u00edctimas de <\/span><b>violencia sexual,<\/b><span style=\"font-weight: 400;\"> m\u00e1s de 200 millones han sufrido la <\/span><b>mutilaci\u00f3n genital femenina<\/b><span style=\"font-weight: 400;\"> y una de cada cinco es obligada a casarse<\/span><b>.<\/b><span style=\"font-weight: 400;\"> En muchas ocasiones, la <\/span><b>escuela<\/b><span style=\"font-weight: 400;\"> es el \u00fanico <\/span><b>espacio seguro<\/b><span style=\"font-weight: 400;\"> para ellas. Todas las ni\u00f1as y mujeres sin excepci\u00f3n tienen derecho a la educaci\u00f3n, a decidir sobre su vida, su futuro y a ser respetadas.<\/span><\/p>\n<p><i><span style=\"font-weight: 400;\">\u00ab<\/span><\/i><b><i>Lo que s\u00e9 es que las ni\u00f1as deber\u00edamos estar unidas y luchar juntas por nuestra propia supervivencia<\/i><\/b><i><span style=\"font-weight: 400;\">, para que nosotras podamos tener nuestros derechos como ni\u00f1as y para ser fuertes. Quiz\u00e1s la educaci\u00f3n es lo que m\u00e1s nos puede ayudar para conseguir nuestros objetivos y para que se nos vea como personas valiosas para el pa\u00eds\u201d.<\/span><\/i><\/p>\n<p><span style=\"font-weight: 400;\">En Entreculturas, a trav\u00e9s de <\/span><b>La LUZ de las NI\u00d1AS<\/b><span style=\"font-weight: 400;\">, tenemos el compromiso de combatir la violencia hacia las ni\u00f1as y mujeres, por eso trabajamos en pa\u00edses como Sud\u00e1n del Sur para prevenir este tipo de violencia y promover escuelas seguras y libres de violencia.<\/span><\/p>\n<p><a href=\"https:\/\/colabora.entreculturas.org\/es\/dona-LaLUZdelasNINAS?utm_source=email&amp;utm_medium=boton&amp;utm_campaign=25N2022\"><b>Te necesitamos para proteger a las mujeres del futuro.<\/b><\/a><\/p>\n<p>&nbsp;<\/p>\n<p>&nbsp;<\/p>\n","protected":false},"excerpt":{"rendered":"<p>Hoy, 25 de noviembre, es el D\u00eda Internacional de la Eliminaci\u00f3n de la Violencia contra la Mujer. Una violencia que va en aumento en todo el mundo y que, en muchos casos, comienza ya en la infancia.\u00a0 \u201cSe nos obliga a casarnos cuando somos muy ni\u00f1as para poder traer ingresos a la familia, a casarnos con hombres que no elegimos y que no son de nuestra edad. Experimentamos abusos sexuales y acoso cuando vamos a buscar agua, de camino al mercado e incluso al colegio\u201d.\u00a0 Lamaku tiene 14 a\u00f1os y es una de las participantes en la campa\u00f1a La LUZ de las NI\u00d1AS en Yambio, Sud\u00e1n del Sur. En el mundo, 120 millones de ni\u00f1as han sido v\u00edctimas de violencia sexual, m\u00e1s de 200 millones han sufrido la mutilaci\u00f3n genital femenina y una de cada cinco es obligada a casarse. En muchas ocasiones, la escuela es el \u00fanico espacio seguro [&hellip;]<\/p>\n","protected":false},"featured_media":838,"template":"wp-custom-template-noticias-la-luz-de-las-ninas-2","meta":{"_acf_changed":false},"categories":[7],"tags":[],"class_list":["post-837","xxx","type-xxx","status-publish","has-post-thumbnail","hentry","category-noticia"],"acf":[],"yoast_head":"<!-- This site is optimized with the Yoast SEO Premium plugin v21.6 (Yoast SEO v27.5) - https:\/\/yoast.com\/product\/yoast-seo-premium-wordpress\/ -->\n<title>25N: Antes fueron ni\u00f1as - Entreculturas<\/title>\n<meta name=\"robots\" content=\"index, follow, max-snippet:-1, max-image-preview:large, max-video-preview:-1\" \/>\n<link rel=\"canonical\" href=\"https:\/\/www.entreculturas.org\/en\/la-luz-de-las-ninas\/noticia\/25n-antes-fueron-ninas\/\" \/>\n<meta property=\"og:locale\" content=\"en_US\" \/>\n<meta property=\"og:type\" content=\"article\" \/>\n<meta property=\"og:title\" content=\"25N: Antes fueron ni\u00f1as\" \/>\n<meta property=\"og:description\" content=\"Hoy, 25 de noviembre, es el D\u00eda Internacional de la Eliminaci\u00f3n de la Violencia contra la Mujer. Una violencia que va en aumento en todo el mundo y que, en muchos casos, comienza ya en la infancia.\u00a0 \u201cSe nos obliga a casarnos cuando somos muy ni\u00f1as para poder traer ingresos a la familia, a casarnos con hombres que no elegimos y que no son de nuestra edad. Experimentamos abusos sexuales y acoso cuando vamos a buscar agua, de camino al mercado e incluso al colegio\u201d.\u00a0 Lamaku tiene 14 a\u00f1os y es una de las participantes en la campa\u00f1a La LUZ de las NI\u00d1AS en Yambio, Sud\u00e1n del Sur. En el mundo, 120 millones de ni\u00f1as han sido v\u00edctimas de violencia sexual, m\u00e1s de 200 millones han sufrido la mutilaci\u00f3n genital femenina y una de cada cinco es obligada a casarse. En muchas ocasiones, la escuela es el \u00fanico espacio seguro [&hellip;]\" \/>\n<meta property=\"og:url\" content=\"https:\/\/www.entreculturas.org\/en\/la-luz-de-las-ninas\/noticia\/25n-antes-fueron-ninas\/\" \/>\n<meta property=\"og:site_name\" content=\"Entreculturas\" \/>\n<meta property=\"article:publisher\" content=\"https:\/\/www.facebook.com\/entreculturas\" \/>\n<meta property=\"article:modified_time\" content=\"2024-09-20T07:40:44+00:00\" \/>\n<meta property=\"og:image\" content=\"https:\/\/www.entreculturas.org\/wp-content\/uploads\/2022\/11\/25n2022_PaulaCasado.jpg\" \/>\n\t<meta property=\"og:image:width\" content=\"648\" \/>\n\t<meta property=\"og:image:height\" content=\"430\" \/>\n\t<meta property=\"og:image:type\" content=\"image\/jpeg\" \/>\n<meta name=\"twitter:card\" content=\"summary_large_image\" \/>\n<meta name=\"twitter:site\" content=\"@Entreculturas\" \/>\n<script type=\"application\/ld+json\" class=\"yoast-schema-graph\">{\"@context\":\"https:\\\/\\\/schema.org\",\"@graph\":[{\"@type\":\"WebPage\",\"@id\":\"https:\\\/\\\/www.entreculturas.org\\\/en\\\/la-luz-de-las-ninas\\\/noticia\\\/25n-antes-fueron-ninas\\\/\",\"url\":\"https:\\\/\\\/www.entreculturas.org\\\/en\\\/la-luz-de-las-ninas\\\/noticia\\\/25n-antes-fueron-ninas\\\/\",\"name\":\"25N: Antes fueron ni\u00f1as - Entreculturas\",\"isPartOf\":{\"@id\":\"https:\\\/\\\/www.entreculturas.org\\\/en\\\/#website\"},\"primaryImageOfPage\":{\"@id\":\"https:\\\/\\\/www.entreculturas.org\\\/en\\\/la-luz-de-las-ninas\\\/noticia\\\/25n-antes-fueron-ninas\\\/#primaryimage\"},\"image\":{\"@id\":\"https:\\\/\\\/www.entreculturas.org\\\/en\\\/la-luz-de-las-ninas\\\/noticia\\\/25n-antes-fueron-ninas\\\/#primaryimage\"},\"thumbnailUrl\":\"https:\\\/\\\/www.entreculturas.org\\\/wp-content\\\/uploads\\\/2022\\\/11\\\/25n2022_PaulaCasado.jpg\",\"datePublished\":\"2022-11-24T12:31:26+00:00\",\"dateModified\":\"2024-09-20T07:40:44+00:00\",\"breadcrumb\":{\"@id\":\"https:\\\/\\\/www.entreculturas.org\\\/en\\\/la-luz-de-las-ninas\\\/noticia\\\/25n-antes-fueron-ninas\\\/#breadcrumb\"},\"inLanguage\":\"en-US\",\"potentialAction\":[{\"@type\":\"ReadAction\",\"target\":[\"https:\\\/\\\/www.entreculturas.org\\\/en\\\/la-luz-de-las-ninas\\\/noticia\\\/25n-antes-fueron-ninas\\\/\"]}]},{\"@type\":\"ImageObject\",\"inLanguage\":\"en-US\",\"@id\":\"https:\\\/\\\/www.entreculturas.org\\\/en\\\/la-luz-de-las-ninas\\\/noticia\\\/25n-antes-fueron-ninas\\\/#primaryimage\",\"url\":\"https:\\\/\\\/www.entreculturas.org\\\/wp-content\\\/uploads\\\/2022\\\/11\\\/25n2022_PaulaCasado.jpg\",\"contentUrl\":\"https:\\\/\\\/www.entreculturas.org\\\/wp-content\\\/uploads\\\/2022\\\/11\\\/25n2022_PaulaCasado.jpg\",\"width\":648,\"height\":430},{\"@type\":\"BreadcrumbList\",\"@id\":\"https:\\\/\\\/www.entreculturas.org\\\/en\\\/la-luz-de-las-ninas\\\/noticia\\\/25n-antes-fueron-ninas\\\/#breadcrumb\",\"itemListElement\":[{\"@type\":\"ListItem\",\"position\":1,\"name\":\"Home\",\"item\":\"https:\\\/\\\/www.entreculturas.org\\\/en\\\/\"},{\"@type\":\"ListItem\",\"position\":2,\"name\":\"Noticias LLDLN\",\"item\":\"https:\\\/\\\/www.entreculturas.org\\\/en\\\/noticias-la-luz-de-las-ninas\\\/\"},{\"@type\":\"ListItem\",\"position\":3,\"name\":\"25N: Antes fueron ni\u00f1as\"}]},{\"@type\":\"WebSite\",\"@id\":\"https:\\\/\\\/www.entreculturas.org\\\/en\\\/#website\",\"url\":\"https:\\\/\\\/www.entreculturas.org\\\/en\\\/\",\"name\":\"Entreculturas\",\"description\":\"\",\"publisher\":{\"@id\":\"https:\\\/\\\/www.entreculturas.org\\\/en\\\/#organization\"},\"alternateName\":\"Entreculturas\",\"potentialAction\":[{\"@type\":\"SearchAction\",\"target\":{\"@type\":\"EntryPoint\",\"urlTemplate\":\"https:\\\/\\\/www.entreculturas.org\\\/en\\\/?s={search_term_string}\"},\"query-input\":{\"@type\":\"PropertyValueSpecification\",\"valueRequired\":true,\"valueName\":\"search_term_string\"}}],\"inLanguage\":\"en-US\"},{\"@type\":\"Organization\",\"@id\":\"https:\\\/\\\/www.entreculturas.org\\\/en\\\/#organization\",\"name\":\"Entreculturas\",\"url\":\"https:\\\/\\\/www.entreculturas.org\\\/en\\\/\",\"logo\":{\"@type\":\"ImageObject\",\"inLanguage\":\"en-US\",\"@id\":\"https:\\\/\\\/www.entreculturas.org\\\/en\\\/#\\\/schema\\\/logo\\\/image\\\/\",\"url\":\"https:\\\/\\\/www.entreculturas.org\\\/wp-content\\\/uploads\\\/2025\\\/10\\\/ESP.svg\",\"contentUrl\":\"https:\\\/\\\/www.entreculturas.org\\\/wp-content\\\/uploads\\\/2025\\\/10\\\/ESP.svg\",\"caption\":\"Entreculturas\"},\"image\":{\"@id\":\"https:\\\/\\\/www.entreculturas.org\\\/en\\\/#\\\/schema\\\/logo\\\/image\\\/\"},\"sameAs\":[\"https:\\\/\\\/www.facebook.com\\\/entreculturas\",\"https:\\\/\\\/x.com\\\/Entreculturas\",\"https:\\\/\\\/www.instagram.com\\\/entreculturas\\\/\",\"https:\\\/\\\/www.youtube.com\\\/user\\\/entreculturasvideo\",\"https:\\\/\\\/www.linkedin.com\\\/company\\\/fundacion-entreculturas-ngdo\\\/\",\"https:\\\/\\\/www.flickr.com\\\/photos\\\/98455522@N04\\\/albums\\\/\"]}]}<\/script>\n<!-- \/ Yoast SEO Premium plugin. -->","yoast_head_json":{"title":"25N: Antes fueron ni\u00f1as - Entreculturas","robots":{"index":"index","follow":"follow","max-snippet":"max-snippet:-1","max-image-preview":"max-image-preview:large","max-video-preview":"max-video-preview:-1"},"canonical":"https:\/\/www.entreculturas.org\/en\/la-luz-de-las-ninas\/noticia\/25n-antes-fueron-ninas\/","og_locale":"en_US","og_type":"article","og_title":"25N: Antes fueron ni\u00f1as","og_description":"Hoy, 25 de noviembre, es el D\u00eda Internacional de la Eliminaci\u00f3n de la Violencia contra la Mujer. Una violencia que va en aumento en todo el mundo y que, en muchos casos, comienza ya en la infancia.\u00a0 \u201cSe nos obliga a casarnos cuando somos muy ni\u00f1as para poder traer ingresos a la familia, a casarnos con hombres que no elegimos y que no son de nuestra edad. Experimentamos abusos sexuales y acoso cuando vamos a buscar agua, de camino al mercado e incluso al colegio\u201d.\u00a0 Lamaku tiene 14 a\u00f1os y es una de las participantes en la campa\u00f1a La LUZ de las NI\u00d1AS en Yambio, Sud\u00e1n del Sur. En el mundo, 120 millones de ni\u00f1as han sido v\u00edctimas de violencia sexual, m\u00e1s de 200 millones han sufrido la mutilaci\u00f3n genital femenina y una de cada cinco es obligada a casarse. En muchas ocasiones, la escuela es el \u00fanico espacio seguro [&hellip;]","og_url":"https:\/\/www.entreculturas.org\/en\/la-luz-de-las-ninas\/noticia\/25n-antes-fueron-ninas\/","og_site_name":"Entreculturas","article_publisher":"https:\/\/www.facebook.com\/entreculturas","article_modified_time":"2024-09-20T07:40:44+00:00","og_image":[{"width":648,"height":430,"url":"https:\/\/www.entreculturas.org\/wp-content\/uploads\/2022\/11\/25n2022_PaulaCasado.jpg","type":"image\/jpeg"}],"twitter_card":"summary_large_image","twitter_site":"@Entreculturas","schema":{"@context":"https:\/\/schema.org","@graph":[{"@type":"WebPage","@id":"https:\/\/www.entreculturas.org\/en\/la-luz-de-las-ninas\/noticia\/25n-antes-fueron-ninas\/","url":"https:\/\/www.entreculturas.org\/en\/la-luz-de-las-ninas\/noticia\/25n-antes-fueron-ninas\/","name":"25N: Antes fueron ni\u00f1as - Entreculturas","isPartOf":{"@id":"https:\/\/www.entreculturas.org\/en\/#website"},"primaryImageOfPage":{"@id":"https:\/\/www.entreculturas.org\/en\/la-luz-de-las-ninas\/noticia\/25n-antes-fueron-ninas\/#primaryimage"},"image":{"@id":"https:\/\/www.entreculturas.org\/en\/la-luz-de-las-ninas\/noticia\/25n-antes-fueron-ninas\/#primaryimage"},"thumbnailUrl":"https:\/\/www.entreculturas.org\/wp-content\/uploads\/2022\/11\/25n2022_PaulaCasado.jpg","datePublished":"2022-11-24T12:31:26+00:00","dateModified":"2024-09-20T07:40:44+00:00","breadcrumb":{"@id":"https:\/\/www.entreculturas.org\/en\/la-luz-de-las-ninas\/noticia\/25n-antes-fueron-ninas\/#breadcrumb"},"inLanguage":"en-US","potentialAction":[{"@type":"ReadAction","target":["https:\/\/www.entreculturas.org\/en\/la-luz-de-las-ninas\/noticia\/25n-antes-fueron-ninas\/"]}]},{"@type":"ImageObject","inLanguage":"en-US","@id":"https:\/\/www.entreculturas.org\/en\/la-luz-de-las-ninas\/noticia\/25n-antes-fueron-ninas\/#primaryimage","url":"https:\/\/www.entreculturas.org\/wp-content\/uploads\/2022\/11\/25n2022_PaulaCasado.jpg","contentUrl":"https:\/\/www.entreculturas.org\/wp-content\/uploads\/2022\/11\/25n2022_PaulaCasado.jpg","width":648,"height":430},{"@type":"BreadcrumbList","@id":"https:\/\/www.entreculturas.org\/en\/la-luz-de-las-ninas\/noticia\/25n-antes-fueron-ninas\/#breadcrumb","itemListElement":[{"@type":"ListItem","position":1,"name":"Home","item":"https:\/\/www.entreculturas.org\/en\/"},{"@type":"ListItem","position":2,"name":"Noticias LLDLN","item":"https:\/\/www.entreculturas.org\/en\/noticias-la-luz-de-las-ninas\/"},{"@type":"ListItem","position":3,"name":"25N: Antes fueron ni\u00f1as"}]},{"@type":"WebSite","@id":"https:\/\/www.entreculturas.org\/en\/#website","url":"https:\/\/www.entreculturas.org\/en\/","name":"Entreculturas","description":"","publisher":{"@id":"https:\/\/www.entreculturas.org\/en\/#organization"},"alternateName":"Entreculturas","potentialAction":[{"@type":"SearchAction","target":{"@type":"EntryPoint","urlTemplate":"https:\/\/www.entreculturas.org\/en\/?s={search_term_string}"},"query-input":{"@type":"PropertyValueSpecification","valueRequired":true,"valueName":"search_term_string"}}],"inLanguage":"en-US"},{"@type":"Organization","@id":"https:\/\/www.entreculturas.org\/en\/#organization","name":"Entreculturas","url":"https:\/\/www.entreculturas.org\/en\/","logo":{"@type":"ImageObject","inLanguage":"en-US","@id":"https:\/\/www.entreculturas.org\/en\/#\/schema\/logo\/image\/","url":"https:\/\/www.entreculturas.org\/wp-content\/uploads\/2025\/10\/ESP.svg","contentUrl":"https:\/\/www.entreculturas.org\/wp-content\/uploads\/2025\/10\/ESP.svg","caption":"Entreculturas"},"image":{"@id":"https:\/\/www.entreculturas.org\/en\/#\/schema\/logo\/image\/"},"sameAs":["https:\/\/www.facebook.com\/entreculturas","https:\/\/x.com\/Entreculturas","https:\/\/www.instagram.com\/entreculturas\/","https:\/\/www.youtube.com\/user\/entreculturasvideo","https:\/\/www.linkedin.com\/company\/fundacion-entreculturas-ngdo\/","https:\/\/www.flickr.com\/photos\/98455522@N04\/albums\/"]}]}},"_links":{"self":[{"href":"https:\/\/www.entreculturas.org\/en\/wp-json\/wp\/v2\/xxx\/837","targetHints":{"allow":["GET"]}}],"collection":[{"href":"https:\/\/www.entreculturas.org\/en\/wp-json\/wp\/v2\/xxx"}],"about":[{"href":"https:\/\/www.entreculturas.org\/en\/wp-json\/wp\/v2\/types\/xxx"}],"wp:featuredmedia":[{"embeddable":true,"href":"https:\/\/www.entreculturas.org\/en\/wp-json\/wp\/v2\/media\/838"}],"wp:attachment":[{"href":"https:\/\/www.entreculturas.org\/en\/wp-json\/wp\/v2\/media?parent=837"}],"wp:term":[{"taxonomy":"category","embeddable":true,"href":"https:\/\/www.entreculturas.org\/en\/wp-json\/wp\/v2\/categories?post=837"},{"taxonomy":"post_tag","embeddable":true,"href":"https:\/\/www.entreculturas.org\/en\/wp-json\/wp\/v2\/tags?post=837"}],"curies":[{"name":"wp","href":"https:\/\/api.w.org\/{rel}","templated":true}]}}