{"id":830,"date":"2022-10-11T20:55:22","date_gmt":"2022-10-11T18:55:22","guid":{"rendered":"https:\/\/www.entreculturas.org\/?post_type=xxx&#038;p=830"},"modified":"2024-09-20T09:40:02","modified_gmt":"2024-09-20T07:40:02","slug":"la-maldicion-de-ser-nina-un-libro-para-reflexionar-sobre-las-violencias-que-sufren-las-ninas-en-todo-el-mundo","status":"publish","type":"xxx","link":"https:\/\/www.entreculturas.org\/en\/la-luz-de-las-ninas\/noticia\/la-maldicion-de-ser-nina-un-libro-para-reflexionar-sobre-las-violencias-que-sufren-las-ninas-en-todo-el-mundo\/","title":{"rendered":"\u2018La maldici\u00f3n de ser ni\u00f1a\u2019, un libro para reflexionar sobre las violencias que sufren las ni\u00f1as en todo el mundo"},"content":{"rendered":"<p><span style=\"font-weight: 400;\">El pasado 11 de octubre, en ocasi\u00f3n del D\u00eda Internacional de la Ni\u00f1a, desde Entreculturas, junto a Save the Children y Mundo Coopereante, impulsamos la presentaci\u00f3n del libro \u2018La Maldici\u00f3n de ser ni\u00f1a\u2019 en el C\u00edrculo de Bellas Artes de Madrid, que estuvo moderada por la jurista Mar\u00eda de la V\u00e1lgoma . Escrito por la periodista Dominique Sigaud y traducido al espa\u00f1ol <\/span><b>gracias a la colaboraci\u00f3n entre el Grupo Comunicaci\u00f3n Loyola y la Editorial Mensajero<\/b><span style=\"font-weight: 400;\">, la obra no es solamente un relato de los diversos tipos de violencia que sufren las ni\u00f1as, sino que tambi\u00e9n abre una puerta a la esperanza, \u201ca un cambio que ya ha empezado; generaciones de ni\u00f1as se hacen visibles en todas partes, toman la palabra, huyen de estar encerradas, convertidas en mujeres adultas luchan, crean asociaciones y defienden su dignidad\u201d.<\/span><\/p>\n<p><span style=\"font-weight: 400;\">La autora afirm\u00f3 que \u201cla violencia contra las ni\u00f1as se da en todos los sitios. Es universal\u201d, un hecho que la motiv\u00f3 a escribir un libro que, ella misma no lo califica como duro, sino que aborda \u201cuna realidad dura\u201d. Por otro lado, Raquel Mart\u00edn, Directora de Comunicaci\u00f3n y Relaciones Institucionales de Entreculturas, tuvo unas palabras para se\u00f1alar que este libro \u201cpone en valor la violencia estructural que sufren las ni\u00f1as en todo el mundo. Una violencia que presenta unas cifras que son insoportables y que necesita tambi\u00e9n de respuestas estructurales como es la educaci\u00f3n\u201d.<\/span><\/p>\n<p><img decoding=\"async\" class=\"alignnone wp-image-831 size-full\" src=\"https:\/\/www.entreculturas.org\/wp-content\/uploads\/2022\/10\/WhatsApp-Image-2022-10-11-at-20.33.05.jpeg\" alt=\"\" width=\"2048\" height=\"1366\" srcset=\"https:\/\/www.entreculturas.org\/wp-content\/uploads\/2022\/10\/WhatsApp-Image-2022-10-11-at-20.33.05.jpeg 2048w, https:\/\/www.entreculturas.org\/wp-content\/uploads\/2022\/10\/WhatsApp-Image-2022-10-11-at-20.33.05-300x200.jpeg 300w, https:\/\/www.entreculturas.org\/wp-content\/uploads\/2022\/10\/WhatsApp-Image-2022-10-11-at-20.33.05-1024x683.jpeg 1024w, https:\/\/www.entreculturas.org\/wp-content\/uploads\/2022\/10\/WhatsApp-Image-2022-10-11-at-20.33.05-768x512.jpeg 768w, https:\/\/www.entreculturas.org\/wp-content\/uploads\/2022\/10\/WhatsApp-Image-2022-10-11-at-20.33.05-1536x1025.jpeg 1536w\" sizes=\"(max-width: 2048px) 100vw, 2048px\" \/><\/p>\n<p><img decoding=\"async\" class=\"alignnone wp-image-832 size-full\" src=\"https:\/\/www.entreculturas.org\/wp-content\/uploads\/2022\/10\/WhatsApp-Image-2022-10-11-at-20.33.04.jpeg\" alt=\"\" width=\"2048\" height=\"1366\" srcset=\"https:\/\/www.entreculturas.org\/wp-content\/uploads\/2022\/10\/WhatsApp-Image-2022-10-11-at-20.33.04.jpeg 2048w, https:\/\/www.entreculturas.org\/wp-content\/uploads\/2022\/10\/WhatsApp-Image-2022-10-11-at-20.33.04-300x200.jpeg 300w, https:\/\/www.entreculturas.org\/wp-content\/uploads\/2022\/10\/WhatsApp-Image-2022-10-11-at-20.33.04-1024x683.jpeg 1024w, https:\/\/www.entreculturas.org\/wp-content\/uploads\/2022\/10\/WhatsApp-Image-2022-10-11-at-20.33.04-768x512.jpeg 768w, https:\/\/www.entreculturas.org\/wp-content\/uploads\/2022\/10\/WhatsApp-Image-2022-10-11-at-20.33.04-1536x1025.jpeg 1536w\" sizes=\"(max-width: 2048px) 100vw, 2048px\" \/><\/p>\n<p><span style=\"font-weight: 400;\">La organizaci\u00f3n Mundo Cooperante resalt\u00f3 la importancia de proteger a las ni\u00f1as en todas partes: en sus casas, en las escuelas, en sus comunidades, en su camino a la escuela\u2026\u201dGracias a nuestros programas hemos logrado la protecci\u00f3n de miles de ni\u00f1as que ahora est\u00e1n escolarizadas y conocen sus derechos y los mecanismos de ayuda\u201d.<\/span><\/p>\n<p><span style=\"font-weight: 400;\">Por su parte, Andr\u00e9s Conde, Director de la organizaci\u00f3n Save the Children, quiso acordarse de Afganist\u00e1n: \u201ces ahora mismo uno de los lugares donde es m\u00e1s dif\u00edcil ser ni\u00f1a, en un contexto as\u00ed las que pagan el precio m\u00e1s alto siempre son las ni\u00f1as\u201d.<\/span><\/p>\n<p><span style=\"font-weight: 400;\">El acto continu\u00f3 con las preguntas de las personas asistentes al evento. Sigaud comparti\u00f3 y debati\u00f3 con el p\u00fablico\u00a0 presente intercambiando opiniones e ideas para contribuir c\u00f3mo sociedad y como individuos a un mejor futuro para las ni\u00f1as.\u00a0<\/span><\/p>\n<p><span style=\"font-weight: 400;\">Victoria G\u00f3mez-Trenor cerr\u00f3 el acto con unas emocionantes e inspiradoras palabras agradeciendo a Dominique por escuchar la voz de las ni\u00f1as y visibilizar las situaciones de violencia que sufren, poniendo en valor la resiliencia de las ni\u00f1as y su coraje para cambiar su realidad.\u00a0<\/span><\/p>\n<p><a href=\"https:\/\/gcloyola.com\/narrativa\/3990-la-maldicion-de-ser-nina-9788427146846.html\"><span style=\"color: #ff0000;\"><strong>Comprar el libro<\/strong><\/span><\/a><\/p>\n","protected":false},"excerpt":{"rendered":"<p>El pasado 11 de octubre, en ocasi\u00f3n del D\u00eda Internacional de la Ni\u00f1a, desde Entreculturas, junto a Save the Children y Mundo Coopereante, impulsamos la presentaci\u00f3n del libro \u2018La Maldici\u00f3n de ser ni\u00f1a\u2019 en el C\u00edrculo de Bellas Artes de Madrid, que estuvo moderada por la jurista Mar\u00eda de la V\u00e1lgoma . Escrito por la periodista Dominique Sigaud y traducido al espa\u00f1ol gracias a la colaboraci\u00f3n entre el Grupo Comunicaci\u00f3n Loyola y la Editorial Mensajero, la obra no es solamente un relato de los diversos tipos de violencia que sufren las ni\u00f1as, sino que tambi\u00e9n abre una puerta a la esperanza, \u201ca un cambio que ya ha empezado; generaciones de ni\u00f1as se hacen visibles en todas partes, toman la palabra, huyen de estar encerradas, convertidas en mujeres adultas luchan, crean asociaciones y defienden su dignidad\u201d. La autora afirm\u00f3 que \u201cla violencia contra las ni\u00f1as se da en todos los sitios. [&hellip;]<\/p>\n","protected":false},"featured_media":833,"template":"wp-custom-template-noticias-la-luz-de-las-ninas-2","meta":{"_acf_changed":false},"categories":[7],"tags":[],"class_list":["post-830","xxx","type-xxx","status-publish","has-post-thumbnail","hentry","category-noticia"],"acf":[],"yoast_head":"<!-- This site is optimized with the Yoast SEO Premium plugin v21.6 (Yoast SEO v27.5) - https:\/\/yoast.com\/product\/yoast-seo-premium-wordpress\/ -->\n<title>\u2018La maldici\u00f3n de ser ni\u00f1a\u2019, un libro para reflexionar sobre las violencias que sufren las ni\u00f1as en todo el mundo - Entreculturas<\/title>\n<meta name=\"robots\" content=\"index, follow, max-snippet:-1, max-image-preview:large, max-video-preview:-1\" \/>\n<link rel=\"canonical\" href=\"https:\/\/www.entreculturas.org\/en\/la-luz-de-las-ninas\/noticia\/la-maldicion-de-ser-nina-un-libro-para-reflexionar-sobre-las-violencias-que-sufren-las-ninas-en-todo-el-mundo\/\" \/>\n<meta property=\"og:locale\" content=\"en_US\" \/>\n<meta property=\"og:type\" content=\"article\" \/>\n<meta property=\"og:title\" content=\"\u2018La maldici\u00f3n de ser ni\u00f1a\u2019, un libro para reflexionar sobre las violencias que sufren las ni\u00f1as en todo el mundo\" \/>\n<meta property=\"og:description\" content=\"El pasado 11 de octubre, en ocasi\u00f3n del D\u00eda Internacional de la Ni\u00f1a, desde Entreculturas, junto a Save the Children y Mundo Coopereante, impulsamos la presentaci\u00f3n del libro \u2018La Maldici\u00f3n de ser ni\u00f1a\u2019 en el C\u00edrculo de Bellas Artes de Madrid, que estuvo moderada por la jurista Mar\u00eda de la V\u00e1lgoma . Escrito por la periodista Dominique Sigaud y traducido al espa\u00f1ol gracias a la colaboraci\u00f3n entre el Grupo Comunicaci\u00f3n Loyola y la Editorial Mensajero, la obra no es solamente un relato de los diversos tipos de violencia que sufren las ni\u00f1as, sino que tambi\u00e9n abre una puerta a la esperanza, \u201ca un cambio que ya ha empezado; generaciones de ni\u00f1as se hacen visibles en todas partes, toman la palabra, huyen de estar encerradas, convertidas en mujeres adultas luchan, crean asociaciones y defienden su dignidad\u201d. La autora afirm\u00f3 que \u201cla violencia contra las ni\u00f1as se da en todos los sitios. [&hellip;]\" \/>\n<meta property=\"og:url\" content=\"https:\/\/www.entreculturas.org\/en\/la-luz-de-las-ninas\/noticia\/la-maldicion-de-ser-nina-un-libro-para-reflexionar-sobre-las-violencias-que-sufren-las-ninas-en-todo-el-mundo\/\" \/>\n<meta property=\"og:site_name\" content=\"Entreculturas\" \/>\n<meta property=\"article:publisher\" content=\"https:\/\/www.facebook.com\/entreculturas\" \/>\n<meta property=\"article:modified_time\" content=\"2024-09-20T07:40:02+00:00\" \/>\n<meta property=\"og:image\" content=\"https:\/\/www.entreculturas.org\/wp-content\/uploads\/2022\/10\/WhatsApp-Image-2022-10-11-at-20.53.01.jpeg\" \/>\n\t<meta property=\"og:image:width\" content=\"2048\" \/>\n\t<meta property=\"og:image:height\" content=\"1366\" \/>\n\t<meta property=\"og:image:type\" content=\"image\/jpeg\" \/>\n<meta name=\"twitter:card\" content=\"summary_large_image\" \/>\n<meta name=\"twitter:site\" content=\"@Entreculturas\" \/>\n<script type=\"application\/ld+json\" class=\"yoast-schema-graph\">{\"@context\":\"https:\\\/\\\/schema.org\",\"@graph\":[{\"@type\":\"WebPage\",\"@id\":\"https:\\\/\\\/www.entreculturas.org\\\/en\\\/la-luz-de-las-ninas\\\/noticia\\\/la-maldicion-de-ser-nina-un-libro-para-reflexionar-sobre-las-violencias-que-sufren-las-ninas-en-todo-el-mundo\\\/\",\"url\":\"https:\\\/\\\/www.entreculturas.org\\\/en\\\/la-luz-de-las-ninas\\\/noticia\\\/la-maldicion-de-ser-nina-un-libro-para-reflexionar-sobre-las-violencias-que-sufren-las-ninas-en-todo-el-mundo\\\/\",\"name\":\"\u2018La maldici\u00f3n de ser ni\u00f1a\u2019, un libro para reflexionar sobre las violencias que sufren las ni\u00f1as en todo el mundo - Entreculturas\",\"isPartOf\":{\"@id\":\"https:\\\/\\\/www.entreculturas.org\\\/en\\\/#website\"},\"primaryImageOfPage\":{\"@id\":\"https:\\\/\\\/www.entreculturas.org\\\/en\\\/la-luz-de-las-ninas\\\/noticia\\\/la-maldicion-de-ser-nina-un-libro-para-reflexionar-sobre-las-violencias-que-sufren-las-ninas-en-todo-el-mundo\\\/#primaryimage\"},\"image\":{\"@id\":\"https:\\\/\\\/www.entreculturas.org\\\/en\\\/la-luz-de-las-ninas\\\/noticia\\\/la-maldicion-de-ser-nina-un-libro-para-reflexionar-sobre-las-violencias-que-sufren-las-ninas-en-todo-el-mundo\\\/#primaryimage\"},\"thumbnailUrl\":\"https:\\\/\\\/www.entreculturas.org\\\/wp-content\\\/uploads\\\/2022\\\/10\\\/WhatsApp-Image-2022-10-11-at-20.53.01.jpeg\",\"datePublished\":\"2022-10-11T18:55:22+00:00\",\"dateModified\":\"2024-09-20T07:40:02+00:00\",\"breadcrumb\":{\"@id\":\"https:\\\/\\\/www.entreculturas.org\\\/en\\\/la-luz-de-las-ninas\\\/noticia\\\/la-maldicion-de-ser-nina-un-libro-para-reflexionar-sobre-las-violencias-que-sufren-las-ninas-en-todo-el-mundo\\\/#breadcrumb\"},\"inLanguage\":\"en-US\",\"potentialAction\":[{\"@type\":\"ReadAction\",\"target\":[\"https:\\\/\\\/www.entreculturas.org\\\/en\\\/la-luz-de-las-ninas\\\/noticia\\\/la-maldicion-de-ser-nina-un-libro-para-reflexionar-sobre-las-violencias-que-sufren-las-ninas-en-todo-el-mundo\\\/\"]}]},{\"@type\":\"ImageObject\",\"inLanguage\":\"en-US\",\"@id\":\"https:\\\/\\\/www.entreculturas.org\\\/en\\\/la-luz-de-las-ninas\\\/noticia\\\/la-maldicion-de-ser-nina-un-libro-para-reflexionar-sobre-las-violencias-que-sufren-las-ninas-en-todo-el-mundo\\\/#primaryimage\",\"url\":\"https:\\\/\\\/www.entreculturas.org\\\/wp-content\\\/uploads\\\/2022\\\/10\\\/WhatsApp-Image-2022-10-11-at-20.53.01.jpeg\",\"contentUrl\":\"https:\\\/\\\/www.entreculturas.org\\\/wp-content\\\/uploads\\\/2022\\\/10\\\/WhatsApp-Image-2022-10-11-at-20.53.01.jpeg\",\"width\":2048,\"height\":1366},{\"@type\":\"BreadcrumbList\",\"@id\":\"https:\\\/\\\/www.entreculturas.org\\\/en\\\/la-luz-de-las-ninas\\\/noticia\\\/la-maldicion-de-ser-nina-un-libro-para-reflexionar-sobre-las-violencias-que-sufren-las-ninas-en-todo-el-mundo\\\/#breadcrumb\",\"itemListElement\":[{\"@type\":\"ListItem\",\"position\":1,\"name\":\"Home\",\"item\":\"https:\\\/\\\/www.entreculturas.org\\\/en\\\/\"},{\"@type\":\"ListItem\",\"position\":2,\"name\":\"Noticias LLDLN\",\"item\":\"https:\\\/\\\/www.entreculturas.org\\\/en\\\/noticias-la-luz-de-las-ninas\\\/\"},{\"@type\":\"ListItem\",\"position\":3,\"name\":\"\u2018La maldici\u00f3n de ser ni\u00f1a\u2019, un libro para reflexionar sobre las violencias que sufren las ni\u00f1as en todo el mundo\"}]},{\"@type\":\"WebSite\",\"@id\":\"https:\\\/\\\/www.entreculturas.org\\\/en\\\/#website\",\"url\":\"https:\\\/\\\/www.entreculturas.org\\\/en\\\/\",\"name\":\"Entreculturas\",\"description\":\"\",\"publisher\":{\"@id\":\"https:\\\/\\\/www.entreculturas.org\\\/en\\\/#organization\"},\"alternateName\":\"Entreculturas\",\"potentialAction\":[{\"@type\":\"SearchAction\",\"target\":{\"@type\":\"EntryPoint\",\"urlTemplate\":\"https:\\\/\\\/www.entreculturas.org\\\/en\\\/?s={search_term_string}\"},\"query-input\":{\"@type\":\"PropertyValueSpecification\",\"valueRequired\":true,\"valueName\":\"search_term_string\"}}],\"inLanguage\":\"en-US\"},{\"@type\":\"Organization\",\"@id\":\"https:\\\/\\\/www.entreculturas.org\\\/en\\\/#organization\",\"name\":\"Entreculturas\",\"url\":\"https:\\\/\\\/www.entreculturas.org\\\/en\\\/\",\"logo\":{\"@type\":\"ImageObject\",\"inLanguage\":\"en-US\",\"@id\":\"https:\\\/\\\/www.entreculturas.org\\\/en\\\/#\\\/schema\\\/logo\\\/image\\\/\",\"url\":\"https:\\\/\\\/www.entreculturas.org\\\/wp-content\\\/uploads\\\/2025\\\/10\\\/ESP.svg\",\"contentUrl\":\"https:\\\/\\\/www.entreculturas.org\\\/wp-content\\\/uploads\\\/2025\\\/10\\\/ESP.svg\",\"caption\":\"Entreculturas\"},\"image\":{\"@id\":\"https:\\\/\\\/www.entreculturas.org\\\/en\\\/#\\\/schema\\\/logo\\\/image\\\/\"},\"sameAs\":[\"https:\\\/\\\/www.facebook.com\\\/entreculturas\",\"https:\\\/\\\/x.com\\\/Entreculturas\",\"https:\\\/\\\/www.instagram.com\\\/entreculturas\\\/\",\"https:\\\/\\\/www.youtube.com\\\/user\\\/entreculturasvideo\",\"https:\\\/\\\/www.linkedin.com\\\/company\\\/fundacion-entreculturas-ngdo\\\/\",\"https:\\\/\\\/www.flickr.com\\\/photos\\\/98455522@N04\\\/albums\\\/\"]}]}<\/script>\n<!-- \/ Yoast SEO Premium plugin. -->","yoast_head_json":{"title":"\u2018La maldici\u00f3n de ser ni\u00f1a\u2019, un libro para reflexionar sobre las violencias que sufren las ni\u00f1as en todo el mundo - Entreculturas","robots":{"index":"index","follow":"follow","max-snippet":"max-snippet:-1","max-image-preview":"max-image-preview:large","max-video-preview":"max-video-preview:-1"},"canonical":"https:\/\/www.entreculturas.org\/en\/la-luz-de-las-ninas\/noticia\/la-maldicion-de-ser-nina-un-libro-para-reflexionar-sobre-las-violencias-que-sufren-las-ninas-en-todo-el-mundo\/","og_locale":"en_US","og_type":"article","og_title":"\u2018La maldici\u00f3n de ser ni\u00f1a\u2019, un libro para reflexionar sobre las violencias que sufren las ni\u00f1as en todo el mundo","og_description":"El pasado 11 de octubre, en ocasi\u00f3n del D\u00eda Internacional de la Ni\u00f1a, desde Entreculturas, junto a Save the Children y Mundo Coopereante, impulsamos la presentaci\u00f3n del libro \u2018La Maldici\u00f3n de ser ni\u00f1a\u2019 en el C\u00edrculo de Bellas Artes de Madrid, que estuvo moderada por la jurista Mar\u00eda de la V\u00e1lgoma . Escrito por la periodista Dominique Sigaud y traducido al espa\u00f1ol gracias a la colaboraci\u00f3n entre el Grupo Comunicaci\u00f3n Loyola y la Editorial Mensajero, la obra no es solamente un relato de los diversos tipos de violencia que sufren las ni\u00f1as, sino que tambi\u00e9n abre una puerta a la esperanza, \u201ca un cambio que ya ha empezado; generaciones de ni\u00f1as se hacen visibles en todas partes, toman la palabra, huyen de estar encerradas, convertidas en mujeres adultas luchan, crean asociaciones y defienden su dignidad\u201d. La autora afirm\u00f3 que \u201cla violencia contra las ni\u00f1as se da en todos los sitios. [&hellip;]","og_url":"https:\/\/www.entreculturas.org\/en\/la-luz-de-las-ninas\/noticia\/la-maldicion-de-ser-nina-un-libro-para-reflexionar-sobre-las-violencias-que-sufren-las-ninas-en-todo-el-mundo\/","og_site_name":"Entreculturas","article_publisher":"https:\/\/www.facebook.com\/entreculturas","article_modified_time":"2024-09-20T07:40:02+00:00","og_image":[{"width":2048,"height":1366,"url":"https:\/\/www.entreculturas.org\/wp-content\/uploads\/2022\/10\/WhatsApp-Image-2022-10-11-at-20.53.01.jpeg","type":"image\/jpeg"}],"twitter_card":"summary_large_image","twitter_site":"@Entreculturas","schema":{"@context":"https:\/\/schema.org","@graph":[{"@type":"WebPage","@id":"https:\/\/www.entreculturas.org\/en\/la-luz-de-las-ninas\/noticia\/la-maldicion-de-ser-nina-un-libro-para-reflexionar-sobre-las-violencias-que-sufren-las-ninas-en-todo-el-mundo\/","url":"https:\/\/www.entreculturas.org\/en\/la-luz-de-las-ninas\/noticia\/la-maldicion-de-ser-nina-un-libro-para-reflexionar-sobre-las-violencias-que-sufren-las-ninas-en-todo-el-mundo\/","name":"\u2018La maldici\u00f3n de ser ni\u00f1a\u2019, un libro para reflexionar sobre las violencias que sufren las ni\u00f1as en todo el mundo - Entreculturas","isPartOf":{"@id":"https:\/\/www.entreculturas.org\/en\/#website"},"primaryImageOfPage":{"@id":"https:\/\/www.entreculturas.org\/en\/la-luz-de-las-ninas\/noticia\/la-maldicion-de-ser-nina-un-libro-para-reflexionar-sobre-las-violencias-que-sufren-las-ninas-en-todo-el-mundo\/#primaryimage"},"image":{"@id":"https:\/\/www.entreculturas.org\/en\/la-luz-de-las-ninas\/noticia\/la-maldicion-de-ser-nina-un-libro-para-reflexionar-sobre-las-violencias-que-sufren-las-ninas-en-todo-el-mundo\/#primaryimage"},"thumbnailUrl":"https:\/\/www.entreculturas.org\/wp-content\/uploads\/2022\/10\/WhatsApp-Image-2022-10-11-at-20.53.01.jpeg","datePublished":"2022-10-11T18:55:22+00:00","dateModified":"2024-09-20T07:40:02+00:00","breadcrumb":{"@id":"https:\/\/www.entreculturas.org\/en\/la-luz-de-las-ninas\/noticia\/la-maldicion-de-ser-nina-un-libro-para-reflexionar-sobre-las-violencias-que-sufren-las-ninas-en-todo-el-mundo\/#breadcrumb"},"inLanguage":"en-US","potentialAction":[{"@type":"ReadAction","target":["https:\/\/www.entreculturas.org\/en\/la-luz-de-las-ninas\/noticia\/la-maldicion-de-ser-nina-un-libro-para-reflexionar-sobre-las-violencias-que-sufren-las-ninas-en-todo-el-mundo\/"]}]},{"@type":"ImageObject","inLanguage":"en-US","@id":"https:\/\/www.entreculturas.org\/en\/la-luz-de-las-ninas\/noticia\/la-maldicion-de-ser-nina-un-libro-para-reflexionar-sobre-las-violencias-que-sufren-las-ninas-en-todo-el-mundo\/#primaryimage","url":"https:\/\/www.entreculturas.org\/wp-content\/uploads\/2022\/10\/WhatsApp-Image-2022-10-11-at-20.53.01.jpeg","contentUrl":"https:\/\/www.entreculturas.org\/wp-content\/uploads\/2022\/10\/WhatsApp-Image-2022-10-11-at-20.53.01.jpeg","width":2048,"height":1366},{"@type":"BreadcrumbList","@id":"https:\/\/www.entreculturas.org\/en\/la-luz-de-las-ninas\/noticia\/la-maldicion-de-ser-nina-un-libro-para-reflexionar-sobre-las-violencias-que-sufren-las-ninas-en-todo-el-mundo\/#breadcrumb","itemListElement":[{"@type":"ListItem","position":1,"name":"Home","item":"https:\/\/www.entreculturas.org\/en\/"},{"@type":"ListItem","position":2,"name":"Noticias LLDLN","item":"https:\/\/www.entreculturas.org\/en\/noticias-la-luz-de-las-ninas\/"},{"@type":"ListItem","position":3,"name":"\u2018La maldici\u00f3n de ser ni\u00f1a\u2019, un libro para reflexionar sobre las violencias que sufren las ni\u00f1as en todo el mundo"}]},{"@type":"WebSite","@id":"https:\/\/www.entreculturas.org\/en\/#website","url":"https:\/\/www.entreculturas.org\/en\/","name":"Entreculturas","description":"","publisher":{"@id":"https:\/\/www.entreculturas.org\/en\/#organization"},"alternateName":"Entreculturas","potentialAction":[{"@type":"SearchAction","target":{"@type":"EntryPoint","urlTemplate":"https:\/\/www.entreculturas.org\/en\/?s={search_term_string}"},"query-input":{"@type":"PropertyValueSpecification","valueRequired":true,"valueName":"search_term_string"}}],"inLanguage":"en-US"},{"@type":"Organization","@id":"https:\/\/www.entreculturas.org\/en\/#organization","name":"Entreculturas","url":"https:\/\/www.entreculturas.org\/en\/","logo":{"@type":"ImageObject","inLanguage":"en-US","@id":"https:\/\/www.entreculturas.org\/en\/#\/schema\/logo\/image\/","url":"https:\/\/www.entreculturas.org\/wp-content\/uploads\/2025\/10\/ESP.svg","contentUrl":"https:\/\/www.entreculturas.org\/wp-content\/uploads\/2025\/10\/ESP.svg","caption":"Entreculturas"},"image":{"@id":"https:\/\/www.entreculturas.org\/en\/#\/schema\/logo\/image\/"},"sameAs":["https:\/\/www.facebook.com\/entreculturas","https:\/\/x.com\/Entreculturas","https:\/\/www.instagram.com\/entreculturas\/","https:\/\/www.youtube.com\/user\/entreculturasvideo","https:\/\/www.linkedin.com\/company\/fundacion-entreculturas-ngdo\/","https:\/\/www.flickr.com\/photos\/98455522@N04\/albums\/"]}]}},"_links":{"self":[{"href":"https:\/\/www.entreculturas.org\/en\/wp-json\/wp\/v2\/xxx\/830","targetHints":{"allow":["GET"]}}],"collection":[{"href":"https:\/\/www.entreculturas.org\/en\/wp-json\/wp\/v2\/xxx"}],"about":[{"href":"https:\/\/www.entreculturas.org\/en\/wp-json\/wp\/v2\/types\/xxx"}],"wp:featuredmedia":[{"embeddable":true,"href":"https:\/\/www.entreculturas.org\/en\/wp-json\/wp\/v2\/media\/833"}],"wp:attachment":[{"href":"https:\/\/www.entreculturas.org\/en\/wp-json\/wp\/v2\/media?parent=830"}],"wp:term":[{"taxonomy":"category","embeddable":true,"href":"https:\/\/www.entreculturas.org\/en\/wp-json\/wp\/v2\/categories?post=830"},{"taxonomy":"post_tag","embeddable":true,"href":"https:\/\/www.entreculturas.org\/en\/wp-json\/wp\/v2\/tags?post=830"}],"curies":[{"name":"wp","href":"https:\/\/api.w.org\/{rel}","templated":true}]}}