{"id":783,"date":"2022-07-20T14:18:21","date_gmt":"2022-07-20T12:18:21","guid":{"rendered":"https:\/\/www.entreculturas.org\/?post_type=xxx&#038;p=783"},"modified":"2024-09-20T09:34:26","modified_gmt":"2024-09-20T07:34:26","slug":"el-testimonio-de-josefina-tiu-guatemala","status":"publish","type":"xxx","link":"https:\/\/www.entreculturas.org\/en\/la-luz-de-las-ninas\/noticia\/el-testimonio-de-josefina-tiu-guatemala\/","title":{"rendered":"El testimonio de Josefina T\u00edu, Guatemala"},"content":{"rendered":"<p><span style=\"font-weight: 400;\">Mi nombre es Josefina T\u00edu, tengo 18 a\u00f1os y soy originaria de Sta. Luc\u00eda la Reforma, Guatemala.\u00a0<\/span><\/p>\n<p><span style=\"font-weight: 400;\">Formar parte de La LUZ de las NI\u00d1AS ha sido muy importante para m\u00ed, me ha ayudado a crecer como persona y a saber lo que quiero. Tambi\u00e9n me ha ayudado para seguir form\u00e1ndome: logr\u00e9 estudiar y estoy a punto de acabar mi carrera.<\/span><\/p>\n<p><span style=\"font-weight: 400;\">La situaci\u00f3n de las ni\u00f1as en Guatemala es muy triste, la desigualdad all\u00e1 es muy grave. Todos y todas deber\u00edamos tener los mismos derechos, pero el problema es que no es as\u00ed, a nosotras no nos dejan estudiar, nos quitan el derecho de tener una infancia mejor, de decidir lo que nosotras queramos.\u00a0<\/span><\/p>\n<p><span style=\"font-weight: 400;\">A trav\u00e9s del proyecto de \u201cNi\u00f1as referentes\u201d, una de las cosas que hacemos es precisamente apoyar a que eso no pase, seguir estudiando para que las dem\u00e1s ni\u00f1as vean que nosotras tambi\u00e9n podemos y que si nosotras lo logramos ellas tambi\u00e9n lo van a poder hacer. Nosotras queremos que ellas vean que pueden, que luchen por el sue\u00f1o que cada una tiene. Ese es nuestro objetivo, ser un ejemplo a seguir para que el resto de ni\u00f1as salgan adelante.\u00a0<\/span><\/p>\n<p><span style=\"font-weight: 400;\">Cuando yo estaba en segundo de primaria iba a dejar de estudiar, sobre todo porque ten\u00eda un problema personal con mi pap\u00e1, que actualmente sigue existiendo. \u00c9l tiene un problema con el alcohol y eso hac\u00eda que no tuvi\u00e9semos recursos econ\u00f3micos para seguir pagando la escuela. Con la educaci\u00f3n a m\u00ed me ha costado bastante, he tenido que trabajar y estudiar al mismo tiempo, pero yo s\u00e9 que, si luchas, al final se obtiene recompensa, y eso hice.\u00a0<\/span><\/p>\n<p><img decoding=\"async\" class=\"alignnone wp-image-790 size-full\" src=\"https:\/\/www.entreculturas.org\/wp-content\/uploads\/2022\/07\/LDN-HNC-161-1-1-scaled-1.jpg\" alt=\"\" width=\"2560\" height=\"1707\" srcset=\"https:\/\/www.entreculturas.org\/wp-content\/uploads\/2022\/07\/LDN-HNC-161-1-1-scaled-1.jpg 2560w, https:\/\/www.entreculturas.org\/wp-content\/uploads\/2022\/07\/LDN-HNC-161-1-1-scaled-1-300x200.jpg 300w, https:\/\/www.entreculturas.org\/wp-content\/uploads\/2022\/07\/LDN-HNC-161-1-1-scaled-1-1024x683.jpg 1024w, https:\/\/www.entreculturas.org\/wp-content\/uploads\/2022\/07\/LDN-HNC-161-1-1-scaled-1-768x512.jpg 768w, https:\/\/www.entreculturas.org\/wp-content\/uploads\/2022\/07\/LDN-HNC-161-1-1-scaled-1-1536x1024.jpg 1536w, https:\/\/www.entreculturas.org\/wp-content\/uploads\/2022\/07\/LDN-HNC-161-1-1-scaled-1-2048x1366.jpg 2048w\" sizes=\"(max-width: 2560px) 100vw, 2560px\" \/><em>Josefina junto a su madre.<\/em><\/p>\n<p><span style=\"font-weight: 400;\">Las mujeres ind\u00edgenas tambi\u00e9n tenemos derecho a estudiar. La educaci\u00f3n es importante para mejorar nuestro futuro, el de las mujeres y ni\u00f1as. Es imprescindible para obtener una mejor vida.<\/span><\/p>\n<p><span style=\"font-weight: 400;\">Tengo dos sue\u00f1os, principalmente, uno de ellos es ser licenciada en administraci\u00f3n de empresas, y otro es que haya una ley que diga que no est\u00e1 permitido que nos quiten a las ni\u00f1as el derecho a la educaci\u00f3n. Tenemos que estudiar sin importar de d\u00f3nde vengamos, ni cu\u00e1l sea nuestra raza, necesitamos que el derecho a la educaci\u00f3n para todos y todas pase a ser un derecho b\u00e1sico, en todo el mundo.<\/span><\/p>\n<p>&nbsp;<\/p>\n","protected":false},"excerpt":{"rendered":"<p>Mi nombre es Josefina T\u00edu, tengo 18 a\u00f1os y soy originaria de Sta. Luc\u00eda la Reforma, Guatemala.\u00a0 Formar parte de La LUZ de las NI\u00d1AS ha sido muy importante para m\u00ed, me ha ayudado a crecer como persona y a saber lo que quiero. Tambi\u00e9n me ha ayudado para seguir form\u00e1ndome: logr\u00e9 estudiar y estoy a punto de acabar mi carrera. La situaci\u00f3n de las ni\u00f1as en Guatemala es muy triste, la desigualdad all\u00e1 es muy grave. Todos y todas deber\u00edamos tener los mismos derechos, pero el problema es que no es as\u00ed, a nosotras no nos dejan estudiar, nos quitan el derecho de tener una infancia mejor, de decidir lo que nosotras queramos.\u00a0 A trav\u00e9s del proyecto de \u201cNi\u00f1as referentes\u201d, una de las cosas que hacemos es precisamente apoyar a que eso no pase, seguir estudiando para que las dem\u00e1s ni\u00f1as vean que nosotras tambi\u00e9n podemos y que si [&hellip;]<\/p>\n","protected":false},"featured_media":789,"template":"wp-custom-template-noticias-la-luz-de-las-ninas-2","meta":{"_acf_changed":false},"categories":[7],"tags":[],"class_list":["post-783","xxx","type-xxx","status-publish","has-post-thumbnail","hentry","category-noticia"],"acf":[],"yoast_head":"<!-- This site is optimized with the Yoast SEO Premium plugin v21.6 (Yoast SEO v27.5) - https:\/\/yoast.com\/product\/yoast-seo-premium-wordpress\/ -->\n<title>El testimonio de Josefina T\u00edu, Guatemala - Entreculturas<\/title>\n<meta name=\"robots\" content=\"index, follow, max-snippet:-1, max-image-preview:large, max-video-preview:-1\" \/>\n<link rel=\"canonical\" href=\"https:\/\/www.entreculturas.org\/en\/la-luz-de-las-ninas\/noticia\/el-testimonio-de-josefina-tiu-guatemala\/\" \/>\n<meta property=\"og:locale\" content=\"en_US\" \/>\n<meta property=\"og:type\" content=\"article\" \/>\n<meta property=\"og:title\" content=\"El testimonio de Josefina T\u00edu, Guatemala\" \/>\n<meta property=\"og:description\" content=\"Mi nombre es Josefina T\u00edu, tengo 18 a\u00f1os y soy originaria de Sta. Luc\u00eda la Reforma, Guatemala.\u00a0 Formar parte de La LUZ de las NI\u00d1AS ha sido muy importante para m\u00ed, me ha ayudado a crecer como persona y a saber lo que quiero. Tambi\u00e9n me ha ayudado para seguir form\u00e1ndome: logr\u00e9 estudiar y estoy a punto de acabar mi carrera. La situaci\u00f3n de las ni\u00f1as en Guatemala es muy triste, la desigualdad all\u00e1 es muy grave. Todos y todas deber\u00edamos tener los mismos derechos, pero el problema es que no es as\u00ed, a nosotras no nos dejan estudiar, nos quitan el derecho de tener una infancia mejor, de decidir lo que nosotras queramos.\u00a0 A trav\u00e9s del proyecto de \u201cNi\u00f1as referentes\u201d, una de las cosas que hacemos es precisamente apoyar a que eso no pase, seguir estudiando para que las dem\u00e1s ni\u00f1as vean que nosotras tambi\u00e9n podemos y que si [&hellip;]\" \/>\n<meta property=\"og:url\" content=\"https:\/\/www.entreculturas.org\/en\/la-luz-de-las-ninas\/noticia\/el-testimonio-de-josefina-tiu-guatemala\/\" \/>\n<meta property=\"og:site_name\" content=\"Entreculturas\" \/>\n<meta property=\"article:publisher\" content=\"https:\/\/www.facebook.com\/entreculturas\" \/>\n<meta property=\"article:modified_time\" content=\"2024-09-20T07:34:26+00:00\" \/>\n<meta property=\"og:image\" content=\"https:\/\/www.entreculturas.org\/wp-content\/uploads\/2022\/07\/MG_2998-crop-1-scaled-1.jpg\" \/>\n\t<meta property=\"og:image:width\" content=\"2560\" \/>\n\t<meta property=\"og:image:height\" content=\"1689\" \/>\n\t<meta property=\"og:image:type\" content=\"image\/jpeg\" \/>\n<meta name=\"twitter:card\" content=\"summary_large_image\" \/>\n<meta name=\"twitter:site\" content=\"@Entreculturas\" \/>\n<script type=\"application\/ld+json\" class=\"yoast-schema-graph\">{\"@context\":\"https:\\\/\\\/schema.org\",\"@graph\":[{\"@type\":\"WebPage\",\"@id\":\"https:\\\/\\\/www.entreculturas.org\\\/en\\\/la-luz-de-las-ninas\\\/noticia\\\/el-testimonio-de-josefina-tiu-guatemala\\\/\",\"url\":\"https:\\\/\\\/www.entreculturas.org\\\/en\\\/la-luz-de-las-ninas\\\/noticia\\\/el-testimonio-de-josefina-tiu-guatemala\\\/\",\"name\":\"El testimonio de Josefina T\u00edu, Guatemala - Entreculturas\",\"isPartOf\":{\"@id\":\"https:\\\/\\\/www.entreculturas.org\\\/en\\\/#website\"},\"primaryImageOfPage\":{\"@id\":\"https:\\\/\\\/www.entreculturas.org\\\/en\\\/la-luz-de-las-ninas\\\/noticia\\\/el-testimonio-de-josefina-tiu-guatemala\\\/#primaryimage\"},\"image\":{\"@id\":\"https:\\\/\\\/www.entreculturas.org\\\/en\\\/la-luz-de-las-ninas\\\/noticia\\\/el-testimonio-de-josefina-tiu-guatemala\\\/#primaryimage\"},\"thumbnailUrl\":\"https:\\\/\\\/www.entreculturas.org\\\/wp-content\\\/uploads\\\/2022\\\/07\\\/MG_2998-crop-1-scaled-1.jpg\",\"datePublished\":\"2022-07-20T12:18:21+00:00\",\"dateModified\":\"2024-09-20T07:34:26+00:00\",\"breadcrumb\":{\"@id\":\"https:\\\/\\\/www.entreculturas.org\\\/en\\\/la-luz-de-las-ninas\\\/noticia\\\/el-testimonio-de-josefina-tiu-guatemala\\\/#breadcrumb\"},\"inLanguage\":\"en-US\",\"potentialAction\":[{\"@type\":\"ReadAction\",\"target\":[\"https:\\\/\\\/www.entreculturas.org\\\/en\\\/la-luz-de-las-ninas\\\/noticia\\\/el-testimonio-de-josefina-tiu-guatemala\\\/\"]}]},{\"@type\":\"ImageObject\",\"inLanguage\":\"en-US\",\"@id\":\"https:\\\/\\\/www.entreculturas.org\\\/en\\\/la-luz-de-las-ninas\\\/noticia\\\/el-testimonio-de-josefina-tiu-guatemala\\\/#primaryimage\",\"url\":\"https:\\\/\\\/www.entreculturas.org\\\/wp-content\\\/uploads\\\/2022\\\/07\\\/MG_2998-crop-1-scaled-1.jpg\",\"contentUrl\":\"https:\\\/\\\/www.entreculturas.org\\\/wp-content\\\/uploads\\\/2022\\\/07\\\/MG_2998-crop-1-scaled-1.jpg\",\"width\":2560,\"height\":1689},{\"@type\":\"BreadcrumbList\",\"@id\":\"https:\\\/\\\/www.entreculturas.org\\\/en\\\/la-luz-de-las-ninas\\\/noticia\\\/el-testimonio-de-josefina-tiu-guatemala\\\/#breadcrumb\",\"itemListElement\":[{\"@type\":\"ListItem\",\"position\":1,\"name\":\"Home\",\"item\":\"https:\\\/\\\/www.entreculturas.org\\\/en\\\/\"},{\"@type\":\"ListItem\",\"position\":2,\"name\":\"Noticias LLDLN\",\"item\":\"https:\\\/\\\/www.entreculturas.org\\\/en\\\/noticias-la-luz-de-las-ninas\\\/\"},{\"@type\":\"ListItem\",\"position\":3,\"name\":\"El testimonio de Josefina T\u00edu, Guatemala\"}]},{\"@type\":\"WebSite\",\"@id\":\"https:\\\/\\\/www.entreculturas.org\\\/en\\\/#website\",\"url\":\"https:\\\/\\\/www.entreculturas.org\\\/en\\\/\",\"name\":\"Entreculturas\",\"description\":\"\",\"publisher\":{\"@id\":\"https:\\\/\\\/www.entreculturas.org\\\/en\\\/#organization\"},\"alternateName\":\"Entreculturas\",\"potentialAction\":[{\"@type\":\"SearchAction\",\"target\":{\"@type\":\"EntryPoint\",\"urlTemplate\":\"https:\\\/\\\/www.entreculturas.org\\\/en\\\/?s={search_term_string}\"},\"query-input\":{\"@type\":\"PropertyValueSpecification\",\"valueRequired\":true,\"valueName\":\"search_term_string\"}}],\"inLanguage\":\"en-US\"},{\"@type\":\"Organization\",\"@id\":\"https:\\\/\\\/www.entreculturas.org\\\/en\\\/#organization\",\"name\":\"Entreculturas\",\"url\":\"https:\\\/\\\/www.entreculturas.org\\\/en\\\/\",\"logo\":{\"@type\":\"ImageObject\",\"inLanguage\":\"en-US\",\"@id\":\"https:\\\/\\\/www.entreculturas.org\\\/en\\\/#\\\/schema\\\/logo\\\/image\\\/\",\"url\":\"https:\\\/\\\/www.entreculturas.org\\\/wp-content\\\/uploads\\\/2025\\\/10\\\/ESP.svg\",\"contentUrl\":\"https:\\\/\\\/www.entreculturas.org\\\/wp-content\\\/uploads\\\/2025\\\/10\\\/ESP.svg\",\"caption\":\"Entreculturas\"},\"image\":{\"@id\":\"https:\\\/\\\/www.entreculturas.org\\\/en\\\/#\\\/schema\\\/logo\\\/image\\\/\"},\"sameAs\":[\"https:\\\/\\\/www.facebook.com\\\/entreculturas\",\"https:\\\/\\\/x.com\\\/Entreculturas\",\"https:\\\/\\\/www.instagram.com\\\/entreculturas\\\/\",\"https:\\\/\\\/www.youtube.com\\\/user\\\/entreculturasvideo\",\"https:\\\/\\\/www.linkedin.com\\\/company\\\/fundacion-entreculturas-ngdo\\\/\",\"https:\\\/\\\/www.flickr.com\\\/photos\\\/98455522@N04\\\/albums\\\/\"]}]}<\/script>\n<!-- \/ Yoast SEO Premium plugin. -->","yoast_head_json":{"title":"El testimonio de Josefina T\u00edu, Guatemala - Entreculturas","robots":{"index":"index","follow":"follow","max-snippet":"max-snippet:-1","max-image-preview":"max-image-preview:large","max-video-preview":"max-video-preview:-1"},"canonical":"https:\/\/www.entreculturas.org\/en\/la-luz-de-las-ninas\/noticia\/el-testimonio-de-josefina-tiu-guatemala\/","og_locale":"en_US","og_type":"article","og_title":"El testimonio de Josefina T\u00edu, Guatemala","og_description":"Mi nombre es Josefina T\u00edu, tengo 18 a\u00f1os y soy originaria de Sta. Luc\u00eda la Reforma, Guatemala.\u00a0 Formar parte de La LUZ de las NI\u00d1AS ha sido muy importante para m\u00ed, me ha ayudado a crecer como persona y a saber lo que quiero. Tambi\u00e9n me ha ayudado para seguir form\u00e1ndome: logr\u00e9 estudiar y estoy a punto de acabar mi carrera. La situaci\u00f3n de las ni\u00f1as en Guatemala es muy triste, la desigualdad all\u00e1 es muy grave. Todos y todas deber\u00edamos tener los mismos derechos, pero el problema es que no es as\u00ed, a nosotras no nos dejan estudiar, nos quitan el derecho de tener una infancia mejor, de decidir lo que nosotras queramos.\u00a0 A trav\u00e9s del proyecto de \u201cNi\u00f1as referentes\u201d, una de las cosas que hacemos es precisamente apoyar a que eso no pase, seguir estudiando para que las dem\u00e1s ni\u00f1as vean que nosotras tambi\u00e9n podemos y que si [&hellip;]","og_url":"https:\/\/www.entreculturas.org\/en\/la-luz-de-las-ninas\/noticia\/el-testimonio-de-josefina-tiu-guatemala\/","og_site_name":"Entreculturas","article_publisher":"https:\/\/www.facebook.com\/entreculturas","article_modified_time":"2024-09-20T07:34:26+00:00","og_image":[{"width":2560,"height":1689,"url":"https:\/\/www.entreculturas.org\/wp-content\/uploads\/2022\/07\/MG_2998-crop-1-scaled-1.jpg","type":"image\/jpeg"}],"twitter_card":"summary_large_image","twitter_site":"@Entreculturas","schema":{"@context":"https:\/\/schema.org","@graph":[{"@type":"WebPage","@id":"https:\/\/www.entreculturas.org\/en\/la-luz-de-las-ninas\/noticia\/el-testimonio-de-josefina-tiu-guatemala\/","url":"https:\/\/www.entreculturas.org\/en\/la-luz-de-las-ninas\/noticia\/el-testimonio-de-josefina-tiu-guatemala\/","name":"El testimonio de Josefina T\u00edu, Guatemala - Entreculturas","isPartOf":{"@id":"https:\/\/www.entreculturas.org\/en\/#website"},"primaryImageOfPage":{"@id":"https:\/\/www.entreculturas.org\/en\/la-luz-de-las-ninas\/noticia\/el-testimonio-de-josefina-tiu-guatemala\/#primaryimage"},"image":{"@id":"https:\/\/www.entreculturas.org\/en\/la-luz-de-las-ninas\/noticia\/el-testimonio-de-josefina-tiu-guatemala\/#primaryimage"},"thumbnailUrl":"https:\/\/www.entreculturas.org\/wp-content\/uploads\/2022\/07\/MG_2998-crop-1-scaled-1.jpg","datePublished":"2022-07-20T12:18:21+00:00","dateModified":"2024-09-20T07:34:26+00:00","breadcrumb":{"@id":"https:\/\/www.entreculturas.org\/en\/la-luz-de-las-ninas\/noticia\/el-testimonio-de-josefina-tiu-guatemala\/#breadcrumb"},"inLanguage":"en-US","potentialAction":[{"@type":"ReadAction","target":["https:\/\/www.entreculturas.org\/en\/la-luz-de-las-ninas\/noticia\/el-testimonio-de-josefina-tiu-guatemala\/"]}]},{"@type":"ImageObject","inLanguage":"en-US","@id":"https:\/\/www.entreculturas.org\/en\/la-luz-de-las-ninas\/noticia\/el-testimonio-de-josefina-tiu-guatemala\/#primaryimage","url":"https:\/\/www.entreculturas.org\/wp-content\/uploads\/2022\/07\/MG_2998-crop-1-scaled-1.jpg","contentUrl":"https:\/\/www.entreculturas.org\/wp-content\/uploads\/2022\/07\/MG_2998-crop-1-scaled-1.jpg","width":2560,"height":1689},{"@type":"BreadcrumbList","@id":"https:\/\/www.entreculturas.org\/en\/la-luz-de-las-ninas\/noticia\/el-testimonio-de-josefina-tiu-guatemala\/#breadcrumb","itemListElement":[{"@type":"ListItem","position":1,"name":"Home","item":"https:\/\/www.entreculturas.org\/en\/"},{"@type":"ListItem","position":2,"name":"Noticias LLDLN","item":"https:\/\/www.entreculturas.org\/en\/noticias-la-luz-de-las-ninas\/"},{"@type":"ListItem","position":3,"name":"El testimonio de Josefina T\u00edu, Guatemala"}]},{"@type":"WebSite","@id":"https:\/\/www.entreculturas.org\/en\/#website","url":"https:\/\/www.entreculturas.org\/en\/","name":"Entreculturas","description":"","publisher":{"@id":"https:\/\/www.entreculturas.org\/en\/#organization"},"alternateName":"Entreculturas","potentialAction":[{"@type":"SearchAction","target":{"@type":"EntryPoint","urlTemplate":"https:\/\/www.entreculturas.org\/en\/?s={search_term_string}"},"query-input":{"@type":"PropertyValueSpecification","valueRequired":true,"valueName":"search_term_string"}}],"inLanguage":"en-US"},{"@type":"Organization","@id":"https:\/\/www.entreculturas.org\/en\/#organization","name":"Entreculturas","url":"https:\/\/www.entreculturas.org\/en\/","logo":{"@type":"ImageObject","inLanguage":"en-US","@id":"https:\/\/www.entreculturas.org\/en\/#\/schema\/logo\/image\/","url":"https:\/\/www.entreculturas.org\/wp-content\/uploads\/2025\/10\/ESP.svg","contentUrl":"https:\/\/www.entreculturas.org\/wp-content\/uploads\/2025\/10\/ESP.svg","caption":"Entreculturas"},"image":{"@id":"https:\/\/www.entreculturas.org\/en\/#\/schema\/logo\/image\/"},"sameAs":["https:\/\/www.facebook.com\/entreculturas","https:\/\/x.com\/Entreculturas","https:\/\/www.instagram.com\/entreculturas\/","https:\/\/www.youtube.com\/user\/entreculturasvideo","https:\/\/www.linkedin.com\/company\/fundacion-entreculturas-ngdo\/","https:\/\/www.flickr.com\/photos\/98455522@N04\/albums\/"]}]}},"_links":{"self":[{"href":"https:\/\/www.entreculturas.org\/en\/wp-json\/wp\/v2\/xxx\/783","targetHints":{"allow":["GET"]}}],"collection":[{"href":"https:\/\/www.entreculturas.org\/en\/wp-json\/wp\/v2\/xxx"}],"about":[{"href":"https:\/\/www.entreculturas.org\/en\/wp-json\/wp\/v2\/types\/xxx"}],"wp:featuredmedia":[{"embeddable":true,"href":"https:\/\/www.entreculturas.org\/en\/wp-json\/wp\/v2\/media\/789"}],"wp:attachment":[{"href":"https:\/\/www.entreculturas.org\/en\/wp-json\/wp\/v2\/media?parent=783"}],"wp:term":[{"taxonomy":"category","embeddable":true,"href":"https:\/\/www.entreculturas.org\/en\/wp-json\/wp\/v2\/categories?post=783"},{"taxonomy":"post_tag","embeddable":true,"href":"https:\/\/www.entreculturas.org\/en\/wp-json\/wp\/v2\/tags?post=783"}],"curies":[{"name":"wp","href":"https:\/\/api.w.org\/{rel}","templated":true}]}}