{"id":755,"date":"2022-02-18T16:58:04","date_gmt":"2022-02-18T15:58:04","guid":{"rendered":"https:\/\/www.entreculturas.org\/?post_type=xxx&#038;p=755"},"modified":"2024-09-20T09:31:25","modified_gmt":"2024-09-20T07:31:25","slug":"haiti-defender-los-derechos-de-las-las-ninas-en-tiempos-de-crisis","status":"publish","type":"xxx","link":"https:\/\/www.entreculturas.org\/en\/la-luz-de-las-ninas\/noticia\/haiti-defender-los-derechos-de-las-las-ninas-en-tiempos-de-crisis\/","title":{"rendered":"Hait\u00ed: defender los derechos de las las NI\u00d1AS en tiempos de crisis"},"content":{"rendered":"<p><span style=\"font-weight: 400;\">Desde hace unos a\u00f1os, Hait\u00ed est\u00e1 atravesando una verdadera crisis humanitaria, pero el pa\u00eds centroamericano sigue siendo un ejemplo de fuerza y lucha.<strong> Hait\u00ed resiste y sigue dando pasos para demostrar que es un pueblo fuerte<\/strong> y con ganas de seguir trabajando para reconstruir el pa\u00eds con el que sue\u00f1an.<\/span><\/p>\n<p><span style=\"font-weight: 400;\">El asesinato en julio de 2021 del presidente Jovenel Mo\u00efsee aument\u00f3 la tensi\u00f3n en el pa\u00eds, donde ya se viv\u00eda entonces un clima pol\u00edtico y social de gran incertidumbre e inestabildad. En agosto de ese mismo a\u00f1o, un terremoto de magnitud 7.2 dej\u00f3 m\u00e1s de 2.000 fallecidos y provoc\u00f3 que millones de personas se quedaran sin acceso a servicios b\u00e1sicos. Actualmente, la situaci\u00f3n de crisis se ha visto agravada por la intensificaci\u00f3n de la violencia por parte de gangs o bandas organizadas, lo que est\u00e1 obligando a la poblaci\u00f3n a huir de sus hogares. <\/span><\/p>\n<p><span style=\"font-weight: 400;\">Lamentablemente, ante este tipo de crisis las mujeres y ni\u00f1as son las m\u00e1s vulnerables. <strong>Seg\u00fan el Fondo de Poblaci\u00f3n de las Naciones Unidas (UNFPA), tan solo durante 2020, los casos de violencia de g\u00e9nero aumentaron un 377% en Hait\u00ed.<\/strong> La situaci\u00f3n de inseguridad est\u00e1 afectando gravemente al sistema educativo, ya de por s\u00ed delicado y debilitado por la Covid-19. <strong>La inseguridad en las calles est\u00e1 impidiendo a muchas ni\u00f1as ir a la escuela<\/strong>, sobre todo en zonas rurales, lo que las expone a otros tipos de\u00a0 violencia y las aleja de sus oportunidades de futuro, adem\u00e1s de privarlas del que, en muchas ocasiones,<strong> es el \u00fanico espacio seguro con el que cuentan, donde poder expresarse y ser o\u00eddas.\u00a0<\/strong><\/span><\/p>\n<p><span style=\"font-weight: 400;\">A pesar de la dif\u00edcil situaci\u00f3n, <strong>desde La LUZ de las NI\u00d1AS, junto con nuestra organizaci\u00f3n socia Fe y Alegr\u00eda Hait\u00ed, hemos continuado trabajando en la sensibilizaci\u00f3n de la comunidad sobre los derechos de las ni\u00f1as<\/strong> y su visibilizaci\u00f3n a trav\u00e9s de la difusi\u00f3n de materiales en redes sociales bajo el lema \u201c\u00a1Sigamos luchando para ayudar a que se respeten los derechos de las NI\u00d1AS!\u201d.<\/span><\/p>\n<p><span style=\"font-weight: 400;\">Adem\u00e1s, se han elaborado<strong> 4 manuales pedag\u00f3gicos adaptados al contexto local y orientados a abordar la prevenci\u00f3n y gesti\u00f3n de la violencia en las aulas<\/strong>. El primer manual \u201cAnn aprann edike san baton\u201d incide sobre la gesti\u00f3n de aulas desde el di\u00e1logo; el segundo manual \u201c ed pou nou fe yon nouvo regleman\u201d, incluye elementos para el dise\u00f1o de nuevos reglamentos elaborados desde un enfoque de no violencia; el tercer manual constituye un c\u00f3digo de conducta y el cuarto es un protocolo de prevenci\u00f3n de abusos.<\/span><\/p>\n<p><span style=\"font-weight: 400;\">Asimismo, se realizaron <strong>varios talleres de redacci\u00f3n de cuentos en krey\u00f2l sobre la tem\u00e1tica de la violencia<\/strong>, con el doble objetivo de mejorar las habilidades de escritura de las ni\u00f1as en su lengua materna, promover la cultura haitiana a trav\u00e9s de la literatura y ayudarlas a expresarse y nombrar la violencia que viven a trav\u00e9s de la escritura. Todos los cuentos elaborados fueron presentados en un concurso de relatos celebrado durante el a\u00f1o 2021 en las escuelas de Fe y Alegr\u00eda.<\/span><\/p>\n<p><span style=\"font-weight: 400;\">Otro de los puntos clave del programa La LUZ de las NI\u00d1AS en el pa\u00eds es el <strong>refuerzo de las competencias del personal docente<\/strong> de las escuelas en materia de identificaci\u00f3n y prevenci\u00f3n de la violencia para que los maestros y las maestras puedan gestionar mejor estos casos y acompa\u00f1ar a las ni\u00f1as de una manera adecuada.<\/span><\/p>\n<p><span style=\"font-weight: 400;\">Finalmente, durante 2021, <strong>la cantante y activista haitiana Taffa Mi Soleil ha querido sumarse a la campa\u00f1a La LUZ de las NI\u00d1AS<\/strong> en el pa\u00eds creando una canci\u00f3n para la erradicaci\u00f3n de la violencia contra las ni\u00f1as. Ella misma ha llevado a cabo numerosas visitas a los centros escolares en los que est\u00e1 presente Fe y Alegr\u00eda para trabajar directamente con las ni\u00f1as sobre la tem\u00e1tica de la violencia, sensibilizar a la comunidad escolar y poder servir como referente para las ni\u00f1as haitianas.<\/span><\/p>\n<p><iframe loading=\"lazy\" title=\"Tafa Mi-Soleil  - Moso Lanmou (Videyo Ofisy\u00e8l)\" width=\"500\" height=\"281\" src=\"https:\/\/www.youtube.com\/embed\/iCnU3pM3_SU?feature=oembed\" frameborder=\"0\" allow=\"accelerometer; autoplay; clipboard-write; encrypted-media; gyroscope; picture-in-picture; web-share\" referrerpolicy=\"strict-origin-when-cross-origin\" allowfullscreen><\/iframe><\/p>\n","protected":false},"excerpt":{"rendered":"<p>Desde hace unos a\u00f1os, Hait\u00ed est\u00e1 atravesando una verdadera crisis humanitaria, pero el pa\u00eds centroamericano sigue siendo un ejemplo de fuerza y lucha. Hait\u00ed resiste y sigue dando pasos para demostrar que es un pueblo fuerte y con ganas de seguir trabajando para reconstruir el pa\u00eds con el que sue\u00f1an. El asesinato en julio de 2021 del presidente Jovenel Mo\u00efsee aument\u00f3 la tensi\u00f3n en el pa\u00eds, donde ya se viv\u00eda entonces un clima pol\u00edtico y social de gran incertidumbre e inestabildad. En agosto de ese mismo a\u00f1o, un terremoto de magnitud 7.2 dej\u00f3 m\u00e1s de 2.000 fallecidos y provoc\u00f3 que millones de personas se quedaran sin acceso a servicios b\u00e1sicos. Actualmente, la situaci\u00f3n de crisis se ha visto agravada por la intensificaci\u00f3n de la violencia por parte de gangs o bandas organizadas, lo que est\u00e1 obligando a la poblaci\u00f3n a huir de sus hogares. Lamentablemente, ante este tipo de crisis [&hellip;]<\/p>\n","protected":false},"featured_media":758,"template":"wp-custom-template-noticias-la-luz-de-las-ninas-2","meta":{"_acf_changed":false},"categories":[7],"tags":[],"class_list":["post-755","xxx","type-xxx","status-publish","has-post-thumbnail","hentry","category-noticia"],"acf":[],"yoast_head":"<!-- This site is optimized with the Yoast SEO Premium plugin v21.6 (Yoast SEO v27.5) - https:\/\/yoast.com\/product\/yoast-seo-premium-wordpress\/ -->\n<title>Hait\u00ed: defender los derechos de las las NI\u00d1AS en tiempos de crisis - Entreculturas<\/title>\n<meta name=\"robots\" content=\"index, follow, max-snippet:-1, max-image-preview:large, max-video-preview:-1\" \/>\n<link rel=\"canonical\" href=\"https:\/\/www.entreculturas.org\/en\/la-luz-de-las-ninas\/noticia\/haiti-defender-los-derechos-de-las-las-ninas-en-tiempos-de-crisis\/\" \/>\n<meta property=\"og:locale\" content=\"en_US\" \/>\n<meta property=\"og:type\" content=\"article\" \/>\n<meta property=\"og:title\" content=\"Hait\u00ed: defender los derechos de las las NI\u00d1AS en tiempos de crisis\" \/>\n<meta property=\"og:description\" content=\"Desde hace unos a\u00f1os, Hait\u00ed est\u00e1 atravesando una verdadera crisis humanitaria, pero el pa\u00eds centroamericano sigue siendo un ejemplo de fuerza y lucha. Hait\u00ed resiste y sigue dando pasos para demostrar que es un pueblo fuerte y con ganas de seguir trabajando para reconstruir el pa\u00eds con el que sue\u00f1an. El asesinato en julio de 2021 del presidente Jovenel Mo\u00efsee aument\u00f3 la tensi\u00f3n en el pa\u00eds, donde ya se viv\u00eda entonces un clima pol\u00edtico y social de gran incertidumbre e inestabildad. En agosto de ese mismo a\u00f1o, un terremoto de magnitud 7.2 dej\u00f3 m\u00e1s de 2.000 fallecidos y provoc\u00f3 que millones de personas se quedaran sin acceso a servicios b\u00e1sicos. Actualmente, la situaci\u00f3n de crisis se ha visto agravada por la intensificaci\u00f3n de la violencia por parte de gangs o bandas organizadas, lo que est\u00e1 obligando a la poblaci\u00f3n a huir de sus hogares. Lamentablemente, ante este tipo de crisis [&hellip;]\" \/>\n<meta property=\"og:url\" content=\"https:\/\/www.entreculturas.org\/en\/la-luz-de-las-ninas\/noticia\/haiti-defender-los-derechos-de-las-las-ninas-en-tiempos-de-crisis\/\" \/>\n<meta property=\"og:site_name\" content=\"Entreculturas\" \/>\n<meta property=\"article:publisher\" content=\"https:\/\/www.facebook.com\/entreculturas\" \/>\n<meta property=\"article:modified_time\" content=\"2024-09-20T07:31:25+00:00\" \/>\n<meta property=\"og:image\" content=\"https:\/\/www.entreculturas.org\/wp-content\/uploads\/2022\/02\/Canaan.Haiti-sergi.jpg\" \/>\n\t<meta property=\"og:image:width\" content=\"700\" \/>\n\t<meta property=\"og:image:height\" content=\"466\" \/>\n\t<meta property=\"og:image:type\" content=\"image\/jpeg\" \/>\n<meta name=\"twitter:card\" content=\"summary_large_image\" \/>\n<meta name=\"twitter:site\" content=\"@Entreculturas\" \/>\n<script type=\"application\/ld+json\" class=\"yoast-schema-graph\">{\"@context\":\"https:\\\/\\\/schema.org\",\"@graph\":[{\"@type\":\"WebPage\",\"@id\":\"https:\\\/\\\/www.entreculturas.org\\\/en\\\/la-luz-de-las-ninas\\\/noticia\\\/haiti-defender-los-derechos-de-las-las-ninas-en-tiempos-de-crisis\\\/\",\"url\":\"https:\\\/\\\/www.entreculturas.org\\\/en\\\/la-luz-de-las-ninas\\\/noticia\\\/haiti-defender-los-derechos-de-las-las-ninas-en-tiempos-de-crisis\\\/\",\"name\":\"Hait\u00ed: defender los derechos de las las NI\u00d1AS en tiempos de crisis - Entreculturas\",\"isPartOf\":{\"@id\":\"https:\\\/\\\/www.entreculturas.org\\\/en\\\/#website\"},\"primaryImageOfPage\":{\"@id\":\"https:\\\/\\\/www.entreculturas.org\\\/en\\\/la-luz-de-las-ninas\\\/noticia\\\/haiti-defender-los-derechos-de-las-las-ninas-en-tiempos-de-crisis\\\/#primaryimage\"},\"image\":{\"@id\":\"https:\\\/\\\/www.entreculturas.org\\\/en\\\/la-luz-de-las-ninas\\\/noticia\\\/haiti-defender-los-derechos-de-las-las-ninas-en-tiempos-de-crisis\\\/#primaryimage\"},\"thumbnailUrl\":\"https:\\\/\\\/www.entreculturas.org\\\/wp-content\\\/uploads\\\/2022\\\/02\\\/Canaan.Haiti-sergi.jpg\",\"datePublished\":\"2022-02-18T15:58:04+00:00\",\"dateModified\":\"2024-09-20T07:31:25+00:00\",\"breadcrumb\":{\"@id\":\"https:\\\/\\\/www.entreculturas.org\\\/en\\\/la-luz-de-las-ninas\\\/noticia\\\/haiti-defender-los-derechos-de-las-las-ninas-en-tiempos-de-crisis\\\/#breadcrumb\"},\"inLanguage\":\"en-US\",\"potentialAction\":[{\"@type\":\"ReadAction\",\"target\":[\"https:\\\/\\\/www.entreculturas.org\\\/en\\\/la-luz-de-las-ninas\\\/noticia\\\/haiti-defender-los-derechos-de-las-las-ninas-en-tiempos-de-crisis\\\/\"]}]},{\"@type\":\"ImageObject\",\"inLanguage\":\"en-US\",\"@id\":\"https:\\\/\\\/www.entreculturas.org\\\/en\\\/la-luz-de-las-ninas\\\/noticia\\\/haiti-defender-los-derechos-de-las-las-ninas-en-tiempos-de-crisis\\\/#primaryimage\",\"url\":\"https:\\\/\\\/www.entreculturas.org\\\/wp-content\\\/uploads\\\/2022\\\/02\\\/Canaan.Haiti-sergi.jpg\",\"contentUrl\":\"https:\\\/\\\/www.entreculturas.org\\\/wp-content\\\/uploads\\\/2022\\\/02\\\/Canaan.Haiti-sergi.jpg\",\"width\":700,\"height\":466},{\"@type\":\"BreadcrumbList\",\"@id\":\"https:\\\/\\\/www.entreculturas.org\\\/en\\\/la-luz-de-las-ninas\\\/noticia\\\/haiti-defender-los-derechos-de-las-las-ninas-en-tiempos-de-crisis\\\/#breadcrumb\",\"itemListElement\":[{\"@type\":\"ListItem\",\"position\":1,\"name\":\"Home\",\"item\":\"https:\\\/\\\/www.entreculturas.org\\\/en\\\/\"},{\"@type\":\"ListItem\",\"position\":2,\"name\":\"Noticias LLDLN\",\"item\":\"https:\\\/\\\/www.entreculturas.org\\\/en\\\/noticias-la-luz-de-las-ninas\\\/\"},{\"@type\":\"ListItem\",\"position\":3,\"name\":\"Hait\u00ed: defender los derechos de las las NI\u00d1AS en tiempos de crisis\"}]},{\"@type\":\"WebSite\",\"@id\":\"https:\\\/\\\/www.entreculturas.org\\\/en\\\/#website\",\"url\":\"https:\\\/\\\/www.entreculturas.org\\\/en\\\/\",\"name\":\"Entreculturas\",\"description\":\"\",\"publisher\":{\"@id\":\"https:\\\/\\\/www.entreculturas.org\\\/en\\\/#organization\"},\"alternateName\":\"Entreculturas\",\"potentialAction\":[{\"@type\":\"SearchAction\",\"target\":{\"@type\":\"EntryPoint\",\"urlTemplate\":\"https:\\\/\\\/www.entreculturas.org\\\/en\\\/?s={search_term_string}\"},\"query-input\":{\"@type\":\"PropertyValueSpecification\",\"valueRequired\":true,\"valueName\":\"search_term_string\"}}],\"inLanguage\":\"en-US\"},{\"@type\":\"Organization\",\"@id\":\"https:\\\/\\\/www.entreculturas.org\\\/en\\\/#organization\",\"name\":\"Entreculturas\",\"url\":\"https:\\\/\\\/www.entreculturas.org\\\/en\\\/\",\"logo\":{\"@type\":\"ImageObject\",\"inLanguage\":\"en-US\",\"@id\":\"https:\\\/\\\/www.entreculturas.org\\\/en\\\/#\\\/schema\\\/logo\\\/image\\\/\",\"url\":\"https:\\\/\\\/www.entreculturas.org\\\/wp-content\\\/uploads\\\/2025\\\/10\\\/ESP.svg\",\"contentUrl\":\"https:\\\/\\\/www.entreculturas.org\\\/wp-content\\\/uploads\\\/2025\\\/10\\\/ESP.svg\",\"caption\":\"Entreculturas\"},\"image\":{\"@id\":\"https:\\\/\\\/www.entreculturas.org\\\/en\\\/#\\\/schema\\\/logo\\\/image\\\/\"},\"sameAs\":[\"https:\\\/\\\/www.facebook.com\\\/entreculturas\",\"https:\\\/\\\/x.com\\\/Entreculturas\",\"https:\\\/\\\/www.instagram.com\\\/entreculturas\\\/\",\"https:\\\/\\\/www.youtube.com\\\/user\\\/entreculturasvideo\",\"https:\\\/\\\/www.linkedin.com\\\/company\\\/fundacion-entreculturas-ngdo\\\/\",\"https:\\\/\\\/www.flickr.com\\\/photos\\\/98455522@N04\\\/albums\\\/\"]}]}<\/script>\n<!-- \/ Yoast SEO Premium plugin. -->","yoast_head_json":{"title":"Hait\u00ed: defender los derechos de las las NI\u00d1AS en tiempos de crisis - Entreculturas","robots":{"index":"index","follow":"follow","max-snippet":"max-snippet:-1","max-image-preview":"max-image-preview:large","max-video-preview":"max-video-preview:-1"},"canonical":"https:\/\/www.entreculturas.org\/en\/la-luz-de-las-ninas\/noticia\/haiti-defender-los-derechos-de-las-las-ninas-en-tiempos-de-crisis\/","og_locale":"en_US","og_type":"article","og_title":"Hait\u00ed: defender los derechos de las las NI\u00d1AS en tiempos de crisis","og_description":"Desde hace unos a\u00f1os, Hait\u00ed est\u00e1 atravesando una verdadera crisis humanitaria, pero el pa\u00eds centroamericano sigue siendo un ejemplo de fuerza y lucha. Hait\u00ed resiste y sigue dando pasos para demostrar que es un pueblo fuerte y con ganas de seguir trabajando para reconstruir el pa\u00eds con el que sue\u00f1an. El asesinato en julio de 2021 del presidente Jovenel Mo\u00efsee aument\u00f3 la tensi\u00f3n en el pa\u00eds, donde ya se viv\u00eda entonces un clima pol\u00edtico y social de gran incertidumbre e inestabildad. En agosto de ese mismo a\u00f1o, un terremoto de magnitud 7.2 dej\u00f3 m\u00e1s de 2.000 fallecidos y provoc\u00f3 que millones de personas se quedaran sin acceso a servicios b\u00e1sicos. Actualmente, la situaci\u00f3n de crisis se ha visto agravada por la intensificaci\u00f3n de la violencia por parte de gangs o bandas organizadas, lo que est\u00e1 obligando a la poblaci\u00f3n a huir de sus hogares. Lamentablemente, ante este tipo de crisis [&hellip;]","og_url":"https:\/\/www.entreculturas.org\/en\/la-luz-de-las-ninas\/noticia\/haiti-defender-los-derechos-de-las-las-ninas-en-tiempos-de-crisis\/","og_site_name":"Entreculturas","article_publisher":"https:\/\/www.facebook.com\/entreculturas","article_modified_time":"2024-09-20T07:31:25+00:00","og_image":[{"width":700,"height":466,"url":"https:\/\/www.entreculturas.org\/wp-content\/uploads\/2022\/02\/Canaan.Haiti-sergi.jpg","type":"image\/jpeg"}],"twitter_card":"summary_large_image","twitter_site":"@Entreculturas","schema":{"@context":"https:\/\/schema.org","@graph":[{"@type":"WebPage","@id":"https:\/\/www.entreculturas.org\/en\/la-luz-de-las-ninas\/noticia\/haiti-defender-los-derechos-de-las-las-ninas-en-tiempos-de-crisis\/","url":"https:\/\/www.entreculturas.org\/en\/la-luz-de-las-ninas\/noticia\/haiti-defender-los-derechos-de-las-las-ninas-en-tiempos-de-crisis\/","name":"Hait\u00ed: defender los derechos de las las NI\u00d1AS en tiempos de crisis - Entreculturas","isPartOf":{"@id":"https:\/\/www.entreculturas.org\/en\/#website"},"primaryImageOfPage":{"@id":"https:\/\/www.entreculturas.org\/en\/la-luz-de-las-ninas\/noticia\/haiti-defender-los-derechos-de-las-las-ninas-en-tiempos-de-crisis\/#primaryimage"},"image":{"@id":"https:\/\/www.entreculturas.org\/en\/la-luz-de-las-ninas\/noticia\/haiti-defender-los-derechos-de-las-las-ninas-en-tiempos-de-crisis\/#primaryimage"},"thumbnailUrl":"https:\/\/www.entreculturas.org\/wp-content\/uploads\/2022\/02\/Canaan.Haiti-sergi.jpg","datePublished":"2022-02-18T15:58:04+00:00","dateModified":"2024-09-20T07:31:25+00:00","breadcrumb":{"@id":"https:\/\/www.entreculturas.org\/en\/la-luz-de-las-ninas\/noticia\/haiti-defender-los-derechos-de-las-las-ninas-en-tiempos-de-crisis\/#breadcrumb"},"inLanguage":"en-US","potentialAction":[{"@type":"ReadAction","target":["https:\/\/www.entreculturas.org\/en\/la-luz-de-las-ninas\/noticia\/haiti-defender-los-derechos-de-las-las-ninas-en-tiempos-de-crisis\/"]}]},{"@type":"ImageObject","inLanguage":"en-US","@id":"https:\/\/www.entreculturas.org\/en\/la-luz-de-las-ninas\/noticia\/haiti-defender-los-derechos-de-las-las-ninas-en-tiempos-de-crisis\/#primaryimage","url":"https:\/\/www.entreculturas.org\/wp-content\/uploads\/2022\/02\/Canaan.Haiti-sergi.jpg","contentUrl":"https:\/\/www.entreculturas.org\/wp-content\/uploads\/2022\/02\/Canaan.Haiti-sergi.jpg","width":700,"height":466},{"@type":"BreadcrumbList","@id":"https:\/\/www.entreculturas.org\/en\/la-luz-de-las-ninas\/noticia\/haiti-defender-los-derechos-de-las-las-ninas-en-tiempos-de-crisis\/#breadcrumb","itemListElement":[{"@type":"ListItem","position":1,"name":"Home","item":"https:\/\/www.entreculturas.org\/en\/"},{"@type":"ListItem","position":2,"name":"Noticias LLDLN","item":"https:\/\/www.entreculturas.org\/en\/noticias-la-luz-de-las-ninas\/"},{"@type":"ListItem","position":3,"name":"Hait\u00ed: defender los derechos de las las NI\u00d1AS en tiempos de crisis"}]},{"@type":"WebSite","@id":"https:\/\/www.entreculturas.org\/en\/#website","url":"https:\/\/www.entreculturas.org\/en\/","name":"Entreculturas","description":"","publisher":{"@id":"https:\/\/www.entreculturas.org\/en\/#organization"},"alternateName":"Entreculturas","potentialAction":[{"@type":"SearchAction","target":{"@type":"EntryPoint","urlTemplate":"https:\/\/www.entreculturas.org\/en\/?s={search_term_string}"},"query-input":{"@type":"PropertyValueSpecification","valueRequired":true,"valueName":"search_term_string"}}],"inLanguage":"en-US"},{"@type":"Organization","@id":"https:\/\/www.entreculturas.org\/en\/#organization","name":"Entreculturas","url":"https:\/\/www.entreculturas.org\/en\/","logo":{"@type":"ImageObject","inLanguage":"en-US","@id":"https:\/\/www.entreculturas.org\/en\/#\/schema\/logo\/image\/","url":"https:\/\/www.entreculturas.org\/wp-content\/uploads\/2025\/10\/ESP.svg","contentUrl":"https:\/\/www.entreculturas.org\/wp-content\/uploads\/2025\/10\/ESP.svg","caption":"Entreculturas"},"image":{"@id":"https:\/\/www.entreculturas.org\/en\/#\/schema\/logo\/image\/"},"sameAs":["https:\/\/www.facebook.com\/entreculturas","https:\/\/x.com\/Entreculturas","https:\/\/www.instagram.com\/entreculturas\/","https:\/\/www.youtube.com\/user\/entreculturasvideo","https:\/\/www.linkedin.com\/company\/fundacion-entreculturas-ngdo\/","https:\/\/www.flickr.com\/photos\/98455522@N04\/albums\/"]}]}},"_links":{"self":[{"href":"https:\/\/www.entreculturas.org\/en\/wp-json\/wp\/v2\/xxx\/755","targetHints":{"allow":["GET"]}}],"collection":[{"href":"https:\/\/www.entreculturas.org\/en\/wp-json\/wp\/v2\/xxx"}],"about":[{"href":"https:\/\/www.entreculturas.org\/en\/wp-json\/wp\/v2\/types\/xxx"}],"wp:featuredmedia":[{"embeddable":true,"href":"https:\/\/www.entreculturas.org\/en\/wp-json\/wp\/v2\/media\/758"}],"wp:attachment":[{"href":"https:\/\/www.entreculturas.org\/en\/wp-json\/wp\/v2\/media?parent=755"}],"wp:term":[{"taxonomy":"category","embeddable":true,"href":"https:\/\/www.entreculturas.org\/en\/wp-json\/wp\/v2\/categories?post=755"},{"taxonomy":"post_tag","embeddable":true,"href":"https:\/\/www.entreculturas.org\/en\/wp-json\/wp\/v2\/tags?post=755"}],"curies":[{"name":"wp","href":"https:\/\/api.w.org\/{rel}","templated":true}]}}