{"id":501,"date":"2019-12-04T11:08:41","date_gmt":"2019-12-04T10:08:41","guid":{"rendered":"https:\/\/www.entreculturas.org\/?post_type=xxx&#038;p=501"},"modified":"2024-09-19T18:32:02","modified_gmt":"2024-09-19T16:32:02","slug":"por-las-ninas-que-vendran","status":"publish","type":"xxx","link":"https:\/\/www.entreculturas.org\/en\/la-luz-de-las-ninas\/noticia\/por-las-ninas-que-vendran\/","title":{"rendered":"La Asociaci\u00f3n Espa\u00f1ola de Fundaciones premia el programa La Luz de las Ni\u00f1as"},"content":{"rendered":"<p><span style=\"font-weight: 400;\">\u201cEste premio que hoy nos dais no es para Entreculturas; es <span style=\"color: #be0102;\">para cada una de las 32.000 ni\u00f1as que hacen parte el programa la Luz de las Ni\u00f1as; es para ellas y por las que vendr\u00e1n<\/span>\u201d, estas fueron las conmovedoras palabras de Ram\u00f3n Almansa, nuestro Director Ejecutivo, al recoger ayer el <span style=\"color: #000000;\">premio a la Innovaci\u00f3n Social otorgado por la Asociaci\u00f3n Espa\u00f1ola de Fundaciones (AEF).\u00a0<\/span><\/span><\/p>\n<p><span style=\"font-weight: 400;\">El pasado mes de noviembre conocimos que <span style=\"color: #be0102;\">el jurado de los Premios de la AEF decidi\u00f3 conceder a Entreculturas el premio en la categor\u00eda de Innovaci\u00f3n Social por el programa La Luz de las Ni\u00f1as<\/span>. <\/span><i><span style=\"font-weight: 400;\">\u00a0<\/span><\/i><span style=\"font-weight: 400;\">El objetivo de estos galardones es distinguir a las entidades que mejor reflejan los valores de un sector, el social, que beneficia a 35 millones de personas.\u00a0<\/span><\/p>\n<p><span style=\"font-weight: 400;\">La Luz de las Ni\u00f1as es una iniciativa que en 2019 se est\u00e1 desarrollando en 12 pa\u00edses de \u00c1frica y Am\u00e9rica Latina y llega a <\/span><span style=\"color: #be0102;\">m\u00e1s de 12.700 ni\u00f1as y adolescentes <\/span><span style=\"font-weight: 400;\">que viven en pa\u00edses de desarrollo o zonas de conflicto.<\/span><\/p>\n<p><span style=\"font-weight: 400;\">\u201cDesde 2012 hemos acompa\u00f1ado a m\u00e1s de 32.000 ni\u00f1as, facilitando para ellas escuelas seguras y apoyando <span style=\"color: #be0102;\">3 l\u00edneas de trabajo: apoyo psicosocial; prevenci\u00f3n y denuncia de la violencia que sufren las ni\u00f1as, y luchamos por el acceso y permanencia de las ni\u00f1as en la escuela<\/span>\u201d, dijo Ram\u00f3n en su discurso de agradecimiento.\u00a0<\/span><\/p>\n<p><span style=\"font-weight: 400;\">Junto con el programa, la campa\u00f1a #laluzdelasni\u00f1as, lanzada en 2017, ha sido fundamental para conseguir estos premios. Conscientes de que las ni\u00f1as tienen derecho a una infancia en igualdad de oportunidades, libre de miedos y agresiones, desde Entreculturas nos hemos propuesto con este proyecto visibilizar su desigualdad, protegerlas frente a la violencia, y empoderarlas para elegir su futuro.\u00a0<\/span><\/p>\n<p><span style=\"font-weight: 400;\">\u201c<span style=\"color: #be0102;\">Creemos que ante tanta sombra, siempre hay LUZ<\/span>. Desde Entreculturas somos testigos a diario del poder transformador de la educaci\u00f3n, de c\u00f3mo la educaci\u00f3n posibilita a las ni\u00f1as espacios de creatividad y de futuro\u201d, dijo Ram\u00f3n. Para contar las historias se ha creado esta web donde se pueden conocer testimonios y todos los detalles de La Luz de las Ni\u00f1as.<\/span><\/p>\n<p><span style=\"font-weight: 400;\">Por su parte, el presidente de la AEF, Javier Nadal, destac\u00f3 la excelencia de los proyectos seleccionados y se ha referido a las entidades premiadas como \u201cejemplos genuinos de los valores que impulsan las fundaciones\u201d. La entrega de los premios tuvo lugar el 3 de diciembre en el marco de <\/span><span style=\"color: #be0102;\">Demos 2019: Foro de Fundaciones y Sociedad Civil<\/span><b>.\u00a0<\/b><\/p>\n<p><span style=\"font-weight: 400;\">Tambi\u00e9n han recibido la distinci\u00f3n la Fundaci\u00f3n Bancaria \u201cla Caixa\u201d, en la categor\u00eda de <\/span><i><span style=\"font-weight: 400;\">Comunicaci\u00f3n\u201d; <\/span><\/i><span style=\"font-weight: 400;\">la Fundaci\u00f3n Alimerka, en la categor\u00eda de <\/span><i><span style=\"font-weight: 400;\">Colaboraci\u00f3n; y <\/span><\/i><span style=\"font-weight: 400;\">Mar\u00eda Entrecanales Franco y Ana Varela Entrecanales, en la categor\u00eda de <\/span><i><span style=\"font-weight: 400;\">Iniciativa Filantr\u00f3pica<\/span><\/i><span style=\"font-weight: 400;\">.<\/span><\/p>\n","protected":false},"excerpt":{"rendered":"<p>\u201cEste premio que hoy nos dais no es para Entreculturas; es para cada una de las 32.000 ni\u00f1as que hacen parte el programa la Luz de las Ni\u00f1as; es para ellas y por las que vendr\u00e1n\u201d, estas fueron las conmovedoras palabras de Ram\u00f3n Almansa, nuestro Director Ejecutivo, al recoger ayer el premio a la Innovaci\u00f3n Social otorgado por la Asociaci\u00f3n Espa\u00f1ola de Fundaciones (AEF).\u00a0 El pasado mes de noviembre conocimos que el jurado de los Premios de la AEF decidi\u00f3 conceder a Entreculturas el premio en la categor\u00eda de Innovaci\u00f3n Social por el programa La Luz de las Ni\u00f1as. \u00a0El objetivo de estos galardones es distinguir a las entidades que mejor reflejan los valores de un sector, el social, que beneficia a 35 millones de personas.\u00a0 La Luz de las Ni\u00f1as es una iniciativa que en 2019 se est\u00e1 desarrollando en 12 pa\u00edses de \u00c1frica y Am\u00e9rica Latina y llega [&hellip;]<\/p>\n","protected":false},"featured_media":504,"template":"wp-custom-template-noticias-la-luz-de-las-ninas-2","meta":{"_acf_changed":false},"categories":[7],"tags":[],"class_list":["post-501","xxx","type-xxx","status-publish","has-post-thumbnail","hentry","category-noticia"],"acf":[],"yoast_head":"<!-- This site is optimized with the Yoast SEO Premium plugin v21.6 (Yoast SEO v27.5) - https:\/\/yoast.com\/product\/yoast-seo-premium-wordpress\/ -->\n<title>La Asociaci\u00f3n Espa\u00f1ola de Fundaciones premia el programa La Luz de las Ni\u00f1as - Entreculturas<\/title>\n<meta name=\"robots\" content=\"index, follow, max-snippet:-1, max-image-preview:large, max-video-preview:-1\" \/>\n<link rel=\"canonical\" href=\"https:\/\/www.entreculturas.org\/en\/la-luz-de-las-ninas\/noticia\/por-las-ninas-que-vendran\/\" \/>\n<meta property=\"og:locale\" content=\"en_US\" \/>\n<meta property=\"og:type\" content=\"article\" \/>\n<meta property=\"og:title\" content=\"La Asociaci\u00f3n Espa\u00f1ola de Fundaciones premia el programa La Luz de las Ni\u00f1as\" \/>\n<meta property=\"og:description\" content=\"\u201cEste premio que hoy nos dais no es para Entreculturas; es para cada una de las 32.000 ni\u00f1as que hacen parte el programa la Luz de las Ni\u00f1as; es para ellas y por las que vendr\u00e1n\u201d, estas fueron las conmovedoras palabras de Ram\u00f3n Almansa, nuestro Director Ejecutivo, al recoger ayer el premio a la Innovaci\u00f3n Social otorgado por la Asociaci\u00f3n Espa\u00f1ola de Fundaciones (AEF).\u00a0 El pasado mes de noviembre conocimos que el jurado de los Premios de la AEF decidi\u00f3 conceder a Entreculturas el premio en la categor\u00eda de Innovaci\u00f3n Social por el programa La Luz de las Ni\u00f1as. \u00a0El objetivo de estos galardones es distinguir a las entidades que mejor reflejan los valores de un sector, el social, que beneficia a 35 millones de personas.\u00a0 La Luz de las Ni\u00f1as es una iniciativa que en 2019 se est\u00e1 desarrollando en 12 pa\u00edses de \u00c1frica y Am\u00e9rica Latina y llega [&hellip;]\" \/>\n<meta property=\"og:url\" content=\"https:\/\/www.entreculturas.org\/en\/la-luz-de-las-ninas\/noticia\/por-las-ninas-que-vendran\/\" \/>\n<meta property=\"og:site_name\" content=\"Entreculturas\" \/>\n<meta property=\"article:publisher\" content=\"https:\/\/www.facebook.com\/entreculturas\" \/>\n<meta property=\"article:modified_time\" content=\"2024-09-19T16:32:02+00:00\" \/>\n<meta property=\"og:image\" content=\"https:\/\/www.entreculturas.org\/wp-content\/uploads\/2019\/12\/Foto-de-familia-baja.jpg\" \/>\n\t<meta property=\"og:image:width\" content=\"1000\" \/>\n\t<meta property=\"og:image:height\" content=\"500\" \/>\n\t<meta property=\"og:image:type\" content=\"image\/jpeg\" \/>\n<meta name=\"twitter:card\" content=\"summary_large_image\" \/>\n<meta name=\"twitter:site\" content=\"@Entreculturas\" \/>\n<script type=\"application\/ld+json\" class=\"yoast-schema-graph\">{\"@context\":\"https:\\\/\\\/schema.org\",\"@graph\":[{\"@type\":\"WebPage\",\"@id\":\"https:\\\/\\\/www.entreculturas.org\\\/en\\\/la-luz-de-las-ninas\\\/noticia\\\/por-las-ninas-que-vendran\\\/\",\"url\":\"https:\\\/\\\/www.entreculturas.org\\\/en\\\/la-luz-de-las-ninas\\\/noticia\\\/por-las-ninas-que-vendran\\\/\",\"name\":\"La Asociaci\u00f3n Espa\u00f1ola de Fundaciones premia el programa La Luz de las Ni\u00f1as - Entreculturas\",\"isPartOf\":{\"@id\":\"https:\\\/\\\/www.entreculturas.org\\\/en\\\/#website\"},\"primaryImageOfPage\":{\"@id\":\"https:\\\/\\\/www.entreculturas.org\\\/en\\\/la-luz-de-las-ninas\\\/noticia\\\/por-las-ninas-que-vendran\\\/#primaryimage\"},\"image\":{\"@id\":\"https:\\\/\\\/www.entreculturas.org\\\/en\\\/la-luz-de-las-ninas\\\/noticia\\\/por-las-ninas-que-vendran\\\/#primaryimage\"},\"thumbnailUrl\":\"https:\\\/\\\/www.entreculturas.org\\\/wp-content\\\/uploads\\\/2019\\\/12\\\/Foto-de-familia-baja.jpg\",\"datePublished\":\"2019-12-04T10:08:41+00:00\",\"dateModified\":\"2024-09-19T16:32:02+00:00\",\"breadcrumb\":{\"@id\":\"https:\\\/\\\/www.entreculturas.org\\\/en\\\/la-luz-de-las-ninas\\\/noticia\\\/por-las-ninas-que-vendran\\\/#breadcrumb\"},\"inLanguage\":\"en-US\",\"potentialAction\":[{\"@type\":\"ReadAction\",\"target\":[\"https:\\\/\\\/www.entreculturas.org\\\/en\\\/la-luz-de-las-ninas\\\/noticia\\\/por-las-ninas-que-vendran\\\/\"]}]},{\"@type\":\"ImageObject\",\"inLanguage\":\"en-US\",\"@id\":\"https:\\\/\\\/www.entreculturas.org\\\/en\\\/la-luz-de-las-ninas\\\/noticia\\\/por-las-ninas-que-vendran\\\/#primaryimage\",\"url\":\"https:\\\/\\\/www.entreculturas.org\\\/wp-content\\\/uploads\\\/2019\\\/12\\\/Foto-de-familia-baja.jpg\",\"contentUrl\":\"https:\\\/\\\/www.entreculturas.org\\\/wp-content\\\/uploads\\\/2019\\\/12\\\/Foto-de-familia-baja.jpg\",\"width\":1000,\"height\":500},{\"@type\":\"BreadcrumbList\",\"@id\":\"https:\\\/\\\/www.entreculturas.org\\\/en\\\/la-luz-de-las-ninas\\\/noticia\\\/por-las-ninas-que-vendran\\\/#breadcrumb\",\"itemListElement\":[{\"@type\":\"ListItem\",\"position\":1,\"name\":\"Home\",\"item\":\"https:\\\/\\\/www.entreculturas.org\\\/en\\\/\"},{\"@type\":\"ListItem\",\"position\":2,\"name\":\"Noticias LLDLN\",\"item\":\"https:\\\/\\\/www.entreculturas.org\\\/en\\\/noticias-la-luz-de-las-ninas\\\/\"},{\"@type\":\"ListItem\",\"position\":3,\"name\":\"La Asociaci\u00f3n Espa\u00f1ola de Fundaciones premia el programa La Luz de las Ni\u00f1as\"}]},{\"@type\":\"WebSite\",\"@id\":\"https:\\\/\\\/www.entreculturas.org\\\/en\\\/#website\",\"url\":\"https:\\\/\\\/www.entreculturas.org\\\/en\\\/\",\"name\":\"Entreculturas\",\"description\":\"\",\"publisher\":{\"@id\":\"https:\\\/\\\/www.entreculturas.org\\\/en\\\/#organization\"},\"alternateName\":\"Entreculturas\",\"potentialAction\":[{\"@type\":\"SearchAction\",\"target\":{\"@type\":\"EntryPoint\",\"urlTemplate\":\"https:\\\/\\\/www.entreculturas.org\\\/en\\\/?s={search_term_string}\"},\"query-input\":{\"@type\":\"PropertyValueSpecification\",\"valueRequired\":true,\"valueName\":\"search_term_string\"}}],\"inLanguage\":\"en-US\"},{\"@type\":\"Organization\",\"@id\":\"https:\\\/\\\/www.entreculturas.org\\\/en\\\/#organization\",\"name\":\"Entreculturas\",\"url\":\"https:\\\/\\\/www.entreculturas.org\\\/en\\\/\",\"logo\":{\"@type\":\"ImageObject\",\"inLanguage\":\"en-US\",\"@id\":\"https:\\\/\\\/www.entreculturas.org\\\/en\\\/#\\\/schema\\\/logo\\\/image\\\/\",\"url\":\"https:\\\/\\\/www.entreculturas.org\\\/wp-content\\\/uploads\\\/2025\\\/10\\\/ESP.svg\",\"contentUrl\":\"https:\\\/\\\/www.entreculturas.org\\\/wp-content\\\/uploads\\\/2025\\\/10\\\/ESP.svg\",\"caption\":\"Entreculturas\"},\"image\":{\"@id\":\"https:\\\/\\\/www.entreculturas.org\\\/en\\\/#\\\/schema\\\/logo\\\/image\\\/\"},\"sameAs\":[\"https:\\\/\\\/www.facebook.com\\\/entreculturas\",\"https:\\\/\\\/x.com\\\/Entreculturas\",\"https:\\\/\\\/www.instagram.com\\\/entreculturas\\\/\",\"https:\\\/\\\/www.youtube.com\\\/user\\\/entreculturasvideo\",\"https:\\\/\\\/www.linkedin.com\\\/company\\\/fundacion-entreculturas-ngdo\\\/\",\"https:\\\/\\\/www.flickr.com\\\/photos\\\/98455522@N04\\\/albums\\\/\"]}]}<\/script>\n<!-- \/ Yoast SEO Premium plugin. -->","yoast_head_json":{"title":"La Asociaci\u00f3n Espa\u00f1ola de Fundaciones premia el programa La Luz de las Ni\u00f1as - Entreculturas","robots":{"index":"index","follow":"follow","max-snippet":"max-snippet:-1","max-image-preview":"max-image-preview:large","max-video-preview":"max-video-preview:-1"},"canonical":"https:\/\/www.entreculturas.org\/en\/la-luz-de-las-ninas\/noticia\/por-las-ninas-que-vendran\/","og_locale":"en_US","og_type":"article","og_title":"La Asociaci\u00f3n Espa\u00f1ola de Fundaciones premia el programa La Luz de las Ni\u00f1as","og_description":"\u201cEste premio que hoy nos dais no es para Entreculturas; es para cada una de las 32.000 ni\u00f1as que hacen parte el programa la Luz de las Ni\u00f1as; es para ellas y por las que vendr\u00e1n\u201d, estas fueron las conmovedoras palabras de Ram\u00f3n Almansa, nuestro Director Ejecutivo, al recoger ayer el premio a la Innovaci\u00f3n Social otorgado por la Asociaci\u00f3n Espa\u00f1ola de Fundaciones (AEF).\u00a0 El pasado mes de noviembre conocimos que el jurado de los Premios de la AEF decidi\u00f3 conceder a Entreculturas el premio en la categor\u00eda de Innovaci\u00f3n Social por el programa La Luz de las Ni\u00f1as. \u00a0El objetivo de estos galardones es distinguir a las entidades que mejor reflejan los valores de un sector, el social, que beneficia a 35 millones de personas.\u00a0 La Luz de las Ni\u00f1as es una iniciativa que en 2019 se est\u00e1 desarrollando en 12 pa\u00edses de \u00c1frica y Am\u00e9rica Latina y llega [&hellip;]","og_url":"https:\/\/www.entreculturas.org\/en\/la-luz-de-las-ninas\/noticia\/por-las-ninas-que-vendran\/","og_site_name":"Entreculturas","article_publisher":"https:\/\/www.facebook.com\/entreculturas","article_modified_time":"2024-09-19T16:32:02+00:00","og_image":[{"width":1000,"height":500,"url":"https:\/\/www.entreculturas.org\/wp-content\/uploads\/2019\/12\/Foto-de-familia-baja.jpg","type":"image\/jpeg"}],"twitter_card":"summary_large_image","twitter_site":"@Entreculturas","schema":{"@context":"https:\/\/schema.org","@graph":[{"@type":"WebPage","@id":"https:\/\/www.entreculturas.org\/en\/la-luz-de-las-ninas\/noticia\/por-las-ninas-que-vendran\/","url":"https:\/\/www.entreculturas.org\/en\/la-luz-de-las-ninas\/noticia\/por-las-ninas-que-vendran\/","name":"La Asociaci\u00f3n Espa\u00f1ola de Fundaciones premia el programa La Luz de las Ni\u00f1as - Entreculturas","isPartOf":{"@id":"https:\/\/www.entreculturas.org\/en\/#website"},"primaryImageOfPage":{"@id":"https:\/\/www.entreculturas.org\/en\/la-luz-de-las-ninas\/noticia\/por-las-ninas-que-vendran\/#primaryimage"},"image":{"@id":"https:\/\/www.entreculturas.org\/en\/la-luz-de-las-ninas\/noticia\/por-las-ninas-que-vendran\/#primaryimage"},"thumbnailUrl":"https:\/\/www.entreculturas.org\/wp-content\/uploads\/2019\/12\/Foto-de-familia-baja.jpg","datePublished":"2019-12-04T10:08:41+00:00","dateModified":"2024-09-19T16:32:02+00:00","breadcrumb":{"@id":"https:\/\/www.entreculturas.org\/en\/la-luz-de-las-ninas\/noticia\/por-las-ninas-que-vendran\/#breadcrumb"},"inLanguage":"en-US","potentialAction":[{"@type":"ReadAction","target":["https:\/\/www.entreculturas.org\/en\/la-luz-de-las-ninas\/noticia\/por-las-ninas-que-vendran\/"]}]},{"@type":"ImageObject","inLanguage":"en-US","@id":"https:\/\/www.entreculturas.org\/en\/la-luz-de-las-ninas\/noticia\/por-las-ninas-que-vendran\/#primaryimage","url":"https:\/\/www.entreculturas.org\/wp-content\/uploads\/2019\/12\/Foto-de-familia-baja.jpg","contentUrl":"https:\/\/www.entreculturas.org\/wp-content\/uploads\/2019\/12\/Foto-de-familia-baja.jpg","width":1000,"height":500},{"@type":"BreadcrumbList","@id":"https:\/\/www.entreculturas.org\/en\/la-luz-de-las-ninas\/noticia\/por-las-ninas-que-vendran\/#breadcrumb","itemListElement":[{"@type":"ListItem","position":1,"name":"Home","item":"https:\/\/www.entreculturas.org\/en\/"},{"@type":"ListItem","position":2,"name":"Noticias LLDLN","item":"https:\/\/www.entreculturas.org\/en\/noticias-la-luz-de-las-ninas\/"},{"@type":"ListItem","position":3,"name":"La Asociaci\u00f3n Espa\u00f1ola de Fundaciones premia el programa La Luz de las Ni\u00f1as"}]},{"@type":"WebSite","@id":"https:\/\/www.entreculturas.org\/en\/#website","url":"https:\/\/www.entreculturas.org\/en\/","name":"Entreculturas","description":"","publisher":{"@id":"https:\/\/www.entreculturas.org\/en\/#organization"},"alternateName":"Entreculturas","potentialAction":[{"@type":"SearchAction","target":{"@type":"EntryPoint","urlTemplate":"https:\/\/www.entreculturas.org\/en\/?s={search_term_string}"},"query-input":{"@type":"PropertyValueSpecification","valueRequired":true,"valueName":"search_term_string"}}],"inLanguage":"en-US"},{"@type":"Organization","@id":"https:\/\/www.entreculturas.org\/en\/#organization","name":"Entreculturas","url":"https:\/\/www.entreculturas.org\/en\/","logo":{"@type":"ImageObject","inLanguage":"en-US","@id":"https:\/\/www.entreculturas.org\/en\/#\/schema\/logo\/image\/","url":"https:\/\/www.entreculturas.org\/wp-content\/uploads\/2025\/10\/ESP.svg","contentUrl":"https:\/\/www.entreculturas.org\/wp-content\/uploads\/2025\/10\/ESP.svg","caption":"Entreculturas"},"image":{"@id":"https:\/\/www.entreculturas.org\/en\/#\/schema\/logo\/image\/"},"sameAs":["https:\/\/www.facebook.com\/entreculturas","https:\/\/x.com\/Entreculturas","https:\/\/www.instagram.com\/entreculturas\/","https:\/\/www.youtube.com\/user\/entreculturasvideo","https:\/\/www.linkedin.com\/company\/fundacion-entreculturas-ngdo\/","https:\/\/www.flickr.com\/photos\/98455522@N04\/albums\/"]}]}},"_links":{"self":[{"href":"https:\/\/www.entreculturas.org\/en\/wp-json\/wp\/v2\/xxx\/501","targetHints":{"allow":["GET"]}}],"collection":[{"href":"https:\/\/www.entreculturas.org\/en\/wp-json\/wp\/v2\/xxx"}],"about":[{"href":"https:\/\/www.entreculturas.org\/en\/wp-json\/wp\/v2\/types\/xxx"}],"wp:featuredmedia":[{"embeddable":true,"href":"https:\/\/www.entreculturas.org\/en\/wp-json\/wp\/v2\/media\/504"}],"wp:attachment":[{"href":"https:\/\/www.entreculturas.org\/en\/wp-json\/wp\/v2\/media?parent=501"}],"wp:term":[{"taxonomy":"category","embeddable":true,"href":"https:\/\/www.entreculturas.org\/en\/wp-json\/wp\/v2\/categories?post=501"},{"taxonomy":"post_tag","embeddable":true,"href":"https:\/\/www.entreculturas.org\/en\/wp-json\/wp\/v2\/tags?post=501"}],"curies":[{"name":"wp","href":"https:\/\/api.w.org\/{rel}","templated":true}]}}