{"id":492,"date":"2019-11-18T10:53:35","date_gmt":"2019-11-18T09:53:35","guid":{"rendered":"https:\/\/www.entreculturas.org\/?post_type=xxx&#038;p=492"},"modified":"2024-09-19T18:31:06","modified_gmt":"2024-09-19T16:31:06","slug":"exposicion-la-luz-de-las-ninas","status":"publish","type":"xxx","link":"https:\/\/www.entreculturas.org\/en\/la-luz-de-las-ninas\/noticia\/exposicion-la-luz-de-las-ninas\/","title":{"rendered":"Exposici\u00f3n La Luz de las Ni\u00f1as"},"content":{"rendered":"<p><span style=\"font-weight: 400;\">La Luz de las Ni\u00f1as se ha transformado en <\/span><b><span style=\"color: #ff0102;\">una exposici\u00f3n que pone rostro a la realidad que viven 240 millones de ni\u00f1as en todo el mundo<\/span>.<\/b><span style=\"font-weight: 400;\"> Una muestra que refleja la oscuridad por la que ni\u00f1as y j\u00f3venes atraviesan como consecuencia de pr\u00e1cticas abusivas como el matrimonio forzado, la violencia psicol\u00f3gica, f\u00edsica y sexual, la mutilaci\u00f3n genital, etc. pero que tambi\u00e9n arroja luz y esperanza, mostrando la lucha de las ni\u00f1as por sus derechos, por lograr un presente digno y un futuro lleno de posibilidades.\u00a0\u00a0<\/span><\/p>\n<p><span style=\"font-weight: 400;\">Concretamente, la exposici\u00f3n se inspira en la vida de Kim, Mireille, Sima y Michel Ange, cuatro j\u00f3venes de diferentes partes del mundo pero que comparten una historia en com\u00fan: la de haberse encontrado, enfrentado y superado barreras <\/span><span style=\"color: #ff0102;\"><b>por el mero hecho de ser ni\u00f1as.<\/b><\/span><\/p>\n<p><span style=\"font-weight: 400;\">Barreras como las que enfrent\u00f3 Kim, que a temprana edad <\/span><span style=\"color: #ff0102;\"><b>tuvo que abandonar sus estudios<\/b><\/span><span style=\"font-weight: 400;\"> y ponerse a trabajar como sirvienta para ayudar econ\u00f3micamente a su familia. Dificultades como con las que tuvo que lidiar Mireille, que huy\u00f3 de la guerra en Ruanda, se refugi\u00f3 en RD Congo y <\/span><span style=\"color: #ff0102;\"><b>tuvo que empezar a construir su vida desde cero<\/b><\/span><span style=\"font-weight: 400;\">. Situaciones como la de Sima, de Sud\u00e1n y refugiada en Chad, que <\/span><span style=\"color: #ff0102;\"><b>se libr\u00f3 de sufrir mutilaci\u00f3n genital<\/b><\/span><span style=\"font-weight: 400;\"> gracias a su madre, Aisha, a quien siendo ni\u00f1a le practicaron el tipo m\u00e1s da\u00f1ino de ablaci\u00f3n y se convirti\u00f3 en una detractora de esta pr\u00e1ctica. Obst\u00e1culos como los que atraves\u00f3 Michel Ange, de Hait\u00ed, que a su corta edad ya sabe lo que es sufrir una<\/span><span style=\"color: #ff0102;\"><b> triple discriminaci\u00f3n<\/b><\/span><span style=\"font-weight: 400;\">: por su edad, su g\u00e9nero y por tener una discapacidad f\u00edsica.<\/span><\/p>\n<p><span style=\"font-weight: 400;\">La historia de lucha de las cuatro j\u00f3venes es la demostraci\u00f3n de que, a pesar de las dificultades, se puede salir adelante. Y es que actualmente Kim sigue estudiando y sue\u00f1a con ser locura de radio; Mireille es doctora en un hospital de Malaui; Sima es activista por los derechos de las mujeres en Chad; y Michel Ange juega al f\u00fatbol y se siente igual que el resto de sus compa\u00f1eros y compa\u00f1eras.<\/span><\/p>\n<p><span style=\"font-weight: 400;\">La exposici\u00f3n, adem\u00e1s, profundiza en datos y cifras sobre la dimensi\u00f3n de la violencia hacia las ni\u00f1as y j\u00f3venes, poniendo en evidencia que se trata de una de las vulneraciones de los derechos humanos m\u00e1s extendida del mundo.\u00a0<\/span><\/p>\n<p>&nbsp;<\/p>\n<div id='gallery-1' class='gallery galleryid-492 gallery-columns-2 gallery-size-large'><figure class='gallery-item'>\n\t\t\t<div class='gallery-icon landscape'>\n\t\t\t\t<img decoding=\"async\" width=\"1024\" height=\"768\" src=\"https:\/\/www.entreculturas.org\/wp-content\/uploads\/2019\/11\/WhatsApp-Image-2019-11-18-at-11.17.29-3-1024x768.jpeg\" class=\"attachment-large size-large\" alt=\"\" srcset=\"https:\/\/www.entreculturas.org\/wp-content\/uploads\/2019\/11\/WhatsApp-Image-2019-11-18-at-11.17.29-3-1024x768.jpeg 1024w, https:\/\/www.entreculturas.org\/wp-content\/uploads\/2019\/11\/WhatsApp-Image-2019-11-18-at-11.17.29-3-300x225.jpeg 300w, https:\/\/www.entreculturas.org\/wp-content\/uploads\/2019\/11\/WhatsApp-Image-2019-11-18-at-11.17.29-3-768x576.jpeg 768w, https:\/\/www.entreculturas.org\/wp-content\/uploads\/2019\/11\/WhatsApp-Image-2019-11-18-at-11.17.29-3-1536x1152.jpeg 1536w, https:\/\/www.entreculturas.org\/wp-content\/uploads\/2019\/11\/WhatsApp-Image-2019-11-18-at-11.17.29-3.jpeg 1984w\" sizes=\"(max-width: 1024px) 100vw, 1024px\" \/>\n\t\t\t<\/div><\/figure><figure class='gallery-item'>\n\t\t\t<div class='gallery-icon landscape'>\n\t\t\t\t<img decoding=\"async\" width=\"1024\" height=\"768\" src=\"https:\/\/www.entreculturas.org\/wp-content\/uploads\/2019\/11\/WhatsApp-Image-2019-11-18-at-11.17.29-1024x768.jpeg\" class=\"attachment-large size-large\" alt=\"\" srcset=\"https:\/\/www.entreculturas.org\/wp-content\/uploads\/2019\/11\/WhatsApp-Image-2019-11-18-at-11.17.29-1024x768.jpeg 1024w, https:\/\/www.entreculturas.org\/wp-content\/uploads\/2019\/11\/WhatsApp-Image-2019-11-18-at-11.17.29-300x225.jpeg 300w, https:\/\/www.entreculturas.org\/wp-content\/uploads\/2019\/11\/WhatsApp-Image-2019-11-18-at-11.17.29-768x576.jpeg 768w, https:\/\/www.entreculturas.org\/wp-content\/uploads\/2019\/11\/WhatsApp-Image-2019-11-18-at-11.17.29-1536x1152.jpeg 1536w, https:\/\/www.entreculturas.org\/wp-content\/uploads\/2019\/11\/WhatsApp-Image-2019-11-18-at-11.17.29.jpeg 1984w\" sizes=\"(max-width: 1024px) 100vw, 1024px\" \/>\n\t\t\t<\/div><\/figure>\n\t\t<\/div>\n\n<h2><\/h2>\n<h2><b>Propuesta educativa\u00a0<\/b><\/h2>\n<p>&nbsp;<\/p>\n<p><span style=\"font-weight: 400;\">La exposici\u00f3n va acompa\u00f1ada de una Unidad Did\u00e1ctica, un itinerario de actividades para que <strong><span style=\"color: #ff0102;\">alumnado a partir de los 10 a\u00f1os<\/span><\/strong> pueda reflexionar acerca de las desigualdades que sufren las ni\u00f1as, conocer c\u00f3mo la educaci\u00f3n puede transformar sus vidas e identificar acciones cotidianas para actuar por los derechos de las ni\u00f1as.<\/span><\/p>\n<p><span style=\"font-weight: 400;\">En C\u00f3rdoba, 140 estudiantes de cinco cursos del Colegio Esclavas del Sagrado Coraz\u00f3n de Jes\u00fas ya han visitado la exposici\u00f3n y, dinamizados por alumnado de la Universidad de Loyola, han realizado algunas de las actividades propuestas en la gu\u00eda did\u00e1ctica. La pr\u00f3xima parada ser\u00e1 en el IES Juan de Mairena en Mairena de Aljarafe (Sevilla).\u00a0<\/span><\/p>\n<p><span style=\"font-weight: 400;\"><strong><span style=\"color: #ff0102;\">Pr\u00f3ximamente, llevaremos el mensaje y la historia de Kim, Mireille, Sima y Michel a otras ciudades.<\/span><\/strong> En este espacio iremos actualizando la agenda de la exposici\u00f3n. \u00a1Queda atento\/a! Mientras tanto, te invitamos a descargarte la unidad did\u00e1ctica.\u00a0<\/span><\/p>\n<p>&nbsp;<\/p>\n<p><a class=\"btn-rojo dona tipo-menu rojo\" style=\"padding: 8px;\" href=\"https:\/\/www.laluzdelasninas.org\/app\/uploads\/2019\/11\/Unidad-dida\u0301ctica-Exposicio\u0301n-Luz-nin\u0303as-Final.pdf\" target=\"_blank\" rel=\"noopener\">Descargar Unidad Did\u00e1ctica<\/a><\/p>\n","protected":false},"excerpt":{"rendered":"<p>La Luz de las Ni\u00f1as se ha transformado en una exposici\u00f3n que pone rostro a la realidad que viven 240 millones de ni\u00f1as en todo el mundo. Una muestra que refleja la oscuridad por la que ni\u00f1as y j\u00f3venes atraviesan como consecuencia de pr\u00e1cticas abusivas como el matrimonio forzado, la violencia psicol\u00f3gica, f\u00edsica y sexual, la mutilaci\u00f3n genital, etc. pero que tambi\u00e9n arroja luz y esperanza, mostrando la lucha de las ni\u00f1as por sus derechos, por lograr un presente digno y un futuro lleno de posibilidades.\u00a0\u00a0 Concretamente, la exposici\u00f3n se inspira en la vida de Kim, Mireille, Sima y Michel Ange, cuatro j\u00f3venes de diferentes partes del mundo pero que comparten una historia en com\u00fan: la de haberse encontrado, enfrentado y superado barreras por el mero hecho de ser ni\u00f1as. Barreras como las que enfrent\u00f3 Kim, que a temprana edad tuvo que abandonar sus estudios y ponerse a trabajar como [&hellip;]<\/p>\n","protected":false},"featured_media":494,"template":"wp-custom-template-noticias-la-luz-de-las-ninas-2","meta":{"_acf_changed":false},"categories":[7],"tags":[],"class_list":["post-492","xxx","type-xxx","status-publish","has-post-thumbnail","hentry","category-noticia"],"acf":[],"yoast_head":"<!-- This site is optimized with the Yoast SEO Premium plugin v21.6 (Yoast SEO v27.5) - https:\/\/yoast.com\/product\/yoast-seo-premium-wordpress\/ -->\n<title>Exposici\u00f3n La Luz de las Ni\u00f1as - Entreculturas<\/title>\n<meta name=\"robots\" content=\"index, follow, max-snippet:-1, max-image-preview:large, max-video-preview:-1\" \/>\n<link rel=\"canonical\" href=\"https:\/\/www.entreculturas.org\/en\/la-luz-de-las-ninas\/noticia\/exposicion-la-luz-de-las-ninas\/\" \/>\n<meta property=\"og:locale\" content=\"en_US\" \/>\n<meta property=\"og:type\" content=\"article\" \/>\n<meta property=\"og:title\" content=\"Exposici\u00f3n La Luz de las Ni\u00f1as\" \/>\n<meta property=\"og:description\" content=\"La Luz de las Ni\u00f1as se ha transformado en una exposici\u00f3n que pone rostro a la realidad que viven 240 millones de ni\u00f1as en todo el mundo. Una muestra que refleja la oscuridad por la que ni\u00f1as y j\u00f3venes atraviesan como consecuencia de pr\u00e1cticas abusivas como el matrimonio forzado, la violencia psicol\u00f3gica, f\u00edsica y sexual, la mutilaci\u00f3n genital, etc. pero que tambi\u00e9n arroja luz y esperanza, mostrando la lucha de las ni\u00f1as por sus derechos, por lograr un presente digno y un futuro lleno de posibilidades.\u00a0\u00a0 Concretamente, la exposici\u00f3n se inspira en la vida de Kim, Mireille, Sima y Michel Ange, cuatro j\u00f3venes de diferentes partes del mundo pero que comparten una historia en com\u00fan: la de haberse encontrado, enfrentado y superado barreras por el mero hecho de ser ni\u00f1as. Barreras como las que enfrent\u00f3 Kim, que a temprana edad tuvo que abandonar sus estudios y ponerse a trabajar como [&hellip;]\" \/>\n<meta property=\"og:url\" content=\"https:\/\/www.entreculturas.org\/en\/la-luz-de-las-ninas\/noticia\/exposicion-la-luz-de-las-ninas\/\" \/>\n<meta property=\"og:site_name\" content=\"Entreculturas\" \/>\n<meta property=\"article:publisher\" content=\"https:\/\/www.facebook.com\/entreculturas\" \/>\n<meta property=\"article:modified_time\" content=\"2024-09-19T16:31:06+00:00\" \/>\n<meta property=\"og:image\" content=\"https:\/\/www.entreculturas.org\/wp-content\/uploads\/2019\/11\/ldn-expo.jpg\" \/>\n\t<meta property=\"og:image:width\" content=\"1200\" \/>\n\t<meta property=\"og:image:height\" content=\"827\" \/>\n\t<meta property=\"og:image:type\" content=\"image\/jpeg\" \/>\n<meta name=\"twitter:card\" content=\"summary_large_image\" \/>\n<meta name=\"twitter:site\" content=\"@Entreculturas\" \/>\n<script type=\"application\/ld+json\" class=\"yoast-schema-graph\">{\"@context\":\"https:\\\/\\\/schema.org\",\"@graph\":[{\"@type\":\"WebPage\",\"@id\":\"https:\\\/\\\/www.entreculturas.org\\\/en\\\/la-luz-de-las-ninas\\\/noticia\\\/exposicion-la-luz-de-las-ninas\\\/\",\"url\":\"https:\\\/\\\/www.entreculturas.org\\\/en\\\/la-luz-de-las-ninas\\\/noticia\\\/exposicion-la-luz-de-las-ninas\\\/\",\"name\":\"Exposici\u00f3n La Luz de las Ni\u00f1as - Entreculturas\",\"isPartOf\":{\"@id\":\"https:\\\/\\\/www.entreculturas.org\\\/en\\\/#website\"},\"primaryImageOfPage\":{\"@id\":\"https:\\\/\\\/www.entreculturas.org\\\/en\\\/la-luz-de-las-ninas\\\/noticia\\\/exposicion-la-luz-de-las-ninas\\\/#primaryimage\"},\"image\":{\"@id\":\"https:\\\/\\\/www.entreculturas.org\\\/en\\\/la-luz-de-las-ninas\\\/noticia\\\/exposicion-la-luz-de-las-ninas\\\/#primaryimage\"},\"thumbnailUrl\":\"https:\\\/\\\/www.entreculturas.org\\\/wp-content\\\/uploads\\\/2019\\\/11\\\/ldn-expo.jpg\",\"datePublished\":\"2019-11-18T09:53:35+00:00\",\"dateModified\":\"2024-09-19T16:31:06+00:00\",\"breadcrumb\":{\"@id\":\"https:\\\/\\\/www.entreculturas.org\\\/en\\\/la-luz-de-las-ninas\\\/noticia\\\/exposicion-la-luz-de-las-ninas\\\/#breadcrumb\"},\"inLanguage\":\"en-US\",\"potentialAction\":[{\"@type\":\"ReadAction\",\"target\":[\"https:\\\/\\\/www.entreculturas.org\\\/en\\\/la-luz-de-las-ninas\\\/noticia\\\/exposicion-la-luz-de-las-ninas\\\/\"]}]},{\"@type\":\"ImageObject\",\"inLanguage\":\"en-US\",\"@id\":\"https:\\\/\\\/www.entreculturas.org\\\/en\\\/la-luz-de-las-ninas\\\/noticia\\\/exposicion-la-luz-de-las-ninas\\\/#primaryimage\",\"url\":\"https:\\\/\\\/www.entreculturas.org\\\/wp-content\\\/uploads\\\/2019\\\/11\\\/ldn-expo.jpg\",\"contentUrl\":\"https:\\\/\\\/www.entreculturas.org\\\/wp-content\\\/uploads\\\/2019\\\/11\\\/ldn-expo.jpg\",\"width\":1200,\"height\":827},{\"@type\":\"BreadcrumbList\",\"@id\":\"https:\\\/\\\/www.entreculturas.org\\\/en\\\/la-luz-de-las-ninas\\\/noticia\\\/exposicion-la-luz-de-las-ninas\\\/#breadcrumb\",\"itemListElement\":[{\"@type\":\"ListItem\",\"position\":1,\"name\":\"Home\",\"item\":\"https:\\\/\\\/www.entreculturas.org\\\/en\\\/\"},{\"@type\":\"ListItem\",\"position\":2,\"name\":\"Noticias LLDLN\",\"item\":\"https:\\\/\\\/www.entreculturas.org\\\/en\\\/noticias-la-luz-de-las-ninas\\\/\"},{\"@type\":\"ListItem\",\"position\":3,\"name\":\"Exposici\u00f3n La Luz de las Ni\u00f1as\"}]},{\"@type\":\"WebSite\",\"@id\":\"https:\\\/\\\/www.entreculturas.org\\\/en\\\/#website\",\"url\":\"https:\\\/\\\/www.entreculturas.org\\\/en\\\/\",\"name\":\"Entreculturas\",\"description\":\"\",\"publisher\":{\"@id\":\"https:\\\/\\\/www.entreculturas.org\\\/en\\\/#organization\"},\"alternateName\":\"Entreculturas\",\"potentialAction\":[{\"@type\":\"SearchAction\",\"target\":{\"@type\":\"EntryPoint\",\"urlTemplate\":\"https:\\\/\\\/www.entreculturas.org\\\/en\\\/?s={search_term_string}\"},\"query-input\":{\"@type\":\"PropertyValueSpecification\",\"valueRequired\":true,\"valueName\":\"search_term_string\"}}],\"inLanguage\":\"en-US\"},{\"@type\":\"Organization\",\"@id\":\"https:\\\/\\\/www.entreculturas.org\\\/en\\\/#organization\",\"name\":\"Entreculturas\",\"url\":\"https:\\\/\\\/www.entreculturas.org\\\/en\\\/\",\"logo\":{\"@type\":\"ImageObject\",\"inLanguage\":\"en-US\",\"@id\":\"https:\\\/\\\/www.entreculturas.org\\\/en\\\/#\\\/schema\\\/logo\\\/image\\\/\",\"url\":\"https:\\\/\\\/www.entreculturas.org\\\/wp-content\\\/uploads\\\/2025\\\/10\\\/ESP.svg\",\"contentUrl\":\"https:\\\/\\\/www.entreculturas.org\\\/wp-content\\\/uploads\\\/2025\\\/10\\\/ESP.svg\",\"caption\":\"Entreculturas\"},\"image\":{\"@id\":\"https:\\\/\\\/www.entreculturas.org\\\/en\\\/#\\\/schema\\\/logo\\\/image\\\/\"},\"sameAs\":[\"https:\\\/\\\/www.facebook.com\\\/entreculturas\",\"https:\\\/\\\/x.com\\\/Entreculturas\",\"https:\\\/\\\/www.instagram.com\\\/entreculturas\\\/\",\"https:\\\/\\\/www.youtube.com\\\/user\\\/entreculturasvideo\",\"https:\\\/\\\/www.linkedin.com\\\/company\\\/fundacion-entreculturas-ngdo\\\/\",\"https:\\\/\\\/www.flickr.com\\\/photos\\\/98455522@N04\\\/albums\\\/\"]}]}<\/script>\n<!-- \/ Yoast SEO Premium plugin. -->","yoast_head_json":{"title":"Exposici\u00f3n La Luz de las Ni\u00f1as - Entreculturas","robots":{"index":"index","follow":"follow","max-snippet":"max-snippet:-1","max-image-preview":"max-image-preview:large","max-video-preview":"max-video-preview:-1"},"canonical":"https:\/\/www.entreculturas.org\/en\/la-luz-de-las-ninas\/noticia\/exposicion-la-luz-de-las-ninas\/","og_locale":"en_US","og_type":"article","og_title":"Exposici\u00f3n La Luz de las Ni\u00f1as","og_description":"La Luz de las Ni\u00f1as se ha transformado en una exposici\u00f3n que pone rostro a la realidad que viven 240 millones de ni\u00f1as en todo el mundo. Una muestra que refleja la oscuridad por la que ni\u00f1as y j\u00f3venes atraviesan como consecuencia de pr\u00e1cticas abusivas como el matrimonio forzado, la violencia psicol\u00f3gica, f\u00edsica y sexual, la mutilaci\u00f3n genital, etc. pero que tambi\u00e9n arroja luz y esperanza, mostrando la lucha de las ni\u00f1as por sus derechos, por lograr un presente digno y un futuro lleno de posibilidades.\u00a0\u00a0 Concretamente, la exposici\u00f3n se inspira en la vida de Kim, Mireille, Sima y Michel Ange, cuatro j\u00f3venes de diferentes partes del mundo pero que comparten una historia en com\u00fan: la de haberse encontrado, enfrentado y superado barreras por el mero hecho de ser ni\u00f1as. Barreras como las que enfrent\u00f3 Kim, que a temprana edad tuvo que abandonar sus estudios y ponerse a trabajar como [&hellip;]","og_url":"https:\/\/www.entreculturas.org\/en\/la-luz-de-las-ninas\/noticia\/exposicion-la-luz-de-las-ninas\/","og_site_name":"Entreculturas","article_publisher":"https:\/\/www.facebook.com\/entreculturas","article_modified_time":"2024-09-19T16:31:06+00:00","og_image":[{"width":1200,"height":827,"url":"https:\/\/www.entreculturas.org\/wp-content\/uploads\/2019\/11\/ldn-expo.jpg","type":"image\/jpeg"}],"twitter_card":"summary_large_image","twitter_site":"@Entreculturas","schema":{"@context":"https:\/\/schema.org","@graph":[{"@type":"WebPage","@id":"https:\/\/www.entreculturas.org\/en\/la-luz-de-las-ninas\/noticia\/exposicion-la-luz-de-las-ninas\/","url":"https:\/\/www.entreculturas.org\/en\/la-luz-de-las-ninas\/noticia\/exposicion-la-luz-de-las-ninas\/","name":"Exposici\u00f3n La Luz de las Ni\u00f1as - Entreculturas","isPartOf":{"@id":"https:\/\/www.entreculturas.org\/en\/#website"},"primaryImageOfPage":{"@id":"https:\/\/www.entreculturas.org\/en\/la-luz-de-las-ninas\/noticia\/exposicion-la-luz-de-las-ninas\/#primaryimage"},"image":{"@id":"https:\/\/www.entreculturas.org\/en\/la-luz-de-las-ninas\/noticia\/exposicion-la-luz-de-las-ninas\/#primaryimage"},"thumbnailUrl":"https:\/\/www.entreculturas.org\/wp-content\/uploads\/2019\/11\/ldn-expo.jpg","datePublished":"2019-11-18T09:53:35+00:00","dateModified":"2024-09-19T16:31:06+00:00","breadcrumb":{"@id":"https:\/\/www.entreculturas.org\/en\/la-luz-de-las-ninas\/noticia\/exposicion-la-luz-de-las-ninas\/#breadcrumb"},"inLanguage":"en-US","potentialAction":[{"@type":"ReadAction","target":["https:\/\/www.entreculturas.org\/en\/la-luz-de-las-ninas\/noticia\/exposicion-la-luz-de-las-ninas\/"]}]},{"@type":"ImageObject","inLanguage":"en-US","@id":"https:\/\/www.entreculturas.org\/en\/la-luz-de-las-ninas\/noticia\/exposicion-la-luz-de-las-ninas\/#primaryimage","url":"https:\/\/www.entreculturas.org\/wp-content\/uploads\/2019\/11\/ldn-expo.jpg","contentUrl":"https:\/\/www.entreculturas.org\/wp-content\/uploads\/2019\/11\/ldn-expo.jpg","width":1200,"height":827},{"@type":"BreadcrumbList","@id":"https:\/\/www.entreculturas.org\/en\/la-luz-de-las-ninas\/noticia\/exposicion-la-luz-de-las-ninas\/#breadcrumb","itemListElement":[{"@type":"ListItem","position":1,"name":"Home","item":"https:\/\/www.entreculturas.org\/en\/"},{"@type":"ListItem","position":2,"name":"Noticias LLDLN","item":"https:\/\/www.entreculturas.org\/en\/noticias-la-luz-de-las-ninas\/"},{"@type":"ListItem","position":3,"name":"Exposici\u00f3n La Luz de las Ni\u00f1as"}]},{"@type":"WebSite","@id":"https:\/\/www.entreculturas.org\/en\/#website","url":"https:\/\/www.entreculturas.org\/en\/","name":"Entreculturas","description":"","publisher":{"@id":"https:\/\/www.entreculturas.org\/en\/#organization"},"alternateName":"Entreculturas","potentialAction":[{"@type":"SearchAction","target":{"@type":"EntryPoint","urlTemplate":"https:\/\/www.entreculturas.org\/en\/?s={search_term_string}"},"query-input":{"@type":"PropertyValueSpecification","valueRequired":true,"valueName":"search_term_string"}}],"inLanguage":"en-US"},{"@type":"Organization","@id":"https:\/\/www.entreculturas.org\/en\/#organization","name":"Entreculturas","url":"https:\/\/www.entreculturas.org\/en\/","logo":{"@type":"ImageObject","inLanguage":"en-US","@id":"https:\/\/www.entreculturas.org\/en\/#\/schema\/logo\/image\/","url":"https:\/\/www.entreculturas.org\/wp-content\/uploads\/2025\/10\/ESP.svg","contentUrl":"https:\/\/www.entreculturas.org\/wp-content\/uploads\/2025\/10\/ESP.svg","caption":"Entreculturas"},"image":{"@id":"https:\/\/www.entreculturas.org\/en\/#\/schema\/logo\/image\/"},"sameAs":["https:\/\/www.facebook.com\/entreculturas","https:\/\/x.com\/Entreculturas","https:\/\/www.instagram.com\/entreculturas\/","https:\/\/www.youtube.com\/user\/entreculturasvideo","https:\/\/www.linkedin.com\/company\/fundacion-entreculturas-ngdo\/","https:\/\/www.flickr.com\/photos\/98455522@N04\/albums\/"]}]}},"_links":{"self":[{"href":"https:\/\/www.entreculturas.org\/en\/wp-json\/wp\/v2\/xxx\/492","targetHints":{"allow":["GET"]}}],"collection":[{"href":"https:\/\/www.entreculturas.org\/en\/wp-json\/wp\/v2\/xxx"}],"about":[{"href":"https:\/\/www.entreculturas.org\/en\/wp-json\/wp\/v2\/types\/xxx"}],"wp:featuredmedia":[{"embeddable":true,"href":"https:\/\/www.entreculturas.org\/en\/wp-json\/wp\/v2\/media\/494"}],"wp:attachment":[{"href":"https:\/\/www.entreculturas.org\/en\/wp-json\/wp\/v2\/media?parent=492"}],"wp:term":[{"taxonomy":"category","embeddable":true,"href":"https:\/\/www.entreculturas.org\/en\/wp-json\/wp\/v2\/categories?post=492"},{"taxonomy":"post_tag","embeddable":true,"href":"https:\/\/www.entreculturas.org\/en\/wp-json\/wp\/v2\/tags?post=492"}],"curies":[{"name":"wp","href":"https:\/\/api.w.org\/{rel}","templated":true}]}}