{"id":35704,"date":"2024-11-22T13:34:57","date_gmt":"2024-11-22T12:34:57","guid":{"rendered":"https:\/\/www.entreculturas.org\/?post_type=noticia&#038;p=35704"},"modified":"2026-03-20T12:03:31","modified_gmt":"2026-03-20T11:03:31","slug":"te-voy-a-contar-mi-historia-voces-de-las-ninas-de-africa-del-este","status":"publish","type":"xxx","link":"https:\/\/www.entreculturas.org\/en\/la-luz-de-las-ninas\/noticia\/te-voy-a-contar-mi-historia-voces-de-las-ninas-de-africa-del-este\/","title":{"rendered":"Te voy a contar mi historia: voces de las ni\u00f1as de \u00c1frica del este"},"content":{"rendered":"\n<p>El emotivo libro <strong><a href=\"https:\/\/www.entreculturas.org\/wp-content\/uploads\/2024\/10\/TE-VOY-A-CONTAR-MI-HISTORIA.pdf\">Te voy a contar mi historia: Voces de las ni\u00f1as de \u00c1frica del Este<\/a><\/strong>, re\u00fane <strong>seis testimonios reales<\/strong> basados en las experiencias de <strong>40 ni\u00f1as de entre 10 y 15 a\u00f1os<\/strong>.<\/p>\n\n\n\n<p>En el marco de la campa\u00f1a <strong>La LUZ de las NI\u00d1AS<\/strong>, <strong>Entreculturas<\/strong> y JRS trabajamos en <strong>\u00c1frica del Este<\/strong> para brindar apoyo integral a ni\u00f1as de <strong>Etiop\u00eda, Kenia, Uganda y Sud\u00e1n del Sur<\/strong>. A trav\u00e9s de actividades como talleres de sensibilizaci\u00f3n, grupos focales y acompa\u00f1amiento psicol\u00f3gico, estas ni\u00f1as encuentran un espacio seguro para compartir sus vivencias y empezar a sanar.<\/p>\n\n\n\n<h2 class=\"wp-block-heading\" id=\"h-las-voces-de-las-ninas-de-africa-del-este\"><strong>Las voces de las ni\u00f1as de \u00c1frica del este<\/strong><\/h2>\n\n\n\n<p>El libro narra experiencias conmovedoras como la de <strong>Salma<\/strong>, una ni\u00f1a de 11 a\u00f1os refugiada en Etiop\u00eda, que vivi\u00f3 de cerca el impacto de la mutilaci\u00f3n genital femenina:<\/p>\n\n\n\n<p>\u201cUna noche encontr\u00e9 a mi amiga llorando. Cuando me acerqu\u00e9, vi sangre que ca\u00eda de entre sus piernas. Esa fue la primera vez que supe algo sobre la mutilaci\u00f3n genital femenina\u201d.<\/p>\n\n\n\n<p>Por su parte, <strong>Adid<\/strong>, una ni\u00f1a eritrea refugiada, denuncia la desigualdad en las tareas del hogar:<\/p>\n\n\n\n<p>\u201cSi trabaj\u00e1ramos todos juntos, podr\u00edamos terminar las tareas antes y tendr\u00edamos tiempo para estudiar y jugar. Mi sue\u00f1o es que un d\u00eda las ni\u00f1as puedan centrarse en lo que hacen los ni\u00f1os\u201d.<\/p>\n\n\n\n<p><strong>Christine<\/strong>, de 12 a\u00f1os, refugiada sudanesa en Uganda, reflexiona sobre los desaf\u00edos de la menstruaci\u00f3n y su impacto en la educaci\u00f3n:<\/p>\n\n\n\n<p>\u201cMuchas ni\u00f1as no pueden comprar compresas. Mi amiga Grace dej\u00f3 el colegio porque no pod\u00eda ir cuando ten\u00eda la regla, y eso la llev\u00f3 a un matrimonio forzado\u201d.<\/p>\n\n\n\n<h2 class=\"wp-block-heading\" id=\"h-un-enfoque-integral-para-el-bienestar-de-las-ninas\"><strong>Un enfoque integral para el bienestar de las ni\u00f1as<\/strong><\/h2>\n\n\n\n<p>La creaci\u00f3n del libro <em>Te voy a contar mi historia<\/em> fue dise\u00f1ada con el apoyo de la psic\u00f3loga <strong>Aliyah Shah<\/strong>, especialista en adolescentes. Su participaci\u00f3n fue clave para que las ni\u00f1as pudieran compartir sus historias sin reabrir heridas, reforzando al mismo tiempo su autoestima.<\/p>\n\n\n\n<p>Adem\u00e1s, las ni\u00f1as contribuyeron art\u00edsticamente con ilustraciones que representan sus vivencias, convirtiendo el proceso en una experiencia de <strong>catarsis y empoderamiento<\/strong>.<\/p>\n\n\n\n<h2 class=\"wp-block-heading\" id=\"h-un-llamado-a-la-accion-por-los-derechos-de-las-ninas\"><strong>Un llamado a la acci\u00f3n por los derechos de las ni\u00f1as<\/strong><\/h2>\n\n\n\n<p>Desde 2012, el programa <strong>La LUZ de las NI\u00d1AS<\/strong> ha apoyado a m\u00e1s de <strong>70,000 ni\u00f1as en 20 pa\u00edses<\/strong>, promoviendo su acceso a la educaci\u00f3n, la prevenci\u00f3n de la violencia y la atenci\u00f3n a v\u00edctimas de abuso. Sin embargo, las historias recopiladas en el libro nos recuerdan que queda mucho por hacer:<\/p>\n\n\n\n<p>\u201cLas historias de Adid, Christine, Wilma, Elyssa, Joy y Salma no son ficci\u00f3n. Representan la realidad de miles de ni\u00f1as en \u00c1frica del Este y en todo el mundo\u201d.<\/p>\n\n\n\n<p>Accede al libro <em>Te voy a contar mi historia: voces de las ni\u00f1as de \u00c1frica del este<\/em> y conoce estas historias de esperanza y superaci\u00f3n:<\/p>\n\n\n<div class=\"_3d-flip-book  fb3d-fullscreen-mode full-size\" data-id=\"47022\" data-mode=\"fullscreen\" data-title=\"false\" data-template=\"short-white-book-view\" data-lightbox=\"dark-shadow\" data-urlparam=\"fb3d-page\" data-page-n=\"0\" data-pdf=\"\" data-tax=\"null\" data-thumbnail=\"\" data-cols=\"3\" data-book-template=\"default\" data-trigger=\"\"><\/div><script type=\"text\/javascript\">window.FB3D_CLIENT_DATA = window.FB3D_CLIENT_DATA || [];FB3D_CLIENT_DATA.push('eyJwb3N0cyI6eyI0NzAyMiI6eyJJRCI6NDcwMjIsInRpdGxlIjoiVGUgdm95IGEgY29udGFyIG1pIGhpc3RvcmlhOiB2b2NlcyBkZSBsYXMgbmlcdTAwZjFhcyBkZSBcdTAwYzFmcmljYSBkZWwgZXN0ZSIsInR5cGUiOiJwZGYiLCJyZWFkeV9mdW5jdGlvbiI6IiIsImJvb2tfc3R5bGUiOiJhdXRvIiwiYm9va190ZW1wbGF0ZSI6Im5vbmUiLCJvdXRsaW5lIjpbXSwiZGF0YSI6eyJwb3N0X0lEIjoiLTEiLCJndWlkIjoiaHR0cHM6XC9cL3d3dy5lbnRyZWN1bHR1cmFzLm9yZ1wvd3AtY29udGVudFwvdXBsb2Fkc1wvMjAyNFwvMTBcL1RFLVZPWS1BLUNPTlRBUi1NSS1ISVNUT1JJQS5wZGYiLCJwZGZfcGFnZXMiOiI1MiIsInBhZ2VzX2N1c3RvbWl6YXRpb24iOiJub25lIn0sInRodW1ibmFpbCI6eyJkYXRhIjp7InBvc3RfSUQiOiIwIn0sInR5cGUiOiJhdXRvIn0sInByb3BzIjp7ImJhY2tncm91bmRDb2xvciI6ImF1dG8iLCJiYWNrZ3JvdW5kSW1hZ2UiOiJhdXRvIiwiYmFja2dyb3VuZFN0eWxlIjoiYXV0byIsImhpZ2hsaWdodExpbmtzIjoiYXV0byIsImxpZ2h0aW5nIjoiYXV0byIsInNpbmdsZVBhZ2VNb2RlIjoiYXV0byIsImNhY2hlZFBhZ2VzIjoiYXV0byIsInJlbmRlckluYWN0aXZlUGFnZXMiOiJhdXRvIiwicmVuZGVySW5hY3RpdmVQYWdlc09uTW9iaWxlIjoiYXV0byIsInJlbmRlcldoaWxlRmxpcHBpbmciOiJhdXRvIiwicHJlbG9hZFBhZ2VzIjoiYXV0byIsImF1dG9QbGF5RHVyYXRpb24iOiJhdXRvIiwicnRsIjoiYXV0byIsImludGVyYWN0aXZlQ29ybmVycyI6ImF1dG8iLCJtYXhEZXB0aCI6ImF1dG8iLCJzaGVldCI6eyJzdGFydFZlbG9jaXR5IjoiYXV0byIsIndhdmUiOiJhdXRvIiwic2hhcGUiOiJhdXRvIiwid2lkdGhUZXhlbHMiOiJhdXRvIiwiY29sb3IiOiJhdXRvIiwic2lkZSI6ImF1dG8iLCJzdHJldGNoSW1hZ2VzIjoiYXV0byIsImNvcm5lckRldmlhdGlvbiI6ImF1dG8iLCJmbGV4aWJpbGl0eSI6ImF1dG8iLCJmbGV4aWJsZUNvcm5lciI6ImF1dG8iLCJiZW5kaW5nIjoiYXV0byIsImhlaWdodFRleGVscyI6ImF1dG8ifSwiY292ZXIiOnsid2F2ZSI6ImF1dG8iLCJjb2xvciI6ImF1dG8iLCJzaWRlIjoiYXV0byIsInN0cmV0Y2hJbWFnZXMiOiJhdXRvIiwiYmluZGVyVGV4dHVyZSI6ImF1dG8iLCJkZXB0aCI6ImF1dG8iLCJwYWRkaW5nIjoiYXV0byIsInN0YXJ0VmVsb2NpdHkiOiJhdXRvIiwiZmxleGliaWxpdHkiOiJhdXRvIiwiZmxleGlibGVDb3JuZXIiOiJhdXRvIiwiYmVuZGluZyI6ImF1dG8iLCJ3aWR0aFRleGVscyI6ImF1dG8iLCJoZWlnaHRUZXhlbHMiOiJhdXRvIiwibWFzcyI6ImF1dG8iLCJzaGFwZSI6ImF1dG8ifSwicGFnZSI6eyJ3YXZlIjoiYXV0byIsImNvbG9yIjoiYXV0byIsInNpZGUiOiJhdXRvIiwic3RyZXRjaEltYWdlcyI6ImF1dG8iLCJkZXB0aCI6ImF1dG8iLCJzdGFydFZlbG9jaXR5IjoiYXV0byIsImZsZXhpYmlsaXR5IjoiYXV0byIsImZsZXhpYmxlQ29ybmVyIjoiYXV0byIsImJlbmRpbmciOiJhdXRvIiwid2lkdGhUZXhlbHMiOiJhdXRvIiwiaGVpZ2h0VGV4ZWxzIjoiYXV0byIsIm1hc3MiOiJhdXRvIiwic2hhcGUiOiJhdXRvIn0sImhlaWdodCI6ImF1dG8iLCJ3aWR0aCI6ImF1dG8iLCJncmF2aXR5IjoiYXV0byIsInBhZ2VzRm9yUHJlZGljdGluZyI6ImF1dG8ifSwiY29udHJvbFByb3BzIjp7ImFjdGlvbnMiOnsiY21kVG9jIjp7ImVuYWJsZWQiOiJhdXRvIiwiZW5hYmxlZEluTmFycm93IjoiYXV0byIsImFjdGl2ZSI6ImF1dG8iLCJkZWZhdWx0VGFiIjoiYXV0byJ9LCJjbWRBdXRvUGxheSI6eyJlbmFibGVkIjoiYXV0byIsImVuYWJsZWRJbk5hcnJvdyI6ImF1dG8iLCJhY3RpdmUiOiJhdXRvIn0sImNtZFNhdmUiOnsiZW5hYmxlZCI6ImF1dG8iLCJlbmFibGVkSW5OYXJyb3ciOiJhdXRvIn0sImNtZFByaW50Ijp7ImVuYWJsZWQiOiJhdXRvIiwiZW5hYmxlZEluTmFycm93IjoiYXV0byJ9LCJjbWRTaW5nbGVQYWdlIjp7ImVuYWJsZWQiOiJhdXRvIiwiZW5hYmxlZEluTmFycm93IjoiYXV0byIsImFjdGl2ZSI6ImF1dG8iLCJhY3RpdmVGb3JNb2JpbGUiOiJhdXRvIn0sIndpZFRvb2xiYXIiOnsiZW5hYmxlZCI6ImF1dG8iLCJlbmFibGVkSW5OYXJyb3ciOiJhdXRvIn19fSwiYXV0b1RodW1ibmFpbCI6Imh0dHBzOlwvXC93d3cuZW50cmVjdWx0dXJhcy5vcmdcL3dwLWNvbnRlbnRcL3VwbG9hZHNcLzNkLWZsaXAtYm9va1wvYXV0by10aHVtYm5haWxzXC80NzAyMi5wbmciLCJwb3N0X25hbWUiOiJ0ZS12b3ktYS1jb250YXItbWktaGlzdG9yaWEtdm9jZXMtZGUtbGFzLW5pbmFzLWRlLWFmcmljYS1kZWwtZXN0ZSIsInBvc3RfdHlwZSI6IjNkLWZsaXAtYm9vayJ9fSwicGFnZXMiOltdLCJmaXJzdFBhZ2VzIjpbXX0=');window.FB3D_CLIENT_LOCALE && FB3D_CLIENT_LOCALE.render && FB3D_CLIENT_LOCALE.render();<\/script>\n\n\n\n<p><\/p>\n\n\n\n<div class=\"wp-block-buttons is-content-justification-center is-layout-flex wp-container-core-buttons-is-layout-9587046d wp-block-buttons-is-layout-flex\" style=\"margin-top:0\">\n<div class=\"wp-block-button\"><a class=\"wp-block-button__link wp-element-button\" href=\"https:\/\/www.entreculturas.org\/wp-content\/uploads\/2024\/10\/TE-VOY-A-CONTAR-MI-HISTORIA.pdf\" target=\"_blank\" rel=\"noreferrer noopener\">DESCARGAR <img decoding=\"async\" class=\"donate-icon\" src=\"\/wp-content\/uploads\/2023\/10\/iconocta.svg\" alt=\"Icono\"><\/a><\/div>\n<\/div>\n","protected":false},"excerpt":{"rendered":"<p>El emotivo libro Te voy a contar mi historia: Voces de las ni\u00f1as de \u00c1frica del Este, re\u00fane seis testimonios reales basados en las experiencias de 40 ni\u00f1as de entre 10 y 15 a\u00f1os. En el marco de la campa\u00f1a La LUZ de las NI\u00d1AS, Entreculturas y JRS trabajamos en \u00c1frica del Este para brindar apoyo integral a ni\u00f1as de Etiop\u00eda, Kenia, Uganda y Sud\u00e1n del Sur. A trav\u00e9s de actividades como talleres de sensibilizaci\u00f3n, grupos focales y acompa\u00f1amiento psicol\u00f3gico, estas ni\u00f1as encuentran un espacio seguro para compartir sus vivencias y empezar a sanar. Las voces de las ni\u00f1as de \u00c1frica del este El libro narra experiencias conmovedoras como la de Salma, una ni\u00f1a de 11 a\u00f1os refugiada en Etiop\u00eda, que vivi\u00f3 de cerca el impacto de la mutilaci\u00f3n genital femenina: \u201cUna noche encontr\u00e9 a mi amiga llorando. Cuando me acerqu\u00e9, vi sangre que ca\u00eda de entre sus piernas. Esa [&hellip;]<\/p>\n","protected":false},"featured_media":47018,"template":"wp-custom-template-noticias-la-luz-de-las-ninas-2","meta":{"_acf_changed":false},"categories":[7],"tags":[579],"class_list":["post-35704","xxx","type-xxx","status-publish","has-post-thumbnail","hentry","category-noticia","tag-noticias-la-luz-de-las-ninas"],"acf":[],"yoast_head":"<!-- This site is optimized with the Yoast SEO Premium plugin v21.6 (Yoast SEO v27.5) - https:\/\/yoast.com\/product\/yoast-seo-premium-wordpress\/ -->\n<title>Te voy a contar mi historia: voces de las ni\u00f1as de \u00c1frica del este - Entreculturas<\/title>\n<meta name=\"description\" content=\"El libro Te voy a contar mi historia re\u00fane seis testimonios reales basados en las experiencias de 40 ni\u00f1as de entre 10 y 15 a\u00f1os de \u00c1frica del este.\" \/>\n<meta name=\"robots\" content=\"index, follow, max-snippet:-1, max-image-preview:large, max-video-preview:-1\" \/>\n<link rel=\"canonical\" href=\"https:\/\/www.entreculturas.org\/en\/la-luz-de-las-ninas\/noticia\/te-voy-a-contar-mi-historia-voces-de-las-ninas-de-africa-del-este\/\" \/>\n<meta property=\"og:locale\" content=\"en_US\" \/>\n<meta property=\"og:type\" content=\"article\" \/>\n<meta property=\"og:title\" content=\"Te voy a contar mi historia: voces de las ni\u00f1as de \u00c1frica del este\" \/>\n<meta property=\"og:description\" content=\"El libro Te voy a contar mi historia re\u00fane seis testimonios reales basados en las experiencias de 40 ni\u00f1as de entre 10 y 15 a\u00f1os de \u00c1frica del este.\" \/>\n<meta property=\"og:url\" content=\"https:\/\/www.entreculturas.org\/en\/la-luz-de-las-ninas\/noticia\/te-voy-a-contar-mi-historia-voces-de-las-ninas-de-africa-del-este\/\" \/>\n<meta property=\"og:site_name\" content=\"Entreculturas\" \/>\n<meta property=\"article:publisher\" content=\"https:\/\/www.facebook.com\/entreculturas\" \/>\n<meta property=\"article:modified_time\" content=\"2026-03-20T11:03:31+00:00\" \/>\n<meta property=\"og:image\" content=\"https:\/\/www.entreculturas.org\/wp-content\/uploads\/2024\/11\/Te-voy-a-contar-mi-historia-Castellano-PLIEGOS-CORTE-1-e1774003918201.jpg\" \/>\n\t<meta property=\"og:image:width\" content=\"2045\" \/>\n\t<meta property=\"og:image:height\" content=\"700\" \/>\n\t<meta property=\"og:image:type\" content=\"image\/jpeg\" \/>\n<meta name=\"twitter:card\" content=\"summary_large_image\" \/>\n<meta name=\"twitter:site\" content=\"@Entreculturas\" \/>\n<script type=\"application\/ld+json\" class=\"yoast-schema-graph\">{\"@context\":\"https:\\\/\\\/schema.org\",\"@graph\":[{\"@type\":\"WebPage\",\"@id\":\"https:\\\/\\\/www.entreculturas.org\\\/en\\\/la-luz-de-las-ninas\\\/noticia\\\/te-voy-a-contar-mi-historia-voces-de-las-ninas-de-africa-del-este\\\/\",\"url\":\"https:\\\/\\\/www.entreculturas.org\\\/en\\\/la-luz-de-las-ninas\\\/noticia\\\/te-voy-a-contar-mi-historia-voces-de-las-ninas-de-africa-del-este\\\/\",\"name\":\"Te voy a contar mi historia: voces de las ni\u00f1as de \u00c1frica del este - Entreculturas\",\"isPartOf\":{\"@id\":\"https:\\\/\\\/www.entreculturas.org\\\/en\\\/#website\"},\"primaryImageOfPage\":{\"@id\":\"https:\\\/\\\/www.entreculturas.org\\\/en\\\/la-luz-de-las-ninas\\\/noticia\\\/te-voy-a-contar-mi-historia-voces-de-las-ninas-de-africa-del-este\\\/#primaryimage\"},\"image\":{\"@id\":\"https:\\\/\\\/www.entreculturas.org\\\/en\\\/la-luz-de-las-ninas\\\/noticia\\\/te-voy-a-contar-mi-historia-voces-de-las-ninas-de-africa-del-este\\\/#primaryimage\"},\"thumbnailUrl\":\"https:\\\/\\\/www.entreculturas.org\\\/wp-content\\\/uploads\\\/2024\\\/11\\\/Te-voy-a-contar-mi-historia-Castellano-PLIEGOS-CORTE-1-e1774003918201.jpg\",\"datePublished\":\"2024-11-22T12:34:57+00:00\",\"dateModified\":\"2026-03-20T11:03:31+00:00\",\"description\":\"El libro Te voy a contar mi historia re\u00fane seis testimonios reales basados en las experiencias de 40 ni\u00f1as de entre 10 y 15 a\u00f1os de \u00c1frica del este.\",\"breadcrumb\":{\"@id\":\"https:\\\/\\\/www.entreculturas.org\\\/en\\\/la-luz-de-las-ninas\\\/noticia\\\/te-voy-a-contar-mi-historia-voces-de-las-ninas-de-africa-del-este\\\/#breadcrumb\"},\"inLanguage\":\"en-US\",\"potentialAction\":[{\"@type\":\"ReadAction\",\"target\":[\"https:\\\/\\\/www.entreculturas.org\\\/en\\\/la-luz-de-las-ninas\\\/noticia\\\/te-voy-a-contar-mi-historia-voces-de-las-ninas-de-africa-del-este\\\/\"]}]},{\"@type\":\"ImageObject\",\"inLanguage\":\"en-US\",\"@id\":\"https:\\\/\\\/www.entreculturas.org\\\/en\\\/la-luz-de-las-ninas\\\/noticia\\\/te-voy-a-contar-mi-historia-voces-de-las-ninas-de-africa-del-este\\\/#primaryimage\",\"url\":\"https:\\\/\\\/www.entreculturas.org\\\/wp-content\\\/uploads\\\/2024\\\/11\\\/Te-voy-a-contar-mi-historia-Castellano-PLIEGOS-CORTE-1-e1774003918201.jpg\",\"contentUrl\":\"https:\\\/\\\/www.entreculturas.org\\\/wp-content\\\/uploads\\\/2024\\\/11\\\/Te-voy-a-contar-mi-historia-Castellano-PLIEGOS-CORTE-1-e1774003918201.jpg\",\"width\":2045,\"height\":700,\"caption\":\"te voy a contar mi historia\"},{\"@type\":\"BreadcrumbList\",\"@id\":\"https:\\\/\\\/www.entreculturas.org\\\/en\\\/la-luz-de-las-ninas\\\/noticia\\\/te-voy-a-contar-mi-historia-voces-de-las-ninas-de-africa-del-este\\\/#breadcrumb\",\"itemListElement\":[{\"@type\":\"ListItem\",\"position\":1,\"name\":\"Home\",\"item\":\"https:\\\/\\\/www.entreculturas.org\\\/en\\\/\"},{\"@type\":\"ListItem\",\"position\":2,\"name\":\"Noticias LLDLN\",\"item\":\"https:\\\/\\\/www.entreculturas.org\\\/en\\\/noticias-la-luz-de-las-ninas\\\/\"},{\"@type\":\"ListItem\",\"position\":3,\"name\":\"Te voy a contar mi historia: voces de las ni\u00f1as de \u00c1frica del este\"}]},{\"@type\":\"WebSite\",\"@id\":\"https:\\\/\\\/www.entreculturas.org\\\/en\\\/#website\",\"url\":\"https:\\\/\\\/www.entreculturas.org\\\/en\\\/\",\"name\":\"Entreculturas\",\"description\":\"\",\"publisher\":{\"@id\":\"https:\\\/\\\/www.entreculturas.org\\\/en\\\/#organization\"},\"alternateName\":\"Entreculturas\",\"potentialAction\":[{\"@type\":\"SearchAction\",\"target\":{\"@type\":\"EntryPoint\",\"urlTemplate\":\"https:\\\/\\\/www.entreculturas.org\\\/en\\\/?s={search_term_string}\"},\"query-input\":{\"@type\":\"PropertyValueSpecification\",\"valueRequired\":true,\"valueName\":\"search_term_string\"}}],\"inLanguage\":\"en-US\"},{\"@type\":\"Organization\",\"@id\":\"https:\\\/\\\/www.entreculturas.org\\\/en\\\/#organization\",\"name\":\"Entreculturas\",\"url\":\"https:\\\/\\\/www.entreculturas.org\\\/en\\\/\",\"logo\":{\"@type\":\"ImageObject\",\"inLanguage\":\"en-US\",\"@id\":\"https:\\\/\\\/www.entreculturas.org\\\/en\\\/#\\\/schema\\\/logo\\\/image\\\/\",\"url\":\"https:\\\/\\\/www.entreculturas.org\\\/wp-content\\\/uploads\\\/2025\\\/10\\\/ESP.svg\",\"contentUrl\":\"https:\\\/\\\/www.entreculturas.org\\\/wp-content\\\/uploads\\\/2025\\\/10\\\/ESP.svg\",\"caption\":\"Entreculturas\"},\"image\":{\"@id\":\"https:\\\/\\\/www.entreculturas.org\\\/en\\\/#\\\/schema\\\/logo\\\/image\\\/\"},\"sameAs\":[\"https:\\\/\\\/www.facebook.com\\\/entreculturas\",\"https:\\\/\\\/x.com\\\/Entreculturas\",\"https:\\\/\\\/www.instagram.com\\\/entreculturas\\\/\",\"https:\\\/\\\/www.youtube.com\\\/user\\\/entreculturasvideo\",\"https:\\\/\\\/www.linkedin.com\\\/company\\\/fundacion-entreculturas-ngdo\\\/\",\"https:\\\/\\\/www.flickr.com\\\/photos\\\/98455522@N04\\\/albums\\\/\"]}]}<\/script>\n<!-- \/ Yoast SEO Premium plugin. -->","yoast_head_json":{"title":"Te voy a contar mi historia: voces de las ni\u00f1as de \u00c1frica del este - Entreculturas","description":"El libro Te voy a contar mi historia re\u00fane seis testimonios reales basados en las experiencias de 40 ni\u00f1as de entre 10 y 15 a\u00f1os de \u00c1frica del este.","robots":{"index":"index","follow":"follow","max-snippet":"max-snippet:-1","max-image-preview":"max-image-preview:large","max-video-preview":"max-video-preview:-1"},"canonical":"https:\/\/www.entreculturas.org\/en\/la-luz-de-las-ninas\/noticia\/te-voy-a-contar-mi-historia-voces-de-las-ninas-de-africa-del-este\/","og_locale":"en_US","og_type":"article","og_title":"Te voy a contar mi historia: voces de las ni\u00f1as de \u00c1frica del este","og_description":"El libro Te voy a contar mi historia re\u00fane seis testimonios reales basados en las experiencias de 40 ni\u00f1as de entre 10 y 15 a\u00f1os de \u00c1frica del este.","og_url":"https:\/\/www.entreculturas.org\/en\/la-luz-de-las-ninas\/noticia\/te-voy-a-contar-mi-historia-voces-de-las-ninas-de-africa-del-este\/","og_site_name":"Entreculturas","article_publisher":"https:\/\/www.facebook.com\/entreculturas","article_modified_time":"2026-03-20T11:03:31+00:00","og_image":[{"width":2045,"height":700,"url":"https:\/\/www.entreculturas.org\/wp-content\/uploads\/2024\/11\/Te-voy-a-contar-mi-historia-Castellano-PLIEGOS-CORTE-1-e1774003918201.jpg","type":"image\/jpeg"}],"twitter_card":"summary_large_image","twitter_site":"@Entreculturas","schema":{"@context":"https:\/\/schema.org","@graph":[{"@type":"WebPage","@id":"https:\/\/www.entreculturas.org\/en\/la-luz-de-las-ninas\/noticia\/te-voy-a-contar-mi-historia-voces-de-las-ninas-de-africa-del-este\/","url":"https:\/\/www.entreculturas.org\/en\/la-luz-de-las-ninas\/noticia\/te-voy-a-contar-mi-historia-voces-de-las-ninas-de-africa-del-este\/","name":"Te voy a contar mi historia: voces de las ni\u00f1as de \u00c1frica del este - Entreculturas","isPartOf":{"@id":"https:\/\/www.entreculturas.org\/en\/#website"},"primaryImageOfPage":{"@id":"https:\/\/www.entreculturas.org\/en\/la-luz-de-las-ninas\/noticia\/te-voy-a-contar-mi-historia-voces-de-las-ninas-de-africa-del-este\/#primaryimage"},"image":{"@id":"https:\/\/www.entreculturas.org\/en\/la-luz-de-las-ninas\/noticia\/te-voy-a-contar-mi-historia-voces-de-las-ninas-de-africa-del-este\/#primaryimage"},"thumbnailUrl":"https:\/\/www.entreculturas.org\/wp-content\/uploads\/2024\/11\/Te-voy-a-contar-mi-historia-Castellano-PLIEGOS-CORTE-1-e1774003918201.jpg","datePublished":"2024-11-22T12:34:57+00:00","dateModified":"2026-03-20T11:03:31+00:00","description":"El libro Te voy a contar mi historia re\u00fane seis testimonios reales basados en las experiencias de 40 ni\u00f1as de entre 10 y 15 a\u00f1os de \u00c1frica del este.","breadcrumb":{"@id":"https:\/\/www.entreculturas.org\/en\/la-luz-de-las-ninas\/noticia\/te-voy-a-contar-mi-historia-voces-de-las-ninas-de-africa-del-este\/#breadcrumb"},"inLanguage":"en-US","potentialAction":[{"@type":"ReadAction","target":["https:\/\/www.entreculturas.org\/en\/la-luz-de-las-ninas\/noticia\/te-voy-a-contar-mi-historia-voces-de-las-ninas-de-africa-del-este\/"]}]},{"@type":"ImageObject","inLanguage":"en-US","@id":"https:\/\/www.entreculturas.org\/en\/la-luz-de-las-ninas\/noticia\/te-voy-a-contar-mi-historia-voces-de-las-ninas-de-africa-del-este\/#primaryimage","url":"https:\/\/www.entreculturas.org\/wp-content\/uploads\/2024\/11\/Te-voy-a-contar-mi-historia-Castellano-PLIEGOS-CORTE-1-e1774003918201.jpg","contentUrl":"https:\/\/www.entreculturas.org\/wp-content\/uploads\/2024\/11\/Te-voy-a-contar-mi-historia-Castellano-PLIEGOS-CORTE-1-e1774003918201.jpg","width":2045,"height":700,"caption":"te voy a contar mi historia"},{"@type":"BreadcrumbList","@id":"https:\/\/www.entreculturas.org\/en\/la-luz-de-las-ninas\/noticia\/te-voy-a-contar-mi-historia-voces-de-las-ninas-de-africa-del-este\/#breadcrumb","itemListElement":[{"@type":"ListItem","position":1,"name":"Home","item":"https:\/\/www.entreculturas.org\/en\/"},{"@type":"ListItem","position":2,"name":"Noticias LLDLN","item":"https:\/\/www.entreculturas.org\/en\/noticias-la-luz-de-las-ninas\/"},{"@type":"ListItem","position":3,"name":"Te voy a contar mi historia: voces de las ni\u00f1as de \u00c1frica del este"}]},{"@type":"WebSite","@id":"https:\/\/www.entreculturas.org\/en\/#website","url":"https:\/\/www.entreculturas.org\/en\/","name":"Entreculturas","description":"","publisher":{"@id":"https:\/\/www.entreculturas.org\/en\/#organization"},"alternateName":"Entreculturas","potentialAction":[{"@type":"SearchAction","target":{"@type":"EntryPoint","urlTemplate":"https:\/\/www.entreculturas.org\/en\/?s={search_term_string}"},"query-input":{"@type":"PropertyValueSpecification","valueRequired":true,"valueName":"search_term_string"}}],"inLanguage":"en-US"},{"@type":"Organization","@id":"https:\/\/www.entreculturas.org\/en\/#organization","name":"Entreculturas","url":"https:\/\/www.entreculturas.org\/en\/","logo":{"@type":"ImageObject","inLanguage":"en-US","@id":"https:\/\/www.entreculturas.org\/en\/#\/schema\/logo\/image\/","url":"https:\/\/www.entreculturas.org\/wp-content\/uploads\/2025\/10\/ESP.svg","contentUrl":"https:\/\/www.entreculturas.org\/wp-content\/uploads\/2025\/10\/ESP.svg","caption":"Entreculturas"},"image":{"@id":"https:\/\/www.entreculturas.org\/en\/#\/schema\/logo\/image\/"},"sameAs":["https:\/\/www.facebook.com\/entreculturas","https:\/\/x.com\/Entreculturas","https:\/\/www.instagram.com\/entreculturas\/","https:\/\/www.youtube.com\/user\/entreculturasvideo","https:\/\/www.linkedin.com\/company\/fundacion-entreculturas-ngdo\/","https:\/\/www.flickr.com\/photos\/98455522@N04\/albums\/"]}]}},"_links":{"self":[{"href":"https:\/\/www.entreculturas.org\/en\/wp-json\/wp\/v2\/xxx\/35704","targetHints":{"allow":["GET"]}}],"collection":[{"href":"https:\/\/www.entreculturas.org\/en\/wp-json\/wp\/v2\/xxx"}],"about":[{"href":"https:\/\/www.entreculturas.org\/en\/wp-json\/wp\/v2\/types\/xxx"}],"wp:featuredmedia":[{"embeddable":true,"href":"https:\/\/www.entreculturas.org\/en\/wp-json\/wp\/v2\/media\/47018"}],"wp:attachment":[{"href":"https:\/\/www.entreculturas.org\/en\/wp-json\/wp\/v2\/media?parent=35704"}],"wp:term":[{"taxonomy":"category","embeddable":true,"href":"https:\/\/www.entreculturas.org\/en\/wp-json\/wp\/v2\/categories?post=35704"},{"taxonomy":"post_tag","embeddable":true,"href":"https:\/\/www.entreculturas.org\/en\/wp-json\/wp\/v2\/tags?post=35704"}],"curies":[{"name":"wp","href":"https:\/\/api.w.org\/{rel}","templated":true}]}}