{"id":32800,"date":"2024-09-05T11:40:45","date_gmt":"2024-09-05T09:40:45","guid":{"rendered":"https:\/\/www.entreculturas.org\/la-luz-de-las-ninas\/noticia\/\/"},"modified":"2024-09-26T11:47:02","modified_gmt":"2024-09-26T09:47:02","slug":"recuerdas-a-josefina","status":"publish","type":"xxx","link":"https:\/\/www.entreculturas.org\/en\/la-luz-de-las-ninas\/noticia\/recuerdas-a-josefina\/","title":{"rendered":"\u00bfRecuerdas a Josefina?"},"content":{"rendered":"\n<div style=\"height:20px\" aria-hidden=\"true\" class=\"wp-block-spacer\"><\/div>\n\n\n\n<p>Hace tan solo unos a\u00f1os, <strong>Josefina T\u00edu era una de las ni\u00f1as referentes de la campa\u00f1a La LUZ de las NI\u00d1AS<\/strong> en Totonicap\u00e1n, Guatemala. Conocimos su historia como ni\u00f1a ind\u00edgena que luchaba contra las barreras impuestas por su entorno para poder estudiar. Hoy, Josefina se ha convertido en una mujer que, tras superar enormes desaf\u00edos, trabaja en este mismo proyecto que la vio crecer.<\/p>\n\n\n\n<div style=\"height:10px\" aria-hidden=\"true\" class=\"wp-block-spacer\"><\/div>\n\n\n\n<blockquote class=\"wp-block-quote is-layout-flow wp-block-quote-is-layout-flow\">\n<p>\u00abLas mujeres ind\u00edgenas tambi\u00e9n tenemos derecho a estudiar. La educaci\u00f3n es importante para mejorar nuestro futuro, el de las mujeres y las ni\u00f1as. Es imprescindible para obtener una mejor vida.\u00bb<\/p>\n<\/blockquote>\n\n\n\n<div style=\"height:10px\" aria-hidden=\"true\" class=\"wp-block-spacer\"><\/div>\n\n\n\n<div style=\"height:10px\" aria-hidden=\"true\" class=\"wp-block-spacer\"><\/div>\n\n\n\n<p>Josefina logr\u00f3 terminar sus estudios superiores, siendo la primera en su familia en alcanzar este nivel educativo, a pesar de las presiones sociales para casarse y de sus graves problemas familiares. <strong>Su madre, Rosario, fue un apoyo fundamental en su vida<\/strong>, acompa\u00f1\u00e1ndola en este camino de superaci\u00f3n.<\/p>\n\n\n\n<div style=\"height:30px\" aria-hidden=\"true\" class=\"wp-block-spacer\"><\/div>\n\n\n\n<figure class=\"wp-block-image aligncenter size-large\"><img decoding=\"async\" width=\"1024\" height=\"683\" src=\"https:\/\/www.entreculturas.org\/wp-content\/uploads\/2024\/09\/unnamed-9-1024x683.jpg\" alt=\"\" class=\"wp-image-32742\" srcset=\"https:\/\/www.entreculturas.org\/wp-content\/uploads\/2024\/09\/unnamed-9-1024x683.jpg 1024w, https:\/\/www.entreculturas.org\/wp-content\/uploads\/2024\/09\/unnamed-9-300x200.jpg 300w, https:\/\/www.entreculturas.org\/wp-content\/uploads\/2024\/09\/unnamed-9-768x512.jpg 768w, https:\/\/www.entreculturas.org\/wp-content\/uploads\/2024\/09\/unnamed-9.jpg 1383w\" sizes=\"(max-width: 1024px) 100vw, 1024px\" \/><\/figure>\n\n\n\n<div style=\"height:30px\" aria-hidden=\"true\" class=\"wp-block-spacer\"><\/div>\n\n\n\n<p>En Totonicap\u00e1n, donde el \u00edndice de pobreza supera el 95%, <strong>las ni\u00f1as ind\u00edgenas enfrentan desaf\u00edos monumentales<\/strong>. Muchas veces, se ven obligadas a asumir roles que no corresponden a su edad, como el trabajo dom\u00e9stico y el cuidado de familiares, lo que les impide asistir a la escuela y las expone a riesgos como el matrimonio infantil, precoz y forzoso, embarazos y violencia de g\u00e9nero. <strong>A trav\u00e9s de La LUZ de las NI\u00d1AS, trabajamos en la regi\u00f3n acompa\u00f1ando a las ni\u00f1as ind\u00edgenas y promoviendo su acceso educativo.<\/strong><\/p>\n\n\n\n<div style=\"height:10px\" aria-hidden=\"true\" class=\"wp-block-spacer\"><\/div>\n\n\n\n<p>A pesar de estas dificultades, Josefina persever\u00f3 y, hoy, forma parte del equipo de Fe y Alegr\u00eda Guatemala, nuestra organizaci\u00f3n socia en el pa\u00eds, dedic\u00e1ndose a ayudar a otras ni\u00f1as a alcanzar sus metas, tal como ella lo hizo. Josefina <strong>se ha convertido en un modelo e inspiraci\u00f3n para muchas ni\u00f1as<\/strong> que viven en contextos de extrema pobreza y discriminaci\u00f3n.<\/p>\n\n\n\n<p><\/p>\n","protected":false},"excerpt":{"rendered":"<p>Hace tan solo unos a\u00f1os, Josefina T\u00edu era una de las ni\u00f1as referentes de la campa\u00f1a La LUZ de las NI\u00d1AS en Totonicap\u00e1n, Guatemala. Conocimos su historia como ni\u00f1a ind\u00edgena que luchaba contra las barreras impuestas por su entorno para poder estudiar. Hoy, Josefina se ha convertido en una mujer que, tras superar enormes desaf\u00edos, trabaja en este mismo proyecto que la vio crecer. \u00abLas mujeres ind\u00edgenas tambi\u00e9n tenemos derecho a estudiar. La educaci\u00f3n es importante para mejorar nuestro futuro, el de las mujeres y las ni\u00f1as. Es imprescindible para obtener una mejor vida.\u00bb Josefina logr\u00f3 terminar sus estudios superiores, siendo la primera en su familia en alcanzar este nivel educativo, a pesar de las presiones sociales para casarse y de sus graves problemas familiares. Su madre, Rosario, fue un apoyo fundamental en su vida, acompa\u00f1\u00e1ndola en este camino de superaci\u00f3n. En Totonicap\u00e1n, donde el \u00edndice de pobreza supera el [&hellip;]<\/p>\n","protected":false},"featured_media":32807,"template":"wp-custom-template-noticias-la-luz-de-las-ninas-2","meta":{"_acf_changed":false},"categories":[7],"tags":[],"class_list":["post-32800","xxx","type-xxx","status-publish","has-post-thumbnail","hentry","category-noticia"],"acf":[],"yoast_head":"<!-- This site is optimized with the Yoast SEO Premium plugin v21.6 (Yoast SEO v27.5) - https:\/\/yoast.com\/product\/yoast-seo-premium-wordpress\/ -->\n<title>\u00bfRecuerdas a Josefina? - Entreculturas<\/title>\n<meta name=\"robots\" content=\"index, follow, max-snippet:-1, max-image-preview:large, max-video-preview:-1\" \/>\n<link rel=\"canonical\" href=\"https:\/\/www.entreculturas.org\/en\/la-luz-de-las-ninas\/noticia\/recuerdas-a-josefina\/\" \/>\n<meta property=\"og:locale\" content=\"en_US\" \/>\n<meta property=\"og:type\" content=\"article\" \/>\n<meta property=\"og:title\" content=\"\u00bfRecuerdas a Josefina?\" \/>\n<meta property=\"og:description\" content=\"Hace tan solo unos a\u00f1os, Josefina T\u00edu era una de las ni\u00f1as referentes de la campa\u00f1a La LUZ de las NI\u00d1AS en Totonicap\u00e1n, Guatemala. Conocimos su historia como ni\u00f1a ind\u00edgena que luchaba contra las barreras impuestas por su entorno para poder estudiar. Hoy, Josefina se ha convertido en una mujer que, tras superar enormes desaf\u00edos, trabaja en este mismo proyecto que la vio crecer. \u00abLas mujeres ind\u00edgenas tambi\u00e9n tenemos derecho a estudiar. La educaci\u00f3n es importante para mejorar nuestro futuro, el de las mujeres y las ni\u00f1as. Es imprescindible para obtener una mejor vida.\u00bb Josefina logr\u00f3 terminar sus estudios superiores, siendo la primera en su familia en alcanzar este nivel educativo, a pesar de las presiones sociales para casarse y de sus graves problemas familiares. Su madre, Rosario, fue un apoyo fundamental en su vida, acompa\u00f1\u00e1ndola en este camino de superaci\u00f3n. En Totonicap\u00e1n, donde el \u00edndice de pobreza supera el [&hellip;]\" \/>\n<meta property=\"og:url\" content=\"https:\/\/www.entreculturas.org\/en\/la-luz-de-las-ninas\/noticia\/recuerdas-a-josefina\/\" \/>\n<meta property=\"og:site_name\" content=\"Entreculturas\" \/>\n<meta property=\"article:publisher\" content=\"https:\/\/www.facebook.com\/entreculturas\" \/>\n<meta property=\"article:modified_time\" content=\"2024-09-26T09:47:02+00:00\" \/>\n<meta property=\"og:image\" content=\"https:\/\/www.entreculturas.org\/wp-content\/uploads\/2024\/09\/josefina-dia-mujer-indigena-e1727344009584.jpg\" \/>\n\t<meta property=\"og:image:width\" content=\"1000\" \/>\n\t<meta property=\"og:image:height\" content=\"376\" \/>\n\t<meta property=\"og:image:type\" content=\"image\/jpeg\" \/>\n<meta name=\"twitter:card\" content=\"summary_large_image\" \/>\n<meta name=\"twitter:site\" content=\"@Entreculturas\" \/>\n<script type=\"application\/ld+json\" class=\"yoast-schema-graph\">{\"@context\":\"https:\\\/\\\/schema.org\",\"@graph\":[{\"@type\":\"WebPage\",\"@id\":\"https:\\\/\\\/www.entreculturas.org\\\/en\\\/la-luz-de-las-ninas\\\/noticia\\\/recuerdas-a-josefina\\\/\",\"url\":\"https:\\\/\\\/www.entreculturas.org\\\/en\\\/la-luz-de-las-ninas\\\/noticia\\\/recuerdas-a-josefina\\\/\",\"name\":\"\u00bfRecuerdas a Josefina? - Entreculturas\",\"isPartOf\":{\"@id\":\"https:\\\/\\\/www.entreculturas.org\\\/en\\\/#website\"},\"primaryImageOfPage\":{\"@id\":\"https:\\\/\\\/www.entreculturas.org\\\/en\\\/la-luz-de-las-ninas\\\/noticia\\\/recuerdas-a-josefina\\\/#primaryimage\"},\"image\":{\"@id\":\"https:\\\/\\\/www.entreculturas.org\\\/en\\\/la-luz-de-las-ninas\\\/noticia\\\/recuerdas-a-josefina\\\/#primaryimage\"},\"thumbnailUrl\":\"https:\\\/\\\/www.entreculturas.org\\\/wp-content\\\/uploads\\\/2024\\\/09\\\/josefina-dia-mujer-indigena-e1727344009584.jpg\",\"datePublished\":\"2024-09-05T09:40:45+00:00\",\"dateModified\":\"2024-09-26T09:47:02+00:00\",\"breadcrumb\":{\"@id\":\"https:\\\/\\\/www.entreculturas.org\\\/en\\\/la-luz-de-las-ninas\\\/noticia\\\/recuerdas-a-josefina\\\/#breadcrumb\"},\"inLanguage\":\"en-US\",\"potentialAction\":[{\"@type\":\"ReadAction\",\"target\":[\"https:\\\/\\\/www.entreculturas.org\\\/en\\\/la-luz-de-las-ninas\\\/noticia\\\/recuerdas-a-josefina\\\/\"]}]},{\"@type\":\"ImageObject\",\"inLanguage\":\"en-US\",\"@id\":\"https:\\\/\\\/www.entreculturas.org\\\/en\\\/la-luz-de-las-ninas\\\/noticia\\\/recuerdas-a-josefina\\\/#primaryimage\",\"url\":\"https:\\\/\\\/www.entreculturas.org\\\/wp-content\\\/uploads\\\/2024\\\/09\\\/josefina-dia-mujer-indigena-e1727344009584.jpg\",\"contentUrl\":\"https:\\\/\\\/www.entreculturas.org\\\/wp-content\\\/uploads\\\/2024\\\/09\\\/josefina-dia-mujer-indigena-e1727344009584.jpg\",\"width\":1000,\"height\":376},{\"@type\":\"BreadcrumbList\",\"@id\":\"https:\\\/\\\/www.entreculturas.org\\\/en\\\/la-luz-de-las-ninas\\\/noticia\\\/recuerdas-a-josefina\\\/#breadcrumb\",\"itemListElement\":[{\"@type\":\"ListItem\",\"position\":1,\"name\":\"Home\",\"item\":\"https:\\\/\\\/www.entreculturas.org\\\/en\\\/\"},{\"@type\":\"ListItem\",\"position\":2,\"name\":\"Noticias LLDLN\",\"item\":\"https:\\\/\\\/www.entreculturas.org\\\/en\\\/noticias-la-luz-de-las-ninas\\\/\"},{\"@type\":\"ListItem\",\"position\":3,\"name\":\"\u00bfRecuerdas a Josefina?\"}]},{\"@type\":\"WebSite\",\"@id\":\"https:\\\/\\\/www.entreculturas.org\\\/en\\\/#website\",\"url\":\"https:\\\/\\\/www.entreculturas.org\\\/en\\\/\",\"name\":\"Entreculturas\",\"description\":\"\",\"publisher\":{\"@id\":\"https:\\\/\\\/www.entreculturas.org\\\/en\\\/#organization\"},\"alternateName\":\"Entreculturas\",\"potentialAction\":[{\"@type\":\"SearchAction\",\"target\":{\"@type\":\"EntryPoint\",\"urlTemplate\":\"https:\\\/\\\/www.entreculturas.org\\\/en\\\/?s={search_term_string}\"},\"query-input\":{\"@type\":\"PropertyValueSpecification\",\"valueRequired\":true,\"valueName\":\"search_term_string\"}}],\"inLanguage\":\"en-US\"},{\"@type\":\"Organization\",\"@id\":\"https:\\\/\\\/www.entreculturas.org\\\/en\\\/#organization\",\"name\":\"Entreculturas\",\"url\":\"https:\\\/\\\/www.entreculturas.org\\\/en\\\/\",\"logo\":{\"@type\":\"ImageObject\",\"inLanguage\":\"en-US\",\"@id\":\"https:\\\/\\\/www.entreculturas.org\\\/en\\\/#\\\/schema\\\/logo\\\/image\\\/\",\"url\":\"https:\\\/\\\/www.entreculturas.org\\\/wp-content\\\/uploads\\\/2025\\\/10\\\/ESP.svg\",\"contentUrl\":\"https:\\\/\\\/www.entreculturas.org\\\/wp-content\\\/uploads\\\/2025\\\/10\\\/ESP.svg\",\"caption\":\"Entreculturas\"},\"image\":{\"@id\":\"https:\\\/\\\/www.entreculturas.org\\\/en\\\/#\\\/schema\\\/logo\\\/image\\\/\"},\"sameAs\":[\"https:\\\/\\\/www.facebook.com\\\/entreculturas\",\"https:\\\/\\\/x.com\\\/Entreculturas\",\"https:\\\/\\\/www.instagram.com\\\/entreculturas\\\/\",\"https:\\\/\\\/www.youtube.com\\\/user\\\/entreculturasvideo\",\"https:\\\/\\\/www.linkedin.com\\\/company\\\/fundacion-entreculturas-ngdo\\\/\",\"https:\\\/\\\/www.flickr.com\\\/photos\\\/98455522@N04\\\/albums\\\/\"]}]}<\/script>\n<!-- \/ Yoast SEO Premium plugin. -->","yoast_head_json":{"title":"\u00bfRecuerdas a Josefina? - Entreculturas","robots":{"index":"index","follow":"follow","max-snippet":"max-snippet:-1","max-image-preview":"max-image-preview:large","max-video-preview":"max-video-preview:-1"},"canonical":"https:\/\/www.entreculturas.org\/en\/la-luz-de-las-ninas\/noticia\/recuerdas-a-josefina\/","og_locale":"en_US","og_type":"article","og_title":"\u00bfRecuerdas a Josefina?","og_description":"Hace tan solo unos a\u00f1os, Josefina T\u00edu era una de las ni\u00f1as referentes de la campa\u00f1a La LUZ de las NI\u00d1AS en Totonicap\u00e1n, Guatemala. Conocimos su historia como ni\u00f1a ind\u00edgena que luchaba contra las barreras impuestas por su entorno para poder estudiar. Hoy, Josefina se ha convertido en una mujer que, tras superar enormes desaf\u00edos, trabaja en este mismo proyecto que la vio crecer. \u00abLas mujeres ind\u00edgenas tambi\u00e9n tenemos derecho a estudiar. La educaci\u00f3n es importante para mejorar nuestro futuro, el de las mujeres y las ni\u00f1as. Es imprescindible para obtener una mejor vida.\u00bb Josefina logr\u00f3 terminar sus estudios superiores, siendo la primera en su familia en alcanzar este nivel educativo, a pesar de las presiones sociales para casarse y de sus graves problemas familiares. Su madre, Rosario, fue un apoyo fundamental en su vida, acompa\u00f1\u00e1ndola en este camino de superaci\u00f3n. En Totonicap\u00e1n, donde el \u00edndice de pobreza supera el [&hellip;]","og_url":"https:\/\/www.entreculturas.org\/en\/la-luz-de-las-ninas\/noticia\/recuerdas-a-josefina\/","og_site_name":"Entreculturas","article_publisher":"https:\/\/www.facebook.com\/entreculturas","article_modified_time":"2024-09-26T09:47:02+00:00","og_image":[{"width":1000,"height":376,"url":"https:\/\/www.entreculturas.org\/wp-content\/uploads\/2024\/09\/josefina-dia-mujer-indigena-e1727344009584.jpg","type":"image\/jpeg"}],"twitter_card":"summary_large_image","twitter_site":"@Entreculturas","schema":{"@context":"https:\/\/schema.org","@graph":[{"@type":"WebPage","@id":"https:\/\/www.entreculturas.org\/en\/la-luz-de-las-ninas\/noticia\/recuerdas-a-josefina\/","url":"https:\/\/www.entreculturas.org\/en\/la-luz-de-las-ninas\/noticia\/recuerdas-a-josefina\/","name":"\u00bfRecuerdas a Josefina? - Entreculturas","isPartOf":{"@id":"https:\/\/www.entreculturas.org\/en\/#website"},"primaryImageOfPage":{"@id":"https:\/\/www.entreculturas.org\/en\/la-luz-de-las-ninas\/noticia\/recuerdas-a-josefina\/#primaryimage"},"image":{"@id":"https:\/\/www.entreculturas.org\/en\/la-luz-de-las-ninas\/noticia\/recuerdas-a-josefina\/#primaryimage"},"thumbnailUrl":"https:\/\/www.entreculturas.org\/wp-content\/uploads\/2024\/09\/josefina-dia-mujer-indigena-e1727344009584.jpg","datePublished":"2024-09-05T09:40:45+00:00","dateModified":"2024-09-26T09:47:02+00:00","breadcrumb":{"@id":"https:\/\/www.entreculturas.org\/en\/la-luz-de-las-ninas\/noticia\/recuerdas-a-josefina\/#breadcrumb"},"inLanguage":"en-US","potentialAction":[{"@type":"ReadAction","target":["https:\/\/www.entreculturas.org\/en\/la-luz-de-las-ninas\/noticia\/recuerdas-a-josefina\/"]}]},{"@type":"ImageObject","inLanguage":"en-US","@id":"https:\/\/www.entreculturas.org\/en\/la-luz-de-las-ninas\/noticia\/recuerdas-a-josefina\/#primaryimage","url":"https:\/\/www.entreculturas.org\/wp-content\/uploads\/2024\/09\/josefina-dia-mujer-indigena-e1727344009584.jpg","contentUrl":"https:\/\/www.entreculturas.org\/wp-content\/uploads\/2024\/09\/josefina-dia-mujer-indigena-e1727344009584.jpg","width":1000,"height":376},{"@type":"BreadcrumbList","@id":"https:\/\/www.entreculturas.org\/en\/la-luz-de-las-ninas\/noticia\/recuerdas-a-josefina\/#breadcrumb","itemListElement":[{"@type":"ListItem","position":1,"name":"Home","item":"https:\/\/www.entreculturas.org\/en\/"},{"@type":"ListItem","position":2,"name":"Noticias LLDLN","item":"https:\/\/www.entreculturas.org\/en\/noticias-la-luz-de-las-ninas\/"},{"@type":"ListItem","position":3,"name":"\u00bfRecuerdas a Josefina?"}]},{"@type":"WebSite","@id":"https:\/\/www.entreculturas.org\/en\/#website","url":"https:\/\/www.entreculturas.org\/en\/","name":"Entreculturas","description":"","publisher":{"@id":"https:\/\/www.entreculturas.org\/en\/#organization"},"alternateName":"Entreculturas","potentialAction":[{"@type":"SearchAction","target":{"@type":"EntryPoint","urlTemplate":"https:\/\/www.entreculturas.org\/en\/?s={search_term_string}"},"query-input":{"@type":"PropertyValueSpecification","valueRequired":true,"valueName":"search_term_string"}}],"inLanguage":"en-US"},{"@type":"Organization","@id":"https:\/\/www.entreculturas.org\/en\/#organization","name":"Entreculturas","url":"https:\/\/www.entreculturas.org\/en\/","logo":{"@type":"ImageObject","inLanguage":"en-US","@id":"https:\/\/www.entreculturas.org\/en\/#\/schema\/logo\/image\/","url":"https:\/\/www.entreculturas.org\/wp-content\/uploads\/2025\/10\/ESP.svg","contentUrl":"https:\/\/www.entreculturas.org\/wp-content\/uploads\/2025\/10\/ESP.svg","caption":"Entreculturas"},"image":{"@id":"https:\/\/www.entreculturas.org\/en\/#\/schema\/logo\/image\/"},"sameAs":["https:\/\/www.facebook.com\/entreculturas","https:\/\/x.com\/Entreculturas","https:\/\/www.instagram.com\/entreculturas\/","https:\/\/www.youtube.com\/user\/entreculturasvideo","https:\/\/www.linkedin.com\/company\/fundacion-entreculturas-ngdo\/","https:\/\/www.flickr.com\/photos\/98455522@N04\/albums\/"]}]}},"_links":{"self":[{"href":"https:\/\/www.entreculturas.org\/en\/wp-json\/wp\/v2\/xxx\/32800","targetHints":{"allow":["GET"]}}],"collection":[{"href":"https:\/\/www.entreculturas.org\/en\/wp-json\/wp\/v2\/xxx"}],"about":[{"href":"https:\/\/www.entreculturas.org\/en\/wp-json\/wp\/v2\/types\/xxx"}],"wp:featuredmedia":[{"embeddable":true,"href":"https:\/\/www.entreculturas.org\/en\/wp-json\/wp\/v2\/media\/32807"}],"wp:attachment":[{"href":"https:\/\/www.entreculturas.org\/en\/wp-json\/wp\/v2\/media?parent=32800"}],"wp:term":[{"taxonomy":"category","embeddable":true,"href":"https:\/\/www.entreculturas.org\/en\/wp-json\/wp\/v2\/categories?post=32800"},{"taxonomy":"post_tag","embeddable":true,"href":"https:\/\/www.entreculturas.org\/en\/wp-json\/wp\/v2\/tags?post=32800"}],"curies":[{"name":"wp","href":"https:\/\/api.w.org\/{rel}","templated":true}]}}