{"id":29380,"date":"2023-07-31T11:21:50","date_gmt":"2023-07-31T09:21:50","guid":{"rendered":"https:\/\/www.entreculturas.org\/?post_type=xxx&#038;p=891"},"modified":"2024-09-20T09:48:30","modified_gmt":"2024-09-20T07:48:30","slug":"el-programa-la-luz-de-las-ninas-en-2022","status":"publish","type":"xxx","link":"https:\/\/www.entreculturas.org\/en\/la-luz-de-las-ninas\/noticia\/el-programa-la-luz-de-las-ninas-en-2022\/","title":{"rendered":"El programa La LUZ de las NI\u00d1AS en 2022"},"content":{"rendered":"<p><span style=\"font-weight: 400;\">Durante el <strong>a\u00f1o 2022,<\/strong> a trav\u00e9s de la intervenci\u00f3n de nuestro programa <strong>La LUZ de las NI\u00d1AS,<\/strong> hemos acompa\u00f1ado a<strong> 1.400 ni\u00f1as en 12 pa\u00edses de \u00c1frica y Am\u00e9rica Latina<\/strong> y seguiremos trabajando para que tengan una infancia en igualdad de oportunidades, libre de miedos y agresiones.\u00a0<\/span><\/p>\n<p><span style=\"font-weight: 400;\">\u00a1Gracias por hacer que <strong>La LUZ de las NI\u00d1AS<\/strong> siga brillando!<\/span><\/p>\n<p><img decoding=\"async\" class=\"alignnone wp-image-894 size-full\" src=\"https:\/\/www.entreculturas.org\/wp-content\/uploads\/2023\/07\/Mapa_Africa_2023_en-que-estamos-.jpg\" alt=\"\" width=\"2517\" height=\"1790\" srcset=\"https:\/\/www.entreculturas.org\/wp-content\/uploads\/2023\/07\/Mapa_Africa_2023_en-que-estamos-.jpg 2517w, https:\/\/www.entreculturas.org\/wp-content\/uploads\/2023\/07\/Mapa_Africa_2023_en-que-estamos--300x213.jpg 300w, https:\/\/www.entreculturas.org\/wp-content\/uploads\/2023\/07\/Mapa_Africa_2023_en-que-estamos--1024x728.jpg 1024w, https:\/\/www.entreculturas.org\/wp-content\/uploads\/2023\/07\/Mapa_Africa_2023_en-que-estamos--768x546.jpg 768w, https:\/\/www.entreculturas.org\/wp-content\/uploads\/2023\/07\/Mapa_Africa_2023_en-que-estamos--1536x1092.jpg 1536w, https:\/\/www.entreculturas.org\/wp-content\/uploads\/2023\/07\/Mapa_Africa_2023_en-que-estamos--2048x1456.jpg 2048w\" sizes=\"(max-width: 2517px) 100vw, 2517px\" \/><\/p>\n<p><img decoding=\"async\" class=\"alignnone wp-image-893 size-full\" src=\"https:\/\/www.entreculturas.org\/wp-content\/uploads\/2023\/07\/Mapa_America_2023_en-que-estamos.jpg\" alt=\"\" width=\"2517\" height=\"1790\" srcset=\"https:\/\/www.entreculturas.org\/wp-content\/uploads\/2023\/07\/Mapa_America_2023_en-que-estamos.jpg 2517w, https:\/\/www.entreculturas.org\/wp-content\/uploads\/2023\/07\/Mapa_America_2023_en-que-estamos-300x213.jpg 300w, https:\/\/www.entreculturas.org\/wp-content\/uploads\/2023\/07\/Mapa_America_2023_en-que-estamos-1024x728.jpg 1024w, https:\/\/www.entreculturas.org\/wp-content\/uploads\/2023\/07\/Mapa_America_2023_en-que-estamos-768x546.jpg 768w, https:\/\/www.entreculturas.org\/wp-content\/uploads\/2023\/07\/Mapa_America_2023_en-que-estamos-1536x1092.jpg 1536w, https:\/\/www.entreculturas.org\/wp-content\/uploads\/2023\/07\/Mapa_America_2023_en-que-estamos-2048x1456.jpg 2048w\" sizes=\"(max-width: 2517px) 100vw, 2517px\" \/><\/p>\n","protected":false},"excerpt":{"rendered":"<p>Durante el a\u00f1o 2022, a trav\u00e9s de la intervenci\u00f3n de nuestro programa La LUZ de las NI\u00d1AS, hemos acompa\u00f1ado a 1.400 ni\u00f1as en 12 pa\u00edses de \u00c1frica y Am\u00e9rica Latina y seguiremos trabajando para que tengan una infancia en igualdad de oportunidades, libre de miedos y agresiones.\u00a0 \u00a1Gracias por hacer que La LUZ de las NI\u00d1AS siga brillando!<\/p>\n","protected":false},"featured_media":897,"template":"wp-custom-template-noticias-la-luz-de-las-ninas-2","meta":{"_acf_changed":false},"categories":[7],"tags":[],"class_list":["post-29380","xxx","type-xxx","status-publish","has-post-thumbnail","hentry","category-noticia"],"acf":[],"yoast_head":"<!-- This site is optimized with the Yoast SEO Premium plugin v21.6 (Yoast SEO v27.5) - https:\/\/yoast.com\/product\/yoast-seo-premium-wordpress\/ -->\n<title>El programa La LUZ de las NI\u00d1AS en 2022 - Entreculturas<\/title>\n<meta name=\"robots\" content=\"index, follow, max-snippet:-1, max-image-preview:large, max-video-preview:-1\" \/>\n<link rel=\"canonical\" href=\"https:\/\/www.entreculturas.org\/en\/la-luz-de-las-ninas\/noticia\/el-programa-la-luz-de-las-ninas-en-2022\/\" \/>\n<meta property=\"og:locale\" content=\"en_US\" \/>\n<meta property=\"og:type\" content=\"article\" \/>\n<meta property=\"og:title\" content=\"El programa La LUZ de las NI\u00d1AS en 2022\" \/>\n<meta property=\"og:description\" content=\"Durante el a\u00f1o 2022, a trav\u00e9s de la intervenci\u00f3n de nuestro programa La LUZ de las NI\u00d1AS, hemos acompa\u00f1ado a 1.400 ni\u00f1as en 12 pa\u00edses de \u00c1frica y Am\u00e9rica Latina y seguiremos trabajando para que tengan una infancia en igualdad de oportunidades, libre de miedos y agresiones.\u00a0 \u00a1Gracias por hacer que La LUZ de las NI\u00d1AS siga brillando!\" \/>\n<meta property=\"og:url\" content=\"https:\/\/www.entreculturas.org\/en\/la-luz-de-las-ninas\/noticia\/el-programa-la-luz-de-las-ninas-en-2022\/\" \/>\n<meta property=\"og:site_name\" content=\"Entreculturas\" \/>\n<meta property=\"article:publisher\" content=\"https:\/\/www.facebook.com\/entreculturas\" \/>\n<meta property=\"article:modified_time\" content=\"2024-09-20T07:48:30+00:00\" \/>\n<meta property=\"og:image\" content=\"https:\/\/www.entreculturas.org\/wp-content\/uploads\/2023\/07\/251798723_10159914322330746_1143852470416900098_n.jpg\" \/>\n\t<meta property=\"og:image:width\" content=\"1200\" \/>\n\t<meta property=\"og:image:height\" content=\"800\" \/>\n\t<meta property=\"og:image:type\" content=\"image\/jpeg\" \/>\n<meta name=\"twitter:card\" content=\"summary_large_image\" \/>\n<meta name=\"twitter:site\" content=\"@Entreculturas\" \/>\n<script type=\"application\/ld+json\" class=\"yoast-schema-graph\">{\"@context\":\"https:\\\/\\\/schema.org\",\"@graph\":[{\"@type\":\"WebPage\",\"@id\":\"https:\\\/\\\/www.entreculturas.org\\\/en\\\/la-luz-de-las-ninas\\\/noticia\\\/el-programa-la-luz-de-las-ninas-en-2022\\\/\",\"url\":\"https:\\\/\\\/www.entreculturas.org\\\/en\\\/la-luz-de-las-ninas\\\/noticia\\\/el-programa-la-luz-de-las-ninas-en-2022\\\/\",\"name\":\"El programa La LUZ de las NI\u00d1AS en 2022 - Entreculturas\",\"isPartOf\":{\"@id\":\"https:\\\/\\\/www.entreculturas.org\\\/en\\\/#website\"},\"primaryImageOfPage\":{\"@id\":\"https:\\\/\\\/www.entreculturas.org\\\/en\\\/la-luz-de-las-ninas\\\/noticia\\\/el-programa-la-luz-de-las-ninas-en-2022\\\/#primaryimage\"},\"image\":{\"@id\":\"https:\\\/\\\/www.entreculturas.org\\\/en\\\/la-luz-de-las-ninas\\\/noticia\\\/el-programa-la-luz-de-las-ninas-en-2022\\\/#primaryimage\"},\"thumbnailUrl\":\"https:\\\/\\\/www.entreculturas.org\\\/wp-content\\\/uploads\\\/2023\\\/07\\\/251798723_10159914322330746_1143852470416900098_n.jpg\",\"datePublished\":\"2023-07-31T09:21:50+00:00\",\"dateModified\":\"2024-09-20T07:48:30+00:00\",\"breadcrumb\":{\"@id\":\"https:\\\/\\\/www.entreculturas.org\\\/en\\\/la-luz-de-las-ninas\\\/noticia\\\/el-programa-la-luz-de-las-ninas-en-2022\\\/#breadcrumb\"},\"inLanguage\":\"en-US\",\"potentialAction\":[{\"@type\":\"ReadAction\",\"target\":[\"https:\\\/\\\/www.entreculturas.org\\\/en\\\/la-luz-de-las-ninas\\\/noticia\\\/el-programa-la-luz-de-las-ninas-en-2022\\\/\"]}]},{\"@type\":\"ImageObject\",\"inLanguage\":\"en-US\",\"@id\":\"https:\\\/\\\/www.entreculturas.org\\\/en\\\/la-luz-de-las-ninas\\\/noticia\\\/el-programa-la-luz-de-las-ninas-en-2022\\\/#primaryimage\",\"url\":\"https:\\\/\\\/www.entreculturas.org\\\/wp-content\\\/uploads\\\/2023\\\/07\\\/251798723_10159914322330746_1143852470416900098_n.jpg\",\"contentUrl\":\"https:\\\/\\\/www.entreculturas.org\\\/wp-content\\\/uploads\\\/2023\\\/07\\\/251798723_10159914322330746_1143852470416900098_n.jpg\",\"width\":1200,\"height\":800},{\"@type\":\"BreadcrumbList\",\"@id\":\"https:\\\/\\\/www.entreculturas.org\\\/en\\\/la-luz-de-las-ninas\\\/noticia\\\/el-programa-la-luz-de-las-ninas-en-2022\\\/#breadcrumb\",\"itemListElement\":[{\"@type\":\"ListItem\",\"position\":1,\"name\":\"Home\",\"item\":\"https:\\\/\\\/www.entreculturas.org\\\/en\\\/\"},{\"@type\":\"ListItem\",\"position\":2,\"name\":\"Noticias LLDLN\",\"item\":\"https:\\\/\\\/www.entreculturas.org\\\/en\\\/noticias-la-luz-de-las-ninas\\\/\"},{\"@type\":\"ListItem\",\"position\":3,\"name\":\"El programa La LUZ de las NI\u00d1AS en 2022\"}]},{\"@type\":\"WebSite\",\"@id\":\"https:\\\/\\\/www.entreculturas.org\\\/en\\\/#website\",\"url\":\"https:\\\/\\\/www.entreculturas.org\\\/en\\\/\",\"name\":\"Entreculturas\",\"description\":\"\",\"publisher\":{\"@id\":\"https:\\\/\\\/www.entreculturas.org\\\/en\\\/#organization\"},\"alternateName\":\"Entreculturas\",\"potentialAction\":[{\"@type\":\"SearchAction\",\"target\":{\"@type\":\"EntryPoint\",\"urlTemplate\":\"https:\\\/\\\/www.entreculturas.org\\\/en\\\/?s={search_term_string}\"},\"query-input\":{\"@type\":\"PropertyValueSpecification\",\"valueRequired\":true,\"valueName\":\"search_term_string\"}}],\"inLanguage\":\"en-US\"},{\"@type\":\"Organization\",\"@id\":\"https:\\\/\\\/www.entreculturas.org\\\/en\\\/#organization\",\"name\":\"Entreculturas\",\"url\":\"https:\\\/\\\/www.entreculturas.org\\\/en\\\/\",\"logo\":{\"@type\":\"ImageObject\",\"inLanguage\":\"en-US\",\"@id\":\"https:\\\/\\\/www.entreculturas.org\\\/en\\\/#\\\/schema\\\/logo\\\/image\\\/\",\"url\":\"https:\\\/\\\/www.entreculturas.org\\\/wp-content\\\/uploads\\\/2025\\\/10\\\/ESP.svg\",\"contentUrl\":\"https:\\\/\\\/www.entreculturas.org\\\/wp-content\\\/uploads\\\/2025\\\/10\\\/ESP.svg\",\"caption\":\"Entreculturas\"},\"image\":{\"@id\":\"https:\\\/\\\/www.entreculturas.org\\\/en\\\/#\\\/schema\\\/logo\\\/image\\\/\"},\"sameAs\":[\"https:\\\/\\\/www.facebook.com\\\/entreculturas\",\"https:\\\/\\\/x.com\\\/Entreculturas\",\"https:\\\/\\\/www.instagram.com\\\/entreculturas\\\/\",\"https:\\\/\\\/www.youtube.com\\\/user\\\/entreculturasvideo\",\"https:\\\/\\\/www.linkedin.com\\\/company\\\/fundacion-entreculturas-ngdo\\\/\",\"https:\\\/\\\/www.flickr.com\\\/photos\\\/98455522@N04\\\/albums\\\/\"]}]}<\/script>\n<!-- \/ Yoast SEO Premium plugin. -->","yoast_head_json":{"title":"El programa La LUZ de las NI\u00d1AS en 2022 - Entreculturas","robots":{"index":"index","follow":"follow","max-snippet":"max-snippet:-1","max-image-preview":"max-image-preview:large","max-video-preview":"max-video-preview:-1"},"canonical":"https:\/\/www.entreculturas.org\/en\/la-luz-de-las-ninas\/noticia\/el-programa-la-luz-de-las-ninas-en-2022\/","og_locale":"en_US","og_type":"article","og_title":"El programa La LUZ de las NI\u00d1AS en 2022","og_description":"Durante el a\u00f1o 2022, a trav\u00e9s de la intervenci\u00f3n de nuestro programa La LUZ de las NI\u00d1AS, hemos acompa\u00f1ado a 1.400 ni\u00f1as en 12 pa\u00edses de \u00c1frica y Am\u00e9rica Latina y seguiremos trabajando para que tengan una infancia en igualdad de oportunidades, libre de miedos y agresiones.\u00a0 \u00a1Gracias por hacer que La LUZ de las NI\u00d1AS siga brillando!","og_url":"https:\/\/www.entreculturas.org\/en\/la-luz-de-las-ninas\/noticia\/el-programa-la-luz-de-las-ninas-en-2022\/","og_site_name":"Entreculturas","article_publisher":"https:\/\/www.facebook.com\/entreculturas","article_modified_time":"2024-09-20T07:48:30+00:00","og_image":[{"width":1200,"height":800,"url":"https:\/\/www.entreculturas.org\/wp-content\/uploads\/2023\/07\/251798723_10159914322330746_1143852470416900098_n.jpg","type":"image\/jpeg"}],"twitter_card":"summary_large_image","twitter_site":"@Entreculturas","schema":{"@context":"https:\/\/schema.org","@graph":[{"@type":"WebPage","@id":"https:\/\/www.entreculturas.org\/en\/la-luz-de-las-ninas\/noticia\/el-programa-la-luz-de-las-ninas-en-2022\/","url":"https:\/\/www.entreculturas.org\/en\/la-luz-de-las-ninas\/noticia\/el-programa-la-luz-de-las-ninas-en-2022\/","name":"El programa La LUZ de las NI\u00d1AS en 2022 - Entreculturas","isPartOf":{"@id":"https:\/\/www.entreculturas.org\/en\/#website"},"primaryImageOfPage":{"@id":"https:\/\/www.entreculturas.org\/en\/la-luz-de-las-ninas\/noticia\/el-programa-la-luz-de-las-ninas-en-2022\/#primaryimage"},"image":{"@id":"https:\/\/www.entreculturas.org\/en\/la-luz-de-las-ninas\/noticia\/el-programa-la-luz-de-las-ninas-en-2022\/#primaryimage"},"thumbnailUrl":"https:\/\/www.entreculturas.org\/wp-content\/uploads\/2023\/07\/251798723_10159914322330746_1143852470416900098_n.jpg","datePublished":"2023-07-31T09:21:50+00:00","dateModified":"2024-09-20T07:48:30+00:00","breadcrumb":{"@id":"https:\/\/www.entreculturas.org\/en\/la-luz-de-las-ninas\/noticia\/el-programa-la-luz-de-las-ninas-en-2022\/#breadcrumb"},"inLanguage":"en-US","potentialAction":[{"@type":"ReadAction","target":["https:\/\/www.entreculturas.org\/en\/la-luz-de-las-ninas\/noticia\/el-programa-la-luz-de-las-ninas-en-2022\/"]}]},{"@type":"ImageObject","inLanguage":"en-US","@id":"https:\/\/www.entreculturas.org\/en\/la-luz-de-las-ninas\/noticia\/el-programa-la-luz-de-las-ninas-en-2022\/#primaryimage","url":"https:\/\/www.entreculturas.org\/wp-content\/uploads\/2023\/07\/251798723_10159914322330746_1143852470416900098_n.jpg","contentUrl":"https:\/\/www.entreculturas.org\/wp-content\/uploads\/2023\/07\/251798723_10159914322330746_1143852470416900098_n.jpg","width":1200,"height":800},{"@type":"BreadcrumbList","@id":"https:\/\/www.entreculturas.org\/en\/la-luz-de-las-ninas\/noticia\/el-programa-la-luz-de-las-ninas-en-2022\/#breadcrumb","itemListElement":[{"@type":"ListItem","position":1,"name":"Home","item":"https:\/\/www.entreculturas.org\/en\/"},{"@type":"ListItem","position":2,"name":"Noticias LLDLN","item":"https:\/\/www.entreculturas.org\/en\/noticias-la-luz-de-las-ninas\/"},{"@type":"ListItem","position":3,"name":"El programa La LUZ de las NI\u00d1AS en 2022"}]},{"@type":"WebSite","@id":"https:\/\/www.entreculturas.org\/en\/#website","url":"https:\/\/www.entreculturas.org\/en\/","name":"Entreculturas","description":"","publisher":{"@id":"https:\/\/www.entreculturas.org\/en\/#organization"},"alternateName":"Entreculturas","potentialAction":[{"@type":"SearchAction","target":{"@type":"EntryPoint","urlTemplate":"https:\/\/www.entreculturas.org\/en\/?s={search_term_string}"},"query-input":{"@type":"PropertyValueSpecification","valueRequired":true,"valueName":"search_term_string"}}],"inLanguage":"en-US"},{"@type":"Organization","@id":"https:\/\/www.entreculturas.org\/en\/#organization","name":"Entreculturas","url":"https:\/\/www.entreculturas.org\/en\/","logo":{"@type":"ImageObject","inLanguage":"en-US","@id":"https:\/\/www.entreculturas.org\/en\/#\/schema\/logo\/image\/","url":"https:\/\/www.entreculturas.org\/wp-content\/uploads\/2025\/10\/ESP.svg","contentUrl":"https:\/\/www.entreculturas.org\/wp-content\/uploads\/2025\/10\/ESP.svg","caption":"Entreculturas"},"image":{"@id":"https:\/\/www.entreculturas.org\/en\/#\/schema\/logo\/image\/"},"sameAs":["https:\/\/www.facebook.com\/entreculturas","https:\/\/x.com\/Entreculturas","https:\/\/www.instagram.com\/entreculturas\/","https:\/\/www.youtube.com\/user\/entreculturasvideo","https:\/\/www.linkedin.com\/company\/fundacion-entreculturas-ngdo\/","https:\/\/www.flickr.com\/photos\/98455522@N04\/albums\/"]}]}},"_links":{"self":[{"href":"https:\/\/www.entreculturas.org\/en\/wp-json\/wp\/v2\/xxx\/29380","targetHints":{"allow":["GET"]}}],"collection":[{"href":"https:\/\/www.entreculturas.org\/en\/wp-json\/wp\/v2\/xxx"}],"about":[{"href":"https:\/\/www.entreculturas.org\/en\/wp-json\/wp\/v2\/types\/xxx"}],"wp:featuredmedia":[{"embeddable":true,"href":"https:\/\/www.entreculturas.org\/en\/wp-json\/wp\/v2\/media\/897"}],"wp:attachment":[{"href":"https:\/\/www.entreculturas.org\/en\/wp-json\/wp\/v2\/media?parent=29380"}],"wp:term":[{"taxonomy":"category","embeddable":true,"href":"https:\/\/www.entreculturas.org\/en\/wp-json\/wp\/v2\/categories?post=29380"},{"taxonomy":"post_tag","embeddable":true,"href":"https:\/\/www.entreculturas.org\/en\/wp-json\/wp\/v2\/tags?post=29380"}],"curies":[{"name":"wp","href":"https:\/\/api.w.org\/{rel}","templated":true}]}}