{"id":7259,"date":"2015-05-06T13:24:50","date_gmt":"2015-05-06T13:24:50","guid":{"rendered":"https:\/\/entreculturasi.wpenginepowered.com\/?publicaciones=pol-tica-de-igualdad-de-g-nero"},"modified":"2024-05-17T10:40:00","modified_gmt":"2024-05-17T08:40:00","slug":"pol-tica-de-igualdad-de-g-nero","status":"publish","type":"publicacion","link":"https:\/\/www.entreculturas.org\/en\/publicacion\/pol-tica-de-igualdad-de-g-nero\/","title":{"rendered":"Pol\u00edtica de igualdad de g\u00e9nero"},"content":{"rendered":"<p>Documento que se entiende como una expresi\u00f3n y compromiso de Entreculturas con la equidad de g\u00e9nero en su identidad y misi\u00f3n, a nivel de organizaci\u00f3n interna y en sus estrat\u00e9gias y lineas de acci\u00f3n. El documento recoge la apuesta de Entreculturas por la transformaci\u00f3n hacia un horizonte de justicia y equidad entre mujeres y hombres. A la vez tiene el objetivo de ser un documento &#8220;vivo&#8221; que nos ayude a seguir ahondando en la equidad de g\u00e9nero; en este sentido, se constituye como una propuesta a partir de la cual la organizaci\u00f3n trabajar\u00e1 internamente a nivel de formaci\u00f3n y reflexi\u00f3n.<\/p>\n\n\n<div class=\"wp-block-buttons is-layout-flex wp-block-buttons-is-layout-flex\">\n<div class=\"wp-block-button\"><a class=\"wp-block-button__link wp-element-button\" href=\"https:\/\/www.entreculturas.org\/wp-content\/uploads\/2023\/10\/genero-entreculturas.pdf\" target=\"_blank\" rel=\"noreferrer noopener\">descargar<\/a><\/div>\n<\/div>\n","protected":false},"excerpt":{"rendered":"<p>Documento que se entiende como una expresi\u00f3n y compromiso de Entreculturas con la equidad de g\u00e9nero en su identidad y misi\u00f3n, a nivel de organizaci\u00f3n interna y en sus estrat\u00e9gias y lineas de acci\u00f3n. El documento recoge la apuesta de Entreculturas por la transformaci\u00f3n hacia un horizonte de justicia y equidad entre mujeres y hombres. A la vez tiene el objetivo de ser un documento &#8220;vivo&#8221; que nos ayude a seguir ahondando en la equidad de g\u00e9nero; en este sentido, se constituye como una propuesta a partir de la cual la organizaci\u00f3n trabajar\u00e1 internamente a nivel de formaci\u00f3n y reflexi\u00f3n.<\/p>\n","protected":false},"featured_media":1536,"template":"","format":[112],"categories":[18],"tags":[185],"cause":[130],"class_list":["post-7259","publicacion","type-publicacion","status-publish","has-post-thumbnail","hentry","category-estudios","tag-entreculturas","cause-genero","format-estudios-e-informes"],"acf":[],"yoast_head":"<!-- This site is optimized with the Yoast SEO Premium plugin v21.6 (Yoast SEO v27.5) - https:\/\/yoast.com\/product\/yoast-seo-premium-wordpress\/ -->\n<title>Pol\u00edtica de igualdad de g\u00e9nero - Entreculturas<\/title>\n<meta name=\"robots\" content=\"index, follow, max-snippet:-1, max-image-preview:large, max-video-preview:-1\" \/>\n<link rel=\"canonical\" href=\"https:\/\/www.entreculturas.org\/en\/publicacion\/pol-tica-de-igualdad-de-g-nero\/\" \/>\n<meta property=\"og:locale\" content=\"en_US\" \/>\n<meta property=\"og:type\" content=\"article\" \/>\n<meta property=\"og:title\" content=\"Pol\u00edtica de igualdad de g\u00e9nero\" \/>\n<meta property=\"og:description\" content=\"Documento que se entiende como una expresi\u00f3n y compromiso de Entreculturas con la equidad de g\u00e9nero en su identidad y misi\u00f3n, a nivel de organizaci\u00f3n interna y en sus estrat\u00e9gias y lineas de acci\u00f3n. El documento recoge la apuesta de Entreculturas por la transformaci\u00f3n hacia un horizonte de justicia y equidad entre mujeres y hombres. A la vez tiene el objetivo de ser un documento &#8220;vivo&#8221; que nos ayude a seguir ahondando en la equidad de g\u00e9nero; en este sentido, se constituye como una propuesta a partir de la cual la organizaci\u00f3n trabajar\u00e1 internamente a nivel de formaci\u00f3n y reflexi\u00f3n.\" \/>\n<meta property=\"og:url\" content=\"https:\/\/www.entreculturas.org\/en\/publicacion\/pol-tica-de-igualdad-de-g-nero\/\" \/>\n<meta property=\"og:site_name\" content=\"Entreculturas\" \/>\n<meta property=\"article:publisher\" content=\"https:\/\/www.facebook.com\/entreculturas\" \/>\n<meta property=\"article:modified_time\" content=\"2024-05-17T08:40:00+00:00\" \/>\n<meta property=\"og:image\" content=\"https:\/\/www.entreculturas.org\/wp-content\/uploads\/2015\/05\/politicageneroec.jpg\" \/>\n\t<meta property=\"og:image:width\" content=\"180\" \/>\n\t<meta property=\"og:image:height\" content=\"263\" \/>\n\t<meta property=\"og:image:type\" content=\"image\/jpeg\" \/>\n<meta name=\"twitter:card\" content=\"summary_large_image\" \/>\n<meta name=\"twitter:site\" content=\"@Entreculturas\" \/>\n<script type=\"application\/ld+json\" class=\"yoast-schema-graph\">{\"@context\":\"https:\\\/\\\/schema.org\",\"@graph\":[{\"@type\":\"WebPage\",\"@id\":\"https:\\\/\\\/www.entreculturas.org\\\/en\\\/publicacion\\\/pol-tica-de-igualdad-de-g-nero\\\/\",\"url\":\"https:\\\/\\\/www.entreculturas.org\\\/en\\\/publicacion\\\/pol-tica-de-igualdad-de-g-nero\\\/\",\"name\":\"Pol\u00edtica de igualdad de g\u00e9nero - Entreculturas\",\"isPartOf\":{\"@id\":\"https:\\\/\\\/www.entreculturas.org\\\/en\\\/#website\"},\"primaryImageOfPage\":{\"@id\":\"https:\\\/\\\/www.entreculturas.org\\\/en\\\/publicacion\\\/pol-tica-de-igualdad-de-g-nero\\\/#primaryimage\"},\"image\":{\"@id\":\"https:\\\/\\\/www.entreculturas.org\\\/en\\\/publicacion\\\/pol-tica-de-igualdad-de-g-nero\\\/#primaryimage\"},\"thumbnailUrl\":\"https:\\\/\\\/www.entreculturas.org\\\/wp-content\\\/uploads\\\/2015\\\/05\\\/politicageneroec.jpg\",\"datePublished\":\"2015-05-06T13:24:50+00:00\",\"dateModified\":\"2024-05-17T08:40:00+00:00\",\"breadcrumb\":{\"@id\":\"https:\\\/\\\/www.entreculturas.org\\\/en\\\/publicacion\\\/pol-tica-de-igualdad-de-g-nero\\\/#breadcrumb\"},\"inLanguage\":\"en-US\",\"potentialAction\":[{\"@type\":\"ReadAction\",\"target\":[\"https:\\\/\\\/www.entreculturas.org\\\/en\\\/publicacion\\\/pol-tica-de-igualdad-de-g-nero\\\/\"]}]},{\"@type\":\"ImageObject\",\"inLanguage\":\"en-US\",\"@id\":\"https:\\\/\\\/www.entreculturas.org\\\/en\\\/publicacion\\\/pol-tica-de-igualdad-de-g-nero\\\/#primaryimage\",\"url\":\"https:\\\/\\\/www.entreculturas.org\\\/wp-content\\\/uploads\\\/2015\\\/05\\\/politicageneroec.jpg\",\"contentUrl\":\"https:\\\/\\\/www.entreculturas.org\\\/wp-content\\\/uploads\\\/2015\\\/05\\\/politicageneroec.jpg\",\"width\":180,\"height\":263,\"caption\":\"politicageneroec\"},{\"@type\":\"BreadcrumbList\",\"@id\":\"https:\\\/\\\/www.entreculturas.org\\\/en\\\/publicacion\\\/pol-tica-de-igualdad-de-g-nero\\\/#breadcrumb\",\"itemListElement\":[{\"@type\":\"ListItem\",\"position\":1,\"name\":\"Home\",\"item\":\"https:\\\/\\\/www.entreculturas.org\\\/en\\\/\"},{\"@type\":\"ListItem\",\"position\":2,\"name\":\"Publicaciones\",\"item\":\"https:\\\/\\\/www.entreculturas.org\\\/en\\\/publicaciones\\\/\"},{\"@type\":\"ListItem\",\"position\":3,\"name\":\"Pol\u00edtica de igualdad de g\u00e9nero\"}]},{\"@type\":\"WebSite\",\"@id\":\"https:\\\/\\\/www.entreculturas.org\\\/en\\\/#website\",\"url\":\"https:\\\/\\\/www.entreculturas.org\\\/en\\\/\",\"name\":\"Entreculturas\",\"description\":\"\",\"publisher\":{\"@id\":\"https:\\\/\\\/www.entreculturas.org\\\/en\\\/#organization\"},\"alternateName\":\"Entreculturas\",\"potentialAction\":[{\"@type\":\"SearchAction\",\"target\":{\"@type\":\"EntryPoint\",\"urlTemplate\":\"https:\\\/\\\/www.entreculturas.org\\\/en\\\/?s={search_term_string}\"},\"query-input\":{\"@type\":\"PropertyValueSpecification\",\"valueRequired\":true,\"valueName\":\"search_term_string\"}}],\"inLanguage\":\"en-US\"},{\"@type\":\"Organization\",\"@id\":\"https:\\\/\\\/www.entreculturas.org\\\/en\\\/#organization\",\"name\":\"Entreculturas\",\"url\":\"https:\\\/\\\/www.entreculturas.org\\\/en\\\/\",\"logo\":{\"@type\":\"ImageObject\",\"inLanguage\":\"en-US\",\"@id\":\"https:\\\/\\\/www.entreculturas.org\\\/en\\\/#\\\/schema\\\/logo\\\/image\\\/\",\"url\":\"https:\\\/\\\/www.entreculturas.org\\\/wp-content\\\/uploads\\\/2025\\\/10\\\/ESP.svg\",\"contentUrl\":\"https:\\\/\\\/www.entreculturas.org\\\/wp-content\\\/uploads\\\/2025\\\/10\\\/ESP.svg\",\"caption\":\"Entreculturas\"},\"image\":{\"@id\":\"https:\\\/\\\/www.entreculturas.org\\\/en\\\/#\\\/schema\\\/logo\\\/image\\\/\"},\"sameAs\":[\"https:\\\/\\\/www.facebook.com\\\/entreculturas\",\"https:\\\/\\\/x.com\\\/Entreculturas\",\"https:\\\/\\\/www.instagram.com\\\/entreculturas\\\/\",\"https:\\\/\\\/www.youtube.com\\\/user\\\/entreculturasvideo\",\"https:\\\/\\\/www.linkedin.com\\\/company\\\/fundacion-entreculturas-ngdo\\\/\",\"https:\\\/\\\/www.flickr.com\\\/photos\\\/98455522@N04\\\/albums\\\/\"]}]}<\/script>\n<!-- \/ Yoast SEO Premium plugin. -->","yoast_head_json":{"title":"Pol\u00edtica de igualdad de g\u00e9nero - Entreculturas","robots":{"index":"index","follow":"follow","max-snippet":"max-snippet:-1","max-image-preview":"max-image-preview:large","max-video-preview":"max-video-preview:-1"},"canonical":"https:\/\/www.entreculturas.org\/en\/publicacion\/pol-tica-de-igualdad-de-g-nero\/","og_locale":"en_US","og_type":"article","og_title":"Pol\u00edtica de igualdad de g\u00e9nero","og_description":"Documento que se entiende como una expresi\u00f3n y compromiso de Entreculturas con la equidad de g\u00e9nero en su identidad y misi\u00f3n, a nivel de organizaci\u00f3n interna y en sus estrat\u00e9gias y lineas de acci\u00f3n. El documento recoge la apuesta de Entreculturas por la transformaci\u00f3n hacia un horizonte de justicia y equidad entre mujeres y hombres. A la vez tiene el objetivo de ser un documento &#8220;vivo&#8221; que nos ayude a seguir ahondando en la equidad de g\u00e9nero; en este sentido, se constituye como una propuesta a partir de la cual la organizaci\u00f3n trabajar\u00e1 internamente a nivel de formaci\u00f3n y reflexi\u00f3n.","og_url":"https:\/\/www.entreculturas.org\/en\/publicacion\/pol-tica-de-igualdad-de-g-nero\/","og_site_name":"Entreculturas","article_publisher":"https:\/\/www.facebook.com\/entreculturas","article_modified_time":"2024-05-17T08:40:00+00:00","og_image":[{"width":180,"height":263,"url":"https:\/\/www.entreculturas.org\/wp-content\/uploads\/2015\/05\/politicageneroec.jpg","type":"image\/jpeg"}],"twitter_card":"summary_large_image","twitter_site":"@Entreculturas","schema":{"@context":"https:\/\/schema.org","@graph":[{"@type":"WebPage","@id":"https:\/\/www.entreculturas.org\/en\/publicacion\/pol-tica-de-igualdad-de-g-nero\/","url":"https:\/\/www.entreculturas.org\/en\/publicacion\/pol-tica-de-igualdad-de-g-nero\/","name":"Pol\u00edtica de igualdad de g\u00e9nero - Entreculturas","isPartOf":{"@id":"https:\/\/www.entreculturas.org\/en\/#website"},"primaryImageOfPage":{"@id":"https:\/\/www.entreculturas.org\/en\/publicacion\/pol-tica-de-igualdad-de-g-nero\/#primaryimage"},"image":{"@id":"https:\/\/www.entreculturas.org\/en\/publicacion\/pol-tica-de-igualdad-de-g-nero\/#primaryimage"},"thumbnailUrl":"https:\/\/www.entreculturas.org\/wp-content\/uploads\/2015\/05\/politicageneroec.jpg","datePublished":"2015-05-06T13:24:50+00:00","dateModified":"2024-05-17T08:40:00+00:00","breadcrumb":{"@id":"https:\/\/www.entreculturas.org\/en\/publicacion\/pol-tica-de-igualdad-de-g-nero\/#breadcrumb"},"inLanguage":"en-US","potentialAction":[{"@type":"ReadAction","target":["https:\/\/www.entreculturas.org\/en\/publicacion\/pol-tica-de-igualdad-de-g-nero\/"]}]},{"@type":"ImageObject","inLanguage":"en-US","@id":"https:\/\/www.entreculturas.org\/en\/publicacion\/pol-tica-de-igualdad-de-g-nero\/#primaryimage","url":"https:\/\/www.entreculturas.org\/wp-content\/uploads\/2015\/05\/politicageneroec.jpg","contentUrl":"https:\/\/www.entreculturas.org\/wp-content\/uploads\/2015\/05\/politicageneroec.jpg","width":180,"height":263,"caption":"politicageneroec"},{"@type":"BreadcrumbList","@id":"https:\/\/www.entreculturas.org\/en\/publicacion\/pol-tica-de-igualdad-de-g-nero\/#breadcrumb","itemListElement":[{"@type":"ListItem","position":1,"name":"Home","item":"https:\/\/www.entreculturas.org\/en\/"},{"@type":"ListItem","position":2,"name":"Publicaciones","item":"https:\/\/www.entreculturas.org\/en\/publicaciones\/"},{"@type":"ListItem","position":3,"name":"Pol\u00edtica de igualdad de g\u00e9nero"}]},{"@type":"WebSite","@id":"https:\/\/www.entreculturas.org\/en\/#website","url":"https:\/\/www.entreculturas.org\/en\/","name":"Entreculturas","description":"","publisher":{"@id":"https:\/\/www.entreculturas.org\/en\/#organization"},"alternateName":"Entreculturas","potentialAction":[{"@type":"SearchAction","target":{"@type":"EntryPoint","urlTemplate":"https:\/\/www.entreculturas.org\/en\/?s={search_term_string}"},"query-input":{"@type":"PropertyValueSpecification","valueRequired":true,"valueName":"search_term_string"}}],"inLanguage":"en-US"},{"@type":"Organization","@id":"https:\/\/www.entreculturas.org\/en\/#organization","name":"Entreculturas","url":"https:\/\/www.entreculturas.org\/en\/","logo":{"@type":"ImageObject","inLanguage":"en-US","@id":"https:\/\/www.entreculturas.org\/en\/#\/schema\/logo\/image\/","url":"https:\/\/www.entreculturas.org\/wp-content\/uploads\/2025\/10\/ESP.svg","contentUrl":"https:\/\/www.entreculturas.org\/wp-content\/uploads\/2025\/10\/ESP.svg","caption":"Entreculturas"},"image":{"@id":"https:\/\/www.entreculturas.org\/en\/#\/schema\/logo\/image\/"},"sameAs":["https:\/\/www.facebook.com\/entreculturas","https:\/\/x.com\/Entreculturas","https:\/\/www.instagram.com\/entreculturas\/","https:\/\/www.youtube.com\/user\/entreculturasvideo","https:\/\/www.linkedin.com\/company\/fundacion-entreculturas-ngdo\/","https:\/\/www.flickr.com\/photos\/98455522@N04\/albums\/"]}]}},"_links":{"self":[{"href":"https:\/\/www.entreculturas.org\/en\/wp-json\/wp\/v2\/publicacion\/7259","targetHints":{"allow":["GET"]}}],"collection":[{"href":"https:\/\/www.entreculturas.org\/en\/wp-json\/wp\/v2\/publicacion"}],"about":[{"href":"https:\/\/www.entreculturas.org\/en\/wp-json\/wp\/v2\/types\/publicacion"}],"wp:featuredmedia":[{"embeddable":true,"href":"https:\/\/www.entreculturas.org\/en\/wp-json\/wp\/v2\/media\/1536"}],"wp:attachment":[{"href":"https:\/\/www.entreculturas.org\/en\/wp-json\/wp\/v2\/media?parent=7259"}],"wp:term":[{"taxonomy":"category","embeddable":true,"href":"https:\/\/www.entreculturas.org\/en\/wp-json\/wp\/v2\/categories?post=7259"},{"taxonomy":"post_tag","embeddable":true,"href":"https:\/\/www.entreculturas.org\/en\/wp-json\/wp\/v2\/tags?post=7259"},{"taxonomy":"cause","embeddable":true,"href":"https:\/\/www.entreculturas.org\/en\/wp-json\/wp\/v2\/cause?post=7259"},{"taxonomy":"format","embeddable":true,"href":"https:\/\/www.entreculturas.org\/en\/wp-json\/wp\/v2\/format?post=7259"}],"curies":[{"name":"wp","href":"https:\/\/api.w.org\/{rel}","templated":true}]}}