{"id":7251,"date":"2015-04-30T08:45:07","date_gmt":"2015-04-30T08:45:07","guid":{"rendered":"https:\/\/entreculturasi.wpenginepowered.com\/?publicaciones=la-red-solidaria-de-j-venes-en-jerez-de-los-caballeros-recibe-el-vi-premio-nacional-de"},"modified":"2023-12-10T18:21:43","modified_gmt":"2023-12-10T17:21:43","slug":"la-red-solidaria-de-j-venes-en-jerez-de-los-caballeros-recibe-el-vi-premio-nacional-de","status":"publish","type":"publicacion","link":"https:\/\/www.entreculturas.org\/en\/publicacion\/la-red-solidaria-de-j-venes-en-jerez-de-los-caballeros-recibe-el-vi-premio-nacional-de\/","title":{"rendered":"La Red Solidaria de J\u00f3venes en Jerez de los Caballeros recibe el VI Premio Nacional de Educaci\u00f3n para el Desarrollo Vicente Ferrer"},"content":{"rendered":"<p>&nbsp;<\/p>\n<p>Los centros&nbsp;IES El Pomar e IES Ram\u00f3n Carande, de Jerez de los Caballeros (Badajoz) fueron en el a\u00f1o 2014&nbsp;los ganadores de la VI edici\u00f3n de los Premios Nacionales de Educaci\u00f3n para el Desarrollo&nbsp;Vicente Ferrer, en la modalidad de Bachillerato.&nbsp;<\/p>\n<p>La buena pr\u00e1ctica premiada&nbsp;se enmarca en un proyecto de educaci\u00f3n para el desarrollo es la Red Solidaria de J\u00f3venes, entre cuyos objetivos se encuentran:&nbsp;<\/p>\n<p>a)Apoyar el proceso de educaci\u00f3n integral de los\/as alumnos\/as fomentando el cuestionamiento y la comprensi\u00f3n de la realidad social en que viven, la reflexi\u00f3n sobre las causas que generan situaciones de desigualdad e injusticia, el reconocimiento de los valores universales y los derechos humanos como pautas de convivencia, el encuentro con otras personas y el desarrollo de los sentimientos de pertenencia a la comunidad global y local.<br \/>b) Impulsar la participaci\u00f3n de los\/as alumnos\/as como ciudadanos activos y responsables que asumen de manera cr\u00edtica, reflexiva y progresiva el ejercicio de sus derechos y deberes, participando en la sociedad con conciencia de su capacidad para construir un mundo m\u00e1s justo para todos y todas.<br \/>c) Experimentar que el cambio social es posible a trav\u00e9s de la organizaci\u00f3n y realizaci\u00f3n de actividades solidarias.<br \/>d) Aumentar los conocimientos para comprender mejor la realidad social y la capacidad cr\u00edtica a trav\u00e9s de la formaci\u00f3n y la reflexi\u00f3n cr\u00edtica.<br \/>d) Favorecer el crecimiento personal del alumnado y el aprendizaje de habilidades para la vida.<\/p>\n","protected":false},"excerpt":{"rendered":"<p>&nbsp; Los centros&nbsp;IES El Pomar e IES Ram\u00f3n Carande, de Jerez de los Caballeros (Badajoz) fueron en el a\u00f1o 2014&nbsp;los ganadores de la VI edici\u00f3n de los Premios Nacionales de Educaci\u00f3n para el Desarrollo&nbsp;Vicente Ferrer, en la modalidad de Bachillerato.&nbsp; La buena pr\u00e1ctica premiada&nbsp;se enmarca en un proyecto de educaci\u00f3n para el desarrollo es la Red Solidaria de J\u00f3venes, entre cuyos objetivos se encuentran:&nbsp; a)Apoyar el proceso de educaci\u00f3n integral de los\/as alumnos\/as fomentando el cuestionamiento y la comprensi\u00f3n de la realidad social en que viven, la reflexi\u00f3n sobre las causas que generan situaciones de desigualdad e injusticia, el reconocimiento de los valores universales y los derechos humanos como pautas de convivencia, el encuentro con otras personas y el desarrollo de los sentimientos de pertenencia a la comunidad global y local.b) Impulsar la participaci\u00f3n de los\/as alumnos\/as como ciudadanos activos y responsables que asumen de manera cr\u00edtica, reflexiva y progresiva [&hellip;]<\/p>\n","protected":false},"featured_media":1482,"template":"","format":[112],"categories":[18],"tags":[],"cause":[132],"class_list":["post-7251","publicacion","type-publicacion","status-publish","has-post-thumbnail","hentry","category-estudios","cause-participacion-y-ciudadania-global","format-estudios-e-informes"],"acf":[],"yoast_head":"<!-- This site is optimized with the Yoast SEO Premium plugin v21.6 (Yoast SEO v27.5) - https:\/\/yoast.com\/product\/yoast-seo-premium-wordpress\/ -->\n<title>La Red Solidaria de J\u00f3venes en Jerez de los Caballeros recibe el VI Premio Nacional de Educaci\u00f3n para el Desarrollo Vicente Ferrer - Entreculturas<\/title>\n<meta name=\"robots\" content=\"index, follow, max-snippet:-1, max-image-preview:large, max-video-preview:-1\" \/>\n<link rel=\"canonical\" href=\"https:\/\/www.entreculturas.org\/en\/publicacion\/la-red-solidaria-de-j-venes-en-jerez-de-los-caballeros-recibe-el-vi-premio-nacional-de\/\" \/>\n<meta property=\"og:locale\" content=\"en_US\" \/>\n<meta property=\"og:type\" content=\"article\" \/>\n<meta property=\"og:title\" content=\"La Red Solidaria de J\u00f3venes en Jerez de los Caballeros recibe el VI Premio Nacional de Educaci\u00f3n para el Desarrollo Vicente Ferrer\" \/>\n<meta property=\"og:description\" content=\"&nbsp; Los centros&nbsp;IES El Pomar e IES Ram\u00f3n Carande, de Jerez de los Caballeros (Badajoz) fueron en el a\u00f1o 2014&nbsp;los ganadores de la VI edici\u00f3n de los Premios Nacionales de Educaci\u00f3n para el Desarrollo&nbsp;Vicente Ferrer, en la modalidad de Bachillerato.&nbsp; La buena pr\u00e1ctica premiada&nbsp;se enmarca en un proyecto de educaci\u00f3n para el desarrollo es la Red Solidaria de J\u00f3venes, entre cuyos objetivos se encuentran:&nbsp; a)Apoyar el proceso de educaci\u00f3n integral de los\/as alumnos\/as fomentando el cuestionamiento y la comprensi\u00f3n de la realidad social en que viven, la reflexi\u00f3n sobre las causas que generan situaciones de desigualdad e injusticia, el reconocimiento de los valores universales y los derechos humanos como pautas de convivencia, el encuentro con otras personas y el desarrollo de los sentimientos de pertenencia a la comunidad global y local.b) Impulsar la participaci\u00f3n de los\/as alumnos\/as como ciudadanos activos y responsables que asumen de manera cr\u00edtica, reflexiva y progresiva [&hellip;]\" \/>\n<meta property=\"og:url\" content=\"https:\/\/www.entreculturas.org\/en\/publicacion\/la-red-solidaria-de-j-venes-en-jerez-de-los-caballeros-recibe-el-vi-premio-nacional-de\/\" \/>\n<meta property=\"og:site_name\" content=\"Entreculturas\" \/>\n<meta property=\"article:publisher\" content=\"https:\/\/www.facebook.com\/entreculturas\" \/>\n<meta property=\"article:modified_time\" content=\"2023-12-10T17:21:43+00:00\" \/>\n<meta name=\"twitter:card\" content=\"summary_large_image\" \/>\n<meta name=\"twitter:site\" content=\"@Entreculturas\" \/>\n<script type=\"application\/ld+json\" class=\"yoast-schema-graph\">{\"@context\":\"https:\\\/\\\/schema.org\",\"@graph\":[{\"@type\":\"WebPage\",\"@id\":\"https:\\\/\\\/www.entreculturas.org\\\/en\\\/publicacion\\\/la-red-solidaria-de-j-venes-en-jerez-de-los-caballeros-recibe-el-vi-premio-nacional-de\\\/\",\"url\":\"https:\\\/\\\/www.entreculturas.org\\\/en\\\/publicacion\\\/la-red-solidaria-de-j-venes-en-jerez-de-los-caballeros-recibe-el-vi-premio-nacional-de\\\/\",\"name\":\"La Red Solidaria de J\u00f3venes en Jerez de los Caballeros recibe el VI Premio Nacional de Educaci\u00f3n para el Desarrollo Vicente Ferrer - Entreculturas\",\"isPartOf\":{\"@id\":\"https:\\\/\\\/www.entreculturas.org\\\/en\\\/#website\"},\"primaryImageOfPage\":{\"@id\":\"https:\\\/\\\/www.entreculturas.org\\\/en\\\/publicacion\\\/la-red-solidaria-de-j-venes-en-jerez-de-los-caballeros-recibe-el-vi-premio-nacional-de\\\/#primaryimage\"},\"image\":{\"@id\":\"https:\\\/\\\/www.entreculturas.org\\\/en\\\/publicacion\\\/la-red-solidaria-de-j-venes-en-jerez-de-los-caballeros-recibe-el-vi-premio-nacional-de\\\/#primaryimage\"},\"thumbnailUrl\":\"\",\"datePublished\":\"2015-04-30T08:45:07+00:00\",\"dateModified\":\"2023-12-10T17:21:43+00:00\",\"breadcrumb\":{\"@id\":\"https:\\\/\\\/www.entreculturas.org\\\/en\\\/publicacion\\\/la-red-solidaria-de-j-venes-en-jerez-de-los-caballeros-recibe-el-vi-premio-nacional-de\\\/#breadcrumb\"},\"inLanguage\":\"en-US\",\"potentialAction\":[{\"@type\":\"ReadAction\",\"target\":[\"https:\\\/\\\/www.entreculturas.org\\\/en\\\/publicacion\\\/la-red-solidaria-de-j-venes-en-jerez-de-los-caballeros-recibe-el-vi-premio-nacional-de\\\/\"]}]},{\"@type\":\"ImageObject\",\"inLanguage\":\"en-US\",\"@id\":\"https:\\\/\\\/www.entreculturas.org\\\/en\\\/publicacion\\\/la-red-solidaria-de-j-venes-en-jerez-de-los-caballeros-recibe-el-vi-premio-nacional-de\\\/#primaryimage\",\"url\":\"\",\"contentUrl\":\"\"},{\"@type\":\"BreadcrumbList\",\"@id\":\"https:\\\/\\\/www.entreculturas.org\\\/en\\\/publicacion\\\/la-red-solidaria-de-j-venes-en-jerez-de-los-caballeros-recibe-el-vi-premio-nacional-de\\\/#breadcrumb\",\"itemListElement\":[{\"@type\":\"ListItem\",\"position\":1,\"name\":\"Home\",\"item\":\"https:\\\/\\\/www.entreculturas.org\\\/en\\\/\"},{\"@type\":\"ListItem\",\"position\":2,\"name\":\"Publicaciones\",\"item\":\"https:\\\/\\\/www.entreculturas.org\\\/en\\\/publicaciones\\\/\"},{\"@type\":\"ListItem\",\"position\":3,\"name\":\"La Red Solidaria de J\u00f3venes en Jerez de los Caballeros recibe el VI Premio Nacional de Educaci\u00f3n para el Desarrollo Vicente Ferrer\"}]},{\"@type\":\"WebSite\",\"@id\":\"https:\\\/\\\/www.entreculturas.org\\\/en\\\/#website\",\"url\":\"https:\\\/\\\/www.entreculturas.org\\\/en\\\/\",\"name\":\"Entreculturas\",\"description\":\"\",\"publisher\":{\"@id\":\"https:\\\/\\\/www.entreculturas.org\\\/en\\\/#organization\"},\"alternateName\":\"Entreculturas\",\"potentialAction\":[{\"@type\":\"SearchAction\",\"target\":{\"@type\":\"EntryPoint\",\"urlTemplate\":\"https:\\\/\\\/www.entreculturas.org\\\/en\\\/?s={search_term_string}\"},\"query-input\":{\"@type\":\"PropertyValueSpecification\",\"valueRequired\":true,\"valueName\":\"search_term_string\"}}],\"inLanguage\":\"en-US\"},{\"@type\":\"Organization\",\"@id\":\"https:\\\/\\\/www.entreculturas.org\\\/en\\\/#organization\",\"name\":\"Entreculturas\",\"url\":\"https:\\\/\\\/www.entreculturas.org\\\/en\\\/\",\"logo\":{\"@type\":\"ImageObject\",\"inLanguage\":\"en-US\",\"@id\":\"https:\\\/\\\/www.entreculturas.org\\\/en\\\/#\\\/schema\\\/logo\\\/image\\\/\",\"url\":\"https:\\\/\\\/www.entreculturas.org\\\/wp-content\\\/uploads\\\/2025\\\/10\\\/ESP.svg\",\"contentUrl\":\"https:\\\/\\\/www.entreculturas.org\\\/wp-content\\\/uploads\\\/2025\\\/10\\\/ESP.svg\",\"caption\":\"Entreculturas\"},\"image\":{\"@id\":\"https:\\\/\\\/www.entreculturas.org\\\/en\\\/#\\\/schema\\\/logo\\\/image\\\/\"},\"sameAs\":[\"https:\\\/\\\/www.facebook.com\\\/entreculturas\",\"https:\\\/\\\/x.com\\\/Entreculturas\",\"https:\\\/\\\/www.instagram.com\\\/entreculturas\\\/\",\"https:\\\/\\\/www.youtube.com\\\/user\\\/entreculturasvideo\",\"https:\\\/\\\/www.linkedin.com\\\/company\\\/fundacion-entreculturas-ngdo\\\/\",\"https:\\\/\\\/www.flickr.com\\\/photos\\\/98455522@N04\\\/albums\\\/\"]}]}<\/script>\n<!-- \/ Yoast SEO Premium plugin. -->","yoast_head_json":{"title":"La Red Solidaria de J\u00f3venes en Jerez de los Caballeros recibe el VI Premio Nacional de Educaci\u00f3n para el Desarrollo Vicente Ferrer - Entreculturas","robots":{"index":"index","follow":"follow","max-snippet":"max-snippet:-1","max-image-preview":"max-image-preview:large","max-video-preview":"max-video-preview:-1"},"canonical":"https:\/\/www.entreculturas.org\/en\/publicacion\/la-red-solidaria-de-j-venes-en-jerez-de-los-caballeros-recibe-el-vi-premio-nacional-de\/","og_locale":"en_US","og_type":"article","og_title":"La Red Solidaria de J\u00f3venes en Jerez de los Caballeros recibe el VI Premio Nacional de Educaci\u00f3n para el Desarrollo Vicente Ferrer","og_description":"&nbsp; Los centros&nbsp;IES El Pomar e IES Ram\u00f3n Carande, de Jerez de los Caballeros (Badajoz) fueron en el a\u00f1o 2014&nbsp;los ganadores de la VI edici\u00f3n de los Premios Nacionales de Educaci\u00f3n para el Desarrollo&nbsp;Vicente Ferrer, en la modalidad de Bachillerato.&nbsp; La buena pr\u00e1ctica premiada&nbsp;se enmarca en un proyecto de educaci\u00f3n para el desarrollo es la Red Solidaria de J\u00f3venes, entre cuyos objetivos se encuentran:&nbsp; a)Apoyar el proceso de educaci\u00f3n integral de los\/as alumnos\/as fomentando el cuestionamiento y la comprensi\u00f3n de la realidad social en que viven, la reflexi\u00f3n sobre las causas que generan situaciones de desigualdad e injusticia, el reconocimiento de los valores universales y los derechos humanos como pautas de convivencia, el encuentro con otras personas y el desarrollo de los sentimientos de pertenencia a la comunidad global y local.b) Impulsar la participaci\u00f3n de los\/as alumnos\/as como ciudadanos activos y responsables que asumen de manera cr\u00edtica, reflexiva y progresiva [&hellip;]","og_url":"https:\/\/www.entreculturas.org\/en\/publicacion\/la-red-solidaria-de-j-venes-en-jerez-de-los-caballeros-recibe-el-vi-premio-nacional-de\/","og_site_name":"Entreculturas","article_publisher":"https:\/\/www.facebook.com\/entreculturas","article_modified_time":"2023-12-10T17:21:43+00:00","twitter_card":"summary_large_image","twitter_site":"@Entreculturas","schema":{"@context":"https:\/\/schema.org","@graph":[{"@type":"WebPage","@id":"https:\/\/www.entreculturas.org\/en\/publicacion\/la-red-solidaria-de-j-venes-en-jerez-de-los-caballeros-recibe-el-vi-premio-nacional-de\/","url":"https:\/\/www.entreculturas.org\/en\/publicacion\/la-red-solidaria-de-j-venes-en-jerez-de-los-caballeros-recibe-el-vi-premio-nacional-de\/","name":"La Red Solidaria de J\u00f3venes en Jerez de los Caballeros recibe el VI Premio Nacional de Educaci\u00f3n para el Desarrollo Vicente Ferrer - Entreculturas","isPartOf":{"@id":"https:\/\/www.entreculturas.org\/en\/#website"},"primaryImageOfPage":{"@id":"https:\/\/www.entreculturas.org\/en\/publicacion\/la-red-solidaria-de-j-venes-en-jerez-de-los-caballeros-recibe-el-vi-premio-nacional-de\/#primaryimage"},"image":{"@id":"https:\/\/www.entreculturas.org\/en\/publicacion\/la-red-solidaria-de-j-venes-en-jerez-de-los-caballeros-recibe-el-vi-premio-nacional-de\/#primaryimage"},"thumbnailUrl":"","datePublished":"2015-04-30T08:45:07+00:00","dateModified":"2023-12-10T17:21:43+00:00","breadcrumb":{"@id":"https:\/\/www.entreculturas.org\/en\/publicacion\/la-red-solidaria-de-j-venes-en-jerez-de-los-caballeros-recibe-el-vi-premio-nacional-de\/#breadcrumb"},"inLanguage":"en-US","potentialAction":[{"@type":"ReadAction","target":["https:\/\/www.entreculturas.org\/en\/publicacion\/la-red-solidaria-de-j-venes-en-jerez-de-los-caballeros-recibe-el-vi-premio-nacional-de\/"]}]},{"@type":"ImageObject","inLanguage":"en-US","@id":"https:\/\/www.entreculturas.org\/en\/publicacion\/la-red-solidaria-de-j-venes-en-jerez-de-los-caballeros-recibe-el-vi-premio-nacional-de\/#primaryimage","url":"","contentUrl":""},{"@type":"BreadcrumbList","@id":"https:\/\/www.entreculturas.org\/en\/publicacion\/la-red-solidaria-de-j-venes-en-jerez-de-los-caballeros-recibe-el-vi-premio-nacional-de\/#breadcrumb","itemListElement":[{"@type":"ListItem","position":1,"name":"Home","item":"https:\/\/www.entreculturas.org\/en\/"},{"@type":"ListItem","position":2,"name":"Publicaciones","item":"https:\/\/www.entreculturas.org\/en\/publicaciones\/"},{"@type":"ListItem","position":3,"name":"La Red Solidaria de J\u00f3venes en Jerez de los Caballeros recibe el VI Premio Nacional de Educaci\u00f3n para el Desarrollo Vicente Ferrer"}]},{"@type":"WebSite","@id":"https:\/\/www.entreculturas.org\/en\/#website","url":"https:\/\/www.entreculturas.org\/en\/","name":"Entreculturas","description":"","publisher":{"@id":"https:\/\/www.entreculturas.org\/en\/#organization"},"alternateName":"Entreculturas","potentialAction":[{"@type":"SearchAction","target":{"@type":"EntryPoint","urlTemplate":"https:\/\/www.entreculturas.org\/en\/?s={search_term_string}"},"query-input":{"@type":"PropertyValueSpecification","valueRequired":true,"valueName":"search_term_string"}}],"inLanguage":"en-US"},{"@type":"Organization","@id":"https:\/\/www.entreculturas.org\/en\/#organization","name":"Entreculturas","url":"https:\/\/www.entreculturas.org\/en\/","logo":{"@type":"ImageObject","inLanguage":"en-US","@id":"https:\/\/www.entreculturas.org\/en\/#\/schema\/logo\/image\/","url":"https:\/\/www.entreculturas.org\/wp-content\/uploads\/2025\/10\/ESP.svg","contentUrl":"https:\/\/www.entreculturas.org\/wp-content\/uploads\/2025\/10\/ESP.svg","caption":"Entreculturas"},"image":{"@id":"https:\/\/www.entreculturas.org\/en\/#\/schema\/logo\/image\/"},"sameAs":["https:\/\/www.facebook.com\/entreculturas","https:\/\/x.com\/Entreculturas","https:\/\/www.instagram.com\/entreculturas\/","https:\/\/www.youtube.com\/user\/entreculturasvideo","https:\/\/www.linkedin.com\/company\/fundacion-entreculturas-ngdo\/","https:\/\/www.flickr.com\/photos\/98455522@N04\/albums\/"]}]}},"_links":{"self":[{"href":"https:\/\/www.entreculturas.org\/en\/wp-json\/wp\/v2\/publicacion\/7251","targetHints":{"allow":["GET"]}}],"collection":[{"href":"https:\/\/www.entreculturas.org\/en\/wp-json\/wp\/v2\/publicacion"}],"about":[{"href":"https:\/\/www.entreculturas.org\/en\/wp-json\/wp\/v2\/types\/publicacion"}],"wp:featuredmedia":[{"embeddable":true,"href":"https:\/\/www.entreculturas.org\/en\/wp-json\/"}],"wp:attachment":[{"href":"https:\/\/www.entreculturas.org\/en\/wp-json\/wp\/v2\/media?parent=7251"}],"wp:term":[{"taxonomy":"category","embeddable":true,"href":"https:\/\/www.entreculturas.org\/en\/wp-json\/wp\/v2\/categories?post=7251"},{"taxonomy":"post_tag","embeddable":true,"href":"https:\/\/www.entreculturas.org\/en\/wp-json\/wp\/v2\/tags?post=7251"},{"taxonomy":"cause","embeddable":true,"href":"https:\/\/www.entreculturas.org\/en\/wp-json\/wp\/v2\/cause?post=7251"},{"taxonomy":"format","embeddable":true,"href":"https:\/\/www.entreculturas.org\/en\/wp-json\/wp\/v2\/format?post=7251"}],"curies":[{"name":"wp","href":"https:\/\/api.w.org\/{rel}","templated":true}]}}