{"id":6345,"date":"2023-08-04T12:52:58","date_gmt":"2023-08-04T12:52:58","guid":{"rendered":"https:\/\/entreculturasi.wpenginepowered.com\/?publicaciones=educacion-y-seguridad-alimentaria-en-la-emergencia"},"modified":"2024-03-20T13:15:38","modified_gmt":"2024-03-20T12:15:38","slug":"educacion-y-seguridad-alimentaria-en-la-emergencia","status":"publish","type":"publicacion","link":"https:\/\/www.entreculturas.org\/en\/publicacion\/educacion-y-seguridad-alimentaria-en-la-emergencia\/","title":{"rendered":"Educaci\u00f3n y seguridad alimentaria en la emergencia"},"content":{"rendered":"<p>El a\u00f1o 2022 trajo una serie de desaf\u00edos humanitarios nunca antes vistos, tanto por la complejidad de las crisis como por la diversidad de actores y la presencia de factores externos como el cambio clim\u00e1tico. Estas realidades cambiantes nos han llevado a abrir camino en un espacio humanitario cada vez m\u00e1s reducido y a comenzar nuestro trabajo en situaciones humanitarias cr\u00edticas a trav\u00e9s de socios como Fe y Alegr\u00eda Venezuela.<\/p>\n<p>Para Entreculturas es importante poner en valor los <strong>Principios Humanitarios de neutralidad, imparcialidad, humanidad e independencia que gu\u00edan nuestras acciones, poniendo la dignidad humana en el centro y acompa\u00f1ando y sirviendo a las personas m\u00e1s necesitadas<\/strong>, al margen de condicionamientos pol\u00edticos, religiosos o de otra \u00edndole.<\/p>\n<p>El proyecto que aqu\u00ed presentamos supuso una de las primeras colaboraciones con la <strong>Direcci\u00f3n General de Protecci\u00f3n Civil y Operaciones de Ayuda Humanitaria Europeas (ECHO)<\/strong>. Todo un reto Humanitario para una organizaci\u00f3n dedicada tradicionalmente al Desarrollo. En este tiempo, Entreculturas ha afrontado un gran desaf\u00edo que nos ha reforzado y profesionalizado institucionalmente, mejorando nuestros procedimientos internos y gestionando los recursos para llegar a m\u00e1s poblaci\u00f3n, todo ello sin perder nuestra esencia y se\u00f1a de identidad: <strong>poner la educaci\u00f3n de calidad al alcance de las personas m\u00e1s vulnerables<\/strong>.<\/p>\n\n\n<div class=\"wp-block-buttons is-layout-flex wp-container-core-buttons-is-layout-168ce233 wp-block-buttons-is-layout-flex\">\n<div class=\"wp-block-button\"><a class=\"wp-block-button__link wp-element-button\" href=\"https:\/\/www.entreculturas.org\/wp-content\/uploads\/2023\/08\/educacion_y_seguridad_alimentaria_ok_2.pdf\" target=\"_blank\" rel=\"noreferrer noopener\">DESCARGAR<\/a><\/div>\n<\/div>\n\n\n\n<div style=\"height:19px\" aria-hidden=\"true\" class=\"wp-block-spacer\"><\/div>\n\n\n\n<div class=\"wp-block-buttons is-layout-flex wp-block-buttons-is-layout-flex\">\n<div class=\"wp-block-button\"><a class=\"wp-block-button__link wp-element-button\" href=\"https:\/\/www.entreculturas.org\/wp-content\/uploads\/2023\/08\/education_and_food_securities_ok_1.pdf\" target=\"_blank\" rel=\"noreferrer noopener\">DOWNLOAD<\/a><\/div>\n<\/div>\n","protected":false},"excerpt":{"rendered":"<p>El a\u00f1o 2022 trajo una serie de desaf\u00edos humanitarios nunca antes vistos, tanto por la complejidad de las crisis como por la diversidad de actores y la presencia de factores externos como el cambio clim\u00e1tico. Estas realidades cambiantes nos han llevado a abrir camino en un espacio humanitario cada vez m\u00e1s reducido y a comenzar nuestro trabajo en situaciones humanitarias cr\u00edticas a trav\u00e9s de socios como Fe y Alegr\u00eda Venezuela. Para Entreculturas es importante poner en valor los Principios Humanitarios de neutralidad, imparcialidad, humanidad e independencia que gu\u00edan nuestras acciones, poniendo la dignidad humana en el centro y acompa\u00f1ando y sirviendo a las personas m\u00e1s necesitadas, al margen de condicionamientos pol\u00edticos, religiosos o de otra \u00edndole. El proyecto que aqu\u00ed presentamos supuso una de las primeras colaboraciones con la Direcci\u00f3n General de Protecci\u00f3n Civil y Operaciones de Ayuda Humanitaria Europeas (ECHO). Todo un reto Humanitario para una organizaci\u00f3n dedicada tradicionalmente [&hellip;]<\/p>\n","protected":false},"featured_media":6351,"template":"","format":[113],"categories":[17],"tags":[289],"cause":[128],"class_list":["post-6345","publicacion","type-publicacion","status-publish","has-post-thumbnail","hentry","category-evaluaciones","tag-educacion","cause-educacion","format-evaluaciones"],"acf":[],"yoast_head":"<!-- This site is optimized with the Yoast SEO Premium plugin v21.6 (Yoast SEO v27.5) - https:\/\/yoast.com\/product\/yoast-seo-premium-wordpress\/ -->\n<title>Educaci\u00f3n y seguridad alimentaria en la emergencia - Entreculturas<\/title>\n<meta name=\"robots\" content=\"index, follow, max-snippet:-1, max-image-preview:large, max-video-preview:-1\" \/>\n<link rel=\"canonical\" href=\"https:\/\/www.entreculturas.org\/en\/publicacion\/educacion-y-seguridad-alimentaria-en-la-emergencia\/\" \/>\n<meta property=\"og:locale\" content=\"en_US\" \/>\n<meta property=\"og:type\" content=\"article\" \/>\n<meta property=\"og:title\" content=\"Educaci\u00f3n y seguridad alimentaria en la emergencia\" \/>\n<meta property=\"og:description\" content=\"El a\u00f1o 2022 trajo una serie de desaf\u00edos humanitarios nunca antes vistos, tanto por la complejidad de las crisis como por la diversidad de actores y la presencia de factores externos como el cambio clim\u00e1tico. Estas realidades cambiantes nos han llevado a abrir camino en un espacio humanitario cada vez m\u00e1s reducido y a comenzar nuestro trabajo en situaciones humanitarias cr\u00edticas a trav\u00e9s de socios como Fe y Alegr\u00eda Venezuela. Para Entreculturas es importante poner en valor los Principios Humanitarios de neutralidad, imparcialidad, humanidad e independencia que gu\u00edan nuestras acciones, poniendo la dignidad humana en el centro y acompa\u00f1ando y sirviendo a las personas m\u00e1s necesitadas, al margen de condicionamientos pol\u00edticos, religiosos o de otra \u00edndole. El proyecto que aqu\u00ed presentamos supuso una de las primeras colaboraciones con la Direcci\u00f3n General de Protecci\u00f3n Civil y Operaciones de Ayuda Humanitaria Europeas (ECHO). Todo un reto Humanitario para una organizaci\u00f3n dedicada tradicionalmente [&hellip;]\" \/>\n<meta property=\"og:url\" content=\"https:\/\/www.entreculturas.org\/en\/publicacion\/educacion-y-seguridad-alimentaria-en-la-emergencia\/\" \/>\n<meta property=\"og:site_name\" content=\"Entreculturas\" \/>\n<meta property=\"article:publisher\" content=\"https:\/\/www.facebook.com\/entreculturas\" \/>\n<meta property=\"article:modified_time\" content=\"2024-03-20T12:15:38+00:00\" \/>\n<meta property=\"og:image\" content=\"https:\/\/www.entreculturas.org\/wp-content\/uploads\/2023\/08\/captura_de_pantalla_2023-08-04_145056.png\" \/>\n\t<meta property=\"og:image:width\" content=\"652\" \/>\n\t<meta property=\"og:image:height\" content=\"923\" \/>\n\t<meta property=\"og:image:type\" content=\"image\/png\" \/>\n<meta name=\"twitter:card\" content=\"summary_large_image\" \/>\n<meta name=\"twitter:site\" content=\"@Entreculturas\" \/>\n<script type=\"application\/ld+json\" class=\"yoast-schema-graph\">{\"@context\":\"https:\\\/\\\/schema.org\",\"@graph\":[{\"@type\":\"WebPage\",\"@id\":\"https:\\\/\\\/www.entreculturas.org\\\/en\\\/publicacion\\\/educacion-y-seguridad-alimentaria-en-la-emergencia\\\/\",\"url\":\"https:\\\/\\\/www.entreculturas.org\\\/en\\\/publicacion\\\/educacion-y-seguridad-alimentaria-en-la-emergencia\\\/\",\"name\":\"Educaci\u00f3n y seguridad alimentaria en la emergencia - Entreculturas\",\"isPartOf\":{\"@id\":\"https:\\\/\\\/www.entreculturas.org\\\/en\\\/#website\"},\"primaryImageOfPage\":{\"@id\":\"https:\\\/\\\/www.entreculturas.org\\\/en\\\/publicacion\\\/educacion-y-seguridad-alimentaria-en-la-emergencia\\\/#primaryimage\"},\"image\":{\"@id\":\"https:\\\/\\\/www.entreculturas.org\\\/en\\\/publicacion\\\/educacion-y-seguridad-alimentaria-en-la-emergencia\\\/#primaryimage\"},\"thumbnailUrl\":\"https:\\\/\\\/www.entreculturas.org\\\/wp-content\\\/uploads\\\/2023\\\/08\\\/captura_de_pantalla_2023-08-04_145056.png\",\"datePublished\":\"2023-08-04T12:52:58+00:00\",\"dateModified\":\"2024-03-20T12:15:38+00:00\",\"breadcrumb\":{\"@id\":\"https:\\\/\\\/www.entreculturas.org\\\/en\\\/publicacion\\\/educacion-y-seguridad-alimentaria-en-la-emergencia\\\/#breadcrumb\"},\"inLanguage\":\"en-US\",\"potentialAction\":[{\"@type\":\"ReadAction\",\"target\":[\"https:\\\/\\\/www.entreculturas.org\\\/en\\\/publicacion\\\/educacion-y-seguridad-alimentaria-en-la-emergencia\\\/\"]}]},{\"@type\":\"ImageObject\",\"inLanguage\":\"en-US\",\"@id\":\"https:\\\/\\\/www.entreculturas.org\\\/en\\\/publicacion\\\/educacion-y-seguridad-alimentaria-en-la-emergencia\\\/#primaryimage\",\"url\":\"https:\\\/\\\/www.entreculturas.org\\\/wp-content\\\/uploads\\\/2023\\\/08\\\/captura_de_pantalla_2023-08-04_145056.png\",\"contentUrl\":\"https:\\\/\\\/www.entreculturas.org\\\/wp-content\\\/uploads\\\/2023\\\/08\\\/captura_de_pantalla_2023-08-04_145056.png\",\"width\":652,\"height\":923,\"caption\":\"captura_de_pantalla_2023-08-04_145056\"},{\"@type\":\"BreadcrumbList\",\"@id\":\"https:\\\/\\\/www.entreculturas.org\\\/en\\\/publicacion\\\/educacion-y-seguridad-alimentaria-en-la-emergencia\\\/#breadcrumb\",\"itemListElement\":[{\"@type\":\"ListItem\",\"position\":1,\"name\":\"Home\",\"item\":\"https:\\\/\\\/www.entreculturas.org\\\/en\\\/\"},{\"@type\":\"ListItem\",\"position\":2,\"name\":\"Publicaciones\",\"item\":\"https:\\\/\\\/www.entreculturas.org\\\/en\\\/publicaciones\\\/\"},{\"@type\":\"ListItem\",\"position\":3,\"name\":\"Educaci\u00f3n y seguridad alimentaria en la emergencia\"}]},{\"@type\":\"WebSite\",\"@id\":\"https:\\\/\\\/www.entreculturas.org\\\/en\\\/#website\",\"url\":\"https:\\\/\\\/www.entreculturas.org\\\/en\\\/\",\"name\":\"Entreculturas\",\"description\":\"\",\"publisher\":{\"@id\":\"https:\\\/\\\/www.entreculturas.org\\\/en\\\/#organization\"},\"alternateName\":\"Entreculturas\",\"potentialAction\":[{\"@type\":\"SearchAction\",\"target\":{\"@type\":\"EntryPoint\",\"urlTemplate\":\"https:\\\/\\\/www.entreculturas.org\\\/en\\\/?s={search_term_string}\"},\"query-input\":{\"@type\":\"PropertyValueSpecification\",\"valueRequired\":true,\"valueName\":\"search_term_string\"}}],\"inLanguage\":\"en-US\"},{\"@type\":\"Organization\",\"@id\":\"https:\\\/\\\/www.entreculturas.org\\\/en\\\/#organization\",\"name\":\"Entreculturas\",\"url\":\"https:\\\/\\\/www.entreculturas.org\\\/en\\\/\",\"logo\":{\"@type\":\"ImageObject\",\"inLanguage\":\"en-US\",\"@id\":\"https:\\\/\\\/www.entreculturas.org\\\/en\\\/#\\\/schema\\\/logo\\\/image\\\/\",\"url\":\"https:\\\/\\\/www.entreculturas.org\\\/wp-content\\\/uploads\\\/2025\\\/10\\\/ESP.svg\",\"contentUrl\":\"https:\\\/\\\/www.entreculturas.org\\\/wp-content\\\/uploads\\\/2025\\\/10\\\/ESP.svg\",\"caption\":\"Entreculturas\"},\"image\":{\"@id\":\"https:\\\/\\\/www.entreculturas.org\\\/en\\\/#\\\/schema\\\/logo\\\/image\\\/\"},\"sameAs\":[\"https:\\\/\\\/www.facebook.com\\\/entreculturas\",\"https:\\\/\\\/x.com\\\/Entreculturas\",\"https:\\\/\\\/www.instagram.com\\\/entreculturas\\\/\",\"https:\\\/\\\/www.youtube.com\\\/user\\\/entreculturasvideo\",\"https:\\\/\\\/www.linkedin.com\\\/company\\\/fundacion-entreculturas-ngdo\\\/\",\"https:\\\/\\\/www.flickr.com\\\/photos\\\/98455522@N04\\\/albums\\\/\"]}]}<\/script>\n<!-- \/ Yoast SEO Premium plugin. -->","yoast_head_json":{"title":"Educaci\u00f3n y seguridad alimentaria en la emergencia - Entreculturas","robots":{"index":"index","follow":"follow","max-snippet":"max-snippet:-1","max-image-preview":"max-image-preview:large","max-video-preview":"max-video-preview:-1"},"canonical":"https:\/\/www.entreculturas.org\/en\/publicacion\/educacion-y-seguridad-alimentaria-en-la-emergencia\/","og_locale":"en_US","og_type":"article","og_title":"Educaci\u00f3n y seguridad alimentaria en la emergencia","og_description":"El a\u00f1o 2022 trajo una serie de desaf\u00edos humanitarios nunca antes vistos, tanto por la complejidad de las crisis como por la diversidad de actores y la presencia de factores externos como el cambio clim\u00e1tico. Estas realidades cambiantes nos han llevado a abrir camino en un espacio humanitario cada vez m\u00e1s reducido y a comenzar nuestro trabajo en situaciones humanitarias cr\u00edticas a trav\u00e9s de socios como Fe y Alegr\u00eda Venezuela. Para Entreculturas es importante poner en valor los Principios Humanitarios de neutralidad, imparcialidad, humanidad e independencia que gu\u00edan nuestras acciones, poniendo la dignidad humana en el centro y acompa\u00f1ando y sirviendo a las personas m\u00e1s necesitadas, al margen de condicionamientos pol\u00edticos, religiosos o de otra \u00edndole. El proyecto que aqu\u00ed presentamos supuso una de las primeras colaboraciones con la Direcci\u00f3n General de Protecci\u00f3n Civil y Operaciones de Ayuda Humanitaria Europeas (ECHO). Todo un reto Humanitario para una organizaci\u00f3n dedicada tradicionalmente [&hellip;]","og_url":"https:\/\/www.entreculturas.org\/en\/publicacion\/educacion-y-seguridad-alimentaria-en-la-emergencia\/","og_site_name":"Entreculturas","article_publisher":"https:\/\/www.facebook.com\/entreculturas","article_modified_time":"2024-03-20T12:15:38+00:00","og_image":[{"width":652,"height":923,"url":"https:\/\/www.entreculturas.org\/wp-content\/uploads\/2023\/08\/captura_de_pantalla_2023-08-04_145056.png","type":"image\/png"}],"twitter_card":"summary_large_image","twitter_site":"@Entreculturas","schema":{"@context":"https:\/\/schema.org","@graph":[{"@type":"WebPage","@id":"https:\/\/www.entreculturas.org\/en\/publicacion\/educacion-y-seguridad-alimentaria-en-la-emergencia\/","url":"https:\/\/www.entreculturas.org\/en\/publicacion\/educacion-y-seguridad-alimentaria-en-la-emergencia\/","name":"Educaci\u00f3n y seguridad alimentaria en la emergencia - Entreculturas","isPartOf":{"@id":"https:\/\/www.entreculturas.org\/en\/#website"},"primaryImageOfPage":{"@id":"https:\/\/www.entreculturas.org\/en\/publicacion\/educacion-y-seguridad-alimentaria-en-la-emergencia\/#primaryimage"},"image":{"@id":"https:\/\/www.entreculturas.org\/en\/publicacion\/educacion-y-seguridad-alimentaria-en-la-emergencia\/#primaryimage"},"thumbnailUrl":"https:\/\/www.entreculturas.org\/wp-content\/uploads\/2023\/08\/captura_de_pantalla_2023-08-04_145056.png","datePublished":"2023-08-04T12:52:58+00:00","dateModified":"2024-03-20T12:15:38+00:00","breadcrumb":{"@id":"https:\/\/www.entreculturas.org\/en\/publicacion\/educacion-y-seguridad-alimentaria-en-la-emergencia\/#breadcrumb"},"inLanguage":"en-US","potentialAction":[{"@type":"ReadAction","target":["https:\/\/www.entreculturas.org\/en\/publicacion\/educacion-y-seguridad-alimentaria-en-la-emergencia\/"]}]},{"@type":"ImageObject","inLanguage":"en-US","@id":"https:\/\/www.entreculturas.org\/en\/publicacion\/educacion-y-seguridad-alimentaria-en-la-emergencia\/#primaryimage","url":"https:\/\/www.entreculturas.org\/wp-content\/uploads\/2023\/08\/captura_de_pantalla_2023-08-04_145056.png","contentUrl":"https:\/\/www.entreculturas.org\/wp-content\/uploads\/2023\/08\/captura_de_pantalla_2023-08-04_145056.png","width":652,"height":923,"caption":"captura_de_pantalla_2023-08-04_145056"},{"@type":"BreadcrumbList","@id":"https:\/\/www.entreculturas.org\/en\/publicacion\/educacion-y-seguridad-alimentaria-en-la-emergencia\/#breadcrumb","itemListElement":[{"@type":"ListItem","position":1,"name":"Home","item":"https:\/\/www.entreculturas.org\/en\/"},{"@type":"ListItem","position":2,"name":"Publicaciones","item":"https:\/\/www.entreculturas.org\/en\/publicaciones\/"},{"@type":"ListItem","position":3,"name":"Educaci\u00f3n y seguridad alimentaria en la emergencia"}]},{"@type":"WebSite","@id":"https:\/\/www.entreculturas.org\/en\/#website","url":"https:\/\/www.entreculturas.org\/en\/","name":"Entreculturas","description":"","publisher":{"@id":"https:\/\/www.entreculturas.org\/en\/#organization"},"alternateName":"Entreculturas","potentialAction":[{"@type":"SearchAction","target":{"@type":"EntryPoint","urlTemplate":"https:\/\/www.entreculturas.org\/en\/?s={search_term_string}"},"query-input":{"@type":"PropertyValueSpecification","valueRequired":true,"valueName":"search_term_string"}}],"inLanguage":"en-US"},{"@type":"Organization","@id":"https:\/\/www.entreculturas.org\/en\/#organization","name":"Entreculturas","url":"https:\/\/www.entreculturas.org\/en\/","logo":{"@type":"ImageObject","inLanguage":"en-US","@id":"https:\/\/www.entreculturas.org\/en\/#\/schema\/logo\/image\/","url":"https:\/\/www.entreculturas.org\/wp-content\/uploads\/2025\/10\/ESP.svg","contentUrl":"https:\/\/www.entreculturas.org\/wp-content\/uploads\/2025\/10\/ESP.svg","caption":"Entreculturas"},"image":{"@id":"https:\/\/www.entreculturas.org\/en\/#\/schema\/logo\/image\/"},"sameAs":["https:\/\/www.facebook.com\/entreculturas","https:\/\/x.com\/Entreculturas","https:\/\/www.instagram.com\/entreculturas\/","https:\/\/www.youtube.com\/user\/entreculturasvideo","https:\/\/www.linkedin.com\/company\/fundacion-entreculturas-ngdo\/","https:\/\/www.flickr.com\/photos\/98455522@N04\/albums\/"]}]}},"_links":{"self":[{"href":"https:\/\/www.entreculturas.org\/en\/wp-json\/wp\/v2\/publicacion\/6345","targetHints":{"allow":["GET"]}}],"collection":[{"href":"https:\/\/www.entreculturas.org\/en\/wp-json\/wp\/v2\/publicacion"}],"about":[{"href":"https:\/\/www.entreculturas.org\/en\/wp-json\/wp\/v2\/types\/publicacion"}],"wp:featuredmedia":[{"embeddable":true,"href":"https:\/\/www.entreculturas.org\/en\/wp-json\/wp\/v2\/media\/6351"}],"wp:attachment":[{"href":"https:\/\/www.entreculturas.org\/en\/wp-json\/wp\/v2\/media?parent=6345"}],"wp:term":[{"taxonomy":"category","embeddable":true,"href":"https:\/\/www.entreculturas.org\/en\/wp-json\/wp\/v2\/categories?post=6345"},{"taxonomy":"post_tag","embeddable":true,"href":"https:\/\/www.entreculturas.org\/en\/wp-json\/wp\/v2\/tags?post=6345"},{"taxonomy":"cause","embeddable":true,"href":"https:\/\/www.entreculturas.org\/en\/wp-json\/wp\/v2\/cause?post=6345"},{"taxonomy":"format","embeddable":true,"href":"https:\/\/www.entreculturas.org\/en\/wp-json\/wp\/v2\/format?post=6345"}],"curies":[{"name":"wp","href":"https:\/\/api.w.org\/{rel}","templated":true}]}}