{"id":5992,"date":"2021-04-05T09:58:44","date_gmt":"2021-04-05T09:58:44","guid":{"rendered":"https:\/\/entreculturasi.wpenginepowered.com\/?publicaciones=un-mundo-de-cuento"},"modified":"2024-03-20T17:35:20","modified_gmt":"2024-03-20T16:35:20","slug":"un-mundo-de-cuento","status":"publish","type":"publicacion","link":"https:\/\/www.entreculturas.org\/en\/publicacion\/un-mundo-de-cuento\/","title":{"rendered":"Un Mundo de Cuento"},"content":{"rendered":"<p dir=\"ltr\" style=\"line-height: 1.38; margin-top: 0pt; margin-bottom: 0pt;\"><span id=\"docs-internal-guid-bd22deb1-7fff-60ae-3d08-3d429d985095\"><span style=\"font-size: 11.5pt; font-family: Arial; background-color: transparent; font-variant-numeric: normal; font-variant-east-asian: normal; white-space: pre-wrap;\">Presentamos \u201c<\/span><span style=\"font-size: 11.5pt; font-family: Arial; background-color: transparent; font-weight: 700; font-variant-numeric: normal; font-variant-east-asian: normal; white-space: pre-wrap;\">Un Mundo de Cuento<\/span><span style=\"font-size: 11.5pt; font-family: Arial; background-color: transparent; font-variant-numeric: normal; font-variant-east-asian: normal; white-space: pre-wrap;\">\u201d: un material did\u00e1ctico con m\u00e1s de 18 cuentos educativos y actividades basadas en la <\/span><span style=\"font-size: 11.5pt; font-family: Arial; background-color: transparent; font-weight: 700; font-variant-numeric: normal; font-variant-east-asian: normal; white-space: pre-wrap;\">herramienta de la narraci\u00f3n y el storytelling<\/span><span style=\"font-size: 11.5pt; font-family: Arial; background-color: transparent; font-variant-numeric: normal; font-variant-east-asian: normal; white-space: pre-wrap;\">, para trabajar con ni\u00f1os, ni\u00f1as y j\u00f3venes de 4+ a\u00f1os sobre cultura de acogida, igualdad de g\u00e9nero, medio ambiente, derecho a la educaci\u00f3n y Ciudadan\u00eda Global.<\/span><\/span><\/p>\n<p dir=\"ltr\" style=\"line-height: 1.38; margin-top: 0pt; margin-bottom: 0pt; padding: 11pt 0pt 0pt;\"><span id=\"docs-internal-guid-bd22deb1-7fff-60ae-3d08-3d429d985095\"><span style=\"font-size: 11.5pt; font-family: Arial; background-color: transparent; font-variant-numeric: normal; font-variant-east-asian: normal; white-space: pre-wrap;\">Tras la publicaci\u00f3n de \u201cEl Mundo en Juego\u201d y \u201cUn Mundo de Teatro\u201d, en las que utiliz\u00e1bamos metodolog\u00edas l\u00fadicas y herramientas teatrales respectivamente, en esta publicaci\u00f3n apostamos por el potencial educativo de los cuentos, la narraci\u00f3n y el storytelling para trabajar con grupos de infancia y juventud. En ella, podr\u00e1s encontrar un itinerario de actividades \u201c<\/span><span style=\"font-size: 11.5pt; font-family: Arial; background-color: transparent; font-weight: 700; font-variant-numeric: normal; font-variant-east-asian: normal; white-space: pre-wrap;\">Del cuento a la acci\u00f3n<\/span><span style=\"font-size: 11.5pt; font-family: Arial; background-color: transparent; font-variant-numeric: normal; font-variant-east-asian: normal; white-space: pre-wrap;\">\u201d adaptadas a franjas de edad de 4+ a\u00f1os, junto a una propuesta para elaborar vuestros propios cuentos, poemas e historias capaces de construir un mundo de acogida, en igualdad, cuidador de la Tierra y defensor de una <\/span><span style=\"font-size: 11.5pt; font-family: Arial; background-color: transparent; font-weight: 700; font-variant-numeric: normal; font-variant-east-asian: normal; white-space: pre-wrap;\">Educaci\u00f3n para la Ciudadan\u00eda Global<\/span><span style=\"font-size: 11.5pt; font-family: Arial; background-color: transparent; font-variant-numeric: normal; font-variant-east-asian: normal; white-space: pre-wrap;\">.<\/span><\/span><\/p>\n<p dir=\"ltr\" style=\"line-height: 1.38; margin-top: 0pt; margin-bottom: 0pt; padding: 11pt 0pt 0pt;\"><span id=\"docs-internal-guid-bd22deb1-7fff-60ae-3d08-3d429d985095\"><span style=\"font-size: 11.5pt; font-family: Arial; background-color: transparent; font-variant-numeric: normal; font-variant-east-asian: normal; white-space: pre-wrap;\">Avent\u00farate a descubrir las metodolog\u00edas creativas, l\u00fadicas y teatrales con esta serie de publicaciones, en las que ofrecemos <\/span><span style=\"font-size: 11.5pt; font-family: Arial; background-color: transparent; font-weight: 700; font-variant-numeric: normal; font-variant-east-asian: normal; white-space: pre-wrap;\">metodolog\u00edas pedag\u00f3gicas innovadoras para construir Ciudadan\u00eda Global<\/span><span style=\"font-size: 11.5pt; font-family: Arial; background-color: transparent; font-variant-numeric: normal; font-variant-east-asian: normal; white-space: pre-wrap;\">.<\/span><\/span><\/p>\n<div>&nbsp;<\/div>\n\n\n<div class=\"wp-block-buttons is-layout-flex wp-block-buttons-is-layout-flex\">\n<div class=\"wp-block-button\"><a class=\"wp-block-button__link wp-element-button\" href=\"https:\/\/www.entreculturas.org\/wp-content\/uploads\/2021\/04\/un_mundo_de_cuento.pdf\" target=\"_blank\" rel=\"noreferrer noopener\">descargar<\/a><\/div>\n<\/div>\n","protected":false},"excerpt":{"rendered":"<p>Presentamos \u201cUn Mundo de Cuento\u201d: un material did\u00e1ctico con m\u00e1s de 18 cuentos educativos y actividades basadas en la herramienta de la narraci\u00f3n y el storytelling, para trabajar con ni\u00f1os, ni\u00f1as y j\u00f3venes de 4+ a\u00f1os sobre cultura de acogida, igualdad de g\u00e9nero, medio ambiente, derecho a la educaci\u00f3n y Ciudadan\u00eda Global. Tras la publicaci\u00f3n de \u201cEl Mundo en Juego\u201d y \u201cUn Mundo de Teatro\u201d, en las que utiliz\u00e1bamos metodolog\u00edas l\u00fadicas y herramientas teatrales respectivamente, en esta publicaci\u00f3n apostamos por el potencial educativo de los cuentos, la narraci\u00f3n y el storytelling para trabajar con grupos de infancia y juventud. En ella, podr\u00e1s encontrar un itinerario de actividades \u201cDel cuento a la acci\u00f3n\u201d adaptadas a franjas de edad de 4+ a\u00f1os, junto a una propuesta para elaborar vuestros propios cuentos, poemas e historias capaces de construir un mundo de acogida, en igualdad, cuidador de la Tierra y defensor de una Educaci\u00f3n [&hellip;]<\/p>\n","protected":false},"featured_media":5999,"template":"","format":[115],"categories":[12],"tags":[8],"cause":[128,130,131,129,132],"class_list":["post-5992","publicacion","type-publicacion","status-publish","has-post-thumbnail","hentry","category-recursos-educativos","tag-participacion-y-ciudadania-global","cause-educacion","cause-genero","cause-justicia-medioambiental","cause-migracion-y-refugio","cause-participacion-y-ciudadania-global","format-recursos-educativos"],"acf":[],"yoast_head":"<!-- This site is optimized with the Yoast SEO Premium plugin v21.6 (Yoast SEO v27.5) - https:\/\/yoast.com\/product\/yoast-seo-premium-wordpress\/ -->\n<title>Un Mundo de Cuento - Entreculturas<\/title>\n<meta name=\"robots\" content=\"index, follow, max-snippet:-1, max-image-preview:large, max-video-preview:-1\" \/>\n<link rel=\"canonical\" href=\"https:\/\/www.entreculturas.org\/en\/publicacion\/un-mundo-de-cuento\/\" \/>\n<meta property=\"og:locale\" content=\"en_US\" \/>\n<meta property=\"og:type\" content=\"article\" \/>\n<meta property=\"og:title\" content=\"Un Mundo de Cuento\" \/>\n<meta property=\"og:description\" content=\"Presentamos \u201cUn Mundo de Cuento\u201d: un material did\u00e1ctico con m\u00e1s de 18 cuentos educativos y actividades basadas en la herramienta de la narraci\u00f3n y el storytelling, para trabajar con ni\u00f1os, ni\u00f1as y j\u00f3venes de 4+ a\u00f1os sobre cultura de acogida, igualdad de g\u00e9nero, medio ambiente, derecho a la educaci\u00f3n y Ciudadan\u00eda Global. Tras la publicaci\u00f3n de \u201cEl Mundo en Juego\u201d y \u201cUn Mundo de Teatro\u201d, en las que utiliz\u00e1bamos metodolog\u00edas l\u00fadicas y herramientas teatrales respectivamente, en esta publicaci\u00f3n apostamos por el potencial educativo de los cuentos, la narraci\u00f3n y el storytelling para trabajar con grupos de infancia y juventud. En ella, podr\u00e1s encontrar un itinerario de actividades \u201cDel cuento a la acci\u00f3n\u201d adaptadas a franjas de edad de 4+ a\u00f1os, junto a una propuesta para elaborar vuestros propios cuentos, poemas e historias capaces de construir un mundo de acogida, en igualdad, cuidador de la Tierra y defensor de una Educaci\u00f3n [&hellip;]\" \/>\n<meta property=\"og:url\" content=\"https:\/\/www.entreculturas.org\/en\/publicacion\/un-mundo-de-cuento\/\" \/>\n<meta property=\"og:site_name\" content=\"Entreculturas\" \/>\n<meta property=\"article:publisher\" content=\"https:\/\/www.facebook.com\/entreculturas\" \/>\n<meta property=\"article:modified_time\" content=\"2024-03-20T16:35:20+00:00\" \/>\n<meta property=\"og:image\" content=\"https:\/\/www.entreculturas.org\/wp-content\/uploads\/2021\/04\/portada_ig_-_publicacion_cuento-1024x1024.png\" \/>\n\t<meta property=\"og:image:width\" content=\"1024\" \/>\n\t<meta property=\"og:image:height\" content=\"1024\" \/>\n\t<meta property=\"og:image:type\" content=\"image\/png\" \/>\n<meta name=\"twitter:card\" content=\"summary_large_image\" \/>\n<meta name=\"twitter:site\" content=\"@Entreculturas\" \/>\n<script type=\"application\/ld+json\" class=\"yoast-schema-graph\">{\"@context\":\"https:\\\/\\\/schema.org\",\"@graph\":[{\"@type\":\"WebPage\",\"@id\":\"https:\\\/\\\/www.entreculturas.org\\\/en\\\/publicacion\\\/un-mundo-de-cuento\\\/\",\"url\":\"https:\\\/\\\/www.entreculturas.org\\\/en\\\/publicacion\\\/un-mundo-de-cuento\\\/\",\"name\":\"Un Mundo de Cuento - Entreculturas\",\"isPartOf\":{\"@id\":\"https:\\\/\\\/www.entreculturas.org\\\/en\\\/#website\"},\"primaryImageOfPage\":{\"@id\":\"https:\\\/\\\/www.entreculturas.org\\\/en\\\/publicacion\\\/un-mundo-de-cuento\\\/#primaryimage\"},\"image\":{\"@id\":\"https:\\\/\\\/www.entreculturas.org\\\/en\\\/publicacion\\\/un-mundo-de-cuento\\\/#primaryimage\"},\"thumbnailUrl\":\"https:\\\/\\\/www.entreculturas.org\\\/wp-content\\\/uploads\\\/2021\\\/04\\\/portada_ig_-_publicacion_cuento.png\",\"datePublished\":\"2021-04-05T09:58:44+00:00\",\"dateModified\":\"2024-03-20T16:35:20+00:00\",\"breadcrumb\":{\"@id\":\"https:\\\/\\\/www.entreculturas.org\\\/en\\\/publicacion\\\/un-mundo-de-cuento\\\/#breadcrumb\"},\"inLanguage\":\"en-US\",\"potentialAction\":[{\"@type\":\"ReadAction\",\"target\":[\"https:\\\/\\\/www.entreculturas.org\\\/en\\\/publicacion\\\/un-mundo-de-cuento\\\/\"]}]},{\"@type\":\"ImageObject\",\"inLanguage\":\"en-US\",\"@id\":\"https:\\\/\\\/www.entreculturas.org\\\/en\\\/publicacion\\\/un-mundo-de-cuento\\\/#primaryimage\",\"url\":\"https:\\\/\\\/www.entreculturas.org\\\/wp-content\\\/uploads\\\/2021\\\/04\\\/portada_ig_-_publicacion_cuento.png\",\"contentUrl\":\"https:\\\/\\\/www.entreculturas.org\\\/wp-content\\\/uploads\\\/2021\\\/04\\\/portada_ig_-_publicacion_cuento.png\",\"width\":1080,\"height\":1080,\"caption\":\"Un Mundo de Cuento\"},{\"@type\":\"BreadcrumbList\",\"@id\":\"https:\\\/\\\/www.entreculturas.org\\\/en\\\/publicacion\\\/un-mundo-de-cuento\\\/#breadcrumb\",\"itemListElement\":[{\"@type\":\"ListItem\",\"position\":1,\"name\":\"Home\",\"item\":\"https:\\\/\\\/www.entreculturas.org\\\/en\\\/\"},{\"@type\":\"ListItem\",\"position\":2,\"name\":\"Publicaciones\",\"item\":\"https:\\\/\\\/www.entreculturas.org\\\/en\\\/publicaciones\\\/\"},{\"@type\":\"ListItem\",\"position\":3,\"name\":\"Un Mundo de Cuento\"}]},{\"@type\":\"WebSite\",\"@id\":\"https:\\\/\\\/www.entreculturas.org\\\/en\\\/#website\",\"url\":\"https:\\\/\\\/www.entreculturas.org\\\/en\\\/\",\"name\":\"Entreculturas\",\"description\":\"\",\"publisher\":{\"@id\":\"https:\\\/\\\/www.entreculturas.org\\\/en\\\/#organization\"},\"alternateName\":\"Entreculturas\",\"potentialAction\":[{\"@type\":\"SearchAction\",\"target\":{\"@type\":\"EntryPoint\",\"urlTemplate\":\"https:\\\/\\\/www.entreculturas.org\\\/en\\\/?s={search_term_string}\"},\"query-input\":{\"@type\":\"PropertyValueSpecification\",\"valueRequired\":true,\"valueName\":\"search_term_string\"}}],\"inLanguage\":\"en-US\"},{\"@type\":\"Organization\",\"@id\":\"https:\\\/\\\/www.entreculturas.org\\\/en\\\/#organization\",\"name\":\"Entreculturas\",\"url\":\"https:\\\/\\\/www.entreculturas.org\\\/en\\\/\",\"logo\":{\"@type\":\"ImageObject\",\"inLanguage\":\"en-US\",\"@id\":\"https:\\\/\\\/www.entreculturas.org\\\/en\\\/#\\\/schema\\\/logo\\\/image\\\/\",\"url\":\"https:\\\/\\\/www.entreculturas.org\\\/wp-content\\\/uploads\\\/2025\\\/10\\\/ESP.svg\",\"contentUrl\":\"https:\\\/\\\/www.entreculturas.org\\\/wp-content\\\/uploads\\\/2025\\\/10\\\/ESP.svg\",\"caption\":\"Entreculturas\"},\"image\":{\"@id\":\"https:\\\/\\\/www.entreculturas.org\\\/en\\\/#\\\/schema\\\/logo\\\/image\\\/\"},\"sameAs\":[\"https:\\\/\\\/www.facebook.com\\\/entreculturas\",\"https:\\\/\\\/x.com\\\/Entreculturas\",\"https:\\\/\\\/www.instagram.com\\\/entreculturas\\\/\",\"https:\\\/\\\/www.youtube.com\\\/user\\\/entreculturasvideo\",\"https:\\\/\\\/www.linkedin.com\\\/company\\\/fundacion-entreculturas-ngdo\\\/\",\"https:\\\/\\\/www.flickr.com\\\/photos\\\/98455522@N04\\\/albums\\\/\"]}]}<\/script>\n<!-- \/ Yoast SEO Premium plugin. -->","yoast_head_json":{"title":"Un Mundo de Cuento - Entreculturas","robots":{"index":"index","follow":"follow","max-snippet":"max-snippet:-1","max-image-preview":"max-image-preview:large","max-video-preview":"max-video-preview:-1"},"canonical":"https:\/\/www.entreculturas.org\/en\/publicacion\/un-mundo-de-cuento\/","og_locale":"en_US","og_type":"article","og_title":"Un Mundo de Cuento","og_description":"Presentamos \u201cUn Mundo de Cuento\u201d: un material did\u00e1ctico con m\u00e1s de 18 cuentos educativos y actividades basadas en la herramienta de la narraci\u00f3n y el storytelling, para trabajar con ni\u00f1os, ni\u00f1as y j\u00f3venes de 4+ a\u00f1os sobre cultura de acogida, igualdad de g\u00e9nero, medio ambiente, derecho a la educaci\u00f3n y Ciudadan\u00eda Global. Tras la publicaci\u00f3n de \u201cEl Mundo en Juego\u201d y \u201cUn Mundo de Teatro\u201d, en las que utiliz\u00e1bamos metodolog\u00edas l\u00fadicas y herramientas teatrales respectivamente, en esta publicaci\u00f3n apostamos por el potencial educativo de los cuentos, la narraci\u00f3n y el storytelling para trabajar con grupos de infancia y juventud. En ella, podr\u00e1s encontrar un itinerario de actividades \u201cDel cuento a la acci\u00f3n\u201d adaptadas a franjas de edad de 4+ a\u00f1os, junto a una propuesta para elaborar vuestros propios cuentos, poemas e historias capaces de construir un mundo de acogida, en igualdad, cuidador de la Tierra y defensor de una Educaci\u00f3n [&hellip;]","og_url":"https:\/\/www.entreculturas.org\/en\/publicacion\/un-mundo-de-cuento\/","og_site_name":"Entreculturas","article_publisher":"https:\/\/www.facebook.com\/entreculturas","article_modified_time":"2024-03-20T16:35:20+00:00","og_image":[{"width":1024,"height":1024,"url":"https:\/\/www.entreculturas.org\/wp-content\/uploads\/2021\/04\/portada_ig_-_publicacion_cuento-1024x1024.png","type":"image\/png"}],"twitter_card":"summary_large_image","twitter_site":"@Entreculturas","schema":{"@context":"https:\/\/schema.org","@graph":[{"@type":"WebPage","@id":"https:\/\/www.entreculturas.org\/en\/publicacion\/un-mundo-de-cuento\/","url":"https:\/\/www.entreculturas.org\/en\/publicacion\/un-mundo-de-cuento\/","name":"Un Mundo de Cuento - Entreculturas","isPartOf":{"@id":"https:\/\/www.entreculturas.org\/en\/#website"},"primaryImageOfPage":{"@id":"https:\/\/www.entreculturas.org\/en\/publicacion\/un-mundo-de-cuento\/#primaryimage"},"image":{"@id":"https:\/\/www.entreculturas.org\/en\/publicacion\/un-mundo-de-cuento\/#primaryimage"},"thumbnailUrl":"https:\/\/www.entreculturas.org\/wp-content\/uploads\/2021\/04\/portada_ig_-_publicacion_cuento.png","datePublished":"2021-04-05T09:58:44+00:00","dateModified":"2024-03-20T16:35:20+00:00","breadcrumb":{"@id":"https:\/\/www.entreculturas.org\/en\/publicacion\/un-mundo-de-cuento\/#breadcrumb"},"inLanguage":"en-US","potentialAction":[{"@type":"ReadAction","target":["https:\/\/www.entreculturas.org\/en\/publicacion\/un-mundo-de-cuento\/"]}]},{"@type":"ImageObject","inLanguage":"en-US","@id":"https:\/\/www.entreculturas.org\/en\/publicacion\/un-mundo-de-cuento\/#primaryimage","url":"https:\/\/www.entreculturas.org\/wp-content\/uploads\/2021\/04\/portada_ig_-_publicacion_cuento.png","contentUrl":"https:\/\/www.entreculturas.org\/wp-content\/uploads\/2021\/04\/portada_ig_-_publicacion_cuento.png","width":1080,"height":1080,"caption":"Un Mundo de Cuento"},{"@type":"BreadcrumbList","@id":"https:\/\/www.entreculturas.org\/en\/publicacion\/un-mundo-de-cuento\/#breadcrumb","itemListElement":[{"@type":"ListItem","position":1,"name":"Home","item":"https:\/\/www.entreculturas.org\/en\/"},{"@type":"ListItem","position":2,"name":"Publicaciones","item":"https:\/\/www.entreculturas.org\/en\/publicaciones\/"},{"@type":"ListItem","position":3,"name":"Un Mundo de Cuento"}]},{"@type":"WebSite","@id":"https:\/\/www.entreculturas.org\/en\/#website","url":"https:\/\/www.entreculturas.org\/en\/","name":"Entreculturas","description":"","publisher":{"@id":"https:\/\/www.entreculturas.org\/en\/#organization"},"alternateName":"Entreculturas","potentialAction":[{"@type":"SearchAction","target":{"@type":"EntryPoint","urlTemplate":"https:\/\/www.entreculturas.org\/en\/?s={search_term_string}"},"query-input":{"@type":"PropertyValueSpecification","valueRequired":true,"valueName":"search_term_string"}}],"inLanguage":"en-US"},{"@type":"Organization","@id":"https:\/\/www.entreculturas.org\/en\/#organization","name":"Entreculturas","url":"https:\/\/www.entreculturas.org\/en\/","logo":{"@type":"ImageObject","inLanguage":"en-US","@id":"https:\/\/www.entreculturas.org\/en\/#\/schema\/logo\/image\/","url":"https:\/\/www.entreculturas.org\/wp-content\/uploads\/2025\/10\/ESP.svg","contentUrl":"https:\/\/www.entreculturas.org\/wp-content\/uploads\/2025\/10\/ESP.svg","caption":"Entreculturas"},"image":{"@id":"https:\/\/www.entreculturas.org\/en\/#\/schema\/logo\/image\/"},"sameAs":["https:\/\/www.facebook.com\/entreculturas","https:\/\/x.com\/Entreculturas","https:\/\/www.instagram.com\/entreculturas\/","https:\/\/www.youtube.com\/user\/entreculturasvideo","https:\/\/www.linkedin.com\/company\/fundacion-entreculturas-ngdo\/","https:\/\/www.flickr.com\/photos\/98455522@N04\/albums\/"]}]}},"_links":{"self":[{"href":"https:\/\/www.entreculturas.org\/en\/wp-json\/wp\/v2\/publicacion\/5992","targetHints":{"allow":["GET"]}}],"collection":[{"href":"https:\/\/www.entreculturas.org\/en\/wp-json\/wp\/v2\/publicacion"}],"about":[{"href":"https:\/\/www.entreculturas.org\/en\/wp-json\/wp\/v2\/types\/publicacion"}],"wp:featuredmedia":[{"embeddable":true,"href":"https:\/\/www.entreculturas.org\/en\/wp-json\/wp\/v2\/media\/5999"}],"wp:attachment":[{"href":"https:\/\/www.entreculturas.org\/en\/wp-json\/wp\/v2\/media?parent=5992"}],"wp:term":[{"taxonomy":"category","embeddable":true,"href":"https:\/\/www.entreculturas.org\/en\/wp-json\/wp\/v2\/categories?post=5992"},{"taxonomy":"post_tag","embeddable":true,"href":"https:\/\/www.entreculturas.org\/en\/wp-json\/wp\/v2\/tags?post=5992"},{"taxonomy":"cause","embeddable":true,"href":"https:\/\/www.entreculturas.org\/en\/wp-json\/wp\/v2\/cause?post=5992"},{"taxonomy":"format","embeddable":true,"href":"https:\/\/www.entreculturas.org\/en\/wp-json\/wp\/v2\/format?post=5992"}],"curies":[{"name":"wp","href":"https:\/\/api.w.org\/{rel}","templated":true}]}}