{"id":5874,"date":"2021-01-18T16:49:10","date_gmt":"2021-01-18T16:49:10","guid":{"rendered":"https:\/\/entreculturasi.wpenginepowered.com\/?publicaciones=articulo-educacion-para-la-ciudadania-global-en-tiempos-de-crisis"},"modified":"2024-03-20T17:45:01","modified_gmt":"2024-03-20T16:45:01","slug":"articulo-educacion-para-la-ciudadania-global-en-tiempos-de-crisis","status":"publish","type":"publicacion","link":"https:\/\/www.entreculturas.org\/en\/publicacion\/articulo-educacion-para-la-ciudadania-global-en-tiempos-de-crisis\/","title":{"rendered":"Art\u00edculo | Educaci\u00f3n para la ciudadan\u00eda global en tiempos de crisis"},"content":{"rendered":"<p>La actual crisis de la COVID-19 est\u00e1 suponiendo un serio obst\u00e1culo para el cumplimiento de la Agenda 2030 con la previsi\u00f3n de aumento de la tasa de pobreza mundial y revirtiendo muchos de los logros conseguidos en estos \u00faltimos a\u00f1os. Igualmente, la pandemia est\u00e1 conllevando el retroceso en el acceso al derecho a una educaci\u00f3n de calidad y un aumento de la desigualdad de oportunidades generada por la brecha digital, afectando a millones de estudiantes que han dejado de ir a la escuela.<\/p>\n<p>Sin embargo, a pesar de todas las amenazas que despierta el actual contexto se vislumbran las oportunidades que est\u00e1n surgiendo en esta crisis. El cumplimiento de los ODS, sin duda, es una estrategia fundamental para afrontarla y en este sentido la edu-caci\u00f3n para la <strong>ciudadan\u00eda global es una herramienta clave para acompa\u00f1ar procesos<\/strong> en los que se fomente la construcci\u00f3n de una ciudadan\u00eda activa, cr\u00edtica y generadora de cambios sociales.<\/p>\n<p>Art\u00edculo escrito por el t\u00e9cnico de Ciudadan\u00eda de Entreculturas,\u00a0Alberto Medina, en la Comillas Journal of International Relations, de la Facultad de Ciencias Sociales de la Universidad Pontificia de Comillas.<\/p>\n<div>\u00a0<\/div>\n\n\n<div style=\"height:15px\" aria-hidden=\"true\" class=\"wp-block-spacer\"><\/div>\n\n\n\n<div class=\"wp-block-buttons is-layout-flex wp-block-buttons-is-layout-flex\">\n<div class=\"wp-block-button\"><a class=\"wp-block-button__link wp-element-button\" href=\"https:\/\/www.entreculturas.org\/wp-content\/uploads\/2021\/01\/13501-texto_del_articulo-34076-1-10-20201218.pdf\" target=\"_blank\" rel=\"noreferrer noopener\">descargar<\/a><\/div>\n<\/div>\n","protected":false},"excerpt":{"rendered":"<p>La actual crisis de la COVID-19 est\u00e1 suponiendo un serio obst\u00e1culo para el cumplimiento de la Agenda 2030 con la previsi\u00f3n de aumento de la tasa de pobreza mundial y revirtiendo muchos de los logros conseguidos en estos \u00faltimos a\u00f1os. Igualmente, la pandemia est\u00e1 conllevando el retroceso en el acceso al derecho a una educaci\u00f3n de calidad y un aumento de la desigualdad de oportunidades generada por la brecha digital, afectando a millones de estudiantes que han dejado de ir a la escuela. Sin embargo, a pesar de todas las amenazas que despierta el actual contexto se vislumbran las oportunidades que est\u00e1n surgiendo en esta crisis. El cumplimiento de los ODS, sin duda, es una estrategia fundamental para afrontarla y en este sentido la edu-caci\u00f3n para la ciudadan\u00eda global es una herramienta clave para acompa\u00f1ar procesos en los que se fomente la construcci\u00f3n de una ciudadan\u00eda activa, cr\u00edtica y generadora [&hellip;]<\/p>\n","protected":false},"featured_media":5877,"template":"","format":[112],"categories":[18],"tags":[289],"cause":[128,132],"class_list":["post-5874","publicacion","type-publicacion","status-publish","has-post-thumbnail","hentry","category-estudios","tag-educacion","cause-educacion","cause-participacion-y-ciudadania-global","format-estudios-e-informes"],"acf":[],"yoast_head":"<!-- This site is optimized with the Yoast SEO Premium plugin v21.6 (Yoast SEO v27.5) - https:\/\/yoast.com\/product\/yoast-seo-premium-wordpress\/ -->\n<title>Art\u00edculo | Educaci\u00f3n para la ciudadan\u00eda global en tiempos de crisis - Entreculturas<\/title>\n<meta name=\"robots\" content=\"index, follow, max-snippet:-1, max-image-preview:large, max-video-preview:-1\" \/>\n<link rel=\"canonical\" href=\"https:\/\/www.entreculturas.org\/en\/publicacion\/articulo-educacion-para-la-ciudadania-global-en-tiempos-de-crisis\/\" \/>\n<meta property=\"og:locale\" content=\"en_US\" \/>\n<meta property=\"og:type\" content=\"article\" \/>\n<meta property=\"og:title\" content=\"Art\u00edculo | Educaci\u00f3n para la ciudadan\u00eda global en tiempos de crisis\" \/>\n<meta property=\"og:description\" content=\"La actual crisis de la COVID-19 est\u00e1 suponiendo un serio obst\u00e1culo para el cumplimiento de la Agenda 2030 con la previsi\u00f3n de aumento de la tasa de pobreza mundial y revirtiendo muchos de los logros conseguidos en estos \u00faltimos a\u00f1os. Igualmente, la pandemia est\u00e1 conllevando el retroceso en el acceso al derecho a una educaci\u00f3n de calidad y un aumento de la desigualdad de oportunidades generada por la brecha digital, afectando a millones de estudiantes que han dejado de ir a la escuela. Sin embargo, a pesar de todas las amenazas que despierta el actual contexto se vislumbran las oportunidades que est\u00e1n surgiendo en esta crisis. El cumplimiento de los ODS, sin duda, es una estrategia fundamental para afrontarla y en este sentido la edu-caci\u00f3n para la ciudadan\u00eda global es una herramienta clave para acompa\u00f1ar procesos en los que se fomente la construcci\u00f3n de una ciudadan\u00eda activa, cr\u00edtica y generadora [&hellip;]\" \/>\n<meta property=\"og:url\" content=\"https:\/\/www.entreculturas.org\/en\/publicacion\/articulo-educacion-para-la-ciudadania-global-en-tiempos-de-crisis\/\" \/>\n<meta property=\"og:site_name\" content=\"Entreculturas\" \/>\n<meta property=\"article:publisher\" content=\"https:\/\/www.facebook.com\/entreculturas\" \/>\n<meta property=\"article:modified_time\" content=\"2024-03-20T16:45:01+00:00\" \/>\n<meta property=\"og:image\" content=\"https:\/\/www.entreculturas.org\/wp-content\/uploads\/2021\/01\/screenshot-revistas.comillas.edu-2021.01.18-17_44_37.png\" \/>\n\t<meta property=\"og:image:width\" content=\"475\" \/>\n\t<meta property=\"og:image:height\" content=\"421\" \/>\n\t<meta property=\"og:image:type\" content=\"image\/png\" \/>\n<meta name=\"twitter:card\" content=\"summary_large_image\" \/>\n<meta name=\"twitter:site\" content=\"@Entreculturas\" \/>\n<script type=\"application\/ld+json\" class=\"yoast-schema-graph\">{\"@context\":\"https:\\\/\\\/schema.org\",\"@graph\":[{\"@type\":\"WebPage\",\"@id\":\"https:\\\/\\\/www.entreculturas.org\\\/en\\\/publicacion\\\/articulo-educacion-para-la-ciudadania-global-en-tiempos-de-crisis\\\/\",\"url\":\"https:\\\/\\\/www.entreculturas.org\\\/en\\\/publicacion\\\/articulo-educacion-para-la-ciudadania-global-en-tiempos-de-crisis\\\/\",\"name\":\"Art\u00edculo | Educaci\u00f3n para la ciudadan\u00eda global en tiempos de crisis - Entreculturas\",\"isPartOf\":{\"@id\":\"https:\\\/\\\/www.entreculturas.org\\\/en\\\/#website\"},\"primaryImageOfPage\":{\"@id\":\"https:\\\/\\\/www.entreculturas.org\\\/en\\\/publicacion\\\/articulo-educacion-para-la-ciudadania-global-en-tiempos-de-crisis\\\/#primaryimage\"},\"image\":{\"@id\":\"https:\\\/\\\/www.entreculturas.org\\\/en\\\/publicacion\\\/articulo-educacion-para-la-ciudadania-global-en-tiempos-de-crisis\\\/#primaryimage\"},\"thumbnailUrl\":\"https:\\\/\\\/www.entreculturas.org\\\/wp-content\\\/uploads\\\/2021\\\/01\\\/screenshot-revistas.comillas.edu-2021.01.18-17_44_37.png\",\"datePublished\":\"2021-01-18T16:49:10+00:00\",\"dateModified\":\"2024-03-20T16:45:01+00:00\",\"breadcrumb\":{\"@id\":\"https:\\\/\\\/www.entreculturas.org\\\/en\\\/publicacion\\\/articulo-educacion-para-la-ciudadania-global-en-tiempos-de-crisis\\\/#breadcrumb\"},\"inLanguage\":\"en-US\",\"potentialAction\":[{\"@type\":\"ReadAction\",\"target\":[\"https:\\\/\\\/www.entreculturas.org\\\/en\\\/publicacion\\\/articulo-educacion-para-la-ciudadania-global-en-tiempos-de-crisis\\\/\"]}]},{\"@type\":\"ImageObject\",\"inLanguage\":\"en-US\",\"@id\":\"https:\\\/\\\/www.entreculturas.org\\\/en\\\/publicacion\\\/articulo-educacion-para-la-ciudadania-global-en-tiempos-de-crisis\\\/#primaryimage\",\"url\":\"https:\\\/\\\/www.entreculturas.org\\\/wp-content\\\/uploads\\\/2021\\\/01\\\/screenshot-revistas.comillas.edu-2021.01.18-17_44_37.png\",\"contentUrl\":\"https:\\\/\\\/www.entreculturas.org\\\/wp-content\\\/uploads\\\/2021\\\/01\\\/screenshot-revistas.comillas.edu-2021.01.18-17_44_37.png\",\"width\":475,\"height\":421,\"caption\":\"screenshot-revistas\"},{\"@type\":\"BreadcrumbList\",\"@id\":\"https:\\\/\\\/www.entreculturas.org\\\/en\\\/publicacion\\\/articulo-educacion-para-la-ciudadania-global-en-tiempos-de-crisis\\\/#breadcrumb\",\"itemListElement\":[{\"@type\":\"ListItem\",\"position\":1,\"name\":\"Home\",\"item\":\"https:\\\/\\\/www.entreculturas.org\\\/en\\\/\"},{\"@type\":\"ListItem\",\"position\":2,\"name\":\"Publicaciones\",\"item\":\"https:\\\/\\\/www.entreculturas.org\\\/en\\\/publicaciones\\\/\"},{\"@type\":\"ListItem\",\"position\":3,\"name\":\"Art\u00edculo | Educaci\u00f3n para la ciudadan\u00eda global en tiempos de crisis\"}]},{\"@type\":\"WebSite\",\"@id\":\"https:\\\/\\\/www.entreculturas.org\\\/en\\\/#website\",\"url\":\"https:\\\/\\\/www.entreculturas.org\\\/en\\\/\",\"name\":\"Entreculturas\",\"description\":\"\",\"publisher\":{\"@id\":\"https:\\\/\\\/www.entreculturas.org\\\/en\\\/#organization\"},\"alternateName\":\"Entreculturas\",\"potentialAction\":[{\"@type\":\"SearchAction\",\"target\":{\"@type\":\"EntryPoint\",\"urlTemplate\":\"https:\\\/\\\/www.entreculturas.org\\\/en\\\/?s={search_term_string}\"},\"query-input\":{\"@type\":\"PropertyValueSpecification\",\"valueRequired\":true,\"valueName\":\"search_term_string\"}}],\"inLanguage\":\"en-US\"},{\"@type\":\"Organization\",\"@id\":\"https:\\\/\\\/www.entreculturas.org\\\/en\\\/#organization\",\"name\":\"Entreculturas\",\"url\":\"https:\\\/\\\/www.entreculturas.org\\\/en\\\/\",\"logo\":{\"@type\":\"ImageObject\",\"inLanguage\":\"en-US\",\"@id\":\"https:\\\/\\\/www.entreculturas.org\\\/en\\\/#\\\/schema\\\/logo\\\/image\\\/\",\"url\":\"https:\\\/\\\/www.entreculturas.org\\\/wp-content\\\/uploads\\\/2025\\\/10\\\/ESP.svg\",\"contentUrl\":\"https:\\\/\\\/www.entreculturas.org\\\/wp-content\\\/uploads\\\/2025\\\/10\\\/ESP.svg\",\"caption\":\"Entreculturas\"},\"image\":{\"@id\":\"https:\\\/\\\/www.entreculturas.org\\\/en\\\/#\\\/schema\\\/logo\\\/image\\\/\"},\"sameAs\":[\"https:\\\/\\\/www.facebook.com\\\/entreculturas\",\"https:\\\/\\\/x.com\\\/Entreculturas\",\"https:\\\/\\\/www.instagram.com\\\/entreculturas\\\/\",\"https:\\\/\\\/www.youtube.com\\\/user\\\/entreculturasvideo\",\"https:\\\/\\\/www.linkedin.com\\\/company\\\/fundacion-entreculturas-ngdo\\\/\",\"https:\\\/\\\/www.flickr.com\\\/photos\\\/98455522@N04\\\/albums\\\/\"]}]}<\/script>\n<!-- \/ Yoast SEO Premium plugin. -->","yoast_head_json":{"title":"Art\u00edculo | Educaci\u00f3n para la ciudadan\u00eda global en tiempos de crisis - Entreculturas","robots":{"index":"index","follow":"follow","max-snippet":"max-snippet:-1","max-image-preview":"max-image-preview:large","max-video-preview":"max-video-preview:-1"},"canonical":"https:\/\/www.entreculturas.org\/en\/publicacion\/articulo-educacion-para-la-ciudadania-global-en-tiempos-de-crisis\/","og_locale":"en_US","og_type":"article","og_title":"Art\u00edculo | Educaci\u00f3n para la ciudadan\u00eda global en tiempos de crisis","og_description":"La actual crisis de la COVID-19 est\u00e1 suponiendo un serio obst\u00e1culo para el cumplimiento de la Agenda 2030 con la previsi\u00f3n de aumento de la tasa de pobreza mundial y revirtiendo muchos de los logros conseguidos en estos \u00faltimos a\u00f1os. Igualmente, la pandemia est\u00e1 conllevando el retroceso en el acceso al derecho a una educaci\u00f3n de calidad y un aumento de la desigualdad de oportunidades generada por la brecha digital, afectando a millones de estudiantes que han dejado de ir a la escuela. Sin embargo, a pesar de todas las amenazas que despierta el actual contexto se vislumbran las oportunidades que est\u00e1n surgiendo en esta crisis. El cumplimiento de los ODS, sin duda, es una estrategia fundamental para afrontarla y en este sentido la edu-caci\u00f3n para la ciudadan\u00eda global es una herramienta clave para acompa\u00f1ar procesos en los que se fomente la construcci\u00f3n de una ciudadan\u00eda activa, cr\u00edtica y generadora [&hellip;]","og_url":"https:\/\/www.entreculturas.org\/en\/publicacion\/articulo-educacion-para-la-ciudadania-global-en-tiempos-de-crisis\/","og_site_name":"Entreculturas","article_publisher":"https:\/\/www.facebook.com\/entreculturas","article_modified_time":"2024-03-20T16:45:01+00:00","og_image":[{"width":475,"height":421,"url":"https:\/\/www.entreculturas.org\/wp-content\/uploads\/2021\/01\/screenshot-revistas.comillas.edu-2021.01.18-17_44_37.png","type":"image\/png"}],"twitter_card":"summary_large_image","twitter_site":"@Entreculturas","schema":{"@context":"https:\/\/schema.org","@graph":[{"@type":"WebPage","@id":"https:\/\/www.entreculturas.org\/en\/publicacion\/articulo-educacion-para-la-ciudadania-global-en-tiempos-de-crisis\/","url":"https:\/\/www.entreculturas.org\/en\/publicacion\/articulo-educacion-para-la-ciudadania-global-en-tiempos-de-crisis\/","name":"Art\u00edculo | Educaci\u00f3n para la ciudadan\u00eda global en tiempos de crisis - Entreculturas","isPartOf":{"@id":"https:\/\/www.entreculturas.org\/en\/#website"},"primaryImageOfPage":{"@id":"https:\/\/www.entreculturas.org\/en\/publicacion\/articulo-educacion-para-la-ciudadania-global-en-tiempos-de-crisis\/#primaryimage"},"image":{"@id":"https:\/\/www.entreculturas.org\/en\/publicacion\/articulo-educacion-para-la-ciudadania-global-en-tiempos-de-crisis\/#primaryimage"},"thumbnailUrl":"https:\/\/www.entreculturas.org\/wp-content\/uploads\/2021\/01\/screenshot-revistas.comillas.edu-2021.01.18-17_44_37.png","datePublished":"2021-01-18T16:49:10+00:00","dateModified":"2024-03-20T16:45:01+00:00","breadcrumb":{"@id":"https:\/\/www.entreculturas.org\/en\/publicacion\/articulo-educacion-para-la-ciudadania-global-en-tiempos-de-crisis\/#breadcrumb"},"inLanguage":"en-US","potentialAction":[{"@type":"ReadAction","target":["https:\/\/www.entreculturas.org\/en\/publicacion\/articulo-educacion-para-la-ciudadania-global-en-tiempos-de-crisis\/"]}]},{"@type":"ImageObject","inLanguage":"en-US","@id":"https:\/\/www.entreculturas.org\/en\/publicacion\/articulo-educacion-para-la-ciudadania-global-en-tiempos-de-crisis\/#primaryimage","url":"https:\/\/www.entreculturas.org\/wp-content\/uploads\/2021\/01\/screenshot-revistas.comillas.edu-2021.01.18-17_44_37.png","contentUrl":"https:\/\/www.entreculturas.org\/wp-content\/uploads\/2021\/01\/screenshot-revistas.comillas.edu-2021.01.18-17_44_37.png","width":475,"height":421,"caption":"screenshot-revistas"},{"@type":"BreadcrumbList","@id":"https:\/\/www.entreculturas.org\/en\/publicacion\/articulo-educacion-para-la-ciudadania-global-en-tiempos-de-crisis\/#breadcrumb","itemListElement":[{"@type":"ListItem","position":1,"name":"Home","item":"https:\/\/www.entreculturas.org\/en\/"},{"@type":"ListItem","position":2,"name":"Publicaciones","item":"https:\/\/www.entreculturas.org\/en\/publicaciones\/"},{"@type":"ListItem","position":3,"name":"Art\u00edculo | Educaci\u00f3n para la ciudadan\u00eda global en tiempos de crisis"}]},{"@type":"WebSite","@id":"https:\/\/www.entreculturas.org\/en\/#website","url":"https:\/\/www.entreculturas.org\/en\/","name":"Entreculturas","description":"","publisher":{"@id":"https:\/\/www.entreculturas.org\/en\/#organization"},"alternateName":"Entreculturas","potentialAction":[{"@type":"SearchAction","target":{"@type":"EntryPoint","urlTemplate":"https:\/\/www.entreculturas.org\/en\/?s={search_term_string}"},"query-input":{"@type":"PropertyValueSpecification","valueRequired":true,"valueName":"search_term_string"}}],"inLanguage":"en-US"},{"@type":"Organization","@id":"https:\/\/www.entreculturas.org\/en\/#organization","name":"Entreculturas","url":"https:\/\/www.entreculturas.org\/en\/","logo":{"@type":"ImageObject","inLanguage":"en-US","@id":"https:\/\/www.entreculturas.org\/en\/#\/schema\/logo\/image\/","url":"https:\/\/www.entreculturas.org\/wp-content\/uploads\/2025\/10\/ESP.svg","contentUrl":"https:\/\/www.entreculturas.org\/wp-content\/uploads\/2025\/10\/ESP.svg","caption":"Entreculturas"},"image":{"@id":"https:\/\/www.entreculturas.org\/en\/#\/schema\/logo\/image\/"},"sameAs":["https:\/\/www.facebook.com\/entreculturas","https:\/\/x.com\/Entreculturas","https:\/\/www.instagram.com\/entreculturas\/","https:\/\/www.youtube.com\/user\/entreculturasvideo","https:\/\/www.linkedin.com\/company\/fundacion-entreculturas-ngdo\/","https:\/\/www.flickr.com\/photos\/98455522@N04\/albums\/"]}]}},"_links":{"self":[{"href":"https:\/\/www.entreculturas.org\/en\/wp-json\/wp\/v2\/publicacion\/5874","targetHints":{"allow":["GET"]}}],"collection":[{"href":"https:\/\/www.entreculturas.org\/en\/wp-json\/wp\/v2\/publicacion"}],"about":[{"href":"https:\/\/www.entreculturas.org\/en\/wp-json\/wp\/v2\/types\/publicacion"}],"wp:featuredmedia":[{"embeddable":true,"href":"https:\/\/www.entreculturas.org\/en\/wp-json\/wp\/v2\/media\/5877"}],"wp:attachment":[{"href":"https:\/\/www.entreculturas.org\/en\/wp-json\/wp\/v2\/media?parent=5874"}],"wp:term":[{"taxonomy":"category","embeddable":true,"href":"https:\/\/www.entreculturas.org\/en\/wp-json\/wp\/v2\/categories?post=5874"},{"taxonomy":"post_tag","embeddable":true,"href":"https:\/\/www.entreculturas.org\/en\/wp-json\/wp\/v2\/tags?post=5874"},{"taxonomy":"cause","embeddable":true,"href":"https:\/\/www.entreculturas.org\/en\/wp-json\/wp\/v2\/cause?post=5874"},{"taxonomy":"format","embeddable":true,"href":"https:\/\/www.entreculturas.org\/en\/wp-json\/wp\/v2\/format?post=5874"}],"curies":[{"name":"wp","href":"https:\/\/api.w.org\/{rel}","templated":true}]}}