{"id":5762,"date":"2020-12-01T09:52:13","date_gmt":"2020-12-01T09:52:13","guid":{"rendered":"https:\/\/entreculturasi.wpenginepowered.com\/?publicaciones=recopilacion-de-unidades-didacticas-para-trabajar-la-defensa-del-medioambiente"},"modified":"2024-03-20T17:48:08","modified_gmt":"2024-03-20T16:48:08","slug":"recopilacion-de-unidades-didacticas-para-trabajar-la-defensa-del-medioambiente","status":"publish","type":"publicacion","link":"https:\/\/www.entreculturas.org\/en\/publicacion\/recopilacion-de-unidades-didacticas-para-trabajar-la-defensa-del-medioambiente\/","title":{"rendered":"Recopilaci\u00f3n de unidades did\u00e1cticas para trabajar la defensa del medioambiente."},"content":{"rendered":"<p>A continuaci\u00f3n, adjuntamos la recopilaci\u00f3n de una serie de unidades did\u00e1cticas dise\u00f1adas durante los \u00faltimos a\u00f1os para trabajar con grupos de j\u00f3venes de \u00e1mbitos educativos tanto formales como no formales, desde los 4 a los 18 a\u00f1os, sobre la <strong>defensa del medioambiente<\/strong>. Esta recopilaci\u00f3n incluye, tanto las unidades did\u00e1cticas de los D\u00edas D dise\u00f1adas en los \u00faltimos a\u00f1os, como otras actividades de otras publicaciones en las que hemos dise\u00f1ado material para trabajar esta tem\u00e1tica.<\/p>\n<p>Las unidades, divididas por franjas de edad, pueden utilizarse, tanto el 22 de abril, D\u00eda Internacional de la Tierra, como para preparar la celebraci\u00f3n de cualquier otro d\u00eda internacional relacionado con el medioambiente, o cualquier evento o actividad que requiera trabajar esta tem\u00e1tica. \u00a0<\/p>\n\n\n<div class=\"wp-block-buttons is-layout-flex wp-block-buttons-is-layout-flex\">\n<div class=\"wp-block-button\"><a class=\"wp-block-button__link wp-element-button\" href=\"https:\/\/www.entreculturas.org\/wp-content\/uploads\/2024\/02\/Unidades_Didacticas_Medio_Ambiente_Entreculturas.zip\">DESCARGAR LA RECOPILACI\u00d3N<\/a><\/div>\n<\/div>\n","protected":false},"excerpt":{"rendered":"<p>A continuaci\u00f3n, adjuntamos la recopilaci\u00f3n de una serie de unidades did\u00e1cticas dise\u00f1adas durante los \u00faltimos a\u00f1os para trabajar con grupos de j\u00f3venes de \u00e1mbitos educativos tanto formales como no formales, desde los 4 a los 18 a\u00f1os, sobre la defensa del medioambiente. Esta recopilaci\u00f3n incluye, tanto las unidades did\u00e1cticas de los D\u00edas D dise\u00f1adas en los \u00faltimos a\u00f1os, como otras actividades de otras publicaciones en las que hemos dise\u00f1ado material para trabajar esta tem\u00e1tica. Las unidades, divididas por franjas de edad, pueden utilizarse, tanto el 22 de abril, D\u00eda Internacional de la Tierra, como para preparar la celebraci\u00f3n de cualquier otro d\u00eda internacional relacionado con el medioambiente, o cualquier evento o actividad que requiera trabajar esta tem\u00e1tica. \u00a0<\/p>\n","protected":false},"featured_media":5792,"template":"","format":[115],"categories":[12],"tags":[256],"cause":[131],"class_list":["post-5762","publicacion","type-publicacion","status-publish","has-post-thumbnail","hentry","category-recursos-educativos","tag-justicia-socioambiental","cause-justicia-medioambiental","format-recursos-educativos"],"acf":[],"yoast_head":"<!-- This site is optimized with the Yoast SEO Premium plugin v21.6 (Yoast SEO v27.5) - https:\/\/yoast.com\/product\/yoast-seo-premium-wordpress\/ -->\n<title>Recopilaci\u00f3n de unidades did\u00e1cticas para trabajar la defensa del medioambiente. - Entreculturas<\/title>\n<meta name=\"robots\" content=\"index, follow, max-snippet:-1, max-image-preview:large, max-video-preview:-1\" \/>\n<link rel=\"canonical\" href=\"https:\/\/www.entreculturas.org\/en\/publicacion\/recopilacion-de-unidades-didacticas-para-trabajar-la-defensa-del-medioambiente\/\" \/>\n<meta property=\"og:locale\" content=\"en_US\" \/>\n<meta property=\"og:type\" content=\"article\" \/>\n<meta property=\"og:title\" content=\"Recopilaci\u00f3n de unidades did\u00e1cticas para trabajar la defensa del medioambiente.\" \/>\n<meta property=\"og:description\" content=\"A continuaci\u00f3n, adjuntamos la recopilaci\u00f3n de una serie de unidades did\u00e1cticas dise\u00f1adas durante los \u00faltimos a\u00f1os para trabajar con grupos de j\u00f3venes de \u00e1mbitos educativos tanto formales como no formales, desde los 4 a los 18 a\u00f1os, sobre la defensa del medioambiente. Esta recopilaci\u00f3n incluye, tanto las unidades did\u00e1cticas de los D\u00edas D dise\u00f1adas en los \u00faltimos a\u00f1os, como otras actividades de otras publicaciones en las que hemos dise\u00f1ado material para trabajar esta tem\u00e1tica. Las unidades, divididas por franjas de edad, pueden utilizarse, tanto el 22 de abril, D\u00eda Internacional de la Tierra, como para preparar la celebraci\u00f3n de cualquier otro d\u00eda internacional relacionado con el medioambiente, o cualquier evento o actividad que requiera trabajar esta tem\u00e1tica. \u00a0\" \/>\n<meta property=\"og:url\" content=\"https:\/\/www.entreculturas.org\/en\/publicacion\/recopilacion-de-unidades-didacticas-para-trabajar-la-defensa-del-medioambiente\/\" \/>\n<meta property=\"og:site_name\" content=\"Entreculturas\" \/>\n<meta property=\"article:publisher\" content=\"https:\/\/www.facebook.com\/entreculturas\" \/>\n<meta property=\"article:modified_time\" content=\"2024-03-20T16:48:08+00:00\" \/>\n<meta property=\"og:image\" content=\"https:\/\/www.entreculturas.org\/wp-content\/uploads\/2020\/12\/cartel_defendemos_el_medio_ambiente_5_page-0001-scaled-1.jpg\" \/>\n\t<meta property=\"og:image:width\" content=\"1890\" \/>\n\t<meta property=\"og:image:height\" content=\"2560\" \/>\n\t<meta property=\"og:image:type\" content=\"image\/jpeg\" \/>\n<meta name=\"twitter:card\" content=\"summary_large_image\" \/>\n<meta name=\"twitter:site\" content=\"@Entreculturas\" \/>\n<script type=\"application\/ld+json\" class=\"yoast-schema-graph\">{\"@context\":\"https:\\\/\\\/schema.org\",\"@graph\":[{\"@type\":\"WebPage\",\"@id\":\"https:\\\/\\\/www.entreculturas.org\\\/en\\\/publicacion\\\/recopilacion-de-unidades-didacticas-para-trabajar-la-defensa-del-medioambiente\\\/\",\"url\":\"https:\\\/\\\/www.entreculturas.org\\\/en\\\/publicacion\\\/recopilacion-de-unidades-didacticas-para-trabajar-la-defensa-del-medioambiente\\\/\",\"name\":\"Recopilaci\u00f3n de unidades did\u00e1cticas para trabajar la defensa del medioambiente. - Entreculturas\",\"isPartOf\":{\"@id\":\"https:\\\/\\\/www.entreculturas.org\\\/en\\\/#website\"},\"primaryImageOfPage\":{\"@id\":\"https:\\\/\\\/www.entreculturas.org\\\/en\\\/publicacion\\\/recopilacion-de-unidades-didacticas-para-trabajar-la-defensa-del-medioambiente\\\/#primaryimage\"},\"image\":{\"@id\":\"https:\\\/\\\/www.entreculturas.org\\\/en\\\/publicacion\\\/recopilacion-de-unidades-didacticas-para-trabajar-la-defensa-del-medioambiente\\\/#primaryimage\"},\"thumbnailUrl\":\"https:\\\/\\\/www.entreculturas.org\\\/wp-content\\\/uploads\\\/2020\\\/12\\\/cartel_defendemos_el_medio_ambiente_5_page-0001-scaled-1.jpg\",\"datePublished\":\"2020-12-01T09:52:13+00:00\",\"dateModified\":\"2024-03-20T16:48:08+00:00\",\"breadcrumb\":{\"@id\":\"https:\\\/\\\/www.entreculturas.org\\\/en\\\/publicacion\\\/recopilacion-de-unidades-didacticas-para-trabajar-la-defensa-del-medioambiente\\\/#breadcrumb\"},\"inLanguage\":\"en-US\",\"potentialAction\":[{\"@type\":\"ReadAction\",\"target\":[\"https:\\\/\\\/www.entreculturas.org\\\/en\\\/publicacion\\\/recopilacion-de-unidades-didacticas-para-trabajar-la-defensa-del-medioambiente\\\/\"]}]},{\"@type\":\"ImageObject\",\"inLanguage\":\"en-US\",\"@id\":\"https:\\\/\\\/www.entreculturas.org\\\/en\\\/publicacion\\\/recopilacion-de-unidades-didacticas-para-trabajar-la-defensa-del-medioambiente\\\/#primaryimage\",\"url\":\"https:\\\/\\\/www.entreculturas.org\\\/wp-content\\\/uploads\\\/2020\\\/12\\\/cartel_defendemos_el_medio_ambiente_5_page-0001-scaled-1.jpg\",\"contentUrl\":\"https:\\\/\\\/www.entreculturas.org\\\/wp-content\\\/uploads\\\/2020\\\/12\\\/cartel_defendemos_el_medio_ambiente_5_page-0001-scaled-1.jpg\",\"width\":1890,\"height\":2560,\"caption\":\"cartel_defendemos_el_medio_ambiente_5_page-0001\"},{\"@type\":\"BreadcrumbList\",\"@id\":\"https:\\\/\\\/www.entreculturas.org\\\/en\\\/publicacion\\\/recopilacion-de-unidades-didacticas-para-trabajar-la-defensa-del-medioambiente\\\/#breadcrumb\",\"itemListElement\":[{\"@type\":\"ListItem\",\"position\":1,\"name\":\"Home\",\"item\":\"https:\\\/\\\/www.entreculturas.org\\\/en\\\/\"},{\"@type\":\"ListItem\",\"position\":2,\"name\":\"Publicaciones\",\"item\":\"https:\\\/\\\/www.entreculturas.org\\\/en\\\/publicaciones\\\/\"},{\"@type\":\"ListItem\",\"position\":3,\"name\":\"Recopilaci\u00f3n de unidades did\u00e1cticas para trabajar la defensa del medioambiente.\"}]},{\"@type\":\"WebSite\",\"@id\":\"https:\\\/\\\/www.entreculturas.org\\\/en\\\/#website\",\"url\":\"https:\\\/\\\/www.entreculturas.org\\\/en\\\/\",\"name\":\"Entreculturas\",\"description\":\"\",\"publisher\":{\"@id\":\"https:\\\/\\\/www.entreculturas.org\\\/en\\\/#organization\"},\"alternateName\":\"Entreculturas\",\"potentialAction\":[{\"@type\":\"SearchAction\",\"target\":{\"@type\":\"EntryPoint\",\"urlTemplate\":\"https:\\\/\\\/www.entreculturas.org\\\/en\\\/?s={search_term_string}\"},\"query-input\":{\"@type\":\"PropertyValueSpecification\",\"valueRequired\":true,\"valueName\":\"search_term_string\"}}],\"inLanguage\":\"en-US\"},{\"@type\":\"Organization\",\"@id\":\"https:\\\/\\\/www.entreculturas.org\\\/en\\\/#organization\",\"name\":\"Entreculturas\",\"url\":\"https:\\\/\\\/www.entreculturas.org\\\/en\\\/\",\"logo\":{\"@type\":\"ImageObject\",\"inLanguage\":\"en-US\",\"@id\":\"https:\\\/\\\/www.entreculturas.org\\\/en\\\/#\\\/schema\\\/logo\\\/image\\\/\",\"url\":\"https:\\\/\\\/www.entreculturas.org\\\/wp-content\\\/uploads\\\/2025\\\/10\\\/ESP.svg\",\"contentUrl\":\"https:\\\/\\\/www.entreculturas.org\\\/wp-content\\\/uploads\\\/2025\\\/10\\\/ESP.svg\",\"caption\":\"Entreculturas\"},\"image\":{\"@id\":\"https:\\\/\\\/www.entreculturas.org\\\/en\\\/#\\\/schema\\\/logo\\\/image\\\/\"},\"sameAs\":[\"https:\\\/\\\/www.facebook.com\\\/entreculturas\",\"https:\\\/\\\/x.com\\\/Entreculturas\",\"https:\\\/\\\/www.instagram.com\\\/entreculturas\\\/\",\"https:\\\/\\\/www.youtube.com\\\/user\\\/entreculturasvideo\",\"https:\\\/\\\/www.linkedin.com\\\/company\\\/fundacion-entreculturas-ngdo\\\/\",\"https:\\\/\\\/www.flickr.com\\\/photos\\\/98455522@N04\\\/albums\\\/\"]}]}<\/script>\n<!-- \/ Yoast SEO Premium plugin. -->","yoast_head_json":{"title":"Recopilaci\u00f3n de unidades did\u00e1cticas para trabajar la defensa del medioambiente. - Entreculturas","robots":{"index":"index","follow":"follow","max-snippet":"max-snippet:-1","max-image-preview":"max-image-preview:large","max-video-preview":"max-video-preview:-1"},"canonical":"https:\/\/www.entreculturas.org\/en\/publicacion\/recopilacion-de-unidades-didacticas-para-trabajar-la-defensa-del-medioambiente\/","og_locale":"en_US","og_type":"article","og_title":"Recopilaci\u00f3n de unidades did\u00e1cticas para trabajar la defensa del medioambiente.","og_description":"A continuaci\u00f3n, adjuntamos la recopilaci\u00f3n de una serie de unidades did\u00e1cticas dise\u00f1adas durante los \u00faltimos a\u00f1os para trabajar con grupos de j\u00f3venes de \u00e1mbitos educativos tanto formales como no formales, desde los 4 a los 18 a\u00f1os, sobre la defensa del medioambiente. Esta recopilaci\u00f3n incluye, tanto las unidades did\u00e1cticas de los D\u00edas D dise\u00f1adas en los \u00faltimos a\u00f1os, como otras actividades de otras publicaciones en las que hemos dise\u00f1ado material para trabajar esta tem\u00e1tica. Las unidades, divididas por franjas de edad, pueden utilizarse, tanto el 22 de abril, D\u00eda Internacional de la Tierra, como para preparar la celebraci\u00f3n de cualquier otro d\u00eda internacional relacionado con el medioambiente, o cualquier evento o actividad que requiera trabajar esta tem\u00e1tica. \u00a0","og_url":"https:\/\/www.entreculturas.org\/en\/publicacion\/recopilacion-de-unidades-didacticas-para-trabajar-la-defensa-del-medioambiente\/","og_site_name":"Entreculturas","article_publisher":"https:\/\/www.facebook.com\/entreculturas","article_modified_time":"2024-03-20T16:48:08+00:00","og_image":[{"width":1890,"height":2560,"url":"https:\/\/www.entreculturas.org\/wp-content\/uploads\/2020\/12\/cartel_defendemos_el_medio_ambiente_5_page-0001-scaled-1.jpg","type":"image\/jpeg"}],"twitter_card":"summary_large_image","twitter_site":"@Entreculturas","schema":{"@context":"https:\/\/schema.org","@graph":[{"@type":"WebPage","@id":"https:\/\/www.entreculturas.org\/en\/publicacion\/recopilacion-de-unidades-didacticas-para-trabajar-la-defensa-del-medioambiente\/","url":"https:\/\/www.entreculturas.org\/en\/publicacion\/recopilacion-de-unidades-didacticas-para-trabajar-la-defensa-del-medioambiente\/","name":"Recopilaci\u00f3n de unidades did\u00e1cticas para trabajar la defensa del medioambiente. - Entreculturas","isPartOf":{"@id":"https:\/\/www.entreculturas.org\/en\/#website"},"primaryImageOfPage":{"@id":"https:\/\/www.entreculturas.org\/en\/publicacion\/recopilacion-de-unidades-didacticas-para-trabajar-la-defensa-del-medioambiente\/#primaryimage"},"image":{"@id":"https:\/\/www.entreculturas.org\/en\/publicacion\/recopilacion-de-unidades-didacticas-para-trabajar-la-defensa-del-medioambiente\/#primaryimage"},"thumbnailUrl":"https:\/\/www.entreculturas.org\/wp-content\/uploads\/2020\/12\/cartel_defendemos_el_medio_ambiente_5_page-0001-scaled-1.jpg","datePublished":"2020-12-01T09:52:13+00:00","dateModified":"2024-03-20T16:48:08+00:00","breadcrumb":{"@id":"https:\/\/www.entreculturas.org\/en\/publicacion\/recopilacion-de-unidades-didacticas-para-trabajar-la-defensa-del-medioambiente\/#breadcrumb"},"inLanguage":"en-US","potentialAction":[{"@type":"ReadAction","target":["https:\/\/www.entreculturas.org\/en\/publicacion\/recopilacion-de-unidades-didacticas-para-trabajar-la-defensa-del-medioambiente\/"]}]},{"@type":"ImageObject","inLanguage":"en-US","@id":"https:\/\/www.entreculturas.org\/en\/publicacion\/recopilacion-de-unidades-didacticas-para-trabajar-la-defensa-del-medioambiente\/#primaryimage","url":"https:\/\/www.entreculturas.org\/wp-content\/uploads\/2020\/12\/cartel_defendemos_el_medio_ambiente_5_page-0001-scaled-1.jpg","contentUrl":"https:\/\/www.entreculturas.org\/wp-content\/uploads\/2020\/12\/cartel_defendemos_el_medio_ambiente_5_page-0001-scaled-1.jpg","width":1890,"height":2560,"caption":"cartel_defendemos_el_medio_ambiente_5_page-0001"},{"@type":"BreadcrumbList","@id":"https:\/\/www.entreculturas.org\/en\/publicacion\/recopilacion-de-unidades-didacticas-para-trabajar-la-defensa-del-medioambiente\/#breadcrumb","itemListElement":[{"@type":"ListItem","position":1,"name":"Home","item":"https:\/\/www.entreculturas.org\/en\/"},{"@type":"ListItem","position":2,"name":"Publicaciones","item":"https:\/\/www.entreculturas.org\/en\/publicaciones\/"},{"@type":"ListItem","position":3,"name":"Recopilaci\u00f3n de unidades did\u00e1cticas para trabajar la defensa del medioambiente."}]},{"@type":"WebSite","@id":"https:\/\/www.entreculturas.org\/en\/#website","url":"https:\/\/www.entreculturas.org\/en\/","name":"Entreculturas","description":"","publisher":{"@id":"https:\/\/www.entreculturas.org\/en\/#organization"},"alternateName":"Entreculturas","potentialAction":[{"@type":"SearchAction","target":{"@type":"EntryPoint","urlTemplate":"https:\/\/www.entreculturas.org\/en\/?s={search_term_string}"},"query-input":{"@type":"PropertyValueSpecification","valueRequired":true,"valueName":"search_term_string"}}],"inLanguage":"en-US"},{"@type":"Organization","@id":"https:\/\/www.entreculturas.org\/en\/#organization","name":"Entreculturas","url":"https:\/\/www.entreculturas.org\/en\/","logo":{"@type":"ImageObject","inLanguage":"en-US","@id":"https:\/\/www.entreculturas.org\/en\/#\/schema\/logo\/image\/","url":"https:\/\/www.entreculturas.org\/wp-content\/uploads\/2025\/10\/ESP.svg","contentUrl":"https:\/\/www.entreculturas.org\/wp-content\/uploads\/2025\/10\/ESP.svg","caption":"Entreculturas"},"image":{"@id":"https:\/\/www.entreculturas.org\/en\/#\/schema\/logo\/image\/"},"sameAs":["https:\/\/www.facebook.com\/entreculturas","https:\/\/x.com\/Entreculturas","https:\/\/www.instagram.com\/entreculturas\/","https:\/\/www.youtube.com\/user\/entreculturasvideo","https:\/\/www.linkedin.com\/company\/fundacion-entreculturas-ngdo\/","https:\/\/www.flickr.com\/photos\/98455522@N04\/albums\/"]}]}},"_links":{"self":[{"href":"https:\/\/www.entreculturas.org\/en\/wp-json\/wp\/v2\/publicacion\/5762","targetHints":{"allow":["GET"]}}],"collection":[{"href":"https:\/\/www.entreculturas.org\/en\/wp-json\/wp\/v2\/publicacion"}],"about":[{"href":"https:\/\/www.entreculturas.org\/en\/wp-json\/wp\/v2\/types\/publicacion"}],"wp:featuredmedia":[{"embeddable":true,"href":"https:\/\/www.entreculturas.org\/en\/wp-json\/wp\/v2\/media\/5792"}],"wp:attachment":[{"href":"https:\/\/www.entreculturas.org\/en\/wp-json\/wp\/v2\/media?parent=5762"}],"wp:term":[{"taxonomy":"category","embeddable":true,"href":"https:\/\/www.entreculturas.org\/en\/wp-json\/wp\/v2\/categories?post=5762"},{"taxonomy":"post_tag","embeddable":true,"href":"https:\/\/www.entreculturas.org\/en\/wp-json\/wp\/v2\/tags?post=5762"},{"taxonomy":"cause","embeddable":true,"href":"https:\/\/www.entreculturas.org\/en\/wp-json\/wp\/v2\/cause?post=5762"},{"taxonomy":"format","embeddable":true,"href":"https:\/\/www.entreculturas.org\/en\/wp-json\/wp\/v2\/format?post=5762"}],"curies":[{"name":"wp","href":"https:\/\/api.w.org\/{rel}","templated":true}]}}