{"id":5716,"date":"2020-07-27T10:16:34","date_gmt":"2020-07-27T10:16:34","guid":{"rendered":"https:\/\/entreculturasi.wpenginepowered.com\/?publicaciones=el-corazon-de-edrielle-finalista-un-mundo-de-cuento"},"modified":"2024-03-20T17:57:21","modified_gmt":"2024-03-20T16:57:21","slug":"el-corazon-de-edrielle-finalista-un-mundo-de-cuento","status":"publish","type":"publicacion","link":"https:\/\/www.entreculturas.org\/en\/publicacion\/el-corazon-de-edrielle-finalista-un-mundo-de-cuento\/","title":{"rendered":"&#8220;El coraz\u00f3n de Edrielle&#8221;: Finalista Un Mundo de Cuento"},"content":{"rendered":"<p><em>Por&nbsp;Esther de Jorge de la Hermosa<\/em><\/p>\n<p>&#8220;La tristeza se hab\u00eda apoderado del coraz\u00f3n de Edrielle, el hada de la imaginaci\u00f3n. Ella ten\u00eda el don de las palabras y pod\u00eda comunicarse f\u00e1cilmente con las mariposas y las aves. Una l\u00e1grima rod\u00f3 por su mejilla y golpe\u00f3 sutilmente uno de los p\u00e9talos de la flor sobre la que se encontraba sentada. De repente, una suave voz se abri\u00f3 paso entre los sollozos del hada.<br \/>\u2014\u00bfPor qu\u00e9 lloras? \u00bfNo eres feliz? \u2014pregunt\u00f3 la flor.<br \/>\u2014Estoy muy triste \u2014dijo Edrielle, sec\u00e1ndose las l\u00e1grimas\u2014. Llevo muchos d\u00edas sin poder contar las historias que crea mi imaginaci\u00f3n. No s\u00e9 d\u00f3nde est\u00e1n los ni\u00f1os ni los mayores \u2014confes\u00f3 el hada.<br \/>\u2014Uyyy!, Pero, \u00a1\u00bfc\u00f3mo?! \u00bfNo lo sabes? Algo terrible ha sucedido entre los humanos \u2014respondi\u00f3 la flor \u2014. \u00a1Est\u00e1n todos atrapados en su propia realidad!<br \/>\u2014\u00a1\u00bfAtrapados?!, dices, \u00a1\u00bfEn su propia realidad?! \u2014exclam\u00f3 Edrielle asustada repitiendo las palabras de la flor sin comprender nada.<br \/>\u2014Siii, se han quedado encerrados por culpa de un \u201cmal bicho\u201d. \u00a1Terrible!, malvado como \u00e9l solito. Dicen que es muy peque\u00f1o y casi invisible, pero ha sembrado el caos. Se vale de los humanos para transportarse de un sitio a otro a gran velocidad y todo aquel que no tiene muy fortalecida su imaginaci\u00f3n, casi te podr\u00eda decir que\u2026 !Zas!, acaba con \u00e9l. Por eso los humanos tienen miedo y no se dejan ver.<br \/>\u2014Pero, \u00a1No puede ser!, lo que cuentas no puede ser cierto. \u2014El hada estaba at\u00f3nita ante aquella historia que acababa de escuchar.<br \/>\u2014Si, si, si\u2026 \u00a1Cr\u00e9etelo!, que no es uno de esos cuentos inventado por tu imaginaci\u00f3n \u2014replic\u00f3 la flor\u2014. Solamente, algunos ni\u00f1os se escabullen del bicho, gracias a su poder imaginativo.<br \/>\u2014\u00a1Entonces, tenemos que ayudarles! \u2014dijo azorada Edrielle \u2014. Sin imaginaci\u00f3n no se construyen los sue\u00f1os, sin sue\u00f1os no hay ilusi\u00f3n y sin ilusi\u00f3n no se puede crear la realidad que da vida a los corazones humanos. Ellos necesitan tener \u201cEsperanza\u201d.<\/p>\n<p>Edrielle puso en marcha su creatividad. A trav\u00e9s de las mariposas, utiliz\u00e1ndolas como mensajeras, congreg\u00f3 a las hadas de todos los rincones del mundo. Aine, la reina de todas las hadas irlandesas, fue la primera en llegar. Poco a poco fueron llegando de los lugares m\u00e1s insospechados. Cuando estuvieron todas reunidas, A\u00efcha el hada africana que se destacaba por su gran poder y sabidur\u00eda, no se lo pens\u00f3, coloc\u00f3 los dedos \u00edndice y coraz\u00f3n en su boca e interrumpi\u00f3 con un largo silbido el gran alboroto que hab\u00edan formado. Edrielle habl\u00f3:<br \/>\u2014He mandado a las mariposas que os avisaran porque los humanos necesitan ayuda. Est\u00e1n encerrados, atrapados. Se ha apoderado de ellos un ser min\u00fasculo pero malvado que est\u00e1 sembrando caos, dolor y muerte. Necesitan avivar la llama de sus sue\u00f1os para que la esperanza regrese a sus corazones.<br \/>Befana, el hada italiana que siempre ofrec\u00eda regalos a los ni\u00f1os, intervino la primera:<br \/>\u2014\u00bfEst\u00e1 claro?,\u00bfno?, ya que las palabras son muy poderosas y crean realidades, regalemos cuentos e historias para poner en marcha su imaginaci\u00f3n y que tengan motivos para ilusionarse.<br \/>\u2014\u00a1Cierto! \u00a1Cierto! \u2014gritaron dulcemente, al un\u00edsono, las hadas bondadosas Anjana y Seelie que hab\u00edan volado desde los bosques de Espa\u00f1a y Escocia.<br \/>\u2014\u00a1Que lluevan palabras e historias sobre los corazones humanos! \u2014exclam\u00f3 Iris, la mensajera griega de los dioses y el cielo.<br \/>\u2014Mis compa\u00f1eras nos pueden ayudar a transportarlas \u2014ofreci\u00f3 Layla, el hada de las olas y las nubes, con un brillo especial en sus ojos del color de la noche.<br \/>\u2014\u00a1Genial!, recopilar\u00e9 todas las historias en la que he sido protagonista \u2014aport\u00f3 Melisade\u2014. As\u00ed ayudar\u00e9 a Edrielle con nuevos cuentos llenos de entusiasmo.<\/p>\n<p>Fue entonces cuando, Alvina, la m\u00e1s noble de las hadas, amiga de los elfos, que hab\u00eda llegado desde Alemania, propuso unirse a Ari, el hada francesa que era un \u00e1ngel de la guarda para los m\u00e1s&nbsp;peque\u00f1os. Ambas ayudar\u00edan a Zarina, la gran guardiana eslava del polvo m\u00e1gico de hadas. Entre las tres lo esparcir\u00edan sobre las nubes para provocar la lluvia. El plan estaba trazado, entre todas transportar\u00edan sobre las nubes palabras. Palabras que formar\u00edan historias dentro de las gotas de lluvia. Lluvia que llegar\u00eda a los corazones humanos gracias al polvo m\u00e1gico de las hadas. De esta forma conseguir\u00edan avivar la llama humana de la ilusi\u00f3n llenando el mundo de \u201cEsperanza\u201d.<\/p>\n<p>Alg\u00fan d\u00eda, el mal, que hab\u00eda sembrado el miedo y el caos, desaparecer\u00eda o quiz\u00e1s quedar\u00eda aturdido d\u00e1ndose por vencido, porque aquello que imaginamos con fuerza e ilusi\u00f3n desde nuestro m\u00e1s profundo interior se hace realidad. Cierra los ojos, sue\u00f1a con fuerza y conf\u00eda, Edrielle, aparecer\u00e1 con una nueva historia cada d\u00eda.&#8221;<\/p>\n","protected":false},"excerpt":{"rendered":"<p>Por&nbsp;Esther de Jorge de la Hermosa &#8220;La tristeza se hab\u00eda apoderado del coraz\u00f3n de Edrielle, el hada de la imaginaci\u00f3n. Ella ten\u00eda el don de las palabras y pod\u00eda comunicarse f\u00e1cilmente con las mariposas y las aves. Una l\u00e1grima rod\u00f3 por su mejilla y golpe\u00f3 sutilmente uno de los p\u00e9talos de la flor sobre la que se encontraba sentada. De repente, una suave voz se abri\u00f3 paso entre los sollozos del hada.\u2014\u00bfPor qu\u00e9 lloras? \u00bfNo eres feliz? \u2014pregunt\u00f3 la flor.\u2014Estoy muy triste \u2014dijo Edrielle, sec\u00e1ndose las l\u00e1grimas\u2014. Llevo muchos d\u00edas sin poder contar las historias que crea mi imaginaci\u00f3n. No s\u00e9 d\u00f3nde est\u00e1n los ni\u00f1os ni los mayores \u2014confes\u00f3 el hada.\u2014Uyyy!, Pero, \u00a1\u00bfc\u00f3mo?! \u00bfNo lo sabes? Algo terrible ha sucedido entre los humanos \u2014respondi\u00f3 la flor \u2014. \u00a1Est\u00e1n todos atrapados en su propia realidad!\u2014\u00a1\u00bfAtrapados?!, dices, \u00a1\u00bfEn su propia realidad?! \u2014exclam\u00f3 Edrielle asustada repitiendo las palabras de la flor sin comprender [&hellip;]<\/p>\n","protected":false},"featured_media":5719,"template":"","format":[115],"categories":[12],"tags":[8],"cause":[128,132],"class_list":["post-5716","publicacion","type-publicacion","status-publish","has-post-thumbnail","hentry","category-recursos-educativos","tag-participacion-y-ciudadania-global","cause-educacion","cause-participacion-y-ciudadania-global","format-recursos-educativos"],"acf":[],"yoast_head":"<!-- This site is optimized with the Yoast SEO Premium plugin v21.6 (Yoast SEO v27.5) - https:\/\/yoast.com\/product\/yoast-seo-premium-wordpress\/ -->\n<title>&quot;El coraz\u00f3n de Edrielle&quot;: Finalista Un Mundo de Cuento - Entreculturas<\/title>\n<meta name=\"robots\" content=\"index, follow, max-snippet:-1, max-image-preview:large, max-video-preview:-1\" \/>\n<link rel=\"canonical\" href=\"https:\/\/www.entreculturas.org\/en\/publicacion\/el-corazon-de-edrielle-finalista-un-mundo-de-cuento\/\" \/>\n<meta property=\"og:locale\" content=\"en_US\" \/>\n<meta property=\"og:type\" content=\"article\" \/>\n<meta property=\"og:title\" content=\"&quot;El coraz\u00f3n de Edrielle&quot;: Finalista Un Mundo de Cuento\" \/>\n<meta property=\"og:description\" content=\"Por&nbsp;Esther de Jorge de la Hermosa &#8220;La tristeza se hab\u00eda apoderado del coraz\u00f3n de Edrielle, el hada de la imaginaci\u00f3n. Ella ten\u00eda el don de las palabras y pod\u00eda comunicarse f\u00e1cilmente con las mariposas y las aves. Una l\u00e1grima rod\u00f3 por su mejilla y golpe\u00f3 sutilmente uno de los p\u00e9talos de la flor sobre la que se encontraba sentada. De repente, una suave voz se abri\u00f3 paso entre los sollozos del hada.\u2014\u00bfPor qu\u00e9 lloras? \u00bfNo eres feliz? \u2014pregunt\u00f3 la flor.\u2014Estoy muy triste \u2014dijo Edrielle, sec\u00e1ndose las l\u00e1grimas\u2014. Llevo muchos d\u00edas sin poder contar las historias que crea mi imaginaci\u00f3n. No s\u00e9 d\u00f3nde est\u00e1n los ni\u00f1os ni los mayores \u2014confes\u00f3 el hada.\u2014Uyyy!, Pero, \u00a1\u00bfc\u00f3mo?! \u00bfNo lo sabes? Algo terrible ha sucedido entre los humanos \u2014respondi\u00f3 la flor \u2014. \u00a1Est\u00e1n todos atrapados en su propia realidad!\u2014\u00a1\u00bfAtrapados?!, dices, \u00a1\u00bfEn su propia realidad?! \u2014exclam\u00f3 Edrielle asustada repitiendo las palabras de la flor sin comprender [&hellip;]\" \/>\n<meta property=\"og:url\" content=\"https:\/\/www.entreculturas.org\/en\/publicacion\/el-corazon-de-edrielle-finalista-un-mundo-de-cuento\/\" \/>\n<meta property=\"og:site_name\" content=\"Entreculturas\" \/>\n<meta property=\"article:publisher\" content=\"https:\/\/www.facebook.com\/entreculturas\" \/>\n<meta property=\"article:modified_time\" content=\"2024-03-20T16:57:21+00:00\" \/>\n<meta property=\"og:image\" content=\"https:\/\/www.entreculturas.org\/wp-content\/uploads\/2020\/08\/15.jpg\" \/>\n\t<meta property=\"og:image:width\" content=\"1390\" \/>\n\t<meta property=\"og:image:height\" content=\"1390\" \/>\n\t<meta property=\"og:image:type\" content=\"image\/jpeg\" \/>\n<meta name=\"twitter:card\" content=\"summary_large_image\" \/>\n<meta name=\"twitter:site\" content=\"@Entreculturas\" \/>\n<script type=\"application\/ld+json\" class=\"yoast-schema-graph\">{\"@context\":\"https:\\\/\\\/schema.org\",\"@graph\":[{\"@type\":\"WebPage\",\"@id\":\"https:\\\/\\\/www.entreculturas.org\\\/en\\\/publicacion\\\/el-corazon-de-edrielle-finalista-un-mundo-de-cuento\\\/\",\"url\":\"https:\\\/\\\/www.entreculturas.org\\\/en\\\/publicacion\\\/el-corazon-de-edrielle-finalista-un-mundo-de-cuento\\\/\",\"name\":\"\\\"El coraz\u00f3n de Edrielle\\\": Finalista Un Mundo de Cuento - Entreculturas\",\"isPartOf\":{\"@id\":\"https:\\\/\\\/www.entreculturas.org\\\/en\\\/#website\"},\"primaryImageOfPage\":{\"@id\":\"https:\\\/\\\/www.entreculturas.org\\\/en\\\/publicacion\\\/el-corazon-de-edrielle-finalista-un-mundo-de-cuento\\\/#primaryimage\"},\"image\":{\"@id\":\"https:\\\/\\\/www.entreculturas.org\\\/en\\\/publicacion\\\/el-corazon-de-edrielle-finalista-un-mundo-de-cuento\\\/#primaryimage\"},\"thumbnailUrl\":\"https:\\\/\\\/www.entreculturas.org\\\/wp-content\\\/uploads\\\/2020\\\/08\\\/15.jpg\",\"datePublished\":\"2020-07-27T10:16:34+00:00\",\"dateModified\":\"2024-03-20T16:57:21+00:00\",\"breadcrumb\":{\"@id\":\"https:\\\/\\\/www.entreculturas.org\\\/en\\\/publicacion\\\/el-corazon-de-edrielle-finalista-un-mundo-de-cuento\\\/#breadcrumb\"},\"inLanguage\":\"en-US\",\"potentialAction\":[{\"@type\":\"ReadAction\",\"target\":[\"https:\\\/\\\/www.entreculturas.org\\\/en\\\/publicacion\\\/el-corazon-de-edrielle-finalista-un-mundo-de-cuento\\\/\"]}]},{\"@type\":\"ImageObject\",\"inLanguage\":\"en-US\",\"@id\":\"https:\\\/\\\/www.entreculturas.org\\\/en\\\/publicacion\\\/el-corazon-de-edrielle-finalista-un-mundo-de-cuento\\\/#primaryimage\",\"url\":\"https:\\\/\\\/www.entreculturas.org\\\/wp-content\\\/uploads\\\/2020\\\/08\\\/15.jpg\",\"contentUrl\":\"https:\\\/\\\/www.entreculturas.org\\\/wp-content\\\/uploads\\\/2020\\\/08\\\/15.jpg\",\"width\":1390,\"height\":1390,\"caption\":\"15\"},{\"@type\":\"BreadcrumbList\",\"@id\":\"https:\\\/\\\/www.entreculturas.org\\\/en\\\/publicacion\\\/el-corazon-de-edrielle-finalista-un-mundo-de-cuento\\\/#breadcrumb\",\"itemListElement\":[{\"@type\":\"ListItem\",\"position\":1,\"name\":\"Home\",\"item\":\"https:\\\/\\\/www.entreculturas.org\\\/en\\\/\"},{\"@type\":\"ListItem\",\"position\":2,\"name\":\"Publicaciones\",\"item\":\"https:\\\/\\\/www.entreculturas.org\\\/en\\\/publicaciones\\\/\"},{\"@type\":\"ListItem\",\"position\":3,\"name\":\"&#8220;El coraz\u00f3n de Edrielle&#8221;: Finalista Un Mundo de Cuento\"}]},{\"@type\":\"WebSite\",\"@id\":\"https:\\\/\\\/www.entreculturas.org\\\/en\\\/#website\",\"url\":\"https:\\\/\\\/www.entreculturas.org\\\/en\\\/\",\"name\":\"Entreculturas\",\"description\":\"\",\"publisher\":{\"@id\":\"https:\\\/\\\/www.entreculturas.org\\\/en\\\/#organization\"},\"alternateName\":\"Entreculturas\",\"potentialAction\":[{\"@type\":\"SearchAction\",\"target\":{\"@type\":\"EntryPoint\",\"urlTemplate\":\"https:\\\/\\\/www.entreculturas.org\\\/en\\\/?s={search_term_string}\"},\"query-input\":{\"@type\":\"PropertyValueSpecification\",\"valueRequired\":true,\"valueName\":\"search_term_string\"}}],\"inLanguage\":\"en-US\"},{\"@type\":\"Organization\",\"@id\":\"https:\\\/\\\/www.entreculturas.org\\\/en\\\/#organization\",\"name\":\"Entreculturas\",\"url\":\"https:\\\/\\\/www.entreculturas.org\\\/en\\\/\",\"logo\":{\"@type\":\"ImageObject\",\"inLanguage\":\"en-US\",\"@id\":\"https:\\\/\\\/www.entreculturas.org\\\/en\\\/#\\\/schema\\\/logo\\\/image\\\/\",\"url\":\"https:\\\/\\\/www.entreculturas.org\\\/wp-content\\\/uploads\\\/2025\\\/10\\\/ESP.svg\",\"contentUrl\":\"https:\\\/\\\/www.entreculturas.org\\\/wp-content\\\/uploads\\\/2025\\\/10\\\/ESP.svg\",\"caption\":\"Entreculturas\"},\"image\":{\"@id\":\"https:\\\/\\\/www.entreculturas.org\\\/en\\\/#\\\/schema\\\/logo\\\/image\\\/\"},\"sameAs\":[\"https:\\\/\\\/www.facebook.com\\\/entreculturas\",\"https:\\\/\\\/x.com\\\/Entreculturas\",\"https:\\\/\\\/www.instagram.com\\\/entreculturas\\\/\",\"https:\\\/\\\/www.youtube.com\\\/user\\\/entreculturasvideo\",\"https:\\\/\\\/www.linkedin.com\\\/company\\\/fundacion-entreculturas-ngdo\\\/\",\"https:\\\/\\\/www.flickr.com\\\/photos\\\/98455522@N04\\\/albums\\\/\"]}]}<\/script>\n<!-- \/ Yoast SEO Premium plugin. -->","yoast_head_json":{"title":"\"El coraz\u00f3n de Edrielle\": Finalista Un Mundo de Cuento - Entreculturas","robots":{"index":"index","follow":"follow","max-snippet":"max-snippet:-1","max-image-preview":"max-image-preview:large","max-video-preview":"max-video-preview:-1"},"canonical":"https:\/\/www.entreculturas.org\/en\/publicacion\/el-corazon-de-edrielle-finalista-un-mundo-de-cuento\/","og_locale":"en_US","og_type":"article","og_title":"\"El coraz\u00f3n de Edrielle\": Finalista Un Mundo de Cuento","og_description":"Por&nbsp;Esther de Jorge de la Hermosa &#8220;La tristeza se hab\u00eda apoderado del coraz\u00f3n de Edrielle, el hada de la imaginaci\u00f3n. Ella ten\u00eda el don de las palabras y pod\u00eda comunicarse f\u00e1cilmente con las mariposas y las aves. Una l\u00e1grima rod\u00f3 por su mejilla y golpe\u00f3 sutilmente uno de los p\u00e9talos de la flor sobre la que se encontraba sentada. De repente, una suave voz se abri\u00f3 paso entre los sollozos del hada.\u2014\u00bfPor qu\u00e9 lloras? \u00bfNo eres feliz? \u2014pregunt\u00f3 la flor.\u2014Estoy muy triste \u2014dijo Edrielle, sec\u00e1ndose las l\u00e1grimas\u2014. Llevo muchos d\u00edas sin poder contar las historias que crea mi imaginaci\u00f3n. No s\u00e9 d\u00f3nde est\u00e1n los ni\u00f1os ni los mayores \u2014confes\u00f3 el hada.\u2014Uyyy!, Pero, \u00a1\u00bfc\u00f3mo?! \u00bfNo lo sabes? Algo terrible ha sucedido entre los humanos \u2014respondi\u00f3 la flor \u2014. \u00a1Est\u00e1n todos atrapados en su propia realidad!\u2014\u00a1\u00bfAtrapados?!, dices, \u00a1\u00bfEn su propia realidad?! \u2014exclam\u00f3 Edrielle asustada repitiendo las palabras de la flor sin comprender [&hellip;]","og_url":"https:\/\/www.entreculturas.org\/en\/publicacion\/el-corazon-de-edrielle-finalista-un-mundo-de-cuento\/","og_site_name":"Entreculturas","article_publisher":"https:\/\/www.facebook.com\/entreculturas","article_modified_time":"2024-03-20T16:57:21+00:00","og_image":[{"width":1390,"height":1390,"url":"https:\/\/www.entreculturas.org\/wp-content\/uploads\/2020\/08\/15.jpg","type":"image\/jpeg"}],"twitter_card":"summary_large_image","twitter_site":"@Entreculturas","schema":{"@context":"https:\/\/schema.org","@graph":[{"@type":"WebPage","@id":"https:\/\/www.entreculturas.org\/en\/publicacion\/el-corazon-de-edrielle-finalista-un-mundo-de-cuento\/","url":"https:\/\/www.entreculturas.org\/en\/publicacion\/el-corazon-de-edrielle-finalista-un-mundo-de-cuento\/","name":"\"El coraz\u00f3n de Edrielle\": Finalista Un Mundo de Cuento - Entreculturas","isPartOf":{"@id":"https:\/\/www.entreculturas.org\/en\/#website"},"primaryImageOfPage":{"@id":"https:\/\/www.entreculturas.org\/en\/publicacion\/el-corazon-de-edrielle-finalista-un-mundo-de-cuento\/#primaryimage"},"image":{"@id":"https:\/\/www.entreculturas.org\/en\/publicacion\/el-corazon-de-edrielle-finalista-un-mundo-de-cuento\/#primaryimage"},"thumbnailUrl":"https:\/\/www.entreculturas.org\/wp-content\/uploads\/2020\/08\/15.jpg","datePublished":"2020-07-27T10:16:34+00:00","dateModified":"2024-03-20T16:57:21+00:00","breadcrumb":{"@id":"https:\/\/www.entreculturas.org\/en\/publicacion\/el-corazon-de-edrielle-finalista-un-mundo-de-cuento\/#breadcrumb"},"inLanguage":"en-US","potentialAction":[{"@type":"ReadAction","target":["https:\/\/www.entreculturas.org\/en\/publicacion\/el-corazon-de-edrielle-finalista-un-mundo-de-cuento\/"]}]},{"@type":"ImageObject","inLanguage":"en-US","@id":"https:\/\/www.entreculturas.org\/en\/publicacion\/el-corazon-de-edrielle-finalista-un-mundo-de-cuento\/#primaryimage","url":"https:\/\/www.entreculturas.org\/wp-content\/uploads\/2020\/08\/15.jpg","contentUrl":"https:\/\/www.entreculturas.org\/wp-content\/uploads\/2020\/08\/15.jpg","width":1390,"height":1390,"caption":"15"},{"@type":"BreadcrumbList","@id":"https:\/\/www.entreculturas.org\/en\/publicacion\/el-corazon-de-edrielle-finalista-un-mundo-de-cuento\/#breadcrumb","itemListElement":[{"@type":"ListItem","position":1,"name":"Home","item":"https:\/\/www.entreculturas.org\/en\/"},{"@type":"ListItem","position":2,"name":"Publicaciones","item":"https:\/\/www.entreculturas.org\/en\/publicaciones\/"},{"@type":"ListItem","position":3,"name":"&#8220;El coraz\u00f3n de Edrielle&#8221;: Finalista Un Mundo de Cuento"}]},{"@type":"WebSite","@id":"https:\/\/www.entreculturas.org\/en\/#website","url":"https:\/\/www.entreculturas.org\/en\/","name":"Entreculturas","description":"","publisher":{"@id":"https:\/\/www.entreculturas.org\/en\/#organization"},"alternateName":"Entreculturas","potentialAction":[{"@type":"SearchAction","target":{"@type":"EntryPoint","urlTemplate":"https:\/\/www.entreculturas.org\/en\/?s={search_term_string}"},"query-input":{"@type":"PropertyValueSpecification","valueRequired":true,"valueName":"search_term_string"}}],"inLanguage":"en-US"},{"@type":"Organization","@id":"https:\/\/www.entreculturas.org\/en\/#organization","name":"Entreculturas","url":"https:\/\/www.entreculturas.org\/en\/","logo":{"@type":"ImageObject","inLanguage":"en-US","@id":"https:\/\/www.entreculturas.org\/en\/#\/schema\/logo\/image\/","url":"https:\/\/www.entreculturas.org\/wp-content\/uploads\/2025\/10\/ESP.svg","contentUrl":"https:\/\/www.entreculturas.org\/wp-content\/uploads\/2025\/10\/ESP.svg","caption":"Entreculturas"},"image":{"@id":"https:\/\/www.entreculturas.org\/en\/#\/schema\/logo\/image\/"},"sameAs":["https:\/\/www.facebook.com\/entreculturas","https:\/\/x.com\/Entreculturas","https:\/\/www.instagram.com\/entreculturas\/","https:\/\/www.youtube.com\/user\/entreculturasvideo","https:\/\/www.linkedin.com\/company\/fundacion-entreculturas-ngdo\/","https:\/\/www.flickr.com\/photos\/98455522@N04\/albums\/"]}]}},"_links":{"self":[{"href":"https:\/\/www.entreculturas.org\/en\/wp-json\/wp\/v2\/publicacion\/5716","targetHints":{"allow":["GET"]}}],"collection":[{"href":"https:\/\/www.entreculturas.org\/en\/wp-json\/wp\/v2\/publicacion"}],"about":[{"href":"https:\/\/www.entreculturas.org\/en\/wp-json\/wp\/v2\/types\/publicacion"}],"wp:featuredmedia":[{"embeddable":true,"href":"https:\/\/www.entreculturas.org\/en\/wp-json\/wp\/v2\/media\/5719"}],"wp:attachment":[{"href":"https:\/\/www.entreculturas.org\/en\/wp-json\/wp\/v2\/media?parent=5716"}],"wp:term":[{"taxonomy":"category","embeddable":true,"href":"https:\/\/www.entreculturas.org\/en\/wp-json\/wp\/v2\/categories?post=5716"},{"taxonomy":"post_tag","embeddable":true,"href":"https:\/\/www.entreculturas.org\/en\/wp-json\/wp\/v2\/tags?post=5716"},{"taxonomy":"cause","embeddable":true,"href":"https:\/\/www.entreculturas.org\/en\/wp-json\/wp\/v2\/cause?post=5716"},{"taxonomy":"format","embeddable":true,"href":"https:\/\/www.entreculturas.org\/en\/wp-json\/wp\/v2\/format?post=5716"}],"curies":[{"name":"wp","href":"https:\/\/api.w.org\/{rel}","templated":true}]}}