{"id":5636,"date":"2020-07-27T08:49:41","date_gmt":"2020-07-27T08:49:41","guid":{"rendered":"https:\/\/entreculturasi.wpenginepowered.com\/?publicaciones=los-arboles-tambien-lloran-finalista-un-mundo-de-cuento"},"modified":"2024-03-20T17:58:46","modified_gmt":"2024-03-20T16:58:46","slug":"los-arboles-tambien-lloran-finalista-un-mundo-de-cuento","status":"publish","type":"publicacion","link":"https:\/\/www.entreculturas.org\/en\/publicacion\/los-arboles-tambien-lloran-finalista-un-mundo-de-cuento\/","title":{"rendered":"&#8220;Los \u00e1rboles tambi\u00e9n lloran&#8221;: Finalista Un Mundo de Cuento"},"content":{"rendered":"<p>Por Miranda Gonz\u00e1lez Mart\u00ednez.<\/p>\n<p>&#8220;El rumor de los \u00e1rboles era mi acompa\u00f1amiento favorito para pasear en oto\u00f1o. Me gustaba escuchar el ritmo que se formaba mientras yo caminaba y sus hojas se encontraban. Pero aquel d\u00eda nada parec\u00eda ser de mi agrado.<br \/>La calle estaba m\u00e1s callada que la conciencia de un coraz\u00f3n oscuro. Las nubes grises acompa\u00f1aban a la tormenta de mis mejillas y yo corriendo hu\u00eda, ya sin poder escapar, de todo y de nada. De la intermitente lluvia que me hab\u00eda estado acechando durante los \u00faltimos d\u00edas.&nbsp;<br \/>Suspir\u00e9. Agradec\u00eda que no hubiera atisbo de presencia alguna en la acera. S\u00f3lo me acompa\u00f1aban los bancos vac\u00edos, las piedras ca\u00eddas y los dulces \u00e1rboles que amparaban recuerdos. Par\u00e9 un momento y decid\u00ed sentarme en uno de los bancos, pues ya me dol\u00edan los pies por mi fuga; acto seguido abr\u00ed mi bolso en busca de un pa\u00f1uelo para secar mis l\u00e1grimas, y me enfad\u00e9 cuando vi que no hab\u00eda nada que pudiera frenar, de alguna manera, los r\u00edos de mis mejillas.<\/p>\n<p>&#8220;Por lo menos el viento se ha calmado, y no va a despeinarme por completo&#8221; pens\u00e9.&nbsp;<\/p>\n<p>Cuando me dispon\u00eda a secarme con las mangas de la gabardina, una hoja cay\u00f3 a mi lado, me llam\u00f3 la atenci\u00f3n, pues ninguna r\u00e1faga de viento se hab\u00eda dejado ver. Alc\u00e9 mi cabeza para ver de d\u00f3nde ven\u00eda. Sobre m\u00ed hab\u00eda una enorme rama de uno de los \u00e1rboles m\u00e1s antiguos de mi barrio. Era una acacia. De peque\u00f1a sol\u00eda abrazarme a su tronco y saludarle cada vez que paseaba por ah\u00ed.&nbsp;<\/p>\n<p>Cog\u00ed la hoja ocre, seca y majestuosa, parec\u00eda un consuelo. El pa\u00f1uelo que me faltaba. Sonre\u00ed con tristeza y me levant\u00e9.&nbsp;<\/p>\n<p>\u2014Gracias. \u2014susurr\u00e9. Entonces, como si el \u00e1rbol estuviera charlando conmigo, volvi\u00f3 a mover sus hojas, dej\u00e1ndome anonadada. Frunc\u00ed mi ce\u00f1o y extra\u00f1ada, volv\u00ed a emprender el camino a casa.&nbsp;<\/p>\n<p>La primavera lleg\u00f3 tan r\u00e1pido que apenas pude ver la llegada de las golondrinas y a los jazmines florecer. Ten\u00eda mucho que hacer, pero intentaba ir a ver a aquel \u00e1rbol de vez en cuando. Desconozco el porqu\u00e9, pero me hac\u00eda sentir mejor. Era como un amigo fascinante al que observaba y admiraba. No hab\u00eda cambiado mucho su aspecto desde oto\u00f1o, tan solo algunas hojas m\u00e1s desgastadas y en menor cantidad.&nbsp;<\/p>\n<p>Un d\u00eda, vi a un peque\u00f1o cachorro atado a su grueso tronco. Alguien lo hab\u00eda dejado ah\u00ed. Abandonado. Solo. Confundido. Perdido entre una indiferencia mucho m\u00e1s grande que \u00e9l.&nbsp;<\/p>\n<p>Llov\u00eda. El peque\u00f1o se tumb\u00f3 debajo del \u00e1rbol y este dej\u00f3 caer varias hojas sobre \u00e9l. Para taparle, para protegerlo de todo mal. Y le arrop\u00f3 con sus ramas. Despu\u00e9s de contemplar la tierna escena llev\u00e9 al perrito a un lugar seguro, aunque tampoco sab\u00eda si alg\u00fan sitio era m\u00e1s seguro que el escudo de protecci\u00f3n que proporcionaba aquel \u00e1rbol.&nbsp;<\/p>\n<p>Otro d\u00eda, a un ni\u00f1o se le hab\u00eda quedado atrapada, en una de las ramas, una pelota de f\u00fatbol. El ni\u00f1o miraba el bal\u00f3n triste, con sus ojos azules, que brillaban como el cristal. Y sin que nada ni nadie m\u00e1s que el \u00e1rbol lo provocara, dej\u00f3 caer la pelota, a los pies del chiquillo, que se fue con una sonrisa radiante a jugar de nuevo.&nbsp;<\/p>\n<p>Hace un par de d\u00edas, una amiga vino a visitarme y me cont\u00f3 que hace unos a\u00f1os se le hab\u00eda perdido, uno de esos d\u00edas que jug\u00e1bamos al escondite toda la tarde por la calle, un cuaderno cerca de las ra\u00edces del \u00e1rbol. Me dijo que abriera mis manos y sobre estas, coloc\u00f3 el cuaderno, un poco sucio y viejo, pero con mucha historia vivida. El \u00e1rbol se lo devolvi\u00f3, de la nada, cuando ella andaba junto a \u00e9l ah\u00ed estaba, tendido en el suelo, esperando que su due\u00f1a lo recuperara.<\/p>\n<p>As\u00ed que ayer decid\u00ed volver a visitarlo, a cuidarlo, de alguna manera, como \u00e9l hab\u00eda estado haciendo con todos nosotros. Nos observaba, nos conoc\u00eda, nos apreciaba, nos divert\u00eda y nos lloraba. Estaba fielmente ah\u00ed, haci\u00e9ndonos felices.&nbsp;<\/p>\n<p>Entonces, cuando fui, espantada, vi que un par de tipos lo estaban aprisionando. Estaban colocando unas cintas a su alrededor. Llevaban unos monos de trabajo amarillo chill\u00f3n, adem\u00e1s, en el interior de la furgoneta que parec\u00eda acompa\u00f1arles se asomaban unas motosierras.&nbsp;&nbsp;<\/p>\n<p>\u2014Perdonen \u00bfQu\u00e9 hacen? \u00bfVan a talar el \u00e1rbol? \u2014pregunt\u00e9, asustada, ante la mirada atenta de una mujer y un hombre de mediana edad. Apenado, el var\u00f3n me respondi\u00f3:<\/p>\n<p>\u2014Est\u00e1 enfermo, desnutrido. La contaminaci\u00f3n de este lugar ha hecho que los hongos que le alimentan se debiliten. Ma\u00f1ana lo talaremos. \u2014ten\u00eda ganas de llorar, de impotencia y pena. No quer\u00eda que lo alejaran de mi lado. Ese \u00e1rbol siempre hab\u00eda estado ah\u00ed, me hab\u00eda visto crecer.&nbsp;<\/p>\n<p>Cuando anocheci\u00f3 y el fr\u00edo se levant\u00f3, le tap\u00e9 con una chaqueta atada a su tronco y solt\u00e9 unas cuantas l\u00e1grimas sobre su tierra. Una hoja cay\u00f3 en mi mano, como unos meses atr\u00e1s en el banco, otra vez actuando de consuelo. Le pregunt\u00e9 si pod\u00eda hacer algo para curarle, para invertir la situaci\u00f3n. Movi\u00f3 sus hojas de un lado a otro, negando y me desped\u00ed de \u00e9l. Le promet\u00ed que cuidar\u00eda a los \u00e1rboles tanto como ellos se preocupaban por m\u00ed. Al d\u00eda siguiente lo talaron.<\/p>\n<p>Porque los \u00e1rboles nos observan.<br \/>Nos protegen.<br \/>Nos quieren.<br \/>Nos sufren.&nbsp;<br \/>Y a\u00fan as\u00ed intentan mantenerse ah\u00ed.<br \/>Igual que nosotros.&nbsp;<br \/>Porque los \u00e1rboles tambi\u00e9n lloran.&nbsp;<br \/>\u00bfVamos a ser su pa\u00f1uelo o su perdici\u00f3n?&#8221;<\/p>\n<p><em>*Ilustraci\u00f3n de Teresa Mart\u00edn.<\/em><\/p>\n","protected":false},"excerpt":{"rendered":"<p>Por Miranda Gonz\u00e1lez Mart\u00ednez. &#8220;El rumor de los \u00e1rboles era mi acompa\u00f1amiento favorito para pasear en oto\u00f1o. Me gustaba escuchar el ritmo que se formaba mientras yo caminaba y sus hojas se encontraban. Pero aquel d\u00eda nada parec\u00eda ser de mi agrado.La calle estaba m\u00e1s callada que la conciencia de un coraz\u00f3n oscuro. Las nubes grises acompa\u00f1aban a la tormenta de mis mejillas y yo corriendo hu\u00eda, ya sin poder escapar, de todo y de nada. De la intermitente lluvia que me hab\u00eda estado acechando durante los \u00faltimos d\u00edas.&nbsp;Suspir\u00e9. Agradec\u00eda que no hubiera atisbo de presencia alguna en la acera. S\u00f3lo me acompa\u00f1aban los bancos vac\u00edos, las piedras ca\u00eddas y los dulces \u00e1rboles que amparaban recuerdos. Par\u00e9 un momento y decid\u00ed sentarme en uno de los bancos, pues ya me dol\u00edan los pies por mi fuga; acto seguido abr\u00ed mi bolso en busca de un pa\u00f1uelo para secar mis l\u00e1grimas, [&hellip;]<\/p>\n","protected":false},"featured_media":5641,"template":"","format":[115],"categories":[12],"tags":[8],"cause":[128,132],"class_list":["post-5636","publicacion","type-publicacion","status-publish","has-post-thumbnail","hentry","category-recursos-educativos","tag-participacion-y-ciudadania-global","cause-educacion","cause-participacion-y-ciudadania-global","format-recursos-educativos"],"acf":[],"yoast_head":"<!-- This site is optimized with the Yoast SEO Premium plugin v21.6 (Yoast SEO v27.5) - https:\/\/yoast.com\/product\/yoast-seo-premium-wordpress\/ -->\n<title>&quot;Los \u00e1rboles tambi\u00e9n lloran&quot;: Finalista Un Mundo de Cuento - Entreculturas<\/title>\n<meta name=\"robots\" content=\"index, follow, max-snippet:-1, max-image-preview:large, max-video-preview:-1\" \/>\n<link rel=\"canonical\" href=\"https:\/\/www.entreculturas.org\/en\/publicacion\/los-arboles-tambien-lloran-finalista-un-mundo-de-cuento\/\" \/>\n<meta property=\"og:locale\" content=\"en_US\" \/>\n<meta property=\"og:type\" content=\"article\" \/>\n<meta property=\"og:title\" content=\"&quot;Los \u00e1rboles tambi\u00e9n lloran&quot;: Finalista Un Mundo de Cuento\" \/>\n<meta property=\"og:description\" content=\"Por Miranda Gonz\u00e1lez Mart\u00ednez. &#8220;El rumor de los \u00e1rboles era mi acompa\u00f1amiento favorito para pasear en oto\u00f1o. Me gustaba escuchar el ritmo que se formaba mientras yo caminaba y sus hojas se encontraban. Pero aquel d\u00eda nada parec\u00eda ser de mi agrado.La calle estaba m\u00e1s callada que la conciencia de un coraz\u00f3n oscuro. Las nubes grises acompa\u00f1aban a la tormenta de mis mejillas y yo corriendo hu\u00eda, ya sin poder escapar, de todo y de nada. De la intermitente lluvia que me hab\u00eda estado acechando durante los \u00faltimos d\u00edas.&nbsp;Suspir\u00e9. Agradec\u00eda que no hubiera atisbo de presencia alguna en la acera. S\u00f3lo me acompa\u00f1aban los bancos vac\u00edos, las piedras ca\u00eddas y los dulces \u00e1rboles que amparaban recuerdos. Par\u00e9 un momento y decid\u00ed sentarme en uno de los bancos, pues ya me dol\u00edan los pies por mi fuga; acto seguido abr\u00ed mi bolso en busca de un pa\u00f1uelo para secar mis l\u00e1grimas, [&hellip;]\" \/>\n<meta property=\"og:url\" content=\"https:\/\/www.entreculturas.org\/en\/publicacion\/los-arboles-tambien-lloran-finalista-un-mundo-de-cuento\/\" \/>\n<meta property=\"og:site_name\" content=\"Entreculturas\" \/>\n<meta property=\"article:publisher\" content=\"https:\/\/www.facebook.com\/entreculturas\" \/>\n<meta property=\"article:modified_time\" content=\"2024-03-20T16:58:46+00:00\" \/>\n<meta property=\"og:image\" content=\"https:\/\/www.entreculturas.org\/wp-content\/uploads\/2020\/07\/8_0-scaled-1.jpg\" \/>\n\t<meta property=\"og:image:width\" content=\"2109\" \/>\n\t<meta property=\"og:image:height\" content=\"2560\" \/>\n\t<meta property=\"og:image:type\" content=\"image\/jpeg\" \/>\n<meta name=\"twitter:card\" content=\"summary_large_image\" \/>\n<meta name=\"twitter:site\" content=\"@Entreculturas\" \/>\n<script type=\"application\/ld+json\" class=\"yoast-schema-graph\">{\"@context\":\"https:\\\/\\\/schema.org\",\"@graph\":[{\"@type\":\"WebPage\",\"@id\":\"https:\\\/\\\/www.entreculturas.org\\\/en\\\/publicacion\\\/los-arboles-tambien-lloran-finalista-un-mundo-de-cuento\\\/\",\"url\":\"https:\\\/\\\/www.entreculturas.org\\\/en\\\/publicacion\\\/los-arboles-tambien-lloran-finalista-un-mundo-de-cuento\\\/\",\"name\":\"\\\"Los \u00e1rboles tambi\u00e9n lloran\\\": Finalista Un Mundo de Cuento - Entreculturas\",\"isPartOf\":{\"@id\":\"https:\\\/\\\/www.entreculturas.org\\\/en\\\/#website\"},\"primaryImageOfPage\":{\"@id\":\"https:\\\/\\\/www.entreculturas.org\\\/en\\\/publicacion\\\/los-arboles-tambien-lloran-finalista-un-mundo-de-cuento\\\/#primaryimage\"},\"image\":{\"@id\":\"https:\\\/\\\/www.entreculturas.org\\\/en\\\/publicacion\\\/los-arboles-tambien-lloran-finalista-un-mundo-de-cuento\\\/#primaryimage\"},\"thumbnailUrl\":\"https:\\\/\\\/www.entreculturas.org\\\/wp-content\\\/uploads\\\/2020\\\/07\\\/8_0-scaled-1.jpg\",\"datePublished\":\"2020-07-27T08:49:41+00:00\",\"dateModified\":\"2024-03-20T16:58:46+00:00\",\"breadcrumb\":{\"@id\":\"https:\\\/\\\/www.entreculturas.org\\\/en\\\/publicacion\\\/los-arboles-tambien-lloran-finalista-un-mundo-de-cuento\\\/#breadcrumb\"},\"inLanguage\":\"en-US\",\"potentialAction\":[{\"@type\":\"ReadAction\",\"target\":[\"https:\\\/\\\/www.entreculturas.org\\\/en\\\/publicacion\\\/los-arboles-tambien-lloran-finalista-un-mundo-de-cuento\\\/\"]}]},{\"@type\":\"ImageObject\",\"inLanguage\":\"en-US\",\"@id\":\"https:\\\/\\\/www.entreculturas.org\\\/en\\\/publicacion\\\/los-arboles-tambien-lloran-finalista-un-mundo-de-cuento\\\/#primaryimage\",\"url\":\"https:\\\/\\\/www.entreculturas.org\\\/wp-content\\\/uploads\\\/2020\\\/07\\\/8_0-scaled-1.jpg\",\"contentUrl\":\"https:\\\/\\\/www.entreculturas.org\\\/wp-content\\\/uploads\\\/2020\\\/07\\\/8_0-scaled-1.jpg\",\"width\":2109,\"height\":2560,\"caption\":\"8\"},{\"@type\":\"BreadcrumbList\",\"@id\":\"https:\\\/\\\/www.entreculturas.org\\\/en\\\/publicacion\\\/los-arboles-tambien-lloran-finalista-un-mundo-de-cuento\\\/#breadcrumb\",\"itemListElement\":[{\"@type\":\"ListItem\",\"position\":1,\"name\":\"Home\",\"item\":\"https:\\\/\\\/www.entreculturas.org\\\/en\\\/\"},{\"@type\":\"ListItem\",\"position\":2,\"name\":\"Publicaciones\",\"item\":\"https:\\\/\\\/www.entreculturas.org\\\/en\\\/publicaciones\\\/\"},{\"@type\":\"ListItem\",\"position\":3,\"name\":\"&#8220;Los \u00e1rboles tambi\u00e9n lloran&#8221;: Finalista Un Mundo de Cuento\"}]},{\"@type\":\"WebSite\",\"@id\":\"https:\\\/\\\/www.entreculturas.org\\\/en\\\/#website\",\"url\":\"https:\\\/\\\/www.entreculturas.org\\\/en\\\/\",\"name\":\"Entreculturas\",\"description\":\"\",\"publisher\":{\"@id\":\"https:\\\/\\\/www.entreculturas.org\\\/en\\\/#organization\"},\"alternateName\":\"Entreculturas\",\"potentialAction\":[{\"@type\":\"SearchAction\",\"target\":{\"@type\":\"EntryPoint\",\"urlTemplate\":\"https:\\\/\\\/www.entreculturas.org\\\/en\\\/?s={search_term_string}\"},\"query-input\":{\"@type\":\"PropertyValueSpecification\",\"valueRequired\":true,\"valueName\":\"search_term_string\"}}],\"inLanguage\":\"en-US\"},{\"@type\":\"Organization\",\"@id\":\"https:\\\/\\\/www.entreculturas.org\\\/en\\\/#organization\",\"name\":\"Entreculturas\",\"url\":\"https:\\\/\\\/www.entreculturas.org\\\/en\\\/\",\"logo\":{\"@type\":\"ImageObject\",\"inLanguage\":\"en-US\",\"@id\":\"https:\\\/\\\/www.entreculturas.org\\\/en\\\/#\\\/schema\\\/logo\\\/image\\\/\",\"url\":\"https:\\\/\\\/www.entreculturas.org\\\/wp-content\\\/uploads\\\/2025\\\/10\\\/ESP.svg\",\"contentUrl\":\"https:\\\/\\\/www.entreculturas.org\\\/wp-content\\\/uploads\\\/2025\\\/10\\\/ESP.svg\",\"caption\":\"Entreculturas\"},\"image\":{\"@id\":\"https:\\\/\\\/www.entreculturas.org\\\/en\\\/#\\\/schema\\\/logo\\\/image\\\/\"},\"sameAs\":[\"https:\\\/\\\/www.facebook.com\\\/entreculturas\",\"https:\\\/\\\/x.com\\\/Entreculturas\",\"https:\\\/\\\/www.instagram.com\\\/entreculturas\\\/\",\"https:\\\/\\\/www.youtube.com\\\/user\\\/entreculturasvideo\",\"https:\\\/\\\/www.linkedin.com\\\/company\\\/fundacion-entreculturas-ngdo\\\/\",\"https:\\\/\\\/www.flickr.com\\\/photos\\\/98455522@N04\\\/albums\\\/\"]}]}<\/script>\n<!-- \/ Yoast SEO Premium plugin. -->","yoast_head_json":{"title":"\"Los \u00e1rboles tambi\u00e9n lloran\": Finalista Un Mundo de Cuento - Entreculturas","robots":{"index":"index","follow":"follow","max-snippet":"max-snippet:-1","max-image-preview":"max-image-preview:large","max-video-preview":"max-video-preview:-1"},"canonical":"https:\/\/www.entreculturas.org\/en\/publicacion\/los-arboles-tambien-lloran-finalista-un-mundo-de-cuento\/","og_locale":"en_US","og_type":"article","og_title":"\"Los \u00e1rboles tambi\u00e9n lloran\": Finalista Un Mundo de Cuento","og_description":"Por Miranda Gonz\u00e1lez Mart\u00ednez. &#8220;El rumor de los \u00e1rboles era mi acompa\u00f1amiento favorito para pasear en oto\u00f1o. Me gustaba escuchar el ritmo que se formaba mientras yo caminaba y sus hojas se encontraban. Pero aquel d\u00eda nada parec\u00eda ser de mi agrado.La calle estaba m\u00e1s callada que la conciencia de un coraz\u00f3n oscuro. Las nubes grises acompa\u00f1aban a la tormenta de mis mejillas y yo corriendo hu\u00eda, ya sin poder escapar, de todo y de nada. De la intermitente lluvia que me hab\u00eda estado acechando durante los \u00faltimos d\u00edas.&nbsp;Suspir\u00e9. Agradec\u00eda que no hubiera atisbo de presencia alguna en la acera. S\u00f3lo me acompa\u00f1aban los bancos vac\u00edos, las piedras ca\u00eddas y los dulces \u00e1rboles que amparaban recuerdos. Par\u00e9 un momento y decid\u00ed sentarme en uno de los bancos, pues ya me dol\u00edan los pies por mi fuga; acto seguido abr\u00ed mi bolso en busca de un pa\u00f1uelo para secar mis l\u00e1grimas, [&hellip;]","og_url":"https:\/\/www.entreculturas.org\/en\/publicacion\/los-arboles-tambien-lloran-finalista-un-mundo-de-cuento\/","og_site_name":"Entreculturas","article_publisher":"https:\/\/www.facebook.com\/entreculturas","article_modified_time":"2024-03-20T16:58:46+00:00","og_image":[{"width":2109,"height":2560,"url":"https:\/\/www.entreculturas.org\/wp-content\/uploads\/2020\/07\/8_0-scaled-1.jpg","type":"image\/jpeg"}],"twitter_card":"summary_large_image","twitter_site":"@Entreculturas","schema":{"@context":"https:\/\/schema.org","@graph":[{"@type":"WebPage","@id":"https:\/\/www.entreculturas.org\/en\/publicacion\/los-arboles-tambien-lloran-finalista-un-mundo-de-cuento\/","url":"https:\/\/www.entreculturas.org\/en\/publicacion\/los-arboles-tambien-lloran-finalista-un-mundo-de-cuento\/","name":"\"Los \u00e1rboles tambi\u00e9n lloran\": Finalista Un Mundo de Cuento - Entreculturas","isPartOf":{"@id":"https:\/\/www.entreculturas.org\/en\/#website"},"primaryImageOfPage":{"@id":"https:\/\/www.entreculturas.org\/en\/publicacion\/los-arboles-tambien-lloran-finalista-un-mundo-de-cuento\/#primaryimage"},"image":{"@id":"https:\/\/www.entreculturas.org\/en\/publicacion\/los-arboles-tambien-lloran-finalista-un-mundo-de-cuento\/#primaryimage"},"thumbnailUrl":"https:\/\/www.entreculturas.org\/wp-content\/uploads\/2020\/07\/8_0-scaled-1.jpg","datePublished":"2020-07-27T08:49:41+00:00","dateModified":"2024-03-20T16:58:46+00:00","breadcrumb":{"@id":"https:\/\/www.entreculturas.org\/en\/publicacion\/los-arboles-tambien-lloran-finalista-un-mundo-de-cuento\/#breadcrumb"},"inLanguage":"en-US","potentialAction":[{"@type":"ReadAction","target":["https:\/\/www.entreculturas.org\/en\/publicacion\/los-arboles-tambien-lloran-finalista-un-mundo-de-cuento\/"]}]},{"@type":"ImageObject","inLanguage":"en-US","@id":"https:\/\/www.entreculturas.org\/en\/publicacion\/los-arboles-tambien-lloran-finalista-un-mundo-de-cuento\/#primaryimage","url":"https:\/\/www.entreculturas.org\/wp-content\/uploads\/2020\/07\/8_0-scaled-1.jpg","contentUrl":"https:\/\/www.entreculturas.org\/wp-content\/uploads\/2020\/07\/8_0-scaled-1.jpg","width":2109,"height":2560,"caption":"8"},{"@type":"BreadcrumbList","@id":"https:\/\/www.entreculturas.org\/en\/publicacion\/los-arboles-tambien-lloran-finalista-un-mundo-de-cuento\/#breadcrumb","itemListElement":[{"@type":"ListItem","position":1,"name":"Home","item":"https:\/\/www.entreculturas.org\/en\/"},{"@type":"ListItem","position":2,"name":"Publicaciones","item":"https:\/\/www.entreculturas.org\/en\/publicaciones\/"},{"@type":"ListItem","position":3,"name":"&#8220;Los \u00e1rboles tambi\u00e9n lloran&#8221;: Finalista Un Mundo de Cuento"}]},{"@type":"WebSite","@id":"https:\/\/www.entreculturas.org\/en\/#website","url":"https:\/\/www.entreculturas.org\/en\/","name":"Entreculturas","description":"","publisher":{"@id":"https:\/\/www.entreculturas.org\/en\/#organization"},"alternateName":"Entreculturas","potentialAction":[{"@type":"SearchAction","target":{"@type":"EntryPoint","urlTemplate":"https:\/\/www.entreculturas.org\/en\/?s={search_term_string}"},"query-input":{"@type":"PropertyValueSpecification","valueRequired":true,"valueName":"search_term_string"}}],"inLanguage":"en-US"},{"@type":"Organization","@id":"https:\/\/www.entreculturas.org\/en\/#organization","name":"Entreculturas","url":"https:\/\/www.entreculturas.org\/en\/","logo":{"@type":"ImageObject","inLanguage":"en-US","@id":"https:\/\/www.entreculturas.org\/en\/#\/schema\/logo\/image\/","url":"https:\/\/www.entreculturas.org\/wp-content\/uploads\/2025\/10\/ESP.svg","contentUrl":"https:\/\/www.entreculturas.org\/wp-content\/uploads\/2025\/10\/ESP.svg","caption":"Entreculturas"},"image":{"@id":"https:\/\/www.entreculturas.org\/en\/#\/schema\/logo\/image\/"},"sameAs":["https:\/\/www.facebook.com\/entreculturas","https:\/\/x.com\/Entreculturas","https:\/\/www.instagram.com\/entreculturas\/","https:\/\/www.youtube.com\/user\/entreculturasvideo","https:\/\/www.linkedin.com\/company\/fundacion-entreculturas-ngdo\/","https:\/\/www.flickr.com\/photos\/98455522@N04\/albums\/"]}]}},"_links":{"self":[{"href":"https:\/\/www.entreculturas.org\/en\/wp-json\/wp\/v2\/publicacion\/5636","targetHints":{"allow":["GET"]}}],"collection":[{"href":"https:\/\/www.entreculturas.org\/en\/wp-json\/wp\/v2\/publicacion"}],"about":[{"href":"https:\/\/www.entreculturas.org\/en\/wp-json\/wp\/v2\/types\/publicacion"}],"wp:featuredmedia":[{"embeddable":true,"href":"https:\/\/www.entreculturas.org\/en\/wp-json\/wp\/v2\/media\/5641"}],"wp:attachment":[{"href":"https:\/\/www.entreculturas.org\/en\/wp-json\/wp\/v2\/media?parent=5636"}],"wp:term":[{"taxonomy":"category","embeddable":true,"href":"https:\/\/www.entreculturas.org\/en\/wp-json\/wp\/v2\/categories?post=5636"},{"taxonomy":"post_tag","embeddable":true,"href":"https:\/\/www.entreculturas.org\/en\/wp-json\/wp\/v2\/tags?post=5636"},{"taxonomy":"cause","embeddable":true,"href":"https:\/\/www.entreculturas.org\/en\/wp-json\/wp\/v2\/cause?post=5636"},{"taxonomy":"format","embeddable":true,"href":"https:\/\/www.entreculturas.org\/en\/wp-json\/wp\/v2\/format?post=5636"}],"curies":[{"name":"wp","href":"https:\/\/api.w.org\/{rel}","templated":true}]}}