{"id":5586,"date":"2020-07-03T09:02:35","date_gmt":"2020-07-03T09:02:35","guid":{"rendered":"https:\/\/entreculturasi.wpenginepowered.com\/?publicaciones=viaje-la-felicidad-primer-finalista-concurso-un-mundo-de-cuento"},"modified":"2024-03-20T18:01:12","modified_gmt":"2024-03-20T17:01:12","slug":"viaje-la-felicidad-primer-finalista-concurso-un-mundo-de-cuento","status":"publish","type":"publicacion","link":"https:\/\/www.entreculturas.org\/en\/publicacion\/viaje-la-felicidad-primer-finalista-concurso-un-mundo-de-cuento\/","title":{"rendered":"&#8220;Viaje a la felicidad&#8221; : Primer finalista concurso Un Mundo de Cuento"},"content":{"rendered":"<p dir=\"ltr\" style=\"line-height:1.2;margin-top:0pt;margin-bottom:0pt;\">Por Ana Julia Lobato Arag\u00f3n, menor de 18 a\u00f1os, desde Chiclana de la Frontera, C\u00e1diz, Espa\u00f1a.<\/p>\n<div>&nbsp;<\/div>\n<div>&#8220;Hola, mi nombre es Joel, tengo diez a\u00f1os y voy a contaros c\u00f3mo realic\u00e9 el mejor viaje de mi vida.&nbsp;<\/div>\n<div>&nbsp;<\/div>\n<div>Todo empez\u00f3 cuando mi padre vino a casa con una incre\u00edble noticia. Nos regalaba un magn\u00edfico viaje, a mi hermana y a m\u00ed, a otro pa\u00eds. Mi hermana se llama Siara y le encanta pintar, en las paredes, en la calle, \u00a1hasta en las piedras! Mi padre nos dijo que solo ten\u00eda billetes para dos personas, as\u00ed que solo fuimos nosotros. Est\u00e1bamos muy felices porque nunca hab\u00edamos viajado fuera del pa\u00eds. El barco sal\u00eda en una semana.<br \/>&nbsp;<\/div>\n<div>El d\u00eda antes de nuestra salida preparamos nuestra maleta. Mam\u00e1 nos dijo que llev\u00e1semos solo lo fundamental, no me hac\u00eda falta nada m\u00e1s porque solo quer\u00eda que disfrut\u00e1ramos del viaje. Antes de nuestra marcha, ella estaba un poco triste, pero yo le tranquilic\u00e9 dici\u00e9ndole que iba a volver en unos d\u00edas y le iba a traer muchos regalos.<\/div>\n<div>El d\u00eda que nos fuimos est\u00e1bamos muy nerviosos y muy ilusionados. Mi pap\u00e1 nos acompa\u00f1\u00f3 hasta el puerto desde donde zarpaba el barco. Era impresionante. Nunca hab\u00eda visto algo igual, pero hab\u00eda muchas personas muy pegadas y est\u00e1bamos agobiados.<\/div>\n<div>Durante toda la traves\u00eda pudimos ver el mar y mi hermana se pas\u00f3 todo el tiempo pintando los paisajes, que por otro lado, a m\u00ed se me ocurr\u00edan siempre iguales. Por la noche hac\u00eda mucho fr\u00edo y el agua estaba revuelta, pero por la ma\u00f1ana se estaba genial. Algunas personas decid\u00edan quedarse en la traves\u00eda, sin llegar al destino, algunos dec\u00edan que hab\u00eda gente que prefer\u00eda ir nadando pero, \u00a1qu\u00e9 tontos, con lo c\u00f3modo que era el barco!&nbsp;<\/div>\n<div>Mi hermana tambi\u00e9n quiso quedarse con ellos. Creo que era porque prefer\u00eda pintar el paisaje desde otra perspectiva. Me dijo que me esperar\u00eda en el puerto, pero a\u00fan no ha llegado, seguro que se ha entretenido pintando.<br \/>&nbsp;<\/div>\n<div>El camino fue un poco largo, y cuando llegamos vimos a muchas personas esper\u00e1ndonos y todos salieron corriendo de la emoci\u00f3n. A m\u00ed me recogi\u00f3 un hombre que dec\u00eda que se llamaba Polic\u00eda y me llev\u00f3 a un hotel para dormir. Ese lugar era muy grande y hab\u00eda muchos ni\u00f1os y ni\u00f1as como yo. Todos dorm\u00edamos juntos en camas muy chulas, \u00a1eran dobles! Una encima de la otra, y se sub\u00eda por una escalera.&nbsp;<\/div>\n<div>Pero ya han pasado muchos d\u00edas y yo quiero volver con mis padres y mi hermana, que seguro que ya est\u00e1 con ellos, y poder contarles todo lo que se han perdido en este viaje.<\/div>\n<div>\u2014 Muchas gracias, Joel. Bienvenido a la clase de quinto, \u00bfalguna pregunta para vuestro nuevo compa\u00f1ero?<\/div>\n<div>\u2014 \u00bfPor qu\u00e9 tiene la piel de otro color?<\/div>\n<div>\u2014 \u00bfPor qu\u00e9 hablas diferente?<\/div>\n<div>\u2014 \u00bfY tus padres han venido a verte?<\/div>\n<div>\u2014 \u00c9l es un alumno migrante. Sus padres trabajan mucho y no pueden venir a verle, pero le han regalado a Joel este viaje para ofrecerle la oportunidad de aprender como ustedes. A veces, muchos ni\u00f1os y ni\u00f1as que viven en pa\u00edses, como el de Joel, no tienen la misma oportunidad de ir al cole y por eso, Joel est\u00e1 aqu\u00ed. Va a aprender muchas cosas nuevas y entre todos y todas se las vamos ense\u00f1ar.<\/div>\n<div>\u2014 \u00bfY tu hermana?<\/div>\n<div>\u2014 Estoy esper\u00e1ndola. Qui\u00e9n sabe, quiz\u00e1s se equivoc\u00f3 al nadar y ha vuelto a casa.<\/div>\n<div>Los compa\u00f1eros y compa\u00f1era<span style=\"white-space:pre\"> <\/span>s se miraron con cara de extra\u00f1eza. La profesora les desvi\u00f3 la atenci\u00f3n. Hab\u00eda cosas que no eran f\u00e1ciles de entender ni de aceptar, incluso para Joel.&#8221;<br \/>&nbsp;<\/div>\n<div>&nbsp;<\/div>\n<div><em>*Ilustraci\u00f3n realizada por&nbsp;Elena Guill\u00e9n<\/em><\/div>\n","protected":false},"excerpt":{"rendered":"<p>Por Ana Julia Lobato Arag\u00f3n, menor de 18 a\u00f1os, desde Chiclana de la Frontera, C\u00e1diz, Espa\u00f1a. &nbsp; &#8220;Hola, mi nombre es Joel, tengo diez a\u00f1os y voy a contaros c\u00f3mo realic\u00e9 el mejor viaje de mi vida.&nbsp; &nbsp; Todo empez\u00f3 cuando mi padre vino a casa con una incre\u00edble noticia. Nos regalaba un magn\u00edfico viaje, a mi hermana y a m\u00ed, a otro pa\u00eds. Mi hermana se llama Siara y le encanta pintar, en las paredes, en la calle, \u00a1hasta en las piedras! Mi padre nos dijo que solo ten\u00eda billetes para dos personas, as\u00ed que solo fuimos nosotros. Est\u00e1bamos muy felices porque nunca hab\u00edamos viajado fuera del pa\u00eds. El barco sal\u00eda en una semana.&nbsp; El d\u00eda antes de nuestra salida preparamos nuestra maleta. Mam\u00e1 nos dijo que llev\u00e1semos solo lo fundamental, no me hac\u00eda falta nada m\u00e1s porque solo quer\u00eda que disfrut\u00e1ramos del viaje. Antes de nuestra marcha, ella [&hellip;]<\/p>\n","protected":false},"featured_media":5589,"template":"","format":[115],"categories":[12],"tags":[8],"cause":[128,132],"class_list":["post-5586","publicacion","type-publicacion","status-publish","has-post-thumbnail","hentry","category-recursos-educativos","tag-participacion-y-ciudadania-global","cause-educacion","cause-participacion-y-ciudadania-global","format-recursos-educativos"],"acf":[],"yoast_head":"<!-- This site is optimized with the Yoast SEO Premium plugin v21.6 (Yoast SEO v27.5) - https:\/\/yoast.com\/product\/yoast-seo-premium-wordpress\/ -->\n<title>&quot;Viaje a la felicidad&quot; : Primer finalista concurso Un Mundo de Cuento - Entreculturas<\/title>\n<meta name=\"robots\" content=\"index, follow, max-snippet:-1, max-image-preview:large, max-video-preview:-1\" \/>\n<link rel=\"canonical\" href=\"https:\/\/www.entreculturas.org\/en\/publicacion\/viaje-la-felicidad-primer-finalista-concurso-un-mundo-de-cuento\/\" \/>\n<meta property=\"og:locale\" content=\"en_US\" \/>\n<meta property=\"og:type\" content=\"article\" \/>\n<meta property=\"og:title\" content=\"&quot;Viaje a la felicidad&quot; : Primer finalista concurso Un Mundo de Cuento\" \/>\n<meta property=\"og:description\" content=\"Por Ana Julia Lobato Arag\u00f3n, menor de 18 a\u00f1os, desde Chiclana de la Frontera, C\u00e1diz, Espa\u00f1a. &nbsp; &#8220;Hola, mi nombre es Joel, tengo diez a\u00f1os y voy a contaros c\u00f3mo realic\u00e9 el mejor viaje de mi vida.&nbsp; &nbsp; Todo empez\u00f3 cuando mi padre vino a casa con una incre\u00edble noticia. Nos regalaba un magn\u00edfico viaje, a mi hermana y a m\u00ed, a otro pa\u00eds. Mi hermana se llama Siara y le encanta pintar, en las paredes, en la calle, \u00a1hasta en las piedras! Mi padre nos dijo que solo ten\u00eda billetes para dos personas, as\u00ed que solo fuimos nosotros. Est\u00e1bamos muy felices porque nunca hab\u00edamos viajado fuera del pa\u00eds. El barco sal\u00eda en una semana.&nbsp; El d\u00eda antes de nuestra salida preparamos nuestra maleta. Mam\u00e1 nos dijo que llev\u00e1semos solo lo fundamental, no me hac\u00eda falta nada m\u00e1s porque solo quer\u00eda que disfrut\u00e1ramos del viaje. Antes de nuestra marcha, ella [&hellip;]\" \/>\n<meta property=\"og:url\" content=\"https:\/\/www.entreculturas.org\/en\/publicacion\/viaje-la-felicidad-primer-finalista-concurso-un-mundo-de-cuento\/\" \/>\n<meta property=\"og:site_name\" content=\"Entreculturas\" \/>\n<meta property=\"article:publisher\" content=\"https:\/\/www.facebook.com\/entreculturas\" \/>\n<meta property=\"article:modified_time\" content=\"2024-03-20T17:01:12+00:00\" \/>\n<meta property=\"og:image\" content=\"https:\/\/www.entreculturas.org\/wp-content\/uploads\/2020\/07\/unnamed_2.jpg\" \/>\n\t<meta property=\"og:image:width\" content=\"1309\" \/>\n\t<meta property=\"og:image:height\" content=\"1309\" \/>\n\t<meta property=\"og:image:type\" content=\"image\/jpeg\" \/>\n<meta name=\"twitter:card\" content=\"summary_large_image\" \/>\n<meta name=\"twitter:site\" content=\"@Entreculturas\" \/>\n<script type=\"application\/ld+json\" class=\"yoast-schema-graph\">{\"@context\":\"https:\\\/\\\/schema.org\",\"@graph\":[{\"@type\":\"WebPage\",\"@id\":\"https:\\\/\\\/www.entreculturas.org\\\/en\\\/publicacion\\\/viaje-la-felicidad-primer-finalista-concurso-un-mundo-de-cuento\\\/\",\"url\":\"https:\\\/\\\/www.entreculturas.org\\\/en\\\/publicacion\\\/viaje-la-felicidad-primer-finalista-concurso-un-mundo-de-cuento\\\/\",\"name\":\"\\\"Viaje a la felicidad\\\" : Primer finalista concurso Un Mundo de Cuento - Entreculturas\",\"isPartOf\":{\"@id\":\"https:\\\/\\\/www.entreculturas.org\\\/en\\\/#website\"},\"primaryImageOfPage\":{\"@id\":\"https:\\\/\\\/www.entreculturas.org\\\/en\\\/publicacion\\\/viaje-la-felicidad-primer-finalista-concurso-un-mundo-de-cuento\\\/#primaryimage\"},\"image\":{\"@id\":\"https:\\\/\\\/www.entreculturas.org\\\/en\\\/publicacion\\\/viaje-la-felicidad-primer-finalista-concurso-un-mundo-de-cuento\\\/#primaryimage\"},\"thumbnailUrl\":\"https:\\\/\\\/www.entreculturas.org\\\/wp-content\\\/uploads\\\/2020\\\/07\\\/unnamed_2.jpg\",\"datePublished\":\"2020-07-03T09:02:35+00:00\",\"dateModified\":\"2024-03-20T17:01:12+00:00\",\"breadcrumb\":{\"@id\":\"https:\\\/\\\/www.entreculturas.org\\\/en\\\/publicacion\\\/viaje-la-felicidad-primer-finalista-concurso-un-mundo-de-cuento\\\/#breadcrumb\"},\"inLanguage\":\"en-US\",\"potentialAction\":[{\"@type\":\"ReadAction\",\"target\":[\"https:\\\/\\\/www.entreculturas.org\\\/en\\\/publicacion\\\/viaje-la-felicidad-primer-finalista-concurso-un-mundo-de-cuento\\\/\"]}]},{\"@type\":\"ImageObject\",\"inLanguage\":\"en-US\",\"@id\":\"https:\\\/\\\/www.entreculturas.org\\\/en\\\/publicacion\\\/viaje-la-felicidad-primer-finalista-concurso-un-mundo-de-cuento\\\/#primaryimage\",\"url\":\"https:\\\/\\\/www.entreculturas.org\\\/wp-content\\\/uploads\\\/2020\\\/07\\\/unnamed_2.jpg\",\"contentUrl\":\"https:\\\/\\\/www.entreculturas.org\\\/wp-content\\\/uploads\\\/2020\\\/07\\\/unnamed_2.jpg\",\"width\":1309,\"height\":1309,\"caption\":\"unnamed\"},{\"@type\":\"BreadcrumbList\",\"@id\":\"https:\\\/\\\/www.entreculturas.org\\\/en\\\/publicacion\\\/viaje-la-felicidad-primer-finalista-concurso-un-mundo-de-cuento\\\/#breadcrumb\",\"itemListElement\":[{\"@type\":\"ListItem\",\"position\":1,\"name\":\"Home\",\"item\":\"https:\\\/\\\/www.entreculturas.org\\\/en\\\/\"},{\"@type\":\"ListItem\",\"position\":2,\"name\":\"Publicaciones\",\"item\":\"https:\\\/\\\/www.entreculturas.org\\\/en\\\/publicaciones\\\/\"},{\"@type\":\"ListItem\",\"position\":3,\"name\":\"&#8220;Viaje a la felicidad&#8221; : Primer finalista concurso Un Mundo de Cuento\"}]},{\"@type\":\"WebSite\",\"@id\":\"https:\\\/\\\/www.entreculturas.org\\\/en\\\/#website\",\"url\":\"https:\\\/\\\/www.entreculturas.org\\\/en\\\/\",\"name\":\"Entreculturas\",\"description\":\"\",\"publisher\":{\"@id\":\"https:\\\/\\\/www.entreculturas.org\\\/en\\\/#organization\"},\"alternateName\":\"Entreculturas\",\"potentialAction\":[{\"@type\":\"SearchAction\",\"target\":{\"@type\":\"EntryPoint\",\"urlTemplate\":\"https:\\\/\\\/www.entreculturas.org\\\/en\\\/?s={search_term_string}\"},\"query-input\":{\"@type\":\"PropertyValueSpecification\",\"valueRequired\":true,\"valueName\":\"search_term_string\"}}],\"inLanguage\":\"en-US\"},{\"@type\":\"Organization\",\"@id\":\"https:\\\/\\\/www.entreculturas.org\\\/en\\\/#organization\",\"name\":\"Entreculturas\",\"url\":\"https:\\\/\\\/www.entreculturas.org\\\/en\\\/\",\"logo\":{\"@type\":\"ImageObject\",\"inLanguage\":\"en-US\",\"@id\":\"https:\\\/\\\/www.entreculturas.org\\\/en\\\/#\\\/schema\\\/logo\\\/image\\\/\",\"url\":\"https:\\\/\\\/www.entreculturas.org\\\/wp-content\\\/uploads\\\/2025\\\/10\\\/ESP.svg\",\"contentUrl\":\"https:\\\/\\\/www.entreculturas.org\\\/wp-content\\\/uploads\\\/2025\\\/10\\\/ESP.svg\",\"caption\":\"Entreculturas\"},\"image\":{\"@id\":\"https:\\\/\\\/www.entreculturas.org\\\/en\\\/#\\\/schema\\\/logo\\\/image\\\/\"},\"sameAs\":[\"https:\\\/\\\/www.facebook.com\\\/entreculturas\",\"https:\\\/\\\/x.com\\\/Entreculturas\",\"https:\\\/\\\/www.instagram.com\\\/entreculturas\\\/\",\"https:\\\/\\\/www.youtube.com\\\/user\\\/entreculturasvideo\",\"https:\\\/\\\/www.linkedin.com\\\/company\\\/fundacion-entreculturas-ngdo\\\/\",\"https:\\\/\\\/www.flickr.com\\\/photos\\\/98455522@N04\\\/albums\\\/\"]}]}<\/script>\n<!-- \/ Yoast SEO Premium plugin. -->","yoast_head_json":{"title":"\"Viaje a la felicidad\" : Primer finalista concurso Un Mundo de Cuento - Entreculturas","robots":{"index":"index","follow":"follow","max-snippet":"max-snippet:-1","max-image-preview":"max-image-preview:large","max-video-preview":"max-video-preview:-1"},"canonical":"https:\/\/www.entreculturas.org\/en\/publicacion\/viaje-la-felicidad-primer-finalista-concurso-un-mundo-de-cuento\/","og_locale":"en_US","og_type":"article","og_title":"\"Viaje a la felicidad\" : Primer finalista concurso Un Mundo de Cuento","og_description":"Por Ana Julia Lobato Arag\u00f3n, menor de 18 a\u00f1os, desde Chiclana de la Frontera, C\u00e1diz, Espa\u00f1a. &nbsp; &#8220;Hola, mi nombre es Joel, tengo diez a\u00f1os y voy a contaros c\u00f3mo realic\u00e9 el mejor viaje de mi vida.&nbsp; &nbsp; Todo empez\u00f3 cuando mi padre vino a casa con una incre\u00edble noticia. Nos regalaba un magn\u00edfico viaje, a mi hermana y a m\u00ed, a otro pa\u00eds. Mi hermana se llama Siara y le encanta pintar, en las paredes, en la calle, \u00a1hasta en las piedras! Mi padre nos dijo que solo ten\u00eda billetes para dos personas, as\u00ed que solo fuimos nosotros. Est\u00e1bamos muy felices porque nunca hab\u00edamos viajado fuera del pa\u00eds. El barco sal\u00eda en una semana.&nbsp; El d\u00eda antes de nuestra salida preparamos nuestra maleta. Mam\u00e1 nos dijo que llev\u00e1semos solo lo fundamental, no me hac\u00eda falta nada m\u00e1s porque solo quer\u00eda que disfrut\u00e1ramos del viaje. Antes de nuestra marcha, ella [&hellip;]","og_url":"https:\/\/www.entreculturas.org\/en\/publicacion\/viaje-la-felicidad-primer-finalista-concurso-un-mundo-de-cuento\/","og_site_name":"Entreculturas","article_publisher":"https:\/\/www.facebook.com\/entreculturas","article_modified_time":"2024-03-20T17:01:12+00:00","og_image":[{"width":1309,"height":1309,"url":"https:\/\/www.entreculturas.org\/wp-content\/uploads\/2020\/07\/unnamed_2.jpg","type":"image\/jpeg"}],"twitter_card":"summary_large_image","twitter_site":"@Entreculturas","schema":{"@context":"https:\/\/schema.org","@graph":[{"@type":"WebPage","@id":"https:\/\/www.entreculturas.org\/en\/publicacion\/viaje-la-felicidad-primer-finalista-concurso-un-mundo-de-cuento\/","url":"https:\/\/www.entreculturas.org\/en\/publicacion\/viaje-la-felicidad-primer-finalista-concurso-un-mundo-de-cuento\/","name":"\"Viaje a la felicidad\" : Primer finalista concurso Un Mundo de Cuento - Entreculturas","isPartOf":{"@id":"https:\/\/www.entreculturas.org\/en\/#website"},"primaryImageOfPage":{"@id":"https:\/\/www.entreculturas.org\/en\/publicacion\/viaje-la-felicidad-primer-finalista-concurso-un-mundo-de-cuento\/#primaryimage"},"image":{"@id":"https:\/\/www.entreculturas.org\/en\/publicacion\/viaje-la-felicidad-primer-finalista-concurso-un-mundo-de-cuento\/#primaryimage"},"thumbnailUrl":"https:\/\/www.entreculturas.org\/wp-content\/uploads\/2020\/07\/unnamed_2.jpg","datePublished":"2020-07-03T09:02:35+00:00","dateModified":"2024-03-20T17:01:12+00:00","breadcrumb":{"@id":"https:\/\/www.entreculturas.org\/en\/publicacion\/viaje-la-felicidad-primer-finalista-concurso-un-mundo-de-cuento\/#breadcrumb"},"inLanguage":"en-US","potentialAction":[{"@type":"ReadAction","target":["https:\/\/www.entreculturas.org\/en\/publicacion\/viaje-la-felicidad-primer-finalista-concurso-un-mundo-de-cuento\/"]}]},{"@type":"ImageObject","inLanguage":"en-US","@id":"https:\/\/www.entreculturas.org\/en\/publicacion\/viaje-la-felicidad-primer-finalista-concurso-un-mundo-de-cuento\/#primaryimage","url":"https:\/\/www.entreculturas.org\/wp-content\/uploads\/2020\/07\/unnamed_2.jpg","contentUrl":"https:\/\/www.entreculturas.org\/wp-content\/uploads\/2020\/07\/unnamed_2.jpg","width":1309,"height":1309,"caption":"unnamed"},{"@type":"BreadcrumbList","@id":"https:\/\/www.entreculturas.org\/en\/publicacion\/viaje-la-felicidad-primer-finalista-concurso-un-mundo-de-cuento\/#breadcrumb","itemListElement":[{"@type":"ListItem","position":1,"name":"Home","item":"https:\/\/www.entreculturas.org\/en\/"},{"@type":"ListItem","position":2,"name":"Publicaciones","item":"https:\/\/www.entreculturas.org\/en\/publicaciones\/"},{"@type":"ListItem","position":3,"name":"&#8220;Viaje a la felicidad&#8221; : Primer finalista concurso Un Mundo de Cuento"}]},{"@type":"WebSite","@id":"https:\/\/www.entreculturas.org\/en\/#website","url":"https:\/\/www.entreculturas.org\/en\/","name":"Entreculturas","description":"","publisher":{"@id":"https:\/\/www.entreculturas.org\/en\/#organization"},"alternateName":"Entreculturas","potentialAction":[{"@type":"SearchAction","target":{"@type":"EntryPoint","urlTemplate":"https:\/\/www.entreculturas.org\/en\/?s={search_term_string}"},"query-input":{"@type":"PropertyValueSpecification","valueRequired":true,"valueName":"search_term_string"}}],"inLanguage":"en-US"},{"@type":"Organization","@id":"https:\/\/www.entreculturas.org\/en\/#organization","name":"Entreculturas","url":"https:\/\/www.entreculturas.org\/en\/","logo":{"@type":"ImageObject","inLanguage":"en-US","@id":"https:\/\/www.entreculturas.org\/en\/#\/schema\/logo\/image\/","url":"https:\/\/www.entreculturas.org\/wp-content\/uploads\/2025\/10\/ESP.svg","contentUrl":"https:\/\/www.entreculturas.org\/wp-content\/uploads\/2025\/10\/ESP.svg","caption":"Entreculturas"},"image":{"@id":"https:\/\/www.entreculturas.org\/en\/#\/schema\/logo\/image\/"},"sameAs":["https:\/\/www.facebook.com\/entreculturas","https:\/\/x.com\/Entreculturas","https:\/\/www.instagram.com\/entreculturas\/","https:\/\/www.youtube.com\/user\/entreculturasvideo","https:\/\/www.linkedin.com\/company\/fundacion-entreculturas-ngdo\/","https:\/\/www.flickr.com\/photos\/98455522@N04\/albums\/"]}]}},"_links":{"self":[{"href":"https:\/\/www.entreculturas.org\/en\/wp-json\/wp\/v2\/publicacion\/5586","targetHints":{"allow":["GET"]}}],"collection":[{"href":"https:\/\/www.entreculturas.org\/en\/wp-json\/wp\/v2\/publicacion"}],"about":[{"href":"https:\/\/www.entreculturas.org\/en\/wp-json\/wp\/v2\/types\/publicacion"}],"wp:featuredmedia":[{"embeddable":true,"href":"https:\/\/www.entreculturas.org\/en\/wp-json\/wp\/v2\/media\/5589"}],"wp:attachment":[{"href":"https:\/\/www.entreculturas.org\/en\/wp-json\/wp\/v2\/media?parent=5586"}],"wp:term":[{"taxonomy":"category","embeddable":true,"href":"https:\/\/www.entreculturas.org\/en\/wp-json\/wp\/v2\/categories?post=5586"},{"taxonomy":"post_tag","embeddable":true,"href":"https:\/\/www.entreculturas.org\/en\/wp-json\/wp\/v2\/tags?post=5586"},{"taxonomy":"cause","embeddable":true,"href":"https:\/\/www.entreculturas.org\/en\/wp-json\/wp\/v2\/cause?post=5586"},{"taxonomy":"format","embeddable":true,"href":"https:\/\/www.entreculturas.org\/en\/wp-json\/wp\/v2\/format?post=5586"}],"curies":[{"name":"wp","href":"https:\/\/api.w.org\/{rel}","templated":true}]}}