{"id":5548,"date":"2020-05-28T14:51:46","date_gmt":"2020-05-28T14:51:46","guid":{"rendered":"https:\/\/entreculturasi.wpenginepowered.com\/?publicaciones=un-mundo-en-igualdad"},"modified":"2024-03-20T18:12:53","modified_gmt":"2024-03-20T17:12:53","slug":"un-mundo-en-igualdad","status":"publish","type":"publicacion","link":"https:\/\/www.entreculturas.org\/en\/publicacion\/un-mundo-en-igualdad\/","title":{"rendered":"Un Mundo en Igualdad"},"content":{"rendered":"<p>\u201cUn Mundo en Igualdad\u201d es el <strong>primer ejemplar de una serie de recopilaciones de recursos<\/strong> educativos dise\u00f1ados por Entreculturas para trabajar distintas tem\u00e1ticas globales con grupos de ni\u00f1os, ni\u00f1as y j\u00f3venes.<\/p>\n<p>En esta ocasi\u00f3n, esta publicaci\u00f3n recoge una serie de <strong>recursos educativos para trabajar sobre la promoci\u00f3n de la igualdad de g\u00e9nero<\/strong>, con el objetivo de desarrollar conocimientos, valores y competencias sociales y ciudadanas para promover que los grupos aprendan que la igualdad est\u00e1 en sus manos y que pueden ser protagonistas de los cambios necesarios para alcanzar una sociedad igualitaria.<\/p>\n<p>La publicaci\u00f3n ofrece <strong>propuestas did\u00e1cticas divididas en cuatro bloques de edad.<\/strong> Cada bloque recoge un itinerario adaptado con distintas actividades de menor a mayor grado de complejidad para trabajar con grupos de ni\u00f1as, ni\u00f1os y j\u00f3venes, tanto en el <strong>\u00e1mbito formal como en el no formal, de 4 a 18 a\u00f1os.\u00a0<\/strong><\/p>\n<p>Adem\u00e1s, al final del material se propone una <strong>yincana<\/strong> para trabajar en un formato m\u00e1s l\u00fadico, dejando en mano de las personas que la dinamicen las adaptaciones necesarias a la edad del grupo con el que se realice. Las actividades incluidas en esta publicaci\u00f3n, que incluyen <strong>todos los anexos necesarios<\/strong> para su realizaci\u00f3n, no est\u00e1n ligadas a una \u00fanica fecha o evento, sino que pueden utilizarse en cualquier contexto cuyo objetivo educativo sea trabajar con grupos la promoci\u00f3n de la igualdad en nuestro entorno global y local.<\/p>\n\n\n<div class=\"wp-block-buttons is-layout-flex wp-block-buttons-is-layout-flex\">\n<div class=\"wp-block-button\"><a class=\"wp-block-button__link wp-element-button\" href=\"https:\/\/www.entreculturas.org\/wp-content\/uploads\/2021\/04\/un_mundo_en_igualdad_0.pdf\" target=\"_blank\" rel=\"noreferrer noopener\">descargar<\/a><\/div>\n<\/div>\n","protected":false},"excerpt":{"rendered":"<p>\u201cUn Mundo en Igualdad\u201d es el primer ejemplar de una serie de recopilaciones de recursos educativos dise\u00f1ados por Entreculturas para trabajar distintas tem\u00e1ticas globales con grupos de ni\u00f1os, ni\u00f1as y j\u00f3venes. En esta ocasi\u00f3n, esta publicaci\u00f3n recoge una serie de recursos educativos para trabajar sobre la promoci\u00f3n de la igualdad de g\u00e9nero, con el objetivo de desarrollar conocimientos, valores y competencias sociales y ciudadanas para promover que los grupos aprendan que la igualdad est\u00e1 en sus manos y que pueden ser protagonistas de los cambios necesarios para alcanzar una sociedad igualitaria. La publicaci\u00f3n ofrece propuestas did\u00e1cticas divididas en cuatro bloques de edad. Cada bloque recoge un itinerario adaptado con distintas actividades de menor a mayor grado de complejidad para trabajar con grupos de ni\u00f1as, ni\u00f1os y j\u00f3venes, tanto en el \u00e1mbito formal como en el no formal, de 4 a 18 a\u00f1os.\u00a0 Adem\u00e1s, al final del material se propone una [&hellip;]<\/p>\n","protected":false},"featured_media":5558,"template":"","format":[115],"categories":[12],"tags":[8],"cause":[128,132],"class_list":["post-5548","publicacion","type-publicacion","status-publish","has-post-thumbnail","hentry","category-recursos-educativos","tag-participacion-y-ciudadania-global","cause-educacion","cause-participacion-y-ciudadania-global","format-recursos-educativos"],"acf":[],"yoast_head":"<!-- This site is optimized with the Yoast SEO Premium plugin v21.6 (Yoast SEO v27.5) - https:\/\/yoast.com\/product\/yoast-seo-premium-wordpress\/ -->\n<title>Un Mundo en Igualdad - Entreculturas<\/title>\n<meta name=\"robots\" content=\"index, follow, max-snippet:-1, max-image-preview:large, max-video-preview:-1\" \/>\n<link rel=\"canonical\" href=\"https:\/\/www.entreculturas.org\/en\/publicacion\/un-mundo-en-igualdad\/\" \/>\n<meta property=\"og:locale\" content=\"en_US\" \/>\n<meta property=\"og:type\" content=\"article\" \/>\n<meta property=\"og:title\" content=\"Un Mundo en Igualdad\" \/>\n<meta property=\"og:description\" content=\"\u201cUn Mundo en Igualdad\u201d es el primer ejemplar de una serie de recopilaciones de recursos educativos dise\u00f1ados por Entreculturas para trabajar distintas tem\u00e1ticas globales con grupos de ni\u00f1os, ni\u00f1as y j\u00f3venes. En esta ocasi\u00f3n, esta publicaci\u00f3n recoge una serie de recursos educativos para trabajar sobre la promoci\u00f3n de la igualdad de g\u00e9nero, con el objetivo de desarrollar conocimientos, valores y competencias sociales y ciudadanas para promover que los grupos aprendan que la igualdad est\u00e1 en sus manos y que pueden ser protagonistas de los cambios necesarios para alcanzar una sociedad igualitaria. La publicaci\u00f3n ofrece propuestas did\u00e1cticas divididas en cuatro bloques de edad. Cada bloque recoge un itinerario adaptado con distintas actividades de menor a mayor grado de complejidad para trabajar con grupos de ni\u00f1as, ni\u00f1os y j\u00f3venes, tanto en el \u00e1mbito formal como en el no formal, de 4 a 18 a\u00f1os.\u00a0 Adem\u00e1s, al final del material se propone una [&hellip;]\" \/>\n<meta property=\"og:url\" content=\"https:\/\/www.entreculturas.org\/en\/publicacion\/un-mundo-en-igualdad\/\" \/>\n<meta property=\"og:site_name\" content=\"Entreculturas\" \/>\n<meta property=\"article:publisher\" content=\"https:\/\/www.facebook.com\/entreculturas\" \/>\n<meta property=\"article:modified_time\" content=\"2024-03-20T17:12:53+00:00\" \/>\n<meta property=\"og:image\" content=\"https:\/\/www.entreculturas.org\/wp-content\/uploads\/2020\/05\/portada_un_mundo_en_igualdad_0-scaled-1.jpg\" \/>\n\t<meta property=\"og:image:width\" content=\"1810\" \/>\n\t<meta property=\"og:image:height\" content=\"2560\" \/>\n\t<meta property=\"og:image:type\" content=\"image\/jpeg\" \/>\n<meta name=\"twitter:card\" content=\"summary_large_image\" \/>\n<meta name=\"twitter:site\" content=\"@Entreculturas\" \/>\n<script type=\"application\/ld+json\" class=\"yoast-schema-graph\">{\"@context\":\"https:\\\/\\\/schema.org\",\"@graph\":[{\"@type\":\"WebPage\",\"@id\":\"https:\\\/\\\/www.entreculturas.org\\\/en\\\/publicacion\\\/un-mundo-en-igualdad\\\/\",\"url\":\"https:\\\/\\\/www.entreculturas.org\\\/en\\\/publicacion\\\/un-mundo-en-igualdad\\\/\",\"name\":\"Un Mundo en Igualdad - Entreculturas\",\"isPartOf\":{\"@id\":\"https:\\\/\\\/www.entreculturas.org\\\/en\\\/#website\"},\"primaryImageOfPage\":{\"@id\":\"https:\\\/\\\/www.entreculturas.org\\\/en\\\/publicacion\\\/un-mundo-en-igualdad\\\/#primaryimage\"},\"image\":{\"@id\":\"https:\\\/\\\/www.entreculturas.org\\\/en\\\/publicacion\\\/un-mundo-en-igualdad\\\/#primaryimage\"},\"thumbnailUrl\":\"https:\\\/\\\/www.entreculturas.org\\\/wp-content\\\/uploads\\\/2020\\\/05\\\/portada_un_mundo_en_igualdad_0-scaled-1.jpg\",\"datePublished\":\"2020-05-28T14:51:46+00:00\",\"dateModified\":\"2024-03-20T17:12:53+00:00\",\"breadcrumb\":{\"@id\":\"https:\\\/\\\/www.entreculturas.org\\\/en\\\/publicacion\\\/un-mundo-en-igualdad\\\/#breadcrumb\"},\"inLanguage\":\"en-US\",\"potentialAction\":[{\"@type\":\"ReadAction\",\"target\":[\"https:\\\/\\\/www.entreculturas.org\\\/en\\\/publicacion\\\/un-mundo-en-igualdad\\\/\"]}]},{\"@type\":\"ImageObject\",\"inLanguage\":\"en-US\",\"@id\":\"https:\\\/\\\/www.entreculturas.org\\\/en\\\/publicacion\\\/un-mundo-en-igualdad\\\/#primaryimage\",\"url\":\"https:\\\/\\\/www.entreculturas.org\\\/wp-content\\\/uploads\\\/2020\\\/05\\\/portada_un_mundo_en_igualdad_0-scaled-1.jpg\",\"contentUrl\":\"https:\\\/\\\/www.entreculturas.org\\\/wp-content\\\/uploads\\\/2020\\\/05\\\/portada_un_mundo_en_igualdad_0-scaled-1.jpg\",\"width\":1810,\"height\":2560,\"caption\":\"Un Mundo en Igualdad\"},{\"@type\":\"BreadcrumbList\",\"@id\":\"https:\\\/\\\/www.entreculturas.org\\\/en\\\/publicacion\\\/un-mundo-en-igualdad\\\/#breadcrumb\",\"itemListElement\":[{\"@type\":\"ListItem\",\"position\":1,\"name\":\"Home\",\"item\":\"https:\\\/\\\/www.entreculturas.org\\\/en\\\/\"},{\"@type\":\"ListItem\",\"position\":2,\"name\":\"Publicaciones\",\"item\":\"https:\\\/\\\/www.entreculturas.org\\\/en\\\/publicaciones\\\/\"},{\"@type\":\"ListItem\",\"position\":3,\"name\":\"Un Mundo en Igualdad\"}]},{\"@type\":\"WebSite\",\"@id\":\"https:\\\/\\\/www.entreculturas.org\\\/en\\\/#website\",\"url\":\"https:\\\/\\\/www.entreculturas.org\\\/en\\\/\",\"name\":\"Entreculturas\",\"description\":\"\",\"publisher\":{\"@id\":\"https:\\\/\\\/www.entreculturas.org\\\/en\\\/#organization\"},\"alternateName\":\"Entreculturas\",\"potentialAction\":[{\"@type\":\"SearchAction\",\"target\":{\"@type\":\"EntryPoint\",\"urlTemplate\":\"https:\\\/\\\/www.entreculturas.org\\\/en\\\/?s={search_term_string}\"},\"query-input\":{\"@type\":\"PropertyValueSpecification\",\"valueRequired\":true,\"valueName\":\"search_term_string\"}}],\"inLanguage\":\"en-US\"},{\"@type\":\"Organization\",\"@id\":\"https:\\\/\\\/www.entreculturas.org\\\/en\\\/#organization\",\"name\":\"Entreculturas\",\"url\":\"https:\\\/\\\/www.entreculturas.org\\\/en\\\/\",\"logo\":{\"@type\":\"ImageObject\",\"inLanguage\":\"en-US\",\"@id\":\"https:\\\/\\\/www.entreculturas.org\\\/en\\\/#\\\/schema\\\/logo\\\/image\\\/\",\"url\":\"https:\\\/\\\/www.entreculturas.org\\\/wp-content\\\/uploads\\\/2025\\\/10\\\/ESP.svg\",\"contentUrl\":\"https:\\\/\\\/www.entreculturas.org\\\/wp-content\\\/uploads\\\/2025\\\/10\\\/ESP.svg\",\"caption\":\"Entreculturas\"},\"image\":{\"@id\":\"https:\\\/\\\/www.entreculturas.org\\\/en\\\/#\\\/schema\\\/logo\\\/image\\\/\"},\"sameAs\":[\"https:\\\/\\\/www.facebook.com\\\/entreculturas\",\"https:\\\/\\\/x.com\\\/Entreculturas\",\"https:\\\/\\\/www.instagram.com\\\/entreculturas\\\/\",\"https:\\\/\\\/www.youtube.com\\\/user\\\/entreculturasvideo\",\"https:\\\/\\\/www.linkedin.com\\\/company\\\/fundacion-entreculturas-ngdo\\\/\",\"https:\\\/\\\/www.flickr.com\\\/photos\\\/98455522@N04\\\/albums\\\/\"]}]}<\/script>\n<!-- \/ Yoast SEO Premium plugin. -->","yoast_head_json":{"title":"Un Mundo en Igualdad - Entreculturas","robots":{"index":"index","follow":"follow","max-snippet":"max-snippet:-1","max-image-preview":"max-image-preview:large","max-video-preview":"max-video-preview:-1"},"canonical":"https:\/\/www.entreculturas.org\/en\/publicacion\/un-mundo-en-igualdad\/","og_locale":"en_US","og_type":"article","og_title":"Un Mundo en Igualdad","og_description":"\u201cUn Mundo en Igualdad\u201d es el primer ejemplar de una serie de recopilaciones de recursos educativos dise\u00f1ados por Entreculturas para trabajar distintas tem\u00e1ticas globales con grupos de ni\u00f1os, ni\u00f1as y j\u00f3venes. En esta ocasi\u00f3n, esta publicaci\u00f3n recoge una serie de recursos educativos para trabajar sobre la promoci\u00f3n de la igualdad de g\u00e9nero, con el objetivo de desarrollar conocimientos, valores y competencias sociales y ciudadanas para promover que los grupos aprendan que la igualdad est\u00e1 en sus manos y que pueden ser protagonistas de los cambios necesarios para alcanzar una sociedad igualitaria. La publicaci\u00f3n ofrece propuestas did\u00e1cticas divididas en cuatro bloques de edad. Cada bloque recoge un itinerario adaptado con distintas actividades de menor a mayor grado de complejidad para trabajar con grupos de ni\u00f1as, ni\u00f1os y j\u00f3venes, tanto en el \u00e1mbito formal como en el no formal, de 4 a 18 a\u00f1os.\u00a0 Adem\u00e1s, al final del material se propone una [&hellip;]","og_url":"https:\/\/www.entreculturas.org\/en\/publicacion\/un-mundo-en-igualdad\/","og_site_name":"Entreculturas","article_publisher":"https:\/\/www.facebook.com\/entreculturas","article_modified_time":"2024-03-20T17:12:53+00:00","og_image":[{"width":1810,"height":2560,"url":"https:\/\/www.entreculturas.org\/wp-content\/uploads\/2020\/05\/portada_un_mundo_en_igualdad_0-scaled-1.jpg","type":"image\/jpeg"}],"twitter_card":"summary_large_image","twitter_site":"@Entreculturas","schema":{"@context":"https:\/\/schema.org","@graph":[{"@type":"WebPage","@id":"https:\/\/www.entreculturas.org\/en\/publicacion\/un-mundo-en-igualdad\/","url":"https:\/\/www.entreculturas.org\/en\/publicacion\/un-mundo-en-igualdad\/","name":"Un Mundo en Igualdad - Entreculturas","isPartOf":{"@id":"https:\/\/www.entreculturas.org\/en\/#website"},"primaryImageOfPage":{"@id":"https:\/\/www.entreculturas.org\/en\/publicacion\/un-mundo-en-igualdad\/#primaryimage"},"image":{"@id":"https:\/\/www.entreculturas.org\/en\/publicacion\/un-mundo-en-igualdad\/#primaryimage"},"thumbnailUrl":"https:\/\/www.entreculturas.org\/wp-content\/uploads\/2020\/05\/portada_un_mundo_en_igualdad_0-scaled-1.jpg","datePublished":"2020-05-28T14:51:46+00:00","dateModified":"2024-03-20T17:12:53+00:00","breadcrumb":{"@id":"https:\/\/www.entreculturas.org\/en\/publicacion\/un-mundo-en-igualdad\/#breadcrumb"},"inLanguage":"en-US","potentialAction":[{"@type":"ReadAction","target":["https:\/\/www.entreculturas.org\/en\/publicacion\/un-mundo-en-igualdad\/"]}]},{"@type":"ImageObject","inLanguage":"en-US","@id":"https:\/\/www.entreculturas.org\/en\/publicacion\/un-mundo-en-igualdad\/#primaryimage","url":"https:\/\/www.entreculturas.org\/wp-content\/uploads\/2020\/05\/portada_un_mundo_en_igualdad_0-scaled-1.jpg","contentUrl":"https:\/\/www.entreculturas.org\/wp-content\/uploads\/2020\/05\/portada_un_mundo_en_igualdad_0-scaled-1.jpg","width":1810,"height":2560,"caption":"Un Mundo en Igualdad"},{"@type":"BreadcrumbList","@id":"https:\/\/www.entreculturas.org\/en\/publicacion\/un-mundo-en-igualdad\/#breadcrumb","itemListElement":[{"@type":"ListItem","position":1,"name":"Home","item":"https:\/\/www.entreculturas.org\/en\/"},{"@type":"ListItem","position":2,"name":"Publicaciones","item":"https:\/\/www.entreculturas.org\/en\/publicaciones\/"},{"@type":"ListItem","position":3,"name":"Un Mundo en Igualdad"}]},{"@type":"WebSite","@id":"https:\/\/www.entreculturas.org\/en\/#website","url":"https:\/\/www.entreculturas.org\/en\/","name":"Entreculturas","description":"","publisher":{"@id":"https:\/\/www.entreculturas.org\/en\/#organization"},"alternateName":"Entreculturas","potentialAction":[{"@type":"SearchAction","target":{"@type":"EntryPoint","urlTemplate":"https:\/\/www.entreculturas.org\/en\/?s={search_term_string}"},"query-input":{"@type":"PropertyValueSpecification","valueRequired":true,"valueName":"search_term_string"}}],"inLanguage":"en-US"},{"@type":"Organization","@id":"https:\/\/www.entreculturas.org\/en\/#organization","name":"Entreculturas","url":"https:\/\/www.entreculturas.org\/en\/","logo":{"@type":"ImageObject","inLanguage":"en-US","@id":"https:\/\/www.entreculturas.org\/en\/#\/schema\/logo\/image\/","url":"https:\/\/www.entreculturas.org\/wp-content\/uploads\/2025\/10\/ESP.svg","contentUrl":"https:\/\/www.entreculturas.org\/wp-content\/uploads\/2025\/10\/ESP.svg","caption":"Entreculturas"},"image":{"@id":"https:\/\/www.entreculturas.org\/en\/#\/schema\/logo\/image\/"},"sameAs":["https:\/\/www.facebook.com\/entreculturas","https:\/\/x.com\/Entreculturas","https:\/\/www.instagram.com\/entreculturas\/","https:\/\/www.youtube.com\/user\/entreculturasvideo","https:\/\/www.linkedin.com\/company\/fundacion-entreculturas-ngdo\/","https:\/\/www.flickr.com\/photos\/98455522@N04\/albums\/"]}]}},"_links":{"self":[{"href":"https:\/\/www.entreculturas.org\/en\/wp-json\/wp\/v2\/publicacion\/5548","targetHints":{"allow":["GET"]}}],"collection":[{"href":"https:\/\/www.entreculturas.org\/en\/wp-json\/wp\/v2\/publicacion"}],"about":[{"href":"https:\/\/www.entreculturas.org\/en\/wp-json\/wp\/v2\/types\/publicacion"}],"wp:featuredmedia":[{"embeddable":true,"href":"https:\/\/www.entreculturas.org\/en\/wp-json\/wp\/v2\/media\/5558"}],"wp:attachment":[{"href":"https:\/\/www.entreculturas.org\/en\/wp-json\/wp\/v2\/media?parent=5548"}],"wp:term":[{"taxonomy":"category","embeddable":true,"href":"https:\/\/www.entreculturas.org\/en\/wp-json\/wp\/v2\/categories?post=5548"},{"taxonomy":"post_tag","embeddable":true,"href":"https:\/\/www.entreculturas.org\/en\/wp-json\/wp\/v2\/tags?post=5548"},{"taxonomy":"cause","embeddable":true,"href":"https:\/\/www.entreculturas.org\/en\/wp-json\/wp\/v2\/cause?post=5548"},{"taxonomy":"format","embeddable":true,"href":"https:\/\/www.entreculturas.org\/en\/wp-json\/wp\/v2\/format?post=5548"}],"curies":[{"name":"wp","href":"https:\/\/api.w.org\/{rel}","templated":true}]}}