{"id":5244,"date":"2018-06-04T11:43:19","date_gmt":"2018-06-04T11:43:19","guid":{"rendered":"https:\/\/entreculturasi.wpenginepowered.com\/?publicaciones=dias-d-en-castellano-curso-20182019"},"modified":"2024-03-21T16:26:39","modified_gmt":"2024-03-21T15:26:39","slug":"dias-d-en-castellano-curso-20182019","status":"publish","type":"publicacion","link":"https:\/\/www.entreculturas.org\/en\/publicacion\/dias-d-en-castellano-curso-20182019\/","title":{"rendered":"D\u00edas D en castellano &#8211; Curso 2018\/2019"},"content":{"rendered":"<p>El proyecto D\u00edas&nbsp;D, se enmarca en la <strong>campa\u00f1a educativa &#8220;Un mundo en tus manos&#8221;<\/strong>. El objetivo de la misma es posibilitar que ni\u00f1os, ni\u00f1as y j\u00f3venes participen activamente en la construcci\u00f3n de un mundo justo, inclusivo, solidario&nbsp;y sostenible.<\/p>\n<p>Dentro de esta campa\u00f1a, <strong>los D\u00edas D se componen de 6 carteles<\/strong>, orientados a trabajar con grupos de 4 a 18 a\u00f1os seis de los d\u00edas conmemorativos anuales que aparecen en el calendario escolar de Entreculturas.<\/p>\n<p>&nbsp;<\/p>\n<p>Concretamente, <strong>los seis carteles tratan cada una de las siguientes tem\u00e1ticas: <\/strong><\/p>\n<ul>\n<li>&#8211; D\u00eda Internacional de la Alfabetizaci\u00f3n, 8 de Septiembre.<\/li>\n<li>&#8211; D\u00eda de los Derechos de la Infancia 20 de Noviembre.<\/li>\n<li>&#8211; D\u00eda escolar de la Paz y la No Violencia 30 de Enero.<\/li>\n<li>&#8211; D\u00eda de&nbsp;los Derechos de las Mujeres 8 de Marzo.<\/li>\n<li>&#8211; D\u00eda de la Tierra 22 de Abril.&nbsp;<\/li>\n<li>&#8211; D\u00edas de la Movilidad Forzosa, para utilizarlo tanto en el D\u00eda Internacional de las Personas Migrantes (18 de diciembre), como en el D\u00eda Mundial de las Personas Refugiadas (20 de junio).<\/li>\n<li>&nbsp;<\/li>\n<\/ul>\n<p>Cada cartel est\u00e1 compuesto por <strong>una imagen y cuatro unidades did\u00e1cticas en el reverso<\/strong>, con propuestas adaptadas a distintos grupos de edad, de manera que cada D\u00eda Internacional pueda ser trabajado con grupos de j\u00f3venes de Infantil, Primaria, Secundaria y Bachillerato.<\/p>\n","protected":false},"excerpt":{"rendered":"<p>El proyecto D\u00edas&nbsp;D, se enmarca en la campa\u00f1a educativa &#8220;Un mundo en tus manos&#8221;. El objetivo de la misma es posibilitar que ni\u00f1os, ni\u00f1as y j\u00f3venes participen activamente en la construcci\u00f3n de un mundo justo, inclusivo, solidario&nbsp;y sostenible. Dentro de esta campa\u00f1a, los D\u00edas D se componen de 6 carteles, orientados a trabajar con grupos de 4 a 18 a\u00f1os seis de los d\u00edas conmemorativos anuales que aparecen en el calendario escolar de Entreculturas. &nbsp; Concretamente, los seis carteles tratan cada una de las siguientes tem\u00e1ticas: &#8211; D\u00eda Internacional de la Alfabetizaci\u00f3n, 8 de Septiembre. &#8211; D\u00eda de los Derechos de la Infancia 20 de Noviembre. &#8211; D\u00eda escolar de la Paz y la No Violencia 30 de Enero. &#8211; D\u00eda de&nbsp;los Derechos de las Mujeres 8 de Marzo. &#8211; D\u00eda de la Tierra 22 de Abril.&nbsp; &#8211; D\u00edas de la Movilidad Forzosa, para utilizarlo tanto en el D\u00eda Internacional [&hellip;]<\/p>\n","protected":false},"featured_media":5261,"template":"","format":[115],"categories":[12],"tags":[8],"cause":[128,132],"class_list":["post-5244","publicacion","type-publicacion","status-publish","has-post-thumbnail","hentry","category-recursos-educativos","tag-participacion-y-ciudadania-global","cause-educacion","cause-participacion-y-ciudadania-global","format-recursos-educativos"],"acf":[],"yoast_head":"<!-- This site is optimized with the Yoast SEO Premium plugin v21.6 (Yoast SEO v27.5) - https:\/\/yoast.com\/product\/yoast-seo-premium-wordpress\/ -->\n<title>D\u00edas D en castellano - Curso 2018\/2019 - Entreculturas<\/title>\n<meta name=\"robots\" content=\"index, follow, max-snippet:-1, max-image-preview:large, max-video-preview:-1\" \/>\n<link rel=\"canonical\" href=\"https:\/\/www.entreculturas.org\/en\/publicacion\/dias-d-en-castellano-curso-20182019\/\" \/>\n<meta property=\"og:locale\" content=\"en_US\" \/>\n<meta property=\"og:type\" content=\"article\" \/>\n<meta property=\"og:title\" content=\"D\u00edas D en castellano - Curso 2018\/2019\" \/>\n<meta property=\"og:description\" content=\"El proyecto D\u00edas&nbsp;D, se enmarca en la campa\u00f1a educativa &#8220;Un mundo en tus manos&#8221;. El objetivo de la misma es posibilitar que ni\u00f1os, ni\u00f1as y j\u00f3venes participen activamente en la construcci\u00f3n de un mundo justo, inclusivo, solidario&nbsp;y sostenible. Dentro de esta campa\u00f1a, los D\u00edas D se componen de 6 carteles, orientados a trabajar con grupos de 4 a 18 a\u00f1os seis de los d\u00edas conmemorativos anuales que aparecen en el calendario escolar de Entreculturas. &nbsp; Concretamente, los seis carteles tratan cada una de las siguientes tem\u00e1ticas: &#8211; D\u00eda Internacional de la Alfabetizaci\u00f3n, 8 de Septiembre. &#8211; D\u00eda de los Derechos de la Infancia 20 de Noviembre. &#8211; D\u00eda escolar de la Paz y la No Violencia 30 de Enero. &#8211; D\u00eda de&nbsp;los Derechos de las Mujeres 8 de Marzo. &#8211; D\u00eda de la Tierra 22 de Abril.&nbsp; &#8211; D\u00edas de la Movilidad Forzosa, para utilizarlo tanto en el D\u00eda Internacional [&hellip;]\" \/>\n<meta property=\"og:url\" content=\"https:\/\/www.entreculturas.org\/en\/publicacion\/dias-d-en-castellano-curso-20182019\/\" \/>\n<meta property=\"og:site_name\" content=\"Entreculturas\" \/>\n<meta property=\"article:publisher\" content=\"https:\/\/www.facebook.com\/entreculturas\" \/>\n<meta property=\"article:modified_time\" content=\"2024-03-21T15:26:39+00:00\" \/>\n<meta property=\"og:image\" content=\"https:\/\/www.entreculturas.org\/wp-content\/uploads\/2018\/06\/derechos_infancia-scaled-1.jpg\" \/>\n\t<meta property=\"og:image:width\" content=\"2560\" \/>\n\t<meta property=\"og:image:height\" content=\"1890\" \/>\n\t<meta property=\"og:image:type\" content=\"image\/jpeg\" \/>\n<meta name=\"twitter:card\" content=\"summary_large_image\" \/>\n<meta name=\"twitter:site\" content=\"@Entreculturas\" \/>\n<script type=\"application\/ld+json\" class=\"yoast-schema-graph\">{\"@context\":\"https:\\\/\\\/schema.org\",\"@graph\":[{\"@type\":\"WebPage\",\"@id\":\"https:\\\/\\\/www.entreculturas.org\\\/en\\\/publicacion\\\/dias-d-en-castellano-curso-20182019\\\/\",\"url\":\"https:\\\/\\\/www.entreculturas.org\\\/en\\\/publicacion\\\/dias-d-en-castellano-curso-20182019\\\/\",\"name\":\"D\u00edas D en castellano - Curso 2018\\\/2019 - Entreculturas\",\"isPartOf\":{\"@id\":\"https:\\\/\\\/www.entreculturas.org\\\/en\\\/#website\"},\"primaryImageOfPage\":{\"@id\":\"https:\\\/\\\/www.entreculturas.org\\\/en\\\/publicacion\\\/dias-d-en-castellano-curso-20182019\\\/#primaryimage\"},\"image\":{\"@id\":\"https:\\\/\\\/www.entreculturas.org\\\/en\\\/publicacion\\\/dias-d-en-castellano-curso-20182019\\\/#primaryimage\"},\"thumbnailUrl\":\"https:\\\/\\\/www.entreculturas.org\\\/wp-content\\\/uploads\\\/2018\\\/06\\\/derechos_infancia-scaled-1.jpg\",\"datePublished\":\"2018-06-04T11:43:19+00:00\",\"dateModified\":\"2024-03-21T15:26:39+00:00\",\"breadcrumb\":{\"@id\":\"https:\\\/\\\/www.entreculturas.org\\\/en\\\/publicacion\\\/dias-d-en-castellano-curso-20182019\\\/#breadcrumb\"},\"inLanguage\":\"en-US\",\"potentialAction\":[{\"@type\":\"ReadAction\",\"target\":[\"https:\\\/\\\/www.entreculturas.org\\\/en\\\/publicacion\\\/dias-d-en-castellano-curso-20182019\\\/\"]}]},{\"@type\":\"ImageObject\",\"inLanguage\":\"en-US\",\"@id\":\"https:\\\/\\\/www.entreculturas.org\\\/en\\\/publicacion\\\/dias-d-en-castellano-curso-20182019\\\/#primaryimage\",\"url\":\"https:\\\/\\\/www.entreculturas.org\\\/wp-content\\\/uploads\\\/2018\\\/06\\\/derechos_infancia-scaled-1.jpg\",\"contentUrl\":\"https:\\\/\\\/www.entreculturas.org\\\/wp-content\\\/uploads\\\/2018\\\/06\\\/derechos_infancia-scaled-1.jpg\",\"width\":2560,\"height\":1890,\"caption\":\"D\u00edas D curso 2018\\\/2019\"},{\"@type\":\"BreadcrumbList\",\"@id\":\"https:\\\/\\\/www.entreculturas.org\\\/en\\\/publicacion\\\/dias-d-en-castellano-curso-20182019\\\/#breadcrumb\",\"itemListElement\":[{\"@type\":\"ListItem\",\"position\":1,\"name\":\"Home\",\"item\":\"https:\\\/\\\/www.entreculturas.org\\\/en\\\/\"},{\"@type\":\"ListItem\",\"position\":2,\"name\":\"Publicaciones\",\"item\":\"https:\\\/\\\/www.entreculturas.org\\\/en\\\/publicaciones\\\/\"},{\"@type\":\"ListItem\",\"position\":3,\"name\":\"D\u00edas D en castellano &#8211; Curso 2018\\\/2019\"}]},{\"@type\":\"WebSite\",\"@id\":\"https:\\\/\\\/www.entreculturas.org\\\/en\\\/#website\",\"url\":\"https:\\\/\\\/www.entreculturas.org\\\/en\\\/\",\"name\":\"Entreculturas\",\"description\":\"\",\"publisher\":{\"@id\":\"https:\\\/\\\/www.entreculturas.org\\\/en\\\/#organization\"},\"alternateName\":\"Entreculturas\",\"potentialAction\":[{\"@type\":\"SearchAction\",\"target\":{\"@type\":\"EntryPoint\",\"urlTemplate\":\"https:\\\/\\\/www.entreculturas.org\\\/en\\\/?s={search_term_string}\"},\"query-input\":{\"@type\":\"PropertyValueSpecification\",\"valueRequired\":true,\"valueName\":\"search_term_string\"}}],\"inLanguage\":\"en-US\"},{\"@type\":\"Organization\",\"@id\":\"https:\\\/\\\/www.entreculturas.org\\\/en\\\/#organization\",\"name\":\"Entreculturas\",\"url\":\"https:\\\/\\\/www.entreculturas.org\\\/en\\\/\",\"logo\":{\"@type\":\"ImageObject\",\"inLanguage\":\"en-US\",\"@id\":\"https:\\\/\\\/www.entreculturas.org\\\/en\\\/#\\\/schema\\\/logo\\\/image\\\/\",\"url\":\"https:\\\/\\\/www.entreculturas.org\\\/wp-content\\\/uploads\\\/2025\\\/10\\\/ESP.svg\",\"contentUrl\":\"https:\\\/\\\/www.entreculturas.org\\\/wp-content\\\/uploads\\\/2025\\\/10\\\/ESP.svg\",\"caption\":\"Entreculturas\"},\"image\":{\"@id\":\"https:\\\/\\\/www.entreculturas.org\\\/en\\\/#\\\/schema\\\/logo\\\/image\\\/\"},\"sameAs\":[\"https:\\\/\\\/www.facebook.com\\\/entreculturas\",\"https:\\\/\\\/x.com\\\/Entreculturas\",\"https:\\\/\\\/www.instagram.com\\\/entreculturas\\\/\",\"https:\\\/\\\/www.youtube.com\\\/user\\\/entreculturasvideo\",\"https:\\\/\\\/www.linkedin.com\\\/company\\\/fundacion-entreculturas-ngdo\\\/\",\"https:\\\/\\\/www.flickr.com\\\/photos\\\/98455522@N04\\\/albums\\\/\"]}]}<\/script>\n<!-- \/ Yoast SEO Premium plugin. -->","yoast_head_json":{"title":"D\u00edas D en castellano - Curso 2018\/2019 - Entreculturas","robots":{"index":"index","follow":"follow","max-snippet":"max-snippet:-1","max-image-preview":"max-image-preview:large","max-video-preview":"max-video-preview:-1"},"canonical":"https:\/\/www.entreculturas.org\/en\/publicacion\/dias-d-en-castellano-curso-20182019\/","og_locale":"en_US","og_type":"article","og_title":"D\u00edas D en castellano - Curso 2018\/2019","og_description":"El proyecto D\u00edas&nbsp;D, se enmarca en la campa\u00f1a educativa &#8220;Un mundo en tus manos&#8221;. El objetivo de la misma es posibilitar que ni\u00f1os, ni\u00f1as y j\u00f3venes participen activamente en la construcci\u00f3n de un mundo justo, inclusivo, solidario&nbsp;y sostenible. Dentro de esta campa\u00f1a, los D\u00edas D se componen de 6 carteles, orientados a trabajar con grupos de 4 a 18 a\u00f1os seis de los d\u00edas conmemorativos anuales que aparecen en el calendario escolar de Entreculturas. &nbsp; Concretamente, los seis carteles tratan cada una de las siguientes tem\u00e1ticas: &#8211; D\u00eda Internacional de la Alfabetizaci\u00f3n, 8 de Septiembre. &#8211; D\u00eda de los Derechos de la Infancia 20 de Noviembre. &#8211; D\u00eda escolar de la Paz y la No Violencia 30 de Enero. &#8211; D\u00eda de&nbsp;los Derechos de las Mujeres 8 de Marzo. &#8211; D\u00eda de la Tierra 22 de Abril.&nbsp; &#8211; D\u00edas de la Movilidad Forzosa, para utilizarlo tanto en el D\u00eda Internacional [&hellip;]","og_url":"https:\/\/www.entreculturas.org\/en\/publicacion\/dias-d-en-castellano-curso-20182019\/","og_site_name":"Entreculturas","article_publisher":"https:\/\/www.facebook.com\/entreculturas","article_modified_time":"2024-03-21T15:26:39+00:00","og_image":[{"width":2560,"height":1890,"url":"https:\/\/www.entreculturas.org\/wp-content\/uploads\/2018\/06\/derechos_infancia-scaled-1.jpg","type":"image\/jpeg"}],"twitter_card":"summary_large_image","twitter_site":"@Entreculturas","schema":{"@context":"https:\/\/schema.org","@graph":[{"@type":"WebPage","@id":"https:\/\/www.entreculturas.org\/en\/publicacion\/dias-d-en-castellano-curso-20182019\/","url":"https:\/\/www.entreculturas.org\/en\/publicacion\/dias-d-en-castellano-curso-20182019\/","name":"D\u00edas D en castellano - Curso 2018\/2019 - Entreculturas","isPartOf":{"@id":"https:\/\/www.entreculturas.org\/en\/#website"},"primaryImageOfPage":{"@id":"https:\/\/www.entreculturas.org\/en\/publicacion\/dias-d-en-castellano-curso-20182019\/#primaryimage"},"image":{"@id":"https:\/\/www.entreculturas.org\/en\/publicacion\/dias-d-en-castellano-curso-20182019\/#primaryimage"},"thumbnailUrl":"https:\/\/www.entreculturas.org\/wp-content\/uploads\/2018\/06\/derechos_infancia-scaled-1.jpg","datePublished":"2018-06-04T11:43:19+00:00","dateModified":"2024-03-21T15:26:39+00:00","breadcrumb":{"@id":"https:\/\/www.entreculturas.org\/en\/publicacion\/dias-d-en-castellano-curso-20182019\/#breadcrumb"},"inLanguage":"en-US","potentialAction":[{"@type":"ReadAction","target":["https:\/\/www.entreculturas.org\/en\/publicacion\/dias-d-en-castellano-curso-20182019\/"]}]},{"@type":"ImageObject","inLanguage":"en-US","@id":"https:\/\/www.entreculturas.org\/en\/publicacion\/dias-d-en-castellano-curso-20182019\/#primaryimage","url":"https:\/\/www.entreculturas.org\/wp-content\/uploads\/2018\/06\/derechos_infancia-scaled-1.jpg","contentUrl":"https:\/\/www.entreculturas.org\/wp-content\/uploads\/2018\/06\/derechos_infancia-scaled-1.jpg","width":2560,"height":1890,"caption":"D\u00edas D curso 2018\/2019"},{"@type":"BreadcrumbList","@id":"https:\/\/www.entreculturas.org\/en\/publicacion\/dias-d-en-castellano-curso-20182019\/#breadcrumb","itemListElement":[{"@type":"ListItem","position":1,"name":"Home","item":"https:\/\/www.entreculturas.org\/en\/"},{"@type":"ListItem","position":2,"name":"Publicaciones","item":"https:\/\/www.entreculturas.org\/en\/publicaciones\/"},{"@type":"ListItem","position":3,"name":"D\u00edas D en castellano &#8211; Curso 2018\/2019"}]},{"@type":"WebSite","@id":"https:\/\/www.entreculturas.org\/en\/#website","url":"https:\/\/www.entreculturas.org\/en\/","name":"Entreculturas","description":"","publisher":{"@id":"https:\/\/www.entreculturas.org\/en\/#organization"},"alternateName":"Entreculturas","potentialAction":[{"@type":"SearchAction","target":{"@type":"EntryPoint","urlTemplate":"https:\/\/www.entreculturas.org\/en\/?s={search_term_string}"},"query-input":{"@type":"PropertyValueSpecification","valueRequired":true,"valueName":"search_term_string"}}],"inLanguage":"en-US"},{"@type":"Organization","@id":"https:\/\/www.entreculturas.org\/en\/#organization","name":"Entreculturas","url":"https:\/\/www.entreculturas.org\/en\/","logo":{"@type":"ImageObject","inLanguage":"en-US","@id":"https:\/\/www.entreculturas.org\/en\/#\/schema\/logo\/image\/","url":"https:\/\/www.entreculturas.org\/wp-content\/uploads\/2025\/10\/ESP.svg","contentUrl":"https:\/\/www.entreculturas.org\/wp-content\/uploads\/2025\/10\/ESP.svg","caption":"Entreculturas"},"image":{"@id":"https:\/\/www.entreculturas.org\/en\/#\/schema\/logo\/image\/"},"sameAs":["https:\/\/www.facebook.com\/entreculturas","https:\/\/x.com\/Entreculturas","https:\/\/www.instagram.com\/entreculturas\/","https:\/\/www.youtube.com\/user\/entreculturasvideo","https:\/\/www.linkedin.com\/company\/fundacion-entreculturas-ngdo\/","https:\/\/www.flickr.com\/photos\/98455522@N04\/albums\/"]}]}},"_links":{"self":[{"href":"https:\/\/www.entreculturas.org\/en\/wp-json\/wp\/v2\/publicacion\/5244","targetHints":{"allow":["GET"]}}],"collection":[{"href":"https:\/\/www.entreculturas.org\/en\/wp-json\/wp\/v2\/publicacion"}],"about":[{"href":"https:\/\/www.entreculturas.org\/en\/wp-json\/wp\/v2\/types\/publicacion"}],"wp:featuredmedia":[{"embeddable":true,"href":"https:\/\/www.entreculturas.org\/en\/wp-json\/wp\/v2\/media\/5261"}],"wp:attachment":[{"href":"https:\/\/www.entreculturas.org\/en\/wp-json\/wp\/v2\/media?parent=5244"}],"wp:term":[{"taxonomy":"category","embeddable":true,"href":"https:\/\/www.entreculturas.org\/en\/wp-json\/wp\/v2\/categories?post=5244"},{"taxonomy":"post_tag","embeddable":true,"href":"https:\/\/www.entreculturas.org\/en\/wp-json\/wp\/v2\/tags?post=5244"},{"taxonomy":"cause","embeddable":true,"href":"https:\/\/www.entreculturas.org\/en\/wp-json\/wp\/v2\/cause?post=5244"},{"taxonomy":"format","embeddable":true,"href":"https:\/\/www.entreculturas.org\/en\/wp-json\/wp\/v2\/format?post=5244"}],"curies":[{"name":"wp","href":"https:\/\/api.w.org\/{rel}","templated":true}]}}