{"id":4983,"date":"2017-04-02T09:52:34","date_gmt":"2017-04-02T09:52:34","guid":{"rendered":"https:\/\/entreculturasi.wpenginepowered.com\/?publicaciones=guia-didactica-somos-migrantes"},"modified":"2024-03-22T10:20:38","modified_gmt":"2024-03-22T09:20:38","slug":"guia-didactica-somos-migrantes","status":"publish","type":"publicacion","link":"https:\/\/www.entreculturas.org\/en\/publicacion\/guia-didactica-somos-migrantes\/","title":{"rendered":"Gu\u00eda did\u00e1ctica: Somos Migrantes"},"content":{"rendered":"<p>Contemplar el mundo desde las fronteras nos pone delante de un l\u00edmite y de un desaf\u00edo:<br \/>&#8211; Los l\u00edmites de un sistema global que genera exclusi\u00f3n y vulnera la dignidad de millones de personas.<br \/>&#8211; El desaf\u00edo de la construcci\u00f3n de un sistema de gobernanza mundial con un r\u00e9gimen migratorio global basado en la dignidad humana.<br \/>En esta gu\u00eda did\u00e1ctica dicho desaf\u00edo quiere traducirse en una invitaci\u00f3n a ponernos en el coraz\u00f3n y en los ojos de quienes viven y mueren las fronteras con la intenci\u00f3n deliberada de que ello nos conmueva y nos ayude a conocer nuestras propias fronteras. Esperamos que ello nos impulse hacia la construcci\u00f3n de un nuevo modelo de convivencia donde la dignidad de todas las personas est\u00e9 en el centro.<br \/>La gu\u00eda acompa\u00f1a a la exposici\u00f3n \u201cSomos Migrantes\u201d y est\u00e1 orientada a grupos y personas j\u00f3venes o adultas a partir de los catorce a\u00f1os de edad. Quiere ser una herramienta \u00fatil para profundizar en la realidad que nos llega a trav\u00e9s de sus im\u00e1genes: la historia de miles de personas que, d\u00eda tras d\u00eda, emprenden un viaje para mejorar sus condiciones de vida cruzando las fronteras de M\u00e9xico, Ceuta y Melilla.<br \/>&nbsp;<\/p>\n","protected":false},"excerpt":{"rendered":"<p>Contemplar el mundo desde las fronteras nos pone delante de un l\u00edmite y de un desaf\u00edo:&#8211; Los l\u00edmites de un sistema global que genera exclusi\u00f3n y vulnera la dignidad de millones de personas.&#8211; El desaf\u00edo de la construcci\u00f3n de un sistema de gobernanza mundial con un r\u00e9gimen migratorio global basado en la dignidad humana.En esta gu\u00eda did\u00e1ctica dicho desaf\u00edo quiere traducirse en una invitaci\u00f3n a ponernos en el coraz\u00f3n y en los ojos de quienes viven y mueren las fronteras con la intenci\u00f3n deliberada de que ello nos conmueva y nos ayude a conocer nuestras propias fronteras. Esperamos que ello nos impulse hacia la construcci\u00f3n de un nuevo modelo de convivencia donde la dignidad de todas las personas est\u00e9 en el centro.La gu\u00eda acompa\u00f1a a la exposici\u00f3n \u201cSomos Migrantes\u201d y est\u00e1 orientada a grupos y personas j\u00f3venes o adultas a partir de los catorce a\u00f1os de edad. Quiere ser una [&hellip;]<\/p>\n","protected":false},"featured_media":4985,"template":"","format":[115],"categories":[12],"tags":[10],"cause":[129],"class_list":["post-4983","publicacion","type-publicacion","status-publish","has-post-thumbnail","hentry","category-recursos-educativos","tag-migracion-y-refugio","cause-migracion-y-refugio","format-recursos-educativos"],"acf":[],"yoast_head":"<!-- This site is optimized with the Yoast SEO Premium plugin v21.6 (Yoast SEO v27.5) - https:\/\/yoast.com\/product\/yoast-seo-premium-wordpress\/ -->\n<title>Gu\u00eda did\u00e1ctica: Somos Migrantes - Entreculturas<\/title>\n<meta name=\"robots\" content=\"index, follow, max-snippet:-1, max-image-preview:large, max-video-preview:-1\" \/>\n<link rel=\"canonical\" href=\"https:\/\/www.entreculturas.org\/en\/publicacion\/guia-didactica-somos-migrantes\/\" \/>\n<meta property=\"og:locale\" content=\"en_US\" \/>\n<meta property=\"og:type\" content=\"article\" \/>\n<meta property=\"og:title\" content=\"Gu\u00eda did\u00e1ctica: Somos Migrantes\" \/>\n<meta property=\"og:description\" content=\"Contemplar el mundo desde las fronteras nos pone delante de un l\u00edmite y de un desaf\u00edo:&#8211; Los l\u00edmites de un sistema global que genera exclusi\u00f3n y vulnera la dignidad de millones de personas.&#8211; El desaf\u00edo de la construcci\u00f3n de un sistema de gobernanza mundial con un r\u00e9gimen migratorio global basado en la dignidad humana.En esta gu\u00eda did\u00e1ctica dicho desaf\u00edo quiere traducirse en una invitaci\u00f3n a ponernos en el coraz\u00f3n y en los ojos de quienes viven y mueren las fronteras con la intenci\u00f3n deliberada de que ello nos conmueva y nos ayude a conocer nuestras propias fronteras. Esperamos que ello nos impulse hacia la construcci\u00f3n de un nuevo modelo de convivencia donde la dignidad de todas las personas est\u00e9 en el centro.La gu\u00eda acompa\u00f1a a la exposici\u00f3n \u201cSomos Migrantes\u201d y est\u00e1 orientada a grupos y personas j\u00f3venes o adultas a partir de los catorce a\u00f1os de edad. Quiere ser una [&hellip;]\" \/>\n<meta property=\"og:url\" content=\"https:\/\/www.entreculturas.org\/en\/publicacion\/guia-didactica-somos-migrantes\/\" \/>\n<meta property=\"og:site_name\" content=\"Entreculturas\" \/>\n<meta property=\"article:publisher\" content=\"https:\/\/www.facebook.com\/entreculturas\" \/>\n<meta property=\"article:modified_time\" content=\"2024-03-22T09:20:38+00:00\" \/>\n<meta property=\"og:image\" content=\"https:\/\/www.entreculturas.org\/wp-content\/uploads\/2017\/04\/somos_migrantes_0.png\" \/>\n\t<meta property=\"og:image:width\" content=\"706\" \/>\n\t<meta property=\"og:image:height\" content=\"991\" \/>\n\t<meta property=\"og:image:type\" content=\"image\/png\" \/>\n<meta name=\"twitter:card\" content=\"summary_large_image\" \/>\n<meta name=\"twitter:site\" content=\"@Entreculturas\" \/>\n<script type=\"application\/ld+json\" class=\"yoast-schema-graph\">{\"@context\":\"https:\\\/\\\/schema.org\",\"@graph\":[{\"@type\":\"WebPage\",\"@id\":\"https:\\\/\\\/www.entreculturas.org\\\/en\\\/publicacion\\\/guia-didactica-somos-migrantes\\\/\",\"url\":\"https:\\\/\\\/www.entreculturas.org\\\/en\\\/publicacion\\\/guia-didactica-somos-migrantes\\\/\",\"name\":\"Gu\u00eda did\u00e1ctica: Somos Migrantes - Entreculturas\",\"isPartOf\":{\"@id\":\"https:\\\/\\\/www.entreculturas.org\\\/en\\\/#website\"},\"primaryImageOfPage\":{\"@id\":\"https:\\\/\\\/www.entreculturas.org\\\/en\\\/publicacion\\\/guia-didactica-somos-migrantes\\\/#primaryimage\"},\"image\":{\"@id\":\"https:\\\/\\\/www.entreculturas.org\\\/en\\\/publicacion\\\/guia-didactica-somos-migrantes\\\/#primaryimage\"},\"thumbnailUrl\":\"https:\\\/\\\/www.entreculturas.org\\\/wp-content\\\/uploads\\\/2017\\\/04\\\/somos_migrantes_0.png\",\"datePublished\":\"2017-04-02T09:52:34+00:00\",\"dateModified\":\"2024-03-22T09:20:38+00:00\",\"breadcrumb\":{\"@id\":\"https:\\\/\\\/www.entreculturas.org\\\/en\\\/publicacion\\\/guia-didactica-somos-migrantes\\\/#breadcrumb\"},\"inLanguage\":\"en-US\",\"potentialAction\":[{\"@type\":\"ReadAction\",\"target\":[\"https:\\\/\\\/www.entreculturas.org\\\/en\\\/publicacion\\\/guia-didactica-somos-migrantes\\\/\"]}]},{\"@type\":\"ImageObject\",\"inLanguage\":\"en-US\",\"@id\":\"https:\\\/\\\/www.entreculturas.org\\\/en\\\/publicacion\\\/guia-didactica-somos-migrantes\\\/#primaryimage\",\"url\":\"https:\\\/\\\/www.entreculturas.org\\\/wp-content\\\/uploads\\\/2017\\\/04\\\/somos_migrantes_0.png\",\"contentUrl\":\"https:\\\/\\\/www.entreculturas.org\\\/wp-content\\\/uploads\\\/2017\\\/04\\\/somos_migrantes_0.png\",\"width\":706,\"height\":991,\"caption\":\"somos_migrantes\"},{\"@type\":\"BreadcrumbList\",\"@id\":\"https:\\\/\\\/www.entreculturas.org\\\/en\\\/publicacion\\\/guia-didactica-somos-migrantes\\\/#breadcrumb\",\"itemListElement\":[{\"@type\":\"ListItem\",\"position\":1,\"name\":\"Home\",\"item\":\"https:\\\/\\\/www.entreculturas.org\\\/en\\\/\"},{\"@type\":\"ListItem\",\"position\":2,\"name\":\"Publicaciones\",\"item\":\"https:\\\/\\\/www.entreculturas.org\\\/en\\\/publicaciones\\\/\"},{\"@type\":\"ListItem\",\"position\":3,\"name\":\"Gu\u00eda did\u00e1ctica: Somos Migrantes\"}]},{\"@type\":\"WebSite\",\"@id\":\"https:\\\/\\\/www.entreculturas.org\\\/en\\\/#website\",\"url\":\"https:\\\/\\\/www.entreculturas.org\\\/en\\\/\",\"name\":\"Entreculturas\",\"description\":\"\",\"publisher\":{\"@id\":\"https:\\\/\\\/www.entreculturas.org\\\/en\\\/#organization\"},\"alternateName\":\"Entreculturas\",\"potentialAction\":[{\"@type\":\"SearchAction\",\"target\":{\"@type\":\"EntryPoint\",\"urlTemplate\":\"https:\\\/\\\/www.entreculturas.org\\\/en\\\/?s={search_term_string}\"},\"query-input\":{\"@type\":\"PropertyValueSpecification\",\"valueRequired\":true,\"valueName\":\"search_term_string\"}}],\"inLanguage\":\"en-US\"},{\"@type\":\"Organization\",\"@id\":\"https:\\\/\\\/www.entreculturas.org\\\/en\\\/#organization\",\"name\":\"Entreculturas\",\"url\":\"https:\\\/\\\/www.entreculturas.org\\\/en\\\/\",\"logo\":{\"@type\":\"ImageObject\",\"inLanguage\":\"en-US\",\"@id\":\"https:\\\/\\\/www.entreculturas.org\\\/en\\\/#\\\/schema\\\/logo\\\/image\\\/\",\"url\":\"https:\\\/\\\/www.entreculturas.org\\\/wp-content\\\/uploads\\\/2025\\\/10\\\/ESP.svg\",\"contentUrl\":\"https:\\\/\\\/www.entreculturas.org\\\/wp-content\\\/uploads\\\/2025\\\/10\\\/ESP.svg\",\"caption\":\"Entreculturas\"},\"image\":{\"@id\":\"https:\\\/\\\/www.entreculturas.org\\\/en\\\/#\\\/schema\\\/logo\\\/image\\\/\"},\"sameAs\":[\"https:\\\/\\\/www.facebook.com\\\/entreculturas\",\"https:\\\/\\\/x.com\\\/Entreculturas\",\"https:\\\/\\\/www.instagram.com\\\/entreculturas\\\/\",\"https:\\\/\\\/www.youtube.com\\\/user\\\/entreculturasvideo\",\"https:\\\/\\\/www.linkedin.com\\\/company\\\/fundacion-entreculturas-ngdo\\\/\",\"https:\\\/\\\/www.flickr.com\\\/photos\\\/98455522@N04\\\/albums\\\/\"]}]}<\/script>\n<!-- \/ Yoast SEO Premium plugin. -->","yoast_head_json":{"title":"Gu\u00eda did\u00e1ctica: Somos Migrantes - Entreculturas","robots":{"index":"index","follow":"follow","max-snippet":"max-snippet:-1","max-image-preview":"max-image-preview:large","max-video-preview":"max-video-preview:-1"},"canonical":"https:\/\/www.entreculturas.org\/en\/publicacion\/guia-didactica-somos-migrantes\/","og_locale":"en_US","og_type":"article","og_title":"Gu\u00eda did\u00e1ctica: Somos Migrantes","og_description":"Contemplar el mundo desde las fronteras nos pone delante de un l\u00edmite y de un desaf\u00edo:&#8211; Los l\u00edmites de un sistema global que genera exclusi\u00f3n y vulnera la dignidad de millones de personas.&#8211; El desaf\u00edo de la construcci\u00f3n de un sistema de gobernanza mundial con un r\u00e9gimen migratorio global basado en la dignidad humana.En esta gu\u00eda did\u00e1ctica dicho desaf\u00edo quiere traducirse en una invitaci\u00f3n a ponernos en el coraz\u00f3n y en los ojos de quienes viven y mueren las fronteras con la intenci\u00f3n deliberada de que ello nos conmueva y nos ayude a conocer nuestras propias fronteras. Esperamos que ello nos impulse hacia la construcci\u00f3n de un nuevo modelo de convivencia donde la dignidad de todas las personas est\u00e9 en el centro.La gu\u00eda acompa\u00f1a a la exposici\u00f3n \u201cSomos Migrantes\u201d y est\u00e1 orientada a grupos y personas j\u00f3venes o adultas a partir de los catorce a\u00f1os de edad. Quiere ser una [&hellip;]","og_url":"https:\/\/www.entreculturas.org\/en\/publicacion\/guia-didactica-somos-migrantes\/","og_site_name":"Entreculturas","article_publisher":"https:\/\/www.facebook.com\/entreculturas","article_modified_time":"2024-03-22T09:20:38+00:00","og_image":[{"width":706,"height":991,"url":"https:\/\/www.entreculturas.org\/wp-content\/uploads\/2017\/04\/somos_migrantes_0.png","type":"image\/png"}],"twitter_card":"summary_large_image","twitter_site":"@Entreculturas","schema":{"@context":"https:\/\/schema.org","@graph":[{"@type":"WebPage","@id":"https:\/\/www.entreculturas.org\/en\/publicacion\/guia-didactica-somos-migrantes\/","url":"https:\/\/www.entreculturas.org\/en\/publicacion\/guia-didactica-somos-migrantes\/","name":"Gu\u00eda did\u00e1ctica: Somos Migrantes - Entreculturas","isPartOf":{"@id":"https:\/\/www.entreculturas.org\/en\/#website"},"primaryImageOfPage":{"@id":"https:\/\/www.entreculturas.org\/en\/publicacion\/guia-didactica-somos-migrantes\/#primaryimage"},"image":{"@id":"https:\/\/www.entreculturas.org\/en\/publicacion\/guia-didactica-somos-migrantes\/#primaryimage"},"thumbnailUrl":"https:\/\/www.entreculturas.org\/wp-content\/uploads\/2017\/04\/somos_migrantes_0.png","datePublished":"2017-04-02T09:52:34+00:00","dateModified":"2024-03-22T09:20:38+00:00","breadcrumb":{"@id":"https:\/\/www.entreculturas.org\/en\/publicacion\/guia-didactica-somos-migrantes\/#breadcrumb"},"inLanguage":"en-US","potentialAction":[{"@type":"ReadAction","target":["https:\/\/www.entreculturas.org\/en\/publicacion\/guia-didactica-somos-migrantes\/"]}]},{"@type":"ImageObject","inLanguage":"en-US","@id":"https:\/\/www.entreculturas.org\/en\/publicacion\/guia-didactica-somos-migrantes\/#primaryimage","url":"https:\/\/www.entreculturas.org\/wp-content\/uploads\/2017\/04\/somos_migrantes_0.png","contentUrl":"https:\/\/www.entreculturas.org\/wp-content\/uploads\/2017\/04\/somos_migrantes_0.png","width":706,"height":991,"caption":"somos_migrantes"},{"@type":"BreadcrumbList","@id":"https:\/\/www.entreculturas.org\/en\/publicacion\/guia-didactica-somos-migrantes\/#breadcrumb","itemListElement":[{"@type":"ListItem","position":1,"name":"Home","item":"https:\/\/www.entreculturas.org\/en\/"},{"@type":"ListItem","position":2,"name":"Publicaciones","item":"https:\/\/www.entreculturas.org\/en\/publicaciones\/"},{"@type":"ListItem","position":3,"name":"Gu\u00eda did\u00e1ctica: Somos Migrantes"}]},{"@type":"WebSite","@id":"https:\/\/www.entreculturas.org\/en\/#website","url":"https:\/\/www.entreculturas.org\/en\/","name":"Entreculturas","description":"","publisher":{"@id":"https:\/\/www.entreculturas.org\/en\/#organization"},"alternateName":"Entreculturas","potentialAction":[{"@type":"SearchAction","target":{"@type":"EntryPoint","urlTemplate":"https:\/\/www.entreculturas.org\/en\/?s={search_term_string}"},"query-input":{"@type":"PropertyValueSpecification","valueRequired":true,"valueName":"search_term_string"}}],"inLanguage":"en-US"},{"@type":"Organization","@id":"https:\/\/www.entreculturas.org\/en\/#organization","name":"Entreculturas","url":"https:\/\/www.entreculturas.org\/en\/","logo":{"@type":"ImageObject","inLanguage":"en-US","@id":"https:\/\/www.entreculturas.org\/en\/#\/schema\/logo\/image\/","url":"https:\/\/www.entreculturas.org\/wp-content\/uploads\/2025\/10\/ESP.svg","contentUrl":"https:\/\/www.entreculturas.org\/wp-content\/uploads\/2025\/10\/ESP.svg","caption":"Entreculturas"},"image":{"@id":"https:\/\/www.entreculturas.org\/en\/#\/schema\/logo\/image\/"},"sameAs":["https:\/\/www.facebook.com\/entreculturas","https:\/\/x.com\/Entreculturas","https:\/\/www.instagram.com\/entreculturas\/","https:\/\/www.youtube.com\/user\/entreculturasvideo","https:\/\/www.linkedin.com\/company\/fundacion-entreculturas-ngdo\/","https:\/\/www.flickr.com\/photos\/98455522@N04\/albums\/"]}]}},"_links":{"self":[{"href":"https:\/\/www.entreculturas.org\/en\/wp-json\/wp\/v2\/publicacion\/4983","targetHints":{"allow":["GET"]}}],"collection":[{"href":"https:\/\/www.entreculturas.org\/en\/wp-json\/wp\/v2\/publicacion"}],"about":[{"href":"https:\/\/www.entreculturas.org\/en\/wp-json\/wp\/v2\/types\/publicacion"}],"wp:featuredmedia":[{"embeddable":true,"href":"https:\/\/www.entreculturas.org\/en\/wp-json\/wp\/v2\/media\/4985"}],"wp:attachment":[{"href":"https:\/\/www.entreculturas.org\/en\/wp-json\/wp\/v2\/media?parent=4983"}],"wp:term":[{"taxonomy":"category","embeddable":true,"href":"https:\/\/www.entreculturas.org\/en\/wp-json\/wp\/v2\/categories?post=4983"},{"taxonomy":"post_tag","embeddable":true,"href":"https:\/\/www.entreculturas.org\/en\/wp-json\/wp\/v2\/tags?post=4983"},{"taxonomy":"cause","embeddable":true,"href":"https:\/\/www.entreculturas.org\/en\/wp-json\/wp\/v2\/cause?post=4983"},{"taxonomy":"format","embeddable":true,"href":"https:\/\/www.entreculturas.org\/en\/wp-json\/wp\/v2\/format?post=4983"}],"curies":[{"name":"wp","href":"https:\/\/api.w.org\/{rel}","templated":true}]}}