{"id":4632,"date":"2016-01-28T13:48:05","date_gmt":"2016-01-28T13:48:05","guid":{"rendered":"https:\/\/entreculturasi.wpenginepowered.com\/?publicaciones=unidad-didactica-dia-escolar-de-la-paz"},"modified":"2024-03-22T11:52:40","modified_gmt":"2024-03-22T10:52:40","slug":"unidad-didactica-dia-escolar-de-la-paz","status":"publish","type":"publicacion","link":"https:\/\/www.entreculturas.org\/en\/publicacion\/unidad-didactica-dia-escolar-de-la-paz\/","title":{"rendered":"Unidad did\u00e1ctica &#8220;D\u00eda Escolar de la Paz&#8221;"},"content":{"rendered":"<p>El 30 de enero se celebra el D\u00eda Escolar de la Paz y la No Violencia. Este d\u00eda se instaur\u00f3 en Espa\u00f1a en 1964, coincidiendo con el aniversario de la muerte de Mahatma Ghandi, y pretende ser una jornada en la que recordar la necesidad de educar para la paz y la no violencia, la tolerancia, la solidaridad y el respeto a los derechos humanos. Por ello, bajo el lema \u00a1La paz est\u00e1 en nuestras manos! Entreculturas ofrece propuestas did\u00e1cticas para que centros educativos y docentes trabajen con el alumnado la toma de conciencia sobre la importancia de promover una cultura de paz.<\/p>\n","protected":false},"excerpt":{"rendered":"<p>El 30 de enero se celebra el D\u00eda Escolar de la Paz y la No Violencia. Este d\u00eda se instaur\u00f3 en Espa\u00f1a en 1964, coincidiendo con el aniversario de la muerte de Mahatma Ghandi, y pretende ser una jornada en la que recordar la necesidad de educar para la paz y la no violencia, la tolerancia, la solidaridad y el respeto a los derechos humanos. Por ello, bajo el lema \u00a1La paz est\u00e1 en nuestras manos! Entreculturas ofrece propuestas did\u00e1cticas para que centros educativos y docentes trabajen con el alumnado la toma de conciencia sobre la importancia de promover una cultura de paz.<\/p>\n","protected":false},"featured_media":4634,"template":"","format":[115],"categories":[12],"tags":[8],"cause":[128,132],"class_list":["post-4632","publicacion","type-publicacion","status-publish","has-post-thumbnail","hentry","category-recursos-educativos","tag-participacion-y-ciudadania-global","cause-educacion","cause-participacion-y-ciudadania-global","format-recursos-educativos"],"acf":[],"yoast_head":"<!-- This site is optimized with the Yoast SEO Premium plugin v21.6 (Yoast SEO v27.5) - https:\/\/yoast.com\/product\/yoast-seo-premium-wordpress\/ -->\n<title>Unidad did\u00e1ctica &quot;D\u00eda Escolar de la Paz&quot; - Entreculturas<\/title>\n<meta name=\"robots\" content=\"index, follow, max-snippet:-1, max-image-preview:large, max-video-preview:-1\" \/>\n<link rel=\"canonical\" href=\"https:\/\/www.entreculturas.org\/en\/publicacion\/unidad-didactica-dia-escolar-de-la-paz\/\" \/>\n<meta property=\"og:locale\" content=\"en_US\" \/>\n<meta property=\"og:type\" content=\"article\" \/>\n<meta property=\"og:title\" content=\"Unidad did\u00e1ctica &quot;D\u00eda Escolar de la Paz&quot;\" \/>\n<meta property=\"og:description\" content=\"El 30 de enero se celebra el D\u00eda Escolar de la Paz y la No Violencia. Este d\u00eda se instaur\u00f3 en Espa\u00f1a en 1964, coincidiendo con el aniversario de la muerte de Mahatma Ghandi, y pretende ser una jornada en la que recordar la necesidad de educar para la paz y la no violencia, la tolerancia, la solidaridad y el respeto a los derechos humanos. Por ello, bajo el lema \u00a1La paz est\u00e1 en nuestras manos! Entreculturas ofrece propuestas did\u00e1cticas para que centros educativos y docentes trabajen con el alumnado la toma de conciencia sobre la importancia de promover una cultura de paz.\" \/>\n<meta property=\"og:url\" content=\"https:\/\/www.entreculturas.org\/en\/publicacion\/unidad-didactica-dia-escolar-de-la-paz\/\" \/>\n<meta property=\"og:site_name\" content=\"Entreculturas\" \/>\n<meta property=\"article:publisher\" content=\"https:\/\/www.facebook.com\/entreculturas\" \/>\n<meta property=\"article:modified_time\" content=\"2024-03-22T10:52:40+00:00\" \/>\n<meta property=\"og:image\" content=\"https:\/\/www.entreculturas.org\/wp-content\/uploads\/2016\/01\/diapaz2016.jpg\" \/>\n\t<meta property=\"og:image:width\" content=\"700\" \/>\n\t<meta property=\"og:image:height\" content=\"513\" \/>\n\t<meta property=\"og:image:type\" content=\"image\/jpeg\" \/>\n<meta name=\"twitter:card\" content=\"summary_large_image\" \/>\n<meta name=\"twitter:site\" content=\"@Entreculturas\" \/>\n<script type=\"application\/ld+json\" class=\"yoast-schema-graph\">{\"@context\":\"https:\\\/\\\/schema.org\",\"@graph\":[{\"@type\":\"WebPage\",\"@id\":\"https:\\\/\\\/www.entreculturas.org\\\/en\\\/publicacion\\\/unidad-didactica-dia-escolar-de-la-paz\\\/\",\"url\":\"https:\\\/\\\/www.entreculturas.org\\\/en\\\/publicacion\\\/unidad-didactica-dia-escolar-de-la-paz\\\/\",\"name\":\"Unidad did\u00e1ctica \\\"D\u00eda Escolar de la Paz\\\" - Entreculturas\",\"isPartOf\":{\"@id\":\"https:\\\/\\\/www.entreculturas.org\\\/en\\\/#website\"},\"primaryImageOfPage\":{\"@id\":\"https:\\\/\\\/www.entreculturas.org\\\/en\\\/publicacion\\\/unidad-didactica-dia-escolar-de-la-paz\\\/#primaryimage\"},\"image\":{\"@id\":\"https:\\\/\\\/www.entreculturas.org\\\/en\\\/publicacion\\\/unidad-didactica-dia-escolar-de-la-paz\\\/#primaryimage\"},\"thumbnailUrl\":\"https:\\\/\\\/www.entreculturas.org\\\/wp-content\\\/uploads\\\/2016\\\/01\\\/diapaz2016.jpg\",\"datePublished\":\"2016-01-28T13:48:05+00:00\",\"dateModified\":\"2024-03-22T10:52:40+00:00\",\"breadcrumb\":{\"@id\":\"https:\\\/\\\/www.entreculturas.org\\\/en\\\/publicacion\\\/unidad-didactica-dia-escolar-de-la-paz\\\/#breadcrumb\"},\"inLanguage\":\"en-US\",\"potentialAction\":[{\"@type\":\"ReadAction\",\"target\":[\"https:\\\/\\\/www.entreculturas.org\\\/en\\\/publicacion\\\/unidad-didactica-dia-escolar-de-la-paz\\\/\"]}]},{\"@type\":\"ImageObject\",\"inLanguage\":\"en-US\",\"@id\":\"https:\\\/\\\/www.entreculturas.org\\\/en\\\/publicacion\\\/unidad-didactica-dia-escolar-de-la-paz\\\/#primaryimage\",\"url\":\"https:\\\/\\\/www.entreculturas.org\\\/wp-content\\\/uploads\\\/2016\\\/01\\\/diapaz2016.jpg\",\"contentUrl\":\"https:\\\/\\\/www.entreculturas.org\\\/wp-content\\\/uploads\\\/2016\\\/01\\\/diapaz2016.jpg\",\"width\":700,\"height\":513,\"caption\":\"Portada de la Unidad Did\u00e1ctica del D\u00eda Escolar de la Paz y la No Violencia\"},{\"@type\":\"BreadcrumbList\",\"@id\":\"https:\\\/\\\/www.entreculturas.org\\\/en\\\/publicacion\\\/unidad-didactica-dia-escolar-de-la-paz\\\/#breadcrumb\",\"itemListElement\":[{\"@type\":\"ListItem\",\"position\":1,\"name\":\"Home\",\"item\":\"https:\\\/\\\/www.entreculturas.org\\\/en\\\/\"},{\"@type\":\"ListItem\",\"position\":2,\"name\":\"Publicaciones\",\"item\":\"https:\\\/\\\/www.entreculturas.org\\\/en\\\/publicaciones\\\/\"},{\"@type\":\"ListItem\",\"position\":3,\"name\":\"Unidad did\u00e1ctica &#8220;D\u00eda Escolar de la Paz&#8221;\"}]},{\"@type\":\"WebSite\",\"@id\":\"https:\\\/\\\/www.entreculturas.org\\\/en\\\/#website\",\"url\":\"https:\\\/\\\/www.entreculturas.org\\\/en\\\/\",\"name\":\"Entreculturas\",\"description\":\"\",\"publisher\":{\"@id\":\"https:\\\/\\\/www.entreculturas.org\\\/en\\\/#organization\"},\"alternateName\":\"Entreculturas\",\"potentialAction\":[{\"@type\":\"SearchAction\",\"target\":{\"@type\":\"EntryPoint\",\"urlTemplate\":\"https:\\\/\\\/www.entreculturas.org\\\/en\\\/?s={search_term_string}\"},\"query-input\":{\"@type\":\"PropertyValueSpecification\",\"valueRequired\":true,\"valueName\":\"search_term_string\"}}],\"inLanguage\":\"en-US\"},{\"@type\":\"Organization\",\"@id\":\"https:\\\/\\\/www.entreculturas.org\\\/en\\\/#organization\",\"name\":\"Entreculturas\",\"url\":\"https:\\\/\\\/www.entreculturas.org\\\/en\\\/\",\"logo\":{\"@type\":\"ImageObject\",\"inLanguage\":\"en-US\",\"@id\":\"https:\\\/\\\/www.entreculturas.org\\\/en\\\/#\\\/schema\\\/logo\\\/image\\\/\",\"url\":\"https:\\\/\\\/www.entreculturas.org\\\/wp-content\\\/uploads\\\/2025\\\/10\\\/ESP.svg\",\"contentUrl\":\"https:\\\/\\\/www.entreculturas.org\\\/wp-content\\\/uploads\\\/2025\\\/10\\\/ESP.svg\",\"caption\":\"Entreculturas\"},\"image\":{\"@id\":\"https:\\\/\\\/www.entreculturas.org\\\/en\\\/#\\\/schema\\\/logo\\\/image\\\/\"},\"sameAs\":[\"https:\\\/\\\/www.facebook.com\\\/entreculturas\",\"https:\\\/\\\/x.com\\\/Entreculturas\",\"https:\\\/\\\/www.instagram.com\\\/entreculturas\\\/\",\"https:\\\/\\\/www.youtube.com\\\/user\\\/entreculturasvideo\",\"https:\\\/\\\/www.linkedin.com\\\/company\\\/fundacion-entreculturas-ngdo\\\/\",\"https:\\\/\\\/www.flickr.com\\\/photos\\\/98455522@N04\\\/albums\\\/\"]}]}<\/script>\n<!-- \/ Yoast SEO Premium plugin. -->","yoast_head_json":{"title":"Unidad did\u00e1ctica \"D\u00eda Escolar de la Paz\" - Entreculturas","robots":{"index":"index","follow":"follow","max-snippet":"max-snippet:-1","max-image-preview":"max-image-preview:large","max-video-preview":"max-video-preview:-1"},"canonical":"https:\/\/www.entreculturas.org\/en\/publicacion\/unidad-didactica-dia-escolar-de-la-paz\/","og_locale":"en_US","og_type":"article","og_title":"Unidad did\u00e1ctica \"D\u00eda Escolar de la Paz\"","og_description":"El 30 de enero se celebra el D\u00eda Escolar de la Paz y la No Violencia. Este d\u00eda se instaur\u00f3 en Espa\u00f1a en 1964, coincidiendo con el aniversario de la muerte de Mahatma Ghandi, y pretende ser una jornada en la que recordar la necesidad de educar para la paz y la no violencia, la tolerancia, la solidaridad y el respeto a los derechos humanos. Por ello, bajo el lema \u00a1La paz est\u00e1 en nuestras manos! Entreculturas ofrece propuestas did\u00e1cticas para que centros educativos y docentes trabajen con el alumnado la toma de conciencia sobre la importancia de promover una cultura de paz.","og_url":"https:\/\/www.entreculturas.org\/en\/publicacion\/unidad-didactica-dia-escolar-de-la-paz\/","og_site_name":"Entreculturas","article_publisher":"https:\/\/www.facebook.com\/entreculturas","article_modified_time":"2024-03-22T10:52:40+00:00","og_image":[{"width":700,"height":513,"url":"https:\/\/www.entreculturas.org\/wp-content\/uploads\/2016\/01\/diapaz2016.jpg","type":"image\/jpeg"}],"twitter_card":"summary_large_image","twitter_site":"@Entreculturas","schema":{"@context":"https:\/\/schema.org","@graph":[{"@type":"WebPage","@id":"https:\/\/www.entreculturas.org\/en\/publicacion\/unidad-didactica-dia-escolar-de-la-paz\/","url":"https:\/\/www.entreculturas.org\/en\/publicacion\/unidad-didactica-dia-escolar-de-la-paz\/","name":"Unidad did\u00e1ctica \"D\u00eda Escolar de la Paz\" - Entreculturas","isPartOf":{"@id":"https:\/\/www.entreculturas.org\/en\/#website"},"primaryImageOfPage":{"@id":"https:\/\/www.entreculturas.org\/en\/publicacion\/unidad-didactica-dia-escolar-de-la-paz\/#primaryimage"},"image":{"@id":"https:\/\/www.entreculturas.org\/en\/publicacion\/unidad-didactica-dia-escolar-de-la-paz\/#primaryimage"},"thumbnailUrl":"https:\/\/www.entreculturas.org\/wp-content\/uploads\/2016\/01\/diapaz2016.jpg","datePublished":"2016-01-28T13:48:05+00:00","dateModified":"2024-03-22T10:52:40+00:00","breadcrumb":{"@id":"https:\/\/www.entreculturas.org\/en\/publicacion\/unidad-didactica-dia-escolar-de-la-paz\/#breadcrumb"},"inLanguage":"en-US","potentialAction":[{"@type":"ReadAction","target":["https:\/\/www.entreculturas.org\/en\/publicacion\/unidad-didactica-dia-escolar-de-la-paz\/"]}]},{"@type":"ImageObject","inLanguage":"en-US","@id":"https:\/\/www.entreculturas.org\/en\/publicacion\/unidad-didactica-dia-escolar-de-la-paz\/#primaryimage","url":"https:\/\/www.entreculturas.org\/wp-content\/uploads\/2016\/01\/diapaz2016.jpg","contentUrl":"https:\/\/www.entreculturas.org\/wp-content\/uploads\/2016\/01\/diapaz2016.jpg","width":700,"height":513,"caption":"Portada de la Unidad Did\u00e1ctica del D\u00eda Escolar de la Paz y la No Violencia"},{"@type":"BreadcrumbList","@id":"https:\/\/www.entreculturas.org\/en\/publicacion\/unidad-didactica-dia-escolar-de-la-paz\/#breadcrumb","itemListElement":[{"@type":"ListItem","position":1,"name":"Home","item":"https:\/\/www.entreculturas.org\/en\/"},{"@type":"ListItem","position":2,"name":"Publicaciones","item":"https:\/\/www.entreculturas.org\/en\/publicaciones\/"},{"@type":"ListItem","position":3,"name":"Unidad did\u00e1ctica &#8220;D\u00eda Escolar de la Paz&#8221;"}]},{"@type":"WebSite","@id":"https:\/\/www.entreculturas.org\/en\/#website","url":"https:\/\/www.entreculturas.org\/en\/","name":"Entreculturas","description":"","publisher":{"@id":"https:\/\/www.entreculturas.org\/en\/#organization"},"alternateName":"Entreculturas","potentialAction":[{"@type":"SearchAction","target":{"@type":"EntryPoint","urlTemplate":"https:\/\/www.entreculturas.org\/en\/?s={search_term_string}"},"query-input":{"@type":"PropertyValueSpecification","valueRequired":true,"valueName":"search_term_string"}}],"inLanguage":"en-US"},{"@type":"Organization","@id":"https:\/\/www.entreculturas.org\/en\/#organization","name":"Entreculturas","url":"https:\/\/www.entreculturas.org\/en\/","logo":{"@type":"ImageObject","inLanguage":"en-US","@id":"https:\/\/www.entreculturas.org\/en\/#\/schema\/logo\/image\/","url":"https:\/\/www.entreculturas.org\/wp-content\/uploads\/2025\/10\/ESP.svg","contentUrl":"https:\/\/www.entreculturas.org\/wp-content\/uploads\/2025\/10\/ESP.svg","caption":"Entreculturas"},"image":{"@id":"https:\/\/www.entreculturas.org\/en\/#\/schema\/logo\/image\/"},"sameAs":["https:\/\/www.facebook.com\/entreculturas","https:\/\/x.com\/Entreculturas","https:\/\/www.instagram.com\/entreculturas\/","https:\/\/www.youtube.com\/user\/entreculturasvideo","https:\/\/www.linkedin.com\/company\/fundacion-entreculturas-ngdo\/","https:\/\/www.flickr.com\/photos\/98455522@N04\/albums\/"]}]}},"_links":{"self":[{"href":"https:\/\/www.entreculturas.org\/en\/wp-json\/wp\/v2\/publicacion\/4632","targetHints":{"allow":["GET"]}}],"collection":[{"href":"https:\/\/www.entreculturas.org\/en\/wp-json\/wp\/v2\/publicacion"}],"about":[{"href":"https:\/\/www.entreculturas.org\/en\/wp-json\/wp\/v2\/types\/publicacion"}],"wp:featuredmedia":[{"embeddable":true,"href":"https:\/\/www.entreculturas.org\/en\/wp-json\/wp\/v2\/media\/4634"}],"wp:attachment":[{"href":"https:\/\/www.entreculturas.org\/en\/wp-json\/wp\/v2\/media?parent=4632"}],"wp:term":[{"taxonomy":"category","embeddable":true,"href":"https:\/\/www.entreculturas.org\/en\/wp-json\/wp\/v2\/categories?post=4632"},{"taxonomy":"post_tag","embeddable":true,"href":"https:\/\/www.entreculturas.org\/en\/wp-json\/wp\/v2\/tags?post=4632"},{"taxonomy":"cause","embeddable":true,"href":"https:\/\/www.entreculturas.org\/en\/wp-json\/wp\/v2\/cause?post=4632"},{"taxonomy":"format","embeddable":true,"href":"https:\/\/www.entreculturas.org\/en\/wp-json\/wp\/v2\/format?post=4632"}],"curies":[{"name":"wp","href":"https:\/\/api.w.org\/{rel}","templated":true}]}}