{"id":4582,"date":"2015-11-25T10:42:55","date_gmt":"2015-11-25T10:42:55","guid":{"rendered":"https:\/\/entreculturasi.wpenginepowered.com\/?publicaciones=los-derechos-humanos-en-cuestion-ddhh-y-genero"},"modified":"2024-03-22T11:57:32","modified_gmt":"2024-03-22T10:57:32","slug":"los-derechos-humanos-en-cuestion-ddhh-y-genero","status":"publish","type":"publicacion","link":"https:\/\/www.entreculturas.org\/en\/publicacion\/los-derechos-humanos-en-cuestion-ddhh-y-genero\/","title":{"rendered":"Los derechos humanos en cuesti\u00f3n. DDHH y G\u00e9nero"},"content":{"rendered":"<p style=\"text-align:justify\"><span style=\"font-size:16px\">10 rollers.<\/span><\/p>\n<p style=\"text-align:justify\"><span style=\"font-size:16px\">Desde la campa\u00f1a \u201cMu\u00e9vete por la igualdad, es de justicia\u201d Entreculturas junto a otras organizaciones quiere promover el ejercicio de una ciudadan\u00eda no sexista con capacidad de influencia en el fomento del cumplimiento de los acuerdos de la Plataforma de Beijing y los Objetivos de Desarrollo del Milenio.<br \/>Creemos firmemente que es necesario trabajar para construir un nuevo modelo de relaciones sociales entre hombres y mujeres en el que se reconozca el importante papel que desempe\u00f1an las mujeres, donde sin su participaci\u00f3n, en condiciones de igualdad y justicia, las metas de Desarrollo Humano no son posibles<\/span><\/p>\n","protected":false},"excerpt":{"rendered":"<p>10 rollers. Desde la campa\u00f1a \u201cMu\u00e9vete por la igualdad, es de justicia\u201d Entreculturas junto a otras organizaciones quiere promover el ejercicio de una ciudadan\u00eda no sexista con capacidad de influencia en el fomento del cumplimiento de los acuerdos de la Plataforma de Beijing y los Objetivos de Desarrollo del Milenio.Creemos firmemente que es necesario trabajar para construir un nuevo modelo de relaciones sociales entre hombres y mujeres en el que se reconozca el importante papel que desempe\u00f1an las mujeres, donde sin su participaci\u00f3n, en condiciones de igualdad y justicia, las metas de Desarrollo Humano no son posibles<\/p>\n","protected":false},"featured_media":4584,"template":"","format":[115],"categories":[12],"tags":[293],"cause":[130],"class_list":["post-4582","publicacion","type-publicacion","status-publish","has-post-thumbnail","hentry","category-recursos-educativos","tag-genero","cause-genero","format-recursos-educativos"],"acf":[],"yoast_head":"<!-- This site is optimized with the Yoast SEO Premium plugin v21.6 (Yoast SEO v27.5) - https:\/\/yoast.com\/product\/yoast-seo-premium-wordpress\/ -->\n<title>Los derechos humanos en cuesti\u00f3n. DDHH y G\u00e9nero - Entreculturas<\/title>\n<meta name=\"robots\" content=\"index, follow, max-snippet:-1, max-image-preview:large, max-video-preview:-1\" \/>\n<link rel=\"canonical\" href=\"https:\/\/www.entreculturas.org\/en\/publicacion\/los-derechos-humanos-en-cuestion-ddhh-y-genero\/\" \/>\n<meta property=\"og:locale\" content=\"en_US\" \/>\n<meta property=\"og:type\" content=\"article\" \/>\n<meta property=\"og:title\" content=\"Los derechos humanos en cuesti\u00f3n. DDHH y G\u00e9nero\" \/>\n<meta property=\"og:description\" content=\"10 rollers. Desde la campa\u00f1a \u201cMu\u00e9vete por la igualdad, es de justicia\u201d Entreculturas junto a otras organizaciones quiere promover el ejercicio de una ciudadan\u00eda no sexista con capacidad de influencia en el fomento del cumplimiento de los acuerdos de la Plataforma de Beijing y los Objetivos de Desarrollo del Milenio.Creemos firmemente que es necesario trabajar para construir un nuevo modelo de relaciones sociales entre hombres y mujeres en el que se reconozca el importante papel que desempe\u00f1an las mujeres, donde sin su participaci\u00f3n, en condiciones de igualdad y justicia, las metas de Desarrollo Humano no son posibles\" \/>\n<meta property=\"og:url\" content=\"https:\/\/www.entreculturas.org\/en\/publicacion\/los-derechos-humanos-en-cuestion-ddhh-y-genero\/\" \/>\n<meta property=\"og:site_name\" content=\"Entreculturas\" \/>\n<meta property=\"article:publisher\" content=\"https:\/\/www.facebook.com\/entreculturas\" \/>\n<meta property=\"article:modified_time\" content=\"2024-03-22T10:57:32+00:00\" \/>\n<meta property=\"og:image\" content=\"https:\/\/www.entreculturas.org\/wp-content\/uploads\/2015\/12\/imagen5.png\" \/>\n\t<meta property=\"og:image:width\" content=\"545\" \/>\n\t<meta property=\"og:image:height\" content=\"592\" \/>\n\t<meta property=\"og:image:type\" content=\"image\/png\" \/>\n<meta name=\"twitter:card\" content=\"summary_large_image\" \/>\n<meta name=\"twitter:site\" content=\"@Entreculturas\" \/>\n<script type=\"application\/ld+json\" class=\"yoast-schema-graph\">{\"@context\":\"https:\\\/\\\/schema.org\",\"@graph\":[{\"@type\":\"WebPage\",\"@id\":\"https:\\\/\\\/www.entreculturas.org\\\/en\\\/publicacion\\\/los-derechos-humanos-en-cuestion-ddhh-y-genero\\\/\",\"url\":\"https:\\\/\\\/www.entreculturas.org\\\/en\\\/publicacion\\\/los-derechos-humanos-en-cuestion-ddhh-y-genero\\\/\",\"name\":\"Los derechos humanos en cuesti\u00f3n. DDHH y G\u00e9nero - Entreculturas\",\"isPartOf\":{\"@id\":\"https:\\\/\\\/www.entreculturas.org\\\/en\\\/#website\"},\"primaryImageOfPage\":{\"@id\":\"https:\\\/\\\/www.entreculturas.org\\\/en\\\/publicacion\\\/los-derechos-humanos-en-cuestion-ddhh-y-genero\\\/#primaryimage\"},\"image\":{\"@id\":\"https:\\\/\\\/www.entreculturas.org\\\/en\\\/publicacion\\\/los-derechos-humanos-en-cuestion-ddhh-y-genero\\\/#primaryimage\"},\"thumbnailUrl\":\"https:\\\/\\\/www.entreculturas.org\\\/wp-content\\\/uploads\\\/2015\\\/12\\\/imagen5.png\",\"datePublished\":\"2015-11-25T10:42:55+00:00\",\"dateModified\":\"2024-03-22T10:57:32+00:00\",\"breadcrumb\":{\"@id\":\"https:\\\/\\\/www.entreculturas.org\\\/en\\\/publicacion\\\/los-derechos-humanos-en-cuestion-ddhh-y-genero\\\/#breadcrumb\"},\"inLanguage\":\"en-US\",\"potentialAction\":[{\"@type\":\"ReadAction\",\"target\":[\"https:\\\/\\\/www.entreculturas.org\\\/en\\\/publicacion\\\/los-derechos-humanos-en-cuestion-ddhh-y-genero\\\/\"]}]},{\"@type\":\"ImageObject\",\"inLanguage\":\"en-US\",\"@id\":\"https:\\\/\\\/www.entreculturas.org\\\/en\\\/publicacion\\\/los-derechos-humanos-en-cuestion-ddhh-y-genero\\\/#primaryimage\",\"url\":\"https:\\\/\\\/www.entreculturas.org\\\/wp-content\\\/uploads\\\/2015\\\/12\\\/imagen5.png\",\"contentUrl\":\"https:\\\/\\\/www.entreculturas.org\\\/wp-content\\\/uploads\\\/2015\\\/12\\\/imagen5.png\",\"width\":545,\"height\":592,\"caption\":\"imagen5\"},{\"@type\":\"BreadcrumbList\",\"@id\":\"https:\\\/\\\/www.entreculturas.org\\\/en\\\/publicacion\\\/los-derechos-humanos-en-cuestion-ddhh-y-genero\\\/#breadcrumb\",\"itemListElement\":[{\"@type\":\"ListItem\",\"position\":1,\"name\":\"Home\",\"item\":\"https:\\\/\\\/www.entreculturas.org\\\/en\\\/\"},{\"@type\":\"ListItem\",\"position\":2,\"name\":\"Publicaciones\",\"item\":\"https:\\\/\\\/www.entreculturas.org\\\/en\\\/publicaciones\\\/\"},{\"@type\":\"ListItem\",\"position\":3,\"name\":\"Los derechos humanos en cuesti\u00f3n. DDHH y G\u00e9nero\"}]},{\"@type\":\"WebSite\",\"@id\":\"https:\\\/\\\/www.entreculturas.org\\\/en\\\/#website\",\"url\":\"https:\\\/\\\/www.entreculturas.org\\\/en\\\/\",\"name\":\"Entreculturas\",\"description\":\"\",\"publisher\":{\"@id\":\"https:\\\/\\\/www.entreculturas.org\\\/en\\\/#organization\"},\"alternateName\":\"Entreculturas\",\"potentialAction\":[{\"@type\":\"SearchAction\",\"target\":{\"@type\":\"EntryPoint\",\"urlTemplate\":\"https:\\\/\\\/www.entreculturas.org\\\/en\\\/?s={search_term_string}\"},\"query-input\":{\"@type\":\"PropertyValueSpecification\",\"valueRequired\":true,\"valueName\":\"search_term_string\"}}],\"inLanguage\":\"en-US\"},{\"@type\":\"Organization\",\"@id\":\"https:\\\/\\\/www.entreculturas.org\\\/en\\\/#organization\",\"name\":\"Entreculturas\",\"url\":\"https:\\\/\\\/www.entreculturas.org\\\/en\\\/\",\"logo\":{\"@type\":\"ImageObject\",\"inLanguage\":\"en-US\",\"@id\":\"https:\\\/\\\/www.entreculturas.org\\\/en\\\/#\\\/schema\\\/logo\\\/image\\\/\",\"url\":\"https:\\\/\\\/www.entreculturas.org\\\/wp-content\\\/uploads\\\/2025\\\/10\\\/ESP.svg\",\"contentUrl\":\"https:\\\/\\\/www.entreculturas.org\\\/wp-content\\\/uploads\\\/2025\\\/10\\\/ESP.svg\",\"caption\":\"Entreculturas\"},\"image\":{\"@id\":\"https:\\\/\\\/www.entreculturas.org\\\/en\\\/#\\\/schema\\\/logo\\\/image\\\/\"},\"sameAs\":[\"https:\\\/\\\/www.facebook.com\\\/entreculturas\",\"https:\\\/\\\/x.com\\\/Entreculturas\",\"https:\\\/\\\/www.instagram.com\\\/entreculturas\\\/\",\"https:\\\/\\\/www.youtube.com\\\/user\\\/entreculturasvideo\",\"https:\\\/\\\/www.linkedin.com\\\/company\\\/fundacion-entreculturas-ngdo\\\/\",\"https:\\\/\\\/www.flickr.com\\\/photos\\\/98455522@N04\\\/albums\\\/\"]}]}<\/script>\n<!-- \/ Yoast SEO Premium plugin. -->","yoast_head_json":{"title":"Los derechos humanos en cuesti\u00f3n. DDHH y G\u00e9nero - Entreculturas","robots":{"index":"index","follow":"follow","max-snippet":"max-snippet:-1","max-image-preview":"max-image-preview:large","max-video-preview":"max-video-preview:-1"},"canonical":"https:\/\/www.entreculturas.org\/en\/publicacion\/los-derechos-humanos-en-cuestion-ddhh-y-genero\/","og_locale":"en_US","og_type":"article","og_title":"Los derechos humanos en cuesti\u00f3n. DDHH y G\u00e9nero","og_description":"10 rollers. Desde la campa\u00f1a \u201cMu\u00e9vete por la igualdad, es de justicia\u201d Entreculturas junto a otras organizaciones quiere promover el ejercicio de una ciudadan\u00eda no sexista con capacidad de influencia en el fomento del cumplimiento de los acuerdos de la Plataforma de Beijing y los Objetivos de Desarrollo del Milenio.Creemos firmemente que es necesario trabajar para construir un nuevo modelo de relaciones sociales entre hombres y mujeres en el que se reconozca el importante papel que desempe\u00f1an las mujeres, donde sin su participaci\u00f3n, en condiciones de igualdad y justicia, las metas de Desarrollo Humano no son posibles","og_url":"https:\/\/www.entreculturas.org\/en\/publicacion\/los-derechos-humanos-en-cuestion-ddhh-y-genero\/","og_site_name":"Entreculturas","article_publisher":"https:\/\/www.facebook.com\/entreculturas","article_modified_time":"2024-03-22T10:57:32+00:00","og_image":[{"width":545,"height":592,"url":"https:\/\/www.entreculturas.org\/wp-content\/uploads\/2015\/12\/imagen5.png","type":"image\/png"}],"twitter_card":"summary_large_image","twitter_site":"@Entreculturas","schema":{"@context":"https:\/\/schema.org","@graph":[{"@type":"WebPage","@id":"https:\/\/www.entreculturas.org\/en\/publicacion\/los-derechos-humanos-en-cuestion-ddhh-y-genero\/","url":"https:\/\/www.entreculturas.org\/en\/publicacion\/los-derechos-humanos-en-cuestion-ddhh-y-genero\/","name":"Los derechos humanos en cuesti\u00f3n. DDHH y G\u00e9nero - Entreculturas","isPartOf":{"@id":"https:\/\/www.entreculturas.org\/en\/#website"},"primaryImageOfPage":{"@id":"https:\/\/www.entreculturas.org\/en\/publicacion\/los-derechos-humanos-en-cuestion-ddhh-y-genero\/#primaryimage"},"image":{"@id":"https:\/\/www.entreculturas.org\/en\/publicacion\/los-derechos-humanos-en-cuestion-ddhh-y-genero\/#primaryimage"},"thumbnailUrl":"https:\/\/www.entreculturas.org\/wp-content\/uploads\/2015\/12\/imagen5.png","datePublished":"2015-11-25T10:42:55+00:00","dateModified":"2024-03-22T10:57:32+00:00","breadcrumb":{"@id":"https:\/\/www.entreculturas.org\/en\/publicacion\/los-derechos-humanos-en-cuestion-ddhh-y-genero\/#breadcrumb"},"inLanguage":"en-US","potentialAction":[{"@type":"ReadAction","target":["https:\/\/www.entreculturas.org\/en\/publicacion\/los-derechos-humanos-en-cuestion-ddhh-y-genero\/"]}]},{"@type":"ImageObject","inLanguage":"en-US","@id":"https:\/\/www.entreculturas.org\/en\/publicacion\/los-derechos-humanos-en-cuestion-ddhh-y-genero\/#primaryimage","url":"https:\/\/www.entreculturas.org\/wp-content\/uploads\/2015\/12\/imagen5.png","contentUrl":"https:\/\/www.entreculturas.org\/wp-content\/uploads\/2015\/12\/imagen5.png","width":545,"height":592,"caption":"imagen5"},{"@type":"BreadcrumbList","@id":"https:\/\/www.entreculturas.org\/en\/publicacion\/los-derechos-humanos-en-cuestion-ddhh-y-genero\/#breadcrumb","itemListElement":[{"@type":"ListItem","position":1,"name":"Home","item":"https:\/\/www.entreculturas.org\/en\/"},{"@type":"ListItem","position":2,"name":"Publicaciones","item":"https:\/\/www.entreculturas.org\/en\/publicaciones\/"},{"@type":"ListItem","position":3,"name":"Los derechos humanos en cuesti\u00f3n. DDHH y G\u00e9nero"}]},{"@type":"WebSite","@id":"https:\/\/www.entreculturas.org\/en\/#website","url":"https:\/\/www.entreculturas.org\/en\/","name":"Entreculturas","description":"","publisher":{"@id":"https:\/\/www.entreculturas.org\/en\/#organization"},"alternateName":"Entreculturas","potentialAction":[{"@type":"SearchAction","target":{"@type":"EntryPoint","urlTemplate":"https:\/\/www.entreculturas.org\/en\/?s={search_term_string}"},"query-input":{"@type":"PropertyValueSpecification","valueRequired":true,"valueName":"search_term_string"}}],"inLanguage":"en-US"},{"@type":"Organization","@id":"https:\/\/www.entreculturas.org\/en\/#organization","name":"Entreculturas","url":"https:\/\/www.entreculturas.org\/en\/","logo":{"@type":"ImageObject","inLanguage":"en-US","@id":"https:\/\/www.entreculturas.org\/en\/#\/schema\/logo\/image\/","url":"https:\/\/www.entreculturas.org\/wp-content\/uploads\/2025\/10\/ESP.svg","contentUrl":"https:\/\/www.entreculturas.org\/wp-content\/uploads\/2025\/10\/ESP.svg","caption":"Entreculturas"},"image":{"@id":"https:\/\/www.entreculturas.org\/en\/#\/schema\/logo\/image\/"},"sameAs":["https:\/\/www.facebook.com\/entreculturas","https:\/\/x.com\/Entreculturas","https:\/\/www.instagram.com\/entreculturas\/","https:\/\/www.youtube.com\/user\/entreculturasvideo","https:\/\/www.linkedin.com\/company\/fundacion-entreculturas-ngdo\/","https:\/\/www.flickr.com\/photos\/98455522@N04\/albums\/"]}]}},"_links":{"self":[{"href":"https:\/\/www.entreculturas.org\/en\/wp-json\/wp\/v2\/publicacion\/4582","targetHints":{"allow":["GET"]}}],"collection":[{"href":"https:\/\/www.entreculturas.org\/en\/wp-json\/wp\/v2\/publicacion"}],"about":[{"href":"https:\/\/www.entreculturas.org\/en\/wp-json\/wp\/v2\/types\/publicacion"}],"wp:featuredmedia":[{"embeddable":true,"href":"https:\/\/www.entreculturas.org\/en\/wp-json\/wp\/v2\/media\/4584"}],"wp:attachment":[{"href":"https:\/\/www.entreculturas.org\/en\/wp-json\/wp\/v2\/media?parent=4582"}],"wp:term":[{"taxonomy":"category","embeddable":true,"href":"https:\/\/www.entreculturas.org\/en\/wp-json\/wp\/v2\/categories?post=4582"},{"taxonomy":"post_tag","embeddable":true,"href":"https:\/\/www.entreculturas.org\/en\/wp-json\/wp\/v2\/tags?post=4582"},{"taxonomy":"cause","embeddable":true,"href":"https:\/\/www.entreculturas.org\/en\/wp-json\/wp\/v2\/cause?post=4582"},{"taxonomy":"format","embeddable":true,"href":"https:\/\/www.entreculturas.org\/en\/wp-json\/wp\/v2\/format?post=4582"}],"curies":[{"name":"wp","href":"https:\/\/api.w.org\/{rel}","templated":true}]}}