{"id":4578,"date":"2015-11-25T10:30:57","date_gmt":"2015-11-25T10:30:57","guid":{"rendered":"https:\/\/entreculturasi.wpenginepowered.com\/?publicaciones=escuelas-que-cambian-el-mundo-secundaria"},"modified":"2024-03-22T12:00:19","modified_gmt":"2024-03-22T11:00:19","slug":"escuelas-que-cambian-el-mundo-secundaria","status":"publish","type":"publicacion","link":"https:\/\/www.entreculturas.org\/en\/publicacion\/escuelas-que-cambian-el-mundo-secundaria\/","title":{"rendered":"Escuelas que cambian el mundo. Secundaria"},"content":{"rendered":"<p style=\"text-align:justify\"><span style=\"font-size:16px\">La exposici\u00f3n consiste en subrayar la importancia de la educaci\u00f3n en diferentes pa\u00edses del mundo en los que trabajamos. Consta de diferentes fotograf\u00edas de escuelas de proyectos en los que trabaja Entreculturas en el mundo, con pies de foto que explican caracter\u00edsticas particulares de esos entornos, formas de vida, rutinas,&nbsp;etc y c\u00f3mo la educaci\u00f3n es determinante en su d\u00eda a d\u00eda.<\/span><\/p>\n<p style=\"text-align:justify\"><span style=\"font-size:16px\">Son un total de 20 fotograf\u00edas tipo polaroid (es decir, cuadradas y con pie de foto en cada una) de un tama\u00f1o 1,10cm por 1,10cm, en lona y con un termosellado superior en inferior, por donde hemos metido una varilla de fibra de vidrio que en la parte superior sobresale un poco de la lona (para as\u00ed poder colocar dos ganchitos laterales donde poner colocar dicha varilla), y en la parte inferior va justa para as\u00ed hacer simplemente de contrapeso para que la lona quede recta.<\/span><\/p>\n<p style=\"text-align:justify\"><span style=\"font-size:16px\">Adem\u00e1s de estas fotos, la expo cuenta con dos roller en la puerta de entrada, donde se pondr\u00eda el t\u00edtulo de la exposici\u00f3n as\u00ed como una invitaci\u00f3n-reclamo a verla\u2026y un brev\u00edsimo texto de qu\u00e9 es Entreculturas.<\/span><\/p>\n","protected":false},"excerpt":{"rendered":"<p>La exposici\u00f3n consiste en subrayar la importancia de la educaci\u00f3n en diferentes pa\u00edses del mundo en los que trabajamos. Consta de diferentes fotograf\u00edas de escuelas de proyectos en los que trabaja Entreculturas en el mundo, con pies de foto que explican caracter\u00edsticas particulares de esos entornos, formas de vida, rutinas,&nbsp;etc y c\u00f3mo la educaci\u00f3n es determinante en su d\u00eda a d\u00eda. Son un total de 20 fotograf\u00edas tipo polaroid (es decir, cuadradas y con pie de foto en cada una) de un tama\u00f1o 1,10cm por 1,10cm, en lona y con un termosellado superior en inferior, por donde hemos metido una varilla de fibra de vidrio que en la parte superior sobresale un poco de la lona (para as\u00ed poder colocar dos ganchitos laterales donde poner colocar dicha varilla), y en la parte inferior va justa para as\u00ed hacer simplemente de contrapeso para que la lona quede recta. Adem\u00e1s de estas [&hellip;]<\/p>\n","protected":false},"featured_media":4579,"template":"","format":[115],"categories":[12],"tags":[289],"cause":[128,132],"class_list":["post-4578","publicacion","type-publicacion","status-publish","has-post-thumbnail","hentry","category-recursos-educativos","tag-educacion","cause-educacion","cause-participacion-y-ciudadania-global","format-recursos-educativos"],"acf":[],"yoast_head":"<!-- This site is optimized with the Yoast SEO Premium plugin v21.6 (Yoast SEO v27.5) - https:\/\/yoast.com\/product\/yoast-seo-premium-wordpress\/ -->\n<title>Escuelas que cambian el mundo. Secundaria - Entreculturas<\/title>\n<meta name=\"robots\" content=\"index, follow, max-snippet:-1, max-image-preview:large, max-video-preview:-1\" \/>\n<link rel=\"canonical\" href=\"https:\/\/www.entreculturas.org\/en\/publicacion\/escuelas-que-cambian-el-mundo-secundaria\/\" \/>\n<meta property=\"og:locale\" content=\"en_US\" \/>\n<meta property=\"og:type\" content=\"article\" \/>\n<meta property=\"og:title\" content=\"Escuelas que cambian el mundo. Secundaria\" \/>\n<meta property=\"og:description\" content=\"La exposici\u00f3n consiste en subrayar la importancia de la educaci\u00f3n en diferentes pa\u00edses del mundo en los que trabajamos. Consta de diferentes fotograf\u00edas de escuelas de proyectos en los que trabaja Entreculturas en el mundo, con pies de foto que explican caracter\u00edsticas particulares de esos entornos, formas de vida, rutinas,&nbsp;etc y c\u00f3mo la educaci\u00f3n es determinante en su d\u00eda a d\u00eda. Son un total de 20 fotograf\u00edas tipo polaroid (es decir, cuadradas y con pie de foto en cada una) de un tama\u00f1o 1,10cm por 1,10cm, en lona y con un termosellado superior en inferior, por donde hemos metido una varilla de fibra de vidrio que en la parte superior sobresale un poco de la lona (para as\u00ed poder colocar dos ganchitos laterales donde poner colocar dicha varilla), y en la parte inferior va justa para as\u00ed hacer simplemente de contrapeso para que la lona quede recta. Adem\u00e1s de estas [&hellip;]\" \/>\n<meta property=\"og:url\" content=\"https:\/\/www.entreculturas.org\/en\/publicacion\/escuelas-que-cambian-el-mundo-secundaria\/\" \/>\n<meta property=\"og:site_name\" content=\"Entreculturas\" \/>\n<meta property=\"article:publisher\" content=\"https:\/\/www.facebook.com\/entreculturas\" \/>\n<meta property=\"article:modified_time\" content=\"2024-03-22T11:00:19+00:00\" \/>\n<meta property=\"og:image\" content=\"https:\/\/www.entreculturas.org\/wp-content\/uploads\/2015\/12\/escuelas_que_cambian_el_mundo._secundaria_0.png\" \/>\n\t<meta property=\"og:image:width\" content=\"593\" \/>\n\t<meta property=\"og:image:height\" content=\"517\" \/>\n\t<meta property=\"og:image:type\" content=\"image\/png\" \/>\n<meta name=\"twitter:card\" content=\"summary_large_image\" \/>\n<meta name=\"twitter:site\" content=\"@Entreculturas\" \/>\n<script type=\"application\/ld+json\" class=\"yoast-schema-graph\">{\"@context\":\"https:\\\/\\\/schema.org\",\"@graph\":[{\"@type\":\"WebPage\",\"@id\":\"https:\\\/\\\/www.entreculturas.org\\\/en\\\/publicacion\\\/escuelas-que-cambian-el-mundo-secundaria\\\/\",\"url\":\"https:\\\/\\\/www.entreculturas.org\\\/en\\\/publicacion\\\/escuelas-que-cambian-el-mundo-secundaria\\\/\",\"name\":\"Escuelas que cambian el mundo. Secundaria - Entreculturas\",\"isPartOf\":{\"@id\":\"https:\\\/\\\/www.entreculturas.org\\\/en\\\/#website\"},\"primaryImageOfPage\":{\"@id\":\"https:\\\/\\\/www.entreculturas.org\\\/en\\\/publicacion\\\/escuelas-que-cambian-el-mundo-secundaria\\\/#primaryimage\"},\"image\":{\"@id\":\"https:\\\/\\\/www.entreculturas.org\\\/en\\\/publicacion\\\/escuelas-que-cambian-el-mundo-secundaria\\\/#primaryimage\"},\"thumbnailUrl\":\"https:\\\/\\\/www.entreculturas.org\\\/wp-content\\\/uploads\\\/2015\\\/12\\\/escuelas_que_cambian_el_mundo._secundaria_0.png\",\"datePublished\":\"2015-11-25T10:30:57+00:00\",\"dateModified\":\"2024-03-22T11:00:19+00:00\",\"breadcrumb\":{\"@id\":\"https:\\\/\\\/www.entreculturas.org\\\/en\\\/publicacion\\\/escuelas-que-cambian-el-mundo-secundaria\\\/#breadcrumb\"},\"inLanguage\":\"en-US\",\"potentialAction\":[{\"@type\":\"ReadAction\",\"target\":[\"https:\\\/\\\/www.entreculturas.org\\\/en\\\/publicacion\\\/escuelas-que-cambian-el-mundo-secundaria\\\/\"]}]},{\"@type\":\"ImageObject\",\"inLanguage\":\"en-US\",\"@id\":\"https:\\\/\\\/www.entreculturas.org\\\/en\\\/publicacion\\\/escuelas-que-cambian-el-mundo-secundaria\\\/#primaryimage\",\"url\":\"https:\\\/\\\/www.entreculturas.org\\\/wp-content\\\/uploads\\\/2015\\\/12\\\/escuelas_que_cambian_el_mundo._secundaria_0.png\",\"contentUrl\":\"https:\\\/\\\/www.entreculturas.org\\\/wp-content\\\/uploads\\\/2015\\\/12\\\/escuelas_que_cambian_el_mundo._secundaria_0.png\",\"width\":593,\"height\":517,\"caption\":\"escuelas_que_cambian_el_mundo\"},{\"@type\":\"BreadcrumbList\",\"@id\":\"https:\\\/\\\/www.entreculturas.org\\\/en\\\/publicacion\\\/escuelas-que-cambian-el-mundo-secundaria\\\/#breadcrumb\",\"itemListElement\":[{\"@type\":\"ListItem\",\"position\":1,\"name\":\"Home\",\"item\":\"https:\\\/\\\/www.entreculturas.org\\\/en\\\/\"},{\"@type\":\"ListItem\",\"position\":2,\"name\":\"Publicaciones\",\"item\":\"https:\\\/\\\/www.entreculturas.org\\\/en\\\/publicaciones\\\/\"},{\"@type\":\"ListItem\",\"position\":3,\"name\":\"Escuelas que cambian el mundo. Secundaria\"}]},{\"@type\":\"WebSite\",\"@id\":\"https:\\\/\\\/www.entreculturas.org\\\/en\\\/#website\",\"url\":\"https:\\\/\\\/www.entreculturas.org\\\/en\\\/\",\"name\":\"Entreculturas\",\"description\":\"\",\"publisher\":{\"@id\":\"https:\\\/\\\/www.entreculturas.org\\\/en\\\/#organization\"},\"alternateName\":\"Entreculturas\",\"potentialAction\":[{\"@type\":\"SearchAction\",\"target\":{\"@type\":\"EntryPoint\",\"urlTemplate\":\"https:\\\/\\\/www.entreculturas.org\\\/en\\\/?s={search_term_string}\"},\"query-input\":{\"@type\":\"PropertyValueSpecification\",\"valueRequired\":true,\"valueName\":\"search_term_string\"}}],\"inLanguage\":\"en-US\"},{\"@type\":\"Organization\",\"@id\":\"https:\\\/\\\/www.entreculturas.org\\\/en\\\/#organization\",\"name\":\"Entreculturas\",\"url\":\"https:\\\/\\\/www.entreculturas.org\\\/en\\\/\",\"logo\":{\"@type\":\"ImageObject\",\"inLanguage\":\"en-US\",\"@id\":\"https:\\\/\\\/www.entreculturas.org\\\/en\\\/#\\\/schema\\\/logo\\\/image\\\/\",\"url\":\"https:\\\/\\\/www.entreculturas.org\\\/wp-content\\\/uploads\\\/2025\\\/10\\\/ESP.svg\",\"contentUrl\":\"https:\\\/\\\/www.entreculturas.org\\\/wp-content\\\/uploads\\\/2025\\\/10\\\/ESP.svg\",\"caption\":\"Entreculturas\"},\"image\":{\"@id\":\"https:\\\/\\\/www.entreculturas.org\\\/en\\\/#\\\/schema\\\/logo\\\/image\\\/\"},\"sameAs\":[\"https:\\\/\\\/www.facebook.com\\\/entreculturas\",\"https:\\\/\\\/x.com\\\/Entreculturas\",\"https:\\\/\\\/www.instagram.com\\\/entreculturas\\\/\",\"https:\\\/\\\/www.youtube.com\\\/user\\\/entreculturasvideo\",\"https:\\\/\\\/www.linkedin.com\\\/company\\\/fundacion-entreculturas-ngdo\\\/\",\"https:\\\/\\\/www.flickr.com\\\/photos\\\/98455522@N04\\\/albums\\\/\"]}]}<\/script>\n<!-- \/ Yoast SEO Premium plugin. -->","yoast_head_json":{"title":"Escuelas que cambian el mundo. Secundaria - Entreculturas","robots":{"index":"index","follow":"follow","max-snippet":"max-snippet:-1","max-image-preview":"max-image-preview:large","max-video-preview":"max-video-preview:-1"},"canonical":"https:\/\/www.entreculturas.org\/en\/publicacion\/escuelas-que-cambian-el-mundo-secundaria\/","og_locale":"en_US","og_type":"article","og_title":"Escuelas que cambian el mundo. Secundaria","og_description":"La exposici\u00f3n consiste en subrayar la importancia de la educaci\u00f3n en diferentes pa\u00edses del mundo en los que trabajamos. Consta de diferentes fotograf\u00edas de escuelas de proyectos en los que trabaja Entreculturas en el mundo, con pies de foto que explican caracter\u00edsticas particulares de esos entornos, formas de vida, rutinas,&nbsp;etc y c\u00f3mo la educaci\u00f3n es determinante en su d\u00eda a d\u00eda. Son un total de 20 fotograf\u00edas tipo polaroid (es decir, cuadradas y con pie de foto en cada una) de un tama\u00f1o 1,10cm por 1,10cm, en lona y con un termosellado superior en inferior, por donde hemos metido una varilla de fibra de vidrio que en la parte superior sobresale un poco de la lona (para as\u00ed poder colocar dos ganchitos laterales donde poner colocar dicha varilla), y en la parte inferior va justa para as\u00ed hacer simplemente de contrapeso para que la lona quede recta. Adem\u00e1s de estas [&hellip;]","og_url":"https:\/\/www.entreculturas.org\/en\/publicacion\/escuelas-que-cambian-el-mundo-secundaria\/","og_site_name":"Entreculturas","article_publisher":"https:\/\/www.facebook.com\/entreculturas","article_modified_time":"2024-03-22T11:00:19+00:00","og_image":[{"width":593,"height":517,"url":"https:\/\/www.entreculturas.org\/wp-content\/uploads\/2015\/12\/escuelas_que_cambian_el_mundo._secundaria_0.png","type":"image\/png"}],"twitter_card":"summary_large_image","twitter_site":"@Entreculturas","schema":{"@context":"https:\/\/schema.org","@graph":[{"@type":"WebPage","@id":"https:\/\/www.entreculturas.org\/en\/publicacion\/escuelas-que-cambian-el-mundo-secundaria\/","url":"https:\/\/www.entreculturas.org\/en\/publicacion\/escuelas-que-cambian-el-mundo-secundaria\/","name":"Escuelas que cambian el mundo. Secundaria - Entreculturas","isPartOf":{"@id":"https:\/\/www.entreculturas.org\/en\/#website"},"primaryImageOfPage":{"@id":"https:\/\/www.entreculturas.org\/en\/publicacion\/escuelas-que-cambian-el-mundo-secundaria\/#primaryimage"},"image":{"@id":"https:\/\/www.entreculturas.org\/en\/publicacion\/escuelas-que-cambian-el-mundo-secundaria\/#primaryimage"},"thumbnailUrl":"https:\/\/www.entreculturas.org\/wp-content\/uploads\/2015\/12\/escuelas_que_cambian_el_mundo._secundaria_0.png","datePublished":"2015-11-25T10:30:57+00:00","dateModified":"2024-03-22T11:00:19+00:00","breadcrumb":{"@id":"https:\/\/www.entreculturas.org\/en\/publicacion\/escuelas-que-cambian-el-mundo-secundaria\/#breadcrumb"},"inLanguage":"en-US","potentialAction":[{"@type":"ReadAction","target":["https:\/\/www.entreculturas.org\/en\/publicacion\/escuelas-que-cambian-el-mundo-secundaria\/"]}]},{"@type":"ImageObject","inLanguage":"en-US","@id":"https:\/\/www.entreculturas.org\/en\/publicacion\/escuelas-que-cambian-el-mundo-secundaria\/#primaryimage","url":"https:\/\/www.entreculturas.org\/wp-content\/uploads\/2015\/12\/escuelas_que_cambian_el_mundo._secundaria_0.png","contentUrl":"https:\/\/www.entreculturas.org\/wp-content\/uploads\/2015\/12\/escuelas_que_cambian_el_mundo._secundaria_0.png","width":593,"height":517,"caption":"escuelas_que_cambian_el_mundo"},{"@type":"BreadcrumbList","@id":"https:\/\/www.entreculturas.org\/en\/publicacion\/escuelas-que-cambian-el-mundo-secundaria\/#breadcrumb","itemListElement":[{"@type":"ListItem","position":1,"name":"Home","item":"https:\/\/www.entreculturas.org\/en\/"},{"@type":"ListItem","position":2,"name":"Publicaciones","item":"https:\/\/www.entreculturas.org\/en\/publicaciones\/"},{"@type":"ListItem","position":3,"name":"Escuelas que cambian el mundo. Secundaria"}]},{"@type":"WebSite","@id":"https:\/\/www.entreculturas.org\/en\/#website","url":"https:\/\/www.entreculturas.org\/en\/","name":"Entreculturas","description":"","publisher":{"@id":"https:\/\/www.entreculturas.org\/en\/#organization"},"alternateName":"Entreculturas","potentialAction":[{"@type":"SearchAction","target":{"@type":"EntryPoint","urlTemplate":"https:\/\/www.entreculturas.org\/en\/?s={search_term_string}"},"query-input":{"@type":"PropertyValueSpecification","valueRequired":true,"valueName":"search_term_string"}}],"inLanguage":"en-US"},{"@type":"Organization","@id":"https:\/\/www.entreculturas.org\/en\/#organization","name":"Entreculturas","url":"https:\/\/www.entreculturas.org\/en\/","logo":{"@type":"ImageObject","inLanguage":"en-US","@id":"https:\/\/www.entreculturas.org\/en\/#\/schema\/logo\/image\/","url":"https:\/\/www.entreculturas.org\/wp-content\/uploads\/2025\/10\/ESP.svg","contentUrl":"https:\/\/www.entreculturas.org\/wp-content\/uploads\/2025\/10\/ESP.svg","caption":"Entreculturas"},"image":{"@id":"https:\/\/www.entreculturas.org\/en\/#\/schema\/logo\/image\/"},"sameAs":["https:\/\/www.facebook.com\/entreculturas","https:\/\/x.com\/Entreculturas","https:\/\/www.instagram.com\/entreculturas\/","https:\/\/www.youtube.com\/user\/entreculturasvideo","https:\/\/www.linkedin.com\/company\/fundacion-entreculturas-ngdo\/","https:\/\/www.flickr.com\/photos\/98455522@N04\/albums\/"]}]}},"_links":{"self":[{"href":"https:\/\/www.entreculturas.org\/en\/wp-json\/wp\/v2\/publicacion\/4578","targetHints":{"allow":["GET"]}}],"collection":[{"href":"https:\/\/www.entreculturas.org\/en\/wp-json\/wp\/v2\/publicacion"}],"about":[{"href":"https:\/\/www.entreculturas.org\/en\/wp-json\/wp\/v2\/types\/publicacion"}],"wp:featuredmedia":[{"embeddable":true,"href":"https:\/\/www.entreculturas.org\/en\/wp-json\/wp\/v2\/media\/4579"}],"wp:attachment":[{"href":"https:\/\/www.entreculturas.org\/en\/wp-json\/wp\/v2\/media?parent=4578"}],"wp:term":[{"taxonomy":"category","embeddable":true,"href":"https:\/\/www.entreculturas.org\/en\/wp-json\/wp\/v2\/categories?post=4578"},{"taxonomy":"post_tag","embeddable":true,"href":"https:\/\/www.entreculturas.org\/en\/wp-json\/wp\/v2\/tags?post=4578"},{"taxonomy":"cause","embeddable":true,"href":"https:\/\/www.entreculturas.org\/en\/wp-json\/wp\/v2\/cause?post=4578"},{"taxonomy":"format","embeddable":true,"href":"https:\/\/www.entreculturas.org\/en\/wp-json\/wp\/v2\/format?post=4578"}],"curies":[{"name":"wp","href":"https:\/\/api.w.org\/{rel}","templated":true}]}}