{"id":4424,"date":"2015-06-29T19:53:54","date_gmt":"2015-06-29T19:53:54","guid":{"rendered":"https:\/\/entreculturasi.wpenginepowered.com\/?publicaciones=unidad-did-ctica-d-mundial-del-refugiado"},"modified":"2024-03-22T12:15:19","modified_gmt":"2024-03-22T11:15:19","slug":"unidad-did-ctica-d-mundial-del-refugiado","status":"publish","type":"publicacion","link":"https:\/\/www.entreculturas.org\/en\/publicacion\/unidad-did-ctica-d-mundial-del-refugiado\/","title":{"rendered":"Unidad Did\u00e1ctica &#8220;D\u00eda Mundial del Refugiado&#8221;"},"content":{"rendered":"<p>Ofrecemos una serie de din\u00e1micas para trabajar con ni\u00f1os y ni\u00f1as de educaci\u00f3n primaria y secundaria en torno a la realidad de las personas refugiadas y desplazadas. En concreto, adem\u00e1s de promover la sensibilidad y la comprensi\u00f3n, se propone reflexionar sobre los beneficios que tiene para los m\u00e1s peque\u00f1os poder acceder a la educaci\u00f3n a pesar de encontrarse en situaci\u00f3n de desplazamiento o refugio (la escuela se convierte en un lugar seguro, en un ambiente positivo donde recuperar la esperanza y la estabilidad emocional, etc.).<!--break--><!--break--><\/p>\n","protected":false},"excerpt":{"rendered":"<p>Ofrecemos una serie de din\u00e1micas para trabajar con ni\u00f1os y ni\u00f1as de educaci\u00f3n primaria y secundaria en torno a la realidad de las personas refugiadas y desplazadas. En concreto, adem\u00e1s de promover la sensibilidad y la comprensi\u00f3n, se propone reflexionar sobre los beneficios que tiene para los m\u00e1s peque\u00f1os poder acceder a la educaci\u00f3n a pesar de encontrarse en situaci\u00f3n de desplazamiento o refugio (la escuela se convierte en un lugar seguro, en un ambiente positivo donde recuperar la esperanza y la estabilidad emocional, etc.).<\/p>\n","protected":false},"featured_media":4426,"template":"","format":[115],"categories":[12],"tags":[10],"cause":[129],"class_list":["post-4424","publicacion","type-publicacion","status-publish","has-post-thumbnail","hentry","category-recursos-educativos","tag-migracion-y-refugio","cause-migracion-y-refugio","format-recursos-educativos"],"acf":[],"yoast_head":"<!-- This site is optimized with the Yoast SEO Premium plugin v21.6 (Yoast SEO v27.5) - https:\/\/yoast.com\/product\/yoast-seo-premium-wordpress\/ -->\n<title>Unidad Did\u00e1ctica &quot;D\u00eda Mundial del Refugiado&quot; - Entreculturas<\/title>\n<meta name=\"robots\" content=\"index, follow, max-snippet:-1, max-image-preview:large, max-video-preview:-1\" \/>\n<link rel=\"canonical\" href=\"https:\/\/www.entreculturas.org\/en\/publicacion\/unidad-did-ctica-d-mundial-del-refugiado\/\" \/>\n<meta property=\"og:locale\" content=\"en_US\" \/>\n<meta property=\"og:type\" content=\"article\" \/>\n<meta property=\"og:title\" content=\"Unidad Did\u00e1ctica &quot;D\u00eda Mundial del Refugiado&quot;\" \/>\n<meta property=\"og:description\" content=\"Ofrecemos una serie de din\u00e1micas para trabajar con ni\u00f1os y ni\u00f1as de educaci\u00f3n primaria y secundaria en torno a la realidad de las personas refugiadas y desplazadas. En concreto, adem\u00e1s de promover la sensibilidad y la comprensi\u00f3n, se propone reflexionar sobre los beneficios que tiene para los m\u00e1s peque\u00f1os poder acceder a la educaci\u00f3n a pesar de encontrarse en situaci\u00f3n de desplazamiento o refugio (la escuela se convierte en un lugar seguro, en un ambiente positivo donde recuperar la esperanza y la estabilidad emocional, etc.).\" \/>\n<meta property=\"og:url\" content=\"https:\/\/www.entreculturas.org\/en\/publicacion\/unidad-did-ctica-d-mundial-del-refugiado\/\" \/>\n<meta property=\"og:site_name\" content=\"Entreculturas\" \/>\n<meta property=\"article:publisher\" content=\"https:\/\/www.facebook.com\/entreculturas\" \/>\n<meta property=\"article:modified_time\" content=\"2024-03-22T11:15:19+00:00\" \/>\n<meta property=\"og:image\" content=\"https:\/\/www.entreculturas.org\/wp-content\/uploads\/2015\/06\/ud_diarefugiado-2015-portada.jpg\" \/>\n\t<meta property=\"og:image:width\" content=\"315\" \/>\n\t<meta property=\"og:image:height\" content=\"450\" \/>\n\t<meta property=\"og:image:type\" content=\"image\/jpeg\" \/>\n<meta name=\"twitter:card\" content=\"summary_large_image\" \/>\n<meta name=\"twitter:site\" content=\"@Entreculturas\" \/>\n<script type=\"application\/ld+json\" class=\"yoast-schema-graph\">{\"@context\":\"https:\\\/\\\/schema.org\",\"@graph\":[{\"@type\":\"WebPage\",\"@id\":\"https:\\\/\\\/www.entreculturas.org\\\/en\\\/publicacion\\\/unidad-did-ctica-d-mundial-del-refugiado\\\/\",\"url\":\"https:\\\/\\\/www.entreculturas.org\\\/en\\\/publicacion\\\/unidad-did-ctica-d-mundial-del-refugiado\\\/\",\"name\":\"Unidad Did\u00e1ctica \\\"D\u00eda Mundial del Refugiado\\\" - Entreculturas\",\"isPartOf\":{\"@id\":\"https:\\\/\\\/www.entreculturas.org\\\/en\\\/#website\"},\"primaryImageOfPage\":{\"@id\":\"https:\\\/\\\/www.entreculturas.org\\\/en\\\/publicacion\\\/unidad-did-ctica-d-mundial-del-refugiado\\\/#primaryimage\"},\"image\":{\"@id\":\"https:\\\/\\\/www.entreculturas.org\\\/en\\\/publicacion\\\/unidad-did-ctica-d-mundial-del-refugiado\\\/#primaryimage\"},\"thumbnailUrl\":\"https:\\\/\\\/www.entreculturas.org\\\/wp-content\\\/uploads\\\/2015\\\/06\\\/ud_diarefugiado-2015-portada.jpg\",\"datePublished\":\"2015-06-29T19:53:54+00:00\",\"dateModified\":\"2024-03-22T11:15:19+00:00\",\"breadcrumb\":{\"@id\":\"https:\\\/\\\/www.entreculturas.org\\\/en\\\/publicacion\\\/unidad-did-ctica-d-mundial-del-refugiado\\\/#breadcrumb\"},\"inLanguage\":\"en-US\",\"potentialAction\":[{\"@type\":\"ReadAction\",\"target\":[\"https:\\\/\\\/www.entreculturas.org\\\/en\\\/publicacion\\\/unidad-did-ctica-d-mundial-del-refugiado\\\/\"]}]},{\"@type\":\"ImageObject\",\"inLanguage\":\"en-US\",\"@id\":\"https:\\\/\\\/www.entreculturas.org\\\/en\\\/publicacion\\\/unidad-did-ctica-d-mundial-del-refugiado\\\/#primaryimage\",\"url\":\"https:\\\/\\\/www.entreculturas.org\\\/wp-content\\\/uploads\\\/2015\\\/06\\\/ud_diarefugiado-2015-portada.jpg\",\"contentUrl\":\"https:\\\/\\\/www.entreculturas.org\\\/wp-content\\\/uploads\\\/2015\\\/06\\\/ud_diarefugiado-2015-portada.jpg\",\"width\":315,\"height\":450,\"caption\":\"ud_diarefugiado-2015-portada\"},{\"@type\":\"BreadcrumbList\",\"@id\":\"https:\\\/\\\/www.entreculturas.org\\\/en\\\/publicacion\\\/unidad-did-ctica-d-mundial-del-refugiado\\\/#breadcrumb\",\"itemListElement\":[{\"@type\":\"ListItem\",\"position\":1,\"name\":\"Home\",\"item\":\"https:\\\/\\\/www.entreculturas.org\\\/en\\\/\"},{\"@type\":\"ListItem\",\"position\":2,\"name\":\"Publicaciones\",\"item\":\"https:\\\/\\\/www.entreculturas.org\\\/en\\\/publicaciones\\\/\"},{\"@type\":\"ListItem\",\"position\":3,\"name\":\"Unidad Did\u00e1ctica &#8220;D\u00eda Mundial del Refugiado&#8221;\"}]},{\"@type\":\"WebSite\",\"@id\":\"https:\\\/\\\/www.entreculturas.org\\\/en\\\/#website\",\"url\":\"https:\\\/\\\/www.entreculturas.org\\\/en\\\/\",\"name\":\"Entreculturas\",\"description\":\"\",\"publisher\":{\"@id\":\"https:\\\/\\\/www.entreculturas.org\\\/en\\\/#organization\"},\"alternateName\":\"Entreculturas\",\"potentialAction\":[{\"@type\":\"SearchAction\",\"target\":{\"@type\":\"EntryPoint\",\"urlTemplate\":\"https:\\\/\\\/www.entreculturas.org\\\/en\\\/?s={search_term_string}\"},\"query-input\":{\"@type\":\"PropertyValueSpecification\",\"valueRequired\":true,\"valueName\":\"search_term_string\"}}],\"inLanguage\":\"en-US\"},{\"@type\":\"Organization\",\"@id\":\"https:\\\/\\\/www.entreculturas.org\\\/en\\\/#organization\",\"name\":\"Entreculturas\",\"url\":\"https:\\\/\\\/www.entreculturas.org\\\/en\\\/\",\"logo\":{\"@type\":\"ImageObject\",\"inLanguage\":\"en-US\",\"@id\":\"https:\\\/\\\/www.entreculturas.org\\\/en\\\/#\\\/schema\\\/logo\\\/image\\\/\",\"url\":\"https:\\\/\\\/www.entreculturas.org\\\/wp-content\\\/uploads\\\/2025\\\/10\\\/ESP.svg\",\"contentUrl\":\"https:\\\/\\\/www.entreculturas.org\\\/wp-content\\\/uploads\\\/2025\\\/10\\\/ESP.svg\",\"caption\":\"Entreculturas\"},\"image\":{\"@id\":\"https:\\\/\\\/www.entreculturas.org\\\/en\\\/#\\\/schema\\\/logo\\\/image\\\/\"},\"sameAs\":[\"https:\\\/\\\/www.facebook.com\\\/entreculturas\",\"https:\\\/\\\/x.com\\\/Entreculturas\",\"https:\\\/\\\/www.instagram.com\\\/entreculturas\\\/\",\"https:\\\/\\\/www.youtube.com\\\/user\\\/entreculturasvideo\",\"https:\\\/\\\/www.linkedin.com\\\/company\\\/fundacion-entreculturas-ngdo\\\/\",\"https:\\\/\\\/www.flickr.com\\\/photos\\\/98455522@N04\\\/albums\\\/\"]}]}<\/script>\n<!-- \/ Yoast SEO Premium plugin. -->","yoast_head_json":{"title":"Unidad Did\u00e1ctica \"D\u00eda Mundial del Refugiado\" - Entreculturas","robots":{"index":"index","follow":"follow","max-snippet":"max-snippet:-1","max-image-preview":"max-image-preview:large","max-video-preview":"max-video-preview:-1"},"canonical":"https:\/\/www.entreculturas.org\/en\/publicacion\/unidad-did-ctica-d-mundial-del-refugiado\/","og_locale":"en_US","og_type":"article","og_title":"Unidad Did\u00e1ctica \"D\u00eda Mundial del Refugiado\"","og_description":"Ofrecemos una serie de din\u00e1micas para trabajar con ni\u00f1os y ni\u00f1as de educaci\u00f3n primaria y secundaria en torno a la realidad de las personas refugiadas y desplazadas. En concreto, adem\u00e1s de promover la sensibilidad y la comprensi\u00f3n, se propone reflexionar sobre los beneficios que tiene para los m\u00e1s peque\u00f1os poder acceder a la educaci\u00f3n a pesar de encontrarse en situaci\u00f3n de desplazamiento o refugio (la escuela se convierte en un lugar seguro, en un ambiente positivo donde recuperar la esperanza y la estabilidad emocional, etc.).","og_url":"https:\/\/www.entreculturas.org\/en\/publicacion\/unidad-did-ctica-d-mundial-del-refugiado\/","og_site_name":"Entreculturas","article_publisher":"https:\/\/www.facebook.com\/entreculturas","article_modified_time":"2024-03-22T11:15:19+00:00","og_image":[{"width":315,"height":450,"url":"https:\/\/www.entreculturas.org\/wp-content\/uploads\/2015\/06\/ud_diarefugiado-2015-portada.jpg","type":"image\/jpeg"}],"twitter_card":"summary_large_image","twitter_site":"@Entreculturas","schema":{"@context":"https:\/\/schema.org","@graph":[{"@type":"WebPage","@id":"https:\/\/www.entreculturas.org\/en\/publicacion\/unidad-did-ctica-d-mundial-del-refugiado\/","url":"https:\/\/www.entreculturas.org\/en\/publicacion\/unidad-did-ctica-d-mundial-del-refugiado\/","name":"Unidad Did\u00e1ctica \"D\u00eda Mundial del Refugiado\" - Entreculturas","isPartOf":{"@id":"https:\/\/www.entreculturas.org\/en\/#website"},"primaryImageOfPage":{"@id":"https:\/\/www.entreculturas.org\/en\/publicacion\/unidad-did-ctica-d-mundial-del-refugiado\/#primaryimage"},"image":{"@id":"https:\/\/www.entreculturas.org\/en\/publicacion\/unidad-did-ctica-d-mundial-del-refugiado\/#primaryimage"},"thumbnailUrl":"https:\/\/www.entreculturas.org\/wp-content\/uploads\/2015\/06\/ud_diarefugiado-2015-portada.jpg","datePublished":"2015-06-29T19:53:54+00:00","dateModified":"2024-03-22T11:15:19+00:00","breadcrumb":{"@id":"https:\/\/www.entreculturas.org\/en\/publicacion\/unidad-did-ctica-d-mundial-del-refugiado\/#breadcrumb"},"inLanguage":"en-US","potentialAction":[{"@type":"ReadAction","target":["https:\/\/www.entreculturas.org\/en\/publicacion\/unidad-did-ctica-d-mundial-del-refugiado\/"]}]},{"@type":"ImageObject","inLanguage":"en-US","@id":"https:\/\/www.entreculturas.org\/en\/publicacion\/unidad-did-ctica-d-mundial-del-refugiado\/#primaryimage","url":"https:\/\/www.entreculturas.org\/wp-content\/uploads\/2015\/06\/ud_diarefugiado-2015-portada.jpg","contentUrl":"https:\/\/www.entreculturas.org\/wp-content\/uploads\/2015\/06\/ud_diarefugiado-2015-portada.jpg","width":315,"height":450,"caption":"ud_diarefugiado-2015-portada"},{"@type":"BreadcrumbList","@id":"https:\/\/www.entreculturas.org\/en\/publicacion\/unidad-did-ctica-d-mundial-del-refugiado\/#breadcrumb","itemListElement":[{"@type":"ListItem","position":1,"name":"Home","item":"https:\/\/www.entreculturas.org\/en\/"},{"@type":"ListItem","position":2,"name":"Publicaciones","item":"https:\/\/www.entreculturas.org\/en\/publicaciones\/"},{"@type":"ListItem","position":3,"name":"Unidad Did\u00e1ctica &#8220;D\u00eda Mundial del Refugiado&#8221;"}]},{"@type":"WebSite","@id":"https:\/\/www.entreculturas.org\/en\/#website","url":"https:\/\/www.entreculturas.org\/en\/","name":"Entreculturas","description":"","publisher":{"@id":"https:\/\/www.entreculturas.org\/en\/#organization"},"alternateName":"Entreculturas","potentialAction":[{"@type":"SearchAction","target":{"@type":"EntryPoint","urlTemplate":"https:\/\/www.entreculturas.org\/en\/?s={search_term_string}"},"query-input":{"@type":"PropertyValueSpecification","valueRequired":true,"valueName":"search_term_string"}}],"inLanguage":"en-US"},{"@type":"Organization","@id":"https:\/\/www.entreculturas.org\/en\/#organization","name":"Entreculturas","url":"https:\/\/www.entreculturas.org\/en\/","logo":{"@type":"ImageObject","inLanguage":"en-US","@id":"https:\/\/www.entreculturas.org\/en\/#\/schema\/logo\/image\/","url":"https:\/\/www.entreculturas.org\/wp-content\/uploads\/2025\/10\/ESP.svg","contentUrl":"https:\/\/www.entreculturas.org\/wp-content\/uploads\/2025\/10\/ESP.svg","caption":"Entreculturas"},"image":{"@id":"https:\/\/www.entreculturas.org\/en\/#\/schema\/logo\/image\/"},"sameAs":["https:\/\/www.facebook.com\/entreculturas","https:\/\/x.com\/Entreculturas","https:\/\/www.instagram.com\/entreculturas\/","https:\/\/www.youtube.com\/user\/entreculturasvideo","https:\/\/www.linkedin.com\/company\/fundacion-entreculturas-ngdo\/","https:\/\/www.flickr.com\/photos\/98455522@N04\/albums\/"]}]}},"_links":{"self":[{"href":"https:\/\/www.entreculturas.org\/en\/wp-json\/wp\/v2\/publicacion\/4424","targetHints":{"allow":["GET"]}}],"collection":[{"href":"https:\/\/www.entreculturas.org\/en\/wp-json\/wp\/v2\/publicacion"}],"about":[{"href":"https:\/\/www.entreculturas.org\/en\/wp-json\/wp\/v2\/types\/publicacion"}],"wp:featuredmedia":[{"embeddable":true,"href":"https:\/\/www.entreculturas.org\/en\/wp-json\/wp\/v2\/media\/4426"}],"wp:attachment":[{"href":"https:\/\/www.entreculturas.org\/en\/wp-json\/wp\/v2\/media?parent=4424"}],"wp:term":[{"taxonomy":"category","embeddable":true,"href":"https:\/\/www.entreculturas.org\/en\/wp-json\/wp\/v2\/categories?post=4424"},{"taxonomy":"post_tag","embeddable":true,"href":"https:\/\/www.entreculturas.org\/en\/wp-json\/wp\/v2\/tags?post=4424"},{"taxonomy":"cause","embeddable":true,"href":"https:\/\/www.entreculturas.org\/en\/wp-json\/wp\/v2\/cause?post=4424"},{"taxonomy":"format","embeddable":true,"href":"https:\/\/www.entreculturas.org\/en\/wp-json\/wp\/v2\/format?post=4424"}],"curies":[{"name":"wp","href":"https:\/\/api.w.org\/{rel}","templated":true}]}}